{"id":1464,"date":"2020-01-14T17:37:51","date_gmt":"2020-01-14T17:37:51","guid":{"rendered":"http:\/\/intelsynet.com\/?page_id=1464"},"modified":"2022-09-01T15:05:02","modified_gmt":"2022-09-01T15:05:02","slug":"nuestros-articulos","status":"publish","type":"page","link":"https:\/\/intelsynet.com\/es\/nuestros-articulos\/","title":{"rendered":"Nuestros art\u00edculos"},"content":{"rendered":"<div class=\"fusion-fullwidth fullwidth-box fusion-builder-row-1 nonhundred-percent-fullwidth non-hundred-percent-height-scrolling\" style=\"background-color: rgba(255,255,255,0);background-position: center center;background-repeat: no-repeat;padding-top:20px;padding-right:0px;padding-bottom:20px;padding-left:0px;margin-bottom: 0px;margin-top: 0px;border-width: 0px 0px 0px 0px;border-color:rgba(97,158,133,0);border-style:solid;\" ><div class=\"fusion-builder-row fusion-row\"><div class=\"fusion-layout-column fusion_builder_column fusion-builder-column-0 fusion_builder_column_1_1 1_1 fusion-one-full fusion-column-first fusion-column-last\" style=\"margin-top:0px;margin-bottom:20px;\"><div class=\"fusion-column-wrapper fusion-flex-column-wrapper-legacy\" style=\"background-position:left top;background-repeat:no-repeat;-webkit-background-size:cover;-moz-background-size:cover;-o-background-size:cover;background-size:cover;padding: 0px 0px 0px 0px;\"><div class=\"fusion-blog-shortcode fusion-blog-shortcode-1 fusion-blog-archive fusion-blog-layout-grid-wrapper fusion-blog-pagination\"><style type=\"text\/css\">.fusion-blog-shortcode-1 .fusion-blog-layout-grid .fusion-post-grid{padding:20px;}.fusion-blog-shortcode-1 .fusion-posts-container{margin-left: -20px !important; margin-right:-20px !important;}<\/style><div class=\"fusion-posts-container fusion-posts-container-pagination fusion-no-meta-info fusion-blog-rollover fusion-blog-layout-grid fusion-blog-layout-grid-2 isotope fusion-blog-equal-heights\" data-pages=\"31\" data-grid-col-space=\"40\" style=\"margin: -20px -20px 0;min-height:500px;\"><article id=\"blog-1-post-3296\" class=\"fusion-post-grid post-3296 post type-post status-publish format-standard has-post-thumbnail hentry category-nuestros-articulos category-sostenibilidad tag-emobility tag-energias-renovables tag-energy tag-estrategia tag-logicaeconomica tag-negocios tag-sostenibilidad tag-sostenibilidadambiental\">\n<div class=\"fusion-post-wrapper\" style=\"background-color:rgba(255,255,255,0);border:1px solid #e8e8e8;border-bottom-width:3px;\">\n\n\t\t\t<div class=\"fusion-flexslider flexslider fusion-flexslider-loading fusion-post-slideshow\" style=\"border-color:#e8e8e8;\">\n\t\t<ul class=\"slides\">\n\t\t\t\n\t\t\t\t\t\t\t\t\t\t\t\t\t\t<li><div  class=\"fusion-image-wrapper\" aria-haspopup=\"true\">\n\t\t\t\t<img decoding=\"async\" width=\"2560\" height=\"1440\" data-src=\"https:\/\/intelsynet.com\/wp-content\/uploads\/2024\/07\/net-zero-and-carbon-neutral-concept-net-zero-emiss-2023-11-27-04-56-34-utc-scaled.jpg\" class=\"attachment-full size-full wp-post-image lazyload\" alt=\"La descarbonizaci\u00f3n:\" data-srcset=\"https:\/\/intelsynet.com\/wp-content\/uploads\/2024\/07\/net-zero-and-carbon-neutral-concept-net-zero-emiss-2023-11-27-04-56-34-utc-200x113.jpg 200w, https:\/\/intelsynet.com\/wp-content\/uploads\/2024\/07\/net-zero-and-carbon-neutral-concept-net-zero-emiss-2023-11-27-04-56-34-utc-400x225.jpg 400w, https:\/\/intelsynet.com\/wp-content\/uploads\/2024\/07\/net-zero-and-carbon-neutral-concept-net-zero-emiss-2023-11-27-04-56-34-utc-600x338.jpg 600w, https:\/\/intelsynet.com\/wp-content\/uploads\/2024\/07\/net-zero-and-carbon-neutral-concept-net-zero-emiss-2023-11-27-04-56-34-utc-800x450.jpg 800w, https:\/\/intelsynet.com\/wp-content\/uploads\/2024\/07\/net-zero-and-carbon-neutral-concept-net-zero-emiss-2023-11-27-04-56-34-utc-1200x675.jpg 1200w, https:\/\/intelsynet.com\/wp-content\/uploads\/2024\/07\/net-zero-and-carbon-neutral-concept-net-zero-emiss-2023-11-27-04-56-34-utc-scaled.jpg 2560w\" data-sizes=\"(min-width: 2200px) 100vw, (min-width: 712px) 565px, (min-width: 640px) 712px,\" src=\"data:image\/svg+xml;base64,PHN2ZyB3aWR0aD0iMSIgaGVpZ2h0PSIxIiB4bWxucz0iaHR0cDovL3d3dy53My5vcmcvMjAwMC9zdmciPjwvc3ZnPg==\" style=\"--smush-placeholder-width: 2560px; --smush-placeholder-aspect-ratio: 2560\/1440;\" \/><div class=\"fusion-rollover\">\n\t<div class=\"fusion-rollover-content\">\n\n\t\t\t\t\n\t\t\n\t\t\t\t\t\t\t\t\t\t\t\t<h4 class=\"fusion-rollover-title\">\n\t\t\t\t\t<a class=\"fusion-rollover-title-link\" href=\"https:\/\/intelsynet.com\/es\/responsabilidad-compartida-o-esfuerzo-personal-la-descarbonizacion\/\">\n\t\t\t\t\t\tResponsabilidad compartida o esfuerzo personal: La descarbonizaci\u00f3n\t\t\t\t\t<\/a>\n\t\t\t\t<\/h4>\n\t\t\t\n\t\t\t\t\t\t\t\t\n\t\t\n\t\t\t\t\t\t<a class=\"fusion-link-wrapper\" href=\"https:\/\/intelsynet.com\/es\/responsabilidad-compartida-o-esfuerzo-personal-la-descarbonizacion\/\" aria-label=\"Responsabilidad compartida o esfuerzo personal: La descarbonizaci\u00f3n\"><\/a>\n\t<\/div>\n<\/div>\n<\/div>\n<\/li>\n\t\t\t\n\t\t\t\n\t\t\t\t\t\t\t\t<\/ul>\n\t<\/div>\n\t<div class=\"fusion-post-content-wrapper\" style=\"padding:30px 25px 20px 25px; display:none;\"><div class=\"fusion-post-content post-content\"><\/div><\/div><div class=\"fusion-clearfix\"><\/div><\/div>\n<\/article>\n<article id=\"blog-1-post-3290\" class=\"fusion-post-grid post-3290 post type-post status-publish format-standard has-post-thumbnail hentry category-nuestros-articulos category-gestion-de-riesgos tag-emobility tag-energias-renovables tag-energy tag-estrategia tag-logicaeconomica tag-negocios tag-sostenibilidad tag-sostenibilidadambiental\">\n<div class=\"fusion-post-wrapper\" style=\"background-color:rgba(255,255,255,0);border:1px solid #e8e8e8;border-bottom-width:3px;\">\n\n\t\t\t<div class=\"fusion-flexslider flexslider fusion-flexslider-loading fusion-post-slideshow\" style=\"border-color:#e8e8e8;\">\n\t\t<ul class=\"slides\">\n\t\t\t\n\t\t\t\t\t\t\t\t\t\t\t\t\t\t<li><div  class=\"fusion-image-wrapper\" aria-haspopup=\"true\">\n\t\t\t\t<img decoding=\"async\" width=\"1024\" height=\"576\" data-src=\"https:\/\/intelsynet.com\/wp-content\/uploads\/2024\/06\/ADB-1024x576-1.jpg\" class=\"attachment-full size-full wp-post-image lazyload\" alt=\"El BAD apoya el primer pr\u00e9stamo corporativo ecol\u00f3gico de Alternergy por valor de 1 millones de d\u00f3lares\" data-srcset=\"https:\/\/intelsynet.com\/wp-content\/uploads\/2024\/06\/ADB-1024x576-1-200x113.jpg 200w, https:\/\/intelsynet.com\/wp-content\/uploads\/2024\/06\/ADB-1024x576-1-400x225.jpg 400w, https:\/\/intelsynet.com\/wp-content\/uploads\/2024\/06\/ADB-1024x576-1-600x338.jpg 600w, https:\/\/intelsynet.com\/wp-content\/uploads\/2024\/06\/ADB-1024x576-1-800x450.jpg 800w, https:\/\/intelsynet.com\/wp-content\/uploads\/2024\/06\/ADB-1024x576-1.jpg 1024w\" data-sizes=\"(min-width: 2200px) 100vw, (min-width: 712px) 565px, (min-width: 640px) 712px,\" src=\"data:image\/svg+xml;base64,PHN2ZyB3aWR0aD0iMSIgaGVpZ2h0PSIxIiB4bWxucz0iaHR0cDovL3d3dy53My5vcmcvMjAwMC9zdmciPjwvc3ZnPg==\" style=\"--smush-placeholder-width: 1024px; --smush-placeholder-aspect-ratio: 1024\/576;\" \/><div class=\"fusion-rollover\">\n\t<div class=\"fusion-rollover-content\">\n\n\t\t\t\t\n\t\t\n\t\t\t\t\t\t\t\t\t\t\t\t<h4 class=\"fusion-rollover-title\">\n\t\t\t\t\t<a class=\"fusion-rollover-title-link\" href=\"https:\/\/intelsynet.com\/es\/el-banco-asiatico-de-desarrollo-respalda-el-primer-prestamo-corporativo-verde-de-alternergy-por-1-millon-de-dolares\/\">\n\t\t\t\t\t\tEl Banco Asi\u00e1tico de Desarrollo respalda el primer pr\u00e9stamo corporativo verde de Alternergy por 1 mill\u00f3n de d\u00f3lares\t\t\t\t\t<\/a>\n\t\t\t\t<\/h4>\n\t\t\t\n\t\t\t\t\t\t\t\t\n\t\t\n\t\t\t\t\t\t<a class=\"fusion-link-wrapper\" href=\"https:\/\/intelsynet.com\/es\/el-banco-asiatico-de-desarrollo-respalda-el-primer-prestamo-corporativo-verde-de-alternergy-por-1-millon-de-dolares\/\" aria-label=\"El Banco Asi\u00e1tico de Desarrollo respalda el primer pr\u00e9stamo corporativo verde de Alternergy por 1 mill\u00f3n de d\u00f3lares\"><\/a>\n\t<\/div>\n<\/div>\n<\/div>\n<\/li>\n\t\t\t\n\t\t\t\n\t\t\t\t\t\t\t\t<\/ul>\n\t<\/div>\n\t<div class=\"fusion-post-content-wrapper\" style=\"padding:30px 25px 20px 25px; display:none;\"><div class=\"fusion-post-content post-content\"><\/div><\/div><div class=\"fusion-clearfix\"><\/div><\/div>\n<\/article>\n<article id=\"blog-1-post-3286\" class=\"fusion-post-grid post-3286 post type-post status-publish format-standard has-post-thumbnail hentry category-nuestros-articulos category-geopolitica tag-emobility tag-energias-renovables tag-energy tag-estrategia tag-logicaeconomica tag-negocios tag-sostenibilidad tag-sostenibilidadambiental\">\n<div class=\"fusion-post-wrapper\" style=\"background-color:rgba(255,255,255,0);border:1px solid #e8e8e8;border-bottom-width:3px;\">\n\n\t\t\t<div class=\"fusion-flexslider flexslider fusion-flexslider-loading fusion-post-slideshow\" style=\"border-color:#e8e8e8;\">\n\t\t<ul class=\"slides\">\n\t\t\t\n\t\t\t\t\t\t\t\t\t\t\t\t\t\t<li><div  class=\"fusion-image-wrapper\" aria-haspopup=\"true\">\n\t\t\t\t<img decoding=\"async\" width=\"2560\" height=\"1705\" data-src=\"https:\/\/intelsynet.com\/wp-content\/uploads\/2024\/05\/offshore-windmill-farm-windmills-isolated-at-sea-2023-11-27-05-10-25-utc-scaled.jpg\" class=\"attachment-full size-full wp-post-image lazyload\" alt=\"\" data-srcset=\"https:\/\/intelsynet.com\/wp-content\/uploads\/2024\/05\/offshore-windmill-farm-windmills-isolated-at-sea-2023-11-27-05-10-25-utc-200x133.jpg 200w, https:\/\/intelsynet.com\/wp-content\/uploads\/2024\/05\/offshore-windmill-farm-windmills-isolated-at-sea-2023-11-27-05-10-25-utc-400x266.jpg 400w, https:\/\/intelsynet.com\/wp-content\/uploads\/2024\/05\/offshore-windmill-farm-windmills-isolated-at-sea-2023-11-27-05-10-25-utc-600x400.jpg 600w, https:\/\/intelsynet.com\/wp-content\/uploads\/2024\/05\/offshore-windmill-farm-windmills-isolated-at-sea-2023-11-27-05-10-25-utc-800x533.jpg 800w, https:\/\/intelsynet.com\/wp-content\/uploads\/2024\/05\/offshore-windmill-farm-windmills-isolated-at-sea-2023-11-27-05-10-25-utc-1200x799.jpg 1200w, https:\/\/intelsynet.com\/wp-content\/uploads\/2024\/05\/offshore-windmill-farm-windmills-isolated-at-sea-2023-11-27-05-10-25-utc-scaled.jpg 2560w\" data-sizes=\"(min-width: 2200px) 100vw, (min-width: 712px) 565px, (min-width: 640px) 712px,\" src=\"data:image\/svg+xml;base64,PHN2ZyB3aWR0aD0iMSIgaGVpZ2h0PSIxIiB4bWxucz0iaHR0cDovL3d3dy53My5vcmcvMjAwMC9zdmciPjwvc3ZnPg==\" style=\"--smush-placeholder-width: 2560px; --smush-placeholder-aspect-ratio: 2560\/1705;\" \/><div class=\"fusion-rollover\">\n\t<div class=\"fusion-rollover-content\">\n\n\t\t\t\t\n\t\t\n\t\t\t\t\t\t\t\t\t\t\t\t<h4 class=\"fusion-rollover-title\">\n\t\t\t\t\t<a class=\"fusion-rollover-title-link\" href=\"https:\/\/intelsynet.com\/es\/iberdrola-y-repsol-compiten-por-la-energia-eolica-marina-en-el-golfo-de-maine\/\">\n\t\t\t\t\t\tIberdrola y Repsol compiten por la energ\u00eda e\u00f3lica marina en el Golfo de Maine\t\t\t\t\t<\/a>\n\t\t\t\t<\/h4>\n\t\t\t\n\t\t\t\t\t\t\t\t\n\t\t\n\t\t\t\t\t\t<a class=\"fusion-link-wrapper\" href=\"https:\/\/intelsynet.com\/es\/iberdrola-y-repsol-compiten-por-la-energia-eolica-marina-en-el-golfo-de-maine\/\" aria-label=\"Iberdrola y Repsol compiten por la energ\u00eda e\u00f3lica marina en el Golfo de Maine\"><\/a>\n\t<\/div>\n<\/div>\n<\/div>\n<\/li>\n\t\t\t\n\t\t\t\n\t\t\t\t\t\t\t\t<\/ul>\n\t<\/div>\n\t<div class=\"fusion-post-content-wrapper\" style=\"padding:30px 25px 20px 25px; display:none;\"><div class=\"fusion-post-content post-content\"><\/div><\/div><div class=\"fusion-clearfix\"><\/div><\/div>\n<\/article>\n<article id=\"blog-1-post-3269\" class=\"fusion-post-grid post-3269 post type-post status-publish format-standard has-post-thumbnail hentry category-nuestros-articulos category-geopolitica category-sostenibilidad tag-emobility tag-energias-renovables tag-energy tag-estrategia tag-logicaeconomica tag-negocios tag-sostenibilidad tag-sostenibilidadambiental\">\n<div class=\"fusion-post-wrapper\" style=\"background-color:rgba(255,255,255,0);border:1px solid #e8e8e8;border-bottom-width:3px;\">\n\n\t\t\t<div class=\"fusion-flexslider flexslider fusion-flexslider-loading fusion-post-slideshow\" style=\"border-color:#e8e8e8;\">\n\t\t<ul class=\"slides\">\n\t\t\t\n\t\t\t\t\t\t\t\t\t\t\t\t\t\t<li><div  class=\"fusion-image-wrapper\" aria-haspopup=\"true\">\n\t\t\t\t<img decoding=\"async\" width=\"1200\" height=\"655\" data-src=\"https:\/\/intelsynet.com\/wp-content\/uploads\/2024\/04\/Parlamento-Europeo.jpg\" class=\"attachment-full size-full wp-post-image lazyload\" alt=\"\" data-srcset=\"https:\/\/intelsynet.com\/wp-content\/uploads\/2024\/04\/Parlamento-Europeo-200x109.jpg 200w, https:\/\/intelsynet.com\/wp-content\/uploads\/2024\/04\/Parlamento-Europeo-400x218.jpg 400w, https:\/\/intelsynet.com\/wp-content\/uploads\/2024\/04\/Parlamento-Europeo-600x328.jpg 600w, https:\/\/intelsynet.com\/wp-content\/uploads\/2024\/04\/Parlamento-Europeo-800x437.jpg 800w, https:\/\/intelsynet.com\/wp-content\/uploads\/2024\/04\/Parlamento-Europeo.jpg 1200w\" data-sizes=\"(min-width: 2200px) 100vw, (min-width: 712px) 565px, (min-width: 640px) 712px,\" src=\"data:image\/svg+xml;base64,PHN2ZyB3aWR0aD0iMSIgaGVpZ2h0PSIxIiB4bWxucz0iaHR0cDovL3d3dy53My5vcmcvMjAwMC9zdmciPjwvc3ZnPg==\" style=\"--smush-placeholder-width: 1200px; --smush-placeholder-aspect-ratio: 1200\/655;\" \/><div class=\"fusion-rollover\">\n\t<div class=\"fusion-rollover-content\">\n\n\t\t\t\t\n\t\t\n\t\t\t\t\t\t\t\t\t\t\t\t<h4 class=\"fusion-rollover-title\">\n\t\t\t\t\t<a class=\"fusion-rollover-title-link\" href=\"https:\/\/intelsynet.com\/es\/directiva-aprobada-multas-para-empresas-que-danen-derechos-humanos-y-medio-ambiente\/\">\n\t\t\t\t\t\tDirectiva aprobada: Multas para empresas que da\u00f1en derechos humanos y medio ambiente\t\t\t\t\t<\/a>\n\t\t\t\t<\/h4>\n\t\t\t\n\t\t\t\t\t\t\t\t\n\t\t\n\t\t\t\t\t\t<a class=\"fusion-link-wrapper\" href=\"https:\/\/intelsynet.com\/es\/directiva-aprobada-multas-para-empresas-que-danen-derechos-humanos-y-medio-ambiente\/\" aria-label=\"Directiva aprobada: Multas para empresas que da\u00f1en derechos humanos y medio ambiente\"><\/a>\n\t<\/div>\n<\/div>\n<\/div>\n<\/li>\n\t\t\t\n\t\t\t\n\t\t\t\t\t\t\t\t<\/ul>\n\t<\/div>\n\t<div class=\"fusion-post-content-wrapper\" style=\"padding:30px 25px 20px 25px; display:none;\"><div class=\"fusion-post-content post-content\"><\/div><\/div><div class=\"fusion-clearfix\"><\/div><\/div>\n<\/article>\n<article id=\"blog-1-post-3283\" class=\"fusion-post-grid post-3283 post type-post status-publish format-standard has-post-thumbnail hentry category-nuestros-articulos category-sostenibilidad tag-emobility tag-energias-renovables tag-energy tag-estrategia tag-logicaeconomica tag-negocios tag-sostenibilidad tag-sostenibilidadambiental\">\n<div class=\"fusion-post-wrapper\" style=\"background-color:rgba(255,255,255,0);border:1px solid #e8e8e8;border-bottom-width:3px;\">\n\n\t\t\t<div class=\"fusion-flexslider flexslider fusion-flexslider-loading fusion-post-slideshow\" style=\"border-color:#e8e8e8;\">\n\t\t<ul class=\"slides\">\n\t\t\t\n\t\t\t\t\t\t\t\t\t\t\t\t\t\t<li><div  class=\"fusion-image-wrapper\" aria-haspopup=\"true\">\n\t\t\t\t<img decoding=\"async\" width=\"1479\" height=\"987\" data-src=\"https:\/\/intelsynet.com\/wp-content\/uploads\/2024\/05\/17110492970391.jpg\" class=\"attachment-full size-full wp-post-image lazyload\" alt=\"\" data-srcset=\"https:\/\/intelsynet.com\/wp-content\/uploads\/2024\/05\/17110492970391-200x133.jpg 200w, https:\/\/intelsynet.com\/wp-content\/uploads\/2024\/05\/17110492970391-400x267.jpg 400w, https:\/\/intelsynet.com\/wp-content\/uploads\/2024\/05\/17110492970391-600x400.jpg 600w, https:\/\/intelsynet.com\/wp-content\/uploads\/2024\/05\/17110492970391-800x534.jpg 800w, https:\/\/intelsynet.com\/wp-content\/uploads\/2024\/05\/17110492970391-1200x801.jpg 1200w, https:\/\/intelsynet.com\/wp-content\/uploads\/2024\/05\/17110492970391.jpg 1479w\" data-sizes=\"(min-width: 2200px) 100vw, (min-width: 712px) 565px, (min-width: 640px) 712px,\" src=\"data:image\/svg+xml;base64,PHN2ZyB3aWR0aD0iMSIgaGVpZ2h0PSIxIiB4bWxucz0iaHR0cDovL3d3dy53My5vcmcvMjAwMC9zdmciPjwvc3ZnPg==\" style=\"--smush-placeholder-width: 1479px; --smush-placeholder-aspect-ratio: 1479\/987;\" \/><div class=\"fusion-rollover\">\n\t<div class=\"fusion-rollover-content\">\n\n\t\t\t\t\n\t\t\n\t\t\t\t\t\t\t\t\t\t\t\t<h4 class=\"fusion-rollover-title\">\n\t\t\t\t\t<a class=\"fusion-rollover-title-link\" href=\"https:\/\/intelsynet.com\/es\/empresas-destacan-por-su-compromiso-con-la-sostenibilidad\/\">\n\t\t\t\t\t\tEmpresas destacan por su compromiso con la sostenibilidad\t\t\t\t\t<\/a>\n\t\t\t\t<\/h4>\n\t\t\t\n\t\t\t\t\t\t\t\t\n\t\t\n\t\t\t\t\t\t<a class=\"fusion-link-wrapper\" href=\"https:\/\/intelsynet.com\/es\/empresas-destacan-por-su-compromiso-con-la-sostenibilidad\/\" aria-label=\"Empresas destacan por su compromiso con la sostenibilidad\"><\/a>\n\t<\/div>\n<\/div>\n<\/div>\n<\/li>\n\t\t\t\n\t\t\t\n\t\t\t\t\t\t\t\t<\/ul>\n\t<\/div>\n\t<div class=\"fusion-post-content-wrapper\" style=\"padding:30px 25px 20px 25px; display:none;\"><div class=\"fusion-post-content post-content\"><\/div><\/div><div class=\"fusion-clearfix\"><\/div><\/div>\n<\/article>\n<article id=\"blog-1-post-3277\" class=\"fusion-post-grid post-3277 post type-post status-publish format-standard has-post-thumbnail hentry category-nuestros-articulos category-geopolitica tag-emobility tag-energy tag-estrategia tag-finanzas tag-logicaeconomica tag-negocios\">\n<div class=\"fusion-post-wrapper\" style=\"background-color:rgba(255,255,255,0);border:1px solid #e8e8e8;border-bottom-width:3px;\">\n\n\t\t\t<div class=\"fusion-flexslider flexslider fusion-flexslider-loading fusion-post-slideshow\" style=\"border-color:#e8e8e8;\">\n\t\t<ul class=\"slides\">\n\t\t\t\n\t\t\t\t\t\t\t\t\t\t\t\t\t\t<li><div  class=\"fusion-image-wrapper\" aria-haspopup=\"true\">\n\t\t\t\t<img decoding=\"async\" width=\"980\" height=\"551\" data-src=\"https:\/\/intelsynet.com\/wp-content\/uploads\/2024\/04\/AP24051576994737.webp\" class=\"attachment-full size-full wp-post-image lazyload\" alt=\"\" data-srcset=\"https:\/\/intelsynet.com\/wp-content\/uploads\/2024\/04\/AP24051576994737-200x112.webp 200w, https:\/\/intelsynet.com\/wp-content\/uploads\/2024\/04\/AP24051576994737-300x169.webp 300w, https:\/\/intelsynet.com\/wp-content\/uploads\/2024\/04\/AP24051576994737-400x225.webp 400w, https:\/\/intelsynet.com\/wp-content\/uploads\/2024\/04\/AP24051576994737-600x337.webp 600w, https:\/\/intelsynet.com\/wp-content\/uploads\/2024\/04\/AP24051576994737-768x432.webp 768w, https:\/\/intelsynet.com\/wp-content\/uploads\/2024\/04\/AP24051576994737-800x450.webp 800w, https:\/\/intelsynet.com\/wp-content\/uploads\/2024\/04\/AP24051576994737.webp 980w\" data-sizes=\"(min-width: 2200px) 100vw, (min-width: 712px) 565px, (min-width: 640px) 712px,\" src=\"data:image\/svg+xml;base64,PHN2ZyB3aWR0aD0iMSIgaGVpZ2h0PSIxIiB4bWxucz0iaHR0cDovL3d3dy53My5vcmcvMjAwMC9zdmciPjwvc3ZnPg==\" style=\"--smush-placeholder-width: 980px; --smush-placeholder-aspect-ratio: 980\/551;\" \/><div class=\"fusion-rollover\">\n\t<div class=\"fusion-rollover-content\">\n\n\t\t\t\t\n\t\t\n\t\t\t\t\t\t\t\t\t\t\t\t<h4 class=\"fusion-rollover-title\">\n\t\t\t\t\t<a class=\"fusion-rollover-title-link\" href=\"https:\/\/intelsynet.com\/es\/agricultores-polacos-intensifican-sus-protestas-y-bloquean-pasos-fronterizos-con-ucrania\/\">\n\t\t\t\t\t\tAgricultores polacos intensifican sus protestas y bloquean pasos fronterizos con Ucrania\t\t\t\t\t<\/a>\n\t\t\t\t<\/h4>\n\t\t\t\n\t\t\t\t\t\t\t\t\n\t\t\n\t\t\t\t\t\t<a class=\"fusion-link-wrapper\" href=\"https:\/\/intelsynet.com\/es\/agricultores-polacos-intensifican-sus-protestas-y-bloquean-pasos-fronterizos-con-ucrania\/\" aria-label=\"Agricultores polacos intensifican sus protestas y bloquean pasos fronterizos con Ucrania\"><\/a>\n\t<\/div>\n<\/div>\n<\/div>\n<\/li>\n\t\t\t\n\t\t\t\n\t\t\t\t\t\t\t\t<\/ul>\n\t<\/div>\n\t<div class=\"fusion-post-content-wrapper\" style=\"padding:30px 25px 20px 25px; display:none;\"><div class=\"fusion-post-content post-content\"><\/div><\/div><div class=\"fusion-clearfix\"><\/div><\/div>\n<\/article>\n<article id=\"blog-1-post-3280\" class=\"fusion-post-grid post-3280 post type-post status-publish format-standard has-post-thumbnail hentry category-nuestros-articulos category-gestion-de-riesgos tag-emobility tag-energias-renovables tag-energy tag-estrategia tag-logicaeconomica tag-negocios tag-sostenibilidad tag-sostenibilidadambiental\">\n<div class=\"fusion-post-wrapper\" style=\"background-color:rgba(255,255,255,0);border:1px solid #e8e8e8;border-bottom-width:3px;\">\n\n\t\t\t<div class=\"fusion-flexslider flexslider fusion-flexslider-loading fusion-post-slideshow\" style=\"border-color:#e8e8e8;\">\n\t\t<ul class=\"slides\">\n\t\t\t\n\t\t\t\t\t\t\t\t\t\t\t\t\t\t<li><div  class=\"fusion-image-wrapper\" aria-haspopup=\"true\">\n\t\t\t\t<img decoding=\"async\" width=\"1022\" height=\"575\" data-src=\"https:\/\/intelsynet.com\/wp-content\/uploads\/2024\/05\/Deloitte-Circle-Economy-Foundation-Release-Circularity-Gap-Report-2024.jpeg\" class=\"attachment-full size-full wp-post-image lazyload\" alt=\"edifico deloitte\" data-srcset=\"https:\/\/intelsynet.com\/wp-content\/uploads\/2024\/05\/Deloitte-Circle-Economy-Foundation-Release-Circularity-Gap-Report-2024-200x113.jpeg 200w, https:\/\/intelsynet.com\/wp-content\/uploads\/2024\/05\/Deloitte-Circle-Economy-Foundation-Release-Circularity-Gap-Report-2024-400x225.jpeg 400w, https:\/\/intelsynet.com\/wp-content\/uploads\/2024\/05\/Deloitte-Circle-Economy-Foundation-Release-Circularity-Gap-Report-2024-600x338.jpeg 600w, https:\/\/intelsynet.com\/wp-content\/uploads\/2024\/05\/Deloitte-Circle-Economy-Foundation-Release-Circularity-Gap-Report-2024-800x450.jpeg 800w, https:\/\/intelsynet.com\/wp-content\/uploads\/2024\/05\/Deloitte-Circle-Economy-Foundation-Release-Circularity-Gap-Report-2024.jpeg 1022w\" data-sizes=\"(min-width: 2200px) 100vw, (min-width: 712px) 565px, (min-width: 640px) 712px,\" src=\"data:image\/svg+xml;base64,PHN2ZyB3aWR0aD0iMSIgaGVpZ2h0PSIxIiB4bWxucz0iaHR0cDovL3d3dy53My5vcmcvMjAwMC9zdmciPjwvc3ZnPg==\" style=\"--smush-placeholder-width: 1022px; --smush-placeholder-aspect-ratio: 1022\/575;\" \/><div class=\"fusion-rollover\">\n\t<div class=\"fusion-rollover-content\">\n\n\t\t\t\t\n\t\t\n\t\t\t\t\t\t\t\t\t\t\t\t<h4 class=\"fusion-rollover-title\">\n\t\t\t\t\t<a class=\"fusion-rollover-title-link\" href=\"https:\/\/intelsynet.com\/es\/deloitte-y-circle-economy-foundation-predicen-que-la-economia-circular-ayudara-a-reducir-las-emisiones-en-un-40\/\">\n\t\t\t\t\t\tDeloitte y Circle Economy Foundation predicen que la econom\u00eda circular ayudar\u00e1 a reducir las emisiones en un 40%\t\t\t\t\t<\/a>\n\t\t\t\t<\/h4>\n\t\t\t\n\t\t\t\t\t\t\t\t\n\t\t\n\t\t\t\t\t\t<a class=\"fusion-link-wrapper\" href=\"https:\/\/intelsynet.com\/es\/deloitte-y-circle-economy-foundation-predicen-que-la-economia-circular-ayudara-a-reducir-las-emisiones-en-un-40\/\" aria-label=\"Deloitte y Circle Economy Foundation predicen que la econom\u00eda circular ayudar\u00e1 a reducir las emisiones en un 40%\"><\/a>\n\t<\/div>\n<\/div>\n<\/div>\n<\/li>\n\t\t\t\n\t\t\t\n\t\t\t\t\t\t\t\t<\/ul>\n\t<\/div>\n\t<div class=\"fusion-post-content-wrapper\" style=\"padding:30px 25px 20px 25px; display:none;\"><div class=\"fusion-post-content post-content\"><\/div><\/div><div class=\"fusion-clearfix\"><\/div><\/div>\n<\/article>\n<article id=\"blog-1-post-3273\" class=\"fusion-post-grid post-3273 post type-post status-publish format-standard has-post-thumbnail hentry category-nuestros-articulos category-sostenibilidad tag-emobility tag-energias-renovables tag-energy tag-sostenibilidad tag-sostenibilidadambiental\">\n<div class=\"fusion-post-wrapper\" style=\"background-color:rgba(255,255,255,0);border:1px solid #e8e8e8;border-bottom-width:3px;\">\n\n\t\t\t<div class=\"fusion-flexslider flexslider fusion-flexslider-loading fusion-post-slideshow\" style=\"border-color:#e8e8e8;\">\n\t\t<ul class=\"slides\">\n\t\t\t\n\t\t\t\t\t\t\t\t\t\t\t\t\t\t<li><div  class=\"fusion-image-wrapper\" aria-haspopup=\"true\">\n\t\t\t\t<img decoding=\"async\" width=\"667\" height=\"427\" data-src=\"https:\/\/intelsynet.com\/wp-content\/uploads\/2024\/04\/WP_PORTADA.webp\" class=\"attachment-full size-full wp-post-image lazyload\" alt=\"\" data-srcset=\"https:\/\/intelsynet.com\/wp-content\/uploads\/2024\/04\/WP_PORTADA-200x128.webp 200w, https:\/\/intelsynet.com\/wp-content\/uploads\/2024\/04\/WP_PORTADA-300x192.webp 300w, https:\/\/intelsynet.com\/wp-content\/uploads\/2024\/04\/WP_PORTADA-400x256.webp 400w, https:\/\/intelsynet.com\/wp-content\/uploads\/2024\/04\/WP_PORTADA-460x295.webp 460w, https:\/\/intelsynet.com\/wp-content\/uploads\/2024\/04\/WP_PORTADA-600x384.webp 600w, https:\/\/intelsynet.com\/wp-content\/uploads\/2024\/04\/WP_PORTADA.webp 667w\" data-sizes=\"(min-width: 2200px) 100vw, (min-width: 712px) 565px, (min-width: 640px) 712px,\" src=\"data:image\/svg+xml;base64,PHN2ZyB3aWR0aD0iMSIgaGVpZ2h0PSIxIiB4bWxucz0iaHR0cDovL3d3dy53My5vcmcvMjAwMC9zdmciPjwvc3ZnPg==\" style=\"--smush-placeholder-width: 667px; --smush-placeholder-aspect-ratio: 667\/427;\" \/><div class=\"fusion-rollover\">\n\t<div class=\"fusion-rollover-content\">\n\n\t\t\t\t\n\t\t\n\t\t\t\t\t\t\t\t\t\t\t\t<h4 class=\"fusion-rollover-title\">\n\t\t\t\t\t<a class=\"fusion-rollover-title-link\" href=\"https:\/\/intelsynet.com\/es\/hitos-en-sostenibilidad-empresarial-de-2023\/\">\n\t\t\t\t\t\tHitos en sostenibilidad empresarial de 2023\t\t\t\t\t<\/a>\n\t\t\t\t<\/h4>\n\t\t\t\n\t\t\t\t\t\t\t\t\n\t\t\n\t\t\t\t\t\t<a class=\"fusion-link-wrapper\" href=\"https:\/\/intelsynet.com\/es\/hitos-en-sostenibilidad-empresarial-de-2023\/\" aria-label=\"Hitos en sostenibilidad empresarial de 2023\"><\/a>\n\t<\/div>\n<\/div>\n<\/div>\n<\/li>\n\t\t\t\n\t\t\t\n\t\t\t\t\t\t\t\t<\/ul>\n\t<\/div>\n\t<div class=\"fusion-post-content-wrapper\" style=\"padding:30px 25px 20px 25px; display:none;\"><div class=\"fusion-post-content post-content\"><\/div><\/div><div class=\"fusion-clearfix\"><\/div><\/div>\n<\/article>\n<article id=\"blog-1-post-3265\" class=\"fusion-post-grid post-3265 post type-post status-publish format-standard has-post-thumbnail hentry category-nuestros-articulos category-geopolitica category-sostenibilidad tag-emobility tag-energias-renovables tag-energy tag-estrategia tag-finanzas tag-logicaeconomica tag-negocios tag-sostenibilidad tag-sostenibilidadambiental\">\n<div class=\"fusion-post-wrapper\" style=\"background-color:rgba(255,255,255,0);border:1px solid #e8e8e8;border-bottom-width:3px;\">\n\n\t\t\t<div class=\"fusion-flexslider flexslider fusion-flexslider-loading fusion-post-slideshow\" style=\"border-color:#e8e8e8;\">\n\t\t<ul class=\"slides\">\n\t\t\t\n\t\t\t\t\t\t\t\t\t\t\t\t\t\t<li><div  class=\"fusion-image-wrapper\" aria-haspopup=\"true\">\n\t\t\t\t<img decoding=\"async\" width=\"740\" height=\"434\" data-src=\"https:\/\/intelsynet.com\/wp-content\/uploads\/2023\/11\/Energy-intelligence-forum-2023_.jpg\" class=\"attachment-full size-full wp-post-image lazyload\" alt=\"Energy-intelligence-forum-2023_\" data-srcset=\"https:\/\/intelsynet.com\/wp-content\/uploads\/2023\/11\/Energy-intelligence-forum-2023_-200x117.jpg 200w, https:\/\/intelsynet.com\/wp-content\/uploads\/2023\/11\/Energy-intelligence-forum-2023_-400x235.jpg 400w, https:\/\/intelsynet.com\/wp-content\/uploads\/2023\/11\/Energy-intelligence-forum-2023_-600x352.jpg 600w, https:\/\/intelsynet.com\/wp-content\/uploads\/2023\/11\/Energy-intelligence-forum-2023_.jpg 740w\" data-sizes=\"(min-width: 2200px) 100vw, (min-width: 712px) 565px, (min-width: 640px) 712px,\" src=\"data:image\/svg+xml;base64,PHN2ZyB3aWR0aD0iMSIgaGVpZ2h0PSIxIiB4bWxucz0iaHR0cDovL3d3dy53My5vcmcvMjAwMC9zdmciPjwvc3ZnPg==\" style=\"--smush-placeholder-width: 740px; --smush-placeholder-aspect-ratio: 740\/434;\" \/><div class=\"fusion-rollover\">\n\t<div class=\"fusion-rollover-content\">\n\n\t\t\t\t\n\t\t\n\t\t\t\t\t\t\t\t\t\t\t\t<h4 class=\"fusion-rollover-title\">\n\t\t\t\t\t<a class=\"fusion-rollover-title-link\" href=\"https:\/\/intelsynet.com\/es\/desafios-globales-en-el-horizonte-energy-intelligence-forum-2023-analiza-la-fragmentacion-geopolitica-y-las-rutas-hacia-una-energia-sostenible\/\">\n\t\t\t\t\t\tDesaf\u00edos Globales en el Horizonte: \u00abEnergy Intelligence Forum 2023\u00bb analiza la fragmentaci\u00f3n geopol\u00edtica y las rutas hacia una energ\u00eda sostenible\t\t\t\t\t<\/a>\n\t\t\t\t<\/h4>\n\t\t\t\n\t\t\t\t\t\t\t\t\n\t\t\n\t\t\t\t\t\t<a class=\"fusion-link-wrapper\" href=\"https:\/\/intelsynet.com\/es\/desafios-globales-en-el-horizonte-energy-intelligence-forum-2023-analiza-la-fragmentacion-geopolitica-y-las-rutas-hacia-una-energia-sostenible\/\" aria-label=\"Desaf\u00edos Globales en el Horizonte: \u00abEnergy Intelligence Forum 2023\u00bb analiza la fragmentaci\u00f3n geopol\u00edtica y las rutas hacia una energ\u00eda sostenible\"><\/a>\n\t<\/div>\n<\/div>\n<\/div>\n<\/li>\n\t\t\t\n\t\t\t\n\t\t\t\t\t\t\t\t<\/ul>\n\t<\/div>\n\t<div class=\"fusion-post-content-wrapper\" style=\"padding:30px 25px 20px 25px; display:none;\"><div class=\"fusion-post-content post-content\"><\/div><\/div><div class=\"fusion-clearfix\"><\/div><\/div>\n<\/article>\n<article id=\"blog-1-post-3256\" class=\"fusion-post-grid post-3256 post type-post status-publish format-standard has-post-thumbnail hentry category-nuestros-articulos category-geopolitica category-sostenibilidad tag-aimpr tag-geopolitica tag-materiasprimas tag-sostenibilidad\">\n<div class=\"fusion-post-wrapper\" style=\"background-color:rgba(255,255,255,0);border:1px solid #e8e8e8;border-bottom-width:3px;\">\n\n\t\t\t<div class=\"fusion-flexslider flexslider fusion-flexslider-loading fusion-post-slideshow\" style=\"border-color:#e8e8e8;\">\n\t\t<ul class=\"slides\">\n\t\t\t\n\t\t\t\t\t\t\t\t\t\t\t\t\t\t<li><div  class=\"fusion-image-wrapper\" aria-haspopup=\"true\">\n\t\t\t\t<img decoding=\"async\" width=\"768\" height=\"464\" data-src=\"https:\/\/intelsynet.com\/wp-content\/uploads\/2023\/11\/AIMPR-e1700131037137.jpg\" class=\"attachment-full size-full wp-post-image lazyload\" alt=\"AIMPR\" data-srcset=\"https:\/\/intelsynet.com\/wp-content\/uploads\/2023\/11\/AIMPR-e1700131037137-200x121.jpg 200w, https:\/\/intelsynet.com\/wp-content\/uploads\/2023\/11\/AIMPR-e1700131037137-400x242.jpg 400w, https:\/\/intelsynet.com\/wp-content\/uploads\/2023\/11\/AIMPR-e1700131037137-600x363.jpg 600w, https:\/\/intelsynet.com\/wp-content\/uploads\/2023\/11\/AIMPR-e1700131037137.jpg 768w\" data-sizes=\"(min-width: 2200px) 100vw, (min-width: 712px) 565px, (min-width: 640px) 712px,\" src=\"data:image\/svg+xml;base64,PHN2ZyB3aWR0aD0iMSIgaGVpZ2h0PSIxIiB4bWxucz0iaHR0cDovL3d3dy53My5vcmcvMjAwMC9zdmciPjwvc3ZnPg==\" style=\"--smush-placeholder-width: 768px; --smush-placeholder-aspect-ratio: 768\/464;\" \/><div class=\"fusion-rollover\">\n\t<div class=\"fusion-rollover-content\">\n\n\t\t\t\t\n\t\t\n\t\t\t\t\t\t\t\t\t\t\t\t<h4 class=\"fusion-rollover-title\">\n\t\t\t\t\t<a class=\"fusion-rollover-title-link\" href=\"https:\/\/intelsynet.com\/es\/francisco-calomarde-lider-de-la-aimpr-sobre-el-escenario-inicial-del-ano-y-los-desafios-en-el-sector-ceramico\/\">\n\t\t\t\t\t\tFrancisco Calomarde, l\u00edder de la AIMPR, sobre el Escenario inicial del a\u00f1o y los desaf\u00edos en el sector cer\u00e1mico\t\t\t\t\t<\/a>\n\t\t\t\t<\/h4>\n\t\t\t\n\t\t\t\t\t\t\t\t\n\t\t\n\t\t\t\t\t\t<a class=\"fusion-link-wrapper\" href=\"https:\/\/intelsynet.com\/es\/francisco-calomarde-lider-de-la-aimpr-sobre-el-escenario-inicial-del-ano-y-los-desafios-en-el-sector-ceramico\/\" aria-label=\"Francisco Calomarde, l\u00edder de la AIMPR, sobre el Escenario inicial del a\u00f1o y los desaf\u00edos en el sector cer\u00e1mico\"><\/a>\n\t<\/div>\n<\/div>\n<\/div>\n<\/li>\n\t\t\t\n\t\t\t\n\t\t\t\t\t\t\t\t<\/ul>\n\t<\/div>\n\t<div class=\"fusion-post-content-wrapper\" style=\"padding:30px 25px 20px 25px; display:none;\"><div class=\"fusion-post-content post-content\"><\/div><\/div><div class=\"fusion-clearfix\"><\/div><\/div>\n<\/article>\n<article id=\"blog-1-post-3261\" class=\"fusion-post-grid post-3261 post type-post status-publish format-standard has-post-thumbnail hentry category-nuestros-articulos category-gestion-de-riesgos tag-europa tag-ia tag-inteligencia-artificial tag-technology tag-tecnologia tag-union-europea\">\n<div class=\"fusion-post-wrapper\" style=\"background-color:rgba(255,255,255,0);border:1px solid #e8e8e8;border-bottom-width:3px;\">\n\n\t\t\t<div class=\"fusion-flexslider flexslider fusion-flexslider-loading fusion-post-slideshow\" style=\"border-color:#e8e8e8;\">\n\t\t<ul class=\"slides\">\n\t\t\t\n\t\t\t\t\t\t\t\t\t\t\t\t\t\t<li><div  class=\"fusion-image-wrapper\" aria-haspopup=\"true\">\n\t\t\t\t<img decoding=\"async\" width=\"580\" height=\"330\" data-src=\"https:\/\/intelsynet.com\/wp-content\/uploads\/2023\/11\/El-Parlamento-Europeo-avanza-en-la-regulacion-de-la-Inteligencia-Artificial.jpg\" class=\"attachment-full size-full wp-post-image lazyload\" alt=\"El Parlamento Europeo avanza en la regulaci\u00f3n de la Inteligencia Artificial\" data-srcset=\"https:\/\/intelsynet.com\/wp-content\/uploads\/2023\/11\/El-Parlamento-Europeo-avanza-en-la-regulacion-de-la-Inteligencia-Artificial-200x114.jpg 200w, https:\/\/intelsynet.com\/wp-content\/uploads\/2023\/11\/El-Parlamento-Europeo-avanza-en-la-regulacion-de-la-Inteligencia-Artificial-400x228.jpg 400w, https:\/\/intelsynet.com\/wp-content\/uploads\/2023\/11\/El-Parlamento-Europeo-avanza-en-la-regulacion-de-la-Inteligencia-Artificial.jpg 580w\" data-sizes=\"(min-width: 2200px) 100vw, (min-width: 712px) 565px, (min-width: 640px) 712px,\" src=\"data:image\/svg+xml;base64,PHN2ZyB3aWR0aD0iMSIgaGVpZ2h0PSIxIiB4bWxucz0iaHR0cDovL3d3dy53My5vcmcvMjAwMC9zdmciPjwvc3ZnPg==\" style=\"--smush-placeholder-width: 580px; --smush-placeholder-aspect-ratio: 580\/330;\" \/><div class=\"fusion-rollover\">\n\t<div class=\"fusion-rollover-content\">\n\n\t\t\t\t\n\t\t\n\t\t\t\t\t\t\t\t\t\t\t\t<h4 class=\"fusion-rollover-title\">\n\t\t\t\t\t<a class=\"fusion-rollover-title-link\" href=\"https:\/\/intelsynet.com\/es\/el-parlamento-europeo-avanza-en-la-regulacion-de-la-inteligencia-artificial\/\">\n\t\t\t\t\t\tEl Parlamento Europeo avanza en la regulaci\u00f3n de la Inteligencia Artificial\t\t\t\t\t<\/a>\n\t\t\t\t<\/h4>\n\t\t\t\n\t\t\t\t\t\t\t\t\n\t\t\n\t\t\t\t\t\t<a class=\"fusion-link-wrapper\" href=\"https:\/\/intelsynet.com\/es\/el-parlamento-europeo-avanza-en-la-regulacion-de-la-inteligencia-artificial\/\" aria-label=\"El Parlamento Europeo avanza en la regulaci\u00f3n de la Inteligencia Artificial\"><\/a>\n\t<\/div>\n<\/div>\n<\/div>\n<\/li>\n\t\t\t\n\t\t\t\n\t\t\t\t\t\t\t\t<\/ul>\n\t<\/div>\n\t<div class=\"fusion-post-content-wrapper\" style=\"padding:30px 25px 20px 25px; display:none;\"><div class=\"fusion-post-content post-content\"><\/div><\/div><div class=\"fusion-clearfix\"><\/div><\/div>\n<\/article>\n<article id=\"blog-1-post-3253\" class=\"fusion-post-grid post-3253 post type-post status-publish format-standard has-post-thumbnail hentry category-nuestros-articulos category-gestion-de-riesgos tag-ciberseguridad tag-flipper-zero tag-tecnologia tag-wifi\">\n<div class=\"fusion-post-wrapper\" style=\"background-color:rgba(255,255,255,0);border:1px solid #e8e8e8;border-bottom-width:3px;\">\n\n\t\t\t<div class=\"fusion-flexslider flexslider fusion-flexslider-loading fusion-post-slideshow\" style=\"border-color:#e8e8e8;\">\n\t\t<ul class=\"slides\">\n\t\t\t\n\t\t\t\t\t\t\t\t\t\t\t\t\t\t<li><div  class=\"fusion-image-wrapper\" aria-haspopup=\"true\">\n\t\t\t\t<img decoding=\"async\" width=\"1280\" height=\"884\" data-src=\"https:\/\/intelsynet.com\/wp-content\/uploads\/2023\/11\/Desentranando-la-seguridad-Wifi-con-Flipper-Zero.jpg\" class=\"attachment-full size-full wp-post-image lazyload\" alt=\"Desentra\u00f1ando la seguridad Wifi con Flipper Zero\" data-srcset=\"https:\/\/intelsynet.com\/wp-content\/uploads\/2023\/11\/Desentranando-la-seguridad-Wifi-con-Flipper-Zero-200x138.jpg 200w, https:\/\/intelsynet.com\/wp-content\/uploads\/2023\/11\/Desentranando-la-seguridad-Wifi-con-Flipper-Zero-400x276.jpg 400w, https:\/\/intelsynet.com\/wp-content\/uploads\/2023\/11\/Desentranando-la-seguridad-Wifi-con-Flipper-Zero-600x414.jpg 600w, https:\/\/intelsynet.com\/wp-content\/uploads\/2023\/11\/Desentranando-la-seguridad-Wifi-con-Flipper-Zero-800x553.jpg 800w, https:\/\/intelsynet.com\/wp-content\/uploads\/2023\/11\/Desentranando-la-seguridad-Wifi-con-Flipper-Zero-1200x829.jpg 1200w, https:\/\/intelsynet.com\/wp-content\/uploads\/2023\/11\/Desentranando-la-seguridad-Wifi-con-Flipper-Zero.jpg 1280w\" data-sizes=\"(min-width: 2200px) 100vw, (min-width: 712px) 565px, (min-width: 640px) 712px,\" src=\"data:image\/svg+xml;base64,PHN2ZyB3aWR0aD0iMSIgaGVpZ2h0PSIxIiB4bWxucz0iaHR0cDovL3d3dy53My5vcmcvMjAwMC9zdmciPjwvc3ZnPg==\" style=\"--smush-placeholder-width: 1280px; --smush-placeholder-aspect-ratio: 1280\/884;\" \/><div class=\"fusion-rollover\">\n\t<div class=\"fusion-rollover-content\">\n\n\t\t\t\t\n\t\t\n\t\t\t\t\t\t\t\t\t\t\t\t<h4 class=\"fusion-rollover-title\">\n\t\t\t\t\t<a class=\"fusion-rollover-title-link\" href=\"https:\/\/intelsynet.com\/es\/desentranando-la-seguridad-wifi-con-flipper-zero\/\">\n\t\t\t\t\t\tDesentra\u00f1ando la seguridad Wifi con Flipper Zero\t\t\t\t\t<\/a>\n\t\t\t\t<\/h4>\n\t\t\t\n\t\t\t\t\t\t\t\t\n\t\t\n\t\t\t\t\t\t<a class=\"fusion-link-wrapper\" href=\"https:\/\/intelsynet.com\/es\/desentranando-la-seguridad-wifi-con-flipper-zero\/\" aria-label=\"Desentra\u00f1ando la seguridad Wifi con Flipper Zero\"><\/a>\n\t<\/div>\n<\/div>\n<\/div>\n<\/li>\n\t\t\t\n\t\t\t\n\t\t\t\t\t\t\t\t<\/ul>\n\t<\/div>\n\t<div class=\"fusion-post-content-wrapper\" style=\"padding:30px 25px 20px 25px; display:none;\"><div class=\"fusion-post-content post-content\"><\/div><\/div><div class=\"fusion-clearfix\"><\/div><\/div>\n<\/article>\n<div class=\"fusion-clearfix\"><\/div><\/div><div class=\"pagination clearfix\"><span class=\"current\">1<\/span><a href=\"https:\/\/intelsynet.com\/es\/wp-json\/wp\/v2\/pages\/1464\/page\/2\/\" class=\"inactive\">2<\/a><a class=\"pagination-next\" rel=\"next\" href=\"https:\/\/intelsynet.com\/es\/wp-json\/wp\/v2\/pages\/1464\/page\/2\/\"><span class=\"page-text\">Siguiente<\/span><span class=\"page-next\"><\/span><\/a><\/div><div class=\"fusion-clearfix\"><\/div><\/div><div class=\"fusion-clearfix\"><\/div><\/div><\/div><\/div><\/div>\n","protected":false},"excerpt":{"rendered":"","protected":false},"author":1,"featured_media":0,"parent":0,"menu_order":0,"comment_status":"closed","ping_status":"closed","template":"","meta":{"footnotes":""},"class_list":["post-1464","page","type-page","status-publish","hentry"],"yoast_head":"<!-- This site is optimized with the Yoast SEO plugin v27.5 - https:\/\/yoast.com\/product\/yoast-seo-wordpress\/ -->\n<title>Blog y \u00faltimas noticias - Intelsynet<\/title>\n<meta name=\"description\" content=\"Conoce las \u00faltimas noticias del sector empresarial, gesti\u00f3n de riesgos, soluciones corporativas y l\u00f3gica econ\u00f3mica en nuestro blog.\" \/>\n<meta name=\"robots\" content=\"index, follow, max-snippet:-1, max-image-preview:large, max-video-preview:-1\" \/>\n<link rel=\"canonical\" href=\"https:\/\/intelsynet.com\/nuestros-articulos\/\" \/>\n<meta property=\"og:locale\" content=\"es_ES\" \/>\n<meta property=\"og:type\" content=\"article\" \/>\n<meta property=\"og:title\" content=\"Blog y \u00faltimas noticias - Intelsynet\" \/>\n<meta property=\"og:description\" content=\"Conoce las \u00faltimas noticias del sector empresarial, gesti\u00f3n de riesgos, soluciones corporativas y l\u00f3gica econ\u00f3mica en nuestro blog.\" \/>\n<meta property=\"og:url\" content=\"https:\/\/intelsynet.com\/nuestros-articulos\/\" \/>\n<meta property=\"og:site_name\" content=\"Intelsynet\" \/>\n<meta property=\"article:modified_time\" content=\"2022-09-01T15:05:02+00:00\" \/>\n<meta name=\"twitter:card\" content=\"summary_large_image\" \/>\n<meta name=\"twitter:label1\" content=\"Tiempo de lectura\" \/>\n\t<meta name=\"twitter:data1\" content=\"1 minuto\" \/>\n<script type=\"application\/ld+json\" class=\"yoast-schema-graph\">{\"@context\":\"https:\\\/\\\/schema.org\",\"@graph\":[{\"@type\":\"WebPage\",\"@id\":\"https:\\\/\\\/intelsynet.com\\\/nuestros-articulos\\\/\",\"url\":\"https:\\\/\\\/intelsynet.com\\\/nuestros-articulos\\\/\",\"name\":\"Blog y \u00faltimas noticias - Intelsynet\",\"isPartOf\":{\"@id\":\"https:\\\/\\\/intelsynet.com\\\/es\\\/#website\"},\"datePublished\":\"2020-01-14T17:37:51+00:00\",\"dateModified\":\"2022-09-01T15:05:02+00:00\",\"description\":\"Conoce las \u00faltimas noticias del sector empresarial, gesti\u00f3n de riesgos, soluciones corporativas y l\u00f3gica econ\u00f3mica en nuestro blog.\",\"breadcrumb\":{\"@id\":\"https:\\\/\\\/intelsynet.com\\\/nuestros-articulos\\\/#breadcrumb\"},\"inLanguage\":\"es\",\"potentialAction\":[{\"@type\":\"ReadAction\",\"target\":[\"https:\\\/\\\/intelsynet.com\\\/nuestros-articulos\\\/\"]}]},{\"@type\":\"BreadcrumbList\",\"@id\":\"https:\\\/\\\/intelsynet.com\\\/nuestros-articulos\\\/#breadcrumb\",\"itemListElement\":[{\"@type\":\"ListItem\",\"position\":1,\"name\":\"Portada\",\"item\":\"https:\\\/\\\/intelsynet.com\\\/\"},{\"@type\":\"ListItem\",\"position\":2,\"name\":\"Nuestros art\u00edculos\"}]},{\"@type\":\"WebSite\",\"@id\":\"https:\\\/\\\/intelsynet.com\\\/es\\\/#website\",\"url\":\"https:\\\/\\\/intelsynet.com\\\/es\\\/\",\"name\":\"Intelsynet\",\"description\":\"Advisory Services\",\"potentialAction\":[{\"@type\":\"SearchAction\",\"target\":{\"@type\":\"EntryPoint\",\"urlTemplate\":\"https:\\\/\\\/intelsynet.com\\\/es\\\/?s={search_term_string}\"},\"query-input\":{\"@type\":\"PropertyValueSpecification\",\"valueRequired\":true,\"valueName\":\"search_term_string\"}}],\"inLanguage\":\"es\"}]}<\/script>\n<!-- \/ Yoast SEO plugin. -->","yoast_head_json":{"title":"Blog y \u00faltimas noticias - Intelsynet","description":"Conoce las \u00faltimas noticias del sector empresarial, gesti\u00f3n de riesgos, soluciones corporativas y l\u00f3gica econ\u00f3mica en nuestro blog.","robots":{"index":"index","follow":"follow","max-snippet":"max-snippet:-1","max-image-preview":"max-image-preview:large","max-video-preview":"max-video-preview:-1"},"canonical":"https:\/\/intelsynet.com\/nuestros-articulos\/","og_locale":"es_ES","og_type":"article","og_title":"Blog y \u00faltimas noticias - Intelsynet","og_description":"Conoce las \u00faltimas noticias del sector empresarial, gesti\u00f3n de riesgos, soluciones corporativas y l\u00f3gica econ\u00f3mica en nuestro blog.","og_url":"https:\/\/intelsynet.com\/nuestros-articulos\/","og_site_name":"Intelsynet","article_modified_time":"2022-09-01T15:05:02+00:00","twitter_card":"summary_large_image","twitter_misc":{"Tiempo de lectura":"1 minuto"},"schema":{"@context":"https:\/\/schema.org","@graph":[{"@type":"WebPage","@id":"https:\/\/intelsynet.com\/nuestros-articulos\/","url":"https:\/\/intelsynet.com\/nuestros-articulos\/","name":"Blog y \u00faltimas noticias - Intelsynet","isPartOf":{"@id":"https:\/\/intelsynet.com\/es\/#website"},"datePublished":"2020-01-14T17:37:51+00:00","dateModified":"2022-09-01T15:05:02+00:00","description":"Conoce las \u00faltimas noticias del sector empresarial, gesti\u00f3n de riesgos, soluciones corporativas y l\u00f3gica econ\u00f3mica en nuestro blog.","breadcrumb":{"@id":"https:\/\/intelsynet.com\/nuestros-articulos\/#breadcrumb"},"inLanguage":"es","potentialAction":[{"@type":"ReadAction","target":["https:\/\/intelsynet.com\/nuestros-articulos\/"]}]},{"@type":"BreadcrumbList","@id":"https:\/\/intelsynet.com\/nuestros-articulos\/#breadcrumb","itemListElement":[{"@type":"ListItem","position":1,"name":"Portada","item":"https:\/\/intelsynet.com\/"},{"@type":"ListItem","position":2,"name":"Nuestros art\u00edculos"}]},{"@type":"WebSite","@id":"https:\/\/intelsynet.com\/es\/#website","url":"https:\/\/intelsynet.com\/es\/","name":"Intelsynet","description":"Advisory Services","potentialAction":[{"@type":"SearchAction","target":{"@type":"EntryPoint","urlTemplate":"https:\/\/intelsynet.com\/es\/?s={search_term_string}"},"query-input":{"@type":"PropertyValueSpecification","valueRequired":true,"valueName":"search_term_string"}}],"inLanguage":"es"}]}},"_links":{"self":[{"href":"https:\/\/intelsynet.com\/es\/wp-json\/wp\/v2\/pages\/1464","targetHints":{"allow":["GET"]}}],"collection":[{"href":"https:\/\/intelsynet.com\/es\/wp-json\/wp\/v2\/pages"}],"about":[{"href":"https:\/\/intelsynet.com\/es\/wp-json\/wp\/v2\/types\/page"}],"author":[{"embeddable":true,"href":"https:\/\/intelsynet.com\/es\/wp-json\/wp\/v2\/users\/1"}],"replies":[{"embeddable":true,"href":"https:\/\/intelsynet.com\/es\/wp-json\/wp\/v2\/comments?post=1464"}],"version-history":[{"count":13,"href":"https:\/\/intelsynet.com\/es\/wp-json\/wp\/v2\/pages\/1464\/revisions"}],"predecessor-version":[{"id":2321,"href":"https:\/\/intelsynet.com\/es\/wp-json\/wp\/v2\/pages\/1464\/revisions\/2321"}],"wp:attachment":[{"href":"https:\/\/intelsynet.com\/es\/wp-json\/wp\/v2\/media?parent=1464"}],"curies":[{"name":"wp","href":"https:\/\/api.w.org\/{rel}","templated":true}]}}