{"id":1463,"date":"2020-01-14T17:37:56","date_gmt":"2020-01-14T17:37:56","guid":{"rendered":"http:\/\/intelsynet.com\/?page_id=1463"},"modified":"2022-09-01T14:40:25","modified_gmt":"2022-09-01T14:40:25","slug":"intelsynet-en-los-medios","status":"publish","type":"page","link":"https:\/\/intelsynet.com\/es\/intelsynet-en-los-medios\/","title":{"rendered":"Intelsynet en los medios"},"content":{"rendered":"<div class=\"fusion-fullwidth fullwidth-box fusion-builder-row-1 nonhundred-percent-fullwidth non-hundred-percent-height-scrolling\" style=\"background-color: rgba(255,255,255,0);background-position: center center;background-repeat: no-repeat;padding-top:20px;padding-right:0px;padding-bottom:20px;padding-left:0px;margin-bottom: 0px;margin-top: 0px;border-width: 0px 0px 0px 0px;border-color:rgba(97,158,133,0);border-style:solid;\" ><div class=\"fusion-builder-row fusion-row\"><div class=\"fusion-layout-column fusion_builder_column fusion-builder-column-0 fusion_builder_column_1_1 1_1 fusion-one-full fusion-column-first fusion-column-last\" style=\"margin-top:0px;margin-bottom:20px;\"><div class=\"fusion-column-wrapper fusion-flex-column-wrapper-legacy\" style=\"background-position:left top;background-repeat:no-repeat;-webkit-background-size:cover;-moz-background-size:cover;-o-background-size:cover;background-size:cover;padding: 0px 0px 0px 0px;\"><div class=\"fusion-blog-shortcode fusion-blog-shortcode-1 fusion-blog-archive fusion-blog-layout-grid-wrapper fusion-blog-no\"><style type=\"text\/css\">.fusion-blog-shortcode-1 .fusion-blog-layout-grid .fusion-post-grid{padding:20px;}.fusion-blog-shortcode-1 .fusion-posts-container{margin-left: -20px !important; margin-right:-20px !important;}<\/style><div class=\"fusion-posts-container fusion-posts-container-no fusion-no-meta-info fusion-blog-rollover fusion-blog-layout-grid fusion-blog-layout-grid-3 isotope fusion-blog-equal-heights\" data-pages=\"0\" data-grid-col-space=\"40\" style=\"margin: -20px -20px 0;min-height:500px;\"><article id=\"blog-1-post-3296\" class=\"fusion-post-grid post-3296 post type-post status-publish format-standard has-post-thumbnail hentry category-nuestros-articulos category-sostenibilidad tag-emobility tag-energias-renovables tag-energy tag-estrategia tag-logicaeconomica tag-negocios tag-sostenibilidad tag-sostenibilidadambiental\">\n<div class=\"fusion-post-wrapper\" style=\"background-color:rgba(255,255,255,0);border:1px solid #e8e8e8;border-bottom-width:3px;\">\n\n\t\t\t<div class=\"fusion-flexslider flexslider fusion-flexslider-loading fusion-post-slideshow\" style=\"border-color:#e8e8e8;\">\n\t\t<ul class=\"slides\">\n\t\t\t\n\t\t\t\t\t\t\t\t\t\t\t\t\t\t<li><div  class=\"fusion-image-wrapper\" aria-haspopup=\"true\">\n\t\t\t\t<img decoding=\"async\" width=\"2560\" height=\"1440\" data-src=\"https:\/\/intelsynet.com\/wp-content\/uploads\/2024\/07\/net-zero-and-carbon-neutral-concept-net-zero-emiss-2023-11-27-04-56-34-utc-scaled.jpg\" class=\"attachment-full size-full wp-post-image lazyload\" alt=\"La descarbonizaci\u00f3n:\" data-srcset=\"https:\/\/intelsynet.com\/wp-content\/uploads\/2024\/07\/net-zero-and-carbon-neutral-concept-net-zero-emiss-2023-11-27-04-56-34-utc-200x113.jpg 200w, https:\/\/intelsynet.com\/wp-content\/uploads\/2024\/07\/net-zero-and-carbon-neutral-concept-net-zero-emiss-2023-11-27-04-56-34-utc-400x225.jpg 400w, https:\/\/intelsynet.com\/wp-content\/uploads\/2024\/07\/net-zero-and-carbon-neutral-concept-net-zero-emiss-2023-11-27-04-56-34-utc-600x338.jpg 600w, https:\/\/intelsynet.com\/wp-content\/uploads\/2024\/07\/net-zero-and-carbon-neutral-concept-net-zero-emiss-2023-11-27-04-56-34-utc-800x450.jpg 800w, https:\/\/intelsynet.com\/wp-content\/uploads\/2024\/07\/net-zero-and-carbon-neutral-concept-net-zero-emiss-2023-11-27-04-56-34-utc-1200x675.jpg 1200w, https:\/\/intelsynet.com\/wp-content\/uploads\/2024\/07\/net-zero-and-carbon-neutral-concept-net-zero-emiss-2023-11-27-04-56-34-utc-scaled.jpg 2560w\" data-sizes=\"(min-width: 2200px) 100vw, (min-width: 784px) 363px, (min-width: 712px) 545px, (min-width: 640px) 712px,\" src=\"data:image\/svg+xml;base64,PHN2ZyB3aWR0aD0iMSIgaGVpZ2h0PSIxIiB4bWxucz0iaHR0cDovL3d3dy53My5vcmcvMjAwMC9zdmciPjwvc3ZnPg==\" style=\"--smush-placeholder-width: 2560px; --smush-placeholder-aspect-ratio: 2560\/1440;\" \/><div class=\"fusion-rollover\">\n\t<div class=\"fusion-rollover-content\">\n\n\t\t\t\t\n\t\t\n\t\t\t\t\t\t\t\t\t\t\t\t<h4 class=\"fusion-rollover-title\">\n\t\t\t\t\t<a class=\"fusion-rollover-title-link\" href=\"https:\/\/intelsynet.com\/es\/responsabilidad-compartida-o-esfuerzo-personal-la-descarbonizacion\/\">\n\t\t\t\t\t\tResponsabilidad compartida o esfuerzo personal: La descarbonizaci\u00f3n\t\t\t\t\t<\/a>\n\t\t\t\t<\/h4>\n\t\t\t\n\t\t\t\t\t\t\t\t\n\t\t\n\t\t\t\t\t\t<a class=\"fusion-link-wrapper\" href=\"https:\/\/intelsynet.com\/es\/responsabilidad-compartida-o-esfuerzo-personal-la-descarbonizacion\/\" aria-label=\"Responsabilidad compartida o esfuerzo personal: La descarbonizaci\u00f3n\"><\/a>\n\t<\/div>\n<\/div>\n<\/div>\n<\/li>\n\t\t\t\n\t\t\t\n\t\t\t\t\t\t\t\t<\/ul>\n\t<\/div>\n\t<div class=\"fusion-post-content-wrapper\" style=\"padding:30px 25px 20px 25px;\"><div class=\"fusion-post-content post-content\"><h2 class=\"blog-shortcode-post-title entry-title\"><a href=\"https:\/\/intelsynet.com\/es\/responsabilidad-compartida-o-esfuerzo-personal-la-descarbonizacion\/\">Responsabilidad compartida o esfuerzo personal: La descarbonizaci\u00f3n<\/a><\/h2><\/div><\/div><div class=\"fusion-clearfix\"><\/div><\/div>\n<\/article>\n<article id=\"blog-1-post-3290\" class=\"fusion-post-grid post-3290 post type-post status-publish format-standard has-post-thumbnail hentry category-nuestros-articulos category-gestion-de-riesgos tag-emobility tag-energias-renovables tag-energy tag-estrategia tag-logicaeconomica tag-negocios tag-sostenibilidad tag-sostenibilidadambiental\">\n<div class=\"fusion-post-wrapper\" style=\"background-color:rgba(255,255,255,0);border:1px solid #e8e8e8;border-bottom-width:3px;\">\n\n\t\t\t<div class=\"fusion-flexslider flexslider fusion-flexslider-loading fusion-post-slideshow\" style=\"border-color:#e8e8e8;\">\n\t\t<ul class=\"slides\">\n\t\t\t\n\t\t\t\t\t\t\t\t\t\t\t\t\t\t<li><div  class=\"fusion-image-wrapper\" aria-haspopup=\"true\">\n\t\t\t\t<img decoding=\"async\" width=\"1024\" height=\"576\" data-src=\"https:\/\/intelsynet.com\/wp-content\/uploads\/2024\/06\/ADB-1024x576-1.jpg\" class=\"attachment-full size-full wp-post-image lazyload\" alt=\"El BAD apoya el primer pr\u00e9stamo corporativo ecol\u00f3gico de Alternergy por valor de 1 millones de d\u00f3lares\" data-srcset=\"https:\/\/intelsynet.com\/wp-content\/uploads\/2024\/06\/ADB-1024x576-1-200x113.jpg 200w, https:\/\/intelsynet.com\/wp-content\/uploads\/2024\/06\/ADB-1024x576-1-400x225.jpg 400w, https:\/\/intelsynet.com\/wp-content\/uploads\/2024\/06\/ADB-1024x576-1-600x338.jpg 600w, https:\/\/intelsynet.com\/wp-content\/uploads\/2024\/06\/ADB-1024x576-1-800x450.jpg 800w, https:\/\/intelsynet.com\/wp-content\/uploads\/2024\/06\/ADB-1024x576-1.jpg 1024w\" data-sizes=\"(min-width: 2200px) 100vw, (min-width: 784px) 363px, (min-width: 712px) 545px, (min-width: 640px) 712px,\" src=\"data:image\/svg+xml;base64,PHN2ZyB3aWR0aD0iMSIgaGVpZ2h0PSIxIiB4bWxucz0iaHR0cDovL3d3dy53My5vcmcvMjAwMC9zdmciPjwvc3ZnPg==\" style=\"--smush-placeholder-width: 1024px; --smush-placeholder-aspect-ratio: 1024\/576;\" \/><div class=\"fusion-rollover\">\n\t<div class=\"fusion-rollover-content\">\n\n\t\t\t\t\n\t\t\n\t\t\t\t\t\t\t\t\t\t\t\t<h4 class=\"fusion-rollover-title\">\n\t\t\t\t\t<a class=\"fusion-rollover-title-link\" href=\"https:\/\/intelsynet.com\/es\/el-banco-asiatico-de-desarrollo-respalda-el-primer-prestamo-corporativo-verde-de-alternergy-por-1-millon-de-dolares\/\">\n\t\t\t\t\t\tEl Banco Asi\u00e1tico de Desarrollo respalda el primer pr\u00e9stamo corporativo verde de Alternergy por 1 mill\u00f3n de d\u00f3lares\t\t\t\t\t<\/a>\n\t\t\t\t<\/h4>\n\t\t\t\n\t\t\t\t\t\t\t\t\n\t\t\n\t\t\t\t\t\t<a class=\"fusion-link-wrapper\" href=\"https:\/\/intelsynet.com\/es\/el-banco-asiatico-de-desarrollo-respalda-el-primer-prestamo-corporativo-verde-de-alternergy-por-1-millon-de-dolares\/\" aria-label=\"El Banco Asi\u00e1tico de Desarrollo respalda el primer pr\u00e9stamo corporativo verde de Alternergy por 1 mill\u00f3n de d\u00f3lares\"><\/a>\n\t<\/div>\n<\/div>\n<\/div>\n<\/li>\n\t\t\t\n\t\t\t\n\t\t\t\t\t\t\t\t<\/ul>\n\t<\/div>\n\t<div class=\"fusion-post-content-wrapper\" style=\"padding:30px 25px 20px 25px;\"><div class=\"fusion-post-content post-content\"><h2 class=\"blog-shortcode-post-title entry-title\"><a href=\"https:\/\/intelsynet.com\/es\/el-banco-asiatico-de-desarrollo-respalda-el-primer-prestamo-corporativo-verde-de-alternergy-por-1-millon-de-dolares\/\">El Banco Asi\u00e1tico de Desarrollo respalda el primer pr\u00e9stamo corporativo verde de Alternergy por 1 mill\u00f3n de d\u00f3lares<\/a><\/h2><\/div><\/div><div class=\"fusion-clearfix\"><\/div><\/div>\n<\/article>\n<article id=\"blog-1-post-3286\" class=\"fusion-post-grid post-3286 post type-post status-publish format-standard has-post-thumbnail hentry category-nuestros-articulos category-geopolitica tag-emobility tag-energias-renovables tag-energy tag-estrategia tag-logicaeconomica tag-negocios tag-sostenibilidad tag-sostenibilidadambiental\">\n<div class=\"fusion-post-wrapper\" style=\"background-color:rgba(255,255,255,0);border:1px solid #e8e8e8;border-bottom-width:3px;\">\n\n\t\t\t<div class=\"fusion-flexslider flexslider fusion-flexslider-loading fusion-post-slideshow\" style=\"border-color:#e8e8e8;\">\n\t\t<ul class=\"slides\">\n\t\t\t\n\t\t\t\t\t\t\t\t\t\t\t\t\t\t<li><div  class=\"fusion-image-wrapper\" aria-haspopup=\"true\">\n\t\t\t\t<img decoding=\"async\" width=\"2560\" height=\"1705\" data-src=\"https:\/\/intelsynet.com\/wp-content\/uploads\/2024\/05\/offshore-windmill-farm-windmills-isolated-at-sea-2023-11-27-05-10-25-utc-scaled.jpg\" class=\"attachment-full size-full wp-post-image lazyload\" alt=\"\" data-srcset=\"https:\/\/intelsynet.com\/wp-content\/uploads\/2024\/05\/offshore-windmill-farm-windmills-isolated-at-sea-2023-11-27-05-10-25-utc-200x133.jpg 200w, https:\/\/intelsynet.com\/wp-content\/uploads\/2024\/05\/offshore-windmill-farm-windmills-isolated-at-sea-2023-11-27-05-10-25-utc-400x266.jpg 400w, https:\/\/intelsynet.com\/wp-content\/uploads\/2024\/05\/offshore-windmill-farm-windmills-isolated-at-sea-2023-11-27-05-10-25-utc-600x400.jpg 600w, https:\/\/intelsynet.com\/wp-content\/uploads\/2024\/05\/offshore-windmill-farm-windmills-isolated-at-sea-2023-11-27-05-10-25-utc-800x533.jpg 800w, https:\/\/intelsynet.com\/wp-content\/uploads\/2024\/05\/offshore-windmill-farm-windmills-isolated-at-sea-2023-11-27-05-10-25-utc-1200x799.jpg 1200w, https:\/\/intelsynet.com\/wp-content\/uploads\/2024\/05\/offshore-windmill-farm-windmills-isolated-at-sea-2023-11-27-05-10-25-utc-scaled.jpg 2560w\" data-sizes=\"(min-width: 2200px) 100vw, (min-width: 784px) 363px, (min-width: 712px) 545px, (min-width: 640px) 712px,\" src=\"data:image\/svg+xml;base64,PHN2ZyB3aWR0aD0iMSIgaGVpZ2h0PSIxIiB4bWxucz0iaHR0cDovL3d3dy53My5vcmcvMjAwMC9zdmciPjwvc3ZnPg==\" style=\"--smush-placeholder-width: 2560px; --smush-placeholder-aspect-ratio: 2560\/1705;\" \/><div class=\"fusion-rollover\">\n\t<div class=\"fusion-rollover-content\">\n\n\t\t\t\t\n\t\t\n\t\t\t\t\t\t\t\t\t\t\t\t<h4 class=\"fusion-rollover-title\">\n\t\t\t\t\t<a class=\"fusion-rollover-title-link\" href=\"https:\/\/intelsynet.com\/es\/iberdrola-y-repsol-compiten-por-la-energia-eolica-marina-en-el-golfo-de-maine\/\">\n\t\t\t\t\t\tIberdrola y Repsol compiten por la energ\u00eda e\u00f3lica marina en el Golfo de Maine\t\t\t\t\t<\/a>\n\t\t\t\t<\/h4>\n\t\t\t\n\t\t\t\t\t\t\t\t\n\t\t\n\t\t\t\t\t\t<a class=\"fusion-link-wrapper\" href=\"https:\/\/intelsynet.com\/es\/iberdrola-y-repsol-compiten-por-la-energia-eolica-marina-en-el-golfo-de-maine\/\" aria-label=\"Iberdrola y Repsol compiten por la energ\u00eda e\u00f3lica marina en el Golfo de Maine\"><\/a>\n\t<\/div>\n<\/div>\n<\/div>\n<\/li>\n\t\t\t\n\t\t\t\n\t\t\t\t\t\t\t\t<\/ul>\n\t<\/div>\n\t<div class=\"fusion-post-content-wrapper\" style=\"padding:30px 25px 20px 25px;\"><div class=\"fusion-post-content post-content\"><h2 class=\"blog-shortcode-post-title entry-title\"><a href=\"https:\/\/intelsynet.com\/es\/iberdrola-y-repsol-compiten-por-la-energia-eolica-marina-en-el-golfo-de-maine\/\">Iberdrola y Repsol compiten por la energ\u00eda e\u00f3lica marina en el Golfo de Maine<\/a><\/h2><\/div><\/div><div class=\"fusion-clearfix\"><\/div><\/div>\n<\/article>\n<article id=\"blog-1-post-3269\" class=\"fusion-post-grid post-3269 post type-post status-publish format-standard has-post-thumbnail hentry category-nuestros-articulos category-geopolitica category-sostenibilidad tag-emobility tag-energias-renovables tag-energy tag-estrategia tag-logicaeconomica tag-negocios tag-sostenibilidad tag-sostenibilidadambiental\">\n<div class=\"fusion-post-wrapper\" style=\"background-color:rgba(255,255,255,0);border:1px solid #e8e8e8;border-bottom-width:3px;\">\n\n\t\t\t<div class=\"fusion-flexslider flexslider fusion-flexslider-loading fusion-post-slideshow\" style=\"border-color:#e8e8e8;\">\n\t\t<ul class=\"slides\">\n\t\t\t\n\t\t\t\t\t\t\t\t\t\t\t\t\t\t<li><div  class=\"fusion-image-wrapper\" aria-haspopup=\"true\">\n\t\t\t\t<img decoding=\"async\" width=\"1200\" height=\"655\" data-src=\"https:\/\/intelsynet.com\/wp-content\/uploads\/2024\/04\/Parlamento-Europeo.jpg\" class=\"attachment-full size-full wp-post-image lazyload\" alt=\"\" data-srcset=\"https:\/\/intelsynet.com\/wp-content\/uploads\/2024\/04\/Parlamento-Europeo-200x109.jpg 200w, https:\/\/intelsynet.com\/wp-content\/uploads\/2024\/04\/Parlamento-Europeo-400x218.jpg 400w, https:\/\/intelsynet.com\/wp-content\/uploads\/2024\/04\/Parlamento-Europeo-600x328.jpg 600w, https:\/\/intelsynet.com\/wp-content\/uploads\/2024\/04\/Parlamento-Europeo-800x437.jpg 800w, https:\/\/intelsynet.com\/wp-content\/uploads\/2024\/04\/Parlamento-Europeo.jpg 1200w\" data-sizes=\"(min-width: 2200px) 100vw, (min-width: 784px) 363px, (min-width: 712px) 545px, (min-width: 640px) 712px,\" src=\"data:image\/svg+xml;base64,PHN2ZyB3aWR0aD0iMSIgaGVpZ2h0PSIxIiB4bWxucz0iaHR0cDovL3d3dy53My5vcmcvMjAwMC9zdmciPjwvc3ZnPg==\" style=\"--smush-placeholder-width: 1200px; --smush-placeholder-aspect-ratio: 1200\/655;\" \/><div class=\"fusion-rollover\">\n\t<div class=\"fusion-rollover-content\">\n\n\t\t\t\t\n\t\t\n\t\t\t\t\t\t\t\t\t\t\t\t<h4 class=\"fusion-rollover-title\">\n\t\t\t\t\t<a class=\"fusion-rollover-title-link\" href=\"https:\/\/intelsynet.com\/es\/directiva-aprobada-multas-para-empresas-que-danen-derechos-humanos-y-medio-ambiente\/\">\n\t\t\t\t\t\tDirectiva aprobada: Multas para empresas que da\u00f1en derechos humanos y medio ambiente\t\t\t\t\t<\/a>\n\t\t\t\t<\/h4>\n\t\t\t\n\t\t\t\t\t\t\t\t\n\t\t\n\t\t\t\t\t\t<a class=\"fusion-link-wrapper\" href=\"https:\/\/intelsynet.com\/es\/directiva-aprobada-multas-para-empresas-que-danen-derechos-humanos-y-medio-ambiente\/\" aria-label=\"Directiva aprobada: Multas para empresas que da\u00f1en derechos humanos y medio ambiente\"><\/a>\n\t<\/div>\n<\/div>\n<\/div>\n<\/li>\n\t\t\t\n\t\t\t\n\t\t\t\t\t\t\t\t<\/ul>\n\t<\/div>\n\t<div class=\"fusion-post-content-wrapper\" style=\"padding:30px 25px 20px 25px;\"><div class=\"fusion-post-content post-content\"><h2 class=\"blog-shortcode-post-title entry-title\"><a href=\"https:\/\/intelsynet.com\/es\/directiva-aprobada-multas-para-empresas-que-danen-derechos-humanos-y-medio-ambiente\/\">Directiva aprobada: Multas para empresas que da\u00f1en derechos humanos y medio ambiente<\/a><\/h2><\/div><\/div><div class=\"fusion-clearfix\"><\/div><\/div>\n<\/article>\n<article id=\"blog-1-post-3283\" class=\"fusion-post-grid post-3283 post type-post status-publish format-standard has-post-thumbnail hentry category-nuestros-articulos category-sostenibilidad tag-emobility tag-energias-renovables tag-energy tag-estrategia tag-logicaeconomica tag-negocios tag-sostenibilidad tag-sostenibilidadambiental\">\n<div class=\"fusion-post-wrapper\" style=\"background-color:rgba(255,255,255,0);border:1px solid #e8e8e8;border-bottom-width:3px;\">\n\n\t\t\t<div class=\"fusion-flexslider flexslider fusion-flexslider-loading fusion-post-slideshow\" style=\"border-color:#e8e8e8;\">\n\t\t<ul class=\"slides\">\n\t\t\t\n\t\t\t\t\t\t\t\t\t\t\t\t\t\t<li><div  class=\"fusion-image-wrapper\" aria-haspopup=\"true\">\n\t\t\t\t<img decoding=\"async\" width=\"1479\" height=\"987\" data-src=\"https:\/\/intelsynet.com\/wp-content\/uploads\/2024\/05\/17110492970391.jpg\" class=\"attachment-full size-full wp-post-image lazyload\" alt=\"\" data-srcset=\"https:\/\/intelsynet.com\/wp-content\/uploads\/2024\/05\/17110492970391-200x133.jpg 200w, https:\/\/intelsynet.com\/wp-content\/uploads\/2024\/05\/17110492970391-400x267.jpg 400w, https:\/\/intelsynet.com\/wp-content\/uploads\/2024\/05\/17110492970391-600x400.jpg 600w, https:\/\/intelsynet.com\/wp-content\/uploads\/2024\/05\/17110492970391-800x534.jpg 800w, https:\/\/intelsynet.com\/wp-content\/uploads\/2024\/05\/17110492970391-1200x801.jpg 1200w, https:\/\/intelsynet.com\/wp-content\/uploads\/2024\/05\/17110492970391.jpg 1479w\" data-sizes=\"(min-width: 2200px) 100vw, (min-width: 784px) 363px, (min-width: 712px) 545px, (min-width: 640px) 712px,\" src=\"data:image\/svg+xml;base64,PHN2ZyB3aWR0aD0iMSIgaGVpZ2h0PSIxIiB4bWxucz0iaHR0cDovL3d3dy53My5vcmcvMjAwMC9zdmciPjwvc3ZnPg==\" style=\"--smush-placeholder-width: 1479px; --smush-placeholder-aspect-ratio: 1479\/987;\" \/><div class=\"fusion-rollover\">\n\t<div class=\"fusion-rollover-content\">\n\n\t\t\t\t\n\t\t\n\t\t\t\t\t\t\t\t\t\t\t\t<h4 class=\"fusion-rollover-title\">\n\t\t\t\t\t<a class=\"fusion-rollover-title-link\" href=\"https:\/\/intelsynet.com\/es\/empresas-destacan-por-su-compromiso-con-la-sostenibilidad\/\">\n\t\t\t\t\t\tEmpresas destacan por su compromiso con la sostenibilidad\t\t\t\t\t<\/a>\n\t\t\t\t<\/h4>\n\t\t\t\n\t\t\t\t\t\t\t\t\n\t\t\n\t\t\t\t\t\t<a class=\"fusion-link-wrapper\" href=\"https:\/\/intelsynet.com\/es\/empresas-destacan-por-su-compromiso-con-la-sostenibilidad\/\" aria-label=\"Empresas destacan por su compromiso con la sostenibilidad\"><\/a>\n\t<\/div>\n<\/div>\n<\/div>\n<\/li>\n\t\t\t\n\t\t\t\n\t\t\t\t\t\t\t\t<\/ul>\n\t<\/div>\n\t<div class=\"fusion-post-content-wrapper\" style=\"padding:30px 25px 20px 25px;\"><div class=\"fusion-post-content post-content\"><h2 class=\"blog-shortcode-post-title entry-title\"><a href=\"https:\/\/intelsynet.com\/es\/empresas-destacan-por-su-compromiso-con-la-sostenibilidad\/\">Empresas destacan por su compromiso con la sostenibilidad<\/a><\/h2><\/div><\/div><div class=\"fusion-clearfix\"><\/div><\/div>\n<\/article>\n<article id=\"blog-1-post-3277\" class=\"fusion-post-grid post-3277 post type-post status-publish format-standard has-post-thumbnail hentry category-nuestros-articulos category-geopolitica tag-emobility tag-energy tag-estrategia tag-finanzas tag-logicaeconomica tag-negocios\">\n<div class=\"fusion-post-wrapper\" style=\"background-color:rgba(255,255,255,0);border:1px solid #e8e8e8;border-bottom-width:3px;\">\n\n\t\t\t<div class=\"fusion-flexslider flexslider fusion-flexslider-loading fusion-post-slideshow\" style=\"border-color:#e8e8e8;\">\n\t\t<ul class=\"slides\">\n\t\t\t\n\t\t\t\t\t\t\t\t\t\t\t\t\t\t<li><div  class=\"fusion-image-wrapper\" aria-haspopup=\"true\">\n\t\t\t\t<img decoding=\"async\" width=\"980\" height=\"551\" data-src=\"https:\/\/intelsynet.com\/wp-content\/uploads\/2024\/04\/AP24051576994737.webp\" class=\"attachment-full size-full wp-post-image lazyload\" alt=\"\" data-srcset=\"https:\/\/intelsynet.com\/wp-content\/uploads\/2024\/04\/AP24051576994737-200x112.webp 200w, https:\/\/intelsynet.com\/wp-content\/uploads\/2024\/04\/AP24051576994737-300x169.webp 300w, https:\/\/intelsynet.com\/wp-content\/uploads\/2024\/04\/AP24051576994737-400x225.webp 400w, https:\/\/intelsynet.com\/wp-content\/uploads\/2024\/04\/AP24051576994737-600x337.webp 600w, https:\/\/intelsynet.com\/wp-content\/uploads\/2024\/04\/AP24051576994737-768x432.webp 768w, https:\/\/intelsynet.com\/wp-content\/uploads\/2024\/04\/AP24051576994737-800x450.webp 800w, https:\/\/intelsynet.com\/wp-content\/uploads\/2024\/04\/AP24051576994737.webp 980w\" data-sizes=\"(min-width: 2200px) 100vw, (min-width: 784px) 363px, (min-width: 712px) 545px, (min-width: 640px) 712px,\" src=\"data:image\/svg+xml;base64,PHN2ZyB3aWR0aD0iMSIgaGVpZ2h0PSIxIiB4bWxucz0iaHR0cDovL3d3dy53My5vcmcvMjAwMC9zdmciPjwvc3ZnPg==\" style=\"--smush-placeholder-width: 980px; --smush-placeholder-aspect-ratio: 980\/551;\" \/><div class=\"fusion-rollover\">\n\t<div class=\"fusion-rollover-content\">\n\n\t\t\t\t\n\t\t\n\t\t\t\t\t\t\t\t\t\t\t\t<h4 class=\"fusion-rollover-title\">\n\t\t\t\t\t<a class=\"fusion-rollover-title-link\" href=\"https:\/\/intelsynet.com\/es\/agricultores-polacos-intensifican-sus-protestas-y-bloquean-pasos-fronterizos-con-ucrania\/\">\n\t\t\t\t\t\tAgricultores polacos intensifican sus protestas y bloquean pasos fronterizos con Ucrania\t\t\t\t\t<\/a>\n\t\t\t\t<\/h4>\n\t\t\t\n\t\t\t\t\t\t\t\t\n\t\t\n\t\t\t\t\t\t<a class=\"fusion-link-wrapper\" href=\"https:\/\/intelsynet.com\/es\/agricultores-polacos-intensifican-sus-protestas-y-bloquean-pasos-fronterizos-con-ucrania\/\" aria-label=\"Agricultores polacos intensifican sus protestas y bloquean pasos fronterizos con Ucrania\"><\/a>\n\t<\/div>\n<\/div>\n<\/div>\n<\/li>\n\t\t\t\n\t\t\t\n\t\t\t\t\t\t\t\t<\/ul>\n\t<\/div>\n\t<div class=\"fusion-post-content-wrapper\" style=\"padding:30px 25px 20px 25px;\"><div class=\"fusion-post-content post-content\"><h2 class=\"blog-shortcode-post-title entry-title\"><a href=\"https:\/\/intelsynet.com\/es\/agricultores-polacos-intensifican-sus-protestas-y-bloquean-pasos-fronterizos-con-ucrania\/\">Agricultores polacos intensifican sus protestas y bloquean pasos fronterizos con Ucrania<\/a><\/h2><\/div><\/div><div class=\"fusion-clearfix\"><\/div><\/div>\n<\/article>\n<article id=\"blog-1-post-3280\" class=\"fusion-post-grid post-3280 post type-post status-publish format-standard has-post-thumbnail hentry category-nuestros-articulos category-gestion-de-riesgos tag-emobility tag-energias-renovables tag-energy tag-estrategia tag-logicaeconomica tag-negocios tag-sostenibilidad tag-sostenibilidadambiental\">\n<div class=\"fusion-post-wrapper\" style=\"background-color:rgba(255,255,255,0);border:1px solid #e8e8e8;border-bottom-width:3px;\">\n\n\t\t\t<div class=\"fusion-flexslider flexslider fusion-flexslider-loading fusion-post-slideshow\" style=\"border-color:#e8e8e8;\">\n\t\t<ul class=\"slides\">\n\t\t\t\n\t\t\t\t\t\t\t\t\t\t\t\t\t\t<li><div  class=\"fusion-image-wrapper\" aria-haspopup=\"true\">\n\t\t\t\t<img decoding=\"async\" width=\"1022\" height=\"575\" data-src=\"https:\/\/intelsynet.com\/wp-content\/uploads\/2024\/05\/Deloitte-Circle-Economy-Foundation-Release-Circularity-Gap-Report-2024.jpeg\" class=\"attachment-full size-full wp-post-image lazyload\" alt=\"edifico deloitte\" data-srcset=\"https:\/\/intelsynet.com\/wp-content\/uploads\/2024\/05\/Deloitte-Circle-Economy-Foundation-Release-Circularity-Gap-Report-2024-200x113.jpeg 200w, https:\/\/intelsynet.com\/wp-content\/uploads\/2024\/05\/Deloitte-Circle-Economy-Foundation-Release-Circularity-Gap-Report-2024-400x225.jpeg 400w, https:\/\/intelsynet.com\/wp-content\/uploads\/2024\/05\/Deloitte-Circle-Economy-Foundation-Release-Circularity-Gap-Report-2024-600x338.jpeg 600w, https:\/\/intelsynet.com\/wp-content\/uploads\/2024\/05\/Deloitte-Circle-Economy-Foundation-Release-Circularity-Gap-Report-2024-800x450.jpeg 800w, https:\/\/intelsynet.com\/wp-content\/uploads\/2024\/05\/Deloitte-Circle-Economy-Foundation-Release-Circularity-Gap-Report-2024.jpeg 1022w\" data-sizes=\"(min-width: 2200px) 100vw, (min-width: 784px) 363px, (min-width: 712px) 545px, (min-width: 640px) 712px,\" src=\"data:image\/svg+xml;base64,PHN2ZyB3aWR0aD0iMSIgaGVpZ2h0PSIxIiB4bWxucz0iaHR0cDovL3d3dy53My5vcmcvMjAwMC9zdmciPjwvc3ZnPg==\" style=\"--smush-placeholder-width: 1022px; --smush-placeholder-aspect-ratio: 1022\/575;\" \/><div class=\"fusion-rollover\">\n\t<div class=\"fusion-rollover-content\">\n\n\t\t\t\t\n\t\t\n\t\t\t\t\t\t\t\t\t\t\t\t<h4 class=\"fusion-rollover-title\">\n\t\t\t\t\t<a class=\"fusion-rollover-title-link\" href=\"https:\/\/intelsynet.com\/es\/deloitte-y-circle-economy-foundation-predicen-que-la-economia-circular-ayudara-a-reducir-las-emisiones-en-un-40\/\">\n\t\t\t\t\t\tDeloitte y Circle Economy Foundation predicen que la econom\u00eda circular ayudar\u00e1 a reducir las emisiones en un 40%\t\t\t\t\t<\/a>\n\t\t\t\t<\/h4>\n\t\t\t\n\t\t\t\t\t\t\t\t\n\t\t\n\t\t\t\t\t\t<a class=\"fusion-link-wrapper\" href=\"https:\/\/intelsynet.com\/es\/deloitte-y-circle-economy-foundation-predicen-que-la-economia-circular-ayudara-a-reducir-las-emisiones-en-un-40\/\" aria-label=\"Deloitte y Circle Economy Foundation predicen que la econom\u00eda circular ayudar\u00e1 a reducir las emisiones en un 40%\"><\/a>\n\t<\/div>\n<\/div>\n<\/div>\n<\/li>\n\t\t\t\n\t\t\t\n\t\t\t\t\t\t\t\t<\/ul>\n\t<\/div>\n\t<div class=\"fusion-post-content-wrapper\" style=\"padding:30px 25px 20px 25px;\"><div class=\"fusion-post-content post-content\"><h2 class=\"blog-shortcode-post-title entry-title\"><a href=\"https:\/\/intelsynet.com\/es\/deloitte-y-circle-economy-foundation-predicen-que-la-economia-circular-ayudara-a-reducir-las-emisiones-en-un-40\/\">Deloitte y Circle Economy Foundation predicen que la econom\u00eda circular ayudar\u00e1 a reducir las emisiones en un 40%<\/a><\/h2><\/div><\/div><div class=\"fusion-clearfix\"><\/div><\/div>\n<\/article>\n<article id=\"blog-1-post-3273\" class=\"fusion-post-grid post-3273 post type-post status-publish format-standard has-post-thumbnail hentry category-nuestros-articulos category-sostenibilidad tag-emobility tag-energias-renovables tag-energy tag-sostenibilidad tag-sostenibilidadambiental\">\n<div class=\"fusion-post-wrapper\" style=\"background-color:rgba(255,255,255,0);border:1px solid #e8e8e8;border-bottom-width:3px;\">\n\n\t\t\t<div class=\"fusion-flexslider flexslider fusion-flexslider-loading fusion-post-slideshow\" style=\"border-color:#e8e8e8;\">\n\t\t<ul class=\"slides\">\n\t\t\t\n\t\t\t\t\t\t\t\t\t\t\t\t\t\t<li><div  class=\"fusion-image-wrapper\" aria-haspopup=\"true\">\n\t\t\t\t<img decoding=\"async\" width=\"667\" height=\"427\" data-src=\"https:\/\/intelsynet.com\/wp-content\/uploads\/2024\/04\/WP_PORTADA.webp\" class=\"attachment-full size-full wp-post-image lazyload\" alt=\"\" data-srcset=\"https:\/\/intelsynet.com\/wp-content\/uploads\/2024\/04\/WP_PORTADA-200x128.webp 200w, https:\/\/intelsynet.com\/wp-content\/uploads\/2024\/04\/WP_PORTADA-300x192.webp 300w, https:\/\/intelsynet.com\/wp-content\/uploads\/2024\/04\/WP_PORTADA-400x256.webp 400w, https:\/\/intelsynet.com\/wp-content\/uploads\/2024\/04\/WP_PORTADA-460x295.webp 460w, https:\/\/intelsynet.com\/wp-content\/uploads\/2024\/04\/WP_PORTADA-600x384.webp 600w, https:\/\/intelsynet.com\/wp-content\/uploads\/2024\/04\/WP_PORTADA.webp 667w\" data-sizes=\"(min-width: 2200px) 100vw, (min-width: 784px) 363px, (min-width: 712px) 545px, (min-width: 640px) 712px,\" src=\"data:image\/svg+xml;base64,PHN2ZyB3aWR0aD0iMSIgaGVpZ2h0PSIxIiB4bWxucz0iaHR0cDovL3d3dy53My5vcmcvMjAwMC9zdmciPjwvc3ZnPg==\" style=\"--smush-placeholder-width: 667px; --smush-placeholder-aspect-ratio: 667\/427;\" \/><div class=\"fusion-rollover\">\n\t<div class=\"fusion-rollover-content\">\n\n\t\t\t\t\n\t\t\n\t\t\t\t\t\t\t\t\t\t\t\t<h4 class=\"fusion-rollover-title\">\n\t\t\t\t\t<a class=\"fusion-rollover-title-link\" href=\"https:\/\/intelsynet.com\/es\/hitos-en-sostenibilidad-empresarial-de-2023\/\">\n\t\t\t\t\t\tHitos en sostenibilidad empresarial de 2023\t\t\t\t\t<\/a>\n\t\t\t\t<\/h4>\n\t\t\t\n\t\t\t\t\t\t\t\t\n\t\t\n\t\t\t\t\t\t<a class=\"fusion-link-wrapper\" href=\"https:\/\/intelsynet.com\/es\/hitos-en-sostenibilidad-empresarial-de-2023\/\" aria-label=\"Hitos en sostenibilidad empresarial de 2023\"><\/a>\n\t<\/div>\n<\/div>\n<\/div>\n<\/li>\n\t\t\t\n\t\t\t\n\t\t\t\t\t\t\t\t<\/ul>\n\t<\/div>\n\t<div class=\"fusion-post-content-wrapper\" style=\"padding:30px 25px 20px 25px;\"><div class=\"fusion-post-content post-content\"><h2 class=\"blog-shortcode-post-title entry-title\"><a href=\"https:\/\/intelsynet.com\/es\/hitos-en-sostenibilidad-empresarial-de-2023\/\">Hitos en sostenibilidad empresarial de 2023<\/a><\/h2><\/div><\/div><div class=\"fusion-clearfix\"><\/div><\/div>\n<\/article>\n<article id=\"blog-1-post-3265\" class=\"fusion-post-grid post-3265 post type-post status-publish format-standard has-post-thumbnail hentry category-nuestros-articulos category-geopolitica category-sostenibilidad tag-emobility tag-energias-renovables tag-energy tag-estrategia tag-finanzas tag-logicaeconomica tag-negocios tag-sostenibilidad tag-sostenibilidadambiental\">\n<div class=\"fusion-post-wrapper\" style=\"background-color:rgba(255,255,255,0);border:1px solid #e8e8e8;border-bottom-width:3px;\">\n\n\t\t\t<div class=\"fusion-flexslider flexslider fusion-flexslider-loading fusion-post-slideshow\" style=\"border-color:#e8e8e8;\">\n\t\t<ul class=\"slides\">\n\t\t\t\n\t\t\t\t\t\t\t\t\t\t\t\t\t\t<li><div  class=\"fusion-image-wrapper\" aria-haspopup=\"true\">\n\t\t\t\t<img decoding=\"async\" width=\"740\" height=\"434\" data-src=\"https:\/\/intelsynet.com\/wp-content\/uploads\/2023\/11\/Energy-intelligence-forum-2023_.jpg\" class=\"attachment-full size-full wp-post-image lazyload\" alt=\"Energy-intelligence-forum-2023_\" data-srcset=\"https:\/\/intelsynet.com\/wp-content\/uploads\/2023\/11\/Energy-intelligence-forum-2023_-200x117.jpg 200w, https:\/\/intelsynet.com\/wp-content\/uploads\/2023\/11\/Energy-intelligence-forum-2023_-400x235.jpg 400w, https:\/\/intelsynet.com\/wp-content\/uploads\/2023\/11\/Energy-intelligence-forum-2023_-600x352.jpg 600w, https:\/\/intelsynet.com\/wp-content\/uploads\/2023\/11\/Energy-intelligence-forum-2023_.jpg 740w\" data-sizes=\"(min-width: 2200px) 100vw, (min-width: 784px) 363px, (min-width: 712px) 545px, (min-width: 640px) 712px,\" src=\"data:image\/svg+xml;base64,PHN2ZyB3aWR0aD0iMSIgaGVpZ2h0PSIxIiB4bWxucz0iaHR0cDovL3d3dy53My5vcmcvMjAwMC9zdmciPjwvc3ZnPg==\" style=\"--smush-placeholder-width: 740px; --smush-placeholder-aspect-ratio: 740\/434;\" \/><div class=\"fusion-rollover\">\n\t<div class=\"fusion-rollover-content\">\n\n\t\t\t\t\n\t\t\n\t\t\t\t\t\t\t\t\t\t\t\t<h4 class=\"fusion-rollover-title\">\n\t\t\t\t\t<a class=\"fusion-rollover-title-link\" href=\"https:\/\/intelsynet.com\/es\/desafios-globales-en-el-horizonte-energy-intelligence-forum-2023-analiza-la-fragmentacion-geopolitica-y-las-rutas-hacia-una-energia-sostenible\/\">\n\t\t\t\t\t\tDesaf\u00edos Globales en el Horizonte: \u00abEnergy Intelligence Forum 2023\u00bb analiza la fragmentaci\u00f3n geopol\u00edtica y las rutas hacia una energ\u00eda sostenible\t\t\t\t\t<\/a>\n\t\t\t\t<\/h4>\n\t\t\t\n\t\t\t\t\t\t\t\t\n\t\t\n\t\t\t\t\t\t<a class=\"fusion-link-wrapper\" href=\"https:\/\/intelsynet.com\/es\/desafios-globales-en-el-horizonte-energy-intelligence-forum-2023-analiza-la-fragmentacion-geopolitica-y-las-rutas-hacia-una-energia-sostenible\/\" aria-label=\"Desaf\u00edos Globales en el Horizonte: \u00abEnergy Intelligence Forum 2023\u00bb analiza la fragmentaci\u00f3n geopol\u00edtica y las rutas hacia una energ\u00eda sostenible\"><\/a>\n\t<\/div>\n<\/div>\n<\/div>\n<\/li>\n\t\t\t\n\t\t\t\n\t\t\t\t\t\t\t\t<\/ul>\n\t<\/div>\n\t<div class=\"fusion-post-content-wrapper\" style=\"padding:30px 25px 20px 25px;\"><div class=\"fusion-post-content post-content\"><h2 class=\"blog-shortcode-post-title entry-title\"><a href=\"https:\/\/intelsynet.com\/es\/desafios-globales-en-el-horizonte-energy-intelligence-forum-2023-analiza-la-fragmentacion-geopolitica-y-las-rutas-hacia-una-energia-sostenible\/\">Desaf\u00edos Globales en el Horizonte: \u00abEnergy Intelligence Forum 2023\u00bb analiza la fragmentaci\u00f3n geopol\u00edtica y las rutas hacia una energ\u00eda sostenible<\/a><\/h2><\/div><\/div><div class=\"fusion-clearfix\"><\/div><\/div>\n<\/article>\n<article id=\"blog-1-post-3256\" class=\"fusion-post-grid post-3256 post type-post status-publish format-standard has-post-thumbnail hentry category-nuestros-articulos category-geopolitica category-sostenibilidad tag-aimpr tag-geopolitica tag-materiasprimas tag-sostenibilidad\">\n<div class=\"fusion-post-wrapper\" style=\"background-color:rgba(255,255,255,0);border:1px solid #e8e8e8;border-bottom-width:3px;\">\n\n\t\t\t<div class=\"fusion-flexslider flexslider fusion-flexslider-loading fusion-post-slideshow\" style=\"border-color:#e8e8e8;\">\n\t\t<ul class=\"slides\">\n\t\t\t\n\t\t\t\t\t\t\t\t\t\t\t\t\t\t<li><div  class=\"fusion-image-wrapper\" aria-haspopup=\"true\">\n\t\t\t\t<img decoding=\"async\" width=\"768\" height=\"464\" data-src=\"https:\/\/intelsynet.com\/wp-content\/uploads\/2023\/11\/AIMPR-e1700131037137.jpg\" class=\"attachment-full size-full wp-post-image lazyload\" alt=\"AIMPR\" data-srcset=\"https:\/\/intelsynet.com\/wp-content\/uploads\/2023\/11\/AIMPR-e1700131037137-200x121.jpg 200w, https:\/\/intelsynet.com\/wp-content\/uploads\/2023\/11\/AIMPR-e1700131037137-400x242.jpg 400w, https:\/\/intelsynet.com\/wp-content\/uploads\/2023\/11\/AIMPR-e1700131037137-600x363.jpg 600w, https:\/\/intelsynet.com\/wp-content\/uploads\/2023\/11\/AIMPR-e1700131037137.jpg 768w\" data-sizes=\"(min-width: 2200px) 100vw, (min-width: 784px) 363px, (min-width: 712px) 545px, (min-width: 640px) 712px,\" src=\"data:image\/svg+xml;base64,PHN2ZyB3aWR0aD0iMSIgaGVpZ2h0PSIxIiB4bWxucz0iaHR0cDovL3d3dy53My5vcmcvMjAwMC9zdmciPjwvc3ZnPg==\" style=\"--smush-placeholder-width: 768px; --smush-placeholder-aspect-ratio: 768\/464;\" \/><div class=\"fusion-rollover\">\n\t<div class=\"fusion-rollover-content\">\n\n\t\t\t\t\n\t\t\n\t\t\t\t\t\t\t\t\t\t\t\t<h4 class=\"fusion-rollover-title\">\n\t\t\t\t\t<a class=\"fusion-rollover-title-link\" href=\"https:\/\/intelsynet.com\/es\/francisco-calomarde-lider-de-la-aimpr-sobre-el-escenario-inicial-del-ano-y-los-desafios-en-el-sector-ceramico\/\">\n\t\t\t\t\t\tFrancisco Calomarde, l\u00edder de la AIMPR, sobre el Escenario inicial del a\u00f1o y los desaf\u00edos en el sector cer\u00e1mico\t\t\t\t\t<\/a>\n\t\t\t\t<\/h4>\n\t\t\t\n\t\t\t\t\t\t\t\t\n\t\t\n\t\t\t\t\t\t<a class=\"fusion-link-wrapper\" href=\"https:\/\/intelsynet.com\/es\/francisco-calomarde-lider-de-la-aimpr-sobre-el-escenario-inicial-del-ano-y-los-desafios-en-el-sector-ceramico\/\" aria-label=\"Francisco Calomarde, l\u00edder de la AIMPR, sobre el Escenario inicial del a\u00f1o y los desaf\u00edos en el sector cer\u00e1mico\"><\/a>\n\t<\/div>\n<\/div>\n<\/div>\n<\/li>\n\t\t\t\n\t\t\t\n\t\t\t\t\t\t\t\t<\/ul>\n\t<\/div>\n\t<div class=\"fusion-post-content-wrapper\" style=\"padding:30px 25px 20px 25px;\"><div class=\"fusion-post-content post-content\"><h2 class=\"blog-shortcode-post-title entry-title\"><a href=\"https:\/\/intelsynet.com\/es\/francisco-calomarde-lider-de-la-aimpr-sobre-el-escenario-inicial-del-ano-y-los-desafios-en-el-sector-ceramico\/\">Francisco Calomarde, l\u00edder de la AIMPR, sobre el Escenario inicial del a\u00f1o y los desaf\u00edos en el sector cer\u00e1mico<\/a><\/h2><\/div><\/div><div class=\"fusion-clearfix\"><\/div><\/div>\n<\/article>\n<article id=\"blog-1-post-3261\" class=\"fusion-post-grid post-3261 post type-post status-publish format-standard has-post-thumbnail hentry category-nuestros-articulos category-gestion-de-riesgos tag-europa tag-ia tag-inteligencia-artificial tag-technology tag-tecnologia tag-union-europea\">\n<div class=\"fusion-post-wrapper\" style=\"background-color:rgba(255,255,255,0);border:1px solid #e8e8e8;border-bottom-width:3px;\">\n\n\t\t\t<div class=\"fusion-flexslider flexslider fusion-flexslider-loading fusion-post-slideshow\" style=\"border-color:#e8e8e8;\">\n\t\t<ul class=\"slides\">\n\t\t\t\n\t\t\t\t\t\t\t\t\t\t\t\t\t\t<li><div  class=\"fusion-image-wrapper\" aria-haspopup=\"true\">\n\t\t\t\t<img decoding=\"async\" width=\"580\" height=\"330\" data-src=\"https:\/\/intelsynet.com\/wp-content\/uploads\/2023\/11\/El-Parlamento-Europeo-avanza-en-la-regulacion-de-la-Inteligencia-Artificial.jpg\" class=\"attachment-full size-full wp-post-image lazyload\" alt=\"El Parlamento Europeo avanza en la regulaci\u00f3n de la Inteligencia Artificial\" data-srcset=\"https:\/\/intelsynet.com\/wp-content\/uploads\/2023\/11\/El-Parlamento-Europeo-avanza-en-la-regulacion-de-la-Inteligencia-Artificial-200x114.jpg 200w, https:\/\/intelsynet.com\/wp-content\/uploads\/2023\/11\/El-Parlamento-Europeo-avanza-en-la-regulacion-de-la-Inteligencia-Artificial-400x228.jpg 400w, https:\/\/intelsynet.com\/wp-content\/uploads\/2023\/11\/El-Parlamento-Europeo-avanza-en-la-regulacion-de-la-Inteligencia-Artificial.jpg 580w\" data-sizes=\"(min-width: 2200px) 100vw, (min-width: 784px) 363px, (min-width: 712px) 545px, (min-width: 640px) 712px,\" src=\"data:image\/svg+xml;base64,PHN2ZyB3aWR0aD0iMSIgaGVpZ2h0PSIxIiB4bWxucz0iaHR0cDovL3d3dy53My5vcmcvMjAwMC9zdmciPjwvc3ZnPg==\" style=\"--smush-placeholder-width: 580px; --smush-placeholder-aspect-ratio: 580\/330;\" \/><div class=\"fusion-rollover\">\n\t<div class=\"fusion-rollover-content\">\n\n\t\t\t\t\n\t\t\n\t\t\t\t\t\t\t\t\t\t\t\t<h4 class=\"fusion-rollover-title\">\n\t\t\t\t\t<a class=\"fusion-rollover-title-link\" href=\"https:\/\/intelsynet.com\/es\/el-parlamento-europeo-avanza-en-la-regulacion-de-la-inteligencia-artificial\/\">\n\t\t\t\t\t\tEl Parlamento Europeo avanza en la regulaci\u00f3n de la Inteligencia Artificial\t\t\t\t\t<\/a>\n\t\t\t\t<\/h4>\n\t\t\t\n\t\t\t\t\t\t\t\t\n\t\t\n\t\t\t\t\t\t<a class=\"fusion-link-wrapper\" href=\"https:\/\/intelsynet.com\/es\/el-parlamento-europeo-avanza-en-la-regulacion-de-la-inteligencia-artificial\/\" aria-label=\"El Parlamento Europeo avanza en la regulaci\u00f3n de la Inteligencia Artificial\"><\/a>\n\t<\/div>\n<\/div>\n<\/div>\n<\/li>\n\t\t\t\n\t\t\t\n\t\t\t\t\t\t\t\t<\/ul>\n\t<\/div>\n\t<div class=\"fusion-post-content-wrapper\" style=\"padding:30px 25px 20px 25px;\"><div class=\"fusion-post-content post-content\"><h2 class=\"blog-shortcode-post-title entry-title\"><a href=\"https:\/\/intelsynet.com\/es\/el-parlamento-europeo-avanza-en-la-regulacion-de-la-inteligencia-artificial\/\">El Parlamento Europeo avanza en la regulaci\u00f3n de la Inteligencia Artificial<\/a><\/h2><\/div><\/div><div class=\"fusion-clearfix\"><\/div><\/div>\n<\/article>\n<article id=\"blog-1-post-3253\" class=\"fusion-post-grid post-3253 post type-post status-publish format-standard has-post-thumbnail hentry category-nuestros-articulos category-gestion-de-riesgos tag-ciberseguridad tag-flipper-zero tag-tecnologia tag-wifi\">\n<div class=\"fusion-post-wrapper\" style=\"background-color:rgba(255,255,255,0);border:1px solid #e8e8e8;border-bottom-width:3px;\">\n\n\t\t\t<div class=\"fusion-flexslider flexslider fusion-flexslider-loading fusion-post-slideshow\" style=\"border-color:#e8e8e8;\">\n\t\t<ul class=\"slides\">\n\t\t\t\n\t\t\t\t\t\t\t\t\t\t\t\t\t\t<li><div  class=\"fusion-image-wrapper\" aria-haspopup=\"true\">\n\t\t\t\t<img decoding=\"async\" width=\"1280\" height=\"884\" data-src=\"https:\/\/intelsynet.com\/wp-content\/uploads\/2023\/11\/Desentranando-la-seguridad-Wifi-con-Flipper-Zero.jpg\" class=\"attachment-full size-full wp-post-image lazyload\" alt=\"Desentra\u00f1ando la seguridad Wifi con Flipper Zero\" data-srcset=\"https:\/\/intelsynet.com\/wp-content\/uploads\/2023\/11\/Desentranando-la-seguridad-Wifi-con-Flipper-Zero-200x138.jpg 200w, https:\/\/intelsynet.com\/wp-content\/uploads\/2023\/11\/Desentranando-la-seguridad-Wifi-con-Flipper-Zero-400x276.jpg 400w, https:\/\/intelsynet.com\/wp-content\/uploads\/2023\/11\/Desentranando-la-seguridad-Wifi-con-Flipper-Zero-600x414.jpg 600w, https:\/\/intelsynet.com\/wp-content\/uploads\/2023\/11\/Desentranando-la-seguridad-Wifi-con-Flipper-Zero-800x553.jpg 800w, https:\/\/intelsynet.com\/wp-content\/uploads\/2023\/11\/Desentranando-la-seguridad-Wifi-con-Flipper-Zero-1200x829.jpg 1200w, https:\/\/intelsynet.com\/wp-content\/uploads\/2023\/11\/Desentranando-la-seguridad-Wifi-con-Flipper-Zero.jpg 1280w\" data-sizes=\"(min-width: 2200px) 100vw, (min-width: 784px) 363px, (min-width: 712px) 545px, (min-width: 640px) 712px,\" src=\"data:image\/svg+xml;base64,PHN2ZyB3aWR0aD0iMSIgaGVpZ2h0PSIxIiB4bWxucz0iaHR0cDovL3d3dy53My5vcmcvMjAwMC9zdmciPjwvc3ZnPg==\" style=\"--smush-placeholder-width: 1280px; --smush-placeholder-aspect-ratio: 1280\/884;\" \/><div class=\"fusion-rollover\">\n\t<div class=\"fusion-rollover-content\">\n\n\t\t\t\t\n\t\t\n\t\t\t\t\t\t\t\t\t\t\t\t<h4 class=\"fusion-rollover-title\">\n\t\t\t\t\t<a class=\"fusion-rollover-title-link\" href=\"https:\/\/intelsynet.com\/es\/desentranando-la-seguridad-wifi-con-flipper-zero\/\">\n\t\t\t\t\t\tDesentra\u00f1ando la seguridad Wifi con Flipper Zero\t\t\t\t\t<\/a>\n\t\t\t\t<\/h4>\n\t\t\t\n\t\t\t\t\t\t\t\t\n\t\t\n\t\t\t\t\t\t<a class=\"fusion-link-wrapper\" href=\"https:\/\/intelsynet.com\/es\/desentranando-la-seguridad-wifi-con-flipper-zero\/\" aria-label=\"Desentra\u00f1ando la seguridad Wifi con Flipper Zero\"><\/a>\n\t<\/div>\n<\/div>\n<\/div>\n<\/li>\n\t\t\t\n\t\t\t\n\t\t\t\t\t\t\t\t<\/ul>\n\t<\/div>\n\t<div class=\"fusion-post-content-wrapper\" style=\"padding:30px 25px 20px 25px;\"><div class=\"fusion-post-content post-content\"><h2 class=\"blog-shortcode-post-title entry-title\"><a href=\"https:\/\/intelsynet.com\/es\/desentranando-la-seguridad-wifi-con-flipper-zero\/\">Desentra\u00f1ando la seguridad Wifi con Flipper Zero<\/a><\/h2><\/div><\/div><div class=\"fusion-clearfix\"><\/div><\/div>\n<\/article>\n<article id=\"blog-1-post-3249\" class=\"fusion-post-grid post-3249 post type-post status-publish format-standard has-post-thumbnail hentry category-nuestros-articulos category-gestion-de-riesgos tag-ciberdelincuencia tag-ciberseguridad tag-cisa tag-microsoft\">\n<div class=\"fusion-post-wrapper\" style=\"background-color:rgba(255,255,255,0);border:1px solid #e8e8e8;border-bottom-width:3px;\">\n\n\t\t\t<div class=\"fusion-flexslider flexslider fusion-flexslider-loading fusion-post-slideshow\" style=\"border-color:#e8e8e8;\">\n\t\t<ul class=\"slides\">\n\t\t\t\n\t\t\t\t\t\t\t\t\t\t\t\t\t\t<li><div  class=\"fusion-image-wrapper\" aria-haspopup=\"true\">\n\t\t\t\t<img decoding=\"async\" width=\"1068\" height=\"601\" data-src=\"https:\/\/intelsynet.com\/wp-content\/uploads\/2023\/03\/cisa.jpg\" class=\"attachment-full size-full wp-post-image lazyload\" alt=\"CISA presenta una Herramienta Innovadora para Detectar Actividades Il\u00edcitas en la Nube de Microsoft\" data-srcset=\"https:\/\/intelsynet.com\/wp-content\/uploads\/2023\/03\/cisa-200x113.jpg 200w, https:\/\/intelsynet.com\/wp-content\/uploads\/2023\/03\/cisa-400x225.jpg 400w, https:\/\/intelsynet.com\/wp-content\/uploads\/2023\/03\/cisa-600x338.jpg 600w, https:\/\/intelsynet.com\/wp-content\/uploads\/2023\/03\/cisa-800x450.jpg 800w, https:\/\/intelsynet.com\/wp-content\/uploads\/2023\/03\/cisa.jpg 1068w\" data-sizes=\"(min-width: 2200px) 100vw, (min-width: 784px) 363px, (min-width: 712px) 545px, (min-width: 640px) 712px,\" src=\"data:image\/svg+xml;base64,PHN2ZyB3aWR0aD0iMSIgaGVpZ2h0PSIxIiB4bWxucz0iaHR0cDovL3d3dy53My5vcmcvMjAwMC9zdmciPjwvc3ZnPg==\" style=\"--smush-placeholder-width: 1068px; --smush-placeholder-aspect-ratio: 1068\/601;\" \/><div class=\"fusion-rollover\">\n\t<div class=\"fusion-rollover-content\">\n\n\t\t\t\t\n\t\t\n\t\t\t\t\t\t\t\t\t\t\t\t<h4 class=\"fusion-rollover-title\">\n\t\t\t\t\t<a class=\"fusion-rollover-title-link\" href=\"https:\/\/intelsynet.com\/es\/cisa-presenta-una-herramienta-innovadora-para-detectar-actividades-ilicitas-en-la-nube-de-microsoft\/\">\n\t\t\t\t\t\tCISA presenta una Herramienta Innovadora para Detectar Actividades Il\u00edcitas en la Nube de Microsoft\t\t\t\t\t<\/a>\n\t\t\t\t<\/h4>\n\t\t\t\n\t\t\t\t\t\t\t\t\n\t\t\n\t\t\t\t\t\t<a class=\"fusion-link-wrapper\" href=\"https:\/\/intelsynet.com\/es\/cisa-presenta-una-herramienta-innovadora-para-detectar-actividades-ilicitas-en-la-nube-de-microsoft\/\" aria-label=\"CISA presenta una Herramienta Innovadora para Detectar Actividades Il\u00edcitas en la Nube de Microsoft\"><\/a>\n\t<\/div>\n<\/div>\n<\/div>\n<\/li>\n\t\t\t\n\t\t\t\n\t\t\t\t\t\t\t\t<\/ul>\n\t<\/div>\n\t<div class=\"fusion-post-content-wrapper\" style=\"padding:30px 25px 20px 25px;\"><div class=\"fusion-post-content post-content\"><h2 class=\"blog-shortcode-post-title entry-title\"><a href=\"https:\/\/intelsynet.com\/es\/cisa-presenta-una-herramienta-innovadora-para-detectar-actividades-ilicitas-en-la-nube-de-microsoft\/\">CISA presenta una Herramienta Innovadora para Detectar Actividades Il\u00edcitas en la Nube de Microsoft<\/a><\/h2><\/div><\/div><div class=\"fusion-clearfix\"><\/div><\/div>\n<\/article>\n<article id=\"blog-1-post-3238\" class=\"fusion-post-grid post-3238 post type-post status-publish format-standard has-post-thumbnail hentry category-nuestros-articulos category-gestion-de-riesgos tag-centro-de-datos tag-china tag-ciberseguridad tag-gestion-de-riesgos tag-logicaeconomica\">\n<div class=\"fusion-post-wrapper\" style=\"background-color:rgba(255,255,255,0);border:1px solid #e8e8e8;border-bottom-width:3px;\">\n\n\t\t\t<div class=\"fusion-flexslider flexslider fusion-flexslider-loading fusion-post-slideshow\" style=\"border-color:#e8e8e8;\">\n\t\t<ul class=\"slides\">\n\t\t\t\n\t\t\t\t\t\t\t\t\t\t\t\t\t\t<li><div  class=\"fusion-image-wrapper\" aria-haspopup=\"true\">\n\t\t\t\t<img decoding=\"async\" width=\"1200\" height=\"655\" data-src=\"https:\/\/intelsynet.com\/wp-content\/uploads\/2023\/02\/Ciberataque-centro-de-datos-Asia.jpg\" class=\"attachment-full size-full wp-post-image lazyload\" alt=\"\" data-srcset=\"https:\/\/intelsynet.com\/wp-content\/uploads\/2023\/02\/Ciberataque-centro-de-datos-Asia-200x109.jpg 200w, https:\/\/intelsynet.com\/wp-content\/uploads\/2023\/02\/Ciberataque-centro-de-datos-Asia-400x218.jpg 400w, https:\/\/intelsynet.com\/wp-content\/uploads\/2023\/02\/Ciberataque-centro-de-datos-Asia-600x328.jpg 600w, https:\/\/intelsynet.com\/wp-content\/uploads\/2023\/02\/Ciberataque-centro-de-datos-Asia-800x437.jpg 800w, https:\/\/intelsynet.com\/wp-content\/uploads\/2023\/02\/Ciberataque-centro-de-datos-Asia.jpg 1200w\" data-sizes=\"(min-width: 2200px) 100vw, (min-width: 784px) 363px, (min-width: 712px) 545px, (min-width: 640px) 712px,\" src=\"data:image\/svg+xml;base64,PHN2ZyB3aWR0aD0iMSIgaGVpZ2h0PSIxIiB4bWxucz0iaHR0cDovL3d3dy53My5vcmcvMjAwMC9zdmciPjwvc3ZnPg==\" style=\"--smush-placeholder-width: 1200px; --smush-placeholder-aspect-ratio: 1200\/655;\" \/><div class=\"fusion-rollover\">\n\t<div class=\"fusion-rollover-content\">\n\n\t\t\t\t\n\t\t\n\t\t\t\t\t\t\t\t\t\t\t\t<h4 class=\"fusion-rollover-title\">\n\t\t\t\t\t<a class=\"fusion-rollover-title-link\" href=\"https:\/\/intelsynet.com\/es\/roban-los-datos-de-2-000-empresas-como-apple-o-microsoft-tras-un-macro-ciberataque\/\">\n\t\t\t\t\t\tRoban los datos de 2.000 empresas como Apple o Microsoft tras un macro ciberataque\t\t\t\t\t<\/a>\n\t\t\t\t<\/h4>\n\t\t\t\n\t\t\t\t\t\t\t\t\n\t\t\n\t\t\t\t\t\t<a class=\"fusion-link-wrapper\" href=\"https:\/\/intelsynet.com\/es\/roban-los-datos-de-2-000-empresas-como-apple-o-microsoft-tras-un-macro-ciberataque\/\" aria-label=\"Roban los datos de 2.000 empresas como Apple o Microsoft tras un macro ciberataque\"><\/a>\n\t<\/div>\n<\/div>\n<\/div>\n<\/li>\n\t\t\t\n\t\t\t\n\t\t\t\t\t\t\t\t<\/ul>\n\t<\/div>\n\t<div class=\"fusion-post-content-wrapper\" style=\"padding:30px 25px 20px 25px;\"><div class=\"fusion-post-content post-content\"><h2 class=\"blog-shortcode-post-title entry-title\"><a href=\"https:\/\/intelsynet.com\/es\/roban-los-datos-de-2-000-empresas-como-apple-o-microsoft-tras-un-macro-ciberataque\/\">Roban los datos de 2.000 empresas como Apple o Microsoft tras un macro ciberataque<\/a><\/h2><\/div><\/div><div class=\"fusion-clearfix\"><\/div><\/div>\n<\/article>\n<article id=\"blog-1-post-3219\" class=\"fusion-post-grid post-3219 post type-post status-publish format-standard has-post-thumbnail hentry category-nuestros-articulos category-sostenibilidad tag-emobility tag-energy tag-hidrogeno tag-logicaeconomica\">\n<div class=\"fusion-post-wrapper\" style=\"background-color:rgba(255,255,255,0);border:1px solid #e8e8e8;border-bottom-width:3px;\">\n\n\t\t\t<div class=\"fusion-flexslider flexslider fusion-flexslider-loading fusion-post-slideshow\" style=\"border-color:#e8e8e8;\">\n\t\t<ul class=\"slides\">\n\t\t\t\n\t\t\t\t\t\t\t\t\t\t\t\t\t\t<li><div  class=\"fusion-image-wrapper\" aria-haspopup=\"true\">\n\t\t\t\t<img decoding=\"async\" width=\"800\" height=\"500\" data-src=\"https:\/\/intelsynet.com\/wp-content\/uploads\/2023\/01\/proyecto-H2MED.jpg\" class=\"attachment-full size-full wp-post-image lazyload\" alt=\"proyecto H2MED\" data-srcset=\"https:\/\/intelsynet.com\/wp-content\/uploads\/2023\/01\/proyecto-H2MED-200x125.jpg 200w, https:\/\/intelsynet.com\/wp-content\/uploads\/2023\/01\/proyecto-H2MED-400x250.jpg 400w, https:\/\/intelsynet.com\/wp-content\/uploads\/2023\/01\/proyecto-H2MED-600x375.jpg 600w, https:\/\/intelsynet.com\/wp-content\/uploads\/2023\/01\/proyecto-H2MED.jpg 800w\" data-sizes=\"(min-width: 2200px) 100vw, (min-width: 784px) 363px, (min-width: 712px) 545px, (min-width: 640px) 712px,\" src=\"data:image\/svg+xml;base64,PHN2ZyB3aWR0aD0iMSIgaGVpZ2h0PSIxIiB4bWxucz0iaHR0cDovL3d3dy53My5vcmcvMjAwMC9zdmciPjwvc3ZnPg==\" style=\"--smush-placeholder-width: 800px; --smush-placeholder-aspect-ratio: 800\/500;\" \/><div class=\"fusion-rollover\">\n\t<div class=\"fusion-rollover-content\">\n\n\t\t\t\t\n\t\t\n\t\t\t\t\t\t\t\t\t\t\t\t<h4 class=\"fusion-rollover-title\">\n\t\t\t\t\t<a class=\"fusion-rollover-title-link\" href=\"https:\/\/intelsynet.com\/es\/el-proyecto-corredor-de-hidrogeno-verde-h2med\/\">\n\t\t\t\t\t\tEl proyecto corredor de hidr\u00f3geno verde H2Med\t\t\t\t\t<\/a>\n\t\t\t\t<\/h4>\n\t\t\t\n\t\t\t\t\t\t\t\t\n\t\t\n\t\t\t\t\t\t<a class=\"fusion-link-wrapper\" href=\"https:\/\/intelsynet.com\/es\/el-proyecto-corredor-de-hidrogeno-verde-h2med\/\" aria-label=\"El proyecto corredor de hidr\u00f3geno verde H2Med\"><\/a>\n\t<\/div>\n<\/div>\n<\/div>\n<\/li>\n\t\t\t\n\t\t\t\n\t\t\t\t\t\t\t\t<\/ul>\n\t<\/div>\n\t<div class=\"fusion-post-content-wrapper\" style=\"padding:30px 25px 20px 25px;\"><div class=\"fusion-post-content post-content\"><h2 class=\"blog-shortcode-post-title entry-title\"><a href=\"https:\/\/intelsynet.com\/es\/el-proyecto-corredor-de-hidrogeno-verde-h2med\/\">El proyecto corredor de hidr\u00f3geno verde H2Med<\/a><\/h2><\/div><\/div><div class=\"fusion-clearfix\"><\/div><\/div>\n<\/article>\n<article id=\"blog-1-post-3181\" class=\"fusion-post-grid post-3181 post type-post status-publish format-standard has-post-thumbnail hentry category-nuestros-articulos category-sostenibilidad tag-emobility tag-google tag-infraestructura tag-logicaeconomica tag-vehiculos-electricos\">\n<div class=\"fusion-post-wrapper\" style=\"background-color:rgba(255,255,255,0);border:1px solid #e8e8e8;border-bottom-width:3px;\">\n\n\t\t\t<div class=\"fusion-flexslider flexslider fusion-flexslider-loading fusion-post-slideshow\" style=\"border-color:#e8e8e8;\">\n\t\t<ul class=\"slides\">\n\t\t\t\n\t\t\t\t\t\t\t\t\t\t\t\t\t\t<li><div  class=\"fusion-image-wrapper\" aria-haspopup=\"true\">\n\t\t\t\t<img decoding=\"async\" width=\"980\" height=\"565\" data-src=\"https:\/\/intelsynet.com\/wp-content\/uploads\/2022\/11\/Google-maps-informacion-cargadores-electricos.jpg\" class=\"attachment-full size-full wp-post-image lazyload\" alt=\"Google maps informaci\u00f3n cargadores el\u00e9ctricos\" data-srcset=\"https:\/\/intelsynet.com\/wp-content\/uploads\/2022\/11\/Google-maps-informacion-cargadores-electricos-200x115.jpg 200w, https:\/\/intelsynet.com\/wp-content\/uploads\/2022\/11\/Google-maps-informacion-cargadores-electricos-400x231.jpg 400w, https:\/\/intelsynet.com\/wp-content\/uploads\/2022\/11\/Google-maps-informacion-cargadores-electricos-600x346.jpg 600w, https:\/\/intelsynet.com\/wp-content\/uploads\/2022\/11\/Google-maps-informacion-cargadores-electricos-800x461.jpg 800w, https:\/\/intelsynet.com\/wp-content\/uploads\/2022\/11\/Google-maps-informacion-cargadores-electricos.jpg 980w\" data-sizes=\"(min-width: 2200px) 100vw, (min-width: 784px) 363px, (min-width: 712px) 545px, (min-width: 640px) 712px,\" src=\"data:image\/svg+xml;base64,PHN2ZyB3aWR0aD0iMSIgaGVpZ2h0PSIxIiB4bWxucz0iaHR0cDovL3d3dy53My5vcmcvMjAwMC9zdmciPjwvc3ZnPg==\" style=\"--smush-placeholder-width: 980px; --smush-placeholder-aspect-ratio: 980\/565;\" \/><div class=\"fusion-rollover\">\n\t<div class=\"fusion-rollover-content\">\n\n\t\t\t\t\n\t\t\n\t\t\t\t\t\t\t\t\t\t\t\t<h4 class=\"fusion-rollover-title\">\n\t\t\t\t\t<a class=\"fusion-rollover-title-link\" href=\"https:\/\/intelsynet.com\/es\/google-incorpora-a-google-maps-informacion-sobre-la-red-de-cargadores-para-vehiculos-electricos\/\">\n\t\t\t\t\t\tGoogle incorpora a Google Maps informaci\u00f3n sobre la red de cargadores para veh\u00edculos el\u00e9ctricos\t\t\t\t\t<\/a>\n\t\t\t\t<\/h4>\n\t\t\t\n\t\t\t\t\t\t\t\t\n\t\t\n\t\t\t\t\t\t<a class=\"fusion-link-wrapper\" href=\"https:\/\/intelsynet.com\/es\/google-incorpora-a-google-maps-informacion-sobre-la-red-de-cargadores-para-vehiculos-electricos\/\" aria-label=\"Google incorpora a Google Maps informaci\u00f3n sobre la red de cargadores para veh\u00edculos el\u00e9ctricos\"><\/a>\n\t<\/div>\n<\/div>\n<\/div>\n<\/li>\n\t\t\t\n\t\t\t\n\t\t\t\t\t\t\t\t<\/ul>\n\t<\/div>\n\t<div class=\"fusion-post-content-wrapper\" style=\"padding:30px 25px 20px 25px;\"><div class=\"fusion-post-content post-content\"><h2 class=\"blog-shortcode-post-title entry-title\"><a href=\"https:\/\/intelsynet.com\/es\/google-incorpora-a-google-maps-informacion-sobre-la-red-de-cargadores-para-vehiculos-electricos\/\">Google incorpora a Google Maps informaci\u00f3n sobre la red de cargadores para veh\u00edculos el\u00e9ctricos<\/a><\/h2><\/div><\/div><div class=\"fusion-clearfix\"><\/div><\/div>\n<\/article>\n<article id=\"blog-1-post-3098\" class=\"fusion-post-grid post-3098 post type-post status-publish format-standard has-post-thumbnail hentry category-nuestros-articulos category-geopolitica category-sostenibilidad tag-emobility tag-energias-renovables tag-energy tag-estrategia tag-finanzas tag-gas tag-hidrogeno tag-hidrogeno-verde tag-intelligence tag-logicaeconomica tag-negocios tag-sostenibilidadambiental\">\n<div class=\"fusion-post-wrapper\" style=\"background-color:rgba(255,255,255,0);border:1px solid #e8e8e8;border-bottom-width:3px;\">\n\n\t\t\t<div class=\"fusion-flexslider flexslider fusion-flexslider-loading fusion-post-slideshow\" style=\"border-color:#e8e8e8;\">\n\t\t<ul class=\"slides\">\n\t\t\t\n\t\t\t\t\t\t\t\t\t\t\t\t\t\t<li><div  class=\"fusion-image-wrapper\" aria-haspopup=\"true\">\n\t\t\t\t<img decoding=\"async\" width=\"1918\" height=\"1080\" data-src=\"https:\/\/intelsynet.com\/wp-content\/uploads\/2022\/10\/Energy-Intelligence-Forum2.jpg\" class=\"attachment-full size-full wp-post-image lazyload\" alt=\"Energy Intelligence Forum\" data-srcset=\"https:\/\/intelsynet.com\/wp-content\/uploads\/2022\/10\/Energy-Intelligence-Forum2-200x113.jpg 200w, https:\/\/intelsynet.com\/wp-content\/uploads\/2022\/10\/Energy-Intelligence-Forum2-400x225.jpg 400w, https:\/\/intelsynet.com\/wp-content\/uploads\/2022\/10\/Energy-Intelligence-Forum2-600x338.jpg 600w, https:\/\/intelsynet.com\/wp-content\/uploads\/2022\/10\/Energy-Intelligence-Forum2-800x450.jpg 800w, https:\/\/intelsynet.com\/wp-content\/uploads\/2022\/10\/Energy-Intelligence-Forum2-1200x676.jpg 1200w, https:\/\/intelsynet.com\/wp-content\/uploads\/2022\/10\/Energy-Intelligence-Forum2.jpg 1918w\" data-sizes=\"(min-width: 2200px) 100vw, (min-width: 784px) 363px, (min-width: 712px) 545px, (min-width: 640px) 712px,\" src=\"data:image\/svg+xml;base64,PHN2ZyB3aWR0aD0iMSIgaGVpZ2h0PSIxIiB4bWxucz0iaHR0cDovL3d3dy53My5vcmcvMjAwMC9zdmciPjwvc3ZnPg==\" style=\"--smush-placeholder-width: 1918px; --smush-placeholder-aspect-ratio: 1918\/1080;\" \/><div class=\"fusion-rollover\">\n\t<div class=\"fusion-rollover-content\">\n\n\t\t\t\t\n\t\t\n\t\t\t\t\t\t\t\t\t\t\t\t<h4 class=\"fusion-rollover-title\">\n\t\t\t\t\t<a class=\"fusion-rollover-title-link\" href=\"https:\/\/intelsynet.com\/es\/energy-intelligence-forum-en-la-busqueda-de-soluciones-sostenibles-para-los-desafios-energeticos\/\">\n\t\t\t\t\t\tEnergy Intelligence Forum: la b\u00fasqueda de soluciones sostenibles para los desaf\u00edos energ\u00e9ticos del mundo\t\t\t\t\t<\/a>\n\t\t\t\t<\/h4>\n\t\t\t\n\t\t\t\t\t\t\t\t\n\t\t\n\t\t\t\t\t\t<a class=\"fusion-link-wrapper\" href=\"https:\/\/intelsynet.com\/es\/energy-intelligence-forum-en-la-busqueda-de-soluciones-sostenibles-para-los-desafios-energeticos\/\" aria-label=\"Energy Intelligence Forum: la b\u00fasqueda de soluciones sostenibles para los desaf\u00edos energ\u00e9ticos del mundo\"><\/a>\n\t<\/div>\n<\/div>\n<\/div>\n<\/li>\n\t\t\t\n\t\t\t\n\t\t\t\t\t\t\t\t<\/ul>\n\t<\/div>\n\t<div class=\"fusion-post-content-wrapper\" style=\"padding:30px 25px 20px 25px;\"><div class=\"fusion-post-content post-content\"><h2 class=\"blog-shortcode-post-title entry-title\"><a href=\"https:\/\/intelsynet.com\/es\/energy-intelligence-forum-en-la-busqueda-de-soluciones-sostenibles-para-los-desafios-energeticos\/\">Energy Intelligence Forum: la b\u00fasqueda de soluciones sostenibles para los desaf\u00edos energ\u00e9ticos del mundo<\/a><\/h2><\/div><\/div><div class=\"fusion-clearfix\"><\/div><\/div>\n<\/article>\n<article id=\"blog-1-post-3095\" class=\"fusion-post-grid post-3095 post type-post status-publish format-standard has-post-thumbnail hentry category-nuestros-articulos category-sostenibilidad tag-emobility tag-hidrogeno tag-inversion tag-logicaeconomica tag-sostenibilidadambiental\">\n<div class=\"fusion-post-wrapper\" style=\"background-color:rgba(255,255,255,0);border:1px solid #e8e8e8;border-bottom-width:3px;\">\n\n\t\t\t<div class=\"fusion-flexslider flexslider fusion-flexslider-loading fusion-post-slideshow\" style=\"border-color:#e8e8e8;\">\n\t\t<ul class=\"slides\">\n\t\t\t\n\t\t\t\t\t\t\t\t\t\t\t\t\t\t<li><div  class=\"fusion-image-wrapper\" aria-haspopup=\"true\">\n\t\t\t\t<img decoding=\"async\" width=\"556\" height=\"540\" data-src=\"https:\/\/intelsynet.com\/wp-content\/uploads\/2022\/10\/BBVA-y-Hy24.jpg\" class=\"attachment-full size-full wp-post-image lazyload\" alt=\"\" data-srcset=\"https:\/\/intelsynet.com\/wp-content\/uploads\/2022\/10\/BBVA-y-Hy24-200x194.jpg 200w, https:\/\/intelsynet.com\/wp-content\/uploads\/2022\/10\/BBVA-y-Hy24-400x388.jpg 400w, https:\/\/intelsynet.com\/wp-content\/uploads\/2022\/10\/BBVA-y-Hy24.jpg 556w\" data-sizes=\"(min-width: 2200px) 100vw, (min-width: 784px) 363px, (min-width: 712px) 545px, (min-width: 640px) 712px,\" src=\"data:image\/svg+xml;base64,PHN2ZyB3aWR0aD0iMSIgaGVpZ2h0PSIxIiB4bWxucz0iaHR0cDovL3d3dy53My5vcmcvMjAwMC9zdmciPjwvc3ZnPg==\" style=\"--smush-placeholder-width: 556px; --smush-placeholder-aspect-ratio: 556\/540;\" \/><div class=\"fusion-rollover\">\n\t<div class=\"fusion-rollover-content\">\n\n\t\t\t\t\n\t\t\n\t\t\t\t\t\t\t\t\t\t\t\t<h4 class=\"fusion-rollover-title\">\n\t\t\t\t\t<a class=\"fusion-rollover-title-link\" href=\"https:\/\/intelsynet.com\/es\/hy24-cierra-su-inversion-para-infraestructuras-relacionadas-con-el-hidrogeno-y-da-la-entrada-a-nuevos-inversores-entre-los-que-se-encuentra-bbva\/\">\n\t\t\t\t\t\tHy24 cierra su inversi\u00f3n para infraestructuras relacionadas con el hidr\u00f3geno y da la entrada a nuevos inversores entre los que se encuentra BBVA\t\t\t\t\t<\/a>\n\t\t\t\t<\/h4>\n\t\t\t\n\t\t\t\t\t\t\t\t\n\t\t\n\t\t\t\t\t\t<a class=\"fusion-link-wrapper\" href=\"https:\/\/intelsynet.com\/es\/hy24-cierra-su-inversion-para-infraestructuras-relacionadas-con-el-hidrogeno-y-da-la-entrada-a-nuevos-inversores-entre-los-que-se-encuentra-bbva\/\" aria-label=\"Hy24 cierra su inversi\u00f3n para infraestructuras relacionadas con el hidr\u00f3geno y da la entrada a nuevos inversores entre los que se encuentra BBVA\"><\/a>\n\t<\/div>\n<\/div>\n<\/div>\n<\/li>\n\t\t\t\n\t\t\t\n\t\t\t\t\t\t\t\t<\/ul>\n\t<\/div>\n\t<div class=\"fusion-post-content-wrapper\" style=\"padding:30px 25px 20px 25px;\"><div class=\"fusion-post-content post-content\"><h2 class=\"blog-shortcode-post-title entry-title\"><a href=\"https:\/\/intelsynet.com\/es\/hy24-cierra-su-inversion-para-infraestructuras-relacionadas-con-el-hidrogeno-y-da-la-entrada-a-nuevos-inversores-entre-los-que-se-encuentra-bbva\/\">Hy24 cierra su inversi\u00f3n para infraestructuras relacionadas con el hidr\u00f3geno y da la entrada a nuevos inversores entre los que se encuentra BBVA<\/a><\/h2><\/div><\/div><div class=\"fusion-clearfix\"><\/div><\/div>\n<\/article>\n<article id=\"blog-1-post-3091\" class=\"fusion-post-grid post-3091 post type-post status-publish format-standard has-post-thumbnail hentry category-nuestros-articulos category-sostenibilidad tag-amazon tag-comercio tag-emobility tag-logicaeconomica tag-logistics tag-sostenibilidad tag-sostenibilidadambiental tag-tecnologia tag-transporte\">\n<div class=\"fusion-post-wrapper\" style=\"background-color:rgba(255,255,255,0);border:1px solid #e8e8e8;border-bottom-width:3px;\">\n\n\t\t\t<div class=\"fusion-flexslider flexslider fusion-flexslider-loading fusion-post-slideshow\" style=\"border-color:#e8e8e8;\">\n\t\t<ul class=\"slides\">\n\t\t\t\n\t\t\t\t\t\t\t\t\t\t\t\t\t\t<li><div  class=\"fusion-image-wrapper\" aria-haspopup=\"true\">\n\t\t\t\t<img decoding=\"async\" width=\"800\" height=\"450\" data-src=\"https:\/\/intelsynet.com\/wp-content\/uploads\/2022\/10\/Amazon-descarbonizacion.jpg\" class=\"attachment-full size-full wp-post-image lazyload\" alt=\"\" data-srcset=\"https:\/\/intelsynet.com\/wp-content\/uploads\/2022\/10\/Amazon-descarbonizacion-200x113.jpg 200w, https:\/\/intelsynet.com\/wp-content\/uploads\/2022\/10\/Amazon-descarbonizacion-400x225.jpg 400w, https:\/\/intelsynet.com\/wp-content\/uploads\/2022\/10\/Amazon-descarbonizacion-600x338.jpg 600w, https:\/\/intelsynet.com\/wp-content\/uploads\/2022\/10\/Amazon-descarbonizacion.jpg 800w\" data-sizes=\"(min-width: 2200px) 100vw, (min-width: 784px) 363px, (min-width: 712px) 545px, (min-width: 640px) 712px,\" src=\"data:image\/svg+xml;base64,PHN2ZyB3aWR0aD0iMSIgaGVpZ2h0PSIxIiB4bWxucz0iaHR0cDovL3d3dy53My5vcmcvMjAwMC9zdmciPjwvc3ZnPg==\" style=\"--smush-placeholder-width: 800px; --smush-placeholder-aspect-ratio: 800\/450;\" \/><div class=\"fusion-rollover\">\n\t<div class=\"fusion-rollover-content\">\n\n\t\t\t\t\n\t\t\n\t\t\t\t\t\t\t\t\t\t\t\t<h4 class=\"fusion-rollover-title\">\n\t\t\t\t\t<a class=\"fusion-rollover-title-link\" href=\"https:\/\/intelsynet.com\/es\/amazon-apuesta-por-electrificar-y-descarbonizar-su-red-de-transporte-en-toda-europa\/\">\n\t\t\t\t\t\tAmazon apuesta por electrificar y descarbonizar su red de transporte en toda Europa\t\t\t\t\t<\/a>\n\t\t\t\t<\/h4>\n\t\t\t\n\t\t\t\t\t\t\t\t\n\t\t\n\t\t\t\t\t\t<a class=\"fusion-link-wrapper\" href=\"https:\/\/intelsynet.com\/es\/amazon-apuesta-por-electrificar-y-descarbonizar-su-red-de-transporte-en-toda-europa\/\" aria-label=\"Amazon apuesta por electrificar y descarbonizar su red de transporte en toda Europa\"><\/a>\n\t<\/div>\n<\/div>\n<\/div>\n<\/li>\n\t\t\t\n\t\t\t\n\t\t\t\t\t\t\t\t<\/ul>\n\t<\/div>\n\t<div class=\"fusion-post-content-wrapper\" style=\"padding:30px 25px 20px 25px;\"><div class=\"fusion-post-content post-content\"><h2 class=\"blog-shortcode-post-title entry-title\"><a href=\"https:\/\/intelsynet.com\/es\/amazon-apuesta-por-electrificar-y-descarbonizar-su-red-de-transporte-en-toda-europa\/\">Amazon apuesta por electrificar y descarbonizar su red de transporte en toda Europa<\/a><\/h2><\/div><\/div><div class=\"fusion-clearfix\"><\/div><\/div>\n<\/article>\n<article id=\"blog-1-post-3087\" class=\"fusion-post-grid post-3087 post type-post status-publish format-standard has-post-thumbnail hentry category-nuestros-articulos category-geopolitica category-sostenibilidad tag-colaboracion tag-emobility tag-energia tag-energy tag-gas-natural tag-hidrogeno-verde tag-infraestructura tag-logicaeconomica tag-renewables tag-sostenibilidad tag-transporte\">\n<div class=\"fusion-post-wrapper\" style=\"background-color:rgba(255,255,255,0);border:1px solid #e8e8e8;border-bottom-width:3px;\">\n\n\t\t\t<div class=\"fusion-flexslider flexslider fusion-flexslider-loading fusion-post-slideshow\" style=\"border-color:#e8e8e8;\">\n\t\t<ul class=\"slides\">\n\t\t\t\n\t\t\t\t\t\t\t\t\t\t\t\t\t\t<li><div  class=\"fusion-image-wrapper\" aria-haspopup=\"true\">\n\t\t\t\t<img decoding=\"async\" width=\"850\" height=\"574\" data-src=\"https:\/\/intelsynet.com\/wp-content\/uploads\/2022\/10\/European-Hydrogen-Backbone.jpg\" class=\"attachment-full size-full wp-post-image lazyload\" alt=\"European Hydrogen Backbone\" data-srcset=\"https:\/\/intelsynet.com\/wp-content\/uploads\/2022\/10\/European-Hydrogen-Backbone-200x135.jpg 200w, https:\/\/intelsynet.com\/wp-content\/uploads\/2022\/10\/European-Hydrogen-Backbone-400x270.jpg 400w, https:\/\/intelsynet.com\/wp-content\/uploads\/2022\/10\/European-Hydrogen-Backbone-600x405.jpg 600w, https:\/\/intelsynet.com\/wp-content\/uploads\/2022\/10\/European-Hydrogen-Backbone-800x540.jpg 800w, https:\/\/intelsynet.com\/wp-content\/uploads\/2022\/10\/European-Hydrogen-Backbone.jpg 850w\" data-sizes=\"(min-width: 2200px) 100vw, (min-width: 784px) 363px, (min-width: 712px) 545px, (min-width: 640px) 712px,\" src=\"data:image\/svg+xml;base64,PHN2ZyB3aWR0aD0iMSIgaGVpZ2h0PSIxIiB4bWxucz0iaHR0cDovL3d3dy53My5vcmcvMjAwMC9zdmciPjwvc3ZnPg==\" style=\"--smush-placeholder-width: 850px; --smush-placeholder-aspect-ratio: 850\/574;\" \/><div class=\"fusion-rollover\">\n\t<div class=\"fusion-rollover-content\">\n\n\t\t\t\t\n\t\t\n\t\t\t\t\t\t\t\t\t\t\t\t<h4 class=\"fusion-rollover-title\">\n\t\t\t\t\t<a class=\"fusion-rollover-title-link\" href=\"https:\/\/intelsynet.com\/es\/the-european-hydrogen-backbone-ehb\/\">\n\t\t\t\t\t\tThe European Hydrogen Backbone (EHB)\t\t\t\t\t<\/a>\n\t\t\t\t<\/h4>\n\t\t\t\n\t\t\t\t\t\t\t\t\n\t\t\n\t\t\t\t\t\t<a class=\"fusion-link-wrapper\" href=\"https:\/\/intelsynet.com\/es\/the-european-hydrogen-backbone-ehb\/\" aria-label=\"The European Hydrogen Backbone (EHB)\"><\/a>\n\t<\/div>\n<\/div>\n<\/div>\n<\/li>\n\t\t\t\n\t\t\t\n\t\t\t\t\t\t\t\t<\/ul>\n\t<\/div>\n\t<div class=\"fusion-post-content-wrapper\" style=\"padding:30px 25px 20px 25px;\"><div class=\"fusion-post-content post-content\"><h2 class=\"blog-shortcode-post-title entry-title\"><a href=\"https:\/\/intelsynet.com\/es\/the-european-hydrogen-backbone-ehb\/\">The European Hydrogen Backbone (EHB)<\/a><\/h2><\/div><\/div><div class=\"fusion-clearfix\"><\/div><\/div>\n<\/article>\n<article id=\"blog-1-post-3071\" class=\"fusion-post-grid post-3071 post type-post status-publish format-standard has-post-thumbnail hentry category-nuestros-articulos category-sostenibilidad tag-electrolizadores tag-emobility tag-energia tag-h2 tag-hidrogeno-verde tag-logicaeconomica tag-solar tag-sostenibilidadambiental tag-tecnologia tag-termica\">\n<div class=\"fusion-post-wrapper\" style=\"background-color:rgba(255,255,255,0);border:1px solid #e8e8e8;border-bottom-width:3px;\">\n\n\t\t\t<div class=\"fusion-flexslider flexslider fusion-flexslider-loading fusion-post-slideshow\" style=\"border-color:#e8e8e8;\">\n\t\t<ul class=\"slides\">\n\t\t\t\n\t\t\t\t\t\t\t\t\t\t\t\t\t\t<li><div  class=\"fusion-image-wrapper\" aria-haspopup=\"true\">\n\t\t\t\t<img decoding=\"async\" width=\"993\" height=\"630\" data-src=\"https:\/\/intelsynet.com\/wp-content\/uploads\/2022\/10\/1664875334029.jpg\" class=\"attachment-full size-full wp-post-image lazyload\" alt=\"\" data-srcset=\"https:\/\/intelsynet.com\/wp-content\/uploads\/2022\/10\/1664875334029-200x127.jpg 200w, https:\/\/intelsynet.com\/wp-content\/uploads\/2022\/10\/1664875334029-400x254.jpg 400w, https:\/\/intelsynet.com\/wp-content\/uploads\/2022\/10\/1664875334029-600x381.jpg 600w, https:\/\/intelsynet.com\/wp-content\/uploads\/2022\/10\/1664875334029-800x508.jpg 800w, https:\/\/intelsynet.com\/wp-content\/uploads\/2022\/10\/1664875334029.jpg 993w\" data-sizes=\"(min-width: 2200px) 100vw, (min-width: 784px) 363px, (min-width: 712px) 545px, (min-width: 640px) 712px,\" src=\"data:image\/svg+xml;base64,PHN2ZyB3aWR0aD0iMSIgaGVpZ2h0PSIxIiB4bWxucz0iaHR0cDovL3d3dy53My5vcmcvMjAwMC9zdmciPjwvc3ZnPg==\" style=\"--smush-placeholder-width: 993px; --smush-placeholder-aspect-ratio: 993\/630;\" \/><div class=\"fusion-rollover\">\n\t<div class=\"fusion-rollover-content\">\n\n\t\t\t\t\n\t\t\n\t\t\t\t\t\t\t\t\t\t\t\t<h4 class=\"fusion-rollover-title\">\n\t\t\t\t\t<a class=\"fusion-rollover-title-link\" href=\"https:\/\/intelsynet.com\/es\/3071-2\/\">\n\t\t\t\t\t\tHEVO: hidr\u00f3geno verde basado en tecnolog\u00eda fotovoltaica concentrada\t\t\t\t\t<\/a>\n\t\t\t\t<\/h4>\n\t\t\t\n\t\t\t\t\t\t\t\t\n\t\t\n\t\t\t\t\t\t<a class=\"fusion-link-wrapper\" href=\"https:\/\/intelsynet.com\/es\/3071-2\/\" aria-label=\"HEVO: hidr\u00f3geno verde basado en tecnolog\u00eda fotovoltaica concentrada\"><\/a>\n\t<\/div>\n<\/div>\n<\/div>\n<\/li>\n\t\t\t\n\t\t\t\n\t\t\t\t\t\t\t\t<\/ul>\n\t<\/div>\n\t<div class=\"fusion-post-content-wrapper\" style=\"padding:30px 25px 20px 25px;\"><div class=\"fusion-post-content post-content\"><h2 class=\"blog-shortcode-post-title entry-title\"><a href=\"https:\/\/intelsynet.com\/es\/3071-2\/\">HEVO: hidr\u00f3geno verde basado en tecnolog\u00eda fotovoltaica concentrada<\/a><\/h2><\/div><\/div><div class=\"fusion-clearfix\"><\/div><\/div>\n<\/article>\n<article id=\"blog-1-post-3076\" class=\"fusion-post-grid post-3076 post type-post status-publish format-standard has-post-thumbnail hentry category-nuestros-articulos category-sostenibilidad tag-emobility tag-energia tag-estrategia tag-materiasprimas\">\n<div class=\"fusion-post-wrapper\" style=\"background-color:rgba(255,255,255,0);border:1px solid #e8e8e8;border-bottom-width:3px;\">\n\n\t\t\t<div class=\"fusion-flexslider flexslider fusion-flexslider-loading fusion-post-slideshow\" style=\"border-color:#e8e8e8;\">\n\t\t<ul class=\"slides\">\n\t\t\t\n\t\t\t\t\t\t\t\t\t\t\t\t\t\t<li><div  class=\"fusion-image-wrapper\" aria-haspopup=\"true\">\n\t\t\t\t<img decoding=\"async\" width=\"789\" height=\"478\" data-src=\"https:\/\/intelsynet.com\/wp-content\/uploads\/2022\/10\/Materiales-almacenamiento-energetico.jpg\" class=\"attachment-full size-full wp-post-image lazyload\" alt=\"Materiales almacenamiento energ\u00e9tico\" data-srcset=\"https:\/\/intelsynet.com\/wp-content\/uploads\/2022\/10\/Materiales-almacenamiento-energetico-200x121.jpg 200w, https:\/\/intelsynet.com\/wp-content\/uploads\/2022\/10\/Materiales-almacenamiento-energetico-400x242.jpg 400w, https:\/\/intelsynet.com\/wp-content\/uploads\/2022\/10\/Materiales-almacenamiento-energetico-600x363.jpg 600w, https:\/\/intelsynet.com\/wp-content\/uploads\/2022\/10\/Materiales-almacenamiento-energetico.jpg 789w\" data-sizes=\"(min-width: 2200px) 100vw, (min-width: 784px) 363px, (min-width: 712px) 545px, (min-width: 640px) 712px,\" src=\"data:image\/svg+xml;base64,PHN2ZyB3aWR0aD0iMSIgaGVpZ2h0PSIxIiB4bWxucz0iaHR0cDovL3d3dy53My5vcmcvMjAwMC9zdmciPjwvc3ZnPg==\" style=\"--smush-placeholder-width: 789px; --smush-placeholder-aspect-ratio: 789\/478;\" \/><div class=\"fusion-rollover\">\n\t<div class=\"fusion-rollover-content\">\n\n\t\t\t\t\n\t\t\n\t\t\t\t\t\t\t\t\t\t\t\t<h4 class=\"fusion-rollover-title\">\n\t\t\t\t\t<a class=\"fusion-rollover-title-link\" href=\"https:\/\/intelsynet.com\/es\/previsiones-en-la-produccion-de-minerales-vinculados-al-almacenamiento-energetico\/\">\n\t\t\t\t\t\tPrevisiones en la producci\u00f3n de minerales vinculados al almacenamiento energ\u00e9tico\t\t\t\t\t<\/a>\n\t\t\t\t<\/h4>\n\t\t\t\n\t\t\t\t\t\t\t\t\n\t\t\n\t\t\t\t\t\t<a class=\"fusion-link-wrapper\" href=\"https:\/\/intelsynet.com\/es\/previsiones-en-la-produccion-de-minerales-vinculados-al-almacenamiento-energetico\/\" aria-label=\"Previsiones en la producci\u00f3n de minerales vinculados al almacenamiento energ\u00e9tico\"><\/a>\n\t<\/div>\n<\/div>\n<\/div>\n<\/li>\n\t\t\t\n\t\t\t\n\t\t\t\t\t\t\t\t<\/ul>\n\t<\/div>\n\t<div class=\"fusion-post-content-wrapper\" style=\"padding:30px 25px 20px 25px;\"><div class=\"fusion-post-content post-content\"><h2 class=\"blog-shortcode-post-title entry-title\"><a href=\"https:\/\/intelsynet.com\/es\/previsiones-en-la-produccion-de-minerales-vinculados-al-almacenamiento-energetico\/\">Previsiones en la producci\u00f3n de minerales vinculados al almacenamiento energ\u00e9tico<\/a><\/h2><\/div><\/div><div class=\"fusion-clearfix\"><\/div><\/div>\n<\/article>\n<article id=\"blog-1-post-3104\" class=\"fusion-post-grid post-3104 post type-post status-publish format-standard has-post-thumbnail hentry category-nuestros-articulos category-gestion-de-riesgos category-sostenibilidad tag-emobility tag-gestion-de-riesgos tag-logicaeconomica tag-sostenibilidad\">\n<div class=\"fusion-post-wrapper\" style=\"background-color:rgba(255,255,255,0);border:1px solid #e8e8e8;border-bottom-width:3px;\">\n\n\t\t\t<div class=\"fusion-flexslider flexslider fusion-flexslider-loading fusion-post-slideshow\" style=\"border-color:#e8e8e8;\">\n\t\t<ul class=\"slides\">\n\t\t\t\n\t\t\t\t\t\t\t\t\t\t\t\t\t\t<li><div  class=\"fusion-image-wrapper\" aria-haspopup=\"true\">\n\t\t\t\t<img decoding=\"async\" width=\"980\" height=\"653\" data-src=\"https:\/\/intelsynet.com\/wp-content\/uploads\/2022\/10\/Cambio-climatico-23.jpg\" class=\"attachment-full size-full wp-post-image lazyload\" alt=\"Los riesgos del cambio clim\u00e1tico\" data-srcset=\"https:\/\/intelsynet.com\/wp-content\/uploads\/2022\/10\/Cambio-climatico-23-200x133.jpg 200w, https:\/\/intelsynet.com\/wp-content\/uploads\/2022\/10\/Cambio-climatico-23-400x267.jpg 400w, https:\/\/intelsynet.com\/wp-content\/uploads\/2022\/10\/Cambio-climatico-23-600x400.jpg 600w, https:\/\/intelsynet.com\/wp-content\/uploads\/2022\/10\/Cambio-climatico-23-800x533.jpg 800w, https:\/\/intelsynet.com\/wp-content\/uploads\/2022\/10\/Cambio-climatico-23.jpg 980w\" data-sizes=\"(min-width: 2200px) 100vw, (min-width: 784px) 363px, (min-width: 712px) 545px, (min-width: 640px) 712px,\" src=\"data:image\/svg+xml;base64,PHN2ZyB3aWR0aD0iMSIgaGVpZ2h0PSIxIiB4bWxucz0iaHR0cDovL3d3dy53My5vcmcvMjAwMC9zdmciPjwvc3ZnPg==\" style=\"--smush-placeholder-width: 980px; --smush-placeholder-aspect-ratio: 980\/653;\" \/><div class=\"fusion-rollover\">\n\t<div class=\"fusion-rollover-content\">\n\n\t\t\t\t\n\t\t\n\t\t\t\t\t\t\t\t\t\t\t\t<h4 class=\"fusion-rollover-title\">\n\t\t\t\t\t<a class=\"fusion-rollover-title-link\" href=\"https:\/\/intelsynet.com\/es\/los-riesgos-asociados-al-cambio-climatico\/\">\n\t\t\t\t\t\tLos riesgos asociados al cambio clim\u00e1tico\t\t\t\t\t<\/a>\n\t\t\t\t<\/h4>\n\t\t\t\n\t\t\t\t\t\t\t\t\n\t\t\n\t\t\t\t\t\t<a class=\"fusion-link-wrapper\" href=\"https:\/\/intelsynet.com\/es\/los-riesgos-asociados-al-cambio-climatico\/\" aria-label=\"Los riesgos asociados al cambio clim\u00e1tico\"><\/a>\n\t<\/div>\n<\/div>\n<\/div>\n<\/li>\n\t\t\t\n\t\t\t\n\t\t\t\t\t\t\t\t<\/ul>\n\t<\/div>\n\t<div class=\"fusion-post-content-wrapper\" style=\"padding:30px 25px 20px 25px;\"><div class=\"fusion-post-content post-content\"><h2 class=\"blog-shortcode-post-title entry-title\"><a href=\"https:\/\/intelsynet.com\/es\/los-riesgos-asociados-al-cambio-climatico\/\">Los riesgos asociados al cambio clim\u00e1tico<\/a><\/h2><\/div><\/div><div class=\"fusion-clearfix\"><\/div><\/div>\n<\/article>\n<article id=\"blog-1-post-3139\" class=\"fusion-post-grid post-3139 post type-post status-publish format-standard has-post-thumbnail hentry category-nuestros-articulos category-sostenibilidad tag-colaboracion tag-economia-circular tag-emobility tag-logicaeconomica tag-materiasprimas tag-tecnologia\">\n<div class=\"fusion-post-wrapper\" style=\"background-color:rgba(255,255,255,0);border:1px solid #e8e8e8;border-bottom-width:3px;\">\n\n\t\t\t<div class=\"fusion-flexslider flexslider fusion-flexslider-loading fusion-post-slideshow\" style=\"border-color:#e8e8e8;\">\n\t\t<ul class=\"slides\">\n\t\t\t\n\t\t\t\t\t\t\t\t\t\t\t\t\t\t<li><div  class=\"fusion-image-wrapper\" aria-haspopup=\"true\">\n\t\t\t\t<img decoding=\"async\" width=\"1050\" height=\"729\" data-src=\"https:\/\/intelsynet.com\/wp-content\/uploads\/2022\/10\/Colaboracion2344.jpg\" class=\"attachment-full size-full wp-post-image lazyload\" alt=\"\" data-srcset=\"https:\/\/intelsynet.com\/wp-content\/uploads\/2022\/10\/Colaboracion2344-200x139.jpg 200w, https:\/\/intelsynet.com\/wp-content\/uploads\/2022\/10\/Colaboracion2344-400x278.jpg 400w, https:\/\/intelsynet.com\/wp-content\/uploads\/2022\/10\/Colaboracion2344-600x417.jpg 600w, https:\/\/intelsynet.com\/wp-content\/uploads\/2022\/10\/Colaboracion2344-800x555.jpg 800w, https:\/\/intelsynet.com\/wp-content\/uploads\/2022\/10\/Colaboracion2344.jpg 1050w\" data-sizes=\"(min-width: 2200px) 100vw, (min-width: 784px) 363px, (min-width: 712px) 545px, (min-width: 640px) 712px,\" src=\"data:image\/svg+xml;base64,PHN2ZyB3aWR0aD0iMSIgaGVpZ2h0PSIxIiB4bWxucz0iaHR0cDovL3d3dy53My5vcmcvMjAwMC9zdmciPjwvc3ZnPg==\" style=\"--smush-placeholder-width: 1050px; --smush-placeholder-aspect-ratio: 1050\/729;\" \/><div class=\"fusion-rollover\">\n\t<div class=\"fusion-rollover-content\">\n\n\t\t\t\t\n\t\t\n\t\t\t\t\t\t\t\t\t\t\t\t<h4 class=\"fusion-rollover-title\">\n\t\t\t\t\t<a class=\"fusion-rollover-title-link\" href=\"https:\/\/intelsynet.com\/es\/umicore-y-la-filial-de-volkswagen-ag-unidos-en-joint-venture-jv-para-establecer-una-cadena-de-suministro-a-gran-escala-de-baterias-sostenibles\/\">\n\t\t\t\t\t\tUmicore y la filial de\u00a0Volkswagen AG\u00a0unidos en joint venture (JV) para establecer una cadena de suministro a gran escala de bater\u00edas sostenibles\t\t\t\t\t<\/a>\n\t\t\t\t<\/h4>\n\t\t\t\n\t\t\t\t\t\t\t\t\n\t\t\n\t\t\t\t\t\t<a class=\"fusion-link-wrapper\" href=\"https:\/\/intelsynet.com\/es\/umicore-y-la-filial-de-volkswagen-ag-unidos-en-joint-venture-jv-para-establecer-una-cadena-de-suministro-a-gran-escala-de-baterias-sostenibles\/\" aria-label=\"Umicore y la filial de\u00a0Volkswagen AG\u00a0unidos en joint venture (JV) para establecer una cadena de suministro a gran escala de bater\u00edas sostenibles\"><\/a>\n\t<\/div>\n<\/div>\n<\/div>\n<\/li>\n\t\t\t\n\t\t\t\n\t\t\t\t\t\t\t\t<\/ul>\n\t<\/div>\n\t<div class=\"fusion-post-content-wrapper\" style=\"padding:30px 25px 20px 25px;\"><div class=\"fusion-post-content post-content\"><h2 class=\"blog-shortcode-post-title entry-title\"><a href=\"https:\/\/intelsynet.com\/es\/umicore-y-la-filial-de-volkswagen-ag-unidos-en-joint-venture-jv-para-establecer-una-cadena-de-suministro-a-gran-escala-de-baterias-sostenibles\/\">Umicore y la filial de\u00a0Volkswagen AG\u00a0unidos en joint venture (JV) para establecer una cadena de suministro a gran escala de bater\u00edas sostenibles<\/a><\/h2><\/div><\/div><div class=\"fusion-clearfix\"><\/div><\/div>\n<\/article>\n<article id=\"blog-1-post-3144\" class=\"fusion-post-grid post-3144 post type-post status-publish format-standard has-post-thumbnail hentry category-nuestros-articulos category-sostenibilidad tag-acero-verde tag-emobility tag-energias-renovables tag-energy tag-fotovoltaica tag-logicaeconomica tag-sostenibilidadambiental\">\n<div class=\"fusion-post-wrapper\" style=\"background-color:rgba(255,255,255,0);border:1px solid #e8e8e8;border-bottom-width:3px;\">\n\n\t\t\t<div class=\"fusion-flexslider flexslider fusion-flexslider-loading fusion-post-slideshow\" style=\"border-color:#e8e8e8;\">\n\t\t<ul class=\"slides\">\n\t\t\t\n\t\t\t\t\t\t\t\t\t\t\t\t\t\t<li><div  class=\"fusion-image-wrapper\" aria-haspopup=\"true\">\n\t\t\t\t<img decoding=\"async\" width=\"957\" height=\"634\" data-src=\"https:\/\/intelsynet.com\/wp-content\/uploads\/2022\/10\/Acero-verde-demanda.jpg\" class=\"attachment-full size-full wp-post-image lazyload\" alt=\"\" data-srcset=\"https:\/\/intelsynet.com\/wp-content\/uploads\/2022\/10\/Acero-verde-demanda-200x132.jpg 200w, https:\/\/intelsynet.com\/wp-content\/uploads\/2022\/10\/Acero-verde-demanda-400x265.jpg 400w, https:\/\/intelsynet.com\/wp-content\/uploads\/2022\/10\/Acero-verde-demanda-600x397.jpg 600w, https:\/\/intelsynet.com\/wp-content\/uploads\/2022\/10\/Acero-verde-demanda-800x530.jpg 800w, https:\/\/intelsynet.com\/wp-content\/uploads\/2022\/10\/Acero-verde-demanda.jpg 957w\" data-sizes=\"(min-width: 2200px) 100vw, (min-width: 784px) 363px, (min-width: 712px) 545px, (min-width: 640px) 712px,\" src=\"data:image\/svg+xml;base64,PHN2ZyB3aWR0aD0iMSIgaGVpZ2h0PSIxIiB4bWxucz0iaHR0cDovL3d3dy53My5vcmcvMjAwMC9zdmciPjwvc3ZnPg==\" style=\"--smush-placeholder-width: 957px; --smush-placeholder-aspect-ratio: 957\/634;\" \/><div class=\"fusion-rollover\">\n\t<div class=\"fusion-rollover-content\">\n\n\t\t\t\t\n\t\t\n\t\t\t\t\t\t\t\t\t\t\t\t<h4 class=\"fusion-rollover-title\">\n\t\t\t\t\t<a class=\"fusion-rollover-title-link\" href=\"https:\/\/intelsynet.com\/es\/la-demanda-de-acero-verde-ese-dispara-a-nivel-mundial-liderada-por-los-fabricantes-de-automoviles-europeos\/\">\n\t\t\t\t\t\tLa demanda de acero verde ese dispara a nivel mundial, liderada por los fabricantes de autom\u00f3viles europeos\t\t\t\t\t<\/a>\n\t\t\t\t<\/h4>\n\t\t\t\n\t\t\t\t\t\t\t\t\n\t\t\n\t\t\t\t\t\t<a class=\"fusion-link-wrapper\" href=\"https:\/\/intelsynet.com\/es\/la-demanda-de-acero-verde-ese-dispara-a-nivel-mundial-liderada-por-los-fabricantes-de-automoviles-europeos\/\" aria-label=\"La demanda de acero verde ese dispara a nivel mundial, liderada por los fabricantes de autom\u00f3viles europeos\"><\/a>\n\t<\/div>\n<\/div>\n<\/div>\n<\/li>\n\t\t\t\n\t\t\t\n\t\t\t\t\t\t\t\t<\/ul>\n\t<\/div>\n\t<div class=\"fusion-post-content-wrapper\" style=\"padding:30px 25px 20px 25px;\"><div class=\"fusion-post-content post-content\"><h2 class=\"blog-shortcode-post-title entry-title\"><a href=\"https:\/\/intelsynet.com\/es\/la-demanda-de-acero-verde-ese-dispara-a-nivel-mundial-liderada-por-los-fabricantes-de-automoviles-europeos\/\">La demanda de acero verde ese dispara a nivel mundial, liderada por los fabricantes de autom\u00f3viles europeos<\/a><\/h2><\/div><\/div><div class=\"fusion-clearfix\"><\/div><\/div>\n<\/article>\n<article id=\"blog-1-post-3148\" class=\"fusion-post-grid post-3148 post type-post status-publish format-standard has-post-thumbnail hentry category-nuestros-articulos category-geopolitica category-sostenibilidad tag-emobility tag-energia tag-energy tag-geopolitica tag-logicaeconomica tag-sostenibilidadambiental\">\n<div class=\"fusion-post-wrapper\" style=\"background-color:rgba(255,255,255,0);border:1px solid #e8e8e8;border-bottom-width:3px;\">\n\n\t\t\t<div class=\"fusion-flexslider flexslider fusion-flexslider-loading fusion-post-slideshow\" style=\"border-color:#e8e8e8;\">\n\t\t<ul class=\"slides\">\n\t\t\t\n\t\t\t\t\t\t\t\t\t\t\t\t\t\t<li><div  class=\"fusion-image-wrapper\" aria-haspopup=\"true\">\n\t\t\t\t<img decoding=\"async\" width=\"957\" height=\"634\" data-src=\"https:\/\/intelsynet.com\/wp-content\/uploads\/2022\/10\/Arabia-Saudi-del-Hidrogeno-Verde.jpg\" class=\"attachment-full size-full wp-post-image lazyload\" alt=\"\" data-srcset=\"https:\/\/intelsynet.com\/wp-content\/uploads\/2022\/10\/Arabia-Saudi-del-Hidrogeno-Verde-200x132.jpg 200w, https:\/\/intelsynet.com\/wp-content\/uploads\/2022\/10\/Arabia-Saudi-del-Hidrogeno-Verde-400x265.jpg 400w, https:\/\/intelsynet.com\/wp-content\/uploads\/2022\/10\/Arabia-Saudi-del-Hidrogeno-Verde-600x397.jpg 600w, https:\/\/intelsynet.com\/wp-content\/uploads\/2022\/10\/Arabia-Saudi-del-Hidrogeno-Verde-800x530.jpg 800w, https:\/\/intelsynet.com\/wp-content\/uploads\/2022\/10\/Arabia-Saudi-del-Hidrogeno-Verde.jpg 957w\" data-sizes=\"(min-width: 2200px) 100vw, (min-width: 784px) 363px, (min-width: 712px) 545px, (min-width: 640px) 712px,\" src=\"data:image\/svg+xml;base64,PHN2ZyB3aWR0aD0iMSIgaGVpZ2h0PSIxIiB4bWxucz0iaHR0cDovL3d3dy53My5vcmcvMjAwMC9zdmciPjwvc3ZnPg==\" style=\"--smush-placeholder-width: 957px; --smush-placeholder-aspect-ratio: 957\/634;\" \/><div class=\"fusion-rollover\">\n\t<div class=\"fusion-rollover-content\">\n\n\t\t\t\t\n\t\t\n\t\t\t\t\t\t\t\t\t\t\t\t<h4 class=\"fusion-rollover-title\">\n\t\t\t\t\t<a class=\"fusion-rollover-title-link\" href=\"https:\/\/intelsynet.com\/es\/el-vii-foro-de-energia-repower-eu\/\">\n\t\t\t\t\t\tEl\u00a0VII Foro de Energ\u00eda Repower EU\t\t\t\t\t<\/a>\n\t\t\t\t<\/h4>\n\t\t\t\n\t\t\t\t\t\t\t\t\n\t\t\n\t\t\t\t\t\t<a class=\"fusion-link-wrapper\" href=\"https:\/\/intelsynet.com\/es\/el-vii-foro-de-energia-repower-eu\/\" aria-label=\"El\u00a0VII Foro de Energ\u00eda Repower EU\"><\/a>\n\t<\/div>\n<\/div>\n<\/div>\n<\/li>\n\t\t\t\n\t\t\t\n\t\t\t\t\t\t\t\t<\/ul>\n\t<\/div>\n\t<div class=\"fusion-post-content-wrapper\" style=\"padding:30px 25px 20px 25px;\"><div class=\"fusion-post-content post-content\"><h2 class=\"blog-shortcode-post-title entry-title\"><a href=\"https:\/\/intelsynet.com\/es\/el-vii-foro-de-energia-repower-eu\/\">El\u00a0VII Foro de Energ\u00eda Repower EU<\/a><\/h2><\/div><\/div><div class=\"fusion-clearfix\"><\/div><\/div>\n<\/article>\n<article id=\"blog-1-post-3151\" class=\"fusion-post-grid post-3151 post type-post status-publish format-standard has-post-thumbnail hentry category-nuestros-articulos category-sostenibilidad tag-descarbonizacion tag-emobility tag-energia tag-energy tag-innovacion tag-logicaeconomica tag-sostenibilidad tag-sostenibilidadambiental tag-tecnologia tag-transporte\">\n<div class=\"fusion-post-wrapper\" style=\"background-color:rgba(255,255,255,0);border:1px solid #e8e8e8;border-bottom-width:3px;\">\n\n\t\t\t<div class=\"fusion-flexslider flexslider fusion-flexslider-loading fusion-post-slideshow\" style=\"border-color:#e8e8e8;\">\n\t\t<ul class=\"slides\">\n\t\t\t\n\t\t\t\t\t\t\t\t\t\t\t\t\t\t<li><div  class=\"fusion-image-wrapper\" aria-haspopup=\"true\">\n\t\t\t\t<img decoding=\"async\" width=\"1200\" height=\"675\" data-src=\"https:\/\/intelsynet.com\/wp-content\/uploads\/2022\/10\/el-futuro-verde-ferroviario-los-trenes-de-hidrogeno.jpg\" class=\"attachment-full size-full wp-post-image lazyload\" alt=\"el futuro verde ferroviario: los trenes de hidr\u00f3geno\" data-srcset=\"https:\/\/intelsynet.com\/wp-content\/uploads\/2022\/10\/el-futuro-verde-ferroviario-los-trenes-de-hidrogeno-200x113.jpg 200w, https:\/\/intelsynet.com\/wp-content\/uploads\/2022\/10\/el-futuro-verde-ferroviario-los-trenes-de-hidrogeno-400x225.jpg 400w, https:\/\/intelsynet.com\/wp-content\/uploads\/2022\/10\/el-futuro-verde-ferroviario-los-trenes-de-hidrogeno-600x338.jpg 600w, https:\/\/intelsynet.com\/wp-content\/uploads\/2022\/10\/el-futuro-verde-ferroviario-los-trenes-de-hidrogeno-800x450.jpg 800w, https:\/\/intelsynet.com\/wp-content\/uploads\/2022\/10\/el-futuro-verde-ferroviario-los-trenes-de-hidrogeno.jpg 1200w\" data-sizes=\"(min-width: 2200px) 100vw, (min-width: 784px) 363px, (min-width: 712px) 545px, (min-width: 640px) 712px,\" src=\"data:image\/svg+xml;base64,PHN2ZyB3aWR0aD0iMSIgaGVpZ2h0PSIxIiB4bWxucz0iaHR0cDovL3d3dy53My5vcmcvMjAwMC9zdmciPjwvc3ZnPg==\" style=\"--smush-placeholder-width: 1200px; --smush-placeholder-aspect-ratio: 1200\/675;\" \/><div class=\"fusion-rollover\">\n\t<div class=\"fusion-rollover-content\">\n\n\t\t\t\t\n\t\t\n\t\t\t\t\t\t\t\t\t\t\t\t<h4 class=\"fusion-rollover-title\">\n\t\t\t\t\t<a class=\"fusion-rollover-title-link\" href=\"https:\/\/intelsynet.com\/es\/el-futuro-verde-ferroviario-el-primer-tren-de-hidrogeno-se-ha-inaugurado-en-alemania\/\">\n\t\t\t\t\t\tEl futuro verde ferroviario: el primer tren de hidr\u00f3geno se ha inaugurado en Alemania\t\t\t\t\t<\/a>\n\t\t\t\t<\/h4>\n\t\t\t\n\t\t\t\t\t\t\t\t\n\t\t\n\t\t\t\t\t\t<a class=\"fusion-link-wrapper\" href=\"https:\/\/intelsynet.com\/es\/el-futuro-verde-ferroviario-el-primer-tren-de-hidrogeno-se-ha-inaugurado-en-alemania\/\" aria-label=\"El futuro verde ferroviario: el primer tren de hidr\u00f3geno se ha inaugurado en Alemania\"><\/a>\n\t<\/div>\n<\/div>\n<\/div>\n<\/li>\n\t\t\t\n\t\t\t\n\t\t\t\t\t\t\t\t<\/ul>\n\t<\/div>\n\t<div class=\"fusion-post-content-wrapper\" style=\"padding:30px 25px 20px 25px;\"><div class=\"fusion-post-content post-content\"><h2 class=\"blog-shortcode-post-title entry-title\"><a href=\"https:\/\/intelsynet.com\/es\/el-futuro-verde-ferroviario-el-primer-tren-de-hidrogeno-se-ha-inaugurado-en-alemania\/\">El futuro verde ferroviario: el primer tren de hidr\u00f3geno se ha inaugurado en Alemania<\/a><\/h2><\/div><\/div><div class=\"fusion-clearfix\"><\/div><\/div>\n<\/article>\n<article id=\"blog-1-post-3155\" class=\"fusion-post-grid post-3155 post type-post status-publish format-standard has-post-thumbnail hentry category-nuestros-articulos category-gestion-de-riesgos tag-economia tag-etica tag-gestion-de-riesgos tag-ia tag-inteligencia-artificial tag-logicaeconomica tag-privacidad tag-reconocimiento-facial\">\n<div class=\"fusion-post-wrapper\" style=\"background-color:rgba(255,255,255,0);border:1px solid #e8e8e8;border-bottom-width:3px;\">\n\n\t\t\t<div class=\"fusion-flexslider flexslider fusion-flexslider-loading fusion-post-slideshow\" style=\"border-color:#e8e8e8;\">\n\t\t<ul class=\"slides\">\n\t\t\t\n\t\t\t\t\t\t\t\t\t\t\t\t\t\t<li><div  class=\"fusion-image-wrapper\" aria-haspopup=\"true\">\n\t\t\t\t<img decoding=\"async\" width=\"1080\" height=\"675\" data-src=\"https:\/\/intelsynet.com\/wp-content\/uploads\/2022\/11\/Riesgos-eticos-de-la-AI-laboral.jpg\" class=\"attachment-full size-full wp-post-image lazyload\" alt=\"Riesgos-\u00e9ticos-de-la-AI-laboral\" data-srcset=\"https:\/\/intelsynet.com\/wp-content\/uploads\/2022\/11\/Riesgos-eticos-de-la-AI-laboral-200x125.jpg 200w, https:\/\/intelsynet.com\/wp-content\/uploads\/2022\/11\/Riesgos-eticos-de-la-AI-laboral-400x250.jpg 400w, https:\/\/intelsynet.com\/wp-content\/uploads\/2022\/11\/Riesgos-eticos-de-la-AI-laboral-600x375.jpg 600w, https:\/\/intelsynet.com\/wp-content\/uploads\/2022\/11\/Riesgos-eticos-de-la-AI-laboral-800x500.jpg 800w, https:\/\/intelsynet.com\/wp-content\/uploads\/2022\/11\/Riesgos-eticos-de-la-AI-laboral.jpg 1080w\" data-sizes=\"(min-width: 2200px) 100vw, (min-width: 784px) 363px, (min-width: 712px) 545px, (min-width: 640px) 712px,\" src=\"data:image\/svg+xml;base64,PHN2ZyB3aWR0aD0iMSIgaGVpZ2h0PSIxIiB4bWxucz0iaHR0cDovL3d3dy53My5vcmcvMjAwMC9zdmciPjwvc3ZnPg==\" style=\"--smush-placeholder-width: 1080px; --smush-placeholder-aspect-ratio: 1080\/675;\" \/><div class=\"fusion-rollover\">\n\t<div class=\"fusion-rollover-content\">\n\n\t\t\t\t\n\t\t\n\t\t\t\t\t\t\t\t\t\t\t\t<h4 class=\"fusion-rollover-title\">\n\t\t\t\t\t<a class=\"fusion-rollover-title-link\" href=\"https:\/\/intelsynet.com\/es\/riesgos-eticos-sobre-el-uso-de-la-ia-en-el-entorno-laboral\/\">\n\t\t\t\t\t\tRiesgos \u00e9ticos sobre el uso de la IA en el entorno laboral\t\t\t\t\t<\/a>\n\t\t\t\t<\/h4>\n\t\t\t\n\t\t\t\t\t\t\t\t\n\t\t\n\t\t\t\t\t\t<a class=\"fusion-link-wrapper\" href=\"https:\/\/intelsynet.com\/es\/riesgos-eticos-sobre-el-uso-de-la-ia-en-el-entorno-laboral\/\" aria-label=\"Riesgos \u00e9ticos sobre el uso de la IA en el entorno laboral\"><\/a>\n\t<\/div>\n<\/div>\n<\/div>\n<\/li>\n\t\t\t\n\t\t\t\n\t\t\t\t\t\t\t\t<\/ul>\n\t<\/div>\n\t<div class=\"fusion-post-content-wrapper\" style=\"padding:30px 25px 20px 25px;\"><div class=\"fusion-post-content post-content\"><h2 class=\"blog-shortcode-post-title entry-title\"><a href=\"https:\/\/intelsynet.com\/es\/riesgos-eticos-sobre-el-uso-de-la-ia-en-el-entorno-laboral\/\">Riesgos \u00e9ticos sobre el uso de la IA en el entorno laboral<\/a><\/h2><\/div><\/div><div class=\"fusion-clearfix\"><\/div><\/div>\n<\/article>\n<article id=\"blog-1-post-3158\" class=\"fusion-post-grid post-3158 post type-post status-publish format-standard has-post-thumbnail hentry category-nuestros-articulos category-geopolitica category-gestion-de-riesgos tag-bank tag-dinero tag-emobility tag-empresas tag-logicaeconomica tag-transformacion-digital\">\n<div class=\"fusion-post-wrapper\" style=\"background-color:rgba(255,255,255,0);border:1px solid #e8e8e8;border-bottom-width:3px;\">\n\n\t\t\t<div class=\"fusion-flexslider flexslider fusion-flexslider-loading fusion-post-slideshow\" style=\"border-color:#e8e8e8;\">\n\t\t<ul class=\"slides\">\n\t\t\t\n\t\t\t\t\t\t\t\t\t\t\t\t\t\t<li><div  class=\"fusion-image-wrapper\" aria-haspopup=\"true\">\n\t\t\t\t<img decoding=\"async\" width=\"880\" height=\"576\" data-src=\"https:\/\/intelsynet.com\/wp-content\/uploads\/2022\/09\/dinero-2.jpg\" class=\"attachment-full size-full wp-post-image lazyload\" alt=\"dinero 2\" data-srcset=\"https:\/\/intelsynet.com\/wp-content\/uploads\/2022\/09\/dinero-2-200x131.jpg 200w, https:\/\/intelsynet.com\/wp-content\/uploads\/2022\/09\/dinero-2-400x262.jpg 400w, https:\/\/intelsynet.com\/wp-content\/uploads\/2022\/09\/dinero-2-600x393.jpg 600w, https:\/\/intelsynet.com\/wp-content\/uploads\/2022\/09\/dinero-2-800x524.jpg 800w, https:\/\/intelsynet.com\/wp-content\/uploads\/2022\/09\/dinero-2.jpg 880w\" data-sizes=\"(min-width: 2200px) 100vw, (min-width: 784px) 363px, (min-width: 712px) 545px, (min-width: 640px) 712px,\" src=\"data:image\/svg+xml;base64,PHN2ZyB3aWR0aD0iMSIgaGVpZ2h0PSIxIiB4bWxucz0iaHR0cDovL3d3dy53My5vcmcvMjAwMC9zdmciPjwvc3ZnPg==\" style=\"--smush-placeholder-width: 880px; --smush-placeholder-aspect-ratio: 880\/576;\" \/><div class=\"fusion-rollover\">\n\t<div class=\"fusion-rollover-content\">\n\n\t\t\t\t\n\t\t\n\t\t\t\t\t\t\t\t\t\t\t\t<h4 class=\"fusion-rollover-title\">\n\t\t\t\t\t<a class=\"fusion-rollover-title-link\" href=\"https:\/\/intelsynet.com\/es\/que-pais-esta-mas-cerca-de-acabar-con-el-dinero-en-efectivo\/\">\n\t\t\t\t\t\t\u00bfQu\u00e9 pa\u00eds est\u00e1 m\u00e1s cerca de acabar con el dinero en efectivo?\t\t\t\t\t<\/a>\n\t\t\t\t<\/h4>\n\t\t\t\n\t\t\t\t\t\t\t\t\n\t\t\n\t\t\t\t\t\t<a class=\"fusion-link-wrapper\" href=\"https:\/\/intelsynet.com\/es\/que-pais-esta-mas-cerca-de-acabar-con-el-dinero-en-efectivo\/\" aria-label=\"\u00bfQu\u00e9 pa\u00eds est\u00e1 m\u00e1s cerca de acabar con el dinero en efectivo?\"><\/a>\n\t<\/div>\n<\/div>\n<\/div>\n<\/li>\n\t\t\t\n\t\t\t\n\t\t\t\t\t\t\t\t<\/ul>\n\t<\/div>\n\t<div class=\"fusion-post-content-wrapper\" style=\"padding:30px 25px 20px 25px;\"><div class=\"fusion-post-content post-content\"><h2 class=\"blog-shortcode-post-title entry-title\"><a href=\"https:\/\/intelsynet.com\/es\/que-pais-esta-mas-cerca-de-acabar-con-el-dinero-en-efectivo\/\">\u00bfQu\u00e9 pa\u00eds est\u00e1 m\u00e1s cerca de acabar con el dinero en efectivo?<\/a><\/h2><\/div><\/div><div class=\"fusion-clearfix\"><\/div><\/div>\n<\/article>\n<article id=\"blog-1-post-3067\" class=\"fusion-post-grid post-3067 post type-post status-publish format-standard has-post-thumbnail hentry category-nuestros-articulos category-gestion-de-riesgos\">\n<div class=\"fusion-post-wrapper\" style=\"background-color:rgba(255,255,255,0);border:1px solid #e8e8e8;border-bottom-width:3px;\">\n\n\t\t\t<div class=\"fusion-flexslider flexslider fusion-flexslider-loading fusion-post-slideshow\" style=\"border-color:#e8e8e8;\">\n\t\t<ul class=\"slides\">\n\t\t\t\n\t\t\t\t\t\t\t\t\t\t\t\t\t\t<li><div  class=\"fusion-image-wrapper\" aria-haspopup=\"true\">\n\t\t\t\t<img decoding=\"async\" width=\"2000\" height=\"1069\" data-src=\"https:\/\/intelsynet.com\/wp-content\/uploads\/2022\/09\/Reconocimiento-facial_reducida.jpg\" class=\"attachment-full size-full wp-post-image lazyload\" alt=\"\" data-srcset=\"https:\/\/intelsynet.com\/wp-content\/uploads\/2022\/09\/Reconocimiento-facial_reducida-200x107.jpg 200w, https:\/\/intelsynet.com\/wp-content\/uploads\/2022\/09\/Reconocimiento-facial_reducida-400x214.jpg 400w, https:\/\/intelsynet.com\/wp-content\/uploads\/2022\/09\/Reconocimiento-facial_reducida-600x321.jpg 600w, https:\/\/intelsynet.com\/wp-content\/uploads\/2022\/09\/Reconocimiento-facial_reducida-800x428.jpg 800w, https:\/\/intelsynet.com\/wp-content\/uploads\/2022\/09\/Reconocimiento-facial_reducida-1200x641.jpg 1200w, https:\/\/intelsynet.com\/wp-content\/uploads\/2022\/09\/Reconocimiento-facial_reducida.jpg 2000w\" data-sizes=\"(min-width: 2200px) 100vw, (min-width: 784px) 363px, (min-width: 712px) 545px, (min-width: 640px) 712px,\" src=\"data:image\/svg+xml;base64,PHN2ZyB3aWR0aD0iMSIgaGVpZ2h0PSIxIiB4bWxucz0iaHR0cDovL3d3dy53My5vcmcvMjAwMC9zdmciPjwvc3ZnPg==\" style=\"--smush-placeholder-width: 2000px; --smush-placeholder-aspect-ratio: 2000\/1069;\" \/><div class=\"fusion-rollover\">\n\t<div class=\"fusion-rollover-content\">\n\n\t\t\t\t\n\t\t\n\t\t\t\t\t\t\t\t\t\t\t\t<h4 class=\"fusion-rollover-title\">\n\t\t\t\t\t<a class=\"fusion-rollover-title-link\" href=\"https:\/\/intelsynet.com\/es\/inteligencia-artificial-en-el-entorno-laboral\/\">\n\t\t\t\t\t\tInteligencia Artificial en el entorno laboral\t\t\t\t\t<\/a>\n\t\t\t\t<\/h4>\n\t\t\t\n\t\t\t\t\t\t\t\t\n\t\t\n\t\t\t\t\t\t<a class=\"fusion-link-wrapper\" href=\"https:\/\/intelsynet.com\/es\/inteligencia-artificial-en-el-entorno-laboral\/\" aria-label=\"Inteligencia Artificial en el entorno laboral\"><\/a>\n\t<\/div>\n<\/div>\n<\/div>\n<\/li>\n\t\t\t\n\t\t\t\n\t\t\t\t\t\t\t\t<\/ul>\n\t<\/div>\n\t<div class=\"fusion-post-content-wrapper\" style=\"padding:30px 25px 20px 25px;\"><div class=\"fusion-post-content post-content\"><h2 class=\"blog-shortcode-post-title entry-title\"><a href=\"https:\/\/intelsynet.com\/es\/inteligencia-artificial-en-el-entorno-laboral\/\">Inteligencia Artificial en el entorno laboral<\/a><\/h2><\/div><\/div><div class=\"fusion-clearfix\"><\/div><\/div>\n<\/article>\n<article id=\"blog-1-post-3063\" class=\"fusion-post-grid post-3063 post type-post status-publish format-standard has-post-thumbnail hentry category-nuestros-articulos category-geopolitica category-gestion-de-riesgos\">\n<div class=\"fusion-post-wrapper\" style=\"background-color:rgba(255,255,255,0);border:1px solid #e8e8e8;border-bottom-width:3px;\">\n\n\t\t\t<div class=\"fusion-flexslider flexslider fusion-flexslider-loading fusion-post-slideshow\" style=\"border-color:#e8e8e8;\">\n\t\t<ul class=\"slides\">\n\t\t\t\n\t\t\t\t\t\t\t\t\t\t\t\t\t\t<li><div  class=\"fusion-image-wrapper\" aria-haspopup=\"true\">\n\t\t\t\t<img decoding=\"async\" width=\"1200\" height=\"740\" data-src=\"https:\/\/intelsynet.com\/wp-content\/uploads\/2022\/09\/ESG_intelsynet.jpg\" class=\"attachment-full size-full wp-post-image lazyload\" alt=\"\" data-srcset=\"https:\/\/intelsynet.com\/wp-content\/uploads\/2022\/09\/ESG_intelsynet-200x123.jpg 200w, https:\/\/intelsynet.com\/wp-content\/uploads\/2022\/09\/ESG_intelsynet-400x247.jpg 400w, https:\/\/intelsynet.com\/wp-content\/uploads\/2022\/09\/ESG_intelsynet-600x370.jpg 600w, https:\/\/intelsynet.com\/wp-content\/uploads\/2022\/09\/ESG_intelsynet-800x493.jpg 800w, https:\/\/intelsynet.com\/wp-content\/uploads\/2022\/09\/ESG_intelsynet.jpg 1200w\" data-sizes=\"(min-width: 2200px) 100vw, (min-width: 784px) 363px, (min-width: 712px) 545px, (min-width: 640px) 712px,\" src=\"data:image\/svg+xml;base64,PHN2ZyB3aWR0aD0iMSIgaGVpZ2h0PSIxIiB4bWxucz0iaHR0cDovL3d3dy53My5vcmcvMjAwMC9zdmciPjwvc3ZnPg==\" style=\"--smush-placeholder-width: 1200px; --smush-placeholder-aspect-ratio: 1200\/740;\" \/><div class=\"fusion-rollover\">\n\t<div class=\"fusion-rollover-content\">\n\n\t\t\t\t\n\t\t\n\t\t\t\t\t\t\t\t\t\t\t\t<h4 class=\"fusion-rollover-title\">\n\t\t\t\t\t<a class=\"fusion-rollover-title-link\" href=\"https:\/\/intelsynet.com\/es\/el-futuro-de-los-esg-luces-y-sombras\/\">\n\t\t\t\t\t\tEl futuro de los ESG: luces y sombras\t\t\t\t\t<\/a>\n\t\t\t\t<\/h4>\n\t\t\t\n\t\t\t\t\t\t\t\t\n\t\t\n\t\t\t\t\t\t<a class=\"fusion-link-wrapper\" href=\"https:\/\/intelsynet.com\/es\/el-futuro-de-los-esg-luces-y-sombras\/\" aria-label=\"El futuro de los ESG: luces y sombras\"><\/a>\n\t<\/div>\n<\/div>\n<\/div>\n<\/li>\n\t\t\t\n\t\t\t\n\t\t\t\t\t\t\t\t<\/ul>\n\t<\/div>\n\t<div class=\"fusion-post-content-wrapper\" style=\"padding:30px 25px 20px 25px;\"><div class=\"fusion-post-content post-content\"><h2 class=\"blog-shortcode-post-title entry-title\"><a href=\"https:\/\/intelsynet.com\/es\/el-futuro-de-los-esg-luces-y-sombras\/\">El futuro de los ESG: luces y sombras<\/a><\/h2><\/div><\/div><div class=\"fusion-clearfix\"><\/div><\/div>\n<\/article>\n<article id=\"blog-1-post-3164\" class=\"fusion-post-grid post-3164 post type-post status-publish format-standard has-post-thumbnail hentry category-nuestros-articulos category-gestion-de-riesgos tag-adas tag-ciberseguridad tag-emobility tag-logicaeconomica tag-seguridad-vial tag-tecnologia tag-union-europea\">\n<div class=\"fusion-post-wrapper\" style=\"background-color:rgba(255,255,255,0);border:1px solid #e8e8e8;border-bottom-width:3px;\">\n\n\t\t\t<div class=\"fusion-flexslider flexslider fusion-flexslider-loading fusion-post-slideshow\" style=\"border-color:#e8e8e8;\">\n\t\t<ul class=\"slides\">\n\t\t\t\n\t\t\t\t\t\t\t\t\t\t\t\t\t\t<li><div  class=\"fusion-image-wrapper\" aria-haspopup=\"true\">\n\t\t\t\t<img decoding=\"async\" width=\"700\" height=\"420\" data-src=\"https:\/\/intelsynet.com\/wp-content\/uploads\/2022\/11\/Efectivo212.jpg\" class=\"attachment-full size-full wp-post-image lazyload\" alt=\"Efectivo\" data-srcset=\"https:\/\/intelsynet.com\/wp-content\/uploads\/2022\/11\/Efectivo212-200x120.jpg 200w, https:\/\/intelsynet.com\/wp-content\/uploads\/2022\/11\/Efectivo212-400x240.jpg 400w, https:\/\/intelsynet.com\/wp-content\/uploads\/2022\/11\/Efectivo212-600x360.jpg 600w, https:\/\/intelsynet.com\/wp-content\/uploads\/2022\/11\/Efectivo212.jpg 700w\" data-sizes=\"(min-width: 2200px) 100vw, (min-width: 784px) 363px, (min-width: 712px) 545px, (min-width: 640px) 712px,\" src=\"data:image\/svg+xml;base64,PHN2ZyB3aWR0aD0iMSIgaGVpZ2h0PSIxIiB4bWxucz0iaHR0cDovL3d3dy53My5vcmcvMjAwMC9zdmciPjwvc3ZnPg==\" style=\"--smush-placeholder-width: 700px; --smush-placeholder-aspect-ratio: 700\/420;\" \/><div class=\"fusion-rollover\">\n\t<div class=\"fusion-rollover-content\">\n\n\t\t\t\t\n\t\t\n\t\t\t\t\t\t\t\t\t\t\t\t<h4 class=\"fusion-rollover-title\">\n\t\t\t\t\t<a class=\"fusion-rollover-title-link\" href=\"https:\/\/intelsynet.com\/es\/sistemas-avanzados-de-asistencia-al-conductor-adas\/\">\n\t\t\t\t\t\tSistemas Avanzados de Asistencia al Conductor (ADAS)\t\t\t\t\t<\/a>\n\t\t\t\t<\/h4>\n\t\t\t\n\t\t\t\t\t\t\t\t\n\t\t\n\t\t\t\t\t\t<a class=\"fusion-link-wrapper\" href=\"https:\/\/intelsynet.com\/es\/sistemas-avanzados-de-asistencia-al-conductor-adas\/\" aria-label=\"Sistemas Avanzados de Asistencia al Conductor (ADAS)\"><\/a>\n\t<\/div>\n<\/div>\n<\/div>\n<\/li>\n\t\t\t\n\t\t\t\n\t\t\t\t\t\t\t\t<\/ul>\n\t<\/div>\n\t<div class=\"fusion-post-content-wrapper\" style=\"padding:30px 25px 20px 25px;\"><div class=\"fusion-post-content post-content\"><h2 class=\"blog-shortcode-post-title entry-title\"><a href=\"https:\/\/intelsynet.com\/es\/sistemas-avanzados-de-asistencia-al-conductor-adas\/\">Sistemas Avanzados de Asistencia al Conductor (ADAS)<\/a><\/h2><\/div><\/div><div class=\"fusion-clearfix\"><\/div><\/div>\n<\/article>\n<article id=\"blog-1-post-3168\" class=\"fusion-post-grid post-3168 post type-post status-publish format-standard has-post-thumbnail hentry category-nuestros-articulos category-sostenibilidad tag-colaboracion tag-emobility tag-energia tag-gas tag-industrias tag-logicaeconomica tag-sector-ceramico tag-sostenibilidad tag-sostenibilidadambiental tag-tecnologia\">\n<div class=\"fusion-post-wrapper\" style=\"background-color:rgba(255,255,255,0);border:1px solid #e8e8e8;border-bottom-width:3px;\">\n\n\t\t\t<div class=\"fusion-flexslider flexslider fusion-flexslider-loading fusion-post-slideshow\" style=\"border-color:#e8e8e8;\">\n\t\t<ul class=\"slides\">\n\t\t\t\n\t\t\t\t\t\t\t\t\t\t\t\t\t\t<li><div  class=\"fusion-image-wrapper\" aria-haspopup=\"true\">\n\t\t\t\t<img decoding=\"async\" width=\"913\" height=\"724\" data-src=\"https:\/\/intelsynet.com\/wp-content\/uploads\/2022\/08\/instituto-tecnologico-de-la-ceramica-colaboracion.jpg\" class=\"attachment-full size-full wp-post-image lazyload\" alt=\"instituto-tecnol\u00f3gico-de-la-cer\u00e1mica-colaboraci\u00f3n\" data-srcset=\"https:\/\/intelsynet.com\/wp-content\/uploads\/2022\/08\/instituto-tecnologico-de-la-ceramica-colaboracion-200x159.jpg 200w, https:\/\/intelsynet.com\/wp-content\/uploads\/2022\/08\/instituto-tecnologico-de-la-ceramica-colaboracion-400x317.jpg 400w, https:\/\/intelsynet.com\/wp-content\/uploads\/2022\/08\/instituto-tecnologico-de-la-ceramica-colaboracion-600x476.jpg 600w, https:\/\/intelsynet.com\/wp-content\/uploads\/2022\/08\/instituto-tecnologico-de-la-ceramica-colaboracion-800x634.jpg 800w, https:\/\/intelsynet.com\/wp-content\/uploads\/2022\/08\/instituto-tecnologico-de-la-ceramica-colaboracion.jpg 913w\" data-sizes=\"(min-width: 2200px) 100vw, (min-width: 784px) 363px, (min-width: 712px) 545px, (min-width: 640px) 712px,\" src=\"data:image\/svg+xml;base64,PHN2ZyB3aWR0aD0iMSIgaGVpZ2h0PSIxIiB4bWxucz0iaHR0cDovL3d3dy53My5vcmcvMjAwMC9zdmciPjwvc3ZnPg==\" style=\"--smush-placeholder-width: 913px; --smush-placeholder-aspect-ratio: 913\/724;\" \/><div class=\"fusion-rollover\">\n\t<div class=\"fusion-rollover-content\">\n\n\t\t\t\t\n\t\t\n\t\t\t\t\t\t\t\t\t\t\t\t<h4 class=\"fusion-rollover-title\">\n\t\t\t\t\t<a class=\"fusion-rollover-title-link\" href=\"https:\/\/intelsynet.com\/es\/grupo-air-products-participa-en-la-iniciativa-del-sector-ceramico-espanol-que-sigue-avanzando-en-su-proceso-de-descarbonizacion\/\">\n\t\t\t\t\t\tGrupo Air Products participa en la iniciativa del sector cer\u00e1mico espa\u00f1ol que sigue avanzando en su proceso de descarbonizaci\u00f3n\t\t\t\t\t<\/a>\n\t\t\t\t<\/h4>\n\t\t\t\n\t\t\t\t\t\t\t\t\n\t\t\n\t\t\t\t\t\t<a class=\"fusion-link-wrapper\" href=\"https:\/\/intelsynet.com\/es\/grupo-air-products-participa-en-la-iniciativa-del-sector-ceramico-espanol-que-sigue-avanzando-en-su-proceso-de-descarbonizacion\/\" aria-label=\"Grupo Air Products participa en la iniciativa del sector cer\u00e1mico espa\u00f1ol que sigue avanzando en su proceso de descarbonizaci\u00f3n\"><\/a>\n\t<\/div>\n<\/div>\n<\/div>\n<\/li>\n\t\t\t\n\t\t\t\n\t\t\t\t\t\t\t\t<\/ul>\n\t<\/div>\n\t<div class=\"fusion-post-content-wrapper\" style=\"padding:30px 25px 20px 25px;\"><div class=\"fusion-post-content post-content\"><h2 class=\"blog-shortcode-post-title entry-title\"><a href=\"https:\/\/intelsynet.com\/es\/grupo-air-products-participa-en-la-iniciativa-del-sector-ceramico-espanol-que-sigue-avanzando-en-su-proceso-de-descarbonizacion\/\">Grupo Air Products participa en la iniciativa del sector cer\u00e1mico espa\u00f1ol que sigue avanzando en su proceso de descarbonizaci\u00f3n<\/a><\/h2><\/div><\/div><div class=\"fusion-clearfix\"><\/div><\/div>\n<\/article>\n<article id=\"blog-1-post-3173\" class=\"fusion-post-grid post-3173 post type-post status-publish format-standard has-post-thumbnail hentry category-nuestros-articulos category-sostenibilidad tag-economia tag-emobility tag-sostenibilidad tag-sostenibilidadambiental\">\n<div class=\"fusion-post-wrapper\" style=\"background-color:rgba(255,255,255,0);border:1px solid #e8e8e8;border-bottom-width:3px;\">\n\n\t\t\t<div class=\"fusion-flexslider flexslider fusion-flexslider-loading fusion-post-slideshow\" style=\"border-color:#e8e8e8;\">\n\t\t<ul class=\"slides\">\n\t\t\t\n\t\t\t\t\t\t\t\t\t\t\t\t\t\t<li><div  class=\"fusion-image-wrapper\" aria-haspopup=\"true\">\n\t\t\t\t<img decoding=\"async\" width=\"696\" height=\"464\" data-src=\"https:\/\/intelsynet.com\/wp-content\/uploads\/2022\/11\/Aumento-capacidad-baterias.jpg\" class=\"attachment-full size-full wp-post-image lazyload\" alt=\"Aumento capacidad bater\u00edas\" data-srcset=\"https:\/\/intelsynet.com\/wp-content\/uploads\/2022\/11\/Aumento-capacidad-baterias-200x133.jpg 200w, https:\/\/intelsynet.com\/wp-content\/uploads\/2022\/11\/Aumento-capacidad-baterias-400x267.jpg 400w, https:\/\/intelsynet.com\/wp-content\/uploads\/2022\/11\/Aumento-capacidad-baterias-600x400.jpg 600w, https:\/\/intelsynet.com\/wp-content\/uploads\/2022\/11\/Aumento-capacidad-baterias.jpg 696w\" data-sizes=\"(min-width: 2200px) 100vw, (min-width: 784px) 363px, (min-width: 712px) 545px, (min-width: 640px) 712px,\" src=\"data:image\/svg+xml;base64,PHN2ZyB3aWR0aD0iMSIgaGVpZ2h0PSIxIiB4bWxucz0iaHR0cDovL3d3dy53My5vcmcvMjAwMC9zdmciPjwvc3ZnPg==\" style=\"--smush-placeholder-width: 696px; --smush-placeholder-aspect-ratio: 696\/464;\" \/><div class=\"fusion-rollover\">\n\t<div class=\"fusion-rollover-content\">\n\n\t\t\t\t\n\t\t\n\t\t\t\t\t\t\t\t\t\t\t\t<h4 class=\"fusion-rollover-title\">\n\t\t\t\t\t<a class=\"fusion-rollover-title-link\" href=\"https:\/\/intelsynet.com\/es\/el-aumento-en-la-capacidad-de-fabricacion-de-baterias-con-la-escalabilidad-de-su-reciclaje-debe-ser-la-prioridad-en-materia-de-sostenibilidad\/\">\n\t\t\t\t\t\tEl aumento en la capacidad de fabricaci\u00f3n de bater\u00edas con la escalabilidad de su reciclaje debe ser la prioridad en materia de sostenibilidad\t\t\t\t\t<\/a>\n\t\t\t\t<\/h4>\n\t\t\t\n\t\t\t\t\t\t\t\t\n\t\t\n\t\t\t\t\t\t<a class=\"fusion-link-wrapper\" href=\"https:\/\/intelsynet.com\/es\/el-aumento-en-la-capacidad-de-fabricacion-de-baterias-con-la-escalabilidad-de-su-reciclaje-debe-ser-la-prioridad-en-materia-de-sostenibilidad\/\" aria-label=\"El aumento en la capacidad de fabricaci\u00f3n de bater\u00edas con la escalabilidad de su reciclaje debe ser la prioridad en materia de sostenibilidad\"><\/a>\n\t<\/div>\n<\/div>\n<\/div>\n<\/li>\n\t\t\t\n\t\t\t\n\t\t\t\t\t\t\t\t<\/ul>\n\t<\/div>\n\t<div class=\"fusion-post-content-wrapper\" style=\"padding:30px 25px 20px 25px;\"><div class=\"fusion-post-content post-content\"><h2 class=\"blog-shortcode-post-title entry-title\"><a href=\"https:\/\/intelsynet.com\/es\/el-aumento-en-la-capacidad-de-fabricacion-de-baterias-con-la-escalabilidad-de-su-reciclaje-debe-ser-la-prioridad-en-materia-de-sostenibilidad\/\">El aumento en la capacidad de fabricaci\u00f3n de bater\u00edas con la escalabilidad de su reciclaje debe ser la prioridad en materia de sostenibilidad<\/a><\/h2><\/div><\/div><div class=\"fusion-clearfix\"><\/div><\/div>\n<\/article>\n<article id=\"blog-1-post-3177\" class=\"fusion-post-grid post-3177 post type-post status-publish format-standard has-post-thumbnail hentry category-nuestros-articulos category-geopolitica category-sostenibilidad tag-alimentos tag-comercio tag-efecto-invernadero tag-emisiones tag-emobility tag-esg tag-huella-co2 tag-logicaeconomica tag-transicion-energetica tag-transicion-medioambiental\">\n<div class=\"fusion-post-wrapper\" style=\"background-color:rgba(255,255,255,0);border:1px solid #e8e8e8;border-bottom-width:3px;\">\n\n\t\t\t<div class=\"fusion-flexslider flexslider fusion-flexslider-loading fusion-post-slideshow\" style=\"border-color:#e8e8e8;\">\n\t\t<ul class=\"slides\">\n\t\t\t\n\t\t\t\t\t\t\t\t\t\t\t\t\t\t<li><div  class=\"fusion-image-wrapper\" aria-haspopup=\"true\">\n\t\t\t\t<img decoding=\"async\" width=\"800\" height=\"451\" data-src=\"https:\/\/intelsynet.com\/wp-content\/uploads\/2022\/11\/Escasez-alimentos-paises-bajos-ingresos.jpg\" class=\"attachment-full size-full wp-post-image lazyload\" alt=\"Escasez alimentos paises bajos ingresos\" data-srcset=\"https:\/\/intelsynet.com\/wp-content\/uploads\/2022\/11\/Escasez-alimentos-paises-bajos-ingresos-200x113.jpg 200w, https:\/\/intelsynet.com\/wp-content\/uploads\/2022\/11\/Escasez-alimentos-paises-bajos-ingresos-400x226.jpg 400w, https:\/\/intelsynet.com\/wp-content\/uploads\/2022\/11\/Escasez-alimentos-paises-bajos-ingresos-600x338.jpg 600w, https:\/\/intelsynet.com\/wp-content\/uploads\/2022\/11\/Escasez-alimentos-paises-bajos-ingresos.jpg 800w\" data-sizes=\"(min-width: 2200px) 100vw, (min-width: 784px) 363px, (min-width: 712px) 545px, (min-width: 640px) 712px,\" src=\"data:image\/svg+xml;base64,PHN2ZyB3aWR0aD0iMSIgaGVpZ2h0PSIxIiB4bWxucz0iaHR0cDovL3d3dy53My5vcmcvMjAwMC9zdmciPjwvc3ZnPg==\" style=\"--smush-placeholder-width: 800px; --smush-placeholder-aspect-ratio: 800\/451;\" \/><div class=\"fusion-rollover\">\n\t<div class=\"fusion-rollover-content\">\n\n\t\t\t\t\n\t\t\n\t\t\t\t\t\t\t\t\t\t\t\t<h4 class=\"fusion-rollover-title\">\n\t\t\t\t\t<a class=\"fusion-rollover-title-link\" href=\"https:\/\/intelsynet.com\/es\/casi-la-mitad-de-la-poblacion-de-los-paises-de-bajos-ingresos-enfrenta-un-grave-desabastecimiento-de-alimentos\/\">\n\t\t\t\t\t\tCasi la mitad de la poblaci\u00f3n de los pa\u00edses de bajos ingresos enfrenta un grave desabastecimiento de alimentos\t\t\t\t\t<\/a>\n\t\t\t\t<\/h4>\n\t\t\t\n\t\t\t\t\t\t\t\t\n\t\t\n\t\t\t\t\t\t<a class=\"fusion-link-wrapper\" href=\"https:\/\/intelsynet.com\/es\/casi-la-mitad-de-la-poblacion-de-los-paises-de-bajos-ingresos-enfrenta-un-grave-desabastecimiento-de-alimentos\/\" aria-label=\"Casi la mitad de la poblaci\u00f3n de los pa\u00edses de bajos ingresos enfrenta un grave desabastecimiento de alimentos\"><\/a>\n\t<\/div>\n<\/div>\n<\/div>\n<\/li>\n\t\t\t\n\t\t\t\n\t\t\t\t\t\t\t\t<\/ul>\n\t<\/div>\n\t<div class=\"fusion-post-content-wrapper\" style=\"padding:30px 25px 20px 25px;\"><div class=\"fusion-post-content post-content\"><h2 class=\"blog-shortcode-post-title entry-title\"><a href=\"https:\/\/intelsynet.com\/es\/casi-la-mitad-de-la-poblacion-de-los-paises-de-bajos-ingresos-enfrenta-un-grave-desabastecimiento-de-alimentos\/\">Casi la mitad de la poblaci\u00f3n de los pa\u00edses de bajos ingresos enfrenta un grave desabastecimiento de alimentos<\/a><\/h2><\/div><\/div><div class=\"fusion-clearfix\"><\/div><\/div>\n<\/article>\n<article id=\"blog-1-post-3186\" class=\"fusion-post-grid post-3186 post type-post status-publish format-standard has-post-thumbnail hentry category-sostenibilidad tag-economia tag-emisiones tag-emobility tag-energia tag-logicaeconomica tag-plan-de-transicion tag-transporte\">\n<div class=\"fusion-post-wrapper\" style=\"background-color:rgba(255,255,255,0);border:1px solid #e8e8e8;border-bottom-width:3px;\">\n\n\t\t\t<div class=\"fusion-flexslider flexslider fusion-flexslider-loading fusion-post-slideshow\" style=\"border-color:#e8e8e8;\">\n\t\t<ul class=\"slides\">\n\t\t\t\n\t\t\t\t\t\t\t\t\t\t\t\t\t\t<li><div  class=\"fusion-image-wrapper\" aria-haspopup=\"true\">\n\t\t\t\t<img decoding=\"async\" width=\"1241\" height=\"783\" data-src=\"https:\/\/intelsynet.com\/wp-content\/uploads\/2022\/11\/Grado-de-sostenibilidad-ambiental.jpg\" class=\"attachment-full size-full wp-post-image lazyload\" alt=\"\" data-srcset=\"https:\/\/intelsynet.com\/wp-content\/uploads\/2022\/11\/Grado-de-sostenibilidad-ambiental-200x126.jpg 200w, https:\/\/intelsynet.com\/wp-content\/uploads\/2022\/11\/Grado-de-sostenibilidad-ambiental-400x252.jpg 400w, https:\/\/intelsynet.com\/wp-content\/uploads\/2022\/11\/Grado-de-sostenibilidad-ambiental-600x379.jpg 600w, https:\/\/intelsynet.com\/wp-content\/uploads\/2022\/11\/Grado-de-sostenibilidad-ambiental-800x505.jpg 800w, https:\/\/intelsynet.com\/wp-content\/uploads\/2022\/11\/Grado-de-sostenibilidad-ambiental-1200x757.jpg 1200w, https:\/\/intelsynet.com\/wp-content\/uploads\/2022\/11\/Grado-de-sostenibilidad-ambiental.jpg 1241w\" data-sizes=\"(min-width: 2200px) 100vw, (min-width: 784px) 363px, (min-width: 712px) 545px, (min-width: 640px) 712px,\" src=\"data:image\/svg+xml;base64,PHN2ZyB3aWR0aD0iMSIgaGVpZ2h0PSIxIiB4bWxucz0iaHR0cDovL3d3dy53My5vcmcvMjAwMC9zdmciPjwvc3ZnPg==\" style=\"--smush-placeholder-width: 1241px; --smush-placeholder-aspect-ratio: 1241\/783;\" \/><div class=\"fusion-rollover\">\n\t<div class=\"fusion-rollover-content\">\n\n\t\t\t\t\n\t\t\n\t\t\t\t\t\t\t\t\t\t\t\t<h4 class=\"fusion-rollover-title\">\n\t\t\t\t\t<a class=\"fusion-rollover-title-link\" href=\"https:\/\/intelsynet.com\/es\/un-informe-reciente-de-oliver-wyman-evalua-y-compara-el-grado-de-sostenibilidad-ambiental-del-sistema-economico-de-29-paises-europeos\/\">\n\t\t\t\t\t\tUn informe reciente de Oliver Wyman eval\u00faa y compara el grado de sostenibilidad ambiental del sistema econ\u00f3mico de 29 pa\u00edses europeos\t\t\t\t\t<\/a>\n\t\t\t\t<\/h4>\n\t\t\t\n\t\t\t\t\t\t\t\t\n\t\t\n\t\t\t\t\t\t<a class=\"fusion-link-wrapper\" href=\"https:\/\/intelsynet.com\/es\/un-informe-reciente-de-oliver-wyman-evalua-y-compara-el-grado-de-sostenibilidad-ambiental-del-sistema-economico-de-29-paises-europeos\/\" aria-label=\"Un informe reciente de Oliver Wyman eval\u00faa y compara el grado de sostenibilidad ambiental del sistema econ\u00f3mico de 29 pa\u00edses europeos\"><\/a>\n\t<\/div>\n<\/div>\n<\/div>\n<\/li>\n\t\t\t\n\t\t\t\n\t\t\t\t\t\t\t\t<\/ul>\n\t<\/div>\n\t<div class=\"fusion-post-content-wrapper\" style=\"padding:30px 25px 20px 25px;\"><div class=\"fusion-post-content post-content\"><h2 class=\"blog-shortcode-post-title entry-title\"><a href=\"https:\/\/intelsynet.com\/es\/un-informe-reciente-de-oliver-wyman-evalua-y-compara-el-grado-de-sostenibilidad-ambiental-del-sistema-economico-de-29-paises-europeos\/\">Un informe reciente de Oliver Wyman eval\u00faa y compara el grado de sostenibilidad ambiental del sistema econ\u00f3mico de 29 pa\u00edses europeos<\/a><\/h2><\/div><\/div><div class=\"fusion-clearfix\"><\/div><\/div>\n<\/article>\n<article id=\"blog-1-post-3190\" class=\"fusion-post-grid post-3190 post type-post status-publish format-standard has-post-thumbnail hentry category-sostenibilidad tag-bancos tag-descarbonizacion tag-emobility tag-estrategia tag-huella-co2 tag-logicaeconomica tag-plan-de-transicion\">\n<div class=\"fusion-post-wrapper\" style=\"background-color:rgba(255,255,255,0);border:1px solid #e8e8e8;border-bottom-width:3px;\">\n\n\t\t\t<div class=\"fusion-flexslider flexslider fusion-flexslider-loading fusion-post-slideshow\" style=\"border-color:#e8e8e8;\">\n\t\t<ul class=\"slides\">\n\t\t\t\n\t\t\t\t\t\t\t\t\t\t\t\t\t\t<li><div  class=\"fusion-image-wrapper\" aria-haspopup=\"true\">\n\t\t\t\t<img decoding=\"async\" width=\"756\" height=\"473\" data-src=\"https:\/\/intelsynet.com\/wp-content\/uploads\/2022\/11\/CO2-Neutral.jpg\" class=\"attachment-full size-full wp-post-image lazyload\" alt=\"CO2 Neutral\" data-srcset=\"https:\/\/intelsynet.com\/wp-content\/uploads\/2022\/11\/CO2-Neutral-200x125.jpg 200w, https:\/\/intelsynet.com\/wp-content\/uploads\/2022\/11\/CO2-Neutral-400x250.jpg 400w, https:\/\/intelsynet.com\/wp-content\/uploads\/2022\/11\/CO2-Neutral-600x375.jpg 600w, https:\/\/intelsynet.com\/wp-content\/uploads\/2022\/11\/CO2-Neutral.jpg 756w\" data-sizes=\"(min-width: 2200px) 100vw, (min-width: 784px) 363px, (min-width: 712px) 545px, (min-width: 640px) 712px,\" src=\"data:image\/svg+xml;base64,PHN2ZyB3aWR0aD0iMSIgaGVpZ2h0PSIxIiB4bWxucz0iaHR0cDovL3d3dy53My5vcmcvMjAwMC9zdmciPjwvc3ZnPg==\" style=\"--smush-placeholder-width: 756px; --smush-placeholder-aspect-ratio: 756\/473;\" \/><div class=\"fusion-rollover\">\n\t<div class=\"fusion-rollover-content\">\n\n\t\t\t\t\n\t\t\n\t\t\t\t\t\t\t\t\t\t\t\t<h4 class=\"fusion-rollover-title\">\n\t\t\t\t\t<a class=\"fusion-rollover-title-link\" href=\"https:\/\/intelsynet.com\/es\/el-informe-de-bain-company-pone-encima-de-la-mesa-la-importancia-de-la-inversion-en-datos-precisos-y-en-estrategia-de-transicion-en-el-sector-bancario\/\">\n\t\t\t\t\t\tEl informe de Bain &#038; Company pone encima de la mesa la importancia de la inversi\u00f3n en datos precisos y en estrategia de transici\u00f3n en el sector bancario\t\t\t\t\t<\/a>\n\t\t\t\t<\/h4>\n\t\t\t\n\t\t\t\t\t\t\t\t\n\t\t\n\t\t\t\t\t\t<a class=\"fusion-link-wrapper\" href=\"https:\/\/intelsynet.com\/es\/el-informe-de-bain-company-pone-encima-de-la-mesa-la-importancia-de-la-inversion-en-datos-precisos-y-en-estrategia-de-transicion-en-el-sector-bancario\/\" aria-label=\"El informe de Bain &#038; Company pone encima de la mesa la importancia de la inversi\u00f3n en datos precisos y en estrategia de transici\u00f3n en el sector bancario\"><\/a>\n\t<\/div>\n<\/div>\n<\/div>\n<\/li>\n\t\t\t\n\t\t\t\n\t\t\t\t\t\t\t\t<\/ul>\n\t<\/div>\n\t<div class=\"fusion-post-content-wrapper\" style=\"padding:30px 25px 20px 25px;\"><div class=\"fusion-post-content post-content\"><h2 class=\"blog-shortcode-post-title entry-title\"><a href=\"https:\/\/intelsynet.com\/es\/el-informe-de-bain-company-pone-encima-de-la-mesa-la-importancia-de-la-inversion-en-datos-precisos-y-en-estrategia-de-transicion-en-el-sector-bancario\/\">El informe de Bain &#038; Company pone encima de la mesa la importancia de la inversi\u00f3n en datos precisos y en estrategia de transici\u00f3n en el sector bancario<\/a><\/h2><\/div><\/div><div class=\"fusion-clearfix\"><\/div><\/div>\n<\/article>\n<article id=\"blog-1-post-3225\" class=\"fusion-post-grid post-3225 post type-post status-publish format-standard has-post-thumbnail hentry category-nuestros-articulos category-sostenibilidad tag-descarbonizacion tag-emobility tag-hidrogeno tag-logicaeconomica\">\n<div class=\"fusion-post-wrapper\" style=\"background-color:rgba(255,255,255,0);border:1px solid #e8e8e8;border-bottom-width:3px;\">\n\n\t\t\t<div class=\"fusion-flexslider flexslider fusion-flexslider-loading fusion-post-slideshow\" style=\"border-color:#e8e8e8;\">\n\t\t<ul class=\"slides\">\n\t\t\t\n\t\t\t\t\t\t\t\t\t\t\t\t\t\t<li><div  class=\"fusion-image-wrapper\" aria-haspopup=\"true\">\n\t\t\t\t<img decoding=\"async\" width=\"800\" height=\"600\" data-src=\"https:\/\/intelsynet.com\/wp-content\/uploads\/2023\/02\/Primera-flota-VTC-de-Hidrogeno.jpg\" class=\"attachment-full size-full wp-post-image lazyload\" alt=\"\" data-srcset=\"https:\/\/intelsynet.com\/wp-content\/uploads\/2023\/02\/Primera-flota-VTC-de-Hidrogeno-200x150.jpg 200w, https:\/\/intelsynet.com\/wp-content\/uploads\/2023\/02\/Primera-flota-VTC-de-Hidrogeno-400x300.jpg 400w, https:\/\/intelsynet.com\/wp-content\/uploads\/2023\/02\/Primera-flota-VTC-de-Hidrogeno-600x450.jpg 600w, https:\/\/intelsynet.com\/wp-content\/uploads\/2023\/02\/Primera-flota-VTC-de-Hidrogeno.jpg 800w\" data-sizes=\"(min-width: 2200px) 100vw, (min-width: 784px) 363px, (min-width: 712px) 545px, (min-width: 640px) 712px,\" src=\"data:image\/svg+xml;base64,PHN2ZyB3aWR0aD0iMSIgaGVpZ2h0PSIxIiB4bWxucz0iaHR0cDovL3d3dy53My5vcmcvMjAwMC9zdmciPjwvc3ZnPg==\" style=\"--smush-placeholder-width: 800px; --smush-placeholder-aspect-ratio: 800\/600;\" \/><div class=\"fusion-rollover\">\n\t<div class=\"fusion-rollover-content\">\n\n\t\t\t\t\n\t\t\n\t\t\t\t\t\t\t\t\t\t\t\t<h4 class=\"fusion-rollover-title\">\n\t\t\t\t\t<a class=\"fusion-rollover-title-link\" href=\"https:\/\/intelsynet.com\/es\/primera-flota-vtc-de-hidrogeno\/\">\n\t\t\t\t\t\tPrimera Flota VTC de Hidr\u00f3geno\t\t\t\t\t<\/a>\n\t\t\t\t<\/h4>\n\t\t\t\n\t\t\t\t\t\t\t\t\n\t\t\n\t\t\t\t\t\t<a class=\"fusion-link-wrapper\" href=\"https:\/\/intelsynet.com\/es\/primera-flota-vtc-de-hidrogeno\/\" aria-label=\"Primera Flota VTC de Hidr\u00f3geno\"><\/a>\n\t<\/div>\n<\/div>\n<\/div>\n<\/li>\n\t\t\t\n\t\t\t\n\t\t\t\t\t\t\t\t<\/ul>\n\t<\/div>\n\t<div class=\"fusion-post-content-wrapper\" style=\"padding:30px 25px 20px 25px;\"><div class=\"fusion-post-content post-content\"><h2 class=\"blog-shortcode-post-title entry-title\"><a href=\"https:\/\/intelsynet.com\/es\/primera-flota-vtc-de-hidrogeno\/\">Primera Flota VTC de Hidr\u00f3geno<\/a><\/h2><\/div><\/div><div class=\"fusion-clearfix\"><\/div><\/div>\n<\/article>\n<article id=\"blog-1-post-3229\" class=\"fusion-post-grid post-3229 post type-post status-publish format-standard has-post-thumbnail hentry category-nuestros-articulos category-sostenibilidad tag-emobility tag-estra tag-estrategia tag-hidrogeno-verde tag-logicaeconomica tag-solar\">\n<div class=\"fusion-post-wrapper\" style=\"background-color:rgba(255,255,255,0);border:1px solid #e8e8e8;border-bottom-width:3px;\">\n\n\t\t\t<div class=\"fusion-flexslider flexslider fusion-flexslider-loading fusion-post-slideshow\" style=\"border-color:#e8e8e8;\">\n\t\t<ul class=\"slides\">\n\t\t\t\n\t\t\t\t\t\t\t\t\t\t\t\t\t\t<li><div  class=\"fusion-image-wrapper\" aria-haspopup=\"true\">\n\t\t\t\t<img decoding=\"async\" width=\"1200\" height=\"737\" data-src=\"https:\/\/intelsynet.com\/wp-content\/uploads\/2023\/02\/El-mayor-ecosistema-de-hidrogeno-verde-del-mundo.jpg\" class=\"attachment-full size-full wp-post-image lazyload\" alt=\"El mayor ecosistema de hidr\u00f3geno verde del mundo\" data-srcset=\"https:\/\/intelsynet.com\/wp-content\/uploads\/2023\/02\/El-mayor-ecosistema-de-hidrogeno-verde-del-mundo-200x123.jpg 200w, https:\/\/intelsynet.com\/wp-content\/uploads\/2023\/02\/El-mayor-ecosistema-de-hidrogeno-verde-del-mundo-400x246.jpg 400w, https:\/\/intelsynet.com\/wp-content\/uploads\/2023\/02\/El-mayor-ecosistema-de-hidrogeno-verde-del-mundo-600x369.jpg 600w, https:\/\/intelsynet.com\/wp-content\/uploads\/2023\/02\/El-mayor-ecosistema-de-hidrogeno-verde-del-mundo-800x491.jpg 800w, https:\/\/intelsynet.com\/wp-content\/uploads\/2023\/02\/El-mayor-ecosistema-de-hidrogeno-verde-del-mundo.jpg 1200w\" data-sizes=\"(min-width: 2200px) 100vw, (min-width: 784px) 363px, (min-width: 712px) 545px, (min-width: 640px) 712px,\" src=\"data:image\/svg+xml;base64,PHN2ZyB3aWR0aD0iMSIgaGVpZ2h0PSIxIiB4bWxucz0iaHR0cDovL3d3dy53My5vcmcvMjAwMC9zdmciPjwvc3ZnPg==\" style=\"--smush-placeholder-width: 1200px; --smush-placeholder-aspect-ratio: 1200\/737;\" \/><div class=\"fusion-rollover\">\n\t<div class=\"fusion-rollover-content\">\n\n\t\t\t\t\n\t\t\n\t\t\t\t\t\t\t\t\t\t\t\t<h4 class=\"fusion-rollover-title\">\n\t\t\t\t\t<a class=\"fusion-rollover-title-link\" href=\"https:\/\/intelsynet.com\/es\/total-energies-compra-una-participacion-del-25-para-la-creacion-del-mayor-ecosistema-de-hidrogeno-verde-del-mundo\/\">\n\t\t\t\t\t\tTotal Energies compra una participaci\u00f3n del 25% para la creaci\u00f3n del mayor ecosistema de hidr\u00f3geno verde del mundo.\t\t\t\t\t<\/a>\n\t\t\t\t<\/h4>\n\t\t\t\n\t\t\t\t\t\t\t\t\n\t\t\n\t\t\t\t\t\t<a class=\"fusion-link-wrapper\" href=\"https:\/\/intelsynet.com\/es\/total-energies-compra-una-participacion-del-25-para-la-creacion-del-mayor-ecosistema-de-hidrogeno-verde-del-mundo\/\" aria-label=\"Total Energies compra una participaci\u00f3n del 25% para la creaci\u00f3n del mayor ecosistema de hidr\u00f3geno verde del mundo.\"><\/a>\n\t<\/div>\n<\/div>\n<\/div>\n<\/li>\n\t\t\t\n\t\t\t\n\t\t\t\t\t\t\t\t<\/ul>\n\t<\/div>\n\t<div class=\"fusion-post-content-wrapper\" style=\"padding:30px 25px 20px 25px;\"><div class=\"fusion-post-content post-content\"><h2 class=\"blog-shortcode-post-title entry-title\"><a href=\"https:\/\/intelsynet.com\/es\/total-energies-compra-una-participacion-del-25-para-la-creacion-del-mayor-ecosistema-de-hidrogeno-verde-del-mundo\/\">Total Energies compra una participaci\u00f3n del 25% para la creaci\u00f3n del mayor ecosistema de hidr\u00f3geno verde del mundo.<\/a><\/h2><\/div><\/div><div class=\"fusion-clearfix\"><\/div><\/div>\n<\/article>\n<article id=\"blog-1-post-3042\" class=\"fusion-post-grid post-3042 post type-post status-publish format-standard has-post-thumbnail hentry category-nuestros-articulos category-geopolitica\">\n<div class=\"fusion-post-wrapper\" style=\"background-color:rgba(255,255,255,0);border:1px solid #e8e8e8;border-bottom-width:3px;\">\n\n\t\t\t<div class=\"fusion-flexslider flexslider fusion-flexslider-loading fusion-post-slideshow\" style=\"border-color:#e8e8e8;\">\n\t\t<ul class=\"slides\">\n\t\t\t\n\t\t\t\t\t\t\t\t\t\t\t\t\t\t<li><div  class=\"fusion-image-wrapper\" aria-haspopup=\"true\">\n\t\t\t\t<img decoding=\"async\" width=\"1200\" height=\"740\" data-src=\"https:\/\/intelsynet.com\/wp-content\/uploads\/2022\/06\/f.elconfidencial.com_original_762_6b1_07f_7626b107f1b673bca0cbf5a744658378-e1654861976628.jpg\" class=\"attachment-full size-full wp-post-image lazyload\" alt=\"\" data-srcset=\"https:\/\/intelsynet.com\/wp-content\/uploads\/2022\/06\/f.elconfidencial.com_original_762_6b1_07f_7626b107f1b673bca0cbf5a744658378-e1654861976628-200x123.jpg 200w, https:\/\/intelsynet.com\/wp-content\/uploads\/2022\/06\/f.elconfidencial.com_original_762_6b1_07f_7626b107f1b673bca0cbf5a744658378-e1654861976628-400x247.jpg 400w, https:\/\/intelsynet.com\/wp-content\/uploads\/2022\/06\/f.elconfidencial.com_original_762_6b1_07f_7626b107f1b673bca0cbf5a744658378-e1654861976628-600x370.jpg 600w, https:\/\/intelsynet.com\/wp-content\/uploads\/2022\/06\/f.elconfidencial.com_original_762_6b1_07f_7626b107f1b673bca0cbf5a744658378-e1654861976628-800x493.jpg 800w, https:\/\/intelsynet.com\/wp-content\/uploads\/2022\/06\/f.elconfidencial.com_original_762_6b1_07f_7626b107f1b673bca0cbf5a744658378-e1654861976628.jpg 1200w\" data-sizes=\"(min-width: 2200px) 100vw, (min-width: 784px) 363px, (min-width: 712px) 545px, (min-width: 640px) 712px,\" src=\"data:image\/svg+xml;base64,PHN2ZyB3aWR0aD0iMSIgaGVpZ2h0PSIxIiB4bWxucz0iaHR0cDovL3d3dy53My5vcmcvMjAwMC9zdmciPjwvc3ZnPg==\" style=\"--smush-placeholder-width: 1200px; --smush-placeholder-aspect-ratio: 1200\/740;\" \/><div class=\"fusion-rollover\">\n\t<div class=\"fusion-rollover-content\">\n\n\t\t\t\t\n\t\t\n\t\t\t\t\t\t\t\t\t\t\t\t<h4 class=\"fusion-rollover-title\">\n\t\t\t\t\t<a class=\"fusion-rollover-title-link\" href=\"https:\/\/intelsynet.com\/es\/por-que-los-grandes-inversores-presionan-a-las-empresas-para-que-les-faciliten-datos-como-la-ubicacion-de-sus-almacenes-y-fabricas\/\">\n\t\t\t\t\t\tPor qu\u00e9 los grandes inversores presionan a las empresas para que les faciliten datos como la ubicaci\u00f3n de sus almacenes y f\u00e1bricas\t\t\t\t\t<\/a>\n\t\t\t\t<\/h4>\n\t\t\t\n\t\t\t\t\t\t\t\t\n\t\t\n\t\t\t\t\t\t<a class=\"fusion-link-wrapper\" href=\"https:\/\/intelsynet.com\/es\/por-que-los-grandes-inversores-presionan-a-las-empresas-para-que-les-faciliten-datos-como-la-ubicacion-de-sus-almacenes-y-fabricas\/\" aria-label=\"Por qu\u00e9 los grandes inversores presionan a las empresas para que les faciliten datos como la ubicaci\u00f3n de sus almacenes y f\u00e1bricas\"><\/a>\n\t<\/div>\n<\/div>\n<\/div>\n<\/li>\n\t\t\t\n\t\t\t\n\t\t\t\t\t\t\t\t<\/ul>\n\t<\/div>\n\t<div class=\"fusion-post-content-wrapper\" style=\"padding:30px 25px 20px 25px;\"><div class=\"fusion-post-content post-content\"><h2 class=\"blog-shortcode-post-title entry-title\"><a href=\"https:\/\/intelsynet.com\/es\/por-que-los-grandes-inversores-presionan-a-las-empresas-para-que-les-faciliten-datos-como-la-ubicacion-de-sus-almacenes-y-fabricas\/\">Por qu\u00e9 los grandes inversores presionan a las empresas para que les faciliten datos como la ubicaci\u00f3n de sus almacenes y f\u00e1bricas<\/a><\/h2><\/div><\/div><div class=\"fusion-clearfix\"><\/div><\/div>\n<\/article>\n<article id=\"blog-1-post-3039\" class=\"fusion-post-grid post-3039 post type-post status-publish format-standard has-post-thumbnail hentry category-nuestros-articulos category-geopolitica category-sostenibilidad\">\n<div class=\"fusion-post-wrapper\" style=\"background-color:rgba(255,255,255,0);border:1px solid #e8e8e8;border-bottom-width:3px;\">\n\n\t\t\t<div class=\"fusion-flexslider flexslider fusion-flexslider-loading fusion-post-slideshow\" style=\"border-color:#e8e8e8;\">\n\t\t<ul class=\"slides\">\n\t\t\t\n\t\t\t\t\t\t\t\t\t\t\t\t\t\t<li><div  class=\"fusion-image-wrapper\" aria-haspopup=\"true\">\n\t\t\t\t<img decoding=\"async\" width=\"900\" height=\"555\" data-src=\"https:\/\/intelsynet.com\/wp-content\/uploads\/2022\/06\/Gazprom-Gas-Rusia-e1654861693406.jpeg\" class=\"attachment-full size-full wp-post-image lazyload\" alt=\"\" data-srcset=\"https:\/\/intelsynet.com\/wp-content\/uploads\/2022\/06\/Gazprom-Gas-Rusia-e1654861693406-200x123.jpeg 200w, https:\/\/intelsynet.com\/wp-content\/uploads\/2022\/06\/Gazprom-Gas-Rusia-e1654861693406-400x247.jpeg 400w, https:\/\/intelsynet.com\/wp-content\/uploads\/2022\/06\/Gazprom-Gas-Rusia-e1654861693406-600x370.jpeg 600w, https:\/\/intelsynet.com\/wp-content\/uploads\/2022\/06\/Gazprom-Gas-Rusia-e1654861693406-800x493.jpeg 800w, https:\/\/intelsynet.com\/wp-content\/uploads\/2022\/06\/Gazprom-Gas-Rusia-e1654861693406.jpeg 900w\" data-sizes=\"(min-width: 2200px) 100vw, (min-width: 784px) 363px, (min-width: 712px) 545px, (min-width: 640px) 712px,\" src=\"data:image\/svg+xml;base64,PHN2ZyB3aWR0aD0iMSIgaGVpZ2h0PSIxIiB4bWxucz0iaHR0cDovL3d3dy53My5vcmcvMjAwMC9zdmciPjwvc3ZnPg==\" style=\"--smush-placeholder-width: 900px; --smush-placeholder-aspect-ratio: 900\/555;\" \/><div class=\"fusion-rollover\">\n\t<div class=\"fusion-rollover-content\">\n\n\t\t\t\t\n\t\t\n\t\t\t\t\t\t\t\t\t\t\t\t<h4 class=\"fusion-rollover-title\">\n\t\t\t\t\t<a class=\"fusion-rollover-title-link\" href=\"https:\/\/intelsynet.com\/es\/el-impacto-de-la-crisis-de-ucrania-en-el-cambio-climatico\/\">\n\t\t\t\t\t\tEl impacto de la crisis de Ucrania en el cambio clim\u00e1tico\t\t\t\t\t<\/a>\n\t\t\t\t<\/h4>\n\t\t\t\n\t\t\t\t\t\t\t\t\n\t\t\n\t\t\t\t\t\t<a class=\"fusion-link-wrapper\" href=\"https:\/\/intelsynet.com\/es\/el-impacto-de-la-crisis-de-ucrania-en-el-cambio-climatico\/\" aria-label=\"El impacto de la crisis de Ucrania en el cambio clim\u00e1tico\"><\/a>\n\t<\/div>\n<\/div>\n<\/div>\n<\/li>\n\t\t\t\n\t\t\t\n\t\t\t\t\t\t\t\t<\/ul>\n\t<\/div>\n\t<div class=\"fusion-post-content-wrapper\" style=\"padding:30px 25px 20px 25px;\"><div class=\"fusion-post-content post-content\"><h2 class=\"blog-shortcode-post-title entry-title\"><a href=\"https:\/\/intelsynet.com\/es\/el-impacto-de-la-crisis-de-ucrania-en-el-cambio-climatico\/\">El impacto de la crisis de Ucrania en el cambio clim\u00e1tico<\/a><\/h2><\/div><\/div><div class=\"fusion-clearfix\"><\/div><\/div>\n<\/article>\n<article id=\"blog-1-post-3035\" class=\"fusion-post-grid post-3035 post type-post status-publish format-standard has-post-thumbnail hentry category-nuestros-articulos category-gestion-de-riesgos\">\n<div class=\"fusion-post-wrapper\" style=\"background-color:rgba(255,255,255,0);border:1px solid #e8e8e8;border-bottom-width:3px;\">\n\n\t\t\t<div class=\"fusion-flexslider flexslider fusion-flexslider-loading fusion-post-slideshow\" style=\"border-color:#e8e8e8;\">\n\t\t<ul class=\"slides\">\n\t\t\t\n\t\t\t\t\t\t\t\t\t\t\t\t\t\t<li><div  class=\"fusion-image-wrapper\" aria-haspopup=\"true\">\n\t\t\t\t<img decoding=\"async\" width=\"1200\" height=\"740\" data-src=\"https:\/\/intelsynet.com\/wp-content\/uploads\/2022\/06\/group-of-people-working-out-business-plan-in-an-office-e1654861367796.jpg\" class=\"attachment-full size-full wp-post-image lazyload\" alt=\"\" data-srcset=\"https:\/\/intelsynet.com\/wp-content\/uploads\/2022\/06\/group-of-people-working-out-business-plan-in-an-office-e1654861367796-200x123.jpg 200w, https:\/\/intelsynet.com\/wp-content\/uploads\/2022\/06\/group-of-people-working-out-business-plan-in-an-office-e1654861367796-400x247.jpg 400w, https:\/\/intelsynet.com\/wp-content\/uploads\/2022\/06\/group-of-people-working-out-business-plan-in-an-office-e1654861367796-600x370.jpg 600w, https:\/\/intelsynet.com\/wp-content\/uploads\/2022\/06\/group-of-people-working-out-business-plan-in-an-office-e1654861367796-800x493.jpg 800w, https:\/\/intelsynet.com\/wp-content\/uploads\/2022\/06\/group-of-people-working-out-business-plan-in-an-office-e1654861367796.jpg 1200w\" data-sizes=\"(min-width: 2200px) 100vw, (min-width: 784px) 363px, (min-width: 712px) 545px, (min-width: 640px) 712px,\" src=\"data:image\/svg+xml;base64,PHN2ZyB3aWR0aD0iMSIgaGVpZ2h0PSIxIiB4bWxucz0iaHR0cDovL3d3dy53My5vcmcvMjAwMC9zdmciPjwvc3ZnPg==\" style=\"--smush-placeholder-width: 1200px; --smush-placeholder-aspect-ratio: 1200\/740;\" \/><div class=\"fusion-rollover\">\n\t<div class=\"fusion-rollover-content\">\n\n\t\t\t\t\n\t\t\n\t\t\t\t\t\t\t\t\t\t\t\t<h4 class=\"fusion-rollover-title\">\n\t\t\t\t\t<a class=\"fusion-rollover-title-link\" href=\"https:\/\/intelsynet.com\/es\/que-factores-esg-son-cruciales-para-mi-negocio-y-claves-para-alcanzarlos\/\">\n\t\t\t\t\t\tQu\u00e9 factores ESG son cruciales para mi negocio (y claves para alcanzarlos)\t\t\t\t\t<\/a>\n\t\t\t\t<\/h4>\n\t\t\t\n\t\t\t\t\t\t\t\t\n\t\t\n\t\t\t\t\t\t<a class=\"fusion-link-wrapper\" href=\"https:\/\/intelsynet.com\/es\/que-factores-esg-son-cruciales-para-mi-negocio-y-claves-para-alcanzarlos\/\" aria-label=\"Qu\u00e9 factores ESG son cruciales para mi negocio (y claves para alcanzarlos)\"><\/a>\n\t<\/div>\n<\/div>\n<\/div>\n<\/li>\n\t\t\t\n\t\t\t\n\t\t\t\t\t\t\t\t<\/ul>\n\t<\/div>\n\t<div class=\"fusion-post-content-wrapper\" style=\"padding:30px 25px 20px 25px;\"><div class=\"fusion-post-content post-content\"><h2 class=\"blog-shortcode-post-title entry-title\"><a href=\"https:\/\/intelsynet.com\/es\/que-factores-esg-son-cruciales-para-mi-negocio-y-claves-para-alcanzarlos\/\">Qu\u00e9 factores ESG son cruciales para mi negocio (y claves para alcanzarlos)<\/a><\/h2><\/div><\/div><div class=\"fusion-clearfix\"><\/div><\/div>\n<\/article>\n<article id=\"blog-1-post-3233\" class=\"fusion-post-grid post-3233 post type-post status-publish format-standard has-post-thumbnail hentry category-nuestros-articulos category-sostenibilidad tag-emobility tag-energia tag-investigacion tag-logicaeconomica tag-tecnologia\">\n<div class=\"fusion-post-wrapper\" style=\"background-color:rgba(255,255,255,0);border:1px solid #e8e8e8;border-bottom-width:3px;\">\n\n\t\t\t<div class=\"fusion-flexslider flexslider fusion-flexslider-loading fusion-post-slideshow\" style=\"border-color:#e8e8e8;\">\n\t\t<ul class=\"slides\">\n\t\t\t\n\t\t\t\t\t\t\t\t\t\t\t\t\t\t<li><div  class=\"fusion-image-wrapper\" aria-haspopup=\"true\">\n\t\t\t\t<img decoding=\"async\" width=\"600\" height=\"400\" data-src=\"https:\/\/intelsynet.com\/wp-content\/uploads\/2023\/02\/Iniciativa-Basquevolt.jpg\" class=\"attachment-full size-full wp-post-image lazyload\" alt=\"\" data-srcset=\"https:\/\/intelsynet.com\/wp-content\/uploads\/2023\/02\/Iniciativa-Basquevolt-200x133.jpg 200w, https:\/\/intelsynet.com\/wp-content\/uploads\/2023\/02\/Iniciativa-Basquevolt-400x267.jpg 400w, https:\/\/intelsynet.com\/wp-content\/uploads\/2023\/02\/Iniciativa-Basquevolt.jpg 600w\" data-sizes=\"(min-width: 2200px) 100vw, (min-width: 784px) 363px, (min-width: 712px) 545px, (min-width: 640px) 712px,\" src=\"data:image\/svg+xml;base64,PHN2ZyB3aWR0aD0iMSIgaGVpZ2h0PSIxIiB4bWxucz0iaHR0cDovL3d3dy53My5vcmcvMjAwMC9zdmciPjwvc3ZnPg==\" style=\"--smush-placeholder-width: 600px; --smush-placeholder-aspect-ratio: 600\/400;\" \/><div class=\"fusion-rollover\">\n\t<div class=\"fusion-rollover-content\">\n\n\t\t\t\t\n\t\t\n\t\t\t\t\t\t\t\t\t\t\t\t<h4 class=\"fusion-rollover-title\">\n\t\t\t\t\t<a class=\"fusion-rollover-title-link\" href=\"https:\/\/intelsynet.com\/es\/se-pone-en-marcha-la-iniciativa-basquevolt-para-investigar-y-producir-baterias-de-estado-solido\/\">\n\t\t\t\t\t\tSe pone en marcha la iniciativa \u00abBasquevolt\u00bb para investigar y producir bater\u00edas de estado s\u00f3lido\t\t\t\t\t<\/a>\n\t\t\t\t<\/h4>\n\t\t\t\n\t\t\t\t\t\t\t\t\n\t\t\n\t\t\t\t\t\t<a class=\"fusion-link-wrapper\" href=\"https:\/\/intelsynet.com\/es\/se-pone-en-marcha-la-iniciativa-basquevolt-para-investigar-y-producir-baterias-de-estado-solido\/\" aria-label=\"Se pone en marcha la iniciativa \u00abBasquevolt\u00bb para investigar y producir bater\u00edas de estado s\u00f3lido\"><\/a>\n\t<\/div>\n<\/div>\n<\/div>\n<\/li>\n\t\t\t\n\t\t\t\n\t\t\t\t\t\t\t\t<\/ul>\n\t<\/div>\n\t<div class=\"fusion-post-content-wrapper\" style=\"padding:30px 25px 20px 25px;\"><div class=\"fusion-post-content post-content\"><h2 class=\"blog-shortcode-post-title entry-title\"><a href=\"https:\/\/intelsynet.com\/es\/se-pone-en-marcha-la-iniciativa-basquevolt-para-investigar-y-producir-baterias-de-estado-solido\/\">Se pone en marcha la iniciativa \u00abBasquevolt\u00bb para investigar y producir bater\u00edas de estado s\u00f3lido<\/a><\/h2><\/div><\/div><div class=\"fusion-clearfix\"><\/div><\/div>\n<\/article>\n<article id=\"blog-1-post-3027\" class=\"fusion-post-grid post-3027 post type-post status-publish format-standard has-post-thumbnail hentry category-nuestros-articulos\">\n<div class=\"fusion-post-wrapper\" style=\"background-color:rgba(255,255,255,0);border:1px solid #e8e8e8;border-bottom-width:3px;\">\n\n\t\t\t<div class=\"fusion-flexslider flexslider fusion-flexslider-loading fusion-post-slideshow\" style=\"border-color:#e8e8e8;\">\n\t\t<ul class=\"slides\">\n\t\t\t\n\t\t\t\t\t\t\t\t\t\t\t\t\t\t<li><div  class=\"fusion-image-wrapper\" aria-haspopup=\"true\">\n\t\t\t\t<img decoding=\"async\" width=\"2200\" height=\"1650\" data-src=\"https:\/\/intelsynet.com\/wp-content\/uploads\/2022\/04\/Bosques-Sostenibles-reforestacion-en-Portugal-web-e1651046409783.jpg\" class=\"attachment-full size-full wp-post-image lazyload\" alt=\"\" src=\"data:image\/svg+xml;base64,PHN2ZyB3aWR0aD0iMSIgaGVpZ2h0PSIxIiB4bWxucz0iaHR0cDovL3d3dy53My5vcmcvMjAwMC9zdmciPjwvc3ZnPg==\" style=\"--smush-placeholder-width: 2200px; --smush-placeholder-aspect-ratio: 2200\/1650;\" \/><div class=\"fusion-rollover\">\n\t<div class=\"fusion-rollover-content\">\n\n\t\t\t\t\n\t\t\n\t\t\t\t\t\t\t\t\t\t\t\t<h4 class=\"fusion-rollover-title\">\n\t\t\t\t\t<a class=\"fusion-rollover-title-link\" href=\"https:\/\/intelsynet.com\/es\/75-millones-de-euros-para-66\/\">\n\t\t\t\t\t\t7,5 millones de euros para 66 proyectos que crear\u00e1n 600 contratos en econom\u00eda verde y azul\t\t\t\t\t<\/a>\n\t\t\t\t<\/h4>\n\t\t\t\n\t\t\t\t\t\t\t\t\n\t\t\n\t\t\t\t\t\t<a class=\"fusion-link-wrapper\" href=\"https:\/\/intelsynet.com\/es\/75-millones-de-euros-para-66\/\" aria-label=\"7,5 millones de euros para 66 proyectos que crear\u00e1n 600 contratos en econom\u00eda verde y azul\"><\/a>\n\t<\/div>\n<\/div>\n<\/div>\n<\/li>\n\t\t\t\n\t\t\t\n\t\t\t\t\t\t\t\t<\/ul>\n\t<\/div>\n\t<div class=\"fusion-post-content-wrapper\" style=\"padding:30px 25px 20px 25px;\"><div class=\"fusion-post-content post-content\"><h2 class=\"blog-shortcode-post-title entry-title\"><a href=\"https:\/\/intelsynet.com\/es\/75-millones-de-euros-para-66\/\">7,5 millones de euros para 66 proyectos que crear\u00e1n 600 contratos en econom\u00eda verde y azul<\/a><\/h2><\/div><\/div><div class=\"fusion-clearfix\"><\/div><\/div>\n<\/article>\n<article id=\"blog-1-post-3024\" class=\"fusion-post-grid post-3024 post type-post status-publish format-standard has-post-thumbnail hentry category-nuestros-articulos\">\n<div class=\"fusion-post-wrapper\" style=\"background-color:rgba(255,255,255,0);border:1px solid #e8e8e8;border-bottom-width:3px;\">\n\n\t\t\t<div class=\"fusion-flexslider flexslider fusion-flexslider-loading fusion-post-slideshow\" style=\"border-color:#e8e8e8;\">\n\t\t<ul class=\"slides\">\n\t\t\t\n\t\t\t\t\t\t\t\t\t\t\t\t\t\t<li><div  class=\"fusion-image-wrapper\" aria-haspopup=\"true\">\n\t\t\t\t<img decoding=\"async\" width=\"1200\" height=\"740\" data-src=\"https:\/\/intelsynet.com\/wp-content\/uploads\/2022\/04\/resilencia-e1651045831706.jpg\" class=\"attachment-full size-full wp-post-image lazyload\" alt=\"resiliencia\" data-srcset=\"https:\/\/intelsynet.com\/wp-content\/uploads\/2022\/04\/resilencia-e1651045831706-200x123.jpg 200w, https:\/\/intelsynet.com\/wp-content\/uploads\/2022\/04\/resilencia-e1651045831706-400x247.jpg 400w, https:\/\/intelsynet.com\/wp-content\/uploads\/2022\/04\/resilencia-e1651045831706-600x370.jpg 600w, https:\/\/intelsynet.com\/wp-content\/uploads\/2022\/04\/resilencia-e1651045831706-800x493.jpg 800w, https:\/\/intelsynet.com\/wp-content\/uploads\/2022\/04\/resilencia-e1651045831706.jpg 1200w\" data-sizes=\"(min-width: 2200px) 100vw, (min-width: 784px) 363px, (min-width: 712px) 545px, (min-width: 640px) 712px,\" src=\"data:image\/svg+xml;base64,PHN2ZyB3aWR0aD0iMSIgaGVpZ2h0PSIxIiB4bWxucz0iaHR0cDovL3d3dy53My5vcmcvMjAwMC9zdmciPjwvc3ZnPg==\" style=\"--smush-placeholder-width: 1200px; --smush-placeholder-aspect-ratio: 1200\/740;\" \/><div class=\"fusion-rollover\">\n\t<div class=\"fusion-rollover-content\">\n\n\t\t\t\t\n\t\t\n\t\t\t\t\t\t\t\t\t\t\t\t<h4 class=\"fusion-rollover-title\">\n\t\t\t\t\t<a class=\"fusion-rollover-title-link\" href=\"https:\/\/intelsynet.com\/es\/resiliencia-del-esg-frente-a-la-incertidumbre-economica\/\">\n\t\t\t\t\t\tResiliencia del ESG frente a la incertidumbre econ\u00f3mica\t\t\t\t\t<\/a>\n\t\t\t\t<\/h4>\n\t\t\t\n\t\t\t\t\t\t\t\t\n\t\t\n\t\t\t\t\t\t<a class=\"fusion-link-wrapper\" href=\"https:\/\/intelsynet.com\/es\/resiliencia-del-esg-frente-a-la-incertidumbre-economica\/\" aria-label=\"Resiliencia del ESG frente a la incertidumbre econ\u00f3mica\"><\/a>\n\t<\/div>\n<\/div>\n<\/div>\n<\/li>\n\t\t\t\n\t\t\t\n\t\t\t\t\t\t\t\t<\/ul>\n\t<\/div>\n\t<div class=\"fusion-post-content-wrapper\" style=\"padding:30px 25px 20px 25px;\"><div class=\"fusion-post-content post-content\"><h2 class=\"blog-shortcode-post-title entry-title\"><a href=\"https:\/\/intelsynet.com\/es\/resiliencia-del-esg-frente-a-la-incertidumbre-economica\/\">Resiliencia del ESG frente a la incertidumbre econ\u00f3mica<\/a><\/h2><\/div><\/div><div class=\"fusion-clearfix\"><\/div><\/div>\n<\/article>\n<article id=\"blog-1-post-3030\" class=\"fusion-post-grid post-3030 post type-post status-publish format-standard has-post-thumbnail hentry category-nuestros-articulos category-sostenibilidad\">\n<div class=\"fusion-post-wrapper\" style=\"background-color:rgba(255,255,255,0);border:1px solid #e8e8e8;border-bottom-width:3px;\">\n\n\t\t\t<div class=\"fusion-flexslider flexslider fusion-flexslider-loading fusion-post-slideshow\" style=\"border-color:#e8e8e8;\">\n\t\t<ul class=\"slides\">\n\t\t\t\n\t\t\t\t\t\t\t\t\t\t\t\t\t\t<li><div  class=\"fusion-image-wrapper\" aria-haspopup=\"true\">\n\t\t\t\t<img decoding=\"async\" width=\"1800\" height=\"1111\" data-src=\"https:\/\/intelsynet.com\/wp-content\/uploads\/2022\/04\/20220404PHT26610_original-e1651047036257.jpg\" class=\"attachment-full size-full wp-post-image lazyload\" alt=\"\" data-srcset=\"https:\/\/intelsynet.com\/wp-content\/uploads\/2022\/04\/20220404PHT26610_original-e1651047036257-200x123.jpg 200w, https:\/\/intelsynet.com\/wp-content\/uploads\/2022\/04\/20220404PHT26610_original-e1651047036257-400x247.jpg 400w, https:\/\/intelsynet.com\/wp-content\/uploads\/2022\/04\/20220404PHT26610_original-e1651047036257-600x370.jpg 600w, https:\/\/intelsynet.com\/wp-content\/uploads\/2022\/04\/20220404PHT26610_original-e1651047036257-800x494.jpg 800w, https:\/\/intelsynet.com\/wp-content\/uploads\/2022\/04\/20220404PHT26610_original-e1651047036257-1200x741.jpg 1200w, https:\/\/intelsynet.com\/wp-content\/uploads\/2022\/04\/20220404PHT26610_original-e1651047036257.jpg 1800w\" data-sizes=\"(min-width: 2200px) 100vw, (min-width: 784px) 363px, (min-width: 712px) 545px, (min-width: 640px) 712px,\" src=\"data:image\/svg+xml;base64,PHN2ZyB3aWR0aD0iMSIgaGVpZ2h0PSIxIiB4bWxucz0iaHR0cDovL3d3dy53My5vcmcvMjAwMC9zdmciPjwvc3ZnPg==\" style=\"--smush-placeholder-width: 1800px; --smush-placeholder-aspect-ratio: 1800\/1111;\" \/><div class=\"fusion-rollover\">\n\t<div class=\"fusion-rollover-content\">\n\n\t\t\t\t\n\t\t\n\t\t\t\t\t\t\t\t\t\t\t\t<h4 class=\"fusion-rollover-title\">\n\t\t\t\t\t<a class=\"fusion-rollover-title-link\" href=\"https:\/\/intelsynet.com\/es\/derecho-a-reparar-y-sostenibilidad-ambiental\/\">\n\t\t\t\t\t\tDerecho a reparar y sostenibilidad ambiental\t\t\t\t\t<\/a>\n\t\t\t\t<\/h4>\n\t\t\t\n\t\t\t\t\t\t\t\t\n\t\t\n\t\t\t\t\t\t<a class=\"fusion-link-wrapper\" href=\"https:\/\/intelsynet.com\/es\/derecho-a-reparar-y-sostenibilidad-ambiental\/\" aria-label=\"Derecho a reparar y sostenibilidad ambiental\"><\/a>\n\t<\/div>\n<\/div>\n<\/div>\n<\/li>\n\t\t\t\n\t\t\t\n\t\t\t\t\t\t\t\t<\/ul>\n\t<\/div>\n\t<div class=\"fusion-post-content-wrapper\" style=\"padding:30px 25px 20px 25px;\"><div class=\"fusion-post-content post-content\"><h2 class=\"blog-shortcode-post-title entry-title\"><a href=\"https:\/\/intelsynet.com\/es\/derecho-a-reparar-y-sostenibilidad-ambiental\/\">Derecho a reparar y sostenibilidad ambiental<\/a><\/h2><\/div><\/div><div class=\"fusion-clearfix\"><\/div><\/div>\n<\/article>\n<article id=\"blog-1-post-3014\" class=\"fusion-post-grid post-3014 post type-post status-publish format-standard has-post-thumbnail hentry category-nuestros-articulos\">\n<div class=\"fusion-post-wrapper\" style=\"background-color:rgba(255,255,255,0);border:1px solid #e8e8e8;border-bottom-width:3px;\">\n\n\t\t\t<div class=\"fusion-flexslider flexslider fusion-flexslider-loading fusion-post-slideshow\" style=\"border-color:#e8e8e8;\">\n\t\t<ul class=\"slides\">\n\t\t\t\n\t\t\t\t\t\t\t\t\t\t\t\t\t\t<li><div  class=\"fusion-image-wrapper\" aria-haspopup=\"true\">\n\t\t\t\t<img decoding=\"async\" width=\"600\" height=\"369\" data-src=\"https:\/\/intelsynet.com\/wp-content\/uploads\/2022\/04\/1602086342_934568_1602086414_noticia_normal-e1649762074933.jpg\" class=\"attachment-full size-full wp-post-image lazyload\" alt=\"\" data-srcset=\"https:\/\/intelsynet.com\/wp-content\/uploads\/2022\/04\/1602086342_934568_1602086414_noticia_normal-e1649762074933-200x123.jpg 200w, https:\/\/intelsynet.com\/wp-content\/uploads\/2022\/04\/1602086342_934568_1602086414_noticia_normal-e1649762074933-400x246.jpg 400w, https:\/\/intelsynet.com\/wp-content\/uploads\/2022\/04\/1602086342_934568_1602086414_noticia_normal-e1649762074933.jpg 600w\" data-sizes=\"(min-width: 2200px) 100vw, (min-width: 784px) 363px, (min-width: 712px) 545px, (min-width: 640px) 712px,\" src=\"data:image\/svg+xml;base64,PHN2ZyB3aWR0aD0iMSIgaGVpZ2h0PSIxIiB4bWxucz0iaHR0cDovL3d3dy53My5vcmcvMjAwMC9zdmciPjwvc3ZnPg==\" style=\"--smush-placeholder-width: 600px; --smush-placeholder-aspect-ratio: 600\/369;\" \/><div class=\"fusion-rollover\">\n\t<div class=\"fusion-rollover-content\">\n\n\t\t\t\t\n\t\t\n\t\t\t\t\t\t\t\t\t\t\t\t<h4 class=\"fusion-rollover-title\">\n\t\t\t\t\t<a class=\"fusion-rollover-title-link\" href=\"https:\/\/intelsynet.com\/es\/nace-la-primera-certificacion-esg-para-el-mercado-inmobiliario\/\">\n\t\t\t\t\t\tNace la primera certificaci\u00f3n ESG para el mercado inmobiliario\t\t\t\t\t<\/a>\n\t\t\t\t<\/h4>\n\t\t\t\n\t\t\t\t\t\t\t\t\n\t\t\n\t\t\t\t\t\t<a class=\"fusion-link-wrapper\" href=\"https:\/\/intelsynet.com\/es\/nace-la-primera-certificacion-esg-para-el-mercado-inmobiliario\/\" aria-label=\"Nace la primera certificaci\u00f3n ESG para el mercado inmobiliario\"><\/a>\n\t<\/div>\n<\/div>\n<\/div>\n<\/li>\n\t\t\t\n\t\t\t\n\t\t\t\t\t\t\t\t<\/ul>\n\t<\/div>\n\t<div class=\"fusion-post-content-wrapper\" style=\"padding:30px 25px 20px 25px;\"><div class=\"fusion-post-content post-content\"><h2 class=\"blog-shortcode-post-title entry-title\"><a href=\"https:\/\/intelsynet.com\/es\/nace-la-primera-certificacion-esg-para-el-mercado-inmobiliario\/\">Nace la primera certificaci\u00f3n ESG para el mercado inmobiliario<\/a><\/h2><\/div><\/div><div class=\"fusion-clearfix\"><\/div><\/div>\n<\/article>\n<article id=\"blog-1-post-3017\" class=\"fusion-post-grid post-3017 post type-post status-publish format-standard has-post-thumbnail hentry category-nuestros-articulos\">\n<div class=\"fusion-post-wrapper\" style=\"background-color:rgba(255,255,255,0);border:1px solid #e8e8e8;border-bottom-width:3px;\">\n\n\t\t\t<div class=\"fusion-flexslider flexslider fusion-flexslider-loading fusion-post-slideshow\" style=\"border-color:#e8e8e8;\">\n\t\t<ul class=\"slides\">\n\t\t\t\n\t\t\t\t\t\t\t\t\t\t\t\t\t\t<li><div  class=\"fusion-image-wrapper\" aria-haspopup=\"true\">\n\t\t\t\t<img decoding=\"async\" width=\"900\" height=\"555\" data-src=\"https:\/\/intelsynet.com\/wp-content\/uploads\/2022\/04\/GettyImages-1340683804-1-e1649762409527.jpg\" class=\"attachment-full size-full wp-post-image lazyload\" alt=\"\" data-srcset=\"https:\/\/intelsynet.com\/wp-content\/uploads\/2022\/04\/GettyImages-1340683804-1-e1649762409527-200x123.jpg 200w, https:\/\/intelsynet.com\/wp-content\/uploads\/2022\/04\/GettyImages-1340683804-1-e1649762409527-400x247.jpg 400w, https:\/\/intelsynet.com\/wp-content\/uploads\/2022\/04\/GettyImages-1340683804-1-e1649762409527-600x370.jpg 600w, https:\/\/intelsynet.com\/wp-content\/uploads\/2022\/04\/GettyImages-1340683804-1-e1649762409527-800x493.jpg 800w, https:\/\/intelsynet.com\/wp-content\/uploads\/2022\/04\/GettyImages-1340683804-1-e1649762409527.jpg 900w\" data-sizes=\"(min-width: 2200px) 100vw, (min-width: 784px) 363px, (min-width: 712px) 545px, (min-width: 640px) 712px,\" src=\"data:image\/svg+xml;base64,PHN2ZyB3aWR0aD0iMSIgaGVpZ2h0PSIxIiB4bWxucz0iaHR0cDovL3d3dy53My5vcmcvMjAwMC9zdmciPjwvc3ZnPg==\" style=\"--smush-placeholder-width: 900px; --smush-placeholder-aspect-ratio: 900\/555;\" \/><div class=\"fusion-rollover\">\n\t<div class=\"fusion-rollover-content\">\n\n\t\t\t\t\n\t\t\n\t\t\t\t\t\t\t\t\t\t\t\t<h4 class=\"fusion-rollover-title\">\n\t\t\t\t\t<a class=\"fusion-rollover-title-link\" href=\"https:\/\/intelsynet.com\/es\/inversion-con-criterios-esg-mas-alla-de-la-perspectiva-medioambiental\/\">\n\t\t\t\t\t\tInversi\u00f3n con criterios ESG: m\u00e1s all\u00e1 de la perspectiva medioambiental\t\t\t\t\t<\/a>\n\t\t\t\t<\/h4>\n\t\t\t\n\t\t\t\t\t\t\t\t\n\t\t\n\t\t\t\t\t\t<a class=\"fusion-link-wrapper\" href=\"https:\/\/intelsynet.com\/es\/inversion-con-criterios-esg-mas-alla-de-la-perspectiva-medioambiental\/\" aria-label=\"Inversi\u00f3n con criterios ESG: m\u00e1s all\u00e1 de la perspectiva medioambiental\"><\/a>\n\t<\/div>\n<\/div>\n<\/div>\n<\/li>\n\t\t\t\n\t\t\t\n\t\t\t\t\t\t\t\t<\/ul>\n\t<\/div>\n\t<div class=\"fusion-post-content-wrapper\" style=\"padding:30px 25px 20px 25px;\"><div class=\"fusion-post-content post-content\"><h2 class=\"blog-shortcode-post-title entry-title\"><a href=\"https:\/\/intelsynet.com\/es\/inversion-con-criterios-esg-mas-alla-de-la-perspectiva-medioambiental\/\">Inversi\u00f3n con criterios ESG: m\u00e1s all\u00e1 de la perspectiva medioambiental<\/a><\/h2><\/div><\/div><div class=\"fusion-clearfix\"><\/div><\/div>\n<\/article>\n<article id=\"blog-1-post-3005\" class=\"fusion-post-grid post-3005 post type-post status-publish format-standard has-post-thumbnail hentry category-nuestros-articulos\">\n<div class=\"fusion-post-wrapper\" style=\"background-color:rgba(255,255,255,0);border:1px solid #e8e8e8;border-bottom-width:3px;\">\n\n\t\t\t<div class=\"fusion-flexslider flexslider fusion-flexslider-loading fusion-post-slideshow\" style=\"border-color:#e8e8e8;\">\n\t\t<ul class=\"slides\">\n\t\t\t\n\t\t\t\t\t\t\t\t\t\t\t\t\t\t<li><div  class=\"fusion-image-wrapper\" aria-haspopup=\"true\">\n\t\t\t\t<img decoding=\"async\" width=\"1200\" height=\"720\" data-src=\"https:\/\/intelsynet.com\/wp-content\/uploads\/2022\/03\/1111-e1648467684480.jpeg\" class=\"attachment-full size-full wp-post-image lazyload\" alt=\"\" data-srcset=\"https:\/\/intelsynet.com\/wp-content\/uploads\/2022\/03\/1111-e1648467684480-200x120.jpeg 200w, https:\/\/intelsynet.com\/wp-content\/uploads\/2022\/03\/1111-e1648467684480-400x240.jpeg 400w, https:\/\/intelsynet.com\/wp-content\/uploads\/2022\/03\/1111-e1648467684480-600x360.jpeg 600w, https:\/\/intelsynet.com\/wp-content\/uploads\/2022\/03\/1111-e1648467684480-800x480.jpeg 800w, https:\/\/intelsynet.com\/wp-content\/uploads\/2022\/03\/1111-e1648467684480.jpeg 1200w\" data-sizes=\"(min-width: 2200px) 100vw, (min-width: 784px) 363px, (min-width: 712px) 545px, (min-width: 640px) 712px,\" src=\"data:image\/svg+xml;base64,PHN2ZyB3aWR0aD0iMSIgaGVpZ2h0PSIxIiB4bWxucz0iaHR0cDovL3d3dy53My5vcmcvMjAwMC9zdmciPjwvc3ZnPg==\" style=\"--smush-placeholder-width: 1200px; --smush-placeholder-aspect-ratio: 1200\/720;\" \/><div class=\"fusion-rollover\">\n\t<div class=\"fusion-rollover-content\">\n\n\t\t\t\t\n\t\t\n\t\t\t\t\t\t\t\t\t\t\t\t<h4 class=\"fusion-rollover-title\">\n\t\t\t\t\t<a class=\"fusion-rollover-title-link\" href=\"https:\/\/intelsynet.com\/es\/esg-a-la-americana\/\">\n\t\t\t\t\t\tESG a la americana\t\t\t\t\t<\/a>\n\t\t\t\t<\/h4>\n\t\t\t\n\t\t\t\t\t\t\t\t\n\t\t\n\t\t\t\t\t\t<a class=\"fusion-link-wrapper\" href=\"https:\/\/intelsynet.com\/es\/esg-a-la-americana\/\" aria-label=\"ESG a la americana\"><\/a>\n\t<\/div>\n<\/div>\n<\/div>\n<\/li>\n\t\t\t\n\t\t\t\n\t\t\t\t\t\t\t\t<\/ul>\n\t<\/div>\n\t<div class=\"fusion-post-content-wrapper\" style=\"padding:30px 25px 20px 25px;\"><div class=\"fusion-post-content post-content\"><h2 class=\"blog-shortcode-post-title entry-title\"><a href=\"https:\/\/intelsynet.com\/es\/esg-a-la-americana\/\">ESG a la americana<\/a><\/h2><\/div><\/div><div class=\"fusion-clearfix\"><\/div><\/div>\n<\/article>\n<article id=\"blog-1-post-3009\" class=\"fusion-post-grid post-3009 post type-post status-publish format-standard has-post-thumbnail hentry category-nuestros-articulos\">\n<div class=\"fusion-post-wrapper\" style=\"background-color:rgba(255,255,255,0);border:1px solid #e8e8e8;border-bottom-width:3px;\">\n\n\t\t\t<div class=\"fusion-flexslider flexslider fusion-flexslider-loading fusion-post-slideshow\" style=\"border-color:#e8e8e8;\">\n\t\t<ul class=\"slides\">\n\t\t\t\n\t\t\t\t\t\t\t\t\t\t\t\t\t\t<li><div  class=\"fusion-image-wrapper\" aria-haspopup=\"true\">\n\t\t\t\t<img decoding=\"async\" width=\"1800\" height=\"1108\" data-src=\"https:\/\/intelsynet.com\/wp-content\/uploads\/2022\/03\/biodiversidad-podcast-conservacion-proteccion-medioambiente-planeta-cuidado-mar-peces-oceano-playa-turismo-viaje--e1648641594572.webp\" class=\"attachment-full size-full wp-post-image lazyload\" alt=\"biodiversidad\" data-srcset=\"https:\/\/intelsynet.com\/wp-content\/uploads\/2022\/03\/biodiversidad-podcast-conservacion-proteccion-medioambiente-planeta-cuidado-mar-peces-oceano-playa-turismo-viaje--e1648641594572-200x123.webp 200w, https:\/\/intelsynet.com\/wp-content\/uploads\/2022\/03\/biodiversidad-podcast-conservacion-proteccion-medioambiente-planeta-cuidado-mar-peces-oceano-playa-turismo-viaje--e1648641594572-300x185.webp 300w, https:\/\/intelsynet.com\/wp-content\/uploads\/2022\/03\/biodiversidad-podcast-conservacion-proteccion-medioambiente-planeta-cuidado-mar-peces-oceano-playa-turismo-viaje--e1648641594572-400x246.webp 400w, https:\/\/intelsynet.com\/wp-content\/uploads\/2022\/03\/biodiversidad-podcast-conservacion-proteccion-medioambiente-planeta-cuidado-mar-peces-oceano-playa-turismo-viaje--e1648641594572-600x369.webp 600w, https:\/\/intelsynet.com\/wp-content\/uploads\/2022\/03\/biodiversidad-podcast-conservacion-proteccion-medioambiente-planeta-cuidado-mar-peces-oceano-playa-turismo-viaje--e1648641594572-768x473.webp 768w, https:\/\/intelsynet.com\/wp-content\/uploads\/2022\/03\/biodiversidad-podcast-conservacion-proteccion-medioambiente-planeta-cuidado-mar-peces-oceano-playa-turismo-viaje--e1648641594572-800x492.webp 800w, https:\/\/intelsynet.com\/wp-content\/uploads\/2022\/03\/biodiversidad-podcast-conservacion-proteccion-medioambiente-planeta-cuidado-mar-peces-oceano-playa-turismo-viaje--e1648641594572-1024x630.webp 1024w, https:\/\/intelsynet.com\/wp-content\/uploads\/2022\/03\/biodiversidad-podcast-conservacion-proteccion-medioambiente-planeta-cuidado-mar-peces-oceano-playa-turismo-viaje--e1648641594572-1200x739.webp 1200w, https:\/\/intelsynet.com\/wp-content\/uploads\/2022\/03\/biodiversidad-podcast-conservacion-proteccion-medioambiente-planeta-cuidado-mar-peces-oceano-playa-turismo-viaje--e1648641594572-1536x945.webp 1536w, https:\/\/intelsynet.com\/wp-content\/uploads\/2022\/03\/biodiversidad-podcast-conservacion-proteccion-medioambiente-planeta-cuidado-mar-peces-oceano-playa-turismo-viaje--e1648641594572.webp 1800w\" data-sizes=\"(min-width: 2200px) 100vw, (min-width: 784px) 363px, (min-width: 712px) 545px, (min-width: 640px) 712px,\" src=\"data:image\/svg+xml;base64,PHN2ZyB3aWR0aD0iMSIgaGVpZ2h0PSIxIiB4bWxucz0iaHR0cDovL3d3dy53My5vcmcvMjAwMC9zdmciPjwvc3ZnPg==\" style=\"--smush-placeholder-width: 1800px; --smush-placeholder-aspect-ratio: 1800\/1108;\" \/><div class=\"fusion-rollover\">\n\t<div class=\"fusion-rollover-content\">\n\n\t\t\t\t\n\t\t\n\t\t\t\t\t\t\t\t\t\t\t\t<h4 class=\"fusion-rollover-title\">\n\t\t\t\t\t<a class=\"fusion-rollover-title-link\" href=\"https:\/\/intelsynet.com\/es\/biodiversidad-amenaza-significativa-y-subestimada-para-el-sistema-financiero\/\">\n\t\t\t\t\t\tBiodiversidad: amenaza \u00absignificativa y subestimada\u00bb para el sistema financiero\t\t\t\t\t<\/a>\n\t\t\t\t<\/h4>\n\t\t\t\n\t\t\t\t\t\t\t\t\n\t\t\n\t\t\t\t\t\t<a class=\"fusion-link-wrapper\" href=\"https:\/\/intelsynet.com\/es\/biodiversidad-amenaza-significativa-y-subestimada-para-el-sistema-financiero\/\" aria-label=\"Biodiversidad: amenaza \u00absignificativa y subestimada\u00bb para el sistema financiero\"><\/a>\n\t<\/div>\n<\/div>\n<\/div>\n<\/li>\n\t\t\t\n\t\t\t\n\t\t\t\t\t\t\t\t<\/ul>\n\t<\/div>\n\t<div class=\"fusion-post-content-wrapper\" style=\"padding:30px 25px 20px 25px;\"><div class=\"fusion-post-content post-content\"><h2 class=\"blog-shortcode-post-title entry-title\"><a href=\"https:\/\/intelsynet.com\/es\/biodiversidad-amenaza-significativa-y-subestimada-para-el-sistema-financiero\/\">Biodiversidad: amenaza \u00absignificativa y subestimada\u00bb para el sistema financiero<\/a><\/h2><\/div><\/div><div class=\"fusion-clearfix\"><\/div><\/div>\n<\/article>\n<article id=\"blog-1-post-2999\" class=\"fusion-post-grid post-2999 post type-post status-publish format-standard has-post-thumbnail hentry category-nuestros-articulos\">\n<div class=\"fusion-post-wrapper\" style=\"background-color:rgba(255,255,255,0);border:1px solid #e8e8e8;border-bottom-width:3px;\">\n\n\t\t\t<div class=\"fusion-flexslider flexslider fusion-flexslider-loading fusion-post-slideshow\" style=\"border-color:#e8e8e8;\">\n\t\t<ul class=\"slides\">\n\t\t\t\n\t\t\t\t\t\t\t\t\t\t\t\t\t\t<li><div  class=\"fusion-image-wrapper\" aria-haspopup=\"true\">\n\t\t\t\t<img decoding=\"async\" width=\"1280\" height=\"720\" data-src=\"https:\/\/intelsynet.com\/wp-content\/uploads\/2022\/03\/Sherpa_AI_Coronavirus.jpg\" class=\"attachment-full size-full wp-post-image lazyload\" alt=\"\" data-srcset=\"https:\/\/intelsynet.com\/wp-content\/uploads\/2022\/03\/Sherpa_AI_Coronavirus-200x113.jpg 200w, https:\/\/intelsynet.com\/wp-content\/uploads\/2022\/03\/Sherpa_AI_Coronavirus-400x225.jpg 400w, https:\/\/intelsynet.com\/wp-content\/uploads\/2022\/03\/Sherpa_AI_Coronavirus-600x338.jpg 600w, https:\/\/intelsynet.com\/wp-content\/uploads\/2022\/03\/Sherpa_AI_Coronavirus-800x450.jpg 800w, https:\/\/intelsynet.com\/wp-content\/uploads\/2022\/03\/Sherpa_AI_Coronavirus-1200x675.jpg 1200w, https:\/\/intelsynet.com\/wp-content\/uploads\/2022\/03\/Sherpa_AI_Coronavirus.jpg 1280w\" data-sizes=\"(min-width: 2200px) 100vw, (min-width: 784px) 363px, (min-width: 712px) 545px, (min-width: 640px) 712px,\" src=\"data:image\/svg+xml;base64,PHN2ZyB3aWR0aD0iMSIgaGVpZ2h0PSIxIiB4bWxucz0iaHR0cDovL3d3dy53My5vcmcvMjAwMC9zdmciPjwvc3ZnPg==\" style=\"--smush-placeholder-width: 1280px; --smush-placeholder-aspect-ratio: 1280\/720;\" \/><div class=\"fusion-rollover\">\n\t<div class=\"fusion-rollover-content\">\n\n\t\t\t\t\n\t\t\n\t\t\t\t\t\t\t\t\t\t\t\t<h4 class=\"fusion-rollover-title\">\n\t\t\t\t\t<a class=\"fusion-rollover-title-link\" href=\"https:\/\/intelsynet.com\/es\/las-nuevas-reglas-de-sostenibilidad-en-la-era-post-covid\/\">\n\t\t\t\t\t\tLas nuevas reglas de sostenibilidad en la era post-Covid\t\t\t\t\t<\/a>\n\t\t\t\t<\/h4>\n\t\t\t\n\t\t\t\t\t\t\t\t\n\t\t\n\t\t\t\t\t\t<a class=\"fusion-link-wrapper\" href=\"https:\/\/intelsynet.com\/es\/las-nuevas-reglas-de-sostenibilidad-en-la-era-post-covid\/\" aria-label=\"Las nuevas reglas de sostenibilidad en la era post-Covid\"><\/a>\n\t<\/div>\n<\/div>\n<\/div>\n<\/li>\n\t\t\t\n\t\t\t\n\t\t\t\t\t\t\t\t<\/ul>\n\t<\/div>\n\t<div class=\"fusion-post-content-wrapper\" style=\"padding:30px 25px 20px 25px;\"><div class=\"fusion-post-content post-content\"><h2 class=\"blog-shortcode-post-title entry-title\"><a href=\"https:\/\/intelsynet.com\/es\/las-nuevas-reglas-de-sostenibilidad-en-la-era-post-covid\/\">Las nuevas reglas de sostenibilidad en la era post-Covid<\/a><\/h2><\/div><\/div><div class=\"fusion-clearfix\"><\/div><\/div>\n<\/article>\n<article id=\"blog-1-post-3002\" class=\"fusion-post-grid post-3002 post type-post status-publish format-standard has-post-thumbnail hentry category-nuestros-articulos\">\n<div class=\"fusion-post-wrapper\" style=\"background-color:rgba(255,255,255,0);border:1px solid #e8e8e8;border-bottom-width:3px;\">\n\n\t\t\t<div class=\"fusion-flexslider flexslider fusion-flexslider-loading fusion-post-slideshow\" style=\"border-color:#e8e8e8;\">\n\t\t<ul class=\"slides\">\n\t\t\t\n\t\t\t\t\t\t\t\t\t\t\t\t\t\t<li><div  class=\"fusion-image-wrapper\" aria-haspopup=\"true\">\n\t\t\t\t<img decoding=\"async\" width=\"1201\" height=\"739\" data-src=\"https:\/\/intelsynet.com\/wp-content\/uploads\/2022\/03\/16478894245079-e1647945052252.jpg\" class=\"attachment-full size-full wp-post-image lazyload\" alt=\"\" data-srcset=\"https:\/\/intelsynet.com\/wp-content\/uploads\/2022\/03\/16478894245079-e1647945052252-200x123.jpg 200w, https:\/\/intelsynet.com\/wp-content\/uploads\/2022\/03\/16478894245079-e1647945052252-400x246.jpg 400w, https:\/\/intelsynet.com\/wp-content\/uploads\/2022\/03\/16478894245079-e1647945052252-600x369.jpg 600w, https:\/\/intelsynet.com\/wp-content\/uploads\/2022\/03\/16478894245079-e1647945052252-800x492.jpg 800w, https:\/\/intelsynet.com\/wp-content\/uploads\/2022\/03\/16478894245079-e1647945052252.jpg 1201w\" data-sizes=\"(min-width: 2200px) 100vw, (min-width: 784px) 363px, (min-width: 712px) 545px, (min-width: 640px) 712px,\" src=\"data:image\/svg+xml;base64,PHN2ZyB3aWR0aD0iMSIgaGVpZ2h0PSIxIiB4bWxucz0iaHR0cDovL3d3dy53My5vcmcvMjAwMC9zdmciPjwvc3ZnPg==\" style=\"--smush-placeholder-width: 1201px; --smush-placeholder-aspect-ratio: 1201\/739;\" \/><div class=\"fusion-rollover\">\n\t<div class=\"fusion-rollover-content\">\n\n\t\t\t\t\n\t\t\n\t\t\t\t\t\t\t\t\t\t\t\t<h4 class=\"fusion-rollover-title\">\n\t\t\t\t\t<a class=\"fusion-rollover-title-link\" href=\"https:\/\/intelsynet.com\/es\/que-implicaciones-tiene-la-guerra-sobre-la-economia-sostenible\/\">\n\t\t\t\t\t\t\u00bfQu\u00e9 implicaciones tiene la guerra sobre la econom\u00eda sostenible?\t\t\t\t\t<\/a>\n\t\t\t\t<\/h4>\n\t\t\t\n\t\t\t\t\t\t\t\t\n\t\t\n\t\t\t\t\t\t<a class=\"fusion-link-wrapper\" href=\"https:\/\/intelsynet.com\/es\/que-implicaciones-tiene-la-guerra-sobre-la-economia-sostenible\/\" aria-label=\"\u00bfQu\u00e9 implicaciones tiene la guerra sobre la econom\u00eda sostenible?\"><\/a>\n\t<\/div>\n<\/div>\n<\/div>\n<\/li>\n\t\t\t\n\t\t\t\n\t\t\t\t\t\t\t\t<\/ul>\n\t<\/div>\n\t<div class=\"fusion-post-content-wrapper\" style=\"padding:30px 25px 20px 25px;\"><div class=\"fusion-post-content post-content\"><h2 class=\"blog-shortcode-post-title entry-title\"><a href=\"https:\/\/intelsynet.com\/es\/que-implicaciones-tiene-la-guerra-sobre-la-economia-sostenible\/\">\u00bfQu\u00e9 implicaciones tiene la guerra sobre la econom\u00eda sostenible?<\/a><\/h2><\/div><\/div><div class=\"fusion-clearfix\"><\/div><\/div>\n<\/article>\n<article id=\"blog-1-post-2992\" class=\"fusion-post-grid post-2992 post type-post status-publish format-standard has-post-thumbnail hentry category-nuestros-articulos\">\n<div class=\"fusion-post-wrapper\" style=\"background-color:rgba(255,255,255,0);border:1px solid #e8e8e8;border-bottom-width:3px;\">\n\n\t\t\t<div class=\"fusion-flexslider flexslider fusion-flexslider-loading fusion-post-slideshow\" style=\"border-color:#e8e8e8;\">\n\t\t<ul class=\"slides\">\n\t\t\t\n\t\t\t\t\t\t\t\t\t\t\t\t\t\t<li><div  class=\"fusion-image-wrapper\" aria-haspopup=\"true\">\n\t\t\t\t<img decoding=\"async\" width=\"1706\" height=\"960\" data-src=\"https:\/\/intelsynet.com\/wp-content\/uploads\/2022\/03\/repsol-energia-chile_507460279_156336059_1706x960-e1646737245645.jpg\" class=\"attachment-full size-full wp-post-image lazyload\" alt=\"\" src=\"data:image\/svg+xml;base64,PHN2ZyB3aWR0aD0iMSIgaGVpZ2h0PSIxIiB4bWxucz0iaHR0cDovL3d3dy53My5vcmcvMjAwMC9zdmciPjwvc3ZnPg==\" style=\"--smush-placeholder-width: 1706px; --smush-placeholder-aspect-ratio: 1706\/960;\" \/><div class=\"fusion-rollover\">\n\t<div class=\"fusion-rollover-content\">\n\n\t\t\t\t\n\t\t\n\t\t\t\t\t\t\t\t\t\t\t\t<h4 class=\"fusion-rollover-title\">\n\t\t\t\t\t<a class=\"fusion-rollover-title-link\" href=\"https:\/\/intelsynet.com\/es\/repsol-invertira-200-millones-en-la-primera-planta-de-biocombustibles-avanzados\/\">\n\t\t\t\t\t\tRepsol invertir\u00e1 200 millones en la primera planta de biocombustibles avanzados\t\t\t\t\t<\/a>\n\t\t\t\t<\/h4>\n\t\t\t\n\t\t\t\t\t\t\t\t\n\t\t\n\t\t\t\t\t\t<a class=\"fusion-link-wrapper\" href=\"https:\/\/intelsynet.com\/es\/repsol-invertira-200-millones-en-la-primera-planta-de-biocombustibles-avanzados\/\" aria-label=\"Repsol invertir\u00e1 200 millones en la primera planta de biocombustibles avanzados\"><\/a>\n\t<\/div>\n<\/div>\n<\/div>\n<\/li>\n\t\t\t\n\t\t\t\n\t\t\t\t\t\t\t\t<\/ul>\n\t<\/div>\n\t<div class=\"fusion-post-content-wrapper\" style=\"padding:30px 25px 20px 25px;\"><div class=\"fusion-post-content post-content\"><h2 class=\"blog-shortcode-post-title entry-title\"><a href=\"https:\/\/intelsynet.com\/es\/repsol-invertira-200-millones-en-la-primera-planta-de-biocombustibles-avanzados\/\">Repsol invertir\u00e1 200 millones en la primera planta de biocombustibles avanzados<\/a><\/h2><\/div><\/div><div class=\"fusion-clearfix\"><\/div><\/div>\n<\/article>\n<article id=\"blog-1-post-2975\" class=\"fusion-post-grid post-2975 post type-post status-publish format-standard has-post-thumbnail hentry category-nuestros-articulos\">\n<div class=\"fusion-post-wrapper\" style=\"background-color:rgba(255,255,255,0);border:1px solid #e8e8e8;border-bottom-width:3px;\">\n\n\t\t\t<div class=\"fusion-flexslider flexslider fusion-flexslider-loading fusion-post-slideshow\" style=\"border-color:#e8e8e8;\">\n\t\t<ul class=\"slides\">\n\t\t\t\n\t\t\t\t\t\t\t\t\t\t\t\t\t\t<li><div  class=\"fusion-image-wrapper\" aria-haspopup=\"true\">\n\t\t\t\t<img decoding=\"async\" width=\"1200\" height=\"739\" data-src=\"https:\/\/intelsynet.com\/wp-content\/uploads\/2022\/03\/1121308189_0_0_3187_1793_1920x0_80_0_0_0bd8a4b4fb3e03aeb34f0bd48bc68a96-e1646740983588.jpg\" class=\"attachment-full size-full wp-post-image lazyload\" alt=\"\" data-srcset=\"https:\/\/intelsynet.com\/wp-content\/uploads\/2022\/03\/1121308189_0_0_3187_1793_1920x0_80_0_0_0bd8a4b4fb3e03aeb34f0bd48bc68a96-e1646740983588-200x123.jpg 200w, https:\/\/intelsynet.com\/wp-content\/uploads\/2022\/03\/1121308189_0_0_3187_1793_1920x0_80_0_0_0bd8a4b4fb3e03aeb34f0bd48bc68a96-e1646740983588-400x246.jpg 400w, https:\/\/intelsynet.com\/wp-content\/uploads\/2022\/03\/1121308189_0_0_3187_1793_1920x0_80_0_0_0bd8a4b4fb3e03aeb34f0bd48bc68a96-e1646740983588-600x370.jpg 600w, https:\/\/intelsynet.com\/wp-content\/uploads\/2022\/03\/1121308189_0_0_3187_1793_1920x0_80_0_0_0bd8a4b4fb3e03aeb34f0bd48bc68a96-e1646740983588-800x493.jpg 800w, https:\/\/intelsynet.com\/wp-content\/uploads\/2022\/03\/1121308189_0_0_3187_1793_1920x0_80_0_0_0bd8a4b4fb3e03aeb34f0bd48bc68a96-e1646740983588.jpg 1200w\" data-sizes=\"(min-width: 2200px) 100vw, (min-width: 784px) 363px, (min-width: 712px) 545px, (min-width: 640px) 712px,\" src=\"data:image\/svg+xml;base64,PHN2ZyB3aWR0aD0iMSIgaGVpZ2h0PSIxIiB4bWxucz0iaHR0cDovL3d3dy53My5vcmcvMjAwMC9zdmciPjwvc3ZnPg==\" style=\"--smush-placeholder-width: 1200px; --smush-placeholder-aspect-ratio: 1200\/739;\" \/><div class=\"fusion-rollover\">\n\t<div class=\"fusion-rollover-content\">\n\n\t\t\t\t\n\t\t\n\t\t\t\t\t\t\t\t\t\t\t\t<h4 class=\"fusion-rollover-title\">\n\t\t\t\t\t<a class=\"fusion-rollover-title-link\" href=\"https:\/\/intelsynet.com\/es\/la-crisis-de-ucrania-y-el-long-game-geopolitico\/\">\n\t\t\t\t\t\tLa crisis de Ucrania y el &#8216;long game&#8217; geopol\u00edtico de China\t\t\t\t\t<\/a>\n\t\t\t\t<\/h4>\n\t\t\t\n\t\t\t\t\t\t\t\t\n\t\t\n\t\t\t\t\t\t<a class=\"fusion-link-wrapper\" href=\"https:\/\/intelsynet.com\/es\/la-crisis-de-ucrania-y-el-long-game-geopolitico\/\" aria-label=\"La crisis de Ucrania y el &#8216;long game&#8217; geopol\u00edtico de China\"><\/a>\n\t<\/div>\n<\/div>\n<\/div>\n<\/li>\n\t\t\t\n\t\t\t\n\t\t\t\t\t\t\t\t<\/ul>\n\t<\/div>\n\t<div class=\"fusion-post-content-wrapper\" style=\"padding:30px 25px 20px 25px;\"><div class=\"fusion-post-content post-content\"><h2 class=\"blog-shortcode-post-title entry-title\"><a href=\"https:\/\/intelsynet.com\/es\/la-crisis-de-ucrania-y-el-long-game-geopolitico\/\">La crisis de Ucrania y el &#8216;long game&#8217; geopol\u00edtico de China<\/a><\/h2><\/div><\/div><div class=\"fusion-clearfix\"><\/div><\/div>\n<\/article>\n<article id=\"blog-1-post-2968\" class=\"fusion-post-grid post-2968 post type-post status-publish format-standard has-post-thumbnail hentry category-nuestros-articulos category-geopolitica\">\n<div class=\"fusion-post-wrapper\" style=\"background-color:rgba(255,255,255,0);border:1px solid #e8e8e8;border-bottom-width:3px;\">\n\n\t\t\t<div class=\"fusion-flexslider flexslider fusion-flexslider-loading fusion-post-slideshow\" style=\"border-color:#e8e8e8;\">\n\t\t<ul class=\"slides\">\n\t\t\t\n\t\t\t\t\t\t\t\t\t\t\t\t\t\t<li><div  class=\"fusion-image-wrapper\" aria-haspopup=\"true\">\n\t\t\t\t<img decoding=\"async\" width=\"1716\" height=\"1100\" data-src=\"https:\/\/intelsynet.com\/wp-content\/uploads\/2022\/03\/60ee8984867bb-Si_Dzinypmn_Zelenskiy.jpg\" class=\"attachment-full size-full wp-post-image lazyload\" alt=\"\" data-srcset=\"https:\/\/intelsynet.com\/wp-content\/uploads\/2022\/03\/60ee8984867bb-Si_Dzinypmn_Zelenskiy-200x128.jpg 200w, https:\/\/intelsynet.com\/wp-content\/uploads\/2022\/03\/60ee8984867bb-Si_Dzinypmn_Zelenskiy-400x256.jpg 400w, https:\/\/intelsynet.com\/wp-content\/uploads\/2022\/03\/60ee8984867bb-Si_Dzinypmn_Zelenskiy-600x385.jpg 600w, https:\/\/intelsynet.com\/wp-content\/uploads\/2022\/03\/60ee8984867bb-Si_Dzinypmn_Zelenskiy-800x513.jpg 800w, https:\/\/intelsynet.com\/wp-content\/uploads\/2022\/03\/60ee8984867bb-Si_Dzinypmn_Zelenskiy-1200x769.jpg 1200w, https:\/\/intelsynet.com\/wp-content\/uploads\/2022\/03\/60ee8984867bb-Si_Dzinypmn_Zelenskiy.jpg 1716w\" data-sizes=\"(min-width: 2200px) 100vw, (min-width: 784px) 363px, (min-width: 712px) 545px, (min-width: 640px) 712px,\" src=\"data:image\/svg+xml;base64,PHN2ZyB3aWR0aD0iMSIgaGVpZ2h0PSIxIiB4bWxucz0iaHR0cDovL3d3dy53My5vcmcvMjAwMC9zdmciPjwvc3ZnPg==\" style=\"--smush-placeholder-width: 1716px; --smush-placeholder-aspect-ratio: 1716\/1100;\" \/><div class=\"fusion-rollover\">\n\t<div class=\"fusion-rollover-content\">\n\n\t\t\t\t\n\t\t\n\t\t\t\t\t\t\t\t\t\t\t\t<h4 class=\"fusion-rollover-title\">\n\t\t\t\t\t<a class=\"fusion-rollover-title-link\" href=\"https:\/\/intelsynet.com\/es\/la-crisis-de-ucrania-y-el-long-game-geopolitico-de-china\/\">\n\t\t\t\t\t\tLa crisis de Ucrania y el &#8216;long game&#8217; geopol\u00edtico de China\t\t\t\t\t<\/a>\n\t\t\t\t<\/h4>\n\t\t\t\n\t\t\t\t\t\t\t\t\n\t\t\n\t\t\t\t\t\t<a class=\"fusion-link-wrapper\" href=\"https:\/\/intelsynet.com\/es\/la-crisis-de-ucrania-y-el-long-game-geopolitico-de-china\/\" aria-label=\"La crisis de Ucrania y el &#8216;long game&#8217; geopol\u00edtico de China\"><\/a>\n\t<\/div>\n<\/div>\n<\/div>\n<\/li>\n\t\t\t\n\t\t\t\n\t\t\t\t\t\t\t\t<\/ul>\n\t<\/div>\n\t<div class=\"fusion-post-content-wrapper\" style=\"padding:30px 25px 20px 25px;\"><div class=\"fusion-post-content post-content\"><h2 class=\"blog-shortcode-post-title entry-title\"><a href=\"https:\/\/intelsynet.com\/es\/la-crisis-de-ucrania-y-el-long-game-geopolitico-de-china\/\">La crisis de Ucrania y el &#8216;long game&#8217; geopol\u00edtico de China<\/a><\/h2><\/div><\/div><div class=\"fusion-clearfix\"><\/div><\/div>\n<\/article>\n<article id=\"blog-1-post-2988\" class=\"fusion-post-grid post-2988 post type-post status-publish format-standard has-post-thumbnail hentry category-nuestros-articulos\">\n<div class=\"fusion-post-wrapper\" style=\"background-color:rgba(255,255,255,0);border:1px solid #e8e8e8;border-bottom-width:3px;\">\n\n\t\t\t<div class=\"fusion-flexslider flexslider fusion-flexslider-loading fusion-post-slideshow\" style=\"border-color:#e8e8e8;\">\n\t\t<ul class=\"slides\">\n\t\t\t\n\t\t\t\t\t\t\t\t\t\t\t\t\t\t<li><div  class=\"fusion-image-wrapper\" aria-haspopup=\"true\">\n\t\t\t\t<img decoding=\"async\" width=\"1280\" height=\"853\" data-src=\"https:\/\/intelsynet.com\/wp-content\/uploads\/2022\/03\/banco-santander-e1646737009558.jpeg\" class=\"attachment-full size-full wp-post-image lazyload\" alt=\"\" src=\"data:image\/svg+xml;base64,PHN2ZyB3aWR0aD0iMSIgaGVpZ2h0PSIxIiB4bWxucz0iaHR0cDovL3d3dy53My5vcmcvMjAwMC9zdmciPjwvc3ZnPg==\" style=\"--smush-placeholder-width: 1280px; --smush-placeholder-aspect-ratio: 1280\/853;\" \/><div class=\"fusion-rollover\">\n\t<div class=\"fusion-rollover-content\">\n\n\t\t\t\t\n\t\t\n\t\t\t\t\t\t\t\t\t\t\t\t<h4 class=\"fusion-rollover-title\">\n\t\t\t\t\t<a class=\"fusion-rollover-title-link\" href=\"https:\/\/intelsynet.com\/es\/la-gran-banca-destina-100-000-millones-a-financiar-la-sostenibilidad\/\">\n\t\t\t\t\t\tLa gran banca destina 100.000 millones a financiar la sostenibilidad\t\t\t\t\t<\/a>\n\t\t\t\t<\/h4>\n\t\t\t\n\t\t\t\t\t\t\t\t\n\t\t\n\t\t\t\t\t\t<a class=\"fusion-link-wrapper\" href=\"https:\/\/intelsynet.com\/es\/la-gran-banca-destina-100-000-millones-a-financiar-la-sostenibilidad\/\" aria-label=\"La gran banca destina 100.000 millones a financiar la sostenibilidad\"><\/a>\n\t<\/div>\n<\/div>\n<\/div>\n<\/li>\n\t\t\t\n\t\t\t\n\t\t\t\t\t\t\t\t<\/ul>\n\t<\/div>\n\t<div class=\"fusion-post-content-wrapper\" style=\"padding:30px 25px 20px 25px;\"><div class=\"fusion-post-content post-content\"><h2 class=\"blog-shortcode-post-title entry-title\"><a href=\"https:\/\/intelsynet.com\/es\/la-gran-banca-destina-100-000-millones-a-financiar-la-sostenibilidad\/\">La gran banca destina 100.000 millones a financiar la sostenibilidad<\/a><\/h2><\/div><\/div><div class=\"fusion-clearfix\"><\/div><\/div>\n<\/article>\n<article id=\"blog-1-post-2985\" class=\"fusion-post-grid post-2985 post type-post status-publish format-standard has-post-thumbnail hentry category-nuestros-articulos\">\n<div class=\"fusion-post-wrapper\" style=\"background-color:rgba(255,255,255,0);border:1px solid #e8e8e8;border-bottom-width:3px;\">\n\n\t\t\t<div class=\"fusion-flexslider flexslider fusion-flexslider-loading fusion-post-slideshow\" style=\"border-color:#e8e8e8;\">\n\t\t<ul class=\"slides\">\n\t\t\t\n\t\t\t\t\t\t\t\t\t\t\t\t\t\t<li><div  class=\"fusion-image-wrapper\" aria-haspopup=\"true\">\n\t\t\t\t<img decoding=\"async\" width=\"1201\" height=\"740\" data-src=\"https:\/\/intelsynet.com\/wp-content\/uploads\/2022\/03\/explorer-at-ipad-communication-tool-ready-to-study-renewable-resources-to-reduce-pollution-in-concept-esg-icons-in-hand-for-environmental-social-and-sustainable-business-governance-free-photo-e1646736676306.jpg\" class=\"attachment-full size-full wp-post-image lazyload\" alt=\"\" data-srcset=\"https:\/\/intelsynet.com\/wp-content\/uploads\/2022\/03\/explorer-at-ipad-communication-tool-ready-to-study-renewable-resources-to-reduce-pollution-in-concept-esg-icons-in-hand-for-environmental-social-and-sustainable-business-governance-free-photo-e1646736676306-200x123.jpg 200w, https:\/\/intelsynet.com\/wp-content\/uploads\/2022\/03\/explorer-at-ipad-communication-tool-ready-to-study-renewable-resources-to-reduce-pollution-in-concept-esg-icons-in-hand-for-environmental-social-and-sustainable-business-governance-free-photo-e1646736676306-400x246.jpg 400w, https:\/\/intelsynet.com\/wp-content\/uploads\/2022\/03\/explorer-at-ipad-communication-tool-ready-to-study-renewable-resources-to-reduce-pollution-in-concept-esg-icons-in-hand-for-environmental-social-and-sustainable-business-governance-free-photo-e1646736676306-600x370.jpg 600w, https:\/\/intelsynet.com\/wp-content\/uploads\/2022\/03\/explorer-at-ipad-communication-tool-ready-to-study-renewable-resources-to-reduce-pollution-in-concept-esg-icons-in-hand-for-environmental-social-and-sustainable-business-governance-free-photo-e1646736676306-800x493.jpg 800w, https:\/\/intelsynet.com\/wp-content\/uploads\/2022\/03\/explorer-at-ipad-communication-tool-ready-to-study-renewable-resources-to-reduce-pollution-in-concept-esg-icons-in-hand-for-environmental-social-and-sustainable-business-governance-free-photo-e1646736676306.jpg 1201w\" data-sizes=\"(min-width: 2200px) 100vw, (min-width: 784px) 363px, (min-width: 712px) 545px, (min-width: 640px) 712px,\" src=\"data:image\/svg+xml;base64,PHN2ZyB3aWR0aD0iMSIgaGVpZ2h0PSIxIiB4bWxucz0iaHR0cDovL3d3dy53My5vcmcvMjAwMC9zdmciPjwvc3ZnPg==\" style=\"--smush-placeholder-width: 1201px; --smush-placeholder-aspect-ratio: 1201\/740;\" \/><div class=\"fusion-rollover\">\n\t<div class=\"fusion-rollover-content\">\n\n\t\t\t\t\n\t\t\n\t\t\t\t\t\t\t\t\t\t\t\t<h4 class=\"fusion-rollover-title\">\n\t\t\t\t\t<a class=\"fusion-rollover-title-link\" href=\"https:\/\/intelsynet.com\/es\/la-comunicacion-esg-mas-accesible-que-un-balance-financiero\/\">\n\t\t\t\t\t\tLa comunicaci\u00f3n ESG, m\u00e1s accesible que un balance financiero\t\t\t\t\t<\/a>\n\t\t\t\t<\/h4>\n\t\t\t\n\t\t\t\t\t\t\t\t\n\t\t\n\t\t\t\t\t\t<a class=\"fusion-link-wrapper\" href=\"https:\/\/intelsynet.com\/es\/la-comunicacion-esg-mas-accesible-que-un-balance-financiero\/\" aria-label=\"La comunicaci\u00f3n ESG, m\u00e1s accesible que un balance financiero\"><\/a>\n\t<\/div>\n<\/div>\n<\/div>\n<\/li>\n\t\t\t\n\t\t\t\n\t\t\t\t\t\t\t\t<\/ul>\n\t<\/div>\n\t<div class=\"fusion-post-content-wrapper\" style=\"padding:30px 25px 20px 25px;\"><div class=\"fusion-post-content post-content\"><h2 class=\"blog-shortcode-post-title entry-title\"><a href=\"https:\/\/intelsynet.com\/es\/la-comunicacion-esg-mas-accesible-que-un-balance-financiero\/\">La comunicaci\u00f3n ESG, m\u00e1s accesible que un balance financiero<\/a><\/h2><\/div><\/div><div class=\"fusion-clearfix\"><\/div><\/div>\n<\/article>\n<article id=\"blog-1-post-2981\" class=\"fusion-post-grid post-2981 post type-post status-publish format-standard has-post-thumbnail hentry category-nuestros-articulos\">\n<div class=\"fusion-post-wrapper\" style=\"background-color:rgba(255,255,255,0);border:1px solid #e8e8e8;border-bottom-width:3px;\">\n\n\t\t\t<div class=\"fusion-flexslider flexslider fusion-flexslider-loading fusion-post-slideshow\" style=\"border-color:#e8e8e8;\">\n\t\t<ul class=\"slides\">\n\t\t\t\n\t\t\t\t\t\t\t\t\t\t\t\t\t\t<li><div  class=\"fusion-image-wrapper\" aria-haspopup=\"true\">\n\t\t\t\t<img decoding=\"async\" width=\"1600\" height=\"988\" data-src=\"https:\/\/intelsynet.com\/wp-content\/uploads\/2022\/03\/comite-empresa-detective-privado-e1646735524665.jpg\" class=\"attachment-full size-full wp-post-image lazyload\" alt=\"\" data-srcset=\"https:\/\/intelsynet.com\/wp-content\/uploads\/2022\/03\/comite-empresa-detective-privado-e1646735524665-200x124.jpg 200w, https:\/\/intelsynet.com\/wp-content\/uploads\/2022\/03\/comite-empresa-detective-privado-e1646735524665-400x247.jpg 400w, https:\/\/intelsynet.com\/wp-content\/uploads\/2022\/03\/comite-empresa-detective-privado-e1646735524665-600x371.jpg 600w, https:\/\/intelsynet.com\/wp-content\/uploads\/2022\/03\/comite-empresa-detective-privado-e1646735524665-800x494.jpg 800w, https:\/\/intelsynet.com\/wp-content\/uploads\/2022\/03\/comite-empresa-detective-privado-e1646735524665-1200x741.jpg 1200w, https:\/\/intelsynet.com\/wp-content\/uploads\/2022\/03\/comite-empresa-detective-privado-e1646735524665.jpg 1600w\" data-sizes=\"(min-width: 2200px) 100vw, (min-width: 784px) 363px, (min-width: 712px) 545px, (min-width: 640px) 712px,\" src=\"data:image\/svg+xml;base64,PHN2ZyB3aWR0aD0iMSIgaGVpZ2h0PSIxIiB4bWxucz0iaHR0cDovL3d3dy53My5vcmcvMjAwMC9zdmciPjwvc3ZnPg==\" style=\"--smush-placeholder-width: 1600px; --smush-placeholder-aspect-ratio: 1600\/988;\" \/><div class=\"fusion-rollover\">\n\t<div class=\"fusion-rollover-content\">\n\n\t\t\t\t\n\t\t\n\t\t\t\t\t\t\t\t\t\t\t\t<h4 class=\"fusion-rollover-title\">\n\t\t\t\t\t<a class=\"fusion-rollover-title-link\" href=\"https:\/\/intelsynet.com\/es\/el-61-del-ibex-incluye-a-su-responsable-de-esg-en-su-comite-de-direccion\/\">\n\t\t\t\t\t\tEl 61% del Ibex incluye a su responsable de ESG en su comit\u00e9 de direcci\u00f3n\t\t\t\t\t<\/a>\n\t\t\t\t<\/h4>\n\t\t\t\n\t\t\t\t\t\t\t\t\n\t\t\n\t\t\t\t\t\t<a class=\"fusion-link-wrapper\" href=\"https:\/\/intelsynet.com\/es\/el-61-del-ibex-incluye-a-su-responsable-de-esg-en-su-comite-de-direccion\/\" aria-label=\"El 61% del Ibex incluye a su responsable de ESG en su comit\u00e9 de direcci\u00f3n\"><\/a>\n\t<\/div>\n<\/div>\n<\/div>\n<\/li>\n\t\t\t\n\t\t\t\n\t\t\t\t\t\t\t\t<\/ul>\n\t<\/div>\n\t<div class=\"fusion-post-content-wrapper\" style=\"padding:30px 25px 20px 25px;\"><div class=\"fusion-post-content post-content\"><h2 class=\"blog-shortcode-post-title entry-title\"><a href=\"https:\/\/intelsynet.com\/es\/el-61-del-ibex-incluye-a-su-responsable-de-esg-en-su-comite-de-direccion\/\">El 61% del Ibex incluye a su responsable de ESG en su comit\u00e9 de direcci\u00f3n<\/a><\/h2><\/div><\/div><div class=\"fusion-clearfix\"><\/div><\/div>\n<\/article>\n<article id=\"blog-1-post-2941\" class=\"fusion-post-grid post-2941 post type-post status-publish format-standard has-post-thumbnail hentry category-nuestros-articulos\">\n<div class=\"fusion-post-wrapper\" style=\"background-color:rgba(255,255,255,0);border:1px solid #e8e8e8;border-bottom-width:3px;\">\n\n\t\t\t<div class=\"fusion-flexslider flexslider fusion-flexslider-loading fusion-post-slideshow\" style=\"border-color:#e8e8e8;\">\n\t\t<ul class=\"slides\">\n\t\t\t\n\t\t\t\t\t\t\t\t\t\t\t\t\t\t<li><div  class=\"fusion-image-wrapper\" aria-haspopup=\"true\">\n\t\t\t\t<img decoding=\"async\" width=\"1200\" height=\"741\" data-src=\"https:\/\/intelsynet.com\/wp-content\/uploads\/2022\/02\/1200px-Bilbao_-_Torre_Iberdrola_17-e1643972680742.jpg\" class=\"attachment-full size-full wp-post-image lazyload\" alt=\"\" data-srcset=\"https:\/\/intelsynet.com\/wp-content\/uploads\/2022\/02\/1200px-Bilbao_-_Torre_Iberdrola_17-e1643972680742-200x124.jpg 200w, https:\/\/intelsynet.com\/wp-content\/uploads\/2022\/02\/1200px-Bilbao_-_Torre_Iberdrola_17-e1643972680742-400x247.jpg 400w, https:\/\/intelsynet.com\/wp-content\/uploads\/2022\/02\/1200px-Bilbao_-_Torre_Iberdrola_17-e1643972680742-600x371.jpg 600w, https:\/\/intelsynet.com\/wp-content\/uploads\/2022\/02\/1200px-Bilbao_-_Torre_Iberdrola_17-e1643972680742-800x494.jpg 800w, https:\/\/intelsynet.com\/wp-content\/uploads\/2022\/02\/1200px-Bilbao_-_Torre_Iberdrola_17-e1643972680742.jpg 1200w\" data-sizes=\"(min-width: 2200px) 100vw, (min-width: 784px) 363px, (min-width: 712px) 545px, (min-width: 640px) 712px,\" src=\"data:image\/svg+xml;base64,PHN2ZyB3aWR0aD0iMSIgaGVpZ2h0PSIxIiB4bWxucz0iaHR0cDovL3d3dy53My5vcmcvMjAwMC9zdmciPjwvc3ZnPg==\" style=\"--smush-placeholder-width: 1200px; --smush-placeholder-aspect-ratio: 1200\/741;\" \/><div class=\"fusion-rollover\">\n\t<div class=\"fusion-rollover-content\">\n\n\t\t\t\t\n\t\t\n\t\t\t\t\t\t\t\t\t\t\t\t<h4 class=\"fusion-rollover-title\">\n\t\t\t\t\t<a class=\"fusion-rollover-title-link\" href=\"https:\/\/intelsynet.com\/es\/iberdrola-y-caf-se-alian-para-impulsar-el-hidrogeno-verde-en-el-transporte-ferroviario\/\">\n\t\t\t\t\t\tIberdrola y CAF se al\u00edan para impulsar el hidr\u00f3geno verde en el transporte ferroviario\t\t\t\t\t<\/a>\n\t\t\t\t<\/h4>\n\t\t\t\n\t\t\t\t\t\t\t\t\n\t\t\n\t\t\t\t\t\t<a class=\"fusion-link-wrapper\" href=\"https:\/\/intelsynet.com\/es\/iberdrola-y-caf-se-alian-para-impulsar-el-hidrogeno-verde-en-el-transporte-ferroviario\/\" aria-label=\"Iberdrola y CAF se al\u00edan para impulsar el hidr\u00f3geno verde en el transporte ferroviario\"><\/a>\n\t<\/div>\n<\/div>\n<\/div>\n<\/li>\n\t\t\t\n\t\t\t\n\t\t\t\t\t\t\t\t<\/ul>\n\t<\/div>\n\t<div class=\"fusion-post-content-wrapper\" style=\"padding:30px 25px 20px 25px;\"><div class=\"fusion-post-content post-content\"><h2 class=\"blog-shortcode-post-title entry-title\"><a href=\"https:\/\/intelsynet.com\/es\/iberdrola-y-caf-se-alian-para-impulsar-el-hidrogeno-verde-en-el-transporte-ferroviario\/\">Iberdrola y CAF se al\u00edan para impulsar el hidr\u00f3geno verde en el transporte ferroviario<\/a><\/h2><\/div><\/div><div class=\"fusion-clearfix\"><\/div><\/div>\n<\/article>\n<article id=\"blog-1-post-2944\" class=\"fusion-post-grid post-2944 post type-post status-publish format-standard has-post-thumbnail hentry category-nuestros-articulos\">\n<div class=\"fusion-post-wrapper\" style=\"background-color:rgba(255,255,255,0);border:1px solid #e8e8e8;border-bottom-width:3px;\">\n\n\t\t\t<div class=\"fusion-flexslider flexslider fusion-flexslider-loading fusion-post-slideshow\" style=\"border-color:#e8e8e8;\">\n\t\t<ul class=\"slides\">\n\t\t\t\n\t\t\t\t\t\t\t\t\t\t\t\t\t\t<li><div  class=\"fusion-image-wrapper\" aria-haspopup=\"true\">\n\t\t\t\t<img decoding=\"async\" width=\"2048\" height=\"1264\" data-src=\"https:\/\/intelsynet.com\/wp-content\/uploads\/2022\/02\/ciudad-bbva-general-e1643973009875.webp\" class=\"attachment-full size-full wp-post-image lazyload\" alt=\"\" data-srcset=\"https:\/\/intelsynet.com\/wp-content\/uploads\/2022\/02\/ciudad-bbva-general-e1643973009875-200x123.webp 200w, https:\/\/intelsynet.com\/wp-content\/uploads\/2022\/02\/ciudad-bbva-general-e1643973009875-300x185.webp 300w, https:\/\/intelsynet.com\/wp-content\/uploads\/2022\/02\/ciudad-bbva-general-e1643973009875-400x247.webp 400w, https:\/\/intelsynet.com\/wp-content\/uploads\/2022\/02\/ciudad-bbva-general-e1643973009875-600x370.webp 600w, https:\/\/intelsynet.com\/wp-content\/uploads\/2022\/02\/ciudad-bbva-general-e1643973009875-768x474.webp 768w, https:\/\/intelsynet.com\/wp-content\/uploads\/2022\/02\/ciudad-bbva-general-e1643973009875-800x494.webp 800w, https:\/\/intelsynet.com\/wp-content\/uploads\/2022\/02\/ciudad-bbva-general-e1643973009875-1024x632.webp 1024w, https:\/\/intelsynet.com\/wp-content\/uploads\/2022\/02\/ciudad-bbva-general-e1643973009875-1200x741.webp 1200w, https:\/\/intelsynet.com\/wp-content\/uploads\/2022\/02\/ciudad-bbva-general-e1643973009875-1536x948.webp 1536w, https:\/\/intelsynet.com\/wp-content\/uploads\/2022\/02\/ciudad-bbva-general-e1643973009875.webp 2048w\" data-sizes=\"(min-width: 2200px) 100vw, (min-width: 784px) 363px, (min-width: 712px) 545px, (min-width: 640px) 712px,\" src=\"data:image\/svg+xml;base64,PHN2ZyB3aWR0aD0iMSIgaGVpZ2h0PSIxIiB4bWxucz0iaHR0cDovL3d3dy53My5vcmcvMjAwMC9zdmciPjwvc3ZnPg==\" style=\"--smush-placeholder-width: 2048px; --smush-placeholder-aspect-ratio: 2048\/1264;\" \/><div class=\"fusion-rollover\">\n\t<div class=\"fusion-rollover-content\">\n\n\t\t\t\t\n\t\t\n\t\t\t\t\t\t\t\t\t\t\t\t<h4 class=\"fusion-rollover-title\">\n\t\t\t\t\t<a class=\"fusion-rollover-title-link\" href=\"https:\/\/intelsynet.com\/es\/bbva-sube-a-la-primera-posicion-en-esg-de-la-banca-mundial\/\">\n\t\t\t\t\t\tBBVA sube a la primera posici\u00f3n en ESG de la banca mundial\t\t\t\t\t<\/a>\n\t\t\t\t<\/h4>\n\t\t\t\n\t\t\t\t\t\t\t\t\n\t\t\n\t\t\t\t\t\t<a class=\"fusion-link-wrapper\" href=\"https:\/\/intelsynet.com\/es\/bbva-sube-a-la-primera-posicion-en-esg-de-la-banca-mundial\/\" aria-label=\"BBVA sube a la primera posici\u00f3n en ESG de la banca mundial\"><\/a>\n\t<\/div>\n<\/div>\n<\/div>\n<\/li>\n\t\t\t\n\t\t\t\n\t\t\t\t\t\t\t\t<\/ul>\n\t<\/div>\n\t<div class=\"fusion-post-content-wrapper\" style=\"padding:30px 25px 20px 25px;\"><div class=\"fusion-post-content post-content\"><h2 class=\"blog-shortcode-post-title entry-title\"><a href=\"https:\/\/intelsynet.com\/es\/bbva-sube-a-la-primera-posicion-en-esg-de-la-banca-mundial\/\">BBVA sube a la primera posici\u00f3n en ESG de la banca mundial<\/a><\/h2><\/div><\/div><div class=\"fusion-clearfix\"><\/div><\/div>\n<\/article>\n<article id=\"blog-1-post-2948\" class=\"fusion-post-grid post-2948 post type-post status-publish format-standard has-post-thumbnail hentry category-nuestros-articulos\">\n<div class=\"fusion-post-wrapper\" style=\"background-color:rgba(255,255,255,0);border:1px solid #e8e8e8;border-bottom-width:3px;\">\n\n\t\t\t<div class=\"fusion-flexslider flexslider fusion-flexslider-loading fusion-post-slideshow\" style=\"border-color:#e8e8e8;\">\n\t\t<ul class=\"slides\">\n\t\t\t\n\t\t\t\t\t\t\t\t\t\t\t\t\t\t<li><div  class=\"fusion-image-wrapper\" aria-haspopup=\"true\">\n\t\t\t\t<img decoding=\"async\" width=\"1496\" height=\"923\" data-src=\"https:\/\/intelsynet.com\/wp-content\/uploads\/2022\/02\/toro-wall-street-e1643973327906.jpg\" class=\"attachment-full size-full wp-post-image lazyload\" alt=\"\" data-srcset=\"https:\/\/intelsynet.com\/wp-content\/uploads\/2022\/02\/toro-wall-street-e1643973327906-200x123.jpg 200w, https:\/\/intelsynet.com\/wp-content\/uploads\/2022\/02\/toro-wall-street-e1643973327906-400x247.jpg 400w, https:\/\/intelsynet.com\/wp-content\/uploads\/2022\/02\/toro-wall-street-e1643973327906-600x370.jpg 600w, https:\/\/intelsynet.com\/wp-content\/uploads\/2022\/02\/toro-wall-street-e1643973327906-800x494.jpg 800w, https:\/\/intelsynet.com\/wp-content\/uploads\/2022\/02\/toro-wall-street-e1643973327906-1200x740.jpg 1200w, https:\/\/intelsynet.com\/wp-content\/uploads\/2022\/02\/toro-wall-street-e1643973327906.jpg 1496w\" data-sizes=\"(min-width: 2200px) 100vw, (min-width: 784px) 363px, (min-width: 712px) 545px, (min-width: 640px) 712px,\" src=\"data:image\/svg+xml;base64,PHN2ZyB3aWR0aD0iMSIgaGVpZ2h0PSIxIiB4bWxucz0iaHR0cDovL3d3dy53My5vcmcvMjAwMC9zdmciPjwvc3ZnPg==\" style=\"--smush-placeholder-width: 1496px; --smush-placeholder-aspect-ratio: 1496\/923;\" \/><div class=\"fusion-rollover\">\n\t<div class=\"fusion-rollover-content\">\n\n\t\t\t\t\n\t\t\n\t\t\t\t\t\t\t\t\t\t\t\t<h4 class=\"fusion-rollover-title\">\n\t\t\t\t\t<a class=\"fusion-rollover-title-link\" href=\"https:\/\/intelsynet.com\/es\/asi-son-las-campanas-activistas-de-los-grandes-inversores\/\">\n\t\t\t\t\t\tAs\u00ed son las campa\u00f1as activistas de los grandes inversores\t\t\t\t\t<\/a>\n\t\t\t\t<\/h4>\n\t\t\t\n\t\t\t\t\t\t\t\t\n\t\t\n\t\t\t\t\t\t<a class=\"fusion-link-wrapper\" href=\"https:\/\/intelsynet.com\/es\/asi-son-las-campanas-activistas-de-los-grandes-inversores\/\" aria-label=\"As\u00ed son las campa\u00f1as activistas de los grandes inversores\"><\/a>\n\t<\/div>\n<\/div>\n<\/div>\n<\/li>\n\t\t\t\n\t\t\t\n\t\t\t\t\t\t\t\t<\/ul>\n\t<\/div>\n\t<div class=\"fusion-post-content-wrapper\" style=\"padding:30px 25px 20px 25px;\"><div class=\"fusion-post-content post-content\"><h2 class=\"blog-shortcode-post-title entry-title\"><a href=\"https:\/\/intelsynet.com\/es\/asi-son-las-campanas-activistas-de-los-grandes-inversores\/\">As\u00ed son las campa\u00f1as activistas de los grandes inversores<\/a><\/h2><\/div><\/div><div class=\"fusion-clearfix\"><\/div><\/div>\n<\/article>\n<article id=\"blog-1-post-2951\" class=\"fusion-post-grid post-2951 post type-post status-publish format-standard has-post-thumbnail hentry category-nuestros-articulos\">\n<div class=\"fusion-post-wrapper\" style=\"background-color:rgba(255,255,255,0);border:1px solid #e8e8e8;border-bottom-width:3px;\">\n\n\t\t\t<div class=\"fusion-flexslider flexslider fusion-flexslider-loading fusion-post-slideshow\" style=\"border-color:#e8e8e8;\">\n\t\t<ul class=\"slides\">\n\t\t\t\n\t\t\t\t\t\t\t\t\t\t\t\t\t\t<li><div  class=\"fusion-image-wrapper\" aria-haspopup=\"true\">\n\t\t\t\t<img decoding=\"async\" width=\"1200\" height=\"739\" data-src=\"https:\/\/intelsynet.com\/wp-content\/uploads\/2022\/02\/italy-2098343_1920-e1643973598680.jpg\" class=\"attachment-full size-full wp-post-image lazyload\" alt=\"\" data-srcset=\"https:\/\/intelsynet.com\/wp-content\/uploads\/2022\/02\/italy-2098343_1920-e1643973598680-200x123.jpg 200w, https:\/\/intelsynet.com\/wp-content\/uploads\/2022\/02\/italy-2098343_1920-e1643973598680-400x246.jpg 400w, https:\/\/intelsynet.com\/wp-content\/uploads\/2022\/02\/italy-2098343_1920-e1643973598680-600x370.jpg 600w, https:\/\/intelsynet.com\/wp-content\/uploads\/2022\/02\/italy-2098343_1920-e1643973598680-800x493.jpg 800w, https:\/\/intelsynet.com\/wp-content\/uploads\/2022\/02\/italy-2098343_1920-e1643973598680.jpg 1200w\" data-sizes=\"(min-width: 2200px) 100vw, (min-width: 784px) 363px, (min-width: 712px) 545px, (min-width: 640px) 712px,\" src=\"data:image\/svg+xml;base64,PHN2ZyB3aWR0aD0iMSIgaGVpZ2h0PSIxIiB4bWxucz0iaHR0cDovL3d3dy53My5vcmcvMjAwMC9zdmciPjwvc3ZnPg==\" style=\"--smush-placeholder-width: 1200px; --smush-placeholder-aspect-ratio: 1200\/739;\" \/><div class=\"fusion-rollover\">\n\t<div class=\"fusion-rollover-content\">\n\n\t\t\t\t\n\t\t\n\t\t\t\t\t\t\t\t\t\t\t\t<h4 class=\"fusion-rollover-title\">\n\t\t\t\t\t<a class=\"fusion-rollover-title-link\" href=\"https:\/\/intelsynet.com\/es\/2021-el-ano-del-despegue-de-la-regulacion-esg\/\">\n\t\t\t\t\t\t2021, el a\u00f1o del despegue de la regulaci\u00f3n ESG\t\t\t\t\t<\/a>\n\t\t\t\t<\/h4>\n\t\t\t\n\t\t\t\t\t\t\t\t\n\t\t\n\t\t\t\t\t\t<a class=\"fusion-link-wrapper\" href=\"https:\/\/intelsynet.com\/es\/2021-el-ano-del-despegue-de-la-regulacion-esg\/\" aria-label=\"2021, el a\u00f1o del despegue de la regulaci\u00f3n ESG\"><\/a>\n\t<\/div>\n<\/div>\n<\/div>\n<\/li>\n\t\t\t\n\t\t\t\n\t\t\t\t\t\t\t\t<\/ul>\n\t<\/div>\n\t<div class=\"fusion-post-content-wrapper\" style=\"padding:30px 25px 20px 25px;\"><div class=\"fusion-post-content post-content\"><h2 class=\"blog-shortcode-post-title entry-title\"><a href=\"https:\/\/intelsynet.com\/es\/2021-el-ano-del-despegue-de-la-regulacion-esg\/\">2021, el a\u00f1o del despegue de la regulaci\u00f3n ESG<\/a><\/h2><\/div><\/div><div class=\"fusion-clearfix\"><\/div><\/div>\n<\/article>\n<article id=\"blog-1-post-2954\" class=\"fusion-post-grid post-2954 post type-post status-publish format-standard has-post-thumbnail hentry category-nuestros-articulos category-sostenibilidad\">\n<div class=\"fusion-post-wrapper\" style=\"background-color:rgba(255,255,255,0);border:1px solid #e8e8e8;border-bottom-width:3px;\">\n\n\t\t\t<div class=\"fusion-flexslider flexslider fusion-flexslider-loading fusion-post-slideshow\" style=\"border-color:#e8e8e8;\">\n\t\t<ul class=\"slides\">\n\t\t\t\n\t\t\t\t\t\t\t\t\t\t\t\t\t\t<li><div  class=\"fusion-image-wrapper\" aria-haspopup=\"true\">\n\t\t\t\t<img decoding=\"async\" width=\"1000\" height=\"667\" data-src=\"https:\/\/intelsynet.com\/wp-content\/uploads\/2022\/02\/31056.jpg\" class=\"attachment-full size-full wp-post-image lazyload\" alt=\"Plan de Recuperaci\u00f3n europeo\" data-srcset=\"https:\/\/intelsynet.com\/wp-content\/uploads\/2022\/02\/31056-200x133.jpg 200w, https:\/\/intelsynet.com\/wp-content\/uploads\/2022\/02\/31056-400x267.jpg 400w, https:\/\/intelsynet.com\/wp-content\/uploads\/2022\/02\/31056-600x400.jpg 600w, https:\/\/intelsynet.com\/wp-content\/uploads\/2022\/02\/31056-800x534.jpg 800w, https:\/\/intelsynet.com\/wp-content\/uploads\/2022\/02\/31056.jpg 1000w\" data-sizes=\"(min-width: 2200px) 100vw, (min-width: 784px) 363px, (min-width: 712px) 545px, (min-width: 640px) 712px,\" src=\"data:image\/svg+xml;base64,PHN2ZyB3aWR0aD0iMSIgaGVpZ2h0PSIxIiB4bWxucz0iaHR0cDovL3d3dy53My5vcmcvMjAwMC9zdmciPjwvc3ZnPg==\" style=\"--smush-placeholder-width: 1000px; --smush-placeholder-aspect-ratio: 1000\/667;\" \/><div class=\"fusion-rollover\">\n\t<div class=\"fusion-rollover-content\">\n\n\t\t\t\t\n\t\t\n\t\t\t\t\t\t\t\t\t\t\t\t<h4 class=\"fusion-rollover-title\">\n\t\t\t\t\t<a class=\"fusion-rollover-title-link\" href=\"https:\/\/intelsynet.com\/es\/asi-va-la-transicion-verde-en-espana-con-el-plan-de-recuperacion-europeo\/\">\n\t\t\t\t\t\tAs\u00ed va la transici\u00f3n verde en Espa\u00f1a con el Plan de Recuperaci\u00f3n europeo\t\t\t\t\t<\/a>\n\t\t\t\t<\/h4>\n\t\t\t\n\t\t\t\t\t\t\t\t\n\t\t\n\t\t\t\t\t\t<a class=\"fusion-link-wrapper\" href=\"https:\/\/intelsynet.com\/es\/asi-va-la-transicion-verde-en-espana-con-el-plan-de-recuperacion-europeo\/\" aria-label=\"As\u00ed va la transici\u00f3n verde en Espa\u00f1a con el Plan de Recuperaci\u00f3n europeo\"><\/a>\n\t<\/div>\n<\/div>\n<\/div>\n<\/li>\n\t\t\t\n\t\t\t\n\t\t\t\t\t\t\t\t<\/ul>\n\t<\/div>\n\t<div class=\"fusion-post-content-wrapper\" style=\"padding:30px 25px 20px 25px;\"><div class=\"fusion-post-content post-content\"><h2 class=\"blog-shortcode-post-title entry-title\"><a href=\"https:\/\/intelsynet.com\/es\/asi-va-la-transicion-verde-en-espana-con-el-plan-de-recuperacion-europeo\/\">As\u00ed va la transici\u00f3n verde en Espa\u00f1a con el Plan de Recuperaci\u00f3n europeo<\/a><\/h2><\/div><\/div><div class=\"fusion-clearfix\"><\/div><\/div>\n<\/article>\n<article id=\"blog-1-post-2957\" class=\"fusion-post-grid post-2957 post type-post status-publish format-standard has-post-thumbnail hentry category-nuestros-articulos\">\n<div class=\"fusion-post-wrapper\" style=\"background-color:rgba(255,255,255,0);border:1px solid #e8e8e8;border-bottom-width:3px;\">\n\n\t\t\t<div class=\"fusion-flexslider flexslider fusion-flexslider-loading fusion-post-slideshow\" style=\"border-color:#e8e8e8;\">\n\t\t<ul class=\"slides\">\n\t\t\t\n\t\t\t\t\t\t\t\t\t\t\t\t\t\t<li><div  class=\"fusion-image-wrapper\" aria-haspopup=\"true\">\n\t\t\t\t<img decoding=\"async\" width=\"600\" height=\"369\" data-src=\"https:\/\/intelsynet.com\/wp-content\/uploads\/2022\/02\/Espana-necesita-funcionarios-trabajemos-cobremos_1390671016_15776867_1200x675-e1643974642962.webp\" class=\"attachment-full size-full wp-post-image lazyload\" alt=\"\" data-srcset=\"https:\/\/intelsynet.com\/wp-content\/uploads\/2022\/02\/Espana-necesita-funcionarios-trabajemos-cobremos_1390671016_15776867_1200x675-e1643974642962-200x123.webp 200w, https:\/\/intelsynet.com\/wp-content\/uploads\/2022\/02\/Espana-necesita-funcionarios-trabajemos-cobremos_1390671016_15776867_1200x675-e1643974642962-300x185.webp 300w, https:\/\/intelsynet.com\/wp-content\/uploads\/2022\/02\/Espana-necesita-funcionarios-trabajemos-cobremos_1390671016_15776867_1200x675-e1643974642962-400x246.webp 400w, https:\/\/intelsynet.com\/wp-content\/uploads\/2022\/02\/Espana-necesita-funcionarios-trabajemos-cobremos_1390671016_15776867_1200x675-e1643974642962.webp 600w\" data-sizes=\"(min-width: 2200px) 100vw, (min-width: 784px) 363px, (min-width: 712px) 545px, (min-width: 640px) 712px,\" src=\"data:image\/svg+xml;base64,PHN2ZyB3aWR0aD0iMSIgaGVpZ2h0PSIxIiB4bWxucz0iaHR0cDovL3d3dy53My5vcmcvMjAwMC9zdmciPjwvc3ZnPg==\" style=\"--smush-placeholder-width: 600px; --smush-placeholder-aspect-ratio: 600\/369;\" \/><div class=\"fusion-rollover\">\n\t<div class=\"fusion-rollover-content\">\n\n\t\t\t\t\n\t\t\n\t\t\t\t\t\t\t\t\t\t\t\t<h4 class=\"fusion-rollover-title\">\n\t\t\t\t\t<a class=\"fusion-rollover-title-link\" href=\"https:\/\/intelsynet.com\/es\/las-ccaa-aceleran-con-los-bonos-esg-y-el-sector-publico-ya-es-el-de-mayor-peso\/\">\n\t\t\t\t\t\tLas CCAA aceleran con los bonos ESG y el sector p\u00fablico ya es el de mayor peso\t\t\t\t\t<\/a>\n\t\t\t\t<\/h4>\n\t\t\t\n\t\t\t\t\t\t\t\t\n\t\t\n\t\t\t\t\t\t<a class=\"fusion-link-wrapper\" href=\"https:\/\/intelsynet.com\/es\/las-ccaa-aceleran-con-los-bonos-esg-y-el-sector-publico-ya-es-el-de-mayor-peso\/\" aria-label=\"Las CCAA aceleran con los bonos ESG y el sector p\u00fablico ya es el de mayor peso\"><\/a>\n\t<\/div>\n<\/div>\n<\/div>\n<\/li>\n\t\t\t\n\t\t\t\n\t\t\t\t\t\t\t\t<\/ul>\n\t<\/div>\n\t<div class=\"fusion-post-content-wrapper\" style=\"padding:30px 25px 20px 25px;\"><div class=\"fusion-post-content post-content\"><h2 class=\"blog-shortcode-post-title entry-title\"><a href=\"https:\/\/intelsynet.com\/es\/las-ccaa-aceleran-con-los-bonos-esg-y-el-sector-publico-ya-es-el-de-mayor-peso\/\">Las CCAA aceleran con los bonos ESG y el sector p\u00fablico ya es el de mayor peso<\/a><\/h2><\/div><\/div><div class=\"fusion-clearfix\"><\/div><\/div>\n<\/article>\n<article id=\"blog-1-post-2960\" class=\"fusion-post-grid post-2960 post type-post status-publish format-standard has-post-thumbnail hentry category-nuestros-articulos\">\n<div class=\"fusion-post-wrapper\" style=\"background-color:rgba(255,255,255,0);border:1px solid #e8e8e8;border-bottom-width:3px;\">\n\n\t\t\t<div class=\"fusion-flexslider flexslider fusion-flexslider-loading fusion-post-slideshow\" style=\"border-color:#e8e8e8;\">\n\t\t<ul class=\"slides\">\n\t\t\t\n\t\t\t\t\t\t\t\t\t\t\t\t\t\t<li><div  class=\"fusion-image-wrapper\" aria-haspopup=\"true\">\n\t\t\t\t<img decoding=\"async\" width=\"1198\" height=\"741\" data-src=\"https:\/\/intelsynet.com\/wp-content\/uploads\/2022\/02\/EJ4CLX5RAREMBGOYK5YNOMPATQ-e1643974850913.jpg\" class=\"attachment-full size-full wp-post-image lazyload\" alt=\"\" data-srcset=\"https:\/\/intelsynet.com\/wp-content\/uploads\/2022\/02\/EJ4CLX5RAREMBGOYK5YNOMPATQ-e1643974850913-200x124.jpg 200w, https:\/\/intelsynet.com\/wp-content\/uploads\/2022\/02\/EJ4CLX5RAREMBGOYK5YNOMPATQ-e1643974850913-400x247.jpg 400w, https:\/\/intelsynet.com\/wp-content\/uploads\/2022\/02\/EJ4CLX5RAREMBGOYK5YNOMPATQ-e1643974850913-600x371.jpg 600w, https:\/\/intelsynet.com\/wp-content\/uploads\/2022\/02\/EJ4CLX5RAREMBGOYK5YNOMPATQ-e1643974850913-800x495.jpg 800w, https:\/\/intelsynet.com\/wp-content\/uploads\/2022\/02\/EJ4CLX5RAREMBGOYK5YNOMPATQ-e1643974850913.jpg 1198w\" data-sizes=\"(min-width: 2200px) 100vw, (min-width: 784px) 363px, (min-width: 712px) 545px, (min-width: 640px) 712px,\" src=\"data:image\/svg+xml;base64,PHN2ZyB3aWR0aD0iMSIgaGVpZ2h0PSIxIiB4bWxucz0iaHR0cDovL3d3dy53My5vcmcvMjAwMC9zdmciPjwvc3ZnPg==\" style=\"--smush-placeholder-width: 1198px; --smush-placeholder-aspect-ratio: 1198\/741;\" \/><div class=\"fusion-rollover\">\n\t<div class=\"fusion-rollover-content\">\n\n\t\t\t\t\n\t\t\n\t\t\t\t\t\t\t\t\t\t\t\t<h4 class=\"fusion-rollover-title\">\n\t\t\t\t\t<a class=\"fusion-rollover-title-link\" href=\"https:\/\/intelsynet.com\/es\/los-fondos-activistas-ponen-el-punto-de-mira-en-la-recuperacion-de-la-banca\/\">\n\t\t\t\t\t\tLos fondos activistas ponen el punto de mira en la recuperaci\u00f3n de la banca\t\t\t\t\t<\/a>\n\t\t\t\t<\/h4>\n\t\t\t\n\t\t\t\t\t\t\t\t\n\t\t\n\t\t\t\t\t\t<a class=\"fusion-link-wrapper\" href=\"https:\/\/intelsynet.com\/es\/los-fondos-activistas-ponen-el-punto-de-mira-en-la-recuperacion-de-la-banca\/\" aria-label=\"Los fondos activistas ponen el punto de mira en la recuperaci\u00f3n de la banca\"><\/a>\n\t<\/div>\n<\/div>\n<\/div>\n<\/li>\n\t\t\t\n\t\t\t\n\t\t\t\t\t\t\t\t<\/ul>\n\t<\/div>\n\t<div class=\"fusion-post-content-wrapper\" style=\"padding:30px 25px 20px 25px;\"><div class=\"fusion-post-content post-content\"><h2 class=\"blog-shortcode-post-title entry-title\"><a href=\"https:\/\/intelsynet.com\/es\/los-fondos-activistas-ponen-el-punto-de-mira-en-la-recuperacion-de-la-banca\/\">Los fondos activistas ponen el punto de mira en la recuperaci\u00f3n de la banca<\/a><\/h2><\/div><\/div><div class=\"fusion-clearfix\"><\/div><\/div>\n<\/article>\n<article id=\"blog-1-post-2921\" class=\"fusion-post-grid post-2921 post type-post status-publish format-standard has-post-thumbnail hentry category-nuestros-articulos\">\n<div class=\"fusion-post-wrapper\" style=\"background-color:rgba(255,255,255,0);border:1px solid #e8e8e8;border-bottom-width:3px;\">\n\n\t\t\t<div class=\"fusion-flexslider flexslider fusion-flexslider-loading fusion-post-slideshow\" style=\"border-color:#e8e8e8;\">\n\t\t<ul class=\"slides\">\n\t\t\t\n\t\t\t\t\t\t\t\t\t\t\t\t\t\t<li><div  class=\"fusion-image-wrapper\" aria-haspopup=\"true\">\n\t\t\t\t<img decoding=\"async\" width=\"2560\" height=\"1580\" data-src=\"https:\/\/intelsynet.com\/wp-content\/uploads\/2022\/01\/58503e21cc649-scaled-e1643373991961.jpg\" class=\"attachment-full size-full wp-post-image lazyload\" alt=\"\" data-srcset=\"https:\/\/intelsynet.com\/wp-content\/uploads\/2022\/01\/58503e21cc649-scaled-e1643373991961-200x123.jpg 200w, https:\/\/intelsynet.com\/wp-content\/uploads\/2022\/01\/58503e21cc649-scaled-e1643373991961-400x247.jpg 400w, https:\/\/intelsynet.com\/wp-content\/uploads\/2022\/01\/58503e21cc649-scaled-e1643373991961-600x370.jpg 600w, https:\/\/intelsynet.com\/wp-content\/uploads\/2022\/01\/58503e21cc649-scaled-e1643373991961-800x494.jpg 800w, https:\/\/intelsynet.com\/wp-content\/uploads\/2022\/01\/58503e21cc649-scaled-e1643373991961-1200x741.jpg 1200w, https:\/\/intelsynet.com\/wp-content\/uploads\/2022\/01\/58503e21cc649-scaled-e1643373991961.jpg 2560w\" data-sizes=\"(min-width: 2200px) 100vw, (min-width: 784px) 363px, (min-width: 712px) 545px, (min-width: 640px) 712px,\" src=\"data:image\/svg+xml;base64,PHN2ZyB3aWR0aD0iMSIgaGVpZ2h0PSIxIiB4bWxucz0iaHR0cDovL3d3dy53My5vcmcvMjAwMC9zdmciPjwvc3ZnPg==\" style=\"--smush-placeholder-width: 2560px; --smush-placeholder-aspect-ratio: 2560\/1580;\" \/><div class=\"fusion-rollover\">\n\t<div class=\"fusion-rollover-content\">\n\n\t\t\t\t\n\t\t\n\t\t\t\t\t\t\t\t\t\t\t\t<h4 class=\"fusion-rollover-title\">\n\t\t\t\t\t<a class=\"fusion-rollover-title-link\" href=\"https:\/\/intelsynet.com\/es\/las-tres-grandes-electricas-ya-solo-sufragaran-el-80-del-bono-social-este-ano\/\">\n\t\t\t\t\t\tLas tres grandes el\u00e9ctricas ya \u00abs\u00f3lo\u00bb sufragar\u00e1n el 80% del bono social este a\u00f1o\t\t\t\t\t<\/a>\n\t\t\t\t<\/h4>\n\t\t\t\n\t\t\t\t\t\t\t\t\n\t\t\n\t\t\t\t\t\t<a class=\"fusion-link-wrapper\" href=\"https:\/\/intelsynet.com\/es\/las-tres-grandes-electricas-ya-solo-sufragaran-el-80-del-bono-social-este-ano\/\" aria-label=\"Las tres grandes el\u00e9ctricas ya \u00abs\u00f3lo\u00bb sufragar\u00e1n el 80% del bono social este a\u00f1o\"><\/a>\n\t<\/div>\n<\/div>\n<\/div>\n<\/li>\n\t\t\t\n\t\t\t\n\t\t\t\t\t\t\t\t<\/ul>\n\t<\/div>\n\t<div class=\"fusion-post-content-wrapper\" style=\"padding:30px 25px 20px 25px;\"><div class=\"fusion-post-content post-content\"><h2 class=\"blog-shortcode-post-title entry-title\"><a href=\"https:\/\/intelsynet.com\/es\/las-tres-grandes-electricas-ya-solo-sufragaran-el-80-del-bono-social-este-ano\/\">Las tres grandes el\u00e9ctricas ya \u00abs\u00f3lo\u00bb sufragar\u00e1n el 80% del bono social este a\u00f1o<\/a><\/h2><\/div><\/div><div class=\"fusion-clearfix\"><\/div><\/div>\n<\/article>\n<article id=\"blog-1-post-2927\" class=\"fusion-post-grid post-2927 post type-post status-publish format-standard has-post-thumbnail hentry category-nuestros-articulos\">\n<div class=\"fusion-post-wrapper\" style=\"background-color:rgba(255,255,255,0);border:1px solid #e8e8e8;border-bottom-width:3px;\">\n\n\t\t\t<div class=\"fusion-flexslider flexslider fusion-flexslider-loading fusion-post-slideshow\" style=\"border-color:#e8e8e8;\">\n\t\t<ul class=\"slides\">\n\t\t\t\n\t\t\t\t\t\t\t\t\t\t\t\t\t\t<li><div  class=\"fusion-image-wrapper\" aria-haspopup=\"true\">\n\t\t\t\t<img decoding=\"async\" width=\"1198\" height=\"740\" data-src=\"https:\/\/intelsynet.com\/wp-content\/uploads\/2022\/01\/hamza-madrid-muTYFNQOMWw-unsplash-1282x780-1-e1643374443371.jpg\" class=\"attachment-full size-full wp-post-image lazyload\" alt=\"\" data-srcset=\"https:\/\/intelsynet.com\/wp-content\/uploads\/2022\/01\/hamza-madrid-muTYFNQOMWw-unsplash-1282x780-1-e1643374443371-200x124.jpg 200w, https:\/\/intelsynet.com\/wp-content\/uploads\/2022\/01\/hamza-madrid-muTYFNQOMWw-unsplash-1282x780-1-e1643374443371-400x247.jpg 400w, https:\/\/intelsynet.com\/wp-content\/uploads\/2022\/01\/hamza-madrid-muTYFNQOMWw-unsplash-1282x780-1-e1643374443371-600x371.jpg 600w, https:\/\/intelsynet.com\/wp-content\/uploads\/2022\/01\/hamza-madrid-muTYFNQOMWw-unsplash-1282x780-1-e1643374443371-800x494.jpg 800w, https:\/\/intelsynet.com\/wp-content\/uploads\/2022\/01\/hamza-madrid-muTYFNQOMWw-unsplash-1282x780-1-e1643374443371.jpg 1198w\" data-sizes=\"(min-width: 2200px) 100vw, (min-width: 784px) 363px, (min-width: 712px) 545px, (min-width: 640px) 712px,\" src=\"data:image\/svg+xml;base64,PHN2ZyB3aWR0aD0iMSIgaGVpZ2h0PSIxIiB4bWxucz0iaHR0cDovL3d3dy53My5vcmcvMjAwMC9zdmciPjwvc3ZnPg==\" style=\"--smush-placeholder-width: 1198px; --smush-placeholder-aspect-ratio: 1198\/740;\" \/><div class=\"fusion-rollover\">\n\t<div class=\"fusion-rollover-content\">\n\n\t\t\t\t\n\t\t\n\t\t\t\t\t\t\t\t\t\t\t\t<h4 class=\"fusion-rollover-title\">\n\t\t\t\t\t<a class=\"fusion-rollover-title-link\" href=\"https:\/\/intelsynet.com\/es\/los-espanoles-que-invierten-esg-pasan-del-10-al-20-en-3-anos\/\">\n\t\t\t\t\t\tLos espa\u00f1oles que invierten ESG pasan del 10 al 20% en 3 a\u00f1os\t\t\t\t\t<\/a>\n\t\t\t\t<\/h4>\n\t\t\t\n\t\t\t\t\t\t\t\t\n\t\t\n\t\t\t\t\t\t<a class=\"fusion-link-wrapper\" href=\"https:\/\/intelsynet.com\/es\/los-espanoles-que-invierten-esg-pasan-del-10-al-20-en-3-anos\/\" aria-label=\"Los espa\u00f1oles que invierten ESG pasan del 10 al 20% en 3 a\u00f1os\"><\/a>\n\t<\/div>\n<\/div>\n<\/div>\n<\/li>\n\t\t\t\n\t\t\t\n\t\t\t\t\t\t\t\t<\/ul>\n\t<\/div>\n\t<div class=\"fusion-post-content-wrapper\" style=\"padding:30px 25px 20px 25px;\"><div class=\"fusion-post-content post-content\"><h2 class=\"blog-shortcode-post-title entry-title\"><a href=\"https:\/\/intelsynet.com\/es\/los-espanoles-que-invierten-esg-pasan-del-10-al-20-en-3-anos\/\">Los espa\u00f1oles que invierten ESG pasan del 10 al 20% en 3 a\u00f1os<\/a><\/h2><\/div><\/div><div class=\"fusion-clearfix\"><\/div><\/div>\n<\/article>\n<article id=\"blog-1-post-2924\" class=\"fusion-post-grid post-2924 post type-post status-publish format-standard has-post-thumbnail hentry category-nuestros-articulos\">\n<div class=\"fusion-post-wrapper\" style=\"background-color:rgba(255,255,255,0);border:1px solid #e8e8e8;border-bottom-width:3px;\">\n\n\t\t\t<div class=\"fusion-flexslider flexslider fusion-flexslider-loading fusion-post-slideshow\" style=\"border-color:#e8e8e8;\">\n\t\t<ul class=\"slides\">\n\t\t\t\n\t\t\t\t\t\t\t\t\t\t\t\t\t\t<li><div  class=\"fusion-image-wrapper\" aria-haspopup=\"true\">\n\t\t\t\t<img decoding=\"async\" width=\"1189\" height=\"734\" data-src=\"https:\/\/intelsynet.com\/wp-content\/uploads\/2022\/01\/banderas-ue-kvBB-1190x800@abc-e1643374232742.jpg\" class=\"attachment-full size-full wp-post-image lazyload\" alt=\"\" data-srcset=\"https:\/\/intelsynet.com\/wp-content\/uploads\/2022\/01\/banderas-ue-kvBB-1190x800@abc-e1643374232742-200x123.jpg 200w, https:\/\/intelsynet.com\/wp-content\/uploads\/2022\/01\/banderas-ue-kvBB-1190x800@abc-e1643374232742-400x247.jpg 400w, https:\/\/intelsynet.com\/wp-content\/uploads\/2022\/01\/banderas-ue-kvBB-1190x800@abc-e1643374232742-600x370.jpg 600w, https:\/\/intelsynet.com\/wp-content\/uploads\/2022\/01\/banderas-ue-kvBB-1190x800@abc-e1643374232742-800x494.jpg 800w, https:\/\/intelsynet.com\/wp-content\/uploads\/2022\/01\/banderas-ue-kvBB-1190x800@abc-e1643374232742.jpg 1189w\" data-sizes=\"(min-width: 2200px) 100vw, (min-width: 784px) 363px, (min-width: 712px) 545px, (min-width: 640px) 712px,\" src=\"data:image\/svg+xml;base64,PHN2ZyB3aWR0aD0iMSIgaGVpZ2h0PSIxIiB4bWxucz0iaHR0cDovL3d3dy53My5vcmcvMjAwMC9zdmciPjwvc3ZnPg==\" style=\"--smush-placeholder-width: 1189px; --smush-placeholder-aspect-ratio: 1189\/734;\" \/><div class=\"fusion-rollover\">\n\t<div class=\"fusion-rollover-content\">\n\n\t\t\t\t\n\t\t\n\t\t\t\t\t\t\t\t\t\t\t\t<h4 class=\"fusion-rollover-title\">\n\t\t\t\t\t<a class=\"fusion-rollover-title-link\" href=\"https:\/\/intelsynet.com\/es\/bruselas-flexibiliza-las-normas-de-ayudas-de-estado-para-facilitar-las-inversiones-en-proyectos-verdes\/\">\n\t\t\t\t\t\tBruselas flexibiliza las normas de ayudas de Estado para facilitar las inversiones en proyectos \u2018verdes\u2019\t\t\t\t\t<\/a>\n\t\t\t\t<\/h4>\n\t\t\t\n\t\t\t\t\t\t\t\t\n\t\t\n\t\t\t\t\t\t<a class=\"fusion-link-wrapper\" href=\"https:\/\/intelsynet.com\/es\/bruselas-flexibiliza-las-normas-de-ayudas-de-estado-para-facilitar-las-inversiones-en-proyectos-verdes\/\" aria-label=\"Bruselas flexibiliza las normas de ayudas de Estado para facilitar las inversiones en proyectos \u2018verdes\u2019\"><\/a>\n\t<\/div>\n<\/div>\n<\/div>\n<\/li>\n\t\t\t\n\t\t\t\n\t\t\t\t\t\t\t\t<\/ul>\n\t<\/div>\n\t<div class=\"fusion-post-content-wrapper\" style=\"padding:30px 25px 20px 25px;\"><div class=\"fusion-post-content post-content\"><h2 class=\"blog-shortcode-post-title entry-title\"><a href=\"https:\/\/intelsynet.com\/es\/bruselas-flexibiliza-las-normas-de-ayudas-de-estado-para-facilitar-las-inversiones-en-proyectos-verdes\/\">Bruselas flexibiliza las normas de ayudas de Estado para facilitar las inversiones en proyectos \u2018verdes\u2019<\/a><\/h2><\/div><\/div><div class=\"fusion-clearfix\"><\/div><\/div>\n<\/article>\n<article id=\"blog-1-post-2929\" class=\"fusion-post-grid post-2929 post type-post status-publish format-standard has-post-thumbnail hentry category-nuestros-articulos\">\n<div class=\"fusion-post-wrapper\" style=\"background-color:rgba(255,255,255,0);border:1px solid #e8e8e8;border-bottom-width:3px;\">\n\n\t\t\t<div class=\"fusion-flexslider flexslider fusion-flexslider-loading fusion-post-slideshow\" style=\"border-color:#e8e8e8;\">\n\t\t<ul class=\"slides\">\n\t\t\t\n\t\t\t\t\t\t\t\t\t\t\t\t\t\t<li><div  class=\"fusion-image-wrapper\" aria-haspopup=\"true\">\n\t\t\t\t<img decoding=\"async\" width=\"1200\" height=\"739\" data-src=\"https:\/\/intelsynet.com\/wp-content\/uploads\/2022\/01\/nube-e1643374667118.jpg\" class=\"attachment-full size-full wp-post-image lazyload\" alt=\"\" data-srcset=\"https:\/\/intelsynet.com\/wp-content\/uploads\/2022\/01\/nube-e1643374667118-200x123.jpg 200w, https:\/\/intelsynet.com\/wp-content\/uploads\/2022\/01\/nube-e1643374667118-400x246.jpg 400w, https:\/\/intelsynet.com\/wp-content\/uploads\/2022\/01\/nube-e1643374667118-600x370.jpg 600w, https:\/\/intelsynet.com\/wp-content\/uploads\/2022\/01\/nube-e1643374667118-800x493.jpg 800w, https:\/\/intelsynet.com\/wp-content\/uploads\/2022\/01\/nube-e1643374667118.jpg 1200w\" data-sizes=\"(min-width: 2200px) 100vw, (min-width: 784px) 363px, (min-width: 712px) 545px, (min-width: 640px) 712px,\" src=\"data:image\/svg+xml;base64,PHN2ZyB3aWR0aD0iMSIgaGVpZ2h0PSIxIiB4bWxucz0iaHR0cDovL3d3dy53My5vcmcvMjAwMC9zdmciPjwvc3ZnPg==\" style=\"--smush-placeholder-width: 1200px; --smush-placeholder-aspect-ratio: 1200\/739;\" \/><div class=\"fusion-rollover\">\n\t<div class=\"fusion-rollover-content\">\n\n\t\t\t\t\n\t\t\n\t\t\t\t\t\t\t\t\t\t\t\t<h4 class=\"fusion-rollover-title\">\n\t\t\t\t\t<a class=\"fusion-rollover-title-link\" href=\"https:\/\/intelsynet.com\/es\/la-inversion-mundial-en-tecnologias-limpias-alcanzo-un-record-de-755-000-millones-de-dolares-en-2021\/\">\n\t\t\t\t\t\tLa inversi\u00f3n mundial en tecnolog\u00edas limpias alcanz\u00f3 un r\u00e9cord de 755.000 millones de d\u00f3lares en 2021\t\t\t\t\t<\/a>\n\t\t\t\t<\/h4>\n\t\t\t\n\t\t\t\t\t\t\t\t\n\t\t\n\t\t\t\t\t\t<a class=\"fusion-link-wrapper\" href=\"https:\/\/intelsynet.com\/es\/la-inversion-mundial-en-tecnologias-limpias-alcanzo-un-record-de-755-000-millones-de-dolares-en-2021\/\" aria-label=\"La inversi\u00f3n mundial en tecnolog\u00edas limpias alcanz\u00f3 un r\u00e9cord de 755.000 millones de d\u00f3lares en 2021\"><\/a>\n\t<\/div>\n<\/div>\n<\/div>\n<\/li>\n\t\t\t\n\t\t\t\n\t\t\t\t\t\t\t\t<\/ul>\n\t<\/div>\n\t<div class=\"fusion-post-content-wrapper\" style=\"padding:30px 25px 20px 25px;\"><div class=\"fusion-post-content post-content\"><h2 class=\"blog-shortcode-post-title entry-title\"><a href=\"https:\/\/intelsynet.com\/es\/la-inversion-mundial-en-tecnologias-limpias-alcanzo-un-record-de-755-000-millones-de-dolares-en-2021\/\">La inversi\u00f3n mundial en tecnolog\u00edas limpias alcanz\u00f3 un r\u00e9cord de 755.000 millones de d\u00f3lares en 2021<\/a><\/h2><\/div><\/div><div class=\"fusion-clearfix\"><\/div><\/div>\n<\/article>\n<article id=\"blog-1-post-2933\" class=\"fusion-post-grid post-2933 post type-post status-publish format-standard has-post-thumbnail hentry category-nuestros-articulos\">\n<div class=\"fusion-post-wrapper\" style=\"background-color:rgba(255,255,255,0);border:1px solid #e8e8e8;border-bottom-width:3px;\">\n\n\t\t\t<div class=\"fusion-flexslider flexslider fusion-flexslider-loading fusion-post-slideshow\" style=\"border-color:#e8e8e8;\">\n\t\t<ul class=\"slides\">\n\t\t\t\n\t\t\t\t\t\t\t\t\t\t\t\t\t\t<li><div  class=\"fusion-image-wrapper\" aria-haspopup=\"true\">\n\t\t\t\t<img decoding=\"async\" width=\"1200\" height=\"739\" data-src=\"https:\/\/intelsynet.com\/wp-content\/uploads\/2022\/01\/el-corte-ingles-rebajas-e1643374836947.jpg\" class=\"attachment-full size-full wp-post-image lazyload\" alt=\"\" data-srcset=\"https:\/\/intelsynet.com\/wp-content\/uploads\/2022\/01\/el-corte-ingles-rebajas-e1643374836947-200x123.jpg 200w, https:\/\/intelsynet.com\/wp-content\/uploads\/2022\/01\/el-corte-ingles-rebajas-e1643374836947-400x246.jpg 400w, https:\/\/intelsynet.com\/wp-content\/uploads\/2022\/01\/el-corte-ingles-rebajas-e1643374836947-600x370.jpg 600w, https:\/\/intelsynet.com\/wp-content\/uploads\/2022\/01\/el-corte-ingles-rebajas-e1643374836947-800x493.jpg 800w, https:\/\/intelsynet.com\/wp-content\/uploads\/2022\/01\/el-corte-ingles-rebajas-e1643374836947.jpg 1200w\" data-sizes=\"(min-width: 2200px) 100vw, (min-width: 784px) 363px, (min-width: 712px) 545px, (min-width: 640px) 712px,\" src=\"data:image\/svg+xml;base64,PHN2ZyB3aWR0aD0iMSIgaGVpZ2h0PSIxIiB4bWxucz0iaHR0cDovL3d3dy53My5vcmcvMjAwMC9zdmciPjwvc3ZnPg==\" style=\"--smush-placeholder-width: 1200px; --smush-placeholder-aspect-ratio: 1200\/739;\" \/><div class=\"fusion-rollover\">\n\t<div class=\"fusion-rollover-content\">\n\n\t\t\t\t\n\t\t\n\t\t\t\t\t\t\t\t\t\t\t\t<h4 class=\"fusion-rollover-title\">\n\t\t\t\t\t<a class=\"fusion-rollover-title-link\" href=\"https:\/\/intelsynet.com\/es\/la-alianza-entre-el-corte-ingles-y-grupo-mutua-removera-el-tablero-del-seguro\/\">\n\t\t\t\t\t\tLa alianza entre El Corte Ingl\u00e9s y Grupo Mutua remover\u00e1 el tablero del seguro\t\t\t\t\t<\/a>\n\t\t\t\t<\/h4>\n\t\t\t\n\t\t\t\t\t\t\t\t\n\t\t\n\t\t\t\t\t\t<a class=\"fusion-link-wrapper\" href=\"https:\/\/intelsynet.com\/es\/la-alianza-entre-el-corte-ingles-y-grupo-mutua-removera-el-tablero-del-seguro\/\" aria-label=\"La alianza entre El Corte Ingl\u00e9s y Grupo Mutua remover\u00e1 el tablero del seguro\"><\/a>\n\t<\/div>\n<\/div>\n<\/div>\n<\/li>\n\t\t\t\n\t\t\t\n\t\t\t\t\t\t\t\t<\/ul>\n\t<\/div>\n\t<div class=\"fusion-post-content-wrapper\" style=\"padding:30px 25px 20px 25px;\"><div class=\"fusion-post-content post-content\"><h2 class=\"blog-shortcode-post-title entry-title\"><a href=\"https:\/\/intelsynet.com\/es\/la-alianza-entre-el-corte-ingles-y-grupo-mutua-removera-el-tablero-del-seguro\/\">La alianza entre El Corte Ingl\u00e9s y Grupo Mutua remover\u00e1 el tablero del seguro<\/a><\/h2><\/div><\/div><div class=\"fusion-clearfix\"><\/div><\/div>\n<\/article>\n<article id=\"blog-1-post-2902\" class=\"fusion-post-grid post-2902 post type-post status-publish format-standard has-post-thumbnail hentry category-nuestros-articulos\">\n<div class=\"fusion-post-wrapper\" style=\"background-color:rgba(255,255,255,0);border:1px solid #e8e8e8;border-bottom-width:3px;\">\n\n\t\t\t<div class=\"fusion-flexslider flexslider fusion-flexslider-loading fusion-post-slideshow\" style=\"border-color:#e8e8e8;\">\n\t\t<ul class=\"slides\">\n\t\t\t\n\t\t\t\t\t\t\t\t\t\t\t\t\t\t<li><div  class=\"fusion-image-wrapper\" aria-haspopup=\"true\">\n\t\t\t\t<img decoding=\"async\" width=\"1200\" height=\"739\" data-src=\"https:\/\/intelsynet.com\/wp-content\/uploads\/2022\/01\/repsolhidrogeno-169-e1643021841972.jpg\" class=\"attachment-full size-full wp-post-image lazyload\" alt=\"\" data-srcset=\"https:\/\/intelsynet.com\/wp-content\/uploads\/2022\/01\/repsolhidrogeno-169-e1643021841972-200x123.jpg 200w, https:\/\/intelsynet.com\/wp-content\/uploads\/2022\/01\/repsolhidrogeno-169-e1643021841972-400x246.jpg 400w, https:\/\/intelsynet.com\/wp-content\/uploads\/2022\/01\/repsolhidrogeno-169-e1643021841972-600x370.jpg 600w, https:\/\/intelsynet.com\/wp-content\/uploads\/2022\/01\/repsolhidrogeno-169-e1643021841972-800x493.jpg 800w, https:\/\/intelsynet.com\/wp-content\/uploads\/2022\/01\/repsolhidrogeno-169-e1643021841972.jpg 1200w\" data-sizes=\"(min-width: 2200px) 100vw, (min-width: 784px) 363px, (min-width: 712px) 545px, (min-width: 640px) 712px,\" src=\"data:image\/svg+xml;base64,PHN2ZyB3aWR0aD0iMSIgaGVpZ2h0PSIxIiB4bWxucz0iaHR0cDovL3d3dy53My5vcmcvMjAwMC9zdmciPjwvc3ZnPg==\" style=\"--smush-placeholder-width: 1200px; --smush-placeholder-aspect-ratio: 1200\/739;\" \/><div class=\"fusion-rollover\">\n\t<div class=\"fusion-rollover-content\">\n\n\t\t\t\t\n\t\t\n\t\t\t\t\t\t\t\t\t\t\t\t<h4 class=\"fusion-rollover-title\">\n\t\t\t\t\t<a class=\"fusion-rollover-title-link\" href=\"https:\/\/intelsynet.com\/es\/repsol-lanza-un-megaconsorcio-para-el-desarrollo-de-hidrogeno-verde-en-espana\/\">\n\t\t\t\t\t\tRepsol lanza un megaconsorcio para el desarrollo de hidr\u00f3geno verde en Espa\u00f1a\t\t\t\t\t<\/a>\n\t\t\t\t<\/h4>\n\t\t\t\n\t\t\t\t\t\t\t\t\n\t\t\n\t\t\t\t\t\t<a class=\"fusion-link-wrapper\" href=\"https:\/\/intelsynet.com\/es\/repsol-lanza-un-megaconsorcio-para-el-desarrollo-de-hidrogeno-verde-en-espana\/\" aria-label=\"Repsol lanza un megaconsorcio para el desarrollo de hidr\u00f3geno verde en Espa\u00f1a\"><\/a>\n\t<\/div>\n<\/div>\n<\/div>\n<\/li>\n\t\t\t\n\t\t\t\n\t\t\t\t\t\t\t\t<\/ul>\n\t<\/div>\n\t<div class=\"fusion-post-content-wrapper\" style=\"padding:30px 25px 20px 25px;\"><div class=\"fusion-post-content post-content\"><h2 class=\"blog-shortcode-post-title entry-title\"><a href=\"https:\/\/intelsynet.com\/es\/repsol-lanza-un-megaconsorcio-para-el-desarrollo-de-hidrogeno-verde-en-espana\/\">Repsol lanza un megaconsorcio para el desarrollo de hidr\u00f3geno verde en Espa\u00f1a<\/a><\/h2><\/div><\/div><div class=\"fusion-clearfix\"><\/div><\/div>\n<\/article>\n<article id=\"blog-1-post-2905\" class=\"fusion-post-grid post-2905 post type-post status-publish format-standard has-post-thumbnail hentry category-nuestros-articulos\">\n<div class=\"fusion-post-wrapper\" style=\"background-color:rgba(255,255,255,0);border:1px solid #e8e8e8;border-bottom-width:3px;\">\n\n\t\t\t<div class=\"fusion-flexslider flexslider fusion-flexslider-loading fusion-post-slideshow\" style=\"border-color:#e8e8e8;\">\n\t\t<ul class=\"slides\">\n\t\t\t\n\t\t\t\t\t\t\t\t\t\t\t\t\t\t<li><div  class=\"fusion-image-wrapper\" aria-haspopup=\"true\">\n\t\t\t\t<img decoding=\"async\" width=\"2560\" height=\"1636\" data-src=\"https:\/\/intelsynet.com\/wp-content\/uploads\/2022\/01\/cuatro-torres-en-madrid-sede-de-las-grandes-empresas-espanolas-scaled-e1643022124974.jpeg\" class=\"attachment-full size-full wp-post-image lazyload\" alt=\"\" src=\"data:image\/svg+xml;base64,PHN2ZyB3aWR0aD0iMSIgaGVpZ2h0PSIxIiB4bWxucz0iaHR0cDovL3d3dy53My5vcmcvMjAwMC9zdmciPjwvc3ZnPg==\" style=\"--smush-placeholder-width: 2560px; --smush-placeholder-aspect-ratio: 2560\/1636;\" \/><div class=\"fusion-rollover\">\n\t<div class=\"fusion-rollover-content\">\n\n\t\t\t\t\n\t\t\n\t\t\t\t\t\t\t\t\t\t\t\t<h4 class=\"fusion-rollover-title\">\n\t\t\t\t\t<a class=\"fusion-rollover-title-link\" href=\"https:\/\/intelsynet.com\/es\/los-criterios-esg-se-consolidan-en-las-empresas-espanolas\/\">\n\t\t\t\t\t\tLos criterios ESG se consolidan en las empresas espa\u00f1olas\t\t\t\t\t<\/a>\n\t\t\t\t<\/h4>\n\t\t\t\n\t\t\t\t\t\t\t\t\n\t\t\n\t\t\t\t\t\t<a class=\"fusion-link-wrapper\" href=\"https:\/\/intelsynet.com\/es\/los-criterios-esg-se-consolidan-en-las-empresas-espanolas\/\" aria-label=\"Los criterios ESG se consolidan en las empresas espa\u00f1olas\"><\/a>\n\t<\/div>\n<\/div>\n<\/div>\n<\/li>\n\t\t\t\n\t\t\t\n\t\t\t\t\t\t\t\t<\/ul>\n\t<\/div>\n\t<div class=\"fusion-post-content-wrapper\" style=\"padding:30px 25px 20px 25px;\"><div class=\"fusion-post-content post-content\"><h2 class=\"blog-shortcode-post-title entry-title\"><a href=\"https:\/\/intelsynet.com\/es\/los-criterios-esg-se-consolidan-en-las-empresas-espanolas\/\">Los criterios ESG se consolidan en las empresas espa\u00f1olas<\/a><\/h2><\/div><\/div><div class=\"fusion-clearfix\"><\/div><\/div>\n<\/article>\n<article id=\"blog-1-post-2908\" class=\"fusion-post-grid post-2908 post type-post status-publish format-standard has-post-thumbnail hentry category-nuestros-articulos\">\n<div class=\"fusion-post-wrapper\" style=\"background-color:rgba(255,255,255,0);border:1px solid #e8e8e8;border-bottom-width:3px;\">\n\n\t\t\t<div class=\"fusion-flexslider flexslider fusion-flexslider-loading fusion-post-slideshow\" style=\"border-color:#e8e8e8;\">\n\t\t<ul class=\"slides\">\n\t\t\t\n\t\t\t\t\t\t\t\t\t\t\t\t\t\t<li><div  class=\"fusion-image-wrapper\" aria-haspopup=\"true\">\n\t\t\t\t<img decoding=\"async\" width=\"1201\" height=\"738\" data-src=\"https:\/\/intelsynet.com\/wp-content\/uploads\/2022\/01\/inversion-espana-e1643022349564.jpg\" class=\"attachment-full size-full wp-post-image lazyload\" alt=\"\" data-srcset=\"https:\/\/intelsynet.com\/wp-content\/uploads\/2022\/01\/inversion-espana-e1643022349564-200x123.jpg 200w, https:\/\/intelsynet.com\/wp-content\/uploads\/2022\/01\/inversion-espana-e1643022349564-400x246.jpg 400w, https:\/\/intelsynet.com\/wp-content\/uploads\/2022\/01\/inversion-espana-e1643022349564-600x369.jpg 600w, https:\/\/intelsynet.com\/wp-content\/uploads\/2022\/01\/inversion-espana-e1643022349564-800x492.jpg 800w, https:\/\/intelsynet.com\/wp-content\/uploads\/2022\/01\/inversion-espana-e1643022349564.jpg 1201w\" data-sizes=\"(min-width: 2200px) 100vw, (min-width: 784px) 363px, (min-width: 712px) 545px, (min-width: 640px) 712px,\" src=\"data:image\/svg+xml;base64,PHN2ZyB3aWR0aD0iMSIgaGVpZ2h0PSIxIiB4bWxucz0iaHR0cDovL3d3dy53My5vcmcvMjAwMC9zdmciPjwvc3ZnPg==\" style=\"--smush-placeholder-width: 1201px; --smush-placeholder-aspect-ratio: 1201\/738;\" \/><div class=\"fusion-rollover\">\n\t<div class=\"fusion-rollover-content\">\n\n\t\t\t\t\n\t\t\n\t\t\t\t\t\t\t\t\t\t\t\t<h4 class=\"fusion-rollover-title\">\n\t\t\t\t\t<a class=\"fusion-rollover-title-link\" href=\"https:\/\/intelsynet.com\/es\/la-inversion-esg-arana-ya-mas-del-19-en-patrimonio-en-fondos-nacionales\/\">\n\t\t\t\t\t\tLa inversi\u00f3n ESG ara\u00f1a ya m\u00e1s del 19% en patrimonio en fondos nacionales\t\t\t\t\t<\/a>\n\t\t\t\t<\/h4>\n\t\t\t\n\t\t\t\t\t\t\t\t\n\t\t\n\t\t\t\t\t\t<a class=\"fusion-link-wrapper\" href=\"https:\/\/intelsynet.com\/es\/la-inversion-esg-arana-ya-mas-del-19-en-patrimonio-en-fondos-nacionales\/\" aria-label=\"La inversi\u00f3n ESG ara\u00f1a ya m\u00e1s del 19% en patrimonio en fondos nacionales\"><\/a>\n\t<\/div>\n<\/div>\n<\/div>\n<\/li>\n\t\t\t\n\t\t\t\n\t\t\t\t\t\t\t\t<\/ul>\n\t<\/div>\n\t<div class=\"fusion-post-content-wrapper\" style=\"padding:30px 25px 20px 25px;\"><div class=\"fusion-post-content post-content\"><h2 class=\"blog-shortcode-post-title entry-title\"><a href=\"https:\/\/intelsynet.com\/es\/la-inversion-esg-arana-ya-mas-del-19-en-patrimonio-en-fondos-nacionales\/\">La inversi\u00f3n ESG ara\u00f1a ya m\u00e1s del 19% en patrimonio en fondos nacionales<\/a><\/h2><\/div><\/div><div class=\"fusion-clearfix\"><\/div><\/div>\n<\/article>\n<article id=\"blog-1-post-2911\" class=\"fusion-post-grid post-2911 post type-post status-publish format-standard has-post-thumbnail hentry category-nuestros-articulos\">\n<div class=\"fusion-post-wrapper\" style=\"background-color:rgba(255,255,255,0);border:1px solid #e8e8e8;border-bottom-width:3px;\">\n\n\t\t\t<div class=\"fusion-flexslider flexslider fusion-flexslider-loading fusion-post-slideshow\" style=\"border-color:#e8e8e8;\">\n\t\t<ul class=\"slides\">\n\t\t\t\n\t\t\t\t\t\t\t\t\t\t\t\t\t\t<li><div  class=\"fusion-image-wrapper\" aria-haspopup=\"true\">\n\t\t\t\t<img decoding=\"async\" width=\"1200\" height=\"739\" data-src=\"https:\/\/intelsynet.com\/wp-content\/uploads\/2022\/01\/retail-station-canopy-with-shell-logo-e1643022553992.jpeg\" class=\"attachment-full size-full wp-post-image lazyload\" alt=\"\" data-srcset=\"https:\/\/intelsynet.com\/wp-content\/uploads\/2022\/01\/retail-station-canopy-with-shell-logo-e1643022553992-200x123.jpeg 200w, https:\/\/intelsynet.com\/wp-content\/uploads\/2022\/01\/retail-station-canopy-with-shell-logo-e1643022553992-400x246.jpeg 400w, https:\/\/intelsynet.com\/wp-content\/uploads\/2022\/01\/retail-station-canopy-with-shell-logo-e1643022553992-600x370.jpeg 600w, https:\/\/intelsynet.com\/wp-content\/uploads\/2022\/01\/retail-station-canopy-with-shell-logo-e1643022553992-800x493.jpeg 800w, https:\/\/intelsynet.com\/wp-content\/uploads\/2022\/01\/retail-station-canopy-with-shell-logo-e1643022553992.jpeg 1200w\" data-sizes=\"(min-width: 2200px) 100vw, (min-width: 784px) 363px, (min-width: 712px) 545px, (min-width: 640px) 712px,\" src=\"data:image\/svg+xml;base64,PHN2ZyB3aWR0aD0iMSIgaGVpZ2h0PSIxIiB4bWxucz0iaHR0cDovL3d3dy53My5vcmcvMjAwMC9zdmciPjwvc3ZnPg==\" style=\"--smush-placeholder-width: 1200px; --smush-placeholder-aspect-ratio: 1200\/739;\" \/><div class=\"fusion-rollover\">\n\t<div class=\"fusion-rollover-content\">\n\n\t\t\t\t\n\t\t\n\t\t\t\t\t\t\t\t\t\t\t\t<h4 class=\"fusion-rollover-title\">\n\t\t\t\t\t<a class=\"fusion-rollover-title-link\" href=\"https:\/\/intelsynet.com\/es\/los-activistas-que-ganaron-a-shell-apuntan-a-otras-30-grandes-empresas\/\">\n\t\t\t\t\t\tLos activistas que ganaron a Shell apuntan a otras 30 grandes empresas\t\t\t\t\t<\/a>\n\t\t\t\t<\/h4>\n\t\t\t\n\t\t\t\t\t\t\t\t\n\t\t\n\t\t\t\t\t\t<a class=\"fusion-link-wrapper\" href=\"https:\/\/intelsynet.com\/es\/los-activistas-que-ganaron-a-shell-apuntan-a-otras-30-grandes-empresas\/\" aria-label=\"Los activistas que ganaron a Shell apuntan a otras 30 grandes empresas\"><\/a>\n\t<\/div>\n<\/div>\n<\/div>\n<\/li>\n\t\t\t\n\t\t\t\n\t\t\t\t\t\t\t\t<\/ul>\n\t<\/div>\n\t<div class=\"fusion-post-content-wrapper\" style=\"padding:30px 25px 20px 25px;\"><div class=\"fusion-post-content post-content\"><h2 class=\"blog-shortcode-post-title entry-title\"><a href=\"https:\/\/intelsynet.com\/es\/los-activistas-que-ganaron-a-shell-apuntan-a-otras-30-grandes-empresas\/\">Los activistas que ganaron a Shell apuntan a otras 30 grandes empresas<\/a><\/h2><\/div><\/div><div class=\"fusion-clearfix\"><\/div><\/div>\n<\/article>\n<article id=\"blog-1-post-2914\" class=\"fusion-post-grid post-2914 post type-post status-publish format-standard has-post-thumbnail hentry category-nuestros-articulos\">\n<div class=\"fusion-post-wrapper\" style=\"background-color:rgba(255,255,255,0);border:1px solid #e8e8e8;border-bottom-width:3px;\">\n\n\t\t\t<div class=\"fusion-flexslider flexslider fusion-flexslider-loading fusion-post-slideshow\" style=\"border-color:#e8e8e8;\">\n\t\t<ul class=\"slides\">\n\t\t\t\n\t\t\t\t\t\t\t\t\t\t\t\t\t\t<li><div  class=\"fusion-image-wrapper\" aria-haspopup=\"true\">\n\t\t\t\t<img decoding=\"async\" width=\"2560\" height=\"1580\" data-src=\"https:\/\/intelsynet.com\/wp-content\/uploads\/2022\/01\/affordable-bakery-pos-software-scaled-e1643022762837.jpg\" class=\"attachment-full size-full wp-post-image lazyload\" alt=\"\" data-srcset=\"https:\/\/intelsynet.com\/wp-content\/uploads\/2022\/01\/affordable-bakery-pos-software-scaled-e1643022762837-200x123.jpg 200w, https:\/\/intelsynet.com\/wp-content\/uploads\/2022\/01\/affordable-bakery-pos-software-scaled-e1643022762837-400x247.jpg 400w, https:\/\/intelsynet.com\/wp-content\/uploads\/2022\/01\/affordable-bakery-pos-software-scaled-e1643022762837-600x370.jpg 600w, https:\/\/intelsynet.com\/wp-content\/uploads\/2022\/01\/affordable-bakery-pos-software-scaled-e1643022762837-800x494.jpg 800w, https:\/\/intelsynet.com\/wp-content\/uploads\/2022\/01\/affordable-bakery-pos-software-scaled-e1643022762837-1200x741.jpg 1200w, https:\/\/intelsynet.com\/wp-content\/uploads\/2022\/01\/affordable-bakery-pos-software-scaled-e1643022762837.jpg 2560w\" data-sizes=\"(min-width: 2200px) 100vw, (min-width: 784px) 363px, (min-width: 712px) 545px, (min-width: 640px) 712px,\" src=\"data:image\/svg+xml;base64,PHN2ZyB3aWR0aD0iMSIgaGVpZ2h0PSIxIiB4bWxucz0iaHR0cDovL3d3dy53My5vcmcvMjAwMC9zdmciPjwvc3ZnPg==\" style=\"--smush-placeholder-width: 2560px; --smush-placeholder-aspect-ratio: 2560\/1580;\" \/><div class=\"fusion-rollover\">\n\t<div class=\"fusion-rollover-content\">\n\n\t\t\t\t\n\t\t\n\t\t\t\t\t\t\t\t\t\t\t\t<h4 class=\"fusion-rollover-title\">\n\t\t\t\t\t<a class=\"fusion-rollover-title-link\" href=\"https:\/\/intelsynet.com\/es\/tengo-una-pequena-empresa-como-puedo-ser-mas-sostenible\/\">\n\t\t\t\t\t\tTengo una peque\u00f1a empresa, \u00bfc\u00f3mo puedo ser m\u00e1s sostenible?\t\t\t\t\t<\/a>\n\t\t\t\t<\/h4>\n\t\t\t\n\t\t\t\t\t\t\t\t\n\t\t\n\t\t\t\t\t\t<a class=\"fusion-link-wrapper\" href=\"https:\/\/intelsynet.com\/es\/tengo-una-pequena-empresa-como-puedo-ser-mas-sostenible\/\" aria-label=\"Tengo una peque\u00f1a empresa, \u00bfc\u00f3mo puedo ser m\u00e1s sostenible?\"><\/a>\n\t<\/div>\n<\/div>\n<\/div>\n<\/li>\n\t\t\t\n\t\t\t\n\t\t\t\t\t\t\t\t<\/ul>\n\t<\/div>\n\t<div class=\"fusion-post-content-wrapper\" style=\"padding:30px 25px 20px 25px;\"><div class=\"fusion-post-content post-content\"><h2 class=\"blog-shortcode-post-title entry-title\"><a href=\"https:\/\/intelsynet.com\/es\/tengo-una-pequena-empresa-como-puedo-ser-mas-sostenible\/\">Tengo una peque\u00f1a empresa, \u00bfc\u00f3mo puedo ser m\u00e1s sostenible?<\/a><\/h2><\/div><\/div><div class=\"fusion-clearfix\"><\/div><\/div>\n<\/article>\n<article id=\"blog-1-post-2898\" class=\"fusion-post-grid post-2898 post type-post status-publish format-standard has-post-thumbnail hentry category-nuestros-articulos\">\n<div class=\"fusion-post-wrapper\" style=\"background-color:rgba(255,255,255,0);border:1px solid #e8e8e8;border-bottom-width:3px;\">\n\n\t\t\t<div class=\"fusion-flexslider flexslider fusion-flexslider-loading fusion-post-slideshow\" style=\"border-color:#e8e8e8;\">\n\t\t<ul class=\"slides\">\n\t\t\t\n\t\t\t\t\t\t\t\t\t\t\t\t\t\t<li><div  class=\"fusion-image-wrapper\" aria-haspopup=\"true\">\n\t\t\t\t<img decoding=\"async\" width=\"1198\" height=\"741\" data-src=\"https:\/\/intelsynet.com\/wp-content\/uploads\/2022\/01\/torres-caixabank-barcelona-1440x808-1-e1642423160569.jpg\" class=\"attachment-full size-full wp-post-image lazyload\" alt=\"\" data-srcset=\"https:\/\/intelsynet.com\/wp-content\/uploads\/2022\/01\/torres-caixabank-barcelona-1440x808-1-e1642423160569-200x124.jpg 200w, https:\/\/intelsynet.com\/wp-content\/uploads\/2022\/01\/torres-caixabank-barcelona-1440x808-1-e1642423160569-400x247.jpg 400w, https:\/\/intelsynet.com\/wp-content\/uploads\/2022\/01\/torres-caixabank-barcelona-1440x808-1-e1642423160569-600x371.jpg 600w, https:\/\/intelsynet.com\/wp-content\/uploads\/2022\/01\/torres-caixabank-barcelona-1440x808-1-e1642423160569-800x495.jpg 800w, https:\/\/intelsynet.com\/wp-content\/uploads\/2022\/01\/torres-caixabank-barcelona-1440x808-1-e1642423160569.jpg 1198w\" data-sizes=\"(min-width: 2200px) 100vw, (min-width: 784px) 363px, (min-width: 712px) 545px, (min-width: 640px) 712px,\" src=\"data:image\/svg+xml;base64,PHN2ZyB3aWR0aD0iMSIgaGVpZ2h0PSIxIiB4bWxucz0iaHR0cDovL3d3dy53My5vcmcvMjAwMC9zdmciPjwvc3ZnPg==\" style=\"--smush-placeholder-width: 1198px; --smush-placeholder-aspect-ratio: 1198\/741;\" \/><div class=\"fusion-rollover\">\n\t<div class=\"fusion-rollover-content\">\n\n\t\t\t\t\n\t\t\n\t\t\t\t\t\t\t\t\t\t\t\t<h4 class=\"fusion-rollover-title\">\n\t\t\t\t\t<a class=\"fusion-rollover-title-link\" href=\"https:\/\/intelsynet.com\/es\/el-golpe-en-la-mesa-de-caixabank-frente-a-santander-y-bbva\/\">\n\t\t\t\t\t\tEl golpe en la mesa de CaixaBank frente a Santander y BBVA\t\t\t\t\t<\/a>\n\t\t\t\t<\/h4>\n\t\t\t\n\t\t\t\t\t\t\t\t\n\t\t\n\t\t\t\t\t\t<a class=\"fusion-link-wrapper\" href=\"https:\/\/intelsynet.com\/es\/el-golpe-en-la-mesa-de-caixabank-frente-a-santander-y-bbva\/\" aria-label=\"El golpe en la mesa de CaixaBank frente a Santander y BBVA\"><\/a>\n\t<\/div>\n<\/div>\n<\/div>\n<\/li>\n\t\t\t\n\t\t\t\n\t\t\t\t\t\t\t\t<\/ul>\n\t<\/div>\n\t<div class=\"fusion-post-content-wrapper\" style=\"padding:30px 25px 20px 25px;\"><div class=\"fusion-post-content post-content\"><h2 class=\"blog-shortcode-post-title entry-title\"><a href=\"https:\/\/intelsynet.com\/es\/el-golpe-en-la-mesa-de-caixabank-frente-a-santander-y-bbva\/\">El golpe en la mesa de CaixaBank frente a Santander y BBVA<\/a><\/h2><\/div><\/div><div class=\"fusion-clearfix\"><\/div><\/div>\n<\/article>\n<article id=\"blog-1-post-2893\" class=\"fusion-post-grid post-2893 post type-post status-publish format-standard has-post-thumbnail hentry category-nuestros-articulos\">\n<div class=\"fusion-post-wrapper\" style=\"background-color:rgba(255,255,255,0);border:1px solid #e8e8e8;border-bottom-width:3px;\">\n\n\t\t\t<div class=\"fusion-flexslider flexslider fusion-flexslider-loading fusion-post-slideshow\" style=\"border-color:#e8e8e8;\">\n\t\t<ul class=\"slides\">\n\t\t\t\n\t\t\t\t\t\t\t\t\t\t\t\t\t\t<li><div  class=\"fusion-image-wrapper\" aria-haspopup=\"true\">\n\t\t\t\t<img decoding=\"async\" width=\"1200\" height=\"738\" data-src=\"https:\/\/intelsynet.com\/wp-content\/uploads\/2022\/01\/china1-kcPB-U1107638472746kC-1968x1216@RC-e1642421163712.jpg\" class=\"attachment-full size-full wp-post-image lazyload\" alt=\"\" data-srcset=\"https:\/\/intelsynet.com\/wp-content\/uploads\/2022\/01\/china1-kcPB-U1107638472746kC-1968x1216@RC-e1642421163712-200x123.jpg 200w, https:\/\/intelsynet.com\/wp-content\/uploads\/2022\/01\/china1-kcPB-U1107638472746kC-1968x1216@RC-e1642421163712-400x246.jpg 400w, https:\/\/intelsynet.com\/wp-content\/uploads\/2022\/01\/china1-kcPB-U1107638472746kC-1968x1216@RC-e1642421163712-600x369.jpg 600w, https:\/\/intelsynet.com\/wp-content\/uploads\/2022\/01\/china1-kcPB-U1107638472746kC-1968x1216@RC-e1642421163712-800x492.jpg 800w, https:\/\/intelsynet.com\/wp-content\/uploads\/2022\/01\/china1-kcPB-U1107638472746kC-1968x1216@RC-e1642421163712.jpg 1200w\" data-sizes=\"(min-width: 2200px) 100vw, (min-width: 784px) 363px, (min-width: 712px) 545px, (min-width: 640px) 712px,\" src=\"data:image\/svg+xml;base64,PHN2ZyB3aWR0aD0iMSIgaGVpZ2h0PSIxIiB4bWxucz0iaHR0cDovL3d3dy53My5vcmcvMjAwMC9zdmciPjwvc3ZnPg==\" style=\"--smush-placeholder-width: 1200px; --smush-placeholder-aspect-ratio: 1200\/738;\" \/><div class=\"fusion-rollover\">\n\t<div class=\"fusion-rollover-content\">\n\n\t\t\t\t\n\t\t\n\t\t\t\t\t\t\t\t\t\t\t\t<h4 class=\"fusion-rollover-title\">\n\t\t\t\t\t<a class=\"fusion-rollover-title-link\" href=\"https:\/\/intelsynet.com\/es\/la-estructura-de-la-agenda-esg-china\/\">\n\t\t\t\t\t\tLa estructura de la agenda ESG china\t\t\t\t\t<\/a>\n\t\t\t\t<\/h4>\n\t\t\t\n\t\t\t\t\t\t\t\t\n\t\t\n\t\t\t\t\t\t<a class=\"fusion-link-wrapper\" href=\"https:\/\/intelsynet.com\/es\/la-estructura-de-la-agenda-esg-china\/\" aria-label=\"La estructura de la agenda ESG china\"><\/a>\n\t<\/div>\n<\/div>\n<\/div>\n<\/li>\n\t\t\t\n\t\t\t\n\t\t\t\t\t\t\t\t<\/ul>\n\t<\/div>\n\t<div class=\"fusion-post-content-wrapper\" style=\"padding:30px 25px 20px 25px;\"><div class=\"fusion-post-content post-content\"><h2 class=\"blog-shortcode-post-title entry-title\"><a href=\"https:\/\/intelsynet.com\/es\/la-estructura-de-la-agenda-esg-china\/\">La estructura de la agenda ESG china<\/a><\/h2><\/div><\/div><div class=\"fusion-clearfix\"><\/div><\/div>\n<\/article>\n<article id=\"blog-1-post-2881\" class=\"fusion-post-grid post-2881 post type-post status-publish format-standard has-post-thumbnail hentry category-nuestros-articulos\">\n<div class=\"fusion-post-wrapper\" style=\"background-color:rgba(255,255,255,0);border:1px solid #e8e8e8;border-bottom-width:3px;\">\n\n\t\t\t<div class=\"fusion-flexslider flexslider fusion-flexslider-loading fusion-post-slideshow\" style=\"border-color:#e8e8e8;\">\n\t\t<ul class=\"slides\">\n\t\t\t\n\t\t\t\t\t\t\t\t\t\t\t\t\t\t<li><div  class=\"fusion-image-wrapper\" aria-haspopup=\"true\">\n\t\t\t\t<img decoding=\"async\" width=\"1198\" height=\"742\" data-src=\"https:\/\/intelsynet.com\/wp-content\/uploads\/2022\/01\/actualidad_503210424_155198863_1706x960-e1642418850840.jpg\" class=\"attachment-full size-full wp-post-image lazyload\" alt=\"\" data-srcset=\"https:\/\/intelsynet.com\/wp-content\/uploads\/2022\/01\/actualidad_503210424_155198863_1706x960-e1642418850840-200x124.jpg 200w, https:\/\/intelsynet.com\/wp-content\/uploads\/2022\/01\/actualidad_503210424_155198863_1706x960-e1642418850840-400x248.jpg 400w, https:\/\/intelsynet.com\/wp-content\/uploads\/2022\/01\/actualidad_503210424_155198863_1706x960-e1642418850840-600x372.jpg 600w, https:\/\/intelsynet.com\/wp-content\/uploads\/2022\/01\/actualidad_503210424_155198863_1706x960-e1642418850840-800x495.jpg 800w, https:\/\/intelsynet.com\/wp-content\/uploads\/2022\/01\/actualidad_503210424_155198863_1706x960-e1642418850840.jpg 1198w\" data-sizes=\"(min-width: 2200px) 100vw, (min-width: 784px) 363px, (min-width: 712px) 545px, (min-width: 640px) 712px,\" src=\"data:image\/svg+xml;base64,PHN2ZyB3aWR0aD0iMSIgaGVpZ2h0PSIxIiB4bWxucz0iaHR0cDovL3d3dy53My5vcmcvMjAwMC9zdmciPjwvc3ZnPg==\" style=\"--smush-placeholder-width: 1198px; --smush-placeholder-aspect-ratio: 1198\/742;\" \/><div class=\"fusion-rollover\">\n\t<div class=\"fusion-rollover-content\">\n\n\t\t\t\t\n\t\t\n\t\t\t\t\t\t\t\t\t\t\t\t<h4 class=\"fusion-rollover-title\">\n\t\t\t\t\t<a class=\"fusion-rollover-title-link\" href=\"https:\/\/intelsynet.com\/es\/inversion-esg-potencial-de-crecimiento-con-retos-como-una-mayor-estandarizacion\/\">\n\t\t\t\t\t\tInversi\u00f3n ESG: Potencial de crecimiento con retos como una mayor estandarizaci\u00f3n\t\t\t\t\t<\/a>\n\t\t\t\t<\/h4>\n\t\t\t\n\t\t\t\t\t\t\t\t\n\t\t\n\t\t\t\t\t\t<a class=\"fusion-link-wrapper\" href=\"https:\/\/intelsynet.com\/es\/inversion-esg-potencial-de-crecimiento-con-retos-como-una-mayor-estandarizacion\/\" aria-label=\"Inversi\u00f3n ESG: Potencial de crecimiento con retos como una mayor estandarizaci\u00f3n\"><\/a>\n\t<\/div>\n<\/div>\n<\/div>\n<\/li>\n\t\t\t\n\t\t\t\n\t\t\t\t\t\t\t\t<\/ul>\n\t<\/div>\n\t<div class=\"fusion-post-content-wrapper\" style=\"padding:30px 25px 20px 25px;\"><div class=\"fusion-post-content post-content\"><h2 class=\"blog-shortcode-post-title entry-title\"><a href=\"https:\/\/intelsynet.com\/es\/inversion-esg-potencial-de-crecimiento-con-retos-como-una-mayor-estandarizacion\/\">Inversi\u00f3n ESG: Potencial de crecimiento con retos como una mayor estandarizaci\u00f3n<\/a><\/h2><\/div><\/div><div class=\"fusion-clearfix\"><\/div><\/div>\n<\/article>\n<article id=\"blog-1-post-2884\" class=\"fusion-post-grid post-2884 post type-post status-publish format-standard has-post-thumbnail hentry category-nuestros-articulos\">\n<div class=\"fusion-post-wrapper\" style=\"background-color:rgba(255,255,255,0);border:1px solid #e8e8e8;border-bottom-width:3px;\">\n\n\t\t\t<div class=\"fusion-flexslider flexslider fusion-flexslider-loading fusion-post-slideshow\" style=\"border-color:#e8e8e8;\">\n\t\t<ul class=\"slides\">\n\t\t\t\n\t\t\t\t\t\t\t\t\t\t\t\t\t\t<li><div  class=\"fusion-image-wrapper\" aria-haspopup=\"true\">\n\t\t\t\t<img decoding=\"async\" width=\"1200\" height=\"741\" data-src=\"https:\/\/intelsynet.com\/wp-content\/uploads\/2022\/01\/jRlkCyAwQGUtMc8lWMts-e1642419217917.jpeg\" class=\"attachment-full size-full wp-post-image lazyload\" alt=\"\" data-srcset=\"https:\/\/intelsynet.com\/wp-content\/uploads\/2022\/01\/jRlkCyAwQGUtMc8lWMts-e1642419217917-200x124.jpeg 200w, https:\/\/intelsynet.com\/wp-content\/uploads\/2022\/01\/jRlkCyAwQGUtMc8lWMts-e1642419217917-400x247.jpeg 400w, https:\/\/intelsynet.com\/wp-content\/uploads\/2022\/01\/jRlkCyAwQGUtMc8lWMts-e1642419217917-600x371.jpeg 600w, https:\/\/intelsynet.com\/wp-content\/uploads\/2022\/01\/jRlkCyAwQGUtMc8lWMts-e1642419217917-800x494.jpeg 800w, https:\/\/intelsynet.com\/wp-content\/uploads\/2022\/01\/jRlkCyAwQGUtMc8lWMts-e1642419217917.jpeg 1200w\" data-sizes=\"(min-width: 2200px) 100vw, (min-width: 784px) 363px, (min-width: 712px) 545px, (min-width: 640px) 712px,\" src=\"data:image\/svg+xml;base64,PHN2ZyB3aWR0aD0iMSIgaGVpZ2h0PSIxIiB4bWxucz0iaHR0cDovL3d3dy53My5vcmcvMjAwMC9zdmciPjwvc3ZnPg==\" style=\"--smush-placeholder-width: 1200px; --smush-placeholder-aspect-ratio: 1200\/741;\" \/><div class=\"fusion-rollover\">\n\t<div class=\"fusion-rollover-content\">\n\n\t\t\t\t\n\t\t\n\t\t\t\t\t\t\t\t\t\t\t\t<h4 class=\"fusion-rollover-title\">\n\t\t\t\t\t<a class=\"fusion-rollover-title-link\" href=\"https:\/\/intelsynet.com\/es\/los-inversores-senalan-los-principales-obstaculos-en-materia-de-cuestiones-esg\/\">\n\t\t\t\t\t\tLos inversores se\u00f1alan los principales obst\u00e1culos en materia de cuestiones ESG\t\t\t\t\t<\/a>\n\t\t\t\t<\/h4>\n\t\t\t\n\t\t\t\t\t\t\t\t\n\t\t\n\t\t\t\t\t\t<a class=\"fusion-link-wrapper\" href=\"https:\/\/intelsynet.com\/es\/los-inversores-senalan-los-principales-obstaculos-en-materia-de-cuestiones-esg\/\" aria-label=\"Los inversores se\u00f1alan los principales obst\u00e1culos en materia de cuestiones ESG\"><\/a>\n\t<\/div>\n<\/div>\n<\/div>\n<\/li>\n\t\t\t\n\t\t\t\n\t\t\t\t\t\t\t\t<\/ul>\n\t<\/div>\n\t<div class=\"fusion-post-content-wrapper\" style=\"padding:30px 25px 20px 25px;\"><div class=\"fusion-post-content post-content\"><h2 class=\"blog-shortcode-post-title entry-title\"><a href=\"https:\/\/intelsynet.com\/es\/los-inversores-senalan-los-principales-obstaculos-en-materia-de-cuestiones-esg\/\">Los inversores se\u00f1alan los principales obst\u00e1culos en materia de cuestiones ESG<\/a><\/h2><\/div><\/div><div class=\"fusion-clearfix\"><\/div><\/div>\n<\/article>\n<article id=\"blog-1-post-2890\" class=\"fusion-post-grid post-2890 post type-post status-publish format-standard has-post-thumbnail hentry category-nuestros-articulos\">\n<div class=\"fusion-post-wrapper\" style=\"background-color:rgba(255,255,255,0);border:1px solid #e8e8e8;border-bottom-width:3px;\">\n\n\t\t\t<div class=\"fusion-flexslider flexslider fusion-flexslider-loading fusion-post-slideshow\" style=\"border-color:#e8e8e8;\">\n\t\t<ul class=\"slides\">\n\t\t\t\n\t\t\t\t\t\t\t\t\t\t\t\t\t\t<li><div  class=\"fusion-image-wrapper\" aria-haspopup=\"true\">\n\t\t\t\t<img decoding=\"async\" width=\"1001\" height=\"617\" data-src=\"https:\/\/intelsynet.com\/wp-content\/uploads\/2022\/01\/Como_saber_si_una_empresa_es_ESG-1280x720-1-e1642419939330.png\" class=\"attachment-full size-full wp-post-image lazyload\" alt=\"\" data-srcset=\"https:\/\/intelsynet.com\/wp-content\/uploads\/2022\/01\/Como_saber_si_una_empresa_es_ESG-1280x720-1-e1642419939330-200x123.png 200w, https:\/\/intelsynet.com\/wp-content\/uploads\/2022\/01\/Como_saber_si_una_empresa_es_ESG-1280x720-1-e1642419939330-400x247.png 400w, https:\/\/intelsynet.com\/wp-content\/uploads\/2022\/01\/Como_saber_si_una_empresa_es_ESG-1280x720-1-e1642419939330-600x370.png 600w, https:\/\/intelsynet.com\/wp-content\/uploads\/2022\/01\/Como_saber_si_una_empresa_es_ESG-1280x720-1-e1642419939330-800x493.png 800w, https:\/\/intelsynet.com\/wp-content\/uploads\/2022\/01\/Como_saber_si_una_empresa_es_ESG-1280x720-1-e1642419939330.png 1001w\" data-sizes=\"(min-width: 2200px) 100vw, (min-width: 784px) 363px, (min-width: 712px) 545px, (min-width: 640px) 712px,\" src=\"data:image\/svg+xml;base64,PHN2ZyB3aWR0aD0iMSIgaGVpZ2h0PSIxIiB4bWxucz0iaHR0cDovL3d3dy53My5vcmcvMjAwMC9zdmciPjwvc3ZnPg==\" style=\"--smush-placeholder-width: 1001px; --smush-placeholder-aspect-ratio: 1001\/617;\" \/><div class=\"fusion-rollover\">\n\t<div class=\"fusion-rollover-content\">\n\n\t\t\t\t\n\t\t\n\t\t\t\t\t\t\t\t\t\t\t\t<h4 class=\"fusion-rollover-title\">\n\t\t\t\t\t<a class=\"fusion-rollover-title-link\" href=\"https:\/\/intelsynet.com\/es\/el-mantra-del-esg-una-prioridad-para-las-empresas\/\">\n\t\t\t\t\t\tEl mantra del ESG, una prioridad para las empresas\t\t\t\t\t<\/a>\n\t\t\t\t<\/h4>\n\t\t\t\n\t\t\t\t\t\t\t\t\n\t\t\n\t\t\t\t\t\t<a class=\"fusion-link-wrapper\" href=\"https:\/\/intelsynet.com\/es\/el-mantra-del-esg-una-prioridad-para-las-empresas\/\" aria-label=\"El mantra del ESG, una prioridad para las empresas\"><\/a>\n\t<\/div>\n<\/div>\n<\/div>\n<\/li>\n\t\t\t\n\t\t\t\n\t\t\t\t\t\t\t\t<\/ul>\n\t<\/div>\n\t<div class=\"fusion-post-content-wrapper\" style=\"padding:30px 25px 20px 25px;\"><div class=\"fusion-post-content post-content\"><h2 class=\"blog-shortcode-post-title entry-title\"><a href=\"https:\/\/intelsynet.com\/es\/el-mantra-del-esg-una-prioridad-para-las-empresas\/\">El mantra del ESG, una prioridad para las empresas<\/a><\/h2><\/div><\/div><div class=\"fusion-clearfix\"><\/div><\/div>\n<\/article>\n<article id=\"blog-1-post-2887\" class=\"fusion-post-grid post-2887 post type-post status-publish format-standard has-post-thumbnail hentry category-nuestros-articulos\">\n<div class=\"fusion-post-wrapper\" style=\"background-color:rgba(255,255,255,0);border:1px solid #e8e8e8;border-bottom-width:3px;\">\n\n\t\t\t<div class=\"fusion-flexslider flexslider fusion-flexslider-loading fusion-post-slideshow\" style=\"border-color:#e8e8e8;\">\n\t\t<ul class=\"slides\">\n\t\t\t\n\t\t\t\t\t\t\t\t\t\t\t\t\t\t<li><div  class=\"fusion-image-wrapper\" aria-haspopup=\"true\">\n\t\t\t\t<img decoding=\"async\" width=\"1201\" height=\"741\" data-src=\"https:\/\/intelsynet.com\/wp-content\/uploads\/2022\/01\/1571826768481-e1642419569480.jpg\" class=\"attachment-full size-full wp-post-image lazyload\" alt=\"\" data-srcset=\"https:\/\/intelsynet.com\/wp-content\/uploads\/2022\/01\/1571826768481-e1642419569480-200x123.jpg 200w, https:\/\/intelsynet.com\/wp-content\/uploads\/2022\/01\/1571826768481-e1642419569480-400x247.jpg 400w, https:\/\/intelsynet.com\/wp-content\/uploads\/2022\/01\/1571826768481-e1642419569480-600x370.jpg 600w, https:\/\/intelsynet.com\/wp-content\/uploads\/2022\/01\/1571826768481-e1642419569480-800x494.jpg 800w, https:\/\/intelsynet.com\/wp-content\/uploads\/2022\/01\/1571826768481-e1642419569480.jpg 1201w\" data-sizes=\"(min-width: 2200px) 100vw, (min-width: 784px) 363px, (min-width: 712px) 545px, (min-width: 640px) 712px,\" src=\"data:image\/svg+xml;base64,PHN2ZyB3aWR0aD0iMSIgaGVpZ2h0PSIxIiB4bWxucz0iaHR0cDovL3d3dy53My5vcmcvMjAwMC9zdmciPjwvc3ZnPg==\" style=\"--smush-placeholder-width: 1201px; --smush-placeholder-aspect-ratio: 1201\/741;\" \/><div class=\"fusion-rollover\">\n\t<div class=\"fusion-rollover-content\">\n\n\t\t\t\t\n\t\t\n\t\t\t\t\t\t\t\t\t\t\t\t<h4 class=\"fusion-rollover-title\">\n\t\t\t\t\t<a class=\"fusion-rollover-title-link\" href=\"https:\/\/intelsynet.com\/es\/tres-de-cada-diez-cotizadas-vinculan-la-esg-a-los-sueldos\/\">\n\t\t\t\t\t\tTres de cada diez cotizadas vinculan la ESG a los sueldos\t\t\t\t\t<\/a>\n\t\t\t\t<\/h4>\n\t\t\t\n\t\t\t\t\t\t\t\t\n\t\t\n\t\t\t\t\t\t<a class=\"fusion-link-wrapper\" href=\"https:\/\/intelsynet.com\/es\/tres-de-cada-diez-cotizadas-vinculan-la-esg-a-los-sueldos\/\" aria-label=\"Tres de cada diez cotizadas vinculan la ESG a los sueldos\"><\/a>\n\t<\/div>\n<\/div>\n<\/div>\n<\/li>\n\t\t\t\n\t\t\t\n\t\t\t\t\t\t\t\t<\/ul>\n\t<\/div>\n\t<div class=\"fusion-post-content-wrapper\" style=\"padding:30px 25px 20px 25px;\"><div class=\"fusion-post-content post-content\"><h2 class=\"blog-shortcode-post-title entry-title\"><a href=\"https:\/\/intelsynet.com\/es\/tres-de-cada-diez-cotizadas-vinculan-la-esg-a-los-sueldos\/\">Tres de cada diez cotizadas vinculan la ESG a los sueldos<\/a><\/h2><\/div><\/div><div class=\"fusion-clearfix\"><\/div><\/div>\n<\/article>\n<article id=\"blog-1-post-2871\" class=\"fusion-post-grid post-2871 post type-post status-publish format-standard has-post-thumbnail hentry category-nuestros-articulos category-geopolitica category-sostenibilidad\">\n<div class=\"fusion-post-wrapper\" style=\"background-color:rgba(255,255,255,0);border:1px solid #e8e8e8;border-bottom-width:3px;\">\n\n\t\t\t<div class=\"fusion-flexslider flexslider fusion-flexslider-loading fusion-post-slideshow\" style=\"border-color:#e8e8e8;\">\n\t\t<ul class=\"slides\">\n\t\t\t\n\t\t\t\t\t\t\t\t\t\t\t\t\t\t<li><div  class=\"fusion-image-wrapper\" aria-haspopup=\"true\">\n\t\t\t\t<img decoding=\"async\" width=\"1310\" height=\"788\" data-src=\"https:\/\/intelsynet.com\/wp-content\/uploads\/2022\/01\/iWAYS.png\" class=\"attachment-full size-full wp-post-image lazyload\" alt=\"\" data-srcset=\"https:\/\/intelsynet.com\/wp-content\/uploads\/2022\/01\/iWAYS-200x120.png 200w, https:\/\/intelsynet.com\/wp-content\/uploads\/2022\/01\/iWAYS-400x241.png 400w, https:\/\/intelsynet.com\/wp-content\/uploads\/2022\/01\/iWAYS-600x361.png 600w, https:\/\/intelsynet.com\/wp-content\/uploads\/2022\/01\/iWAYS-800x481.png 800w, https:\/\/intelsynet.com\/wp-content\/uploads\/2022\/01\/iWAYS-1200x722.png 1200w, https:\/\/intelsynet.com\/wp-content\/uploads\/2022\/01\/iWAYS.png 1310w\" data-sizes=\"(min-width: 2200px) 100vw, (min-width: 784px) 363px, (min-width: 712px) 545px, (min-width: 640px) 712px,\" src=\"data:image\/svg+xml;base64,PHN2ZyB3aWR0aD0iMSIgaGVpZ2h0PSIxIiB4bWxucz0iaHR0cDovL3d3dy53My5vcmcvMjAwMC9zdmciPjwvc3ZnPg==\" style=\"--smush-placeholder-width: 1310px; --smush-placeholder-aspect-ratio: 1310\/788;\" \/><div class=\"fusion-rollover\">\n\t<div class=\"fusion-rollover-content\">\n\n\t\t\t\t\n\t\t\n\t\t\t\t\t\t\t\t\t\t\t\t<h4 class=\"fusion-rollover-title\">\n\t\t\t\t\t<a class=\"fusion-rollover-title-link\" href=\"https:\/\/intelsynet.com\/es\/la-industria-lidera-la-transformacion-hacia-la-economia-sostenible-2\/\">\n\t\t\t\t\t\tLa industria lidera la transformaci\u00f3n hacia la econom\u00eda sostenible\t\t\t\t\t<\/a>\n\t\t\t\t<\/h4>\n\t\t\t\n\t\t\t\t\t\t\t\t\n\t\t\n\t\t\t\t\t\t<a class=\"fusion-link-wrapper\" href=\"https:\/\/intelsynet.com\/es\/la-industria-lidera-la-transformacion-hacia-la-economia-sostenible-2\/\" aria-label=\"La industria lidera la transformaci\u00f3n hacia la econom\u00eda sostenible\"><\/a>\n\t<\/div>\n<\/div>\n<\/div>\n<\/li>\n\t\t\t\n\t\t\t\n\t\t\t\t\t\t\t\t<\/ul>\n\t<\/div>\n\t<div class=\"fusion-post-content-wrapper\" style=\"padding:30px 25px 20px 25px;\"><div class=\"fusion-post-content post-content\"><h2 class=\"blog-shortcode-post-title entry-title\"><a href=\"https:\/\/intelsynet.com\/es\/la-industria-lidera-la-transformacion-hacia-la-economia-sostenible-2\/\">La industria lidera la transformaci\u00f3n hacia la econom\u00eda sostenible<\/a><\/h2><\/div><\/div><div class=\"fusion-clearfix\"><\/div><\/div>\n<\/article>\n<article id=\"blog-1-post-2872\" class=\"fusion-post-grid post-2872 post type-post status-publish format-standard has-post-thumbnail hentry category-nuestros-articulos\">\n<div class=\"fusion-post-wrapper\" style=\"background-color:rgba(255,255,255,0);border:1px solid #e8e8e8;border-bottom-width:3px;\">\n\n\t\t\t<div class=\"fusion-flexslider flexslider fusion-flexslider-loading fusion-post-slideshow\" style=\"border-color:#e8e8e8;\">\n\t\t<ul class=\"slides\">\n\t\t\t\n\t\t\t\t\t\t\t\t\t\t\t\t\t\t<li><div  class=\"fusion-image-wrapper\" aria-haspopup=\"true\">\n\t\t\t\t<img decoding=\"async\" width=\"1200\" height=\"800\" data-src=\"https:\/\/intelsynet.com\/wp-content\/uploads\/2022\/01\/16385618904464.jpg\" class=\"attachment-full size-full wp-post-image lazyload\" alt=\"\" data-srcset=\"https:\/\/intelsynet.com\/wp-content\/uploads\/2022\/01\/16385618904464-200x133.jpg 200w, https:\/\/intelsynet.com\/wp-content\/uploads\/2022\/01\/16385618904464-400x267.jpg 400w, https:\/\/intelsynet.com\/wp-content\/uploads\/2022\/01\/16385618904464-600x400.jpg 600w, https:\/\/intelsynet.com\/wp-content\/uploads\/2022\/01\/16385618904464-800x533.jpg 800w, https:\/\/intelsynet.com\/wp-content\/uploads\/2022\/01\/16385618904464.jpg 1200w\" data-sizes=\"(min-width: 2200px) 100vw, (min-width: 784px) 363px, (min-width: 712px) 545px, (min-width: 640px) 712px,\" src=\"data:image\/svg+xml;base64,PHN2ZyB3aWR0aD0iMSIgaGVpZ2h0PSIxIiB4bWxucz0iaHR0cDovL3d3dy53My5vcmcvMjAwMC9zdmciPjwvc3ZnPg==\" style=\"--smush-placeholder-width: 1200px; --smush-placeholder-aspect-ratio: 1200\/800;\" \/><div class=\"fusion-rollover\">\n\t<div class=\"fusion-rollover-content\">\n\n\t\t\t\t\n\t\t\n\t\t\t\t\t\t\t\t\t\t\t\t<h4 class=\"fusion-rollover-title\">\n\t\t\t\t\t<a class=\"fusion-rollover-title-link\" href=\"https:\/\/intelsynet.com\/es\/la-sostenibilidad-del-bonus-se-sostiene\/\">\n\t\t\t\t\t\t\u00bfLa sostenibilidad del bonus se sostiene?\t\t\t\t\t<\/a>\n\t\t\t\t<\/h4>\n\t\t\t\n\t\t\t\t\t\t\t\t\n\t\t\n\t\t\t\t\t\t<a class=\"fusion-link-wrapper\" href=\"https:\/\/intelsynet.com\/es\/la-sostenibilidad-del-bonus-se-sostiene\/\" aria-label=\"\u00bfLa sostenibilidad del bonus se sostiene?\"><\/a>\n\t<\/div>\n<\/div>\n<\/div>\n<\/li>\n\t\t\t\n\t\t\t\n\t\t\t\t\t\t\t\t<\/ul>\n\t<\/div>\n\t<div class=\"fusion-post-content-wrapper\" style=\"padding:30px 25px 20px 25px;\"><div class=\"fusion-post-content post-content\"><h2 class=\"blog-shortcode-post-title entry-title\"><a href=\"https:\/\/intelsynet.com\/es\/la-sostenibilidad-del-bonus-se-sostiene\/\">\u00bfLa sostenibilidad del bonus se sostiene?<\/a><\/h2><\/div><\/div><div class=\"fusion-clearfix\"><\/div><\/div>\n<\/article>\n<article id=\"blog-1-post-2873\" class=\"fusion-post-grid post-2873 post type-post status-publish format-standard has-post-thumbnail hentry category-nuestros-articulos\">\n<div class=\"fusion-post-wrapper\" style=\"background-color:rgba(255,255,255,0);border:1px solid #e8e8e8;border-bottom-width:3px;\">\n\n\t\t\t<div class=\"fusion-flexslider flexslider fusion-flexslider-loading fusion-post-slideshow\" style=\"border-color:#e8e8e8;\">\n\t\t<ul class=\"slides\">\n\t\t\t\n\t\t\t\t\t\t\t\t\t\t\t\t\t\t<li><div  class=\"fusion-image-wrapper\" aria-haspopup=\"true\">\n\t\t\t\t<img decoding=\"async\" width=\"1200\" height=\"675\" data-src=\"https:\/\/intelsynet.com\/wp-content\/uploads\/2022\/01\/bnpl-e-commerce.jpg\" class=\"attachment-full size-full wp-post-image lazyload\" alt=\"\" data-srcset=\"https:\/\/intelsynet.com\/wp-content\/uploads\/2022\/01\/bnpl-e-commerce-200x113.jpg 200w, https:\/\/intelsynet.com\/wp-content\/uploads\/2022\/01\/bnpl-e-commerce-400x225.jpg 400w, https:\/\/intelsynet.com\/wp-content\/uploads\/2022\/01\/bnpl-e-commerce-600x338.jpg 600w, https:\/\/intelsynet.com\/wp-content\/uploads\/2022\/01\/bnpl-e-commerce-800x450.jpg 800w, https:\/\/intelsynet.com\/wp-content\/uploads\/2022\/01\/bnpl-e-commerce.jpg 1200w\" data-sizes=\"(min-width: 2200px) 100vw, (min-width: 784px) 363px, (min-width: 712px) 545px, (min-width: 640px) 712px,\" src=\"data:image\/svg+xml;base64,PHN2ZyB3aWR0aD0iMSIgaGVpZ2h0PSIxIiB4bWxucz0iaHR0cDovL3d3dy53My5vcmcvMjAwMC9zdmciPjwvc3ZnPg==\" style=\"--smush-placeholder-width: 1200px; --smush-placeholder-aspect-ratio: 1200\/675;\" \/><div class=\"fusion-rollover\">\n\t<div class=\"fusion-rollover-content\">\n\n\t\t\t\t\n\t\t\n\t\t\t\t\t\t\t\t\t\t\t\t<h4 class=\"fusion-rollover-title\">\n\t\t\t\t\t<a class=\"fusion-rollover-title-link\" href=\"https:\/\/intelsynet.com\/es\/compre-ahora-pague-despues-el-riesgo-que-esconde-esta-nueva-forma-de-financiacion\/\">\n\t\t\t\t\t\t&#8216;Compre ahora, pague despu\u00e9s&#8217;: el riesgo que esconde esta nueva forma de financiaci\u00f3n\t\t\t\t\t<\/a>\n\t\t\t\t<\/h4>\n\t\t\t\n\t\t\t\t\t\t\t\t\n\t\t\n\t\t\t\t\t\t<a class=\"fusion-link-wrapper\" href=\"https:\/\/intelsynet.com\/es\/compre-ahora-pague-despues-el-riesgo-que-esconde-esta-nueva-forma-de-financiacion\/\" aria-label=\"&#8216;Compre ahora, pague despu\u00e9s&#8217;: el riesgo que esconde esta nueva forma de financiaci\u00f3n\"><\/a>\n\t<\/div>\n<\/div>\n<\/div>\n<\/li>\n\t\t\t\n\t\t\t\n\t\t\t\t\t\t\t\t<\/ul>\n\t<\/div>\n\t<div class=\"fusion-post-content-wrapper\" style=\"padding:30px 25px 20px 25px;\"><div class=\"fusion-post-content post-content\"><h2 class=\"blog-shortcode-post-title entry-title\"><a href=\"https:\/\/intelsynet.com\/es\/compre-ahora-pague-despues-el-riesgo-que-esconde-esta-nueva-forma-de-financiacion\/\">&#8216;Compre ahora, pague despu\u00e9s&#8217;: el riesgo que esconde esta nueva forma de financiaci\u00f3n<\/a><\/h2><\/div><\/div><div class=\"fusion-clearfix\"><\/div><\/div>\n<\/article>\n<article id=\"blog-1-post-2861\" class=\"fusion-post-grid post-2861 post type-post status-publish format-standard has-post-thumbnail hentry category-nuestros-articulos\">\n<div class=\"fusion-post-wrapper\" style=\"background-color:rgba(255,255,255,0);border:1px solid #e8e8e8;border-bottom-width:3px;\">\n\n\t\t\t<div class=\"fusion-flexslider flexslider fusion-flexslider-loading fusion-post-slideshow\" style=\"border-color:#e8e8e8;\">\n\t\t<ul class=\"slides\">\n\t\t\t\n\t\t\t\t\t\t\t\t\t\t\t\t\t\t<li><div  class=\"fusion-image-wrapper\" aria-haspopup=\"true\">\n\t\t\t\t<img decoding=\"async\" width=\"1314\" height=\"867\" data-src=\"https:\/\/intelsynet.com\/wp-content\/uploads\/2022\/01\/5.-Fondo-noruego-e1641570561303.png\" class=\"attachment-full size-full wp-post-image lazyload\" alt=\"\" src=\"data:image\/svg+xml;base64,PHN2ZyB3aWR0aD0iMSIgaGVpZ2h0PSIxIiB4bWxucz0iaHR0cDovL3d3dy53My5vcmcvMjAwMC9zdmciPjwvc3ZnPg==\" style=\"--smush-placeholder-width: 1314px; --smush-placeholder-aspect-ratio: 1314\/867;\" \/><div class=\"fusion-rollover\">\n\t<div class=\"fusion-rollover-content\">\n\n\t\t\t\t\n\t\t\n\t\t\t\t\t\t\t\t\t\t\t\t<h4 class=\"fusion-rollover-title\">\n\t\t\t\t\t<a class=\"fusion-rollover-title-link\" href=\"https:\/\/intelsynet.com\/es\/el-fondo-noruego-sera-activista-en-sus-inversiones\/\">\n\t\t\t\t\t\tEl Fondo Noruego ser\u00e1 activista en sus inversiones\t\t\t\t\t<\/a>\n\t\t\t\t<\/h4>\n\t\t\t\n\t\t\t\t\t\t\t\t\n\t\t\n\t\t\t\t\t\t<a class=\"fusion-link-wrapper\" href=\"https:\/\/intelsynet.com\/es\/el-fondo-noruego-sera-activista-en-sus-inversiones\/\" aria-label=\"El Fondo Noruego ser\u00e1 activista en sus inversiones\"><\/a>\n\t<\/div>\n<\/div>\n<\/div>\n<\/li>\n\t\t\t\n\t\t\t\n\t\t\t\t\t\t\t\t<\/ul>\n\t<\/div>\n\t<div class=\"fusion-post-content-wrapper\" style=\"padding:30px 25px 20px 25px;\"><div class=\"fusion-post-content post-content\"><h2 class=\"blog-shortcode-post-title entry-title\"><a href=\"https:\/\/intelsynet.com\/es\/el-fondo-noruego-sera-activista-en-sus-inversiones\/\">El Fondo Noruego ser\u00e1 activista en sus inversiones<\/a><\/h2><\/div><\/div><div class=\"fusion-clearfix\"><\/div><\/div>\n<\/article>\n<article id=\"blog-1-post-2858\" class=\"fusion-post-grid post-2858 post type-post status-publish format-standard has-post-thumbnail hentry category-nuestros-articulos\">\n<div class=\"fusion-post-wrapper\" style=\"background-color:rgba(255,255,255,0);border:1px solid #e8e8e8;border-bottom-width:3px;\">\n\n\t\t\t<div class=\"fusion-flexslider flexslider fusion-flexslider-loading fusion-post-slideshow\" style=\"border-color:#e8e8e8;\">\n\t\t<ul class=\"slides\">\n\t\t\t\n\t\t\t\t\t\t\t\t\t\t\t\t\t\t<li><div  class=\"fusion-image-wrapper\" aria-haspopup=\"true\">\n\t\t\t\t<img decoding=\"async\" width=\"2500\" height=\"1543\" data-src=\"https:\/\/intelsynet.com\/wp-content\/uploads\/2022\/01\/shutterstock_92325316-e1641570255798.jpg\" class=\"attachment-full size-full wp-post-image lazyload\" alt=\"\" data-srcset=\"https:\/\/intelsynet.com\/wp-content\/uploads\/2022\/01\/shutterstock_92325316-e1641570255798-200x123.jpg 200w, https:\/\/intelsynet.com\/wp-content\/uploads\/2022\/01\/shutterstock_92325316-e1641570255798-400x247.jpg 400w, https:\/\/intelsynet.com\/wp-content\/uploads\/2022\/01\/shutterstock_92325316-e1641570255798-600x370.jpg 600w, https:\/\/intelsynet.com\/wp-content\/uploads\/2022\/01\/shutterstock_92325316-e1641570255798-800x494.jpg 800w, https:\/\/intelsynet.com\/wp-content\/uploads\/2022\/01\/shutterstock_92325316-e1641570255798-1200x741.jpg 1200w, https:\/\/intelsynet.com\/wp-content\/uploads\/2022\/01\/shutterstock_92325316-e1641570255798.jpg 2500w\" data-sizes=\"(min-width: 2200px) 100vw, (min-width: 784px) 363px, (min-width: 712px) 545px, (min-width: 640px) 712px,\" src=\"data:image\/svg+xml;base64,PHN2ZyB3aWR0aD0iMSIgaGVpZ2h0PSIxIiB4bWxucz0iaHR0cDovL3d3dy53My5vcmcvMjAwMC9zdmciPjwvc3ZnPg==\" style=\"--smush-placeholder-width: 2500px; --smush-placeholder-aspect-ratio: 2500\/1543;\" \/><div class=\"fusion-rollover\">\n\t<div class=\"fusion-rollover-content\">\n\n\t\t\t\t\n\t\t\n\t\t\t\t\t\t\t\t\t\t\t\t<h4 class=\"fusion-rollover-title\">\n\t\t\t\t\t<a class=\"fusion-rollover-title-link\" href=\"https:\/\/intelsynet.com\/es\/la-lista-de-midas-de-europa-los-principales-inversores-de-capital-riesgo-en-europa-israel-y-oriente-medio-de-2021\/\">\n\t\t\t\t\t\tLa Lista de Midas de Europa: los principales inversores de capital riesgo en Europa, Israel y Oriente Medio de 2021.\t\t\t\t\t<\/a>\n\t\t\t\t<\/h4>\n\t\t\t\n\t\t\t\t\t\t\t\t\n\t\t\n\t\t\t\t\t\t<a class=\"fusion-link-wrapper\" href=\"https:\/\/intelsynet.com\/es\/la-lista-de-midas-de-europa-los-principales-inversores-de-capital-riesgo-en-europa-israel-y-oriente-medio-de-2021\/\" aria-label=\"La Lista de Midas de Europa: los principales inversores de capital riesgo en Europa, Israel y Oriente Medio de 2021.\"><\/a>\n\t<\/div>\n<\/div>\n<\/div>\n<\/li>\n\t\t\t\n\t\t\t\n\t\t\t\t\t\t\t\t<\/ul>\n\t<\/div>\n\t<div class=\"fusion-post-content-wrapper\" style=\"padding:30px 25px 20px 25px;\"><div class=\"fusion-post-content post-content\"><h2 class=\"blog-shortcode-post-title entry-title\"><a href=\"https:\/\/intelsynet.com\/es\/la-lista-de-midas-de-europa-los-principales-inversores-de-capital-riesgo-en-europa-israel-y-oriente-medio-de-2021\/\">La Lista de Midas de Europa: los principales inversores de capital riesgo en Europa, Israel y Oriente Medio de 2021.<\/a><\/h2><\/div><\/div><div class=\"fusion-clearfix\"><\/div><\/div>\n<\/article>\n<article id=\"blog-1-post-2864\" class=\"fusion-post-grid post-2864 post type-post status-publish format-standard has-post-thumbnail hentry category-nuestros-articulos\">\n<div class=\"fusion-post-wrapper\" style=\"background-color:rgba(255,255,255,0);border:1px solid #e8e8e8;border-bottom-width:3px;\">\n\n\t\t\t<div class=\"fusion-flexslider flexslider fusion-flexslider-loading fusion-post-slideshow\" style=\"border-color:#e8e8e8;\">\n\t\t<ul class=\"slides\">\n\t\t\t\n\t\t\t\t\t\t\t\t\t\t\t\t\t\t<li><div  class=\"fusion-image-wrapper\" aria-haspopup=\"true\">\n\t\t\t\t<img decoding=\"async\" width=\"1680\" height=\"1037\" data-src=\"https:\/\/intelsynet.com\/wp-content\/uploads\/2022\/01\/economia_verde2-e1641570744336.jpg\" class=\"attachment-full size-full wp-post-image lazyload\" alt=\"\" data-srcset=\"https:\/\/intelsynet.com\/wp-content\/uploads\/2022\/01\/economia_verde2-e1641570744336-200x123.jpg 200w, https:\/\/intelsynet.com\/wp-content\/uploads\/2022\/01\/economia_verde2-e1641570744336-400x247.jpg 400w, https:\/\/intelsynet.com\/wp-content\/uploads\/2022\/01\/economia_verde2-e1641570744336-600x370.jpg 600w, https:\/\/intelsynet.com\/wp-content\/uploads\/2022\/01\/economia_verde2-e1641570744336-800x494.jpg 800w, https:\/\/intelsynet.com\/wp-content\/uploads\/2022\/01\/economia_verde2-e1641570744336-1200x741.jpg 1200w, https:\/\/intelsynet.com\/wp-content\/uploads\/2022\/01\/economia_verde2-e1641570744336.jpg 1680w\" data-sizes=\"(min-width: 2200px) 100vw, (min-width: 784px) 363px, (min-width: 712px) 545px, (min-width: 640px) 712px,\" src=\"data:image\/svg+xml;base64,PHN2ZyB3aWR0aD0iMSIgaGVpZ2h0PSIxIiB4bWxucz0iaHR0cDovL3d3dy53My5vcmcvMjAwMC9zdmciPjwvc3ZnPg==\" style=\"--smush-placeholder-width: 1680px; --smush-placeholder-aspect-ratio: 1680\/1037;\" \/><div class=\"fusion-rollover\">\n\t<div class=\"fusion-rollover-content\">\n\n\t\t\t\t\n\t\t\n\t\t\t\t\t\t\t\t\t\t\t\t<h4 class=\"fusion-rollover-title\">\n\t\t\t\t\t<a class=\"fusion-rollover-title-link\" href=\"https:\/\/intelsynet.com\/es\/taxonomia-de-inversiones-sostenibles-ser-verde-o-no\/\">\n\t\t\t\t\t\tTaxonom\u00eda de inversiones sostenibles: ser verde o no\t\t\t\t\t<\/a>\n\t\t\t\t<\/h4>\n\t\t\t\n\t\t\t\t\t\t\t\t\n\t\t\n\t\t\t\t\t\t<a class=\"fusion-link-wrapper\" href=\"https:\/\/intelsynet.com\/es\/taxonomia-de-inversiones-sostenibles-ser-verde-o-no\/\" aria-label=\"Taxonom\u00eda de inversiones sostenibles: ser verde o no\"><\/a>\n\t<\/div>\n<\/div>\n<\/div>\n<\/li>\n\t\t\t\n\t\t\t\n\t\t\t\t\t\t\t\t<\/ul>\n\t<\/div>\n\t<div class=\"fusion-post-content-wrapper\" style=\"padding:30px 25px 20px 25px;\"><div class=\"fusion-post-content post-content\"><h2 class=\"blog-shortcode-post-title entry-title\"><a href=\"https:\/\/intelsynet.com\/es\/taxonomia-de-inversiones-sostenibles-ser-verde-o-no\/\">Taxonom\u00eda de inversiones sostenibles: ser verde o no<\/a><\/h2><\/div><\/div><div class=\"fusion-clearfix\"><\/div><\/div>\n<\/article>\n<article id=\"blog-1-post-2852\" class=\"fusion-post-grid post-2852 post type-post status-publish format-standard has-post-thumbnail hentry category-nuestros-articulos\">\n<div class=\"fusion-post-wrapper\" style=\"background-color:rgba(255,255,255,0);border:1px solid #e8e8e8;border-bottom-width:3px;\">\n\n\t\t\t<div class=\"fusion-flexslider flexslider fusion-flexslider-loading fusion-post-slideshow\" style=\"border-color:#e8e8e8;\">\n\t\t<ul class=\"slides\">\n\t\t\t\n\t\t\t\t\t\t\t\t\t\t\t\t\t\t<li><div  class=\"fusion-image-wrapper\" aria-haspopup=\"true\">\n\t\t\t\t<img decoding=\"async\" width=\"1200\" height=\"740\" data-src=\"https:\/\/intelsynet.com\/wp-content\/uploads\/2022\/01\/INVERTIR-EN-TECNOLOGIA-e1641214763169.png\" class=\"attachment-full size-full wp-post-image lazyload\" alt=\"\" data-srcset=\"https:\/\/intelsynet.com\/wp-content\/uploads\/2022\/01\/INVERTIR-EN-TECNOLOGIA-e1641214763169-200x123.png 200w, https:\/\/intelsynet.com\/wp-content\/uploads\/2022\/01\/INVERTIR-EN-TECNOLOGIA-e1641214763169-400x247.png 400w, https:\/\/intelsynet.com\/wp-content\/uploads\/2022\/01\/INVERTIR-EN-TECNOLOGIA-e1641214763169-600x370.png 600w, https:\/\/intelsynet.com\/wp-content\/uploads\/2022\/01\/INVERTIR-EN-TECNOLOGIA-e1641214763169-800x493.png 800w, https:\/\/intelsynet.com\/wp-content\/uploads\/2022\/01\/INVERTIR-EN-TECNOLOGIA-e1641214763169.png 1200w\" data-sizes=\"(min-width: 2200px) 100vw, (min-width: 784px) 363px, (min-width: 712px) 545px, (min-width: 640px) 712px,\" src=\"data:image\/svg+xml;base64,PHN2ZyB3aWR0aD0iMSIgaGVpZ2h0PSIxIiB4bWxucz0iaHR0cDovL3d3dy53My5vcmcvMjAwMC9zdmciPjwvc3ZnPg==\" style=\"--smush-placeholder-width: 1200px; --smush-placeholder-aspect-ratio: 1200\/740;\" \/><div class=\"fusion-rollover\">\n\t<div class=\"fusion-rollover-content\">\n\n\t\t\t\t\n\t\t\n\t\t\t\t\t\t\t\t\t\t\t\t<h4 class=\"fusion-rollover-title\">\n\t\t\t\t\t<a class=\"fusion-rollover-title-link\" href=\"https:\/\/intelsynet.com\/es\/5-tendencias-que-marcaran-el-futuro-de-la-tecnologia\/\">\n\t\t\t\t\t\t5 tendencias que marcar\u00e1n el futuro de la tecnolog\u00eda\t\t\t\t\t<\/a>\n\t\t\t\t<\/h4>\n\t\t\t\n\t\t\t\t\t\t\t\t\n\t\t\n\t\t\t\t\t\t<a class=\"fusion-link-wrapper\" href=\"https:\/\/intelsynet.com\/es\/5-tendencias-que-marcaran-el-futuro-de-la-tecnologia\/\" aria-label=\"5 tendencias que marcar\u00e1n el futuro de la tecnolog\u00eda\"><\/a>\n\t<\/div>\n<\/div>\n<\/div>\n<\/li>\n\t\t\t\n\t\t\t\n\t\t\t\t\t\t\t\t<\/ul>\n\t<\/div>\n\t<div class=\"fusion-post-content-wrapper\" style=\"padding:30px 25px 20px 25px;\"><div class=\"fusion-post-content post-content\"><h2 class=\"blog-shortcode-post-title entry-title\"><a href=\"https:\/\/intelsynet.com\/es\/5-tendencias-que-marcaran-el-futuro-de-la-tecnologia\/\">5 tendencias que marcar\u00e1n el futuro de la tecnolog\u00eda<\/a><\/h2><\/div><\/div><div class=\"fusion-clearfix\"><\/div><\/div>\n<\/article>\n<article id=\"blog-1-post-2855\" class=\"fusion-post-grid post-2855 post type-post status-publish format-standard has-post-thumbnail hentry category-nuestros-articulos\">\n<div class=\"fusion-post-wrapper\" style=\"background-color:rgba(255,255,255,0);border:1px solid #e8e8e8;border-bottom-width:3px;\">\n\n\t\t\t<div class=\"fusion-flexslider flexslider fusion-flexslider-loading fusion-post-slideshow\" style=\"border-color:#e8e8e8;\">\n\t\t<ul class=\"slides\">\n\t\t\t\n\t\t\t\t\t\t\t\t\t\t\t\t\t\t<li><div  class=\"fusion-image-wrapper\" aria-haspopup=\"true\">\n\t\t\t\t<img decoding=\"async\" width=\"1081\" height=\"665\" data-src=\"https:\/\/intelsynet.com\/wp-content\/uploads\/2022\/01\/bnpl-1280x720-1-e1641215094375.jpg\" class=\"attachment-full size-full wp-post-image lazyload\" alt=\"\" data-srcset=\"https:\/\/intelsynet.com\/wp-content\/uploads\/2022\/01\/bnpl-1280x720-1-e1641215094375-200x123.jpg 200w, https:\/\/intelsynet.com\/wp-content\/uploads\/2022\/01\/bnpl-1280x720-1-e1641215094375-400x246.jpg 400w, https:\/\/intelsynet.com\/wp-content\/uploads\/2022\/01\/bnpl-1280x720-1-e1641215094375-600x369.jpg 600w, https:\/\/intelsynet.com\/wp-content\/uploads\/2022\/01\/bnpl-1280x720-1-e1641215094375-800x492.jpg 800w, https:\/\/intelsynet.com\/wp-content\/uploads\/2022\/01\/bnpl-1280x720-1-e1641215094375.jpg 1081w\" data-sizes=\"(min-width: 2200px) 100vw, (min-width: 784px) 363px, (min-width: 712px) 545px, (min-width: 640px) 712px,\" src=\"data:image\/svg+xml;base64,PHN2ZyB3aWR0aD0iMSIgaGVpZ2h0PSIxIiB4bWxucz0iaHR0cDovL3d3dy53My5vcmcvMjAwMC9zdmciPjwvc3ZnPg==\" style=\"--smush-placeholder-width: 1081px; --smush-placeholder-aspect-ratio: 1081\/665;\" \/><div class=\"fusion-rollover\">\n\t<div class=\"fusion-rollover-content\">\n\n\t\t\t\t\n\t\t\n\t\t\t\t\t\t\t\t\t\t\t\t<h4 class=\"fusion-rollover-title\">\n\t\t\t\t\t<a class=\"fusion-rollover-title-link\" href=\"https:\/\/intelsynet.com\/es\/bnpl-la-nueva-logica-economica-del-e-commerce\/\">\n\t\t\t\t\t\tBNPL: la nueva\u00a0l\u00f3gica econ\u00f3mica\u00a0del &#8216;e-commerce&#8217;\t\t\t\t\t<\/a>\n\t\t\t\t<\/h4>\n\t\t\t\n\t\t\t\t\t\t\t\t\n\t\t\n\t\t\t\t\t\t<a class=\"fusion-link-wrapper\" href=\"https:\/\/intelsynet.com\/es\/bnpl-la-nueva-logica-economica-del-e-commerce\/\" aria-label=\"BNPL: la nueva\u00a0l\u00f3gica econ\u00f3mica\u00a0del &#8216;e-commerce&#8217;\"><\/a>\n\t<\/div>\n<\/div>\n<\/div>\n<\/li>\n\t\t\t\n\t\t\t\n\t\t\t\t\t\t\t\t<\/ul>\n\t<\/div>\n\t<div class=\"fusion-post-content-wrapper\" style=\"padding:30px 25px 20px 25px;\"><div class=\"fusion-post-content post-content\"><h2 class=\"blog-shortcode-post-title entry-title\"><a href=\"https:\/\/intelsynet.com\/es\/bnpl-la-nueva-logica-economica-del-e-commerce\/\">BNPL: la nueva\u00a0l\u00f3gica econ\u00f3mica\u00a0del &#8216;e-commerce&#8217;<\/a><\/h2><\/div><\/div><div class=\"fusion-clearfix\"><\/div><\/div>\n<\/article>\n<article id=\"blog-1-post-2827\" class=\"fusion-post-grid post-2827 post type-post status-publish format-standard has-post-thumbnail hentry category-nuestros-articulos\">\n<div class=\"fusion-post-wrapper\" style=\"background-color:rgba(255,255,255,0);border:1px solid #e8e8e8;border-bottom-width:3px;\">\n\n\t\t\t<div class=\"fusion-flexslider flexslider fusion-flexslider-loading fusion-post-slideshow\" style=\"border-color:#e8e8e8;\">\n\t\t<ul class=\"slides\">\n\t\t\t\n\t\t\t\t\t\t\t\t\t\t\t\t\t\t<li><div  class=\"fusion-image-wrapper\" aria-haspopup=\"true\">\n\t\t\t\t<img decoding=\"async\" width=\"1280\" height=\"853\" data-src=\"https:\/\/intelsynet.com\/wp-content\/uploads\/2021\/12\/61a12a7fc6afb-e1639745038653.jpeg\" class=\"attachment-full size-full wp-post-image lazyload\" alt=\"\" src=\"data:image\/svg+xml;base64,PHN2ZyB3aWR0aD0iMSIgaGVpZ2h0PSIxIiB4bWxucz0iaHR0cDovL3d3dy53My5vcmcvMjAwMC9zdmciPjwvc3ZnPg==\" style=\"--smush-placeholder-width: 1280px; --smush-placeholder-aspect-ratio: 1280\/853;\" \/><div class=\"fusion-rollover\">\n\t<div class=\"fusion-rollover-content\">\n\n\t\t\t\t\n\t\t\n\t\t\t\t\t\t\t\t\t\t\t\t<h4 class=\"fusion-rollover-title\">\n\t\t\t\t\t<a class=\"fusion-rollover-title-link\" href=\"https:\/\/intelsynet.com\/es\/los-indices-esg-demuestran-que-estan-mas-inmunizados-contra-la-omicron\/\">\n\t\t\t\t\t\tLos \u00edndices ESG demuestran que est\u00e1n m\u00e1s &#8216;inmunizados&#8217; contra la \u00f3micron\t\t\t\t\t<\/a>\n\t\t\t\t<\/h4>\n\t\t\t\n\t\t\t\t\t\t\t\t\n\t\t\n\t\t\t\t\t\t<a class=\"fusion-link-wrapper\" href=\"https:\/\/intelsynet.com\/es\/los-indices-esg-demuestran-que-estan-mas-inmunizados-contra-la-omicron\/\" aria-label=\"Los \u00edndices ESG demuestran que est\u00e1n m\u00e1s &#8216;inmunizados&#8217; contra la \u00f3micron\"><\/a>\n\t<\/div>\n<\/div>\n<\/div>\n<\/li>\n\t\t\t\n\t\t\t\n\t\t\t\t\t\t\t\t<\/ul>\n\t<\/div>\n\t<div class=\"fusion-post-content-wrapper\" style=\"padding:30px 25px 20px 25px;\"><div class=\"fusion-post-content post-content\"><h2 class=\"blog-shortcode-post-title entry-title\"><a href=\"https:\/\/intelsynet.com\/es\/los-indices-esg-demuestran-que-estan-mas-inmunizados-contra-la-omicron\/\">Los \u00edndices ESG demuestran que est\u00e1n m\u00e1s &#8216;inmunizados&#8217; contra la \u00f3micron<\/a><\/h2><\/div><\/div><div class=\"fusion-clearfix\"><\/div><\/div>\n<\/article>\n<article id=\"blog-1-post-2830\" class=\"fusion-post-grid post-2830 post type-post status-publish format-standard has-post-thumbnail hentry category-nuestros-articulos\">\n<div class=\"fusion-post-wrapper\" style=\"background-color:rgba(255,255,255,0);border:1px solid #e8e8e8;border-bottom-width:3px;\">\n\n\t\t\t<div class=\"fusion-flexslider flexslider fusion-flexslider-loading fusion-post-slideshow\" style=\"border-color:#e8e8e8;\">\n\t\t<ul class=\"slides\">\n\t\t\t\n\t\t\t\t\t\t\t\t\t\t\t\t\t\t<li><div  class=\"fusion-image-wrapper\" aria-haspopup=\"true\">\n\t\t\t\t<img decoding=\"async\" width=\"901\" height=\"555\" data-src=\"https:\/\/intelsynet.com\/wp-content\/uploads\/2021\/12\/etf-e1639745332650.jpg\" class=\"attachment-full size-full wp-post-image lazyload\" alt=\"\" data-srcset=\"https:\/\/intelsynet.com\/wp-content\/uploads\/2021\/12\/etf-e1639745332650-200x123.jpg 200w, https:\/\/intelsynet.com\/wp-content\/uploads\/2021\/12\/etf-e1639745332650-400x246.jpg 400w, https:\/\/intelsynet.com\/wp-content\/uploads\/2021\/12\/etf-e1639745332650-600x370.jpg 600w, https:\/\/intelsynet.com\/wp-content\/uploads\/2021\/12\/etf-e1639745332650-800x493.jpg 800w, https:\/\/intelsynet.com\/wp-content\/uploads\/2021\/12\/etf-e1639745332650.jpg 901w\" data-sizes=\"(min-width: 2200px) 100vw, (min-width: 784px) 363px, (min-width: 712px) 545px, (min-width: 640px) 712px,\" src=\"data:image\/svg+xml;base64,PHN2ZyB3aWR0aD0iMSIgaGVpZ2h0PSIxIiB4bWxucz0iaHR0cDovL3d3dy53My5vcmcvMjAwMC9zdmciPjwvc3ZnPg==\" style=\"--smush-placeholder-width: 901px; --smush-placeholder-aspect-ratio: 901\/555;\" \/><div class=\"fusion-rollover\">\n\t<div class=\"fusion-rollover-content\">\n\n\t\t\t\t\n\t\t\n\t\t\t\t\t\t\t\t\t\t\t\t<h4 class=\"fusion-rollover-title\">\n\t\t\t\t\t<a class=\"fusion-rollover-title-link\" href=\"https:\/\/intelsynet.com\/es\/como-elegir-un-etf-de-esg\/\">\n\t\t\t\t\t\t\u00bfC\u00f3mo elegir un ETF de ESG?\t\t\t\t\t<\/a>\n\t\t\t\t<\/h4>\n\t\t\t\n\t\t\t\t\t\t\t\t\n\t\t\n\t\t\t\t\t\t<a class=\"fusion-link-wrapper\" href=\"https:\/\/intelsynet.com\/es\/como-elegir-un-etf-de-esg\/\" aria-label=\"\u00bfC\u00f3mo elegir un ETF de ESG?\"><\/a>\n\t<\/div>\n<\/div>\n<\/div>\n<\/li>\n\t\t\t\n\t\t\t\n\t\t\t\t\t\t\t\t<\/ul>\n\t<\/div>\n\t<div class=\"fusion-post-content-wrapper\" style=\"padding:30px 25px 20px 25px;\"><div class=\"fusion-post-content post-content\"><h2 class=\"blog-shortcode-post-title entry-title\"><a href=\"https:\/\/intelsynet.com\/es\/como-elegir-un-etf-de-esg\/\">\u00bfC\u00f3mo elegir un ETF de ESG?<\/a><\/h2><\/div><\/div><div class=\"fusion-clearfix\"><\/div><\/div>\n<\/article>\n<article id=\"blog-1-post-2833\" class=\"fusion-post-grid post-2833 post type-post status-publish format-standard has-post-thumbnail hentry category-nuestros-articulos\">\n<div class=\"fusion-post-wrapper\" style=\"background-color:rgba(255,255,255,0);border:1px solid #e8e8e8;border-bottom-width:3px;\">\n\n\t\t\t<div class=\"fusion-flexslider flexslider fusion-flexslider-loading fusion-post-slideshow\" style=\"border-color:#e8e8e8;\">\n\t\t<ul class=\"slides\">\n\t\t\t\n\t\t\t\t\t\t\t\t\t\t\t\t\t\t<li><div  class=\"fusion-image-wrapper\" aria-haspopup=\"true\">\n\t\t\t\t<img decoding=\"async\" width=\"1200\" height=\"740\" data-src=\"https:\/\/intelsynet.com\/wp-content\/uploads\/2021\/12\/19264679_1328024580578572_1023228860424193850_o-e1639745528289.jpg\" class=\"attachment-full size-full wp-post-image lazyload\" alt=\"\" data-srcset=\"https:\/\/intelsynet.com\/wp-content\/uploads\/2021\/12\/19264679_1328024580578572_1023228860424193850_o-e1639745528289-200x123.jpg 200w, https:\/\/intelsynet.com\/wp-content\/uploads\/2021\/12\/19264679_1328024580578572_1023228860424193850_o-e1639745528289-400x247.jpg 400w, https:\/\/intelsynet.com\/wp-content\/uploads\/2021\/12\/19264679_1328024580578572_1023228860424193850_o-e1639745528289-600x370.jpg 600w, https:\/\/intelsynet.com\/wp-content\/uploads\/2021\/12\/19264679_1328024580578572_1023228860424193850_o-e1639745528289-800x493.jpg 800w, https:\/\/intelsynet.com\/wp-content\/uploads\/2021\/12\/19264679_1328024580578572_1023228860424193850_o-e1639745528289.jpg 1200w\" data-sizes=\"(min-width: 2200px) 100vw, (min-width: 784px) 363px, (min-width: 712px) 545px, (min-width: 640px) 712px,\" src=\"data:image\/svg+xml;base64,PHN2ZyB3aWR0aD0iMSIgaGVpZ2h0PSIxIiB4bWxucz0iaHR0cDovL3d3dy53My5vcmcvMjAwMC9zdmciPjwvc3ZnPg==\" style=\"--smush-placeholder-width: 1200px; --smush-placeholder-aspect-ratio: 1200\/740;\" \/><div class=\"fusion-rollover\">\n\t<div class=\"fusion-rollover-content\">\n\n\t\t\t\t\n\t\t\n\t\t\t\t\t\t\t\t\t\t\t\t<h4 class=\"fusion-rollover-title\">\n\t\t\t\t\t<a class=\"fusion-rollover-title-link\" href=\"https:\/\/intelsynet.com\/es\/elodie-laugel-directora-de-esg-de-amundi-en-europa-mas-de-la-mitad-del-ahorro-ya-se-dirige-al-esg\/\">\n\t\t\t\t\t\tElodie Laugel, directora de ESG de Amundi: \u00abEn Europa, m\u00e1s de la mitad del ahorro ya se dirige al ESG\u00bb\t\t\t\t\t<\/a>\n\t\t\t\t<\/h4>\n\t\t\t\n\t\t\t\t\t\t\t\t\n\t\t\n\t\t\t\t\t\t<a class=\"fusion-link-wrapper\" href=\"https:\/\/intelsynet.com\/es\/elodie-laugel-directora-de-esg-de-amundi-en-europa-mas-de-la-mitad-del-ahorro-ya-se-dirige-al-esg\/\" aria-label=\"Elodie Laugel, directora de ESG de Amundi: \u00abEn Europa, m\u00e1s de la mitad del ahorro ya se dirige al ESG\u00bb\"><\/a>\n\t<\/div>\n<\/div>\n<\/div>\n<\/li>\n\t\t\t\n\t\t\t\n\t\t\t\t\t\t\t\t<\/ul>\n\t<\/div>\n\t<div class=\"fusion-post-content-wrapper\" style=\"padding:30px 25px 20px 25px;\"><div class=\"fusion-post-content post-content\"><h2 class=\"blog-shortcode-post-title entry-title\"><a href=\"https:\/\/intelsynet.com\/es\/elodie-laugel-directora-de-esg-de-amundi-en-europa-mas-de-la-mitad-del-ahorro-ya-se-dirige-al-esg\/\">Elodie Laugel, directora de ESG de Amundi: \u00abEn Europa, m\u00e1s de la mitad del ahorro ya se dirige al ESG\u00bb<\/a><\/h2><\/div><\/div><div class=\"fusion-clearfix\"><\/div><\/div>\n<\/article>\n<article id=\"blog-1-post-2836\" class=\"fusion-post-grid post-2836 post type-post status-publish format-standard has-post-thumbnail hentry category-nuestros-articulos category-sostenibilidad\">\n<div class=\"fusion-post-wrapper\" style=\"background-color:rgba(255,255,255,0);border:1px solid #e8e8e8;border-bottom-width:3px;\">\n\n\t\t\t<div class=\"fusion-flexslider flexslider fusion-flexslider-loading fusion-post-slideshow\" style=\"border-color:#e8e8e8;\">\n\t\t<ul class=\"slides\">\n\t\t\t\n\t\t\t\t\t\t\t\t\t\t\t\t\t\t<li><div  class=\"fusion-image-wrapper\" aria-haspopup=\"true\">\n\t\t\t\t<img decoding=\"async\" width=\"1200\" height=\"739\" data-src=\"https:\/\/intelsynet.com\/wp-content\/uploads\/2021\/12\/ESG-conectando-financas-e-desenvolvimento-sustentavel-e1639745696945.jpg\" class=\"attachment-full size-full wp-post-image lazyload\" alt=\"\" data-srcset=\"https:\/\/intelsynet.com\/wp-content\/uploads\/2021\/12\/ESG-conectando-financas-e-desenvolvimento-sustentavel-e1639745696945-200x123.jpg 200w, https:\/\/intelsynet.com\/wp-content\/uploads\/2021\/12\/ESG-conectando-financas-e-desenvolvimento-sustentavel-e1639745696945-400x246.jpg 400w, https:\/\/intelsynet.com\/wp-content\/uploads\/2021\/12\/ESG-conectando-financas-e-desenvolvimento-sustentavel-e1639745696945-600x370.jpg 600w, https:\/\/intelsynet.com\/wp-content\/uploads\/2021\/12\/ESG-conectando-financas-e-desenvolvimento-sustentavel-e1639745696945-800x493.jpg 800w, https:\/\/intelsynet.com\/wp-content\/uploads\/2021\/12\/ESG-conectando-financas-e-desenvolvimento-sustentavel-e1639745696945.jpg 1200w\" data-sizes=\"(min-width: 2200px) 100vw, (min-width: 784px) 363px, (min-width: 712px) 545px, (min-width: 640px) 712px,\" src=\"data:image\/svg+xml;base64,PHN2ZyB3aWR0aD0iMSIgaGVpZ2h0PSIxIiB4bWxucz0iaHR0cDovL3d3dy53My5vcmcvMjAwMC9zdmciPjwvc3ZnPg==\" style=\"--smush-placeholder-width: 1200px; --smush-placeholder-aspect-ratio: 1200\/739;\" \/><div class=\"fusion-rollover\">\n\t<div class=\"fusion-rollover-content\">\n\n\t\t\t\t\n\t\t\n\t\t\t\t\t\t\t\t\t\t\t\t<h4 class=\"fusion-rollover-title\">\n\t\t\t\t\t<a class=\"fusion-rollover-title-link\" href=\"https:\/\/intelsynet.com\/es\/indicadores-esg-medicion-de-los-modelos-de-negocio-sustentable\/\">\n\t\t\t\t\t\tIndicadores ESG medici\u00f3n de los modelos de negocio sustentable\t\t\t\t\t<\/a>\n\t\t\t\t<\/h4>\n\t\t\t\n\t\t\t\t\t\t\t\t\n\t\t\n\t\t\t\t\t\t<a class=\"fusion-link-wrapper\" href=\"https:\/\/intelsynet.com\/es\/indicadores-esg-medicion-de-los-modelos-de-negocio-sustentable\/\" aria-label=\"Indicadores ESG medici\u00f3n de los modelos de negocio sustentable\"><\/a>\n\t<\/div>\n<\/div>\n<\/div>\n<\/li>\n\t\t\t\n\t\t\t\n\t\t\t\t\t\t\t\t<\/ul>\n\t<\/div>\n\t<div class=\"fusion-post-content-wrapper\" style=\"padding:30px 25px 20px 25px;\"><div class=\"fusion-post-content post-content\"><h2 class=\"blog-shortcode-post-title entry-title\"><a href=\"https:\/\/intelsynet.com\/es\/indicadores-esg-medicion-de-los-modelos-de-negocio-sustentable\/\">Indicadores ESG medici\u00f3n de los modelos de negocio sustentable<\/a><\/h2><\/div><\/div><div class=\"fusion-clearfix\"><\/div><\/div>\n<\/article>\n<article id=\"blog-1-post-2839\" class=\"fusion-post-grid post-2839 post type-post status-publish format-standard has-post-thumbnail hentry category-nuestros-articulos\">\n<div class=\"fusion-post-wrapper\" style=\"background-color:rgba(255,255,255,0);border:1px solid #e8e8e8;border-bottom-width:3px;\">\n\n\t\t\t<div class=\"fusion-flexslider flexslider fusion-flexslider-loading fusion-post-slideshow\" style=\"border-color:#e8e8e8;\">\n\t\t<ul class=\"slides\">\n\t\t\t\n\t\t\t\t\t\t\t\t\t\t\t\t\t\t<li><div  class=\"fusion-image-wrapper\" aria-haspopup=\"true\">\n\t\t\t\t<img decoding=\"async\" width=\"600\" height=\"370\" data-src=\"https:\/\/intelsynet.com\/wp-content\/uploads\/2021\/12\/agencia-digital-de-andalucia-e1639746141486.jpeg\" class=\"attachment-full size-full wp-post-image lazyload\" alt=\"\" data-srcset=\"https:\/\/intelsynet.com\/wp-content\/uploads\/2021\/12\/agencia-digital-de-andalucia-e1639746141486-200x123.jpeg 200w, https:\/\/intelsynet.com\/wp-content\/uploads\/2021\/12\/agencia-digital-de-andalucia-e1639746141486-400x247.jpeg 400w, https:\/\/intelsynet.com\/wp-content\/uploads\/2021\/12\/agencia-digital-de-andalucia-e1639746141486.jpeg 600w\" data-sizes=\"(min-width: 2200px) 100vw, (min-width: 784px) 363px, (min-width: 712px) 545px, (min-width: 640px) 712px,\" src=\"data:image\/svg+xml;base64,PHN2ZyB3aWR0aD0iMSIgaGVpZ2h0PSIxIiB4bWxucz0iaHR0cDovL3d3dy53My5vcmcvMjAwMC9zdmciPjwvc3ZnPg==\" style=\"--smush-placeholder-width: 600px; --smush-placeholder-aspect-ratio: 600\/370;\" \/><div class=\"fusion-rollover\">\n\t<div class=\"fusion-rollover-content\">\n\n\t\t\t\t\n\t\t\n\t\t\t\t\t\t\t\t\t\t\t\t<h4 class=\"fusion-rollover-title\">\n\t\t\t\t\t<a class=\"fusion-rollover-title-link\" href=\"https:\/\/intelsynet.com\/es\/luz-verde-al-proyecto-de-ley-de-economia-circular-que-convertira-a-andalucia-en-referente-en-desarrollo-sostenible\/\">\n\t\t\t\t\t\tLuz verde al proyecto de Ley de Econom\u00eda Circular que convertir\u00e1 a Andaluc\u00eda en \u00abreferente en desarrollo sostenible\u00bb\t\t\t\t\t<\/a>\n\t\t\t\t<\/h4>\n\t\t\t\n\t\t\t\t\t\t\t\t\n\t\t\n\t\t\t\t\t\t<a class=\"fusion-link-wrapper\" href=\"https:\/\/intelsynet.com\/es\/luz-verde-al-proyecto-de-ley-de-economia-circular-que-convertira-a-andalucia-en-referente-en-desarrollo-sostenible\/\" aria-label=\"Luz verde al proyecto de Ley de Econom\u00eda Circular que convertir\u00e1 a Andaluc\u00eda en \u00abreferente en desarrollo sostenible\u00bb\"><\/a>\n\t<\/div>\n<\/div>\n<\/div>\n<\/li>\n\t\t\t\n\t\t\t\n\t\t\t\t\t\t\t\t<\/ul>\n\t<\/div>\n\t<div class=\"fusion-post-content-wrapper\" style=\"padding:30px 25px 20px 25px;\"><div class=\"fusion-post-content post-content\"><h2 class=\"blog-shortcode-post-title entry-title\"><a href=\"https:\/\/intelsynet.com\/es\/luz-verde-al-proyecto-de-ley-de-economia-circular-que-convertira-a-andalucia-en-referente-en-desarrollo-sostenible\/\">Luz verde al proyecto de Ley de Econom\u00eda Circular que convertir\u00e1 a Andaluc\u00eda en \u00abreferente en desarrollo sostenible\u00bb<\/a><\/h2><\/div><\/div><div class=\"fusion-clearfix\"><\/div><\/div>\n<\/article>\n<article id=\"blog-1-post-2842\" class=\"fusion-post-grid post-2842 post type-post status-publish format-standard has-post-thumbnail hentry category-nuestros-articulos\">\n<div class=\"fusion-post-wrapper\" style=\"background-color:rgba(255,255,255,0);border:1px solid #e8e8e8;border-bottom-width:3px;\">\n\n\t\t\t<div class=\"fusion-flexslider flexslider fusion-flexslider-loading fusion-post-slideshow\" style=\"border-color:#e8e8e8;\">\n\t\t<ul class=\"slides\">\n\t\t\t\n\t\t\t\t\t\t\t\t\t\t\t\t\t\t<li><div  class=\"fusion-image-wrapper\" aria-haspopup=\"true\">\n\t\t\t\t<img decoding=\"async\" width=\"900\" height=\"555\" data-src=\"https:\/\/intelsynet.com\/wp-content\/uploads\/2021\/12\/economia-sostenible-transicion-justa-blog-pepe-alvarez-ugt-e1639746255527.jpg\" class=\"attachment-full size-full wp-post-image lazyload\" alt=\"\" data-srcset=\"https:\/\/intelsynet.com\/wp-content\/uploads\/2021\/12\/economia-sostenible-transicion-justa-blog-pepe-alvarez-ugt-e1639746255527-200x123.jpg 200w, https:\/\/intelsynet.com\/wp-content\/uploads\/2021\/12\/economia-sostenible-transicion-justa-blog-pepe-alvarez-ugt-e1639746255527-400x247.jpg 400w, https:\/\/intelsynet.com\/wp-content\/uploads\/2021\/12\/economia-sostenible-transicion-justa-blog-pepe-alvarez-ugt-e1639746255527-600x370.jpg 600w, https:\/\/intelsynet.com\/wp-content\/uploads\/2021\/12\/economia-sostenible-transicion-justa-blog-pepe-alvarez-ugt-e1639746255527-800x493.jpg 800w, https:\/\/intelsynet.com\/wp-content\/uploads\/2021\/12\/economia-sostenible-transicion-justa-blog-pepe-alvarez-ugt-e1639746255527.jpg 900w\" data-sizes=\"(min-width: 2200px) 100vw, (min-width: 784px) 363px, (min-width: 712px) 545px, (min-width: 640px) 712px,\" src=\"data:image\/svg+xml;base64,PHN2ZyB3aWR0aD0iMSIgaGVpZ2h0PSIxIiB4bWxucz0iaHR0cDovL3d3dy53My5vcmcvMjAwMC9zdmciPjwvc3ZnPg==\" style=\"--smush-placeholder-width: 900px; --smush-placeholder-aspect-ratio: 900\/555;\" \/><div class=\"fusion-rollover\">\n\t<div class=\"fusion-rollover-content\">\n\n\t\t\t\t\n\t\t\n\t\t\t\t\t\t\t\t\t\t\t\t<h4 class=\"fusion-rollover-title\">\n\t\t\t\t\t<a class=\"fusion-rollover-title-link\" href=\"https:\/\/intelsynet.com\/es\/la-industria-lidera-la-transformacion-hacia-la-economia-sostenible\/\">\n\t\t\t\t\t\tLa industria lidera la transformaci\u00f3n hacia la econom\u00eda sostenible\t\t\t\t\t<\/a>\n\t\t\t\t<\/h4>\n\t\t\t\n\t\t\t\t\t\t\t\t\n\t\t\n\t\t\t\t\t\t<a class=\"fusion-link-wrapper\" href=\"https:\/\/intelsynet.com\/es\/la-industria-lidera-la-transformacion-hacia-la-economia-sostenible\/\" aria-label=\"La industria lidera la transformaci\u00f3n hacia la econom\u00eda sostenible\"><\/a>\n\t<\/div>\n<\/div>\n<\/div>\n<\/li>\n\t\t\t\n\t\t\t\n\t\t\t\t\t\t\t\t<\/ul>\n\t<\/div>\n\t<div class=\"fusion-post-content-wrapper\" style=\"padding:30px 25px 20px 25px;\"><div class=\"fusion-post-content post-content\"><h2 class=\"blog-shortcode-post-title entry-title\"><a href=\"https:\/\/intelsynet.com\/es\/la-industria-lidera-la-transformacion-hacia-la-economia-sostenible\/\">La industria lidera la transformaci\u00f3n hacia la econom\u00eda sostenible<\/a><\/h2><\/div><\/div><div class=\"fusion-clearfix\"><\/div><\/div>\n<\/article>\n<article id=\"blog-1-post-2845\" class=\"fusion-post-grid post-2845 post type-post status-publish format-standard has-post-thumbnail hentry category-nuestros-articulos\">\n<div class=\"fusion-post-wrapper\" style=\"background-color:rgba(255,255,255,0);border:1px solid #e8e8e8;border-bottom-width:3px;\">\n\n\t\t\t<div class=\"fusion-flexslider flexslider fusion-flexslider-loading fusion-post-slideshow\" style=\"border-color:#e8e8e8;\">\n\t\t<ul class=\"slides\">\n\t\t\t\n\t\t\t\t\t\t\t\t\t\t\t\t\t\t<li><div  class=\"fusion-image-wrapper\" aria-haspopup=\"true\">\n\t\t\t\t<img decoding=\"async\" width=\"1198\" height=\"742\" data-src=\"https:\/\/intelsynet.com\/wp-content\/uploads\/2021\/12\/repsol-energia-chile_507460279_156336059_1706x960-e1639746433958.jpg\" class=\"attachment-full size-full wp-post-image lazyload\" alt=\"\" data-srcset=\"https:\/\/intelsynet.com\/wp-content\/uploads\/2021\/12\/repsol-energia-chile_507460279_156336059_1706x960-e1639746433958-200x124.jpg 200w, https:\/\/intelsynet.com\/wp-content\/uploads\/2021\/12\/repsol-energia-chile_507460279_156336059_1706x960-e1639746433958-400x248.jpg 400w, https:\/\/intelsynet.com\/wp-content\/uploads\/2021\/12\/repsol-energia-chile_507460279_156336059_1706x960-e1639746433958-600x372.jpg 600w, https:\/\/intelsynet.com\/wp-content\/uploads\/2021\/12\/repsol-energia-chile_507460279_156336059_1706x960-e1639746433958-800x495.jpg 800w, https:\/\/intelsynet.com\/wp-content\/uploads\/2021\/12\/repsol-energia-chile_507460279_156336059_1706x960-e1639746433958.jpg 1198w\" data-sizes=\"(min-width: 2200px) 100vw, (min-width: 784px) 363px, (min-width: 712px) 545px, (min-width: 640px) 712px,\" src=\"data:image\/svg+xml;base64,PHN2ZyB3aWR0aD0iMSIgaGVpZ2h0PSIxIiB4bWxucz0iaHR0cDovL3d3dy53My5vcmcvMjAwMC9zdmciPjwvc3ZnPg==\" style=\"--smush-placeholder-width: 1198px; --smush-placeholder-aspect-ratio: 1198\/742;\" \/><div class=\"fusion-rollover\">\n\t<div class=\"fusion-rollover-content\">\n\n\t\t\t\t\n\t\t\n\t\t\t\t\t\t\t\t\t\t\t\t<h4 class=\"fusion-rollover-title\">\n\t\t\t\t\t<a class=\"fusion-rollover-title-link\" href=\"https:\/\/intelsynet.com\/es\/repsol-primera-petrolera-mundial-en-bonos-verdes-y-cero-emisiones\/\">\n\t\t\t\t\t\tRepsol, primera petrolera mundial en bonos verdes y cero emisiones\t\t\t\t\t<\/a>\n\t\t\t\t<\/h4>\n\t\t\t\n\t\t\t\t\t\t\t\t\n\t\t\n\t\t\t\t\t\t<a class=\"fusion-link-wrapper\" href=\"https:\/\/intelsynet.com\/es\/repsol-primera-petrolera-mundial-en-bonos-verdes-y-cero-emisiones\/\" aria-label=\"Repsol, primera petrolera mundial en bonos verdes y cero emisiones\"><\/a>\n\t<\/div>\n<\/div>\n<\/div>\n<\/li>\n\t\t\t\n\t\t\t\n\t\t\t\t\t\t\t\t<\/ul>\n\t<\/div>\n\t<div class=\"fusion-post-content-wrapper\" style=\"padding:30px 25px 20px 25px;\"><div class=\"fusion-post-content post-content\"><h2 class=\"blog-shortcode-post-title entry-title\"><a href=\"https:\/\/intelsynet.com\/es\/repsol-primera-petrolera-mundial-en-bonos-verdes-y-cero-emisiones\/\">Repsol, primera petrolera mundial en bonos verdes y cero emisiones<\/a><\/h2><\/div><\/div><div class=\"fusion-clearfix\"><\/div><\/div>\n<\/article>\n<article id=\"blog-1-post-2848\" class=\"fusion-post-grid post-2848 post type-post status-publish format-standard has-post-thumbnail hentry category-nuestros-articulos\">\n<div class=\"fusion-post-wrapper\" style=\"background-color:rgba(255,255,255,0);border:1px solid #e8e8e8;border-bottom-width:3px;\">\n\n\t\t\t<div class=\"fusion-flexslider flexslider fusion-flexslider-loading fusion-post-slideshow\" style=\"border-color:#e8e8e8;\">\n\t\t<ul class=\"slides\">\n\t\t\t\n\t\t\t\t\t\t\t\t\t\t\t\t\t\t<li><div  class=\"fusion-image-wrapper\" aria-haspopup=\"true\">\n\t\t\t\t<img decoding=\"async\" width=\"1200\" height=\"741\" data-src=\"https:\/\/intelsynet.com\/wp-content\/uploads\/2021\/12\/economia-circular-e1639746583825.png\" class=\"attachment-full size-full wp-post-image lazyload\" alt=\"\" data-srcset=\"https:\/\/intelsynet.com\/wp-content\/uploads\/2021\/12\/economia-circular-e1639746583825-200x124.png 200w, https:\/\/intelsynet.com\/wp-content\/uploads\/2021\/12\/economia-circular-e1639746583825-400x247.png 400w, https:\/\/intelsynet.com\/wp-content\/uploads\/2021\/12\/economia-circular-e1639746583825-600x371.png 600w, https:\/\/intelsynet.com\/wp-content\/uploads\/2021\/12\/economia-circular-e1639746583825-800x494.png 800w, https:\/\/intelsynet.com\/wp-content\/uploads\/2021\/12\/economia-circular-e1639746583825.png 1200w\" data-sizes=\"(min-width: 2200px) 100vw, (min-width: 784px) 363px, (min-width: 712px) 545px, (min-width: 640px) 712px,\" src=\"data:image\/svg+xml;base64,PHN2ZyB3aWR0aD0iMSIgaGVpZ2h0PSIxIiB4bWxucz0iaHR0cDovL3d3dy53My5vcmcvMjAwMC9zdmciPjwvc3ZnPg==\" style=\"--smush-placeholder-width: 1200px; --smush-placeholder-aspect-ratio: 1200\/741;\" \/><div class=\"fusion-rollover\">\n\t<div class=\"fusion-rollover-content\">\n\n\t\t\t\t\n\t\t\n\t\t\t\t\t\t\t\t\t\t\t\t<h4 class=\"fusion-rollover-title\">\n\t\t\t\t\t<a class=\"fusion-rollover-title-link\" href=\"https:\/\/intelsynet.com\/es\/los-factores-esg-y-la-economia-circular\/\">\n\t\t\t\t\t\tLos factores ESG y la econom\u00eda circular\t\t\t\t\t<\/a>\n\t\t\t\t<\/h4>\n\t\t\t\n\t\t\t\t\t\t\t\t\n\t\t\n\t\t\t\t\t\t<a class=\"fusion-link-wrapper\" href=\"https:\/\/intelsynet.com\/es\/los-factores-esg-y-la-economia-circular\/\" aria-label=\"Los factores ESG y la econom\u00eda circular\"><\/a>\n\t<\/div>\n<\/div>\n<\/div>\n<\/li>\n\t\t\t\n\t\t\t\n\t\t\t\t\t\t\t\t<\/ul>\n\t<\/div>\n\t<div class=\"fusion-post-content-wrapper\" style=\"padding:30px 25px 20px 25px;\"><div class=\"fusion-post-content post-content\"><h2 class=\"blog-shortcode-post-title entry-title\"><a href=\"https:\/\/intelsynet.com\/es\/los-factores-esg-y-la-economia-circular\/\">Los factores ESG y la econom\u00eda circular<\/a><\/h2><\/div><\/div><div class=\"fusion-clearfix\"><\/div><\/div>\n<\/article>\n<article id=\"blog-1-post-2808\" class=\"fusion-post-grid post-2808 post type-post status-publish format-standard has-post-thumbnail hentry category-nuestros-articulos\">\n<div class=\"fusion-post-wrapper\" style=\"background-color:rgba(255,255,255,0);border:1px solid #e8e8e8;border-bottom-width:3px;\">\n\n\t\t\t<div class=\"fusion-flexslider flexslider fusion-flexslider-loading fusion-post-slideshow\" style=\"border-color:#e8e8e8;\">\n\t\t<ul class=\"slides\">\n\t\t\t\n\t\t\t\t\t\t\t\t\t\t\t\t\t\t<li><div  class=\"fusion-image-wrapper\" aria-haspopup=\"true\">\n\t\t\t\t<img decoding=\"async\" width=\"2400\" height=\"1482\" data-src=\"https:\/\/intelsynet.com\/wp-content\/uploads\/2021\/12\/2400x1600-productos-sostenibles-que-son-y-en-cuales-puedo-invertir.jpg.img_.2400.1606827546728-e1639125376433.jpg\" class=\"attachment-full size-full wp-post-image lazyload\" alt=\"\" data-srcset=\"https:\/\/intelsynet.com\/wp-content\/uploads\/2021\/12\/2400x1600-productos-sostenibles-que-son-y-en-cuales-puedo-invertir.jpg.img_.2400.1606827546728-e1639125376433-200x124.jpg 200w, https:\/\/intelsynet.com\/wp-content\/uploads\/2021\/12\/2400x1600-productos-sostenibles-que-son-y-en-cuales-puedo-invertir.jpg.img_.2400.1606827546728-e1639125376433-400x247.jpg 400w, https:\/\/intelsynet.com\/wp-content\/uploads\/2021\/12\/2400x1600-productos-sostenibles-que-son-y-en-cuales-puedo-invertir.jpg.img_.2400.1606827546728-e1639125376433-600x371.jpg 600w, https:\/\/intelsynet.com\/wp-content\/uploads\/2021\/12\/2400x1600-productos-sostenibles-que-son-y-en-cuales-puedo-invertir.jpg.img_.2400.1606827546728-e1639125376433-800x494.jpg 800w, https:\/\/intelsynet.com\/wp-content\/uploads\/2021\/12\/2400x1600-productos-sostenibles-que-son-y-en-cuales-puedo-invertir.jpg.img_.2400.1606827546728-e1639125376433-1200x741.jpg 1200w, https:\/\/intelsynet.com\/wp-content\/uploads\/2021\/12\/2400x1600-productos-sostenibles-que-son-y-en-cuales-puedo-invertir.jpg.img_.2400.1606827546728-e1639125376433.jpg 2400w\" data-sizes=\"(min-width: 2200px) 100vw, (min-width: 784px) 363px, (min-width: 712px) 545px, (min-width: 640px) 712px,\" src=\"data:image\/svg+xml;base64,PHN2ZyB3aWR0aD0iMSIgaGVpZ2h0PSIxIiB4bWxucz0iaHR0cDovL3d3dy53My5vcmcvMjAwMC9zdmciPjwvc3ZnPg==\" style=\"--smush-placeholder-width: 2400px; --smush-placeholder-aspect-ratio: 2400\/1482;\" \/><div class=\"fusion-rollover\">\n\t<div class=\"fusion-rollover-content\">\n\n\t\t\t\t\n\t\t\n\t\t\t\t\t\t\t\t\t\t\t\t<h4 class=\"fusion-rollover-title\">\n\t\t\t\t\t<a class=\"fusion-rollover-title-link\" href=\"https:\/\/intelsynet.com\/es\/las-inversiones-sostenibles-se-van-a-convertir-en-la-nueva-normalidad\/\">\n\t\t\t\t\t\tLas inversiones sostenibles se van a convertir en la nueva normalidad\t\t\t\t\t<\/a>\n\t\t\t\t<\/h4>\n\t\t\t\n\t\t\t\t\t\t\t\t\n\t\t\n\t\t\t\t\t\t<a class=\"fusion-link-wrapper\" href=\"https:\/\/intelsynet.com\/es\/las-inversiones-sostenibles-se-van-a-convertir-en-la-nueva-normalidad\/\" aria-label=\"Las inversiones sostenibles se van a convertir en la nueva normalidad\"><\/a>\n\t<\/div>\n<\/div>\n<\/div>\n<\/li>\n\t\t\t\n\t\t\t\n\t\t\t\t\t\t\t\t<\/ul>\n\t<\/div>\n\t<div class=\"fusion-post-content-wrapper\" style=\"padding:30px 25px 20px 25px;\"><div class=\"fusion-post-content post-content\"><h2 class=\"blog-shortcode-post-title entry-title\"><a href=\"https:\/\/intelsynet.com\/es\/las-inversiones-sostenibles-se-van-a-convertir-en-la-nueva-normalidad\/\">Las inversiones sostenibles se van a convertir en la nueva normalidad<\/a><\/h2><\/div><\/div><div class=\"fusion-clearfix\"><\/div><\/div>\n<\/article>\n<article id=\"blog-1-post-2811\" class=\"fusion-post-grid post-2811 post type-post status-publish format-standard has-post-thumbnail hentry category-nuestros-articulos\">\n<div class=\"fusion-post-wrapper\" style=\"background-color:rgba(255,255,255,0);border:1px solid #e8e8e8;border-bottom-width:3px;\">\n\n\t\t\t<div class=\"fusion-flexslider flexslider fusion-flexslider-loading fusion-post-slideshow\" style=\"border-color:#e8e8e8;\">\n\t\t<ul class=\"slides\">\n\t\t\t\n\t\t\t\t\t\t\t\t\t\t\t\t\t\t<li><div  class=\"fusion-image-wrapper\" aria-haspopup=\"true\">\n\t\t\t\t<img decoding=\"async\" width=\"1200\" height=\"741\" data-src=\"https:\/\/intelsynet.com\/wp-content\/uploads\/2021\/12\/16385618904464-e1639125816952.jpg\" class=\"attachment-full size-full wp-post-image lazyload\" alt=\"\" data-srcset=\"https:\/\/intelsynet.com\/wp-content\/uploads\/2021\/12\/16385618904464-e1639125816952-200x124.jpg 200w, https:\/\/intelsynet.com\/wp-content\/uploads\/2021\/12\/16385618904464-e1639125816952-400x247.jpg 400w, https:\/\/intelsynet.com\/wp-content\/uploads\/2021\/12\/16385618904464-e1639125816952-600x371.jpg 600w, https:\/\/intelsynet.com\/wp-content\/uploads\/2021\/12\/16385618904464-e1639125816952-800x494.jpg 800w, https:\/\/intelsynet.com\/wp-content\/uploads\/2021\/12\/16385618904464-e1639125816952.jpg 1200w\" data-sizes=\"(min-width: 2200px) 100vw, (min-width: 784px) 363px, (min-width: 712px) 545px, (min-width: 640px) 712px,\" src=\"data:image\/svg+xml;base64,PHN2ZyB3aWR0aD0iMSIgaGVpZ2h0PSIxIiB4bWxucz0iaHR0cDovL3d3dy53My5vcmcvMjAwMC9zdmciPjwvc3ZnPg==\" style=\"--smush-placeholder-width: 1200px; --smush-placeholder-aspect-ratio: 1200\/741;\" \/><div class=\"fusion-rollover\">\n\t<div class=\"fusion-rollover-content\">\n\n\t\t\t\t\n\t\t\n\t\t\t\t\t\t\t\t\t\t\t\t<h4 class=\"fusion-rollover-title\">\n\t\t\t\t\t<a class=\"fusion-rollover-title-link\" href=\"https:\/\/intelsynet.com\/es\/son-utiles-los-bonus-sostenibles-de-los-ejecutivos-para-reducir-emisiones\/\">\n\t\t\t\t\t\t\u00bfSon \u00fatiles los bonus sostenibles de los ejecutivos para reducir emisiones?\t\t\t\t\t<\/a>\n\t\t\t\t<\/h4>\n\t\t\t\n\t\t\t\t\t\t\t\t\n\t\t\n\t\t\t\t\t\t<a class=\"fusion-link-wrapper\" href=\"https:\/\/intelsynet.com\/es\/son-utiles-los-bonus-sostenibles-de-los-ejecutivos-para-reducir-emisiones\/\" aria-label=\"\u00bfSon \u00fatiles los bonus sostenibles de los ejecutivos para reducir emisiones?\"><\/a>\n\t<\/div>\n<\/div>\n<\/div>\n<\/li>\n\t\t\t\n\t\t\t\n\t\t\t\t\t\t\t\t<\/ul>\n\t<\/div>\n\t<div class=\"fusion-post-content-wrapper\" style=\"padding:30px 25px 20px 25px;\"><div class=\"fusion-post-content post-content\"><h2 class=\"blog-shortcode-post-title entry-title\"><a href=\"https:\/\/intelsynet.com\/es\/son-utiles-los-bonus-sostenibles-de-los-ejecutivos-para-reducir-emisiones\/\">\u00bfSon \u00fatiles los bonus sostenibles de los ejecutivos para reducir emisiones?<\/a><\/h2><\/div><\/div><div class=\"fusion-clearfix\"><\/div><\/div>\n<\/article>\n<article id=\"blog-1-post-2814\" class=\"fusion-post-grid post-2814 post type-post status-publish format-standard has-post-thumbnail hentry category-nuestros-articulos\">\n<div class=\"fusion-post-wrapper\" style=\"background-color:rgba(255,255,255,0);border:1px solid #e8e8e8;border-bottom-width:3px;\">\n\n\t\t\t<div class=\"fusion-flexslider flexslider fusion-flexslider-loading fusion-post-slideshow\" style=\"border-color:#e8e8e8;\">\n\t\t<ul class=\"slides\">\n\t\t\t\n\t\t\t\t\t\t\t\t\t\t\t\t\t\t<li><div  class=\"fusion-image-wrapper\" aria-haspopup=\"true\">\n\t\t\t\t<img decoding=\"async\" width=\"900\" height=\"555\" data-src=\"https:\/\/intelsynet.com\/wp-content\/uploads\/2021\/12\/banca-espanola-e1639126556532.jpeg\" class=\"attachment-full size-full wp-post-image lazyload\" alt=\"\" data-srcset=\"https:\/\/intelsynet.com\/wp-content\/uploads\/2021\/12\/banca-espanola-e1639126556532-200x123.jpeg 200w, https:\/\/intelsynet.com\/wp-content\/uploads\/2021\/12\/banca-espanola-e1639126556532-400x247.jpeg 400w, https:\/\/intelsynet.com\/wp-content\/uploads\/2021\/12\/banca-espanola-e1639126556532-600x370.jpeg 600w, https:\/\/intelsynet.com\/wp-content\/uploads\/2021\/12\/banca-espanola-e1639126556532-800x493.jpeg 800w, https:\/\/intelsynet.com\/wp-content\/uploads\/2021\/12\/banca-espanola-e1639126556532.jpeg 900w\" data-sizes=\"(min-width: 2200px) 100vw, (min-width: 784px) 363px, (min-width: 712px) 545px, (min-width: 640px) 712px,\" src=\"data:image\/svg+xml;base64,PHN2ZyB3aWR0aD0iMSIgaGVpZ2h0PSIxIiB4bWxucz0iaHR0cDovL3d3dy53My5vcmcvMjAwMC9zdmciPjwvc3ZnPg==\" style=\"--smush-placeholder-width: 900px; --smush-placeholder-aspect-ratio: 900\/555;\" \/><div class=\"fusion-rollover\">\n\t<div class=\"fusion-rollover-content\">\n\n\t\t\t\t\n\t\t\n\t\t\t\t\t\t\t\t\t\t\t\t<h4 class=\"fusion-rollover-title\">\n\t\t\t\t\t<a class=\"fusion-rollover-title-link\" href=\"https:\/\/intelsynet.com\/es\/el-70-de-los-bancos-espanoles-conoce-sus-metas-prioritarias-de-sostenibilida\/\">\n\t\t\t\t\t\tEl 70% de los bancos espa\u00f1oles conoce sus metas prioritarias de sostenibilidad, pero solo el 35% las integra\t\t\t\t\t<\/a>\n\t\t\t\t<\/h4>\n\t\t\t\n\t\t\t\t\t\t\t\t\n\t\t\n\t\t\t\t\t\t<a class=\"fusion-link-wrapper\" href=\"https:\/\/intelsynet.com\/es\/el-70-de-los-bancos-espanoles-conoce-sus-metas-prioritarias-de-sostenibilida\/\" aria-label=\"El 70% de los bancos espa\u00f1oles conoce sus metas prioritarias de sostenibilidad, pero solo el 35% las integra\"><\/a>\n\t<\/div>\n<\/div>\n<\/div>\n<\/li>\n\t\t\t\n\t\t\t\n\t\t\t\t\t\t\t\t<\/ul>\n\t<\/div>\n\t<div class=\"fusion-post-content-wrapper\" style=\"padding:30px 25px 20px 25px;\"><div class=\"fusion-post-content post-content\"><h2 class=\"blog-shortcode-post-title entry-title\"><a href=\"https:\/\/intelsynet.com\/es\/el-70-de-los-bancos-espanoles-conoce-sus-metas-prioritarias-de-sostenibilida\/\">El 70% de los bancos espa\u00f1oles conoce sus metas prioritarias de sostenibilidad, pero solo el 35% las integra<\/a><\/h2><\/div><\/div><div class=\"fusion-clearfix\"><\/div><\/div>\n<\/article>\n<article id=\"blog-1-post-2820\" class=\"fusion-post-grid post-2820 post type-post status-publish format-standard has-post-thumbnail hentry category-nuestros-articulos\">\n<div class=\"fusion-post-wrapper\" style=\"background-color:rgba(255,255,255,0);border:1px solid #e8e8e8;border-bottom-width:3px;\">\n\n\t\t\t<div class=\"fusion-flexslider flexslider fusion-flexslider-loading fusion-post-slideshow\" style=\"border-color:#e8e8e8;\">\n\t\t<ul class=\"slides\">\n\t\t\t\n\t\t\t\t\t\t\t\t\t\t\t\t\t\t<li><div  class=\"fusion-image-wrapper\" aria-haspopup=\"true\">\n\t\t\t\t<img decoding=\"async\" width=\"612\" height=\"377\" data-src=\"https:\/\/intelsynet.com\/wp-content\/uploads\/2021\/12\/istockphoto-1032603574-612x612-1-e1639128563539.jpg\" class=\"attachment-full size-full wp-post-image lazyload\" alt=\"\" data-srcset=\"https:\/\/intelsynet.com\/wp-content\/uploads\/2021\/12\/istockphoto-1032603574-612x612-1-e1639128563539-200x123.jpg 200w, https:\/\/intelsynet.com\/wp-content\/uploads\/2021\/12\/istockphoto-1032603574-612x612-1-e1639128563539-400x246.jpg 400w, https:\/\/intelsynet.com\/wp-content\/uploads\/2021\/12\/istockphoto-1032603574-612x612-1-e1639128563539-600x370.jpg 600w, https:\/\/intelsynet.com\/wp-content\/uploads\/2021\/12\/istockphoto-1032603574-612x612-1-e1639128563539.jpg 612w\" data-sizes=\"(min-width: 2200px) 100vw, (min-width: 784px) 363px, (min-width: 712px) 545px, (min-width: 640px) 712px,\" src=\"data:image\/svg+xml;base64,PHN2ZyB3aWR0aD0iMSIgaGVpZ2h0PSIxIiB4bWxucz0iaHR0cDovL3d3dy53My5vcmcvMjAwMC9zdmciPjwvc3ZnPg==\" style=\"--smush-placeholder-width: 612px; --smush-placeholder-aspect-ratio: 612\/377;\" \/><div class=\"fusion-rollover\">\n\t<div class=\"fusion-rollover-content\">\n\n\t\t\t\t\n\t\t\n\t\t\t\t\t\t\t\t\t\t\t\t<h4 class=\"fusion-rollover-title\">\n\t\t\t\t\t<a class=\"fusion-rollover-title-link\" href=\"https:\/\/intelsynet.com\/es\/la-brecha-climatica-se-mantiene-entre-los-inversores-a-uno-y-otro-lado-del-atlantico\/\">\n\t\t\t\t\t\tLa brecha clim\u00e1tica se mantiene entre los inversores a uno y otro lado del Atl\u00e1ntico\t\t\t\t\t<\/a>\n\t\t\t\t<\/h4>\n\t\t\t\n\t\t\t\t\t\t\t\t\n\t\t\n\t\t\t\t\t\t<a class=\"fusion-link-wrapper\" href=\"https:\/\/intelsynet.com\/es\/la-brecha-climatica-se-mantiene-entre-los-inversores-a-uno-y-otro-lado-del-atlantico\/\" aria-label=\"La brecha clim\u00e1tica se mantiene entre los inversores a uno y otro lado del Atl\u00e1ntico\"><\/a>\n\t<\/div>\n<\/div>\n<\/div>\n<\/li>\n\t\t\t\n\t\t\t\n\t\t\t\t\t\t\t\t<\/ul>\n\t<\/div>\n\t<div class=\"fusion-post-content-wrapper\" style=\"padding:30px 25px 20px 25px;\"><div class=\"fusion-post-content post-content\"><h2 class=\"blog-shortcode-post-title entry-title\"><a href=\"https:\/\/intelsynet.com\/es\/la-brecha-climatica-se-mantiene-entre-los-inversores-a-uno-y-otro-lado-del-atlantico\/\">La brecha clim\u00e1tica se mantiene entre los inversores a uno y otro lado del Atl\u00e1ntico<\/a><\/h2><\/div><\/div><div class=\"fusion-clearfix\"><\/div><\/div>\n<\/article>\n<article id=\"blog-1-post-2817\" class=\"fusion-post-grid post-2817 post type-post status-publish format-standard has-post-thumbnail hentry category-nuestros-articulos\">\n<div class=\"fusion-post-wrapper\" style=\"background-color:rgba(255,255,255,0);border:1px solid #e8e8e8;border-bottom-width:3px;\">\n\n\t\t\t<div class=\"fusion-flexslider flexslider fusion-flexslider-loading fusion-post-slideshow\" style=\"border-color:#e8e8e8;\">\n\t\t<ul class=\"slides\">\n\t\t\t\n\t\t\t\t\t\t\t\t\t\t\t\t\t\t<li><div  class=\"fusion-image-wrapper\" aria-haspopup=\"true\">\n\t\t\t\t<img decoding=\"async\" width=\"900\" height=\"555\" data-src=\"https:\/\/intelsynet.com\/wp-content\/uploads\/2021\/12\/bonos_iStock-2-e1639126904313.jpg\" class=\"attachment-full size-full wp-post-image lazyload\" alt=\"\" data-srcset=\"https:\/\/intelsynet.com\/wp-content\/uploads\/2021\/12\/bonos_iStock-2-e1639126904313-200x123.jpg 200w, https:\/\/intelsynet.com\/wp-content\/uploads\/2021\/12\/bonos_iStock-2-e1639126904313-400x247.jpg 400w, https:\/\/intelsynet.com\/wp-content\/uploads\/2021\/12\/bonos_iStock-2-e1639126904313-600x370.jpg 600w, https:\/\/intelsynet.com\/wp-content\/uploads\/2021\/12\/bonos_iStock-2-e1639126904313-800x493.jpg 800w, https:\/\/intelsynet.com\/wp-content\/uploads\/2021\/12\/bonos_iStock-2-e1639126904313.jpg 900w\" data-sizes=\"(min-width: 2200px) 100vw, (min-width: 784px) 363px, (min-width: 712px) 545px, (min-width: 640px) 712px,\" src=\"data:image\/svg+xml;base64,PHN2ZyB3aWR0aD0iMSIgaGVpZ2h0PSIxIiB4bWxucz0iaHR0cDovL3d3dy53My5vcmcvMjAwMC9zdmciPjwvc3ZnPg==\" style=\"--smush-placeholder-width: 900px; --smush-placeholder-aspect-ratio: 900\/555;\" \/><div class=\"fusion-rollover\">\n\t<div class=\"fusion-rollover-content\">\n\n\t\t\t\t\n\t\t\n\t\t\t\t\t\t\t\t\t\t\t\t<h4 class=\"fusion-rollover-title\">\n\t\t\t\t\t<a class=\"fusion-rollover-title-link\" href=\"https:\/\/intelsynet.com\/es\/los-mercados-de-bonos-podrian-resultar-determinantes-en-la-implementacion-de-iniciativas-esg\/\">\n\t\t\t\t\t\tLos mercados de bonos podr\u00edan resultar determinantes en la implementaci\u00f3n de iniciativas ESG\t\t\t\t\t<\/a>\n\t\t\t\t<\/h4>\n\t\t\t\n\t\t\t\t\t\t\t\t\n\t\t\n\t\t\t\t\t\t<a class=\"fusion-link-wrapper\" href=\"https:\/\/intelsynet.com\/es\/los-mercados-de-bonos-podrian-resultar-determinantes-en-la-implementacion-de-iniciativas-esg\/\" aria-label=\"Los mercados de bonos podr\u00edan resultar determinantes en la implementaci\u00f3n de iniciativas ESG\"><\/a>\n\t<\/div>\n<\/div>\n<\/div>\n<\/li>\n\t\t\t\n\t\t\t\n\t\t\t\t\t\t\t\t<\/ul>\n\t<\/div>\n\t<div class=\"fusion-post-content-wrapper\" style=\"padding:30px 25px 20px 25px;\"><div class=\"fusion-post-content post-content\"><h2 class=\"blog-shortcode-post-title entry-title\"><a href=\"https:\/\/intelsynet.com\/es\/los-mercados-de-bonos-podrian-resultar-determinantes-en-la-implementacion-de-iniciativas-esg\/\">Los mercados de bonos podr\u00edan resultar determinantes en la implementaci\u00f3n de iniciativas ESG<\/a><\/h2><\/div><\/div><div class=\"fusion-clearfix\"><\/div><\/div>\n<\/article>\n<article id=\"blog-1-post-2823\" class=\"fusion-post-grid post-2823 post type-post status-publish format-standard has-post-thumbnail hentry category-nuestros-articulos\">\n<div class=\"fusion-post-wrapper\" style=\"background-color:rgba(255,255,255,0);border:1px solid #e8e8e8;border-bottom-width:3px;\">\n\n\t\t\t<div class=\"fusion-flexslider flexslider fusion-flexslider-loading fusion-post-slideshow\" style=\"border-color:#e8e8e8;\">\n\t\t<ul class=\"slides\">\n\t\t\t\n\t\t\t\t\t\t\t\t\t\t\t\t\t\t<li><div  class=\"fusion-image-wrapper\" aria-haspopup=\"true\">\n\t\t\t\t<img decoding=\"async\" width=\"2560\" height=\"1580\" data-src=\"https:\/\/intelsynet.com\/wp-content\/uploads\/2021\/12\/bus-electrico-inteligente-ya-circula-calles-vitoria-estrenara-2020-scaled-e1639128910373.jpg\" class=\"attachment-full size-full wp-post-image lazyload\" alt=\"\" data-srcset=\"https:\/\/intelsynet.com\/wp-content\/uploads\/2021\/12\/bus-electrico-inteligente-ya-circula-calles-vitoria-estrenara-2020-scaled-e1639128910373-200x123.jpg 200w, https:\/\/intelsynet.com\/wp-content\/uploads\/2021\/12\/bus-electrico-inteligente-ya-circula-calles-vitoria-estrenara-2020-scaled-e1639128910373-400x247.jpg 400w, https:\/\/intelsynet.com\/wp-content\/uploads\/2021\/12\/bus-electrico-inteligente-ya-circula-calles-vitoria-estrenara-2020-scaled-e1639128910373-600x370.jpg 600w, https:\/\/intelsynet.com\/wp-content\/uploads\/2021\/12\/bus-electrico-inteligente-ya-circula-calles-vitoria-estrenara-2020-scaled-e1639128910373-800x494.jpg 800w, https:\/\/intelsynet.com\/wp-content\/uploads\/2021\/12\/bus-electrico-inteligente-ya-circula-calles-vitoria-estrenara-2020-scaled-e1639128910373-1200x741.jpg 1200w, https:\/\/intelsynet.com\/wp-content\/uploads\/2021\/12\/bus-electrico-inteligente-ya-circula-calles-vitoria-estrenara-2020-scaled-e1639128910373.jpg 2560w\" data-sizes=\"(min-width: 2200px) 100vw, (min-width: 784px) 363px, (min-width: 712px) 545px, (min-width: 640px) 712px,\" src=\"data:image\/svg+xml;base64,PHN2ZyB3aWR0aD0iMSIgaGVpZ2h0PSIxIiB4bWxucz0iaHR0cDovL3d3dy53My5vcmcvMjAwMC9zdmciPjwvc3ZnPg==\" style=\"--smush-placeholder-width: 2560px; --smush-placeholder-aspect-ratio: 2560\/1580;\" \/><div class=\"fusion-rollover\">\n\t<div class=\"fusion-rollover-content\">\n\n\t\t\t\t\n\t\t\n\t\t\t\t\t\t\t\t\t\t\t\t<h4 class=\"fusion-rollover-title\">\n\t\t\t\t\t<a class=\"fusion-rollover-title-link\" href=\"https:\/\/intelsynet.com\/es\/levo-y-ecolution-power-se-unen-con-planes-para-financiar-autobuses-electricos\/\">\n\t\t\t\t\t\tLevo y Ecolution Power se unen con planes para financiar autobuses el\u00e9ctricos y estaciones de carga propulsados por energ\u00eda cin\u00e9tica\t\t\t\t\t<\/a>\n\t\t\t\t<\/h4>\n\t\t\t\n\t\t\t\t\t\t\t\t\n\t\t\n\t\t\t\t\t\t<a class=\"fusion-link-wrapper\" href=\"https:\/\/intelsynet.com\/es\/levo-y-ecolution-power-se-unen-con-planes-para-financiar-autobuses-electricos\/\" aria-label=\"Levo y Ecolution Power se unen con planes para financiar autobuses el\u00e9ctricos y estaciones de carga propulsados por energ\u00eda cin\u00e9tica\"><\/a>\n\t<\/div>\n<\/div>\n<\/div>\n<\/li>\n\t\t\t\n\t\t\t\n\t\t\t\t\t\t\t\t<\/ul>\n\t<\/div>\n\t<div class=\"fusion-post-content-wrapper\" style=\"padding:30px 25px 20px 25px;\"><div class=\"fusion-post-content post-content\"><h2 class=\"blog-shortcode-post-title entry-title\"><a href=\"https:\/\/intelsynet.com\/es\/levo-y-ecolution-power-se-unen-con-planes-para-financiar-autobuses-electricos\/\">Levo y Ecolution Power se unen con planes para financiar autobuses el\u00e9ctricos y estaciones de carga propulsados por energ\u00eda cin\u00e9tica<\/a><\/h2><\/div><\/div><div class=\"fusion-clearfix\"><\/div><\/div>\n<\/article>\n<article id=\"blog-1-post-2805\" class=\"fusion-post-grid post-2805 post type-post status-publish format-standard has-post-thumbnail hentry category-nuestros-articulos\">\n<div class=\"fusion-post-wrapper\" style=\"background-color:rgba(255,255,255,0);border:1px solid #e8e8e8;border-bottom-width:3px;\">\n\n\t\t\t<div class=\"fusion-flexslider flexslider fusion-flexslider-loading fusion-post-slideshow\" style=\"border-color:#e8e8e8;\">\n\t\t<ul class=\"slides\">\n\t\t\t\n\t\t\t\t\t\t\t\t\t\t\t\t\t\t<li><div  class=\"fusion-image-wrapper\" aria-haspopup=\"true\">\n\t\t\t\t<img decoding=\"async\" width=\"1800\" height=\"1080\" data-src=\"https:\/\/intelsynet.com\/wp-content\/uploads\/2021\/12\/61251b22add52-e1638527778823.jpg\" class=\"attachment-full size-full wp-post-image lazyload\" alt=\"\" data-srcset=\"https:\/\/intelsynet.com\/wp-content\/uploads\/2021\/12\/61251b22add52-e1638527778823-200x120.jpg 200w, https:\/\/intelsynet.com\/wp-content\/uploads\/2021\/12\/61251b22add52-e1638527778823-400x240.jpg 400w, https:\/\/intelsynet.com\/wp-content\/uploads\/2021\/12\/61251b22add52-e1638527778823-600x360.jpg 600w, https:\/\/intelsynet.com\/wp-content\/uploads\/2021\/12\/61251b22add52-e1638527778823-800x480.jpg 800w, https:\/\/intelsynet.com\/wp-content\/uploads\/2021\/12\/61251b22add52-e1638527778823-1200x720.jpg 1200w, https:\/\/intelsynet.com\/wp-content\/uploads\/2021\/12\/61251b22add52-e1638527778823.jpg 1800w\" data-sizes=\"(min-width: 2200px) 100vw, (min-width: 784px) 363px, (min-width: 712px) 545px, (min-width: 640px) 712px,\" src=\"data:image\/svg+xml;base64,PHN2ZyB3aWR0aD0iMSIgaGVpZ2h0PSIxIiB4bWxucz0iaHR0cDovL3d3dy53My5vcmcvMjAwMC9zdmciPjwvc3ZnPg==\" style=\"--smush-placeholder-width: 1800px; --smush-placeholder-aspect-ratio: 1800\/1080;\" \/><div class=\"fusion-rollover\">\n\t<div class=\"fusion-rollover-content\">\n\n\t\t\t\t\n\t\t\n\t\t\t\t\t\t\t\t\t\t\t\t<h4 class=\"fusion-rollover-title\">\n\t\t\t\t\t<a class=\"fusion-rollover-title-link\" href=\"https:\/\/intelsynet.com\/es\/por-que-la-ley-de-economia-circular-es-una-oportunidad-para-proteger-al-planeta\/\">\n\t\t\t\t\t\tPor qu\u00e9 la Ley de Econom\u00eda Circular es una oportunidad para proteger al planeta\t\t\t\t\t<\/a>\n\t\t\t\t<\/h4>\n\t\t\t\n\t\t\t\t\t\t\t\t\n\t\t\n\t\t\t\t\t\t<a class=\"fusion-link-wrapper\" href=\"https:\/\/intelsynet.com\/es\/por-que-la-ley-de-economia-circular-es-una-oportunidad-para-proteger-al-planeta\/\" aria-label=\"Por qu\u00e9 la Ley de Econom\u00eda Circular es una oportunidad para proteger al planeta\"><\/a>\n\t<\/div>\n<\/div>\n<\/div>\n<\/li>\n\t\t\t\n\t\t\t\n\t\t\t\t\t\t\t\t<\/ul>\n\t<\/div>\n\t<div class=\"fusion-post-content-wrapper\" style=\"padding:30px 25px 20px 25px;\"><div class=\"fusion-post-content post-content\"><h2 class=\"blog-shortcode-post-title entry-title\"><a href=\"https:\/\/intelsynet.com\/es\/por-que-la-ley-de-economia-circular-es-una-oportunidad-para-proteger-al-planeta\/\">Por qu\u00e9 la Ley de Econom\u00eda Circular es una oportunidad para proteger al planeta<\/a><\/h2><\/div><\/div><div class=\"fusion-clearfix\"><\/div><\/div>\n<\/article>\n<article id=\"blog-1-post-2802\" class=\"fusion-post-grid post-2802 post type-post status-publish format-standard has-post-thumbnail hentry category-nuestros-articulos\">\n<div class=\"fusion-post-wrapper\" style=\"background-color:rgba(255,255,255,0);border:1px solid #e8e8e8;border-bottom-width:3px;\">\n\n\t\t\t<div class=\"fusion-flexslider flexslider fusion-flexslider-loading fusion-post-slideshow\" style=\"border-color:#e8e8e8;\">\n\t\t<ul class=\"slides\">\n\t\t\t\n\t\t\t\t\t\t\t\t\t\t\t\t\t\t<li><div  class=\"fusion-image-wrapper\" aria-haspopup=\"true\">\n\t\t\t\t<img decoding=\"async\" width=\"600\" height=\"370\" data-src=\"https:\/\/intelsynet.com\/wp-content\/uploads\/2021\/12\/imagen-e1638527472318.jpg\" class=\"attachment-full size-full wp-post-image lazyload\" alt=\"\" data-srcset=\"https:\/\/intelsynet.com\/wp-content\/uploads\/2021\/12\/imagen-e1638527472318-200x123.jpg 200w, https:\/\/intelsynet.com\/wp-content\/uploads\/2021\/12\/imagen-e1638527472318-400x247.jpg 400w, https:\/\/intelsynet.com\/wp-content\/uploads\/2021\/12\/imagen-e1638527472318.jpg 600w\" data-sizes=\"(min-width: 2200px) 100vw, (min-width: 784px) 363px, (min-width: 712px) 545px, (min-width: 640px) 712px,\" src=\"data:image\/svg+xml;base64,PHN2ZyB3aWR0aD0iMSIgaGVpZ2h0PSIxIiB4bWxucz0iaHR0cDovL3d3dy53My5vcmcvMjAwMC9zdmciPjwvc3ZnPg==\" style=\"--smush-placeholder-width: 600px; --smush-placeholder-aspect-ratio: 600\/370;\" \/><div class=\"fusion-rollover\">\n\t<div class=\"fusion-rollover-content\">\n\n\t\t\t\t\n\t\t\n\t\t\t\t\t\t\t\t\t\t\t\t<h4 class=\"fusion-rollover-title\">\n\t\t\t\t\t<a class=\"fusion-rollover-title-link\" href=\"https:\/\/intelsynet.com\/es\/el-ieaf-pondra-en-marcha-un-club-de-analistas-esg-en-2022-y-pone-a-ana-rivero-santander-am-al-frente\/\">\n\t\t\t\t\t\tEl IEAF pondr\u00e1 en marcha un &#8216;club&#8217; de analistas ESG en 2022 y pone a Ana Rivero (Santander AM) al frente\t\t\t\t\t<\/a>\n\t\t\t\t<\/h4>\n\t\t\t\n\t\t\t\t\t\t\t\t\n\t\t\n\t\t\t\t\t\t<a class=\"fusion-link-wrapper\" href=\"https:\/\/intelsynet.com\/es\/el-ieaf-pondra-en-marcha-un-club-de-analistas-esg-en-2022-y-pone-a-ana-rivero-santander-am-al-frente\/\" aria-label=\"El IEAF pondr\u00e1 en marcha un &#8216;club&#8217; de analistas ESG en 2022 y pone a Ana Rivero (Santander AM) al frente\"><\/a>\n\t<\/div>\n<\/div>\n<\/div>\n<\/li>\n\t\t\t\n\t\t\t\n\t\t\t\t\t\t\t\t<\/ul>\n\t<\/div>\n\t<div class=\"fusion-post-content-wrapper\" style=\"padding:30px 25px 20px 25px;\"><div class=\"fusion-post-content post-content\"><h2 class=\"blog-shortcode-post-title entry-title\"><a href=\"https:\/\/intelsynet.com\/es\/el-ieaf-pondra-en-marcha-un-club-de-analistas-esg-en-2022-y-pone-a-ana-rivero-santander-am-al-frente\/\">El IEAF pondr\u00e1 en marcha un &#8216;club&#8217; de analistas ESG en 2022 y pone a Ana Rivero (Santander AM) al frente<\/a><\/h2><\/div><\/div><div class=\"fusion-clearfix\"><\/div><\/div>\n<\/article>\n<article id=\"blog-1-post-2799\" class=\"fusion-post-grid post-2799 post type-post status-publish format-standard has-post-thumbnail hentry category-nuestros-articulos\">\n<div class=\"fusion-post-wrapper\" style=\"background-color:rgba(255,255,255,0);border:1px solid #e8e8e8;border-bottom-width:3px;\">\n\n\t\t\t<div class=\"fusion-flexslider flexslider fusion-flexslider-loading fusion-post-slideshow\" style=\"border-color:#e8e8e8;\">\n\t\t<ul class=\"slides\">\n\t\t\t\n\t\t\t\t\t\t\t\t\t\t\t\t\t\t<li><div  class=\"fusion-image-wrapper\" aria-haspopup=\"true\">\n\t\t\t\t<img decoding=\"async\" width=\"1800\" height=\"1110\" data-src=\"https:\/\/intelsynet.com\/wp-content\/uploads\/2021\/12\/88-e1638527066906.jpg\" class=\"attachment-full size-full wp-post-image lazyload\" alt=\"\" data-srcset=\"https:\/\/intelsynet.com\/wp-content\/uploads\/2021\/12\/88-e1638527066906-200x123.jpg 200w, https:\/\/intelsynet.com\/wp-content\/uploads\/2021\/12\/88-e1638527066906-400x247.jpg 400w, https:\/\/intelsynet.com\/wp-content\/uploads\/2021\/12\/88-e1638527066906-600x370.jpg 600w, https:\/\/intelsynet.com\/wp-content\/uploads\/2021\/12\/88-e1638527066906-800x493.jpg 800w, https:\/\/intelsynet.com\/wp-content\/uploads\/2021\/12\/88-e1638527066906-1200x740.jpg 1200w, https:\/\/intelsynet.com\/wp-content\/uploads\/2021\/12\/88-e1638527066906.jpg 1800w\" data-sizes=\"(min-width: 2200px) 100vw, (min-width: 784px) 363px, (min-width: 712px) 545px, (min-width: 640px) 712px,\" src=\"data:image\/svg+xml;base64,PHN2ZyB3aWR0aD0iMSIgaGVpZ2h0PSIxIiB4bWxucz0iaHR0cDovL3d3dy53My5vcmcvMjAwMC9zdmciPjwvc3ZnPg==\" style=\"--smush-placeholder-width: 1800px; --smush-placeholder-aspect-ratio: 1800\/1110;\" \/><div class=\"fusion-rollover\">\n\t<div class=\"fusion-rollover-content\">\n\n\t\t\t\t\n\t\t\n\t\t\t\t\t\t\t\t\t\t\t\t<h4 class=\"fusion-rollover-title\">\n\t\t\t\t\t<a class=\"fusion-rollover-title-link\" href=\"https:\/\/intelsynet.com\/es\/esg-y-memorias-integradas-un-nuevo-estandar-para-las-empresas-chilenas\/\">\n\t\t\t\t\t\tESG y memorias integradas: un nuevo est\u00e1ndar para las empresas chilenas\t\t\t\t\t<\/a>\n\t\t\t\t<\/h4>\n\t\t\t\n\t\t\t\t\t\t\t\t\n\t\t\n\t\t\t\t\t\t<a class=\"fusion-link-wrapper\" href=\"https:\/\/intelsynet.com\/es\/esg-y-memorias-integradas-un-nuevo-estandar-para-las-empresas-chilenas\/\" aria-label=\"ESG y memorias integradas: un nuevo est\u00e1ndar para las empresas chilenas\"><\/a>\n\t<\/div>\n<\/div>\n<\/div>\n<\/li>\n\t\t\t\n\t\t\t\n\t\t\t\t\t\t\t\t<\/ul>\n\t<\/div>\n\t<div class=\"fusion-post-content-wrapper\" style=\"padding:30px 25px 20px 25px;\"><div class=\"fusion-post-content post-content\"><h2 class=\"blog-shortcode-post-title entry-title\"><a href=\"https:\/\/intelsynet.com\/es\/esg-y-memorias-integradas-un-nuevo-estandar-para-las-empresas-chilenas\/\">ESG y memorias integradas: un nuevo est\u00e1ndar para las empresas chilenas<\/a><\/h2><\/div><\/div><div class=\"fusion-clearfix\"><\/div><\/div>\n<\/article>\n<article id=\"blog-1-post-2796\" class=\"fusion-post-grid post-2796 post type-post status-publish format-standard has-post-thumbnail hentry category-nuestros-articulos\">\n<div class=\"fusion-post-wrapper\" style=\"background-color:rgba(255,255,255,0);border:1px solid #e8e8e8;border-bottom-width:3px;\">\n\n\t\t\t<div class=\"fusion-flexslider flexslider fusion-flexslider-loading fusion-post-slideshow\" style=\"border-color:#e8e8e8;\">\n\t\t<ul class=\"slides\">\n\t\t\t\n\t\t\t\t\t\t\t\t\t\t\t\t\t\t<li><div  class=\"fusion-image-wrapper\" aria-haspopup=\"true\">\n\t\t\t\t<img decoding=\"async\" width=\"1201\" height=\"738\" data-src=\"https:\/\/intelsynet.com\/wp-content\/uploads\/2021\/12\/20211004PHT14128_original-e1638526718279.jpg\" class=\"attachment-full size-full wp-post-image lazyload\" alt=\"\" data-srcset=\"https:\/\/intelsynet.com\/wp-content\/uploads\/2021\/12\/20211004PHT14128_original-e1638526718279-200x123.jpg 200w, https:\/\/intelsynet.com\/wp-content\/uploads\/2021\/12\/20211004PHT14128_original-e1638526718279-400x246.jpg 400w, https:\/\/intelsynet.com\/wp-content\/uploads\/2021\/12\/20211004PHT14128_original-e1638526718279-600x369.jpg 600w, https:\/\/intelsynet.com\/wp-content\/uploads\/2021\/12\/20211004PHT14128_original-e1638526718279-800x492.jpg 800w, https:\/\/intelsynet.com\/wp-content\/uploads\/2021\/12\/20211004PHT14128_original-e1638526718279.jpg 1201w\" data-sizes=\"(min-width: 2200px) 100vw, (min-width: 784px) 363px, (min-width: 712px) 545px, (min-width: 640px) 712px,\" src=\"data:image\/svg+xml;base64,PHN2ZyB3aWR0aD0iMSIgaGVpZ2h0PSIxIiB4bWxucz0iaHR0cDovL3d3dy53My5vcmcvMjAwMC9zdmciPjwvc3ZnPg==\" style=\"--smush-placeholder-width: 1201px; --smush-placeholder-aspect-ratio: 1201\/738;\" \/><div class=\"fusion-rollover\">\n\t<div class=\"fusion-rollover-content\">\n\n\t\t\t\t\n\t\t\n\t\t\t\t\t\t\t\t\t\t\t\t<h4 class=\"fusion-rollover-title\">\n\t\t\t\t\t<a class=\"fusion-rollover-title-link\" href=\"https:\/\/intelsynet.com\/es\/europa-prefiere-los-fondos-esg-activos-eeuu-los-pasivos\/\">\n\t\t\t\t\t\tEuropa prefiere los fondos ESG activos, EEUU los pasivos\t\t\t\t\t<\/a>\n\t\t\t\t<\/h4>\n\t\t\t\n\t\t\t\t\t\t\t\t\n\t\t\n\t\t\t\t\t\t<a class=\"fusion-link-wrapper\" href=\"https:\/\/intelsynet.com\/es\/europa-prefiere-los-fondos-esg-activos-eeuu-los-pasivos\/\" aria-label=\"Europa prefiere los fondos ESG activos, EEUU los pasivos\"><\/a>\n\t<\/div>\n<\/div>\n<\/div>\n<\/li>\n\t\t\t\n\t\t\t\n\t\t\t\t\t\t\t\t<\/ul>\n\t<\/div>\n\t<div class=\"fusion-post-content-wrapper\" style=\"padding:30px 25px 20px 25px;\"><div class=\"fusion-post-content post-content\"><h2 class=\"blog-shortcode-post-title entry-title\"><a href=\"https:\/\/intelsynet.com\/es\/europa-prefiere-los-fondos-esg-activos-eeuu-los-pasivos\/\">Europa prefiere los fondos ESG activos, EEUU los pasivos<\/a><\/h2><\/div><\/div><div class=\"fusion-clearfix\"><\/div><\/div>\n<\/article>\n<article id=\"blog-1-post-2793\" class=\"fusion-post-grid post-2793 post type-post status-publish format-standard has-post-thumbnail hentry category-nuestros-articulos\">\n<div class=\"fusion-post-wrapper\" style=\"background-color:rgba(255,255,255,0);border:1px solid #e8e8e8;border-bottom-width:3px;\">\n\n\t\t\t<div class=\"fusion-flexslider flexslider fusion-flexslider-loading fusion-post-slideshow\" style=\"border-color:#e8e8e8;\">\n\t\t<ul class=\"slides\">\n\t\t\t\n\t\t\t\t\t\t\t\t\t\t\t\t\t\t<li><div  class=\"fusion-image-wrapper\" aria-haspopup=\"true\">\n\t\t\t\t<img decoding=\"async\" width=\"1340\" height=\"827\" data-src=\"https:\/\/intelsynet.com\/wp-content\/uploads\/2021\/12\/seguridad-Bancos-post-COVID-e1638526028325.jpg\" class=\"attachment-full size-full wp-post-image lazyload\" alt=\"\" data-srcset=\"https:\/\/intelsynet.com\/wp-content\/uploads\/2021\/12\/seguridad-Bancos-post-COVID-e1638526028325-200x123.jpg 200w, https:\/\/intelsynet.com\/wp-content\/uploads\/2021\/12\/seguridad-Bancos-post-COVID-e1638526028325-400x247.jpg 400w, https:\/\/intelsynet.com\/wp-content\/uploads\/2021\/12\/seguridad-Bancos-post-COVID-e1638526028325-600x370.jpg 600w, https:\/\/intelsynet.com\/wp-content\/uploads\/2021\/12\/seguridad-Bancos-post-COVID-e1638526028325-800x494.jpg 800w, https:\/\/intelsynet.com\/wp-content\/uploads\/2021\/12\/seguridad-Bancos-post-COVID-e1638526028325-1200x741.jpg 1200w, https:\/\/intelsynet.com\/wp-content\/uploads\/2021\/12\/seguridad-Bancos-post-COVID-e1638526028325.jpg 1340w\" data-sizes=\"(min-width: 2200px) 100vw, (min-width: 784px) 363px, (min-width: 712px) 545px, (min-width: 640px) 712px,\" src=\"data:image\/svg+xml;base64,PHN2ZyB3aWR0aD0iMSIgaGVpZ2h0PSIxIiB4bWxucz0iaHR0cDovL3d3dy53My5vcmcvMjAwMC9zdmciPjwvc3ZnPg==\" style=\"--smush-placeholder-width: 1340px; --smush-placeholder-aspect-ratio: 1340\/827;\" \/><div class=\"fusion-rollover\">\n\t<div class=\"fusion-rollover-content\">\n\n\t\t\t\t\n\t\t\n\t\t\t\t\t\t\t\t\t\t\t\t<h4 class=\"fusion-rollover-title\">\n\t\t\t\t\t<a class=\"fusion-rollover-title-link\" href=\"https:\/\/intelsynet.com\/es\/el-covid-ha-acelerado-la-parte-social-del-esg-mientras-la-ambiental-estaba-mas-avanzada\/\">\n\t\t\t\t\t\tEl Covid ha acelerado la parte social del ESG, mientras la ambiental estaba m\u00e1s avanzada\t\t\t\t\t<\/a>\n\t\t\t\t<\/h4>\n\t\t\t\n\t\t\t\t\t\t\t\t\n\t\t\n\t\t\t\t\t\t<a class=\"fusion-link-wrapper\" href=\"https:\/\/intelsynet.com\/es\/el-covid-ha-acelerado-la-parte-social-del-esg-mientras-la-ambiental-estaba-mas-avanzada\/\" aria-label=\"El Covid ha acelerado la parte social del ESG, mientras la ambiental estaba m\u00e1s avanzada\"><\/a>\n\t<\/div>\n<\/div>\n<\/div>\n<\/li>\n\t\t\t\n\t\t\t\n\t\t\t\t\t\t\t\t<\/ul>\n\t<\/div>\n\t<div class=\"fusion-post-content-wrapper\" style=\"padding:30px 25px 20px 25px;\"><div class=\"fusion-post-content post-content\"><h2 class=\"blog-shortcode-post-title entry-title\"><a href=\"https:\/\/intelsynet.com\/es\/el-covid-ha-acelerado-la-parte-social-del-esg-mientras-la-ambiental-estaba-mas-avanzada\/\">El Covid ha acelerado la parte social del ESG, mientras la ambiental estaba m\u00e1s avanzada<\/a><\/h2><\/div><\/div><div class=\"fusion-clearfix\"><\/div><\/div>\n<\/article>\n<article id=\"blog-1-post-2788\" class=\"fusion-post-grid post-2788 post type-post status-publish format-standard has-post-thumbnail hentry category-nuestros-articulos\">\n<div class=\"fusion-post-wrapper\" style=\"background-color:rgba(255,255,255,0);border:1px solid #e8e8e8;border-bottom-width:3px;\">\n\n\t\t\t<div class=\"fusion-flexslider flexslider fusion-flexslider-loading fusion-post-slideshow\" style=\"border-color:#e8e8e8;\">\n\t\t<ul class=\"slides\">\n\t\t\t\n\t\t\t\t\t\t\t\t\t\t\t\t\t\t<li><div  class=\"fusion-image-wrapper\" aria-haspopup=\"true\">\n\t\t\t\t<img decoding=\"async\" width=\"1200\" height=\"739\" data-src=\"https:\/\/intelsynet.com\/wp-content\/uploads\/2021\/11\/01_Header_20002_b_557_FPO-e1637931382641.jpg\" class=\"attachment-full size-full wp-post-image lazyload\" alt=\"\" data-srcset=\"https:\/\/intelsynet.com\/wp-content\/uploads\/2021\/11\/01_Header_20002_b_557_FPO-e1637931382641-200x123.jpg 200w, https:\/\/intelsynet.com\/wp-content\/uploads\/2021\/11\/01_Header_20002_b_557_FPO-e1637931382641-400x246.jpg 400w, https:\/\/intelsynet.com\/wp-content\/uploads\/2021\/11\/01_Header_20002_b_557_FPO-e1637931382641-600x370.jpg 600w, https:\/\/intelsynet.com\/wp-content\/uploads\/2021\/11\/01_Header_20002_b_557_FPO-e1637931382641-800x493.jpg 800w, https:\/\/intelsynet.com\/wp-content\/uploads\/2021\/11\/01_Header_20002_b_557_FPO-e1637931382641.jpg 1200w\" data-sizes=\"(min-width: 2200px) 100vw, (min-width: 784px) 363px, (min-width: 712px) 545px, (min-width: 640px) 712px,\" src=\"data:image\/svg+xml;base64,PHN2ZyB3aWR0aD0iMSIgaGVpZ2h0PSIxIiB4bWxucz0iaHR0cDovL3d3dy53My5vcmcvMjAwMC9zdmciPjwvc3ZnPg==\" style=\"--smush-placeholder-width: 1200px; --smush-placeholder-aspect-ratio: 1200\/739;\" \/><div class=\"fusion-rollover\">\n\t<div class=\"fusion-rollover-content\">\n\n\t\t\t\t\n\t\t\n\t\t\t\t\t\t\t\t\t\t\t\t<h4 class=\"fusion-rollover-title\">\n\t\t\t\t\t<a class=\"fusion-rollover-title-link\" href=\"https:\/\/intelsynet.com\/es\/federated-hermes-impact-opportunities-equity-el-fondo-que-invierte-en-las-nueve-tendencias-clave-del-mundo-del-manana\/\">\n\t\t\t\t\t\tFederated Hermes Impact Opportunities Equity: el fondo que invierte en las nueve tendencias clave del mundo del ma\u00f1ana\t\t\t\t\t<\/a>\n\t\t\t\t<\/h4>\n\t\t\t\n\t\t\t\t\t\t\t\t\n\t\t\n\t\t\t\t\t\t<a class=\"fusion-link-wrapper\" href=\"https:\/\/intelsynet.com\/es\/federated-hermes-impact-opportunities-equity-el-fondo-que-invierte-en-las-nueve-tendencias-clave-del-mundo-del-manana\/\" aria-label=\"Federated Hermes Impact Opportunities Equity: el fondo que invierte en las nueve tendencias clave del mundo del ma\u00f1ana\"><\/a>\n\t<\/div>\n<\/div>\n<\/div>\n<\/li>\n\t\t\t\n\t\t\t\n\t\t\t\t\t\t\t\t<\/ul>\n\t<\/div>\n\t<div class=\"fusion-post-content-wrapper\" style=\"padding:30px 25px 20px 25px;\"><div class=\"fusion-post-content post-content\"><h2 class=\"blog-shortcode-post-title entry-title\"><a href=\"https:\/\/intelsynet.com\/es\/federated-hermes-impact-opportunities-equity-el-fondo-que-invierte-en-las-nueve-tendencias-clave-del-mundo-del-manana\/\">Federated Hermes Impact Opportunities Equity: el fondo que invierte en las nueve tendencias clave del mundo del ma\u00f1ana<\/a><\/h2><\/div><\/div><div class=\"fusion-clearfix\"><\/div><\/div>\n<\/article>\n<article id=\"blog-1-post-2785\" class=\"fusion-post-grid post-2785 post type-post status-publish format-standard has-post-thumbnail hentry category-nuestros-articulos\">\n<div class=\"fusion-post-wrapper\" style=\"background-color:rgba(255,255,255,0);border:1px solid #e8e8e8;border-bottom-width:3px;\">\n\n\t\t\t<div class=\"fusion-flexslider flexslider fusion-flexslider-loading fusion-post-slideshow\" style=\"border-color:#e8e8e8;\">\n\t\t<ul class=\"slides\">\n\t\t\t\n\t\t\t\t\t\t\t\t\t\t\t\t\t\t<li><div  class=\"fusion-image-wrapper\" aria-haspopup=\"true\">\n\t\t\t\t<img decoding=\"async\" width=\"1201\" height=\"738\" data-src=\"https:\/\/intelsynet.com\/wp-content\/uploads\/2021\/11\/Criterios-de-Inversion-6-e1637931003659.jpg\" class=\"attachment-full size-full wp-post-image lazyload\" alt=\"\" data-srcset=\"https:\/\/intelsynet.com\/wp-content\/uploads\/2021\/11\/Criterios-de-Inversion-6-e1637931003659-200x123.jpg 200w, https:\/\/intelsynet.com\/wp-content\/uploads\/2021\/11\/Criterios-de-Inversion-6-e1637931003659-400x246.jpg 400w, https:\/\/intelsynet.com\/wp-content\/uploads\/2021\/11\/Criterios-de-Inversion-6-e1637931003659-600x369.jpg 600w, https:\/\/intelsynet.com\/wp-content\/uploads\/2021\/11\/Criterios-de-Inversion-6-e1637931003659-800x492.jpg 800w, https:\/\/intelsynet.com\/wp-content\/uploads\/2021\/11\/Criterios-de-Inversion-6-e1637931003659.jpg 1201w\" data-sizes=\"(min-width: 2200px) 100vw, (min-width: 784px) 363px, (min-width: 712px) 545px, (min-width: 640px) 712px,\" src=\"data:image\/svg+xml;base64,PHN2ZyB3aWR0aD0iMSIgaGVpZ2h0PSIxIiB4bWxucz0iaHR0cDovL3d3dy53My5vcmcvMjAwMC9zdmciPjwvc3ZnPg==\" style=\"--smush-placeholder-width: 1201px; --smush-placeholder-aspect-ratio: 1201\/738;\" \/><div class=\"fusion-rollover\">\n\t<div class=\"fusion-rollover-content\">\n\n\t\t\t\t\n\t\t\n\t\t\t\t\t\t\t\t\t\t\t\t<h4 class=\"fusion-rollover-title\">\n\t\t\t\t\t<a class=\"fusion-rollover-title-link\" href=\"https:\/\/intelsynet.com\/es\/criterios-esg-de-inversion-europa-se-asoma-a-la-obligatoriedad-pero-espana-se-resiste\/\">\n\t\t\t\t\t\tCriterios ESG de inversi\u00f3n: Europa se asoma a la obligatoriedad pero Espa\u00f1a se resiste\t\t\t\t\t<\/a>\n\t\t\t\t<\/h4>\n\t\t\t\n\t\t\t\t\t\t\t\t\n\t\t\n\t\t\t\t\t\t<a class=\"fusion-link-wrapper\" href=\"https:\/\/intelsynet.com\/es\/criterios-esg-de-inversion-europa-se-asoma-a-la-obligatoriedad-pero-espana-se-resiste\/\" aria-label=\"Criterios ESG de inversi\u00f3n: Europa se asoma a la obligatoriedad pero Espa\u00f1a se resiste\"><\/a>\n\t<\/div>\n<\/div>\n<\/div>\n<\/li>\n\t\t\t\n\t\t\t\n\t\t\t\t\t\t\t\t<\/ul>\n\t<\/div>\n\t<div class=\"fusion-post-content-wrapper\" style=\"padding:30px 25px 20px 25px;\"><div class=\"fusion-post-content post-content\"><h2 class=\"blog-shortcode-post-title entry-title\"><a href=\"https:\/\/intelsynet.com\/es\/criterios-esg-de-inversion-europa-se-asoma-a-la-obligatoriedad-pero-espana-se-resiste\/\">Criterios ESG de inversi\u00f3n: Europa se asoma a la obligatoriedad pero Espa\u00f1a se resiste<\/a><\/h2><\/div><\/div><div class=\"fusion-clearfix\"><\/div><\/div>\n<\/article>\n<article id=\"blog-1-post-2782\" class=\"fusion-post-grid post-2782 post type-post status-publish format-standard has-post-thumbnail hentry category-nuestros-articulos\">\n<div class=\"fusion-post-wrapper\" style=\"background-color:rgba(255,255,255,0);border:1px solid #e8e8e8;border-bottom-width:3px;\">\n\n\t\t\t<div class=\"fusion-flexslider flexslider fusion-flexslider-loading fusion-post-slideshow\" style=\"border-color:#e8e8e8;\">\n\t\t<ul class=\"slides\">\n\t\t\t\n\t\t\t\t\t\t\t\t\t\t\t\t\t\t<li><div  class=\"fusion-image-wrapper\" aria-haspopup=\"true\">\n\t\t\t\t<img decoding=\"async\" width=\"1920\" height=\"1200\" data-src=\"https:\/\/intelsynet.com\/wp-content\/uploads\/2021\/11\/retornos-e1637930669344.jpg\" class=\"attachment-full size-full wp-post-image lazyload\" alt=\"\" src=\"data:image\/svg+xml;base64,PHN2ZyB3aWR0aD0iMSIgaGVpZ2h0PSIxIiB4bWxucz0iaHR0cDovL3d3dy53My5vcmcvMjAwMC9zdmciPjwvc3ZnPg==\" style=\"--smush-placeholder-width: 1920px; --smush-placeholder-aspect-ratio: 1920\/1200;\" \/><div class=\"fusion-rollover\">\n\t<div class=\"fusion-rollover-content\">\n\n\t\t\t\t\n\t\t\n\t\t\t\t\t\t\t\t\t\t\t\t<h4 class=\"fusion-rollover-title\">\n\t\t\t\t\t<a class=\"fusion-rollover-title-link\" href=\"https:\/\/intelsynet.com\/es\/tres-de-cada-cuatro-inversores-institucionales-afirman-que-el-esg-mejora-el-retorno-financiero\/\">\n\t\t\t\t\t\tTres de cada cuatro inversores institucionales afirman que el ESG mejora el retorno financiero\t\t\t\t\t<\/a>\n\t\t\t\t<\/h4>\n\t\t\t\n\t\t\t\t\t\t\t\t\n\t\t\n\t\t\t\t\t\t<a class=\"fusion-link-wrapper\" href=\"https:\/\/intelsynet.com\/es\/tres-de-cada-cuatro-inversores-institucionales-afirman-que-el-esg-mejora-el-retorno-financiero\/\" aria-label=\"Tres de cada cuatro inversores institucionales afirman que el ESG mejora el retorno financiero\"><\/a>\n\t<\/div>\n<\/div>\n<\/div>\n<\/li>\n\t\t\t\n\t\t\t\n\t\t\t\t\t\t\t\t<\/ul>\n\t<\/div>\n\t<div class=\"fusion-post-content-wrapper\" style=\"padding:30px 25px 20px 25px;\"><div class=\"fusion-post-content post-content\"><h2 class=\"blog-shortcode-post-title entry-title\"><a href=\"https:\/\/intelsynet.com\/es\/tres-de-cada-cuatro-inversores-institucionales-afirman-que-el-esg-mejora-el-retorno-financiero\/\">Tres de cada cuatro inversores institucionales afirman que el ESG mejora el retorno financiero<\/a><\/h2><\/div><\/div><div class=\"fusion-clearfix\"><\/div><\/div>\n<\/article>\n<article id=\"blog-1-post-2776\" class=\"fusion-post-grid post-2776 post type-post status-publish format-standard has-post-thumbnail hentry category-nuestros-articulos\">\n<div class=\"fusion-post-wrapper\" style=\"background-color:rgba(255,255,255,0);border:1px solid #e8e8e8;border-bottom-width:3px;\">\n\n\t\t\t<div class=\"fusion-flexslider flexslider fusion-flexslider-loading fusion-post-slideshow\" style=\"border-color:#e8e8e8;\">\n\t\t<ul class=\"slides\">\n\t\t\t\n\t\t\t\t\t\t\t\t\t\t\t\t\t\t<li><div  class=\"fusion-image-wrapper\" aria-haspopup=\"true\">\n\t\t\t\t<img decoding=\"async\" width=\"1140\" height=\"798\" data-src=\"https:\/\/intelsynet.com\/wp-content\/uploads\/2021\/11\/a7956f0f-6129-4a48-aa1e-efe24ce0916d-1629752354-e1637929956562.jpg\" class=\"attachment-full size-full wp-post-image lazyload\" alt=\"Mitch Reznick\" src=\"data:image\/svg+xml;base64,PHN2ZyB3aWR0aD0iMSIgaGVpZ2h0PSIxIiB4bWxucz0iaHR0cDovL3d3dy53My5vcmcvMjAwMC9zdmciPjwvc3ZnPg==\" style=\"--smush-placeholder-width: 1140px; --smush-placeholder-aspect-ratio: 1140\/798;\" \/><div class=\"fusion-rollover\">\n\t<div class=\"fusion-rollover-content\">\n\n\t\t\t\t\n\t\t\n\t\t\t\t\t\t\t\t\t\t\t\t<h4 class=\"fusion-rollover-title\">\n\t\t\t\t\t<a class=\"fusion-rollover-title-link\" href=\"https:\/\/intelsynet.com\/es\/mitch-reznick-hay-bonos-verdes-que-solo-se-han-lanzado-para-afrontar-vencimientos\/\">\n\t\t\t\t\t\tMitch Reznick: \u201cHay bonos verdes que solo se han lanzado para afrontar vencimientos\u201d\t\t\t\t\t<\/a>\n\t\t\t\t<\/h4>\n\t\t\t\n\t\t\t\t\t\t\t\t\n\t\t\n\t\t\t\t\t\t<a class=\"fusion-link-wrapper\" href=\"https:\/\/intelsynet.com\/es\/mitch-reznick-hay-bonos-verdes-que-solo-se-han-lanzado-para-afrontar-vencimientos\/\" aria-label=\"Mitch Reznick: \u201cHay bonos verdes que solo se han lanzado para afrontar vencimientos\u201d\"><\/a>\n\t<\/div>\n<\/div>\n<\/div>\n<\/li>\n\t\t\t\n\t\t\t\n\t\t\t\t\t\t\t\t<\/ul>\n\t<\/div>\n\t<div class=\"fusion-post-content-wrapper\" style=\"padding:30px 25px 20px 25px;\"><div class=\"fusion-post-content post-content\"><h2 class=\"blog-shortcode-post-title entry-title\"><a href=\"https:\/\/intelsynet.com\/es\/mitch-reznick-hay-bonos-verdes-que-solo-se-han-lanzado-para-afrontar-vencimientos\/\">Mitch Reznick: \u201cHay bonos verdes que solo se han lanzado para afrontar vencimientos\u201d<\/a><\/h2><\/div><\/div><div class=\"fusion-clearfix\"><\/div><\/div>\n<\/article>\n<article id=\"blog-1-post-2779\" class=\"fusion-post-grid post-2779 post type-post status-publish format-standard has-post-thumbnail hentry category-nuestros-articulos\">\n<div class=\"fusion-post-wrapper\" style=\"background-color:rgba(255,255,255,0);border:1px solid #e8e8e8;border-bottom-width:3px;\">\n\n\t\t\t<div class=\"fusion-flexslider flexslider fusion-flexslider-loading fusion-post-slideshow\" style=\"border-color:#e8e8e8;\">\n\t\t<ul class=\"slides\">\n\t\t\t\n\t\t\t\t\t\t\t\t\t\t\t\t\t\t<li><div  class=\"fusion-image-wrapper\" aria-haspopup=\"true\">\n\t\t\t\t<img decoding=\"async\" width=\"1920\" height=\"1185\" data-src=\"https:\/\/intelsynet.com\/wp-content\/uploads\/2021\/11\/financing-2380147_1920-e1637930316451.jpg\" class=\"attachment-full size-full wp-post-image lazyload\" alt=\"\" data-srcset=\"https:\/\/intelsynet.com\/wp-content\/uploads\/2021\/11\/financing-2380147_1920-e1637930316451-200x123.jpg 200w, https:\/\/intelsynet.com\/wp-content\/uploads\/2021\/11\/financing-2380147_1920-e1637930316451-400x247.jpg 400w, https:\/\/intelsynet.com\/wp-content\/uploads\/2021\/11\/financing-2380147_1920-e1637930316451-600x370.jpg 600w, https:\/\/intelsynet.com\/wp-content\/uploads\/2021\/11\/financing-2380147_1920-e1637930316451-800x494.jpg 800w, https:\/\/intelsynet.com\/wp-content\/uploads\/2021\/11\/financing-2380147_1920-e1637930316451-1200x741.jpg 1200w, https:\/\/intelsynet.com\/wp-content\/uploads\/2021\/11\/financing-2380147_1920-e1637930316451.jpg 1920w\" data-sizes=\"(min-width: 2200px) 100vw, (min-width: 784px) 363px, (min-width: 712px) 545px, (min-width: 640px) 712px,\" src=\"data:image\/svg+xml;base64,PHN2ZyB3aWR0aD0iMSIgaGVpZ2h0PSIxIiB4bWxucz0iaHR0cDovL3d3dy53My5vcmcvMjAwMC9zdmciPjwvc3ZnPg==\" style=\"--smush-placeholder-width: 1920px; --smush-placeholder-aspect-ratio: 1920\/1185;\" \/><div class=\"fusion-rollover\">\n\t<div class=\"fusion-rollover-content\">\n\n\t\t\t\t\n\t\t\n\t\t\t\t\t\t\t\t\t\t\t\t<h4 class=\"fusion-rollover-title\">\n\t\t\t\t\t<a class=\"fusion-rollover-title-link\" href=\"https:\/\/intelsynet.com\/es\/cuanto-pesa-espana-en-los-indices-esg\/\">\n\t\t\t\t\t\tCu\u00e1nto pesa Espa\u00f1a en los \u00edndices ESG\t\t\t\t\t<\/a>\n\t\t\t\t<\/h4>\n\t\t\t\n\t\t\t\t\t\t\t\t\n\t\t\n\t\t\t\t\t\t<a class=\"fusion-link-wrapper\" href=\"https:\/\/intelsynet.com\/es\/cuanto-pesa-espana-en-los-indices-esg\/\" aria-label=\"Cu\u00e1nto pesa Espa\u00f1a en los \u00edndices ESG\"><\/a>\n\t<\/div>\n<\/div>\n<\/div>\n<\/li>\n\t\t\t\n\t\t\t\n\t\t\t\t\t\t\t\t<\/ul>\n\t<\/div>\n\t<div class=\"fusion-post-content-wrapper\" style=\"padding:30px 25px 20px 25px;\"><div class=\"fusion-post-content post-content\"><h2 class=\"blog-shortcode-post-title entry-title\"><a href=\"https:\/\/intelsynet.com\/es\/cuanto-pesa-espana-en-los-indices-esg\/\">Cu\u00e1nto pesa Espa\u00f1a en los \u00edndices ESG<\/a><\/h2><\/div><\/div><div class=\"fusion-clearfix\"><\/div><\/div>\n<\/article>\n<article id=\"blog-1-post-2773\" class=\"fusion-post-grid post-2773 post type-post status-publish format-standard has-post-thumbnail hentry category-nuestros-articulos\">\n<div class=\"fusion-post-wrapper\" style=\"background-color:rgba(255,255,255,0);border:1px solid #e8e8e8;border-bottom-width:3px;\">\n\n\t\t\t<div class=\"fusion-flexslider flexslider fusion-flexslider-loading fusion-post-slideshow\" style=\"border-color:#e8e8e8;\">\n\t\t<ul class=\"slides\">\n\t\t\t\n\t\t\t\t\t\t\t\t\t\t\t\t\t\t<li><div  class=\"fusion-image-wrapper\" aria-haspopup=\"true\">\n\t\t\t\t<img decoding=\"async\" width=\"1200\" height=\"744\" data-src=\"https:\/\/intelsynet.com\/wp-content\/uploads\/2021\/11\/Endesa-EP-e1637929483455.jpg\" class=\"attachment-full size-full wp-post-image lazyload\" alt=\"\" data-srcset=\"https:\/\/intelsynet.com\/wp-content\/uploads\/2021\/11\/Endesa-EP-e1637929483455-200x124.jpg 200w, https:\/\/intelsynet.com\/wp-content\/uploads\/2021\/11\/Endesa-EP-e1637929483455-400x248.jpg 400w, https:\/\/intelsynet.com\/wp-content\/uploads\/2021\/11\/Endesa-EP-e1637929483455-600x372.jpg 600w, https:\/\/intelsynet.com\/wp-content\/uploads\/2021\/11\/Endesa-EP-e1637929483455-800x496.jpg 800w, https:\/\/intelsynet.com\/wp-content\/uploads\/2021\/11\/Endesa-EP-e1637929483455.jpg 1200w\" data-sizes=\"(min-width: 2200px) 100vw, (min-width: 784px) 363px, (min-width: 712px) 545px, (min-width: 640px) 712px,\" src=\"data:image\/svg+xml;base64,PHN2ZyB3aWR0aD0iMSIgaGVpZ2h0PSIxIiB4bWxucz0iaHR0cDovL3d3dy53My5vcmcvMjAwMC9zdmciPjwvc3ZnPg==\" style=\"--smush-placeholder-width: 1200px; --smush-placeholder-aspect-ratio: 1200\/744;\" \/><div class=\"fusion-rollover\">\n\t<div class=\"fusion-rollover-content\">\n\n\t\t\t\t\n\t\t\n\t\t\t\t\t\t\t\t\t\t\t\t<h4 class=\"fusion-rollover-title\">\n\t\t\t\t\t<a class=\"fusion-rollover-title-link\" href=\"https:\/\/intelsynet.com\/es\/endesa-ya-luce-la-triple-a-de-msci-en-sostenibilidad\/\">\n\t\t\t\t\t\tEndesa ya luce la &#8216;triple A&#8217; de MSCI en sostenibilidad\t\t\t\t\t<\/a>\n\t\t\t\t<\/h4>\n\t\t\t\n\t\t\t\t\t\t\t\t\n\t\t\n\t\t\t\t\t\t<a class=\"fusion-link-wrapper\" href=\"https:\/\/intelsynet.com\/es\/endesa-ya-luce-la-triple-a-de-msci-en-sostenibilidad\/\" aria-label=\"Endesa ya luce la &#8216;triple A&#8217; de MSCI en sostenibilidad\"><\/a>\n\t<\/div>\n<\/div>\n<\/div>\n<\/li>\n\t\t\t\n\t\t\t\n\t\t\t\t\t\t\t\t<\/ul>\n\t<\/div>\n\t<div class=\"fusion-post-content-wrapper\" style=\"padding:30px 25px 20px 25px;\"><div class=\"fusion-post-content post-content\"><h2 class=\"blog-shortcode-post-title entry-title\"><a href=\"https:\/\/intelsynet.com\/es\/endesa-ya-luce-la-triple-a-de-msci-en-sostenibilidad\/\">Endesa ya luce la &#8216;triple A&#8217; de MSCI en sostenibilidad<\/a><\/h2><\/div><\/div><div class=\"fusion-clearfix\"><\/div><\/div>\n<\/article>\n<article id=\"blog-1-post-2743\" class=\"fusion-post-grid post-2743 post type-post status-publish format-standard has-post-thumbnail hentry category-nuestros-articulos\">\n<div class=\"fusion-post-wrapper\" style=\"background-color:rgba(255,255,255,0);border:1px solid #e8e8e8;border-bottom-width:3px;\">\n\n\t\t\t<div class=\"fusion-flexslider flexslider fusion-flexslider-loading fusion-post-slideshow\" style=\"border-color:#e8e8e8;\">\n\t\t<ul class=\"slides\">\n\t\t\t\n\t\t\t\t\t\t\t\t\t\t\t\t\t\t<li><div  class=\"fusion-image-wrapper\" aria-haspopup=\"true\">\n\t\t\t\t<img decoding=\"async\" width=\"1200\" height=\"742\" data-src=\"https:\/\/intelsynet.com\/wp-content\/uploads\/2021\/11\/Banca-Privada-de-BBVA.jpg\" class=\"attachment-full size-full wp-post-image lazyload\" alt=\"Banca Privada de BBVA\" data-srcset=\"https:\/\/intelsynet.com\/wp-content\/uploads\/2021\/11\/Banca-Privada-de-BBVA-200x124.jpg 200w, https:\/\/intelsynet.com\/wp-content\/uploads\/2021\/11\/Banca-Privada-de-BBVA-400x247.jpg 400w, https:\/\/intelsynet.com\/wp-content\/uploads\/2021\/11\/Banca-Privada-de-BBVA-600x371.jpg 600w, https:\/\/intelsynet.com\/wp-content\/uploads\/2021\/11\/Banca-Privada-de-BBVA-800x495.jpg 800w, https:\/\/intelsynet.com\/wp-content\/uploads\/2021\/11\/Banca-Privada-de-BBVA.jpg 1200w\" data-sizes=\"(min-width: 2200px) 100vw, (min-width: 784px) 363px, (min-width: 712px) 545px, (min-width: 640px) 712px,\" src=\"data:image\/svg+xml;base64,PHN2ZyB3aWR0aD0iMSIgaGVpZ2h0PSIxIiB4bWxucz0iaHR0cDovL3d3dy53My5vcmcvMjAwMC9zdmciPjwvc3ZnPg==\" style=\"--smush-placeholder-width: 1200px; --smush-placeholder-aspect-ratio: 1200\/742;\" \/><div class=\"fusion-rollover\">\n\t<div class=\"fusion-rollover-content\">\n\n\t\t\t\t\n\t\t\n\t\t\t\t\t\t\t\t\t\t\t\t<h4 class=\"fusion-rollover-title\">\n\t\t\t\t\t<a class=\"fusion-rollover-title-link\" href=\"https:\/\/intelsynet.com\/es\/banca-privada-de-bbva-mejor-del-mundo-en-inversion-responsable\/\">\n\t\t\t\t\t\tBanca Privada de BBVA la mejor del mundo en inversi\u00f3n responsable\t\t\t\t\t<\/a>\n\t\t\t\t<\/h4>\n\t\t\t\n\t\t\t\t\t\t\t\t\n\t\t\n\t\t\t\t\t\t<a class=\"fusion-link-wrapper\" href=\"https:\/\/intelsynet.com\/es\/banca-privada-de-bbva-mejor-del-mundo-en-inversion-responsable\/\" aria-label=\"Banca Privada de BBVA la mejor del mundo en inversi\u00f3n responsable\"><\/a>\n\t<\/div>\n<\/div>\n<\/div>\n<\/li>\n\t\t\t\n\t\t\t\n\t\t\t\t\t\t\t\t<\/ul>\n\t<\/div>\n\t<div class=\"fusion-post-content-wrapper\" style=\"padding:30px 25px 20px 25px;\"><div class=\"fusion-post-content post-content\"><h2 class=\"blog-shortcode-post-title entry-title\"><a href=\"https:\/\/intelsynet.com\/es\/banca-privada-de-bbva-mejor-del-mundo-en-inversion-responsable\/\">Banca Privada de BBVA la mejor del mundo en inversi\u00f3n responsable<\/a><\/h2><\/div><\/div><div class=\"fusion-clearfix\"><\/div><\/div>\n<\/article>\n<article id=\"blog-1-post-2742\" class=\"fusion-post-grid post-2742 post type-post status-publish format-standard has-post-thumbnail hentry category-nuestros-articulos\">\n<div class=\"fusion-post-wrapper\" style=\"background-color:rgba(255,255,255,0);border:1px solid #e8e8e8;border-bottom-width:3px;\">\n\n\t\t\t<div class=\"fusion-flexslider flexslider fusion-flexslider-loading fusion-post-slideshow\" style=\"border-color:#e8e8e8;\">\n\t\t<ul class=\"slides\">\n\t\t\t\n\t\t\t\t\t\t\t\t\t\t\t\t\t\t<li><div  class=\"fusion-image-wrapper\" aria-haspopup=\"true\">\n\t\t\t\t<img decoding=\"async\" width=\"680\" height=\"420\" data-src=\"https:\/\/intelsynet.com\/wp-content\/uploads\/2021\/11\/fondos-esg.jpg\" class=\"attachment-full size-full wp-post-image lazyload\" alt=\"fondos esg\" data-srcset=\"https:\/\/intelsynet.com\/wp-content\/uploads\/2021\/11\/fondos-esg-200x124.jpg 200w, https:\/\/intelsynet.com\/wp-content\/uploads\/2021\/11\/fondos-esg-400x247.jpg 400w, https:\/\/intelsynet.com\/wp-content\/uploads\/2021\/11\/fondos-esg-600x371.jpg 600w, https:\/\/intelsynet.com\/wp-content\/uploads\/2021\/11\/fondos-esg.jpg 680w\" data-sizes=\"(min-width: 2200px) 100vw, (min-width: 784px) 363px, (min-width: 712px) 545px, (min-width: 640px) 712px,\" src=\"data:image\/svg+xml;base64,PHN2ZyB3aWR0aD0iMSIgaGVpZ2h0PSIxIiB4bWxucz0iaHR0cDovL3d3dy53My5vcmcvMjAwMC9zdmciPjwvc3ZnPg==\" style=\"--smush-placeholder-width: 680px; --smush-placeholder-aspect-ratio: 680\/420;\" \/><div class=\"fusion-rollover\">\n\t<div class=\"fusion-rollover-content\">\n\n\t\t\t\t\n\t\t\n\t\t\t\t\t\t\t\t\t\t\t\t<h4 class=\"fusion-rollover-title\">\n\t\t\t\t\t<a class=\"fusion-rollover-title-link\" href=\"https:\/\/intelsynet.com\/es\/fondos-esg\/\">\n\t\t\t\t\t\tLos activos en fondos ESG europeos, de 3,4 billones de d\u00f3lares, multiplican por 10 a los estadounidenses\t\t\t\t\t<\/a>\n\t\t\t\t<\/h4>\n\t\t\t\n\t\t\t\t\t\t\t\t\n\t\t\n\t\t\t\t\t\t<a class=\"fusion-link-wrapper\" href=\"https:\/\/intelsynet.com\/es\/fondos-esg\/\" aria-label=\"Los activos en fondos ESG europeos, de 3,4 billones de d\u00f3lares, multiplican por 10 a los estadounidenses\"><\/a>\n\t<\/div>\n<\/div>\n<\/div>\n<\/li>\n\t\t\t\n\t\t\t\n\t\t\t\t\t\t\t\t<\/ul>\n\t<\/div>\n\t<div class=\"fusion-post-content-wrapper\" style=\"padding:30px 25px 20px 25px;\"><div class=\"fusion-post-content post-content\"><h2 class=\"blog-shortcode-post-title entry-title\"><a href=\"https:\/\/intelsynet.com\/es\/fondos-esg\/\">Los activos en fondos ESG europeos, de 3,4 billones de d\u00f3lares, multiplican por 10 a los estadounidenses<\/a><\/h2><\/div><\/div><div class=\"fusion-clearfix\"><\/div><\/div>\n<\/article>\n<article id=\"blog-1-post-2741\" class=\"fusion-post-grid post-2741 post type-post status-publish format-standard has-post-thumbnail hentry category-nuestros-articulos\">\n<div class=\"fusion-post-wrapper\" style=\"background-color:rgba(255,255,255,0);border:1px solid #e8e8e8;border-bottom-width:3px;\">\n\n\t\t\t<div class=\"fusion-flexslider flexslider fusion-flexslider-loading fusion-post-slideshow\" style=\"border-color:#e8e8e8;\">\n\t\t<ul class=\"slides\">\n\t\t\t\n\t\t\t\t\t\t\t\t\t\t\t\t\t\t<li><div  class=\"fusion-image-wrapper\" aria-haspopup=\"true\">\n\t\t\t\t<img decoding=\"async\" width=\"1456\" height=\"900\" data-src=\"https:\/\/intelsynet.com\/wp-content\/uploads\/2021\/11\/inversiones-sostenibles.jpg\" class=\"attachment-full size-full wp-post-image lazyload\" alt=\"inversiones sostenibles\" data-srcset=\"https:\/\/intelsynet.com\/wp-content\/uploads\/2021\/11\/inversiones-sostenibles-200x124.jpg 200w, https:\/\/intelsynet.com\/wp-content\/uploads\/2021\/11\/inversiones-sostenibles-400x247.jpg 400w, https:\/\/intelsynet.com\/wp-content\/uploads\/2021\/11\/inversiones-sostenibles-600x371.jpg 600w, https:\/\/intelsynet.com\/wp-content\/uploads\/2021\/11\/inversiones-sostenibles-800x495.jpg 800w, https:\/\/intelsynet.com\/wp-content\/uploads\/2021\/11\/inversiones-sostenibles-1200x742.jpg 1200w, https:\/\/intelsynet.com\/wp-content\/uploads\/2021\/11\/inversiones-sostenibles.jpg 1456w\" data-sizes=\"(min-width: 2200px) 100vw, (min-width: 784px) 363px, (min-width: 712px) 545px, (min-width: 640px) 712px,\" src=\"data:image\/svg+xml;base64,PHN2ZyB3aWR0aD0iMSIgaGVpZ2h0PSIxIiB4bWxucz0iaHR0cDovL3d3dy53My5vcmcvMjAwMC9zdmciPjwvc3ZnPg==\" style=\"--smush-placeholder-width: 1456px; --smush-placeholder-aspect-ratio: 1456\/900;\" \/><div class=\"fusion-rollover\">\n\t<div class=\"fusion-rollover-content\">\n\n\t\t\t\t\n\t\t\n\t\t\t\t\t\t\t\t\t\t\t\t<h4 class=\"fusion-rollover-title\">\n\t\t\t\t\t<a class=\"fusion-rollover-title-link\" href=\"https:\/\/intelsynet.com\/es\/lo-social-un-valor-al-alza-en-las-inversiones-sostenibles\/\">\n\t\t\t\t\t\tLo social, un valor al alza en las inversiones sostenibles\t\t\t\t\t<\/a>\n\t\t\t\t<\/h4>\n\t\t\t\n\t\t\t\t\t\t\t\t\n\t\t\n\t\t\t\t\t\t<a class=\"fusion-link-wrapper\" href=\"https:\/\/intelsynet.com\/es\/lo-social-un-valor-al-alza-en-las-inversiones-sostenibles\/\" aria-label=\"Lo social, un valor al alza en las inversiones sostenibles\"><\/a>\n\t<\/div>\n<\/div>\n<\/div>\n<\/li>\n\t\t\t\n\t\t\t\n\t\t\t\t\t\t\t\t<\/ul>\n\t<\/div>\n\t<div class=\"fusion-post-content-wrapper\" style=\"padding:30px 25px 20px 25px;\"><div class=\"fusion-post-content post-content\"><h2 class=\"blog-shortcode-post-title entry-title\"><a href=\"https:\/\/intelsynet.com\/es\/lo-social-un-valor-al-alza-en-las-inversiones-sostenibles\/\">Lo social, un valor al alza en las inversiones sostenibles<\/a><\/h2><\/div><\/div><div class=\"fusion-clearfix\"><\/div><\/div>\n<\/article>\n<article id=\"blog-1-post-2740\" class=\"fusion-post-grid post-2740 post type-post status-publish format-standard has-post-thumbnail hentry category-nuestros-articulos\">\n<div class=\"fusion-post-wrapper\" style=\"background-color:rgba(255,255,255,0);border:1px solid #e8e8e8;border-bottom-width:3px;\">\n\n\t\t\t<div class=\"fusion-flexslider flexslider fusion-flexslider-loading fusion-post-slideshow\" style=\"border-color:#e8e8e8;\">\n\t\t<ul class=\"slides\">\n\t\t\t\n\t\t\t\t\t\t\t\t\t\t\t\t\t\t<li><div  class=\"fusion-image-wrapper\" aria-haspopup=\"true\">\n\t\t\t\t<img decoding=\"async\" width=\"728\" height=\"450\" data-src=\"https:\/\/intelsynet.com\/wp-content\/uploads\/2021\/11\/abanca.jpg\" class=\"attachment-full size-full wp-post-image lazyload\" alt=\"abanca ESG\" data-srcset=\"https:\/\/intelsynet.com\/wp-content\/uploads\/2021\/11\/abanca-200x124.jpg 200w, https:\/\/intelsynet.com\/wp-content\/uploads\/2021\/11\/abanca-400x247.jpg 400w, https:\/\/intelsynet.com\/wp-content\/uploads\/2021\/11\/abanca-600x371.jpg 600w, https:\/\/intelsynet.com\/wp-content\/uploads\/2021\/11\/abanca.jpg 728w\" data-sizes=\"(min-width: 2200px) 100vw, (min-width: 784px) 363px, (min-width: 712px) 545px, (min-width: 640px) 712px,\" src=\"data:image\/svg+xml;base64,PHN2ZyB3aWR0aD0iMSIgaGVpZ2h0PSIxIiB4bWxucz0iaHR0cDovL3d3dy53My5vcmcvMjAwMC9zdmciPjwvc3ZnPg==\" style=\"--smush-placeholder-width: 728px; --smush-placeholder-aspect-ratio: 728\/450;\" \/><div class=\"fusion-rollover\">\n\t<div class=\"fusion-rollover-content\">\n\n\t\t\t\t\n\t\t\n\t\t\t\t\t\t\t\t\t\t\t\t<h4 class=\"fusion-rollover-title\">\n\t\t\t\t\t<a class=\"fusion-rollover-title-link\" href=\"https:\/\/intelsynet.com\/es\/abanca-esg-apuesta-por-las-finanzas-sostenibles\/\">\n\t\t\t\t\t\tAbanca apuesta por las finanzas sostenibles\t\t\t\t\t<\/a>\n\t\t\t\t<\/h4>\n\t\t\t\n\t\t\t\t\t\t\t\t\n\t\t\n\t\t\t\t\t\t<a class=\"fusion-link-wrapper\" href=\"https:\/\/intelsynet.com\/es\/abanca-esg-apuesta-por-las-finanzas-sostenibles\/\" aria-label=\"Abanca apuesta por las finanzas sostenibles\"><\/a>\n\t<\/div>\n<\/div>\n<\/div>\n<\/li>\n\t\t\t\n\t\t\t\n\t\t\t\t\t\t\t\t<\/ul>\n\t<\/div>\n\t<div class=\"fusion-post-content-wrapper\" style=\"padding:30px 25px 20px 25px;\"><div class=\"fusion-post-content post-content\"><h2 class=\"blog-shortcode-post-title entry-title\"><a href=\"https:\/\/intelsynet.com\/es\/abanca-esg-apuesta-por-las-finanzas-sostenibles\/\">Abanca apuesta por las finanzas sostenibles<\/a><\/h2><\/div><\/div><div class=\"fusion-clearfix\"><\/div><\/div>\n<\/article>\n<article id=\"blog-1-post-2739\" class=\"fusion-post-grid post-2739 post type-post status-publish format-standard has-post-thumbnail hentry category-nuestros-articulos\">\n<div class=\"fusion-post-wrapper\" style=\"background-color:rgba(255,255,255,0);border:1px solid #e8e8e8;border-bottom-width:3px;\">\n\n\t\t\t<div class=\"fusion-flexslider flexslider fusion-flexslider-loading fusion-post-slideshow\" style=\"border-color:#e8e8e8;\">\n\t\t<ul class=\"slides\">\n\t\t\t\n\t\t\t\t\t\t\t\t\t\t\t\t\t\t<li><div  class=\"fusion-image-wrapper\" aria-haspopup=\"true\">\n\t\t\t\t<img decoding=\"async\" width=\"680\" height=\"420\" data-src=\"https:\/\/intelsynet.com\/wp-content\/uploads\/2021\/11\/alphabet.jpg\" class=\"attachment-full size-full wp-post-image lazyload\" alt=\"alphabet\" data-srcset=\"https:\/\/intelsynet.com\/wp-content\/uploads\/2021\/11\/alphabet-200x124.jpg 200w, https:\/\/intelsynet.com\/wp-content\/uploads\/2021\/11\/alphabet-400x247.jpg 400w, https:\/\/intelsynet.com\/wp-content\/uploads\/2021\/11\/alphabet-600x371.jpg 600w, https:\/\/intelsynet.com\/wp-content\/uploads\/2021\/11\/alphabet.jpg 680w\" data-sizes=\"(min-width: 2200px) 100vw, (min-width: 784px) 363px, (min-width: 712px) 545px, (min-width: 640px) 712px,\" src=\"data:image\/svg+xml;base64,PHN2ZyB3aWR0aD0iMSIgaGVpZ2h0PSIxIiB4bWxucz0iaHR0cDovL3d3dy53My5vcmcvMjAwMC9zdmciPjwvc3ZnPg==\" style=\"--smush-placeholder-width: 680px; --smush-placeholder-aspect-ratio: 680\/420;\" \/><div class=\"fusion-rollover\">\n\t<div class=\"fusion-rollover-content\">\n\n\t\t\t\t\n\t\t\n\t\t\t\t\t\t\t\t\t\t\t\t<h4 class=\"fusion-rollover-title\">\n\t\t\t\t\t<a class=\"fusion-rollover-title-link\" href=\"https:\/\/intelsynet.com\/es\/alphabet-aprueba-con-nota-en-esg-y-netflix-y-apple-suspenden\/\">\n\t\t\t\t\t\tAlphabet aprueba con nota en ESG y Netflix y Apple suspenden\t\t\t\t\t<\/a>\n\t\t\t\t<\/h4>\n\t\t\t\n\t\t\t\t\t\t\t\t\n\t\t\n\t\t\t\t\t\t<a class=\"fusion-link-wrapper\" href=\"https:\/\/intelsynet.com\/es\/alphabet-aprueba-con-nota-en-esg-y-netflix-y-apple-suspenden\/\" aria-label=\"Alphabet aprueba con nota en ESG y Netflix y Apple suspenden\"><\/a>\n\t<\/div>\n<\/div>\n<\/div>\n<\/li>\n\t\t\t\n\t\t\t\n\t\t\t\t\t\t\t\t<\/ul>\n\t<\/div>\n\t<div class=\"fusion-post-content-wrapper\" style=\"padding:30px 25px 20px 25px;\"><div class=\"fusion-post-content post-content\"><h2 class=\"blog-shortcode-post-title entry-title\"><a href=\"https:\/\/intelsynet.com\/es\/alphabet-aprueba-con-nota-en-esg-y-netflix-y-apple-suspenden\/\">Alphabet aprueba con nota en ESG y Netflix y Apple suspenden<\/a><\/h2><\/div><\/div><div class=\"fusion-clearfix\"><\/div><\/div>\n<\/article>\n<article id=\"blog-1-post-2738\" class=\"fusion-post-grid post-2738 post type-post status-publish format-standard has-post-thumbnail hentry category-nuestros-articulos\">\n<div class=\"fusion-post-wrapper\" style=\"background-color:rgba(255,255,255,0);border:1px solid #e8e8e8;border-bottom-width:3px;\">\n\n\t\t\t<div class=\"fusion-flexslider flexslider fusion-flexslider-loading fusion-post-slideshow\" style=\"border-color:#e8e8e8;\">\n\t\t<ul class=\"slides\">\n\t\t\t\n\t\t\t\t\t\t\t\t\t\t\t\t\t\t<li><div  class=\"fusion-image-wrapper\" aria-haspopup=\"true\">\n\t\t\t\t<img decoding=\"async\" width=\"1250\" height=\"773\" data-src=\"https:\/\/intelsynet.com\/wp-content\/uploads\/2021\/11\/criterios-sostenibles.jpg\" class=\"attachment-full size-full wp-post-image lazyload\" alt=\"criterios sostenibles\" data-srcset=\"https:\/\/intelsynet.com\/wp-content\/uploads\/2021\/11\/criterios-sostenibles-200x124.jpg 200w, https:\/\/intelsynet.com\/wp-content\/uploads\/2021\/11\/criterios-sostenibles-400x247.jpg 400w, https:\/\/intelsynet.com\/wp-content\/uploads\/2021\/11\/criterios-sostenibles-600x371.jpg 600w, https:\/\/intelsynet.com\/wp-content\/uploads\/2021\/11\/criterios-sostenibles-800x495.jpg 800w, https:\/\/intelsynet.com\/wp-content\/uploads\/2021\/11\/criterios-sostenibles-1200x742.jpg 1200w, https:\/\/intelsynet.com\/wp-content\/uploads\/2021\/11\/criterios-sostenibles.jpg 1250w\" data-sizes=\"(min-width: 2200px) 100vw, (min-width: 784px) 363px, (min-width: 712px) 545px, (min-width: 640px) 712px,\" src=\"data:image\/svg+xml;base64,PHN2ZyB3aWR0aD0iMSIgaGVpZ2h0PSIxIiB4bWxucz0iaHR0cDovL3d3dy53My5vcmcvMjAwMC9zdmciPjwvc3ZnPg==\" style=\"--smush-placeholder-width: 1250px; --smush-placeholder-aspect-ratio: 1250\/773;\" \/><div class=\"fusion-rollover\">\n\t<div class=\"fusion-rollover-content\">\n\n\t\t\t\t\n\t\t\n\t\t\t\t\t\t\t\t\t\t\t\t<h4 class=\"fusion-rollover-title\">\n\t\t\t\t\t<a class=\"fusion-rollover-title-link\" href=\"https:\/\/intelsynet.com\/es\/criterios-sostenibles-en-los-fondos-esg\/\">\n\t\t\t\t\t\tCriterios sostenibles en fondos ESG: inversiones que generan un cambio\t\t\t\t\t<\/a>\n\t\t\t\t<\/h4>\n\t\t\t\n\t\t\t\t\t\t\t\t\n\t\t\n\t\t\t\t\t\t<a class=\"fusion-link-wrapper\" href=\"https:\/\/intelsynet.com\/es\/criterios-sostenibles-en-los-fondos-esg\/\" aria-label=\"Criterios sostenibles en fondos ESG: inversiones que generan un cambio\"><\/a>\n\t<\/div>\n<\/div>\n<\/div>\n<\/li>\n\t\t\t\n\t\t\t\n\t\t\t\t\t\t\t\t<\/ul>\n\t<\/div>\n\t<div class=\"fusion-post-content-wrapper\" style=\"padding:30px 25px 20px 25px;\"><div class=\"fusion-post-content post-content\"><h2 class=\"blog-shortcode-post-title entry-title\"><a href=\"https:\/\/intelsynet.com\/es\/criterios-sostenibles-en-los-fondos-esg\/\">Criterios sostenibles en fondos ESG: inversiones que generan un cambio<\/a><\/h2><\/div><\/div><div class=\"fusion-clearfix\"><\/div><\/div>\n<\/article>\n<article id=\"blog-1-post-2737\" class=\"fusion-post-grid post-2737 post type-post status-publish format-standard has-post-thumbnail hentry category-nuestros-articulos\">\n<div class=\"fusion-post-wrapper\" style=\"background-color:rgba(255,255,255,0);border:1px solid #e8e8e8;border-bottom-width:3px;\">\n\n\t\t\t<div class=\"fusion-flexslider flexslider fusion-flexslider-loading fusion-post-slideshow\" style=\"border-color:#e8e8e8;\">\n\t\t<ul class=\"slides\">\n\t\t\t\n\t\t\t\t\t\t\t\t\t\t\t\t\t\t<li><div  class=\"fusion-image-wrapper\" aria-haspopup=\"true\">\n\t\t\t\t<img decoding=\"async\" width=\"546\" height=\"338\" data-src=\"https:\/\/intelsynet.com\/wp-content\/uploads\/2021\/11\/telefonica.jpg\" class=\"attachment-full size-full wp-post-image lazyload\" alt=\"telef\u00f3nica\" data-srcset=\"https:\/\/intelsynet.com\/wp-content\/uploads\/2021\/11\/telefonica-200x124.jpg 200w, https:\/\/intelsynet.com\/wp-content\/uploads\/2021\/11\/telefonica-400x248.jpg 400w, https:\/\/intelsynet.com\/wp-content\/uploads\/2021\/11\/telefonica.jpg 546w\" data-sizes=\"(min-width: 2200px) 100vw, (min-width: 784px) 363px, (min-width: 712px) 545px, (min-width: 640px) 712px,\" src=\"data:image\/svg+xml;base64,PHN2ZyB3aWR0aD0iMSIgaGVpZ2h0PSIxIiB4bWxucz0iaHR0cDovL3d3dy53My5vcmcvMjAwMC9zdmciPjwvc3ZnPg==\" style=\"--smush-placeholder-width: 546px; --smush-placeholder-aspect-ratio: 546\/338;\" \/><div class=\"fusion-rollover\">\n\t<div class=\"fusion-rollover-content\">\n\n\t\t\t\t\n\t\t\n\t\t\t\t\t\t\t\t\t\t\t\t<h4 class=\"fusion-rollover-title\">\n\t\t\t\t\t<a class=\"fusion-rollover-title-link\" href=\"https:\/\/intelsynet.com\/es\/telefonica-se-consolida-entre-las-empresas-lideres-en-esg\/\">\n\t\t\t\t\t\tTelef\u00f3nica se consolida entre las empresas l\u00edderes en ESG\t\t\t\t\t<\/a>\n\t\t\t\t<\/h4>\n\t\t\t\n\t\t\t\t\t\t\t\t\n\t\t\n\t\t\t\t\t\t<a class=\"fusion-link-wrapper\" href=\"https:\/\/intelsynet.com\/es\/telefonica-se-consolida-entre-las-empresas-lideres-en-esg\/\" aria-label=\"Telef\u00f3nica se consolida entre las empresas l\u00edderes en ESG\"><\/a>\n\t<\/div>\n<\/div>\n<\/div>\n<\/li>\n\t\t\t\n\t\t\t\n\t\t\t\t\t\t\t\t<\/ul>\n\t<\/div>\n\t<div class=\"fusion-post-content-wrapper\" style=\"padding:30px 25px 20px 25px;\"><div class=\"fusion-post-content post-content\"><h2 class=\"blog-shortcode-post-title entry-title\"><a href=\"https:\/\/intelsynet.com\/es\/telefonica-se-consolida-entre-las-empresas-lideres-en-esg\/\">Telef\u00f3nica se consolida entre las empresas l\u00edderes en ESG<\/a><\/h2><\/div><\/div><div class=\"fusion-clearfix\"><\/div><\/div>\n<\/article>\n<article id=\"blog-1-post-2733\" class=\"fusion-post-grid post-2733 post type-post status-publish format-standard has-post-thumbnail hentry category-nuestros-articulos\">\n<div class=\"fusion-post-wrapper\" style=\"background-color:rgba(255,255,255,0);border:1px solid #e8e8e8;border-bottom-width:3px;\">\n\n\t\t\t<div class=\"fusion-flexslider flexslider fusion-flexslider-loading fusion-post-slideshow\" style=\"border-color:#e8e8e8;\">\n\t\t<ul class=\"slides\">\n\t\t\t\n\t\t\t\t\t\t\t\t\t\t\t\t\t\t<li><div  class=\"fusion-image-wrapper\" aria-haspopup=\"true\">\n\t\t\t\t<img decoding=\"async\" width=\"1164\" height=\"720\" data-src=\"https:\/\/intelsynet.com\/wp-content\/uploads\/2021\/11\/maxresdefault.jpg\" class=\"attachment-full size-full wp-post-image lazyload\" alt=\"observatorio mapfre\" data-srcset=\"https:\/\/intelsynet.com\/wp-content\/uploads\/2021\/11\/maxresdefault-200x124.jpg 200w, https:\/\/intelsynet.com\/wp-content\/uploads\/2021\/11\/maxresdefault-400x247.jpg 400w, https:\/\/intelsynet.com\/wp-content\/uploads\/2021\/11\/maxresdefault-600x371.jpg 600w, https:\/\/intelsynet.com\/wp-content\/uploads\/2021\/11\/maxresdefault-800x495.jpg 800w, https:\/\/intelsynet.com\/wp-content\/uploads\/2021\/11\/maxresdefault.jpg 1164w\" data-sizes=\"(min-width: 2200px) 100vw, (min-width: 784px) 363px, (min-width: 712px) 545px, (min-width: 640px) 712px,\" src=\"data:image\/svg+xml;base64,PHN2ZyB3aWR0aD0iMSIgaGVpZ2h0PSIxIiB4bWxucz0iaHR0cDovL3d3dy53My5vcmcvMjAwMC9zdmciPjwvc3ZnPg==\" style=\"--smush-placeholder-width: 1164px; --smush-placeholder-aspect-ratio: 1164\/720;\" \/><div class=\"fusion-rollover\">\n\t<div class=\"fusion-rollover-content\">\n\n\t\t\t\t\n\t\t\n\t\t\t\t\t\t\t\t\t\t\t\t<h4 class=\"fusion-rollover-title\">\n\t\t\t\t\t<a class=\"fusion-rollover-title-link\" href=\"https:\/\/intelsynet.com\/es\/observatorio-mapfre-de-finanzas-sostenibles\/\">\n\t\t\t\t\t\tII Foro del Observatorio Mapfre de Finanzas Sostenibles\t\t\t\t\t<\/a>\n\t\t\t\t<\/h4>\n\t\t\t\n\t\t\t\t\t\t\t\t\n\t\t\n\t\t\t\t\t\t<a class=\"fusion-link-wrapper\" href=\"https:\/\/intelsynet.com\/es\/observatorio-mapfre-de-finanzas-sostenibles\/\" aria-label=\"II Foro del Observatorio Mapfre de Finanzas Sostenibles\"><\/a>\n\t<\/div>\n<\/div>\n<\/div>\n<\/li>\n\t\t\t\n\t\t\t\n\t\t\t\t\t\t\t\t<\/ul>\n\t<\/div>\n\t<div class=\"fusion-post-content-wrapper\" style=\"padding:30px 25px 20px 25px;\"><div class=\"fusion-post-content post-content\"><h2 class=\"blog-shortcode-post-title entry-title\"><a href=\"https:\/\/intelsynet.com\/es\/observatorio-mapfre-de-finanzas-sostenibles\/\">II Foro del Observatorio Mapfre de Finanzas Sostenibles<\/a><\/h2><\/div><\/div><div class=\"fusion-clearfix\"><\/div><\/div>\n<\/article>\n<article id=\"blog-1-post-2710\" class=\"fusion-post-grid post-2710 post type-post status-publish format-standard has-post-thumbnail hentry category-nuestros-articulos\">\n<div class=\"fusion-post-wrapper\" style=\"background-color:rgba(255,255,255,0);border:1px solid #e8e8e8;border-bottom-width:3px;\">\n\n\t\t\t<div class=\"fusion-flexslider flexslider fusion-flexslider-loading fusion-post-slideshow\" style=\"border-color:#e8e8e8;\">\n\t\t<ul class=\"slides\">\n\t\t\t\n\t\t\t\t\t\t\t\t\t\t\t\t\t\t<li><div  class=\"fusion-image-wrapper\" aria-haspopup=\"true\">\n\t\t\t\t<img decoding=\"async\" width=\"1624\" height=\"1004\" data-src=\"https:\/\/intelsynet.com\/wp-content\/uploads\/2021\/11\/sostenibilidad.jpg\" class=\"attachment-full size-full wp-post-image lazyload\" alt=\"s de sostenibilidad\" data-srcset=\"https:\/\/intelsynet.com\/wp-content\/uploads\/2021\/11\/sostenibilidad-200x124.jpg 200w, https:\/\/intelsynet.com\/wp-content\/uploads\/2021\/11\/sostenibilidad-400x247.jpg 400w, https:\/\/intelsynet.com\/wp-content\/uploads\/2021\/11\/sostenibilidad-600x371.jpg 600w, https:\/\/intelsynet.com\/wp-content\/uploads\/2021\/11\/sostenibilidad-800x495.jpg 800w, https:\/\/intelsynet.com\/wp-content\/uploads\/2021\/11\/sostenibilidad-1200x742.jpg 1200w, https:\/\/intelsynet.com\/wp-content\/uploads\/2021\/11\/sostenibilidad.jpg 1624w\" data-sizes=\"(min-width: 2200px) 100vw, (min-width: 784px) 363px, (min-width: 712px) 545px, (min-width: 640px) 712px,\" src=\"data:image\/svg+xml;base64,PHN2ZyB3aWR0aD0iMSIgaGVpZ2h0PSIxIiB4bWxucz0iaHR0cDovL3d3dy53My5vcmcvMjAwMC9zdmciPjwvc3ZnPg==\" style=\"--smush-placeholder-width: 1624px; --smush-placeholder-aspect-ratio: 1624\/1004;\" \/><div class=\"fusion-rollover\">\n\t<div class=\"fusion-rollover-content\">\n\n\t\t\t\t\n\t\t\n\t\t\t\t\t\t\t\t\t\t\t\t<h4 class=\"fusion-rollover-title\">\n\t\t\t\t\t<a class=\"fusion-rollover-title-link\" href=\"https:\/\/intelsynet.com\/es\/la-s-de-sostenibilidad-la-letra-olvidada\/\">\n\t\t\t\t\t\tLa S de sostenibilidad: \u00bfla letra olvidada?\t\t\t\t\t<\/a>\n\t\t\t\t<\/h4>\n\t\t\t\n\t\t\t\t\t\t\t\t\n\t\t\n\t\t\t\t\t\t<a class=\"fusion-link-wrapper\" href=\"https:\/\/intelsynet.com\/es\/la-s-de-sostenibilidad-la-letra-olvidada\/\" aria-label=\"La S de sostenibilidad: \u00bfla letra olvidada?\"><\/a>\n\t<\/div>\n<\/div>\n<\/div>\n<\/li>\n\t\t\t\n\t\t\t\n\t\t\t\t\t\t\t\t<\/ul>\n\t<\/div>\n\t<div class=\"fusion-post-content-wrapper\" style=\"padding:30px 25px 20px 25px;\"><div class=\"fusion-post-content post-content\"><h2 class=\"blog-shortcode-post-title entry-title\"><a href=\"https:\/\/intelsynet.com\/es\/la-s-de-sostenibilidad-la-letra-olvidada\/\">La S de sostenibilidad: \u00bfla letra olvidada?<\/a><\/h2><\/div><\/div><div class=\"fusion-clearfix\"><\/div><\/div>\n<\/article>\n<article id=\"blog-1-post-2709\" class=\"fusion-post-grid post-2709 post type-post status-publish format-standard has-post-thumbnail hentry category-nuestros-articulos\">\n<div class=\"fusion-post-wrapper\" style=\"background-color:rgba(255,255,255,0);border:1px solid #e8e8e8;border-bottom-width:3px;\">\n\n\t\t\t<div class=\"fusion-flexslider flexslider fusion-flexslider-loading fusion-post-slideshow\" style=\"border-color:#e8e8e8;\">\n\t\t<ul class=\"slides\">\n\t\t\t\n\t\t\t\t\t\t\t\t\t\t\t\t\t\t<li><div  class=\"fusion-image-wrapper\" aria-haspopup=\"true\">\n\t\t\t\t<img decoding=\"async\" width=\"600\" height=\"371\" data-src=\"https:\/\/intelsynet.com\/wp-content\/uploads\/2021\/11\/fiscalidad.jpg\" class=\"attachment-full size-full wp-post-image lazyload\" alt=\"Fiscalidad ESG\" data-srcset=\"https:\/\/intelsynet.com\/wp-content\/uploads\/2021\/11\/fiscalidad-200x124.jpg 200w, https:\/\/intelsynet.com\/wp-content\/uploads\/2021\/11\/fiscalidad-400x247.jpg 400w, https:\/\/intelsynet.com\/wp-content\/uploads\/2021\/11\/fiscalidad.jpg 600w\" data-sizes=\"(min-width: 2200px) 100vw, (min-width: 784px) 363px, (min-width: 712px) 545px, (min-width: 640px) 712px,\" src=\"data:image\/svg+xml;base64,PHN2ZyB3aWR0aD0iMSIgaGVpZ2h0PSIxIiB4bWxucz0iaHR0cDovL3d3dy53My5vcmcvMjAwMC9zdmciPjwvc3ZnPg==\" style=\"--smush-placeholder-width: 600px; --smush-placeholder-aspect-ratio: 600\/371;\" \/><div class=\"fusion-rollover\">\n\t<div class=\"fusion-rollover-content\">\n\n\t\t\t\t\n\t\t\n\t\t\t\t\t\t\t\t\t\t\t\t<h4 class=\"fusion-rollover-title\">\n\t\t\t\t\t<a class=\"fusion-rollover-title-link\" href=\"https:\/\/intelsynet.com\/es\/fiscalidad-esg\/\">\n\t\t\t\t\t\tLa Fiscalidad ESG\t\t\t\t\t<\/a>\n\t\t\t\t<\/h4>\n\t\t\t\n\t\t\t\t\t\t\t\t\n\t\t\n\t\t\t\t\t\t<a class=\"fusion-link-wrapper\" href=\"https:\/\/intelsynet.com\/es\/fiscalidad-esg\/\" aria-label=\"La Fiscalidad ESG\"><\/a>\n\t<\/div>\n<\/div>\n<\/div>\n<\/li>\n\t\t\t\n\t\t\t\n\t\t\t\t\t\t\t\t<\/ul>\n\t<\/div>\n\t<div class=\"fusion-post-content-wrapper\" style=\"padding:30px 25px 20px 25px;\"><div class=\"fusion-post-content post-content\"><h2 class=\"blog-shortcode-post-title entry-title\"><a href=\"https:\/\/intelsynet.com\/es\/fiscalidad-esg\/\">La Fiscalidad ESG<\/a><\/h2><\/div><\/div><div class=\"fusion-clearfix\"><\/div><\/div>\n<\/article>\n<article id=\"blog-1-post-2711\" class=\"fusion-post-grid post-2711 post type-post status-publish format-standard has-post-thumbnail hentry category-nuestros-articulos\">\n<div class=\"fusion-post-wrapper\" style=\"background-color:rgba(255,255,255,0);border:1px solid #e8e8e8;border-bottom-width:3px;\">\n\n\t\t\t<div class=\"fusion-flexslider flexslider fusion-flexslider-loading fusion-post-slideshow\" style=\"border-color:#e8e8e8;\">\n\t\t<ul class=\"slides\">\n\t\t\t\n\t\t\t\t\t\t\t\t\t\t\t\t\t\t<li><div  class=\"fusion-image-wrapper\" aria-haspopup=\"true\">\n\t\t\t\t<img decoding=\"async\" width=\"694\" height=\"429\" data-src=\"https:\/\/intelsynet.com\/wp-content\/uploads\/2021\/11\/moda.jpg\" class=\"attachment-full size-full wp-post-image lazyload\" alt=\"ESG en la moda\" data-srcset=\"https:\/\/intelsynet.com\/wp-content\/uploads\/2021\/11\/moda-200x124.jpg 200w, https:\/\/intelsynet.com\/wp-content\/uploads\/2021\/11\/moda-400x247.jpg 400w, https:\/\/intelsynet.com\/wp-content\/uploads\/2021\/11\/moda-600x371.jpg 600w, https:\/\/intelsynet.com\/wp-content\/uploads\/2021\/11\/moda.jpg 694w\" data-sizes=\"(min-width: 2200px) 100vw, (min-width: 784px) 363px, (min-width: 712px) 545px, (min-width: 640px) 712px,\" src=\"data:image\/svg+xml;base64,PHN2ZyB3aWR0aD0iMSIgaGVpZ2h0PSIxIiB4bWxucz0iaHR0cDovL3d3dy53My5vcmcvMjAwMC9zdmciPjwvc3ZnPg==\" style=\"--smush-placeholder-width: 694px; --smush-placeholder-aspect-ratio: 694\/429;\" \/><div class=\"fusion-rollover\">\n\t<div class=\"fusion-rollover-content\">\n\n\t\t\t\t\n\t\t\n\t\t\t\t\t\t\t\t\t\t\t\t<h4 class=\"fusion-rollover-title\">\n\t\t\t\t\t<a class=\"fusion-rollover-title-link\" href=\"https:\/\/intelsynet.com\/es\/esg-en-la-moda-greenwashing-en-la-industria-de-la-moda\/\">\n\t\t\t\t\t\tESG en la moda: el marco de la UE sobre el greenwashing en la industria de la moda\t\t\t\t\t<\/a>\n\t\t\t\t<\/h4>\n\t\t\t\n\t\t\t\t\t\t\t\t\n\t\t\n\t\t\t\t\t\t<a class=\"fusion-link-wrapper\" href=\"https:\/\/intelsynet.com\/es\/esg-en-la-moda-greenwashing-en-la-industria-de-la-moda\/\" aria-label=\"ESG en la moda: el marco de la UE sobre el greenwashing en la industria de la moda\"><\/a>\n\t<\/div>\n<\/div>\n<\/div>\n<\/li>\n\t\t\t\n\t\t\t\n\t\t\t\t\t\t\t\t<\/ul>\n\t<\/div>\n\t<div class=\"fusion-post-content-wrapper\" style=\"padding:30px 25px 20px 25px;\"><div class=\"fusion-post-content post-content\"><h2 class=\"blog-shortcode-post-title entry-title\"><a href=\"https:\/\/intelsynet.com\/es\/esg-en-la-moda-greenwashing-en-la-industria-de-la-moda\/\">ESG en la moda: el marco de la UE sobre el greenwashing en la industria de la moda<\/a><\/h2><\/div><\/div><div class=\"fusion-clearfix\"><\/div><\/div>\n<\/article>\n<article id=\"blog-1-post-2708\" class=\"fusion-post-grid post-2708 post type-post status-publish format-standard has-post-thumbnail hentry category-nuestros-articulos\">\n<div class=\"fusion-post-wrapper\" style=\"background-color:rgba(255,255,255,0);border:1px solid #e8e8e8;border-bottom-width:3px;\">\n\n\t\t\t<div class=\"fusion-flexslider flexslider fusion-flexslider-loading fusion-post-slideshow\" style=\"border-color:#e8e8e8;\">\n\t\t<ul class=\"slides\">\n\t\t\t\n\t\t\t\t\t\t\t\t\t\t\t\t\t\t<li><div  class=\"fusion-image-wrapper\" aria-haspopup=\"true\">\n\t\t\t\t<img decoding=\"async\" width=\"680\" height=\"420\" data-src=\"https:\/\/intelsynet.com\/wp-content\/uploads\/2021\/11\/inversion.jpg\" class=\"attachment-full size-full wp-post-image lazyload\" alt=\"activos sostenibles\" data-srcset=\"https:\/\/intelsynet.com\/wp-content\/uploads\/2021\/11\/inversion-200x124.jpg 200w, https:\/\/intelsynet.com\/wp-content\/uploads\/2021\/11\/inversion-400x247.jpg 400w, https:\/\/intelsynet.com\/wp-content\/uploads\/2021\/11\/inversion-600x371.jpg 600w, https:\/\/intelsynet.com\/wp-content\/uploads\/2021\/11\/inversion.jpg 680w\" data-sizes=\"(min-width: 2200px) 100vw, (min-width: 784px) 363px, (min-width: 712px) 545px, (min-width: 640px) 712px,\" src=\"data:image\/svg+xml;base64,PHN2ZyB3aWR0aD0iMSIgaGVpZ2h0PSIxIiB4bWxucz0iaHR0cDovL3d3dy53My5vcmcvMjAwMC9zdmciPjwvc3ZnPg==\" style=\"--smush-placeholder-width: 680px; --smush-placeholder-aspect-ratio: 680\/420;\" \/><div class=\"fusion-rollover\">\n\t<div class=\"fusion-rollover-content\">\n\n\t\t\t\t\n\t\t\n\t\t\t\t\t\t\t\t\t\t\t\t<h4 class=\"fusion-rollover-title\">\n\t\t\t\t\t<a class=\"fusion-rollover-title-link\" href=\"https:\/\/intelsynet.com\/es\/activos-sostenibles\/\">\n\t\t\t\t\t\tUn 32% de minoristas de EEUU invierte en ESG, frente a un 22% de europeos\t\t\t\t\t<\/a>\n\t\t\t\t<\/h4>\n\t\t\t\n\t\t\t\t\t\t\t\t\n\t\t\n\t\t\t\t\t\t<a class=\"fusion-link-wrapper\" href=\"https:\/\/intelsynet.com\/es\/activos-sostenibles\/\" aria-label=\"Un 32% de minoristas de EEUU invierte en ESG, frente a un 22% de europeos\"><\/a>\n\t<\/div>\n<\/div>\n<\/div>\n<\/li>\n\t\t\t\n\t\t\t\n\t\t\t\t\t\t\t\t<\/ul>\n\t<\/div>\n\t<div class=\"fusion-post-content-wrapper\" style=\"padding:30px 25px 20px 25px;\"><div class=\"fusion-post-content post-content\"><h2 class=\"blog-shortcode-post-title entry-title\"><a href=\"https:\/\/intelsynet.com\/es\/activos-sostenibles\/\">Un 32% de minoristas de EEUU invierte en ESG, frente a un 22% de europeos<\/a><\/h2><\/div><\/div><div class=\"fusion-clearfix\"><\/div><\/div>\n<\/article>\n<article id=\"blog-1-post-2698\" class=\"fusion-post-grid post-2698 post type-post status-publish format-standard has-post-thumbnail hentry category-nuestros-articulos\">\n<div class=\"fusion-post-wrapper\" style=\"background-color:rgba(255,255,255,0);border:1px solid #e8e8e8;border-bottom-width:3px;\">\n\n\t\t\t<div class=\"fusion-flexslider flexslider fusion-flexslider-loading fusion-post-slideshow\" style=\"border-color:#e8e8e8;\">\n\t\t<ul class=\"slides\">\n\t\t\t\n\t\t\t\t\t\t\t\t\t\t\t\t\t\t<li><div  class=\"fusion-image-wrapper\" aria-haspopup=\"true\">\n\t\t\t\t<img decoding=\"async\" width=\"824\" height=\"509\" data-src=\"https:\/\/intelsynet.com\/wp-content\/uploads\/2021\/11\/Calvino.jpg\" class=\"attachment-full size-full wp-post-image lazyload\" alt=\"veh\u00edculo el\u00e9ctrico\" data-srcset=\"https:\/\/intelsynet.com\/wp-content\/uploads\/2021\/11\/Calvino-200x124.jpg 200w, https:\/\/intelsynet.com\/wp-content\/uploads\/2021\/11\/Calvino-400x247.jpg 400w, https:\/\/intelsynet.com\/wp-content\/uploads\/2021\/11\/Calvino-600x371.jpg 600w, https:\/\/intelsynet.com\/wp-content\/uploads\/2021\/11\/Calvino-800x494.jpg 800w, https:\/\/intelsynet.com\/wp-content\/uploads\/2021\/11\/Calvino.jpg 824w\" data-sizes=\"(min-width: 2200px) 100vw, (min-width: 784px) 363px, (min-width: 712px) 545px, (min-width: 640px) 712px,\" src=\"data:image\/svg+xml;base64,PHN2ZyB3aWR0aD0iMSIgaGVpZ2h0PSIxIiB4bWxucz0iaHR0cDovL3d3dy53My5vcmcvMjAwMC9zdmciPjwvc3ZnPg==\" style=\"--smush-placeholder-width: 824px; --smush-placeholder-aspect-ratio: 824\/509;\" \/><div class=\"fusion-rollover\">\n\t<div class=\"fusion-rollover-content\">\n\n\t\t\t\t\n\t\t\n\t\t\t\t\t\t\t\t\t\t\t\t<h4 class=\"fusion-rollover-title\">\n\t\t\t\t\t<a class=\"fusion-rollover-title-link\" href=\"https:\/\/intelsynet.com\/es\/el-proyecto-estrategico-del-vehiculo-electrico\/\">\n\t\t\t\t\t\tEl proyecto estrat\u00e9gico del veh\u00edculo el\u00e9ctrico\t\t\t\t\t<\/a>\n\t\t\t\t<\/h4>\n\t\t\t\n\t\t\t\t\t\t\t\t\n\t\t\n\t\t\t\t\t\t<a class=\"fusion-link-wrapper\" href=\"https:\/\/intelsynet.com\/es\/el-proyecto-estrategico-del-vehiculo-electrico\/\" aria-label=\"El proyecto estrat\u00e9gico del veh\u00edculo el\u00e9ctrico\"><\/a>\n\t<\/div>\n<\/div>\n<\/div>\n<\/li>\n\t\t\t\n\t\t\t\n\t\t\t\t\t\t\t\t<\/ul>\n\t<\/div>\n\t<div class=\"fusion-post-content-wrapper\" style=\"padding:30px 25px 20px 25px;\"><div class=\"fusion-post-content post-content\"><h2 class=\"blog-shortcode-post-title entry-title\"><a href=\"https:\/\/intelsynet.com\/es\/el-proyecto-estrategico-del-vehiculo-electrico\/\">El proyecto estrat\u00e9gico del veh\u00edculo el\u00e9ctrico<\/a><\/h2><\/div><\/div><div class=\"fusion-clearfix\"><\/div><\/div>\n<\/article>\n<article id=\"blog-1-post-2699\" class=\"fusion-post-grid post-2699 post type-post status-publish format-standard has-post-thumbnail hentry category-nuestros-articulos\">\n<div class=\"fusion-post-wrapper\" style=\"background-color:rgba(255,255,255,0);border:1px solid #e8e8e8;border-bottom-width:3px;\">\n\n\t\t\t<div class=\"fusion-flexslider flexslider fusion-flexslider-loading fusion-post-slideshow\" style=\"border-color:#e8e8e8;\">\n\t\t<ul class=\"slides\">\n\t\t\t\n\t\t\t\t\t\t\t\t\t\t\t\t\t\t<li><div  class=\"fusion-image-wrapper\" aria-haspopup=\"true\">\n\t\t\t\t<img decoding=\"async\" width=\"800\" height=\"495\" data-src=\"https:\/\/intelsynet.com\/wp-content\/uploads\/2021\/11\/movilidad-compartida.jpg\" class=\"attachment-full size-full wp-post-image lazyload\" alt=\"movilidad compartida\" data-srcset=\"https:\/\/intelsynet.com\/wp-content\/uploads\/2021\/11\/movilidad-compartida-200x124.jpg 200w, https:\/\/intelsynet.com\/wp-content\/uploads\/2021\/11\/movilidad-compartida-400x248.jpg 400w, https:\/\/intelsynet.com\/wp-content\/uploads\/2021\/11\/movilidad-compartida-600x371.jpg 600w, https:\/\/intelsynet.com\/wp-content\/uploads\/2021\/11\/movilidad-compartida.jpg 800w\" data-sizes=\"(min-width: 2200px) 100vw, (min-width: 784px) 363px, (min-width: 712px) 545px, (min-width: 640px) 712px,\" src=\"data:image\/svg+xml;base64,PHN2ZyB3aWR0aD0iMSIgaGVpZ2h0PSIxIiB4bWxucz0iaHR0cDovL3d3dy53My5vcmcvMjAwMC9zdmciPjwvc3ZnPg==\" style=\"--smush-placeholder-width: 800px; --smush-placeholder-aspect-ratio: 800\/495;\" \/><div class=\"fusion-rollover\">\n\t<div class=\"fusion-rollover-content\">\n\n\t\t\t\t\n\t\t\n\t\t\t\t\t\t\t\t\t\t\t\t<h4 class=\"fusion-rollover-title\">\n\t\t\t\t\t<a class=\"fusion-rollover-title-link\" href=\"https:\/\/intelsynet.com\/es\/movilidad-compartida\/\">\n\t\t\t\t\t\tMovilidad compartida 2021\t\t\t\t\t<\/a>\n\t\t\t\t<\/h4>\n\t\t\t\n\t\t\t\t\t\t\t\t\n\t\t\n\t\t\t\t\t\t<a class=\"fusion-link-wrapper\" href=\"https:\/\/intelsynet.com\/es\/movilidad-compartida\/\" aria-label=\"Movilidad compartida 2021\"><\/a>\n\t<\/div>\n<\/div>\n<\/div>\n<\/li>\n\t\t\t\n\t\t\t\n\t\t\t\t\t\t\t\t<\/ul>\n\t<\/div>\n\t<div class=\"fusion-post-content-wrapper\" style=\"padding:30px 25px 20px 25px;\"><div class=\"fusion-post-content post-content\"><h2 class=\"blog-shortcode-post-title entry-title\"><a href=\"https:\/\/intelsynet.com\/es\/movilidad-compartida\/\">Movilidad compartida 2021<\/a><\/h2><\/div><\/div><div class=\"fusion-clearfix\"><\/div><\/div>\n<\/article>\n<article id=\"blog-1-post-2681\" class=\"fusion-post-grid post-2681 post type-post status-publish format-standard has-post-thumbnail hentry category-nuestros-articulos\">\n<div class=\"fusion-post-wrapper\" style=\"background-color:rgba(255,255,255,0);border:1px solid #e8e8e8;border-bottom-width:3px;\">\n\n\t\t\t<div class=\"fusion-flexslider flexslider fusion-flexslider-loading fusion-post-slideshow\" style=\"border-color:#e8e8e8;\">\n\t\t<ul class=\"slides\">\n\t\t\t\n\t\t\t\t\t\t\t\t\t\t\t\t\t\t<li><div  class=\"fusion-image-wrapper\" aria-haspopup=\"true\">\n\t\t\t\t<img decoding=\"async\" width=\"679\" height=\"420\" data-src=\"https:\/\/intelsynet.com\/wp-content\/uploads\/2021\/11\/Monedas-sostenibilidad-770-istock.jpg\" class=\"attachment-full size-full wp-post-image lazyload\" alt=\"fondos ESG\" data-srcset=\"https:\/\/intelsynet.com\/wp-content\/uploads\/2021\/11\/Monedas-sostenibilidad-770-istock-200x124.jpg 200w, https:\/\/intelsynet.com\/wp-content\/uploads\/2021\/11\/Monedas-sostenibilidad-770-istock-400x247.jpg 400w, https:\/\/intelsynet.com\/wp-content\/uploads\/2021\/11\/Monedas-sostenibilidad-770-istock-600x371.jpg 600w, https:\/\/intelsynet.com\/wp-content\/uploads\/2021\/11\/Monedas-sostenibilidad-770-istock.jpg 679w\" data-sizes=\"(min-width: 2200px) 100vw, (min-width: 784px) 363px, (min-width: 712px) 545px, (min-width: 640px) 712px,\" src=\"data:image\/svg+xml;base64,PHN2ZyB3aWR0aD0iMSIgaGVpZ2h0PSIxIiB4bWxucz0iaHR0cDovL3d3dy53My5vcmcvMjAwMC9zdmciPjwvc3ZnPg==\" style=\"--smush-placeholder-width: 679px; --smush-placeholder-aspect-ratio: 679\/420;\" \/><div class=\"fusion-rollover\">\n\t<div class=\"fusion-rollover-content\">\n\n\t\t\t\t\n\t\t\n\t\t\t\t\t\t\t\t\t\t\t\t<h4 class=\"fusion-rollover-title\">\n\t\t\t\t\t<a class=\"fusion-rollover-title-link\" href=\"https:\/\/intelsynet.com\/es\/el-83-de-los-ahorradores-no-invierte-en-fondos-esg-porque-el-51-los-desconoce\/\">\n\t\t\t\t\t\tEl 83% de los ahorradores no invierte en fondos ESG porque el 51% los desconoce\t\t\t\t\t<\/a>\n\t\t\t\t<\/h4>\n\t\t\t\n\t\t\t\t\t\t\t\t\n\t\t\n\t\t\t\t\t\t<a class=\"fusion-link-wrapper\" href=\"https:\/\/intelsynet.com\/es\/el-83-de-los-ahorradores-no-invierte-en-fondos-esg-porque-el-51-los-desconoce\/\" aria-label=\"El 83% de los ahorradores no invierte en fondos ESG porque el 51% los desconoce\"><\/a>\n\t<\/div>\n<\/div>\n<\/div>\n<\/li>\n\t\t\t\n\t\t\t\n\t\t\t\t\t\t\t\t<\/ul>\n\t<\/div>\n\t<div class=\"fusion-post-content-wrapper\" style=\"padding:30px 25px 20px 25px;\"><div class=\"fusion-post-content post-content\"><h2 class=\"blog-shortcode-post-title entry-title\"><a href=\"https:\/\/intelsynet.com\/es\/el-83-de-los-ahorradores-no-invierte-en-fondos-esg-porque-el-51-los-desconoce\/\">El 83% de los ahorradores no invierte en fondos ESG porque el 51% los desconoce<\/a><\/h2><\/div><\/div><div class=\"fusion-clearfix\"><\/div><\/div>\n<\/article>\n<article id=\"blog-1-post-2680\" class=\"fusion-post-grid post-2680 post type-post status-publish format-standard has-post-thumbnail hentry category-nuestros-articulos\">\n<div class=\"fusion-post-wrapper\" style=\"background-color:rgba(255,255,255,0);border:1px solid #e8e8e8;border-bottom-width:3px;\">\n\n\t\t\t<div class=\"fusion-flexslider flexslider fusion-flexslider-loading fusion-post-slideshow\" style=\"border-color:#e8e8e8;\">\n\t\t<ul class=\"slides\">\n\t\t\t\n\t\t\t\t\t\t\t\t\t\t\t\t\t\t<li><div  class=\"fusion-image-wrapper\" aria-haspopup=\"true\">\n\t\t\t\t<img decoding=\"async\" width=\"800\" height=\"494\" data-src=\"https:\/\/intelsynet.com\/wp-content\/uploads\/2021\/11\/Colliers-criterios-ESG-sostenibilidad-inversion-Europa-sector-inmobiliario-noticias-retail.jpg\" class=\"attachment-full size-full wp-post-image lazyload\" alt=\"criterios ESG\" data-srcset=\"https:\/\/intelsynet.com\/wp-content\/uploads\/2021\/11\/Colliers-criterios-ESG-sostenibilidad-inversion-Europa-sector-inmobiliario-noticias-retail-200x124.jpg 200w, https:\/\/intelsynet.com\/wp-content\/uploads\/2021\/11\/Colliers-criterios-ESG-sostenibilidad-inversion-Europa-sector-inmobiliario-noticias-retail-400x247.jpg 400w, https:\/\/intelsynet.com\/wp-content\/uploads\/2021\/11\/Colliers-criterios-ESG-sostenibilidad-inversion-Europa-sector-inmobiliario-noticias-retail-600x371.jpg 600w, https:\/\/intelsynet.com\/wp-content\/uploads\/2021\/11\/Colliers-criterios-ESG-sostenibilidad-inversion-Europa-sector-inmobiliario-noticias-retail.jpg 800w\" data-sizes=\"(min-width: 2200px) 100vw, (min-width: 784px) 363px, (min-width: 712px) 545px, (min-width: 640px) 712px,\" src=\"data:image\/svg+xml;base64,PHN2ZyB3aWR0aD0iMSIgaGVpZ2h0PSIxIiB4bWxucz0iaHR0cDovL3d3dy53My5vcmcvMjAwMC9zdmciPjwvc3ZnPg==\" style=\"--smush-placeholder-width: 800px; --smush-placeholder-aspect-ratio: 800\/494;\" \/><div class=\"fusion-rollover\">\n\t<div class=\"fusion-rollover-content\">\n\n\t\t\t\t\n\t\t\n\t\t\t\t\t\t\t\t\t\t\t\t<h4 class=\"fusion-rollover-title\">\n\t\t\t\t\t<a class=\"fusion-rollover-title-link\" href=\"https:\/\/intelsynet.com\/es\/cumplir-con-los-criterios-esg-podria-superar-los-700-000-millones-de-euros-en-europa\/\">\n\t\t\t\t\t\tCumplir con los criterios ESG podr\u00eda superar los 700.000 millones de euros en Europa\t\t\t\t\t<\/a>\n\t\t\t\t<\/h4>\n\t\t\t\n\t\t\t\t\t\t\t\t\n\t\t\n\t\t\t\t\t\t<a class=\"fusion-link-wrapper\" href=\"https:\/\/intelsynet.com\/es\/cumplir-con-los-criterios-esg-podria-superar-los-700-000-millones-de-euros-en-europa\/\" aria-label=\"Cumplir con los criterios ESG podr\u00eda superar los 700.000 millones de euros en Europa\"><\/a>\n\t<\/div>\n<\/div>\n<\/div>\n<\/li>\n\t\t\t\n\t\t\t\n\t\t\t\t\t\t\t\t<\/ul>\n\t<\/div>\n\t<div class=\"fusion-post-content-wrapper\" style=\"padding:30px 25px 20px 25px;\"><div class=\"fusion-post-content post-content\"><h2 class=\"blog-shortcode-post-title entry-title\"><a href=\"https:\/\/intelsynet.com\/es\/cumplir-con-los-criterios-esg-podria-superar-los-700-000-millones-de-euros-en-europa\/\">Cumplir con los criterios ESG podr\u00eda superar los 700.000 millones de euros en Europa<\/a><\/h2><\/div><\/div><div class=\"fusion-clearfix\"><\/div><\/div>\n<\/article>\n<article id=\"blog-1-post-2678\" class=\"fusion-post-grid post-2678 post type-post status-publish format-standard has-post-thumbnail hentry category-nuestros-articulos\">\n<div class=\"fusion-post-wrapper\" style=\"background-color:rgba(255,255,255,0);border:1px solid #e8e8e8;border-bottom-width:3px;\">\n\n\t\t\t<div class=\"fusion-flexslider flexslider fusion-flexslider-loading fusion-post-slideshow\" style=\"border-color:#e8e8e8;\">\n\t\t<ul class=\"slides\">\n\t\t\t\n\t\t\t\t\t\t\t\t\t\t\t\t\t\t<li><div  class=\"fusion-image-wrapper\" aria-haspopup=\"true\">\n\t\t\t\t<img decoding=\"async\" width=\"646\" height=\"400\" data-src=\"https:\/\/intelsynet.com\/wp-content\/uploads\/2021\/11\/llorente-y-cuenca.png\" class=\"attachment-full size-full wp-post-image lazyload\" alt=\"sostenibilidad llyc\" data-srcset=\"https:\/\/intelsynet.com\/wp-content\/uploads\/2021\/11\/llorente-y-cuenca-200x124.png 200w, https:\/\/intelsynet.com\/wp-content\/uploads\/2021\/11\/llorente-y-cuenca-400x248.png 400w, https:\/\/intelsynet.com\/wp-content\/uploads\/2021\/11\/llorente-y-cuenca-600x372.png 600w, https:\/\/intelsynet.com\/wp-content\/uploads\/2021\/11\/llorente-y-cuenca.png 646w\" data-sizes=\"(min-width: 2200px) 100vw, (min-width: 784px) 363px, (min-width: 712px) 545px, (min-width: 640px) 712px,\" src=\"data:image\/svg+xml;base64,PHN2ZyB3aWR0aD0iMSIgaGVpZ2h0PSIxIiB4bWxucz0iaHR0cDovL3d3dy53My5vcmcvMjAwMC9zdmciPjwvc3ZnPg==\" style=\"--smush-placeholder-width: 646px; --smush-placeholder-aspect-ratio: 646\/400;\" \/><div class=\"fusion-rollover\">\n\t<div class=\"fusion-rollover-content\">\n\n\t\t\t\t\n\t\t\n\t\t\t\t\t\t\t\t\t\t\t\t<h4 class=\"fusion-rollover-title\">\n\t\t\t\t\t<a class=\"fusion-rollover-title-link\" href=\"https:\/\/intelsynet.com\/es\/sostenibilidad-la-nueva-plataforma-para-tendencias-esg-de-llyc\/\">\n\t\t\t\t\t\t\u2018Sostenibilidad\u2019, la nueva plataforma para tendencias ESG de LLYC\t\t\t\t\t<\/a>\n\t\t\t\t<\/h4>\n\t\t\t\n\t\t\t\t\t\t\t\t\n\t\t\n\t\t\t\t\t\t<a class=\"fusion-link-wrapper\" href=\"https:\/\/intelsynet.com\/es\/sostenibilidad-la-nueva-plataforma-para-tendencias-esg-de-llyc\/\" aria-label=\"\u2018Sostenibilidad\u2019, la nueva plataforma para tendencias ESG de LLYC\"><\/a>\n\t<\/div>\n<\/div>\n<\/div>\n<\/li>\n\t\t\t\n\t\t\t\n\t\t\t\t\t\t\t\t<\/ul>\n\t<\/div>\n\t<div class=\"fusion-post-content-wrapper\" style=\"padding:30px 25px 20px 25px;\"><div class=\"fusion-post-content post-content\"><h2 class=\"blog-shortcode-post-title entry-title\"><a href=\"https:\/\/intelsynet.com\/es\/sostenibilidad-la-nueva-plataforma-para-tendencias-esg-de-llyc\/\">\u2018Sostenibilidad\u2019, la nueva plataforma para tendencias ESG de LLYC<\/a><\/h2><\/div><\/div><div class=\"fusion-clearfix\"><\/div><\/div>\n<\/article>\n<article id=\"blog-1-post-2677\" class=\"fusion-post-grid post-2677 post type-post status-publish format-standard has-post-thumbnail hentry category-nuestros-articulos\">\n<div class=\"fusion-post-wrapper\" style=\"background-color:rgba(255,255,255,0);border:1px solid #e8e8e8;border-bottom-width:3px;\">\n\n\t\t\t<div class=\"fusion-flexslider flexslider fusion-flexslider-loading fusion-post-slideshow\" style=\"border-color:#e8e8e8;\">\n\t\t<ul class=\"slides\">\n\t\t\t\n\t\t\t\t\t\t\t\t\t\t\t\t\t\t<li><div  class=\"fusion-image-wrapper\" aria-haspopup=\"true\">\n\t\t\t\t<img decoding=\"async\" width=\"680\" height=\"420\" data-src=\"https:\/\/intelsynet.com\/wp-content\/uploads\/2021\/11\/Ana-Botin.jpg\" class=\"attachment-full size-full wp-post-image lazyload\" alt=\"\" data-srcset=\"https:\/\/intelsynet.com\/wp-content\/uploads\/2021\/11\/Ana-Botin-200x124.jpg 200w, https:\/\/intelsynet.com\/wp-content\/uploads\/2021\/11\/Ana-Botin-400x247.jpg 400w, https:\/\/intelsynet.com\/wp-content\/uploads\/2021\/11\/Ana-Botin-600x371.jpg 600w, https:\/\/intelsynet.com\/wp-content\/uploads\/2021\/11\/Ana-Botin.jpg 680w\" data-sizes=\"(min-width: 2200px) 100vw, (min-width: 784px) 363px, (min-width: 712px) 545px, (min-width: 640px) 712px,\" src=\"data:image\/svg+xml;base64,PHN2ZyB3aWR0aD0iMSIgaGVpZ2h0PSIxIiB4bWxucz0iaHR0cDovL3d3dy53My5vcmcvMjAwMC9zdmciPjwvc3ZnPg==\" style=\"--smush-placeholder-width: 680px; --smush-placeholder-aspect-ratio: 680\/420;\" \/><div class=\"fusion-rollover\">\n\t<div class=\"fusion-rollover-content\">\n\n\t\t\t\t\n\t\t\n\t\t\t\t\t\t\t\t\t\t\t\t<h4 class=\"fusion-rollover-title\">\n\t\t\t\t\t<a class=\"fusion-rollover-title-link\" href=\"https:\/\/intelsynet.com\/es\/ana-botin-reclama-marcos-regulatorios-a-largo-plazo-e-incentivos-claros-y-coherentes-para-la-transicion-verde\/\">\n\t\t\t\t\t\tAna Bot\u00edn reclama marcos regulatorios a largo plazo e incentivos \u00abclaros y coherentes\u00bb para la transici\u00f3n verde\t\t\t\t\t<\/a>\n\t\t\t\t<\/h4>\n\t\t\t\n\t\t\t\t\t\t\t\t\n\t\t\n\t\t\t\t\t\t<a class=\"fusion-link-wrapper\" href=\"https:\/\/intelsynet.com\/es\/ana-botin-reclama-marcos-regulatorios-a-largo-plazo-e-incentivos-claros-y-coherentes-para-la-transicion-verde\/\" aria-label=\"Ana Bot\u00edn reclama marcos regulatorios a largo plazo e incentivos \u00abclaros y coherentes\u00bb para la transici\u00f3n verde\"><\/a>\n\t<\/div>\n<\/div>\n<\/div>\n<\/li>\n\t\t\t\n\t\t\t\n\t\t\t\t\t\t\t\t<\/ul>\n\t<\/div>\n\t<div class=\"fusion-post-content-wrapper\" style=\"padding:30px 25px 20px 25px;\"><div class=\"fusion-post-content post-content\"><h2 class=\"blog-shortcode-post-title entry-title\"><a href=\"https:\/\/intelsynet.com\/es\/ana-botin-reclama-marcos-regulatorios-a-largo-plazo-e-incentivos-claros-y-coherentes-para-la-transicion-verde\/\">Ana Bot\u00edn reclama marcos regulatorios a largo plazo e incentivos \u00abclaros y coherentes\u00bb para la transici\u00f3n verde<\/a><\/h2><\/div><\/div><div class=\"fusion-clearfix\"><\/div><\/div>\n<\/article>\n<article id=\"blog-1-post-2679\" class=\"fusion-post-grid post-2679 post type-post status-publish format-standard has-post-thumbnail hentry category-nuestros-articulos\">\n<div class=\"fusion-post-wrapper\" style=\"background-color:rgba(255,255,255,0);border:1px solid #e8e8e8;border-bottom-width:3px;\">\n\n\t\t\t<div class=\"fusion-flexslider flexslider fusion-flexslider-loading fusion-post-slideshow\" style=\"border-color:#e8e8e8;\">\n\t\t<ul class=\"slides\">\n\t\t\t\n\t\t\t\t\t\t\t\t\t\t\t\t\t\t<li><div  class=\"fusion-image-wrapper\" aria-haspopup=\"true\">\n\t\t\t\t<img decoding=\"async\" width=\"858\" height=\"530\" data-src=\"https:\/\/intelsynet.com\/wp-content\/uploads\/2021\/11\/cop26.jpg\" class=\"attachment-full size-full wp-post-image lazyload\" alt=\"cambio clim\u00e1tico\" data-srcset=\"https:\/\/intelsynet.com\/wp-content\/uploads\/2021\/11\/cop26-200x124.jpg 200w, https:\/\/intelsynet.com\/wp-content\/uploads\/2021\/11\/cop26-400x247.jpg 400w, https:\/\/intelsynet.com\/wp-content\/uploads\/2021\/11\/cop26-600x371.jpg 600w, https:\/\/intelsynet.com\/wp-content\/uploads\/2021\/11\/cop26-800x494.jpg 800w, https:\/\/intelsynet.com\/wp-content\/uploads\/2021\/11\/cop26.jpg 858w\" data-sizes=\"(min-width: 2200px) 100vw, (min-width: 784px) 363px, (min-width: 712px) 545px, (min-width: 640px) 712px,\" src=\"data:image\/svg+xml;base64,PHN2ZyB3aWR0aD0iMSIgaGVpZ2h0PSIxIiB4bWxucz0iaHR0cDovL3d3dy53My5vcmcvMjAwMC9zdmciPjwvc3ZnPg==\" style=\"--smush-placeholder-width: 858px; --smush-placeholder-aspect-ratio: 858\/530;\" \/><div class=\"fusion-rollover\">\n\t<div class=\"fusion-rollover-content\">\n\n\t\t\t\t\n\t\t\n\t\t\t\t\t\t\t\t\t\t\t\t<h4 class=\"fusion-rollover-title\">\n\t\t\t\t\t<a class=\"fusion-rollover-title-link\" href=\"https:\/\/intelsynet.com\/es\/las-grandes-firmas-financieras-gestionaran-130-billones-de-dolares-a-la-lucha-contra-el-cambio-climatico\/\">\n\t\t\t\t\t\tLas grandes firmas financieras gestionar\u00e1n 130 billones de d\u00f3lares a la lucha contra el cambio clim\u00e1tico\t\t\t\t\t<\/a>\n\t\t\t\t<\/h4>\n\t\t\t\n\t\t\t\t\t\t\t\t\n\t\t\n\t\t\t\t\t\t<a class=\"fusion-link-wrapper\" href=\"https:\/\/intelsynet.com\/es\/las-grandes-firmas-financieras-gestionaran-130-billones-de-dolares-a-la-lucha-contra-el-cambio-climatico\/\" aria-label=\"Las grandes firmas financieras gestionar\u00e1n 130 billones de d\u00f3lares a la lucha contra el cambio clim\u00e1tico\"><\/a>\n\t<\/div>\n<\/div>\n<\/div>\n<\/li>\n\t\t\t\n\t\t\t\n\t\t\t\t\t\t\t\t<\/ul>\n\t<\/div>\n\t<div class=\"fusion-post-content-wrapper\" style=\"padding:30px 25px 20px 25px;\"><div class=\"fusion-post-content post-content\"><h2 class=\"blog-shortcode-post-title entry-title\"><a href=\"https:\/\/intelsynet.com\/es\/las-grandes-firmas-financieras-gestionaran-130-billones-de-dolares-a-la-lucha-contra-el-cambio-climatico\/\">Las grandes firmas financieras gestionar\u00e1n 130 billones de d\u00f3lares a la lucha contra el cambio clim\u00e1tico<\/a><\/h2><\/div><\/div><div class=\"fusion-clearfix\"><\/div><\/div>\n<\/article>\n<article id=\"blog-1-post-2670\" class=\"fusion-post-grid post-2670 post type-post status-publish format-standard has-post-thumbnail hentry category-nuestros-articulos\">\n<div class=\"fusion-post-wrapper\" style=\"background-color:rgba(255,255,255,0);border:1px solid #e8e8e8;border-bottom-width:3px;\">\n\n\t\t\t<div class=\"fusion-flexslider flexslider fusion-flexslider-loading fusion-post-slideshow\" style=\"border-color:#e8e8e8;\">\n\t\t<ul class=\"slides\">\n\t\t\t\n\t\t\t\t\t\t\t\t\t\t\t\t\t\t<li><div  class=\"fusion-image-wrapper\" aria-haspopup=\"true\">\n\t\t\t\t<img decoding=\"async\" width=\"1200\" height=\"742\" data-src=\"https:\/\/intelsynet.com\/wp-content\/uploads\/2021\/11\/BBVA-Lideres_mundiales_tomen_medidas_decididas_clima_COP26.jpg\" class=\"attachment-full size-full wp-post-image lazyload\" alt=\"COP 26\" data-srcset=\"https:\/\/intelsynet.com\/wp-content\/uploads\/2021\/11\/BBVA-Lideres_mundiales_tomen_medidas_decididas_clima_COP26-200x124.jpg 200w, https:\/\/intelsynet.com\/wp-content\/uploads\/2021\/11\/BBVA-Lideres_mundiales_tomen_medidas_decididas_clima_COP26-400x247.jpg 400w, https:\/\/intelsynet.com\/wp-content\/uploads\/2021\/11\/BBVA-Lideres_mundiales_tomen_medidas_decididas_clima_COP26-600x371.jpg 600w, https:\/\/intelsynet.com\/wp-content\/uploads\/2021\/11\/BBVA-Lideres_mundiales_tomen_medidas_decididas_clima_COP26-800x495.jpg 800w, https:\/\/intelsynet.com\/wp-content\/uploads\/2021\/11\/BBVA-Lideres_mundiales_tomen_medidas_decididas_clima_COP26.jpg 1200w\" data-sizes=\"(min-width: 2200px) 100vw, (min-width: 784px) 363px, (min-width: 712px) 545px, (min-width: 640px) 712px,\" src=\"data:image\/svg+xml;base64,PHN2ZyB3aWR0aD0iMSIgaGVpZ2h0PSIxIiB4bWxucz0iaHR0cDovL3d3dy53My5vcmcvMjAwMC9zdmciPjwvc3ZnPg==\" style=\"--smush-placeholder-width: 1200px; --smush-placeholder-aspect-ratio: 1200\/742;\" \/><div class=\"fusion-rollover\">\n\t<div class=\"fusion-rollover-content\">\n\n\t\t\t\t\n\t\t\n\t\t\t\t\t\t\t\t\t\t\t\t<h4 class=\"fusion-rollover-title\">\n\t\t\t\t\t<a class=\"fusion-rollover-title-link\" href=\"https:\/\/intelsynet.com\/es\/cumbre-climatica-cop-26\/\">\n\t\t\t\t\t\tBBVA pide a los l\u00edderes mundiales que tomen medidas decididas sobre el clima durante la COP26\t\t\t\t\t<\/a>\n\t\t\t\t<\/h4>\n\t\t\t\n\t\t\t\t\t\t\t\t\n\t\t\n\t\t\t\t\t\t<a class=\"fusion-link-wrapper\" href=\"https:\/\/intelsynet.com\/es\/cumbre-climatica-cop-26\/\" aria-label=\"BBVA pide a los l\u00edderes mundiales que tomen medidas decididas sobre el clima durante la COP26\"><\/a>\n\t<\/div>\n<\/div>\n<\/div>\n<\/li>\n\t\t\t\n\t\t\t\n\t\t\t\t\t\t\t\t<\/ul>\n\t<\/div>\n\t<div class=\"fusion-post-content-wrapper\" style=\"padding:30px 25px 20px 25px;\"><div class=\"fusion-post-content post-content\"><h2 class=\"blog-shortcode-post-title entry-title\"><a href=\"https:\/\/intelsynet.com\/es\/cumbre-climatica-cop-26\/\">BBVA pide a los l\u00edderes mundiales que tomen medidas decididas sobre el clima durante la COP26<\/a><\/h2><\/div><\/div><div class=\"fusion-clearfix\"><\/div><\/div>\n<\/article>\n<article id=\"blog-1-post-2661\" class=\"fusion-post-grid post-2661 post type-post status-publish format-standard has-post-thumbnail hentry category-nuestros-articulos\">\n<div class=\"fusion-post-wrapper\" style=\"background-color:rgba(255,255,255,0);border:1px solid #e8e8e8;border-bottom-width:3px;\">\n\n\t\t\t<div class=\"fusion-flexslider flexslider fusion-flexslider-loading fusion-post-slideshow\" style=\"border-color:#e8e8e8;\">\n\t\t<ul class=\"slides\">\n\t\t\t\n\t\t\t\t\t\t\t\t\t\t\t\t\t\t<li><div  class=\"fusion-image-wrapper\" aria-haspopup=\"true\">\n\t\t\t\t<img decoding=\"async\" width=\"1200\" height=\"742\" data-src=\"https:\/\/intelsynet.com\/wp-content\/uploads\/2021\/11\/salud-digital.jpg\" class=\"attachment-full size-full wp-post-image lazyload\" alt=\"salud digital\" data-srcset=\"https:\/\/intelsynet.com\/wp-content\/uploads\/2021\/11\/salud-digital-200x124.jpg 200w, https:\/\/intelsynet.com\/wp-content\/uploads\/2021\/11\/salud-digital-400x247.jpg 400w, https:\/\/intelsynet.com\/wp-content\/uploads\/2021\/11\/salud-digital-600x371.jpg 600w, https:\/\/intelsynet.com\/wp-content\/uploads\/2021\/11\/salud-digital-800x495.jpg 800w, https:\/\/intelsynet.com\/wp-content\/uploads\/2021\/11\/salud-digital.jpg 1200w\" data-sizes=\"(min-width: 2200px) 100vw, (min-width: 784px) 363px, (min-width: 712px) 545px, (min-width: 640px) 712px,\" src=\"data:image\/svg+xml;base64,PHN2ZyB3aWR0aD0iMSIgaGVpZ2h0PSIxIiB4bWxucz0iaHR0cDovL3d3dy53My5vcmcvMjAwMC9zdmciPjwvc3ZnPg==\" style=\"--smush-placeholder-width: 1200px; --smush-placeholder-aspect-ratio: 1200\/742;\" \/><div class=\"fusion-rollover\">\n\t<div class=\"fusion-rollover-content\">\n\n\t\t\t\t\n\t\t\n\t\t\t\t\t\t\t\t\t\t\t\t<h4 class=\"fusion-rollover-title\">\n\t\t\t\t\t<a class=\"fusion-rollover-title-link\" href=\"https:\/\/intelsynet.com\/es\/estamos-seguros-en-la-nueva-era-de-la-atencion-medica-y-la-salud-digital\/\">\n\t\t\t\t\t\t\u00bfEstamos seguros en la nueva era de la atenci\u00f3n m\u00e9dica y la salud digital?\t\t\t\t\t<\/a>\n\t\t\t\t<\/h4>\n\t\t\t\n\t\t\t\t\t\t\t\t\n\t\t\n\t\t\t\t\t\t<a class=\"fusion-link-wrapper\" href=\"https:\/\/intelsynet.com\/es\/estamos-seguros-en-la-nueva-era-de-la-atencion-medica-y-la-salud-digital\/\" aria-label=\"\u00bfEstamos seguros en la nueva era de la atenci\u00f3n m\u00e9dica y la salud digital?\"><\/a>\n\t<\/div>\n<\/div>\n<\/div>\n<\/li>\n\t\t\t\n\t\t\t\n\t\t\t\t\t\t\t\t<\/ul>\n\t<\/div>\n\t<div class=\"fusion-post-content-wrapper\" style=\"padding:30px 25px 20px 25px;\"><div class=\"fusion-post-content post-content\"><h2 class=\"blog-shortcode-post-title entry-title\"><a href=\"https:\/\/intelsynet.com\/es\/estamos-seguros-en-la-nueva-era-de-la-atencion-medica-y-la-salud-digital\/\">\u00bfEstamos seguros en la nueva era de la atenci\u00f3n m\u00e9dica y la salud digital?<\/a><\/h2><\/div><\/div><div class=\"fusion-clearfix\"><\/div><\/div>\n<\/article>\n<article id=\"blog-1-post-2635\" class=\"fusion-post-grid post-2635 post type-post status-publish format-standard has-post-thumbnail hentry category-nuestros-articulos\">\n<div class=\"fusion-post-wrapper\" style=\"background-color:rgba(255,255,255,0);border:1px solid #e8e8e8;border-bottom-width:3px;\">\n\n\t\t\t<div class=\"fusion-flexslider flexslider fusion-flexslider-loading fusion-post-slideshow\" style=\"border-color:#e8e8e8;\">\n\t\t<ul class=\"slides\">\n\t\t\t\n\t\t\t\t\t\t\t\t\t\t\t\t\t\t<li><div  class=\"fusion-image-wrapper\" aria-haspopup=\"true\">\n\t\t\t\t<img decoding=\"async\" width=\"980\" height=\"606\" data-src=\"https:\/\/intelsynet.com\/wp-content\/uploads\/2021\/10\/caixabank.jpg\" class=\"attachment-full size-full wp-post-image lazyload\" alt=\"CaixaBank y la financiaci\u00f3n sostenible\" data-srcset=\"https:\/\/intelsynet.com\/wp-content\/uploads\/2021\/10\/caixabank-200x124.jpg 200w, https:\/\/intelsynet.com\/wp-content\/uploads\/2021\/10\/caixabank-400x247.jpg 400w, https:\/\/intelsynet.com\/wp-content\/uploads\/2021\/10\/caixabank-600x371.jpg 600w, https:\/\/intelsynet.com\/wp-content\/uploads\/2021\/10\/caixabank-800x495.jpg 800w, https:\/\/intelsynet.com\/wp-content\/uploads\/2021\/10\/caixabank.jpg 980w\" data-sizes=\"(min-width: 2200px) 100vw, (min-width: 784px) 363px, (min-width: 712px) 545px, (min-width: 640px) 712px,\" src=\"data:image\/svg+xml;base64,PHN2ZyB3aWR0aD0iMSIgaGVpZ2h0PSIxIiB4bWxucz0iaHR0cDovL3d3dy53My5vcmcvMjAwMC9zdmciPjwvc3ZnPg==\" style=\"--smush-placeholder-width: 980px; --smush-placeholder-aspect-ratio: 980\/606;\" \/><div class=\"fusion-rollover\">\n\t<div class=\"fusion-rollover-content\">\n\n\t\t\t\t\n\t\t\n\t\t\t\t\t\t\t\t\t\t\t\t<h4 class=\"fusion-rollover-title\">\n\t\t\t\t\t<a class=\"fusion-rollover-title-link\" href=\"https:\/\/intelsynet.com\/es\/caixabank-y-la-financiacion-sostenible\/\">\n\t\t\t\t\t\tCaixaBank y la financiaci\u00f3n sostenible: duplica el volumen en el mercado internacional\t\t\t\t\t<\/a>\n\t\t\t\t<\/h4>\n\t\t\t\n\t\t\t\t\t\t\t\t\n\t\t\n\t\t\t\t\t\t<a class=\"fusion-link-wrapper\" href=\"https:\/\/intelsynet.com\/es\/caixabank-y-la-financiacion-sostenible\/\" aria-label=\"CaixaBank y la financiaci\u00f3n sostenible: duplica el volumen en el mercado internacional\"><\/a>\n\t<\/div>\n<\/div>\n<\/div>\n<\/li>\n\t\t\t\n\t\t\t\n\t\t\t\t\t\t\t\t<\/ul>\n\t<\/div>\n\t<div class=\"fusion-post-content-wrapper\" style=\"padding:30px 25px 20px 25px;\"><div class=\"fusion-post-content post-content\"><h2 class=\"blog-shortcode-post-title entry-title\"><a href=\"https:\/\/intelsynet.com\/es\/caixabank-y-la-financiacion-sostenible\/\">CaixaBank y la financiaci\u00f3n sostenible: duplica el volumen en el mercado internacional<\/a><\/h2><\/div><\/div><div class=\"fusion-clearfix\"><\/div><\/div>\n<\/article>\n<article id=\"blog-1-post-2634\" class=\"fusion-post-grid post-2634 post type-post status-publish format-standard has-post-thumbnail hentry category-nuestros-articulos\">\n<div class=\"fusion-post-wrapper\" style=\"background-color:rgba(255,255,255,0);border:1px solid #e8e8e8;border-bottom-width:3px;\">\n\n\t\t\t<div class=\"fusion-flexslider flexslider fusion-flexslider-loading fusion-post-slideshow\" style=\"border-color:#e8e8e8;\">\n\t\t<ul class=\"slides\">\n\t\t\t\n\t\t\t\t\t\t\t\t\t\t\t\t\t\t<li><div  class=\"fusion-image-wrapper\" aria-haspopup=\"true\">\n\t\t\t\t<img decoding=\"async\" width=\"1616\" height=\"999\" data-src=\"https:\/\/intelsynet.com\/wp-content\/uploads\/2021\/10\/hidro\u0301geno.jpg\" class=\"attachment-full size-full wp-post-image lazyload\" alt=\"hidro\u0301geno\" data-srcset=\"https:\/\/intelsynet.com\/wp-content\/uploads\/2021\/10\/hidro\u0301geno-200x124.jpg 200w, https:\/\/intelsynet.com\/wp-content\/uploads\/2021\/10\/hidro\u0301geno-400x247.jpg 400w, https:\/\/intelsynet.com\/wp-content\/uploads\/2021\/10\/hidro\u0301geno-600x371.jpg 600w, https:\/\/intelsynet.com\/wp-content\/uploads\/2021\/10\/hidro\u0301geno-800x495.jpg 800w, https:\/\/intelsynet.com\/wp-content\/uploads\/2021\/10\/hidro\u0301geno-1200x742.jpg 1200w, https:\/\/intelsynet.com\/wp-content\/uploads\/2021\/10\/hidro\u0301geno.jpg 1616w\" data-sizes=\"(min-width: 2200px) 100vw, (min-width: 784px) 363px, (min-width: 712px) 545px, (min-width: 640px) 712px,\" src=\"data:image\/svg+xml;base64,PHN2ZyB3aWR0aD0iMSIgaGVpZ2h0PSIxIiB4bWxucz0iaHR0cDovL3d3dy53My5vcmcvMjAwMC9zdmciPjwvc3ZnPg==\" style=\"--smush-placeholder-width: 1616px; --smush-placeholder-aspect-ratio: 1616\/999;\" \/><div class=\"fusion-rollover\">\n\t<div class=\"fusion-rollover-content\">\n\n\t\t\t\t\n\t\t\n\t\t\t\t\t\t\t\t\t\t\t\t<h4 class=\"fusion-rollover-title\">\n\t\t\t\t\t<a class=\"fusion-rollover-title-link\" href=\"https:\/\/intelsynet.com\/es\/el-hidrogeno-aun-verde-en-las-carteras-de-inversion\/\">\n\t\t\t\t\t\tEl hidr\u00f3geno, a\u00fan verde en las carteras de inversi\u00f3n\t\t\t\t\t<\/a>\n\t\t\t\t<\/h4>\n\t\t\t\n\t\t\t\t\t\t\t\t\n\t\t\n\t\t\t\t\t\t<a class=\"fusion-link-wrapper\" href=\"https:\/\/intelsynet.com\/es\/el-hidrogeno-aun-verde-en-las-carteras-de-inversion\/\" aria-label=\"El hidr\u00f3geno, a\u00fan verde en las carteras de inversi\u00f3n\"><\/a>\n\t<\/div>\n<\/div>\n<\/div>\n<\/li>\n\t\t\t\n\t\t\t\n\t\t\t\t\t\t\t\t<\/ul>\n\t<\/div>\n\t<div class=\"fusion-post-content-wrapper\" style=\"padding:30px 25px 20px 25px;\"><div class=\"fusion-post-content post-content\"><h2 class=\"blog-shortcode-post-title entry-title\"><a href=\"https:\/\/intelsynet.com\/es\/el-hidrogeno-aun-verde-en-las-carteras-de-inversion\/\">El hidr\u00f3geno, a\u00fan verde en las carteras de inversi\u00f3n<\/a><\/h2><\/div><\/div><div class=\"fusion-clearfix\"><\/div><\/div>\n<\/article>\n<article id=\"blog-1-post-2633\" class=\"fusion-post-grid post-2633 post type-post status-publish format-standard has-post-thumbnail hentry category-nuestros-articulos\">\n<div class=\"fusion-post-wrapper\" style=\"background-color:rgba(255,255,255,0);border:1px solid #e8e8e8;border-bottom-width:3px;\">\n\n\t\t\t<div class=\"fusion-flexslider flexslider fusion-flexslider-loading fusion-post-slideshow\" style=\"border-color:#e8e8e8;\">\n\t\t<ul class=\"slides\">\n\t\t\t\n\t\t\t\t\t\t\t\t\t\t\t\t\t\t<li><div  class=\"fusion-image-wrapper\" aria-haspopup=\"true\">\n\t\t\t\t<img decoding=\"async\" width=\"640\" height=\"396\" data-src=\"https:\/\/intelsynet.com\/wp-content\/uploads\/2021\/10\/philips.jpg\" class=\"attachment-full size-full wp-post-image lazyload\" alt=\"philips\" data-srcset=\"https:\/\/intelsynet.com\/wp-content\/uploads\/2021\/10\/philips-200x124.jpg 200w, https:\/\/intelsynet.com\/wp-content\/uploads\/2021\/10\/philips-400x248.jpg 400w, https:\/\/intelsynet.com\/wp-content\/uploads\/2021\/10\/philips-600x371.jpg 600w, https:\/\/intelsynet.com\/wp-content\/uploads\/2021\/10\/philips.jpg 640w\" data-sizes=\"(min-width: 2200px) 100vw, (min-width: 784px) 363px, (min-width: 712px) 545px, (min-width: 640px) 712px,\" src=\"data:image\/svg+xml;base64,PHN2ZyB3aWR0aD0iMSIgaGVpZ2h0PSIxIiB4bWxucz0iaHR0cDovL3d3dy53My5vcmcvMjAwMC9zdmciPjwvc3ZnPg==\" style=\"--smush-placeholder-width: 640px; --smush-placeholder-aspect-ratio: 640\/396;\" \/><div class=\"fusion-rollover\">\n\t<div class=\"fusion-rollover-content\">\n\n\t\t\t\t\n\t\t\n\t\t\t\t\t\t\t\t\t\t\t\t<h4 class=\"fusion-rollover-title\">\n\t\t\t\t\t<a class=\"fusion-rollover-title-link\" href=\"https:\/\/intelsynet.com\/es\/philips-anuncia-un-ambicioso-objetivo-de-reduccion-de-las-emisiones-de-gases-en-su-cadena-de-suministro\/\">\n\t\t\t\t\t\tPhilips anuncia un ambicioso objetivo de reducci\u00f3n de las emisiones de gases en su cadena de suministro\t\t\t\t\t<\/a>\n\t\t\t\t<\/h4>\n\t\t\t\n\t\t\t\t\t\t\t\t\n\t\t\n\t\t\t\t\t\t<a class=\"fusion-link-wrapper\" href=\"https:\/\/intelsynet.com\/es\/philips-anuncia-un-ambicioso-objetivo-de-reduccion-de-las-emisiones-de-gases-en-su-cadena-de-suministro\/\" aria-label=\"Philips anuncia un ambicioso objetivo de reducci\u00f3n de las emisiones de gases en su cadena de suministro\"><\/a>\n\t<\/div>\n<\/div>\n<\/div>\n<\/li>\n\t\t\t\n\t\t\t\n\t\t\t\t\t\t\t\t<\/ul>\n\t<\/div>\n\t<div class=\"fusion-post-content-wrapper\" style=\"padding:30px 25px 20px 25px;\"><div class=\"fusion-post-content post-content\"><h2 class=\"blog-shortcode-post-title entry-title\"><a href=\"https:\/\/intelsynet.com\/es\/philips-anuncia-un-ambicioso-objetivo-de-reduccion-de-las-emisiones-de-gases-en-su-cadena-de-suministro\/\">Philips anuncia un ambicioso objetivo de reducci\u00f3n de las emisiones de gases en su cadena de suministro<\/a><\/h2><\/div><\/div><div class=\"fusion-clearfix\"><\/div><\/div>\n<\/article>\n<article id=\"blog-1-post-2632\" class=\"fusion-post-grid post-2632 post type-post status-publish format-standard has-post-thumbnail hentry category-nuestros-articulos\">\n<div class=\"fusion-post-wrapper\" style=\"background-color:rgba(255,255,255,0);border:1px solid #e8e8e8;border-bottom-width:3px;\">\n\n\t\t\t<div class=\"fusion-flexslider flexslider fusion-flexslider-loading fusion-post-slideshow\" style=\"border-color:#e8e8e8;\">\n\t\t<ul class=\"slides\">\n\t\t\t\n\t\t\t\t\t\t\t\t\t\t\t\t\t\t<li><div  class=\"fusion-image-wrapper\" aria-haspopup=\"true\">\n\t\t\t\t<img decoding=\"async\" width=\"501\" height=\"309\" data-src=\"https:\/\/intelsynet.com\/wp-content\/uploads\/2021\/10\/fondos-globales-sostenibles-.jpg\" class=\"attachment-full size-full wp-post-image lazyload\" alt=\"\" data-srcset=\"https:\/\/intelsynet.com\/wp-content\/uploads\/2021\/10\/fondos-globales-sostenibles--200x123.jpg 200w, https:\/\/intelsynet.com\/wp-content\/uploads\/2021\/10\/fondos-globales-sostenibles--400x247.jpg 400w, https:\/\/intelsynet.com\/wp-content\/uploads\/2021\/10\/fondos-globales-sostenibles-.jpg 501w\" data-sizes=\"(min-width: 2200px) 100vw, (min-width: 784px) 363px, (min-width: 712px) 545px, (min-width: 640px) 712px,\" src=\"data:image\/svg+xml;base64,PHN2ZyB3aWR0aD0iMSIgaGVpZ2h0PSIxIiB4bWxucz0iaHR0cDovL3d3dy53My5vcmcvMjAwMC9zdmciPjwvc3ZnPg==\" style=\"--smush-placeholder-width: 501px; --smush-placeholder-aspect-ratio: 501\/309;\" \/><div class=\"fusion-rollover\">\n\t<div class=\"fusion-rollover-content\">\n\n\t\t\t\t\n\t\t\n\t\t\t\t\t\t\t\t\t\t\t\t<h4 class=\"fusion-rollover-title\">\n\t\t\t\t\t<a class=\"fusion-rollover-title-link\" href=\"https:\/\/intelsynet.com\/es\/dpam-presume-de-fondos-globales-sostenibles-con-el-newgems-y-el-world-sustainable\/\">\n\t\t\t\t\t\tDPAM presume de fondos globales sostenibles con el NEWGEMS y el World Sustainable\t\t\t\t\t<\/a>\n\t\t\t\t<\/h4>\n\t\t\t\n\t\t\t\t\t\t\t\t\n\t\t\n\t\t\t\t\t\t<a class=\"fusion-link-wrapper\" href=\"https:\/\/intelsynet.com\/es\/dpam-presume-de-fondos-globales-sostenibles-con-el-newgems-y-el-world-sustainable\/\" aria-label=\"DPAM presume de fondos globales sostenibles con el NEWGEMS y el World Sustainable\"><\/a>\n\t<\/div>\n<\/div>\n<\/div>\n<\/li>\n\t\t\t\n\t\t\t\n\t\t\t\t\t\t\t\t<\/ul>\n\t<\/div>\n\t<div class=\"fusion-post-content-wrapper\" style=\"padding:30px 25px 20px 25px;\"><div class=\"fusion-post-content post-content\"><h2 class=\"blog-shortcode-post-title entry-title\"><a href=\"https:\/\/intelsynet.com\/es\/dpam-presume-de-fondos-globales-sostenibles-con-el-newgems-y-el-world-sustainable\/\">DPAM presume de fondos globales sostenibles con el NEWGEMS y el World Sustainable<\/a><\/h2><\/div><\/div><div class=\"fusion-clearfix\"><\/div><\/div>\n<\/article>\n<article id=\"blog-1-post-2631\" class=\"fusion-post-grid post-2631 post type-post status-publish format-standard has-post-thumbnail hentry category-nuestros-articulos\">\n<div class=\"fusion-post-wrapper\" style=\"background-color:rgba(255,255,255,0);border:1px solid #e8e8e8;border-bottom-width:3px;\">\n\n\t\t\t<div class=\"fusion-flexslider flexslider fusion-flexslider-loading fusion-post-slideshow\" style=\"border-color:#e8e8e8;\">\n\t\t<ul class=\"slides\">\n\t\t\t\n\t\t\t\t\t\t\t\t\t\t\t\t\t\t<li><div  class=\"fusion-image-wrapper\" aria-haspopup=\"true\">\n\t\t\t\t<img decoding=\"async\" width=\"990\" height=\"612\" data-src=\"https:\/\/intelsynet.com\/wp-content\/uploads\/2021\/10\/finanzas-verdes.png\" class=\"attachment-full size-full wp-post-image lazyload\" alt=\"finanzas verdes contra el cambio clim\u00e1tico\" data-srcset=\"https:\/\/intelsynet.com\/wp-content\/uploads\/2021\/10\/finanzas-verdes-200x124.png 200w, https:\/\/intelsynet.com\/wp-content\/uploads\/2021\/10\/finanzas-verdes-400x247.png 400w, https:\/\/intelsynet.com\/wp-content\/uploads\/2021\/10\/finanzas-verdes-600x371.png 600w, https:\/\/intelsynet.com\/wp-content\/uploads\/2021\/10\/finanzas-verdes-800x495.png 800w, https:\/\/intelsynet.com\/wp-content\/uploads\/2021\/10\/finanzas-verdes.png 990w\" data-sizes=\"(min-width: 2200px) 100vw, (min-width: 784px) 363px, (min-width: 712px) 545px, (min-width: 640px) 712px,\" src=\"data:image\/svg+xml;base64,PHN2ZyB3aWR0aD0iMSIgaGVpZ2h0PSIxIiB4bWxucz0iaHR0cDovL3d3dy53My5vcmcvMjAwMC9zdmciPjwvc3ZnPg==\" style=\"--smush-placeholder-width: 990px; --smush-placeholder-aspect-ratio: 990\/612;\" \/><div class=\"fusion-rollover\">\n\t<div class=\"fusion-rollover-content\">\n\n\t\t\t\t\n\t\t\n\t\t\t\t\t\t\t\t\t\t\t\t<h4 class=\"fusion-rollover-title\">\n\t\t\t\t\t<a class=\"fusion-rollover-title-link\" href=\"https:\/\/intelsynet.com\/es\/finanzas-verdes-contra-el-cambio-climatico\/\">\n\t\t\t\t\t\tLuces y sombras de las finanzas verdes\t\t\t\t\t<\/a>\n\t\t\t\t<\/h4>\n\t\t\t\n\t\t\t\t\t\t\t\t\n\t\t\n\t\t\t\t\t\t<a class=\"fusion-link-wrapper\" href=\"https:\/\/intelsynet.com\/es\/finanzas-verdes-contra-el-cambio-climatico\/\" aria-label=\"Luces y sombras de las finanzas verdes\"><\/a>\n\t<\/div>\n<\/div>\n<\/div>\n<\/li>\n\t\t\t\n\t\t\t\n\t\t\t\t\t\t\t\t<\/ul>\n\t<\/div>\n\t<div class=\"fusion-post-content-wrapper\" style=\"padding:30px 25px 20px 25px;\"><div class=\"fusion-post-content post-content\"><h2 class=\"blog-shortcode-post-title entry-title\"><a href=\"https:\/\/intelsynet.com\/es\/finanzas-verdes-contra-el-cambio-climatico\/\">Luces y sombras de las finanzas verdes<\/a><\/h2><\/div><\/div><div class=\"fusion-clearfix\"><\/div><\/div>\n<\/article>\n<article id=\"blog-1-post-2630\" class=\"fusion-post-grid post-2630 post type-post status-publish format-standard has-post-thumbnail hentry category-nuestros-articulos\">\n<div class=\"fusion-post-wrapper\" style=\"background-color:rgba(255,255,255,0);border:1px solid #e8e8e8;border-bottom-width:3px;\">\n\n\t\t\t<div class=\"fusion-flexslider flexslider fusion-flexslider-loading fusion-post-slideshow\" style=\"border-color:#e8e8e8;\">\n\t\t<ul class=\"slides\">\n\t\t\t\n\t\t\t\t\t\t\t\t\t\t\t\t\t\t<li><div  class=\"fusion-image-wrapper\" aria-haspopup=\"true\">\n\t\t\t\t<img decoding=\"async\" width=\"680\" height=\"420\" data-src=\"https:\/\/intelsynet.com\/wp-content\/uploads\/2021\/10\/cpd.jpg\" class=\"attachment-full size-full wp-post-image lazyload\" alt=\"CPD\" data-srcset=\"https:\/\/intelsynet.com\/wp-content\/uploads\/2021\/10\/cpd-200x124.jpg 200w, https:\/\/intelsynet.com\/wp-content\/uploads\/2021\/10\/cpd-400x247.jpg 400w, https:\/\/intelsynet.com\/wp-content\/uploads\/2021\/10\/cpd-600x371.jpg 600w, https:\/\/intelsynet.com\/wp-content\/uploads\/2021\/10\/cpd.jpg 680w\" data-sizes=\"(min-width: 2200px) 100vw, (min-width: 784px) 363px, (min-width: 712px) 545px, (min-width: 640px) 712px,\" src=\"data:image\/svg+xml;base64,PHN2ZyB3aWR0aD0iMSIgaGVpZ2h0PSIxIiB4bWxucz0iaHR0cDovL3d3dy53My5vcmcvMjAwMC9zdmciPjwvc3ZnPg==\" style=\"--smush-placeholder-width: 680px; --smush-placeholder-aspect-ratio: 680\/420;\" \/><div class=\"fusion-rollover\">\n\t<div class=\"fusion-rollover-content\">\n\n\t\t\t\t\n\t\t\n\t\t\t\t\t\t\t\t\t\t\t\t<h4 class=\"fusion-rollover-title\">\n\t\t\t\t\t<a class=\"fusion-rollover-title-link\" href=\"https:\/\/intelsynet.com\/es\/cdp-ve-catastrofico-el-nivel-de-calentamiento-global-que-aun-generan-los-fondos-de-inversion\/\">\n\t\t\t\t\t\tCDP ve \u00abcatastr\u00f3fico\u00bb el nivel de calentamiento global que a\u00fan generan los fondos de inversi\u00f3n\t\t\t\t\t<\/a>\n\t\t\t\t<\/h4>\n\t\t\t\n\t\t\t\t\t\t\t\t\n\t\t\n\t\t\t\t\t\t<a class=\"fusion-link-wrapper\" href=\"https:\/\/intelsynet.com\/es\/cdp-ve-catastrofico-el-nivel-de-calentamiento-global-que-aun-generan-los-fondos-de-inversion\/\" aria-label=\"CDP ve \u00abcatastr\u00f3fico\u00bb el nivel de calentamiento global que a\u00fan generan los fondos de inversi\u00f3n\"><\/a>\n\t<\/div>\n<\/div>\n<\/div>\n<\/li>\n\t\t\t\n\t\t\t\n\t\t\t\t\t\t\t\t<\/ul>\n\t<\/div>\n\t<div class=\"fusion-post-content-wrapper\" style=\"padding:30px 25px 20px 25px;\"><div class=\"fusion-post-content post-content\"><h2 class=\"blog-shortcode-post-title entry-title\"><a href=\"https:\/\/intelsynet.com\/es\/cdp-ve-catastrofico-el-nivel-de-calentamiento-global-que-aun-generan-los-fondos-de-inversion\/\">CDP ve \u00abcatastr\u00f3fico\u00bb el nivel de calentamiento global que a\u00fan generan los fondos de inversi\u00f3n<\/a><\/h2><\/div><\/div><div class=\"fusion-clearfix\"><\/div><\/div>\n<\/article>\n<article id=\"blog-1-post-2636\" class=\"fusion-post-grid post-2636 post type-post status-publish format-standard has-post-thumbnail hentry category-nuestros-articulos\">\n<div class=\"fusion-post-wrapper\" style=\"background-color:rgba(255,255,255,0);border:1px solid #e8e8e8;border-bottom-width:3px;\">\n\n\t\t\t<div class=\"fusion-flexslider flexslider fusion-flexslider-loading fusion-post-slideshow\" style=\"border-color:#e8e8e8;\">\n\t\t<ul class=\"slides\">\n\t\t\t\n\t\t\t\t\t\t\t\t\t\t\t\t\t\t<li><div  class=\"fusion-image-wrapper\" aria-haspopup=\"true\">\n\t\t\t\t<img decoding=\"async\" width=\"680\" height=\"420\" data-src=\"https:\/\/intelsynet.com\/wp-content\/uploads\/2021\/10\/fidelity.jpg\" class=\"attachment-full size-full wp-post-image lazyload\" alt=\"Fidelity International\" data-srcset=\"https:\/\/intelsynet.com\/wp-content\/uploads\/2021\/10\/fidelity-200x124.jpg 200w, https:\/\/intelsynet.com\/wp-content\/uploads\/2021\/10\/fidelity-400x247.jpg 400w, https:\/\/intelsynet.com\/wp-content\/uploads\/2021\/10\/fidelity-600x371.jpg 600w, https:\/\/intelsynet.com\/wp-content\/uploads\/2021\/10\/fidelity.jpg 680w\" data-sizes=\"(min-width: 2200px) 100vw, (min-width: 784px) 363px, (min-width: 712px) 545px, (min-width: 640px) 712px,\" src=\"data:image\/svg+xml;base64,PHN2ZyB3aWR0aD0iMSIgaGVpZ2h0PSIxIiB4bWxucz0iaHR0cDovL3d3dy53My5vcmcvMjAwMC9zdmciPjwvc3ZnPg==\" style=\"--smush-placeholder-width: 680px; --smush-placeholder-aspect-ratio: 680\/420;\" \/><div class=\"fusion-rollover\">\n\t<div class=\"fusion-rollover-content\">\n\n\t\t\t\t\n\t\t\n\t\t\t\t\t\t\t\t\t\t\t\t<h4 class=\"fusion-rollover-title\">\n\t\t\t\t\t<a class=\"fusion-rollover-title-link\" href=\"https:\/\/intelsynet.com\/es\/fidelity-se-compromete-a-reducir-a-la-mitad-las-emisiones-de-su-cartera-para-2030\/\">\n\t\t\t\t\t\tFidelity se compromete a reducir a la mitad las emisiones de su cartera para 2030\t\t\t\t\t<\/a>\n\t\t\t\t<\/h4>\n\t\t\t\n\t\t\t\t\t\t\t\t\n\t\t\n\t\t\t\t\t\t<a class=\"fusion-link-wrapper\" href=\"https:\/\/intelsynet.com\/es\/fidelity-se-compromete-a-reducir-a-la-mitad-las-emisiones-de-su-cartera-para-2030\/\" aria-label=\"Fidelity se compromete a reducir a la mitad las emisiones de su cartera para 2030\"><\/a>\n\t<\/div>\n<\/div>\n<\/div>\n<\/li>\n\t\t\t\n\t\t\t\n\t\t\t\t\t\t\t\t<\/ul>\n\t<\/div>\n\t<div class=\"fusion-post-content-wrapper\" style=\"padding:30px 25px 20px 25px;\"><div class=\"fusion-post-content post-content\"><h2 class=\"blog-shortcode-post-title entry-title\"><a href=\"https:\/\/intelsynet.com\/es\/fidelity-se-compromete-a-reducir-a-la-mitad-las-emisiones-de-su-cartera-para-2030\/\">Fidelity se compromete a reducir a la mitad las emisiones de su cartera para 2030<\/a><\/h2><\/div><\/div><div class=\"fusion-clearfix\"><\/div><\/div>\n<\/article>\n<article id=\"blog-1-post-2604\" class=\"fusion-post-grid post-2604 post type-post status-publish format-standard has-post-thumbnail hentry category-nuestros-articulos\">\n<div class=\"fusion-post-wrapper\" style=\"background-color:rgba(255,255,255,0);border:1px solid #e8e8e8;border-bottom-width:3px;\">\n\n\t\t\t<div class=\"fusion-flexslider flexslider fusion-flexslider-loading fusion-post-slideshow\" style=\"border-color:#e8e8e8;\">\n\t\t<ul class=\"slides\">\n\t\t\t\n\t\t\t\t\t\t\t\t\t\t\t\t\t\t<li><div  class=\"fusion-image-wrapper\" aria-haspopup=\"true\">\n\t\t\t\t<img decoding=\"async\" width=\"1200\" height=\"742\" data-src=\"https:\/\/intelsynet.com\/wp-content\/uploads\/2021\/10\/planeta-mas-sostenible-1.jpg\" class=\"attachment-full size-full wp-post-image lazyload\" alt=\"planeta m\u00e1s sostenible\" data-srcset=\"https:\/\/intelsynet.com\/wp-content\/uploads\/2021\/10\/planeta-mas-sostenible-1-200x124.jpg 200w, https:\/\/intelsynet.com\/wp-content\/uploads\/2021\/10\/planeta-mas-sostenible-1-400x247.jpg 400w, https:\/\/intelsynet.com\/wp-content\/uploads\/2021\/10\/planeta-mas-sostenible-1-600x371.jpg 600w, https:\/\/intelsynet.com\/wp-content\/uploads\/2021\/10\/planeta-mas-sostenible-1-800x495.jpg 800w, https:\/\/intelsynet.com\/wp-content\/uploads\/2021\/10\/planeta-mas-sostenible-1.jpg 1200w\" data-sizes=\"(min-width: 2200px) 100vw, (min-width: 784px) 363px, (min-width: 712px) 545px, (min-width: 640px) 712px,\" src=\"data:image\/svg+xml;base64,PHN2ZyB3aWR0aD0iMSIgaGVpZ2h0PSIxIiB4bWxucz0iaHR0cDovL3d3dy53My5vcmcvMjAwMC9zdmciPjwvc3ZnPg==\" style=\"--smush-placeholder-width: 1200px; --smush-placeholder-aspect-ratio: 1200\/742;\" \/><div class=\"fusion-rollover\">\n\t<div class=\"fusion-rollover-content\">\n\n\t\t\t\t\n\t\t\n\t\t\t\t\t\t\t\t\t\t\t\t<h4 class=\"fusion-rollover-title\">\n\t\t\t\t\t<a class=\"fusion-rollover-title-link\" href=\"https:\/\/intelsynet.com\/es\/planeta-mas-sostenible\/\">\n\t\t\t\t\t\tEl sector financiero refuerza su compromiso con un planeta m\u00e1s sostenible\t\t\t\t\t<\/a>\n\t\t\t\t<\/h4>\n\t\t\t\n\t\t\t\t\t\t\t\t\n\t\t\n\t\t\t\t\t\t<a class=\"fusion-link-wrapper\" href=\"https:\/\/intelsynet.com\/es\/planeta-mas-sostenible\/\" aria-label=\"El sector financiero refuerza su compromiso con un planeta m\u00e1s sostenible\"><\/a>\n\t<\/div>\n<\/div>\n<\/div>\n<\/li>\n\t\t\t\n\t\t\t\n\t\t\t\t\t\t\t\t<\/ul>\n\t<\/div>\n\t<div class=\"fusion-post-content-wrapper\" style=\"padding:30px 25px 20px 25px;\"><div class=\"fusion-post-content post-content\"><h2 class=\"blog-shortcode-post-title entry-title\"><a href=\"https:\/\/intelsynet.com\/es\/planeta-mas-sostenible\/\">El sector financiero refuerza su compromiso con un planeta m\u00e1s sostenible<\/a><\/h2><\/div><\/div><div class=\"fusion-clearfix\"><\/div><\/div>\n<\/article>\n<article id=\"blog-1-post-2613\" class=\"fusion-post-grid post-2613 post type-post status-publish format-standard has-post-thumbnail hentry category-nuestros-articulos\">\n<div class=\"fusion-post-wrapper\" style=\"background-color:rgba(255,255,255,0);border:1px solid #e8e8e8;border-bottom-width:3px;\">\n\n\t\t\t<div class=\"fusion-flexslider flexslider fusion-flexslider-loading fusion-post-slideshow\" style=\"border-color:#e8e8e8;\">\n\t\t<ul class=\"slides\">\n\t\t\t\n\t\t\t\t\t\t\t\t\t\t\t\t\t\t<li><div  class=\"fusion-image-wrapper\" aria-haspopup=\"true\">\n\t\t\t\t<img decoding=\"async\" width=\"1200\" height=\"742\" data-src=\"https:\/\/intelsynet.com\/wp-content\/uploads\/2021\/10\/analisis-ESG.jpeg\" class=\"attachment-full size-full wp-post-image lazyload\" alt=\"an\u00e1lisis ESG\" data-srcset=\"https:\/\/intelsynet.com\/wp-content\/uploads\/2021\/10\/analisis-ESG-200x124.jpeg 200w, https:\/\/intelsynet.com\/wp-content\/uploads\/2021\/10\/analisis-ESG-400x247.jpeg 400w, https:\/\/intelsynet.com\/wp-content\/uploads\/2021\/10\/analisis-ESG-600x371.jpeg 600w, https:\/\/intelsynet.com\/wp-content\/uploads\/2021\/10\/analisis-ESG-800x495.jpeg 800w, https:\/\/intelsynet.com\/wp-content\/uploads\/2021\/10\/analisis-ESG.jpeg 1200w\" data-sizes=\"(min-width: 2200px) 100vw, (min-width: 784px) 363px, (min-width: 712px) 545px, (min-width: 640px) 712px,\" src=\"data:image\/svg+xml;base64,PHN2ZyB3aWR0aD0iMSIgaGVpZ2h0PSIxIiB4bWxucz0iaHR0cDovL3d3dy53My5vcmcvMjAwMC9zdmciPjwvc3ZnPg==\" style=\"--smush-placeholder-width: 1200px; --smush-placeholder-aspect-ratio: 1200\/742;\" \/><div class=\"fusion-rollover\">\n\t<div class=\"fusion-rollover-content\">\n\n\t\t\t\t\n\t\t\n\t\t\t\t\t\t\t\t\t\t\t\t<h4 class=\"fusion-rollover-title\">\n\t\t\t\t\t<a class=\"fusion-rollover-title-link\" href=\"https:\/\/intelsynet.com\/es\/analisis-esg\/\">\n\t\t\t\t\t\tEl 92% de las entidades financieras asegura incorporar aspectos sociales en su an\u00e1lisis ESG\t\t\t\t\t<\/a>\n\t\t\t\t<\/h4>\n\t\t\t\n\t\t\t\t\t\t\t\t\n\t\t\n\t\t\t\t\t\t<a class=\"fusion-link-wrapper\" href=\"https:\/\/intelsynet.com\/es\/analisis-esg\/\" aria-label=\"El 92% de las entidades financieras asegura incorporar aspectos sociales en su an\u00e1lisis ESG\"><\/a>\n\t<\/div>\n<\/div>\n<\/div>\n<\/li>\n\t\t\t\n\t\t\t\n\t\t\t\t\t\t\t\t<\/ul>\n\t<\/div>\n\t<div class=\"fusion-post-content-wrapper\" style=\"padding:30px 25px 20px 25px;\"><div class=\"fusion-post-content post-content\"><h2 class=\"blog-shortcode-post-title entry-title\"><a href=\"https:\/\/intelsynet.com\/es\/analisis-esg\/\">El 92% de las entidades financieras asegura incorporar aspectos sociales en su an\u00e1lisis ESG<\/a><\/h2><\/div><\/div><div class=\"fusion-clearfix\"><\/div><\/div>\n<\/article>\n<article id=\"blog-1-post-2612\" class=\"fusion-post-grid post-2612 post type-post status-publish format-standard has-post-thumbnail hentry category-nuestros-articulos\">\n<div class=\"fusion-post-wrapper\" style=\"background-color:rgba(255,255,255,0);border:1px solid #e8e8e8;border-bottom-width:3px;\">\n\n\t\t\t<div class=\"fusion-flexslider flexslider fusion-flexslider-loading fusion-post-slideshow\" style=\"border-color:#e8e8e8;\">\n\t\t<ul class=\"slides\">\n\t\t\t\n\t\t\t\t\t\t\t\t\t\t\t\t\t\t<li><div  class=\"fusion-image-wrapper\" aria-haspopup=\"true\">\n\t\t\t\t<img decoding=\"async\" width=\"1200\" height=\"742\" data-src=\"https:\/\/intelsynet.com\/wp-content\/uploads\/2021\/10\/fondos-verdes-europeos.jpg\" class=\"attachment-full size-full wp-post-image lazyload\" alt=\"fondos verdes europeos\" data-srcset=\"https:\/\/intelsynet.com\/wp-content\/uploads\/2021\/10\/fondos-verdes-europeos-200x124.jpg 200w, https:\/\/intelsynet.com\/wp-content\/uploads\/2021\/10\/fondos-verdes-europeos-400x247.jpg 400w, https:\/\/intelsynet.com\/wp-content\/uploads\/2021\/10\/fondos-verdes-europeos-600x371.jpg 600w, https:\/\/intelsynet.com\/wp-content\/uploads\/2021\/10\/fondos-verdes-europeos-800x495.jpg 800w, https:\/\/intelsynet.com\/wp-content\/uploads\/2021\/10\/fondos-verdes-europeos.jpg 1200w\" data-sizes=\"(min-width: 2200px) 100vw, (min-width: 784px) 363px, (min-width: 712px) 545px, (min-width: 640px) 712px,\" src=\"data:image\/svg+xml;base64,PHN2ZyB3aWR0aD0iMSIgaGVpZ2h0PSIxIiB4bWxucz0iaHR0cDovL3d3dy53My5vcmcvMjAwMC9zdmciPjwvc3ZnPg==\" style=\"--smush-placeholder-width: 1200px; --smush-placeholder-aspect-ratio: 1200\/742;\" \/><div class=\"fusion-rollover\">\n\t<div class=\"fusion-rollover-content\">\n\n\t\t\t\t\n\t\t\n\t\t\t\t\t\t\t\t\t\t\t\t<h4 class=\"fusion-rollover-title\">\n\t\t\t\t\t<a class=\"fusion-rollover-title-link\" href=\"https:\/\/intelsynet.com\/es\/fondos-verdes-europeos\/\">\n\t\t\t\t\t\tEl retraso regulatorio rompe la homogeneidad de los fondos verdes europeos\t\t\t\t\t<\/a>\n\t\t\t\t<\/h4>\n\t\t\t\n\t\t\t\t\t\t\t\t\n\t\t\n\t\t\t\t\t\t<a class=\"fusion-link-wrapper\" href=\"https:\/\/intelsynet.com\/es\/fondos-verdes-europeos\/\" aria-label=\"El retraso regulatorio rompe la homogeneidad de los fondos verdes europeos\"><\/a>\n\t<\/div>\n<\/div>\n<\/div>\n<\/li>\n\t\t\t\n\t\t\t\n\t\t\t\t\t\t\t\t<\/ul>\n\t<\/div>\n\t<div class=\"fusion-post-content-wrapper\" style=\"padding:30px 25px 20px 25px;\"><div class=\"fusion-post-content post-content\"><h2 class=\"blog-shortcode-post-title entry-title\"><a href=\"https:\/\/intelsynet.com\/es\/fondos-verdes-europeos\/\">El retraso regulatorio rompe la homogeneidad de los fondos verdes europeos<\/a><\/h2><\/div><\/div><div class=\"fusion-clearfix\"><\/div><\/div>\n<\/article>\n<article id=\"blog-1-post-2611\" class=\"fusion-post-grid post-2611 post type-post status-publish format-standard has-post-thumbnail hentry category-nuestros-articulos\">\n<div class=\"fusion-post-wrapper\" style=\"background-color:rgba(255,255,255,0);border:1px solid #e8e8e8;border-bottom-width:3px;\">\n\n\t\t\t<div class=\"fusion-flexslider flexslider fusion-flexslider-loading fusion-post-slideshow\" style=\"border-color:#e8e8e8;\">\n\t\t<ul class=\"slides\">\n\t\t\t\n\t\t\t\t\t\t\t\t\t\t\t\t\t\t<li><div  class=\"fusion-image-wrapper\" aria-haspopup=\"true\">\n\t\t\t\t<img decoding=\"async\" width=\"1200\" height=\"742\" data-src=\"https:\/\/intelsynet.com\/wp-content\/uploads\/2021\/10\/financiacion-sostenible.jpg\" class=\"attachment-full size-full wp-post-image lazyload\" alt=\"financiacion sostenible\" data-srcset=\"https:\/\/intelsynet.com\/wp-content\/uploads\/2021\/10\/financiacion-sostenible-200x124.jpg 200w, https:\/\/intelsynet.com\/wp-content\/uploads\/2021\/10\/financiacion-sostenible-400x247.jpg 400w, https:\/\/intelsynet.com\/wp-content\/uploads\/2021\/10\/financiacion-sostenible-600x371.jpg 600w, https:\/\/intelsynet.com\/wp-content\/uploads\/2021\/10\/financiacion-sostenible-800x495.jpg 800w, https:\/\/intelsynet.com\/wp-content\/uploads\/2021\/10\/financiacion-sostenible.jpg 1200w\" data-sizes=\"(min-width: 2200px) 100vw, (min-width: 784px) 363px, (min-width: 712px) 545px, (min-width: 640px) 712px,\" src=\"data:image\/svg+xml;base64,PHN2ZyB3aWR0aD0iMSIgaGVpZ2h0PSIxIiB4bWxucz0iaHR0cDovL3d3dy53My5vcmcvMjAwMC9zdmciPjwvc3ZnPg==\" style=\"--smush-placeholder-width: 1200px; --smush-placeholder-aspect-ratio: 1200\/742;\" \/><div class=\"fusion-rollover\">\n\t<div class=\"fusion-rollover-content\">\n\n\t\t\t\t\n\t\t\n\t\t\t\t\t\t\t\t\t\t\t\t<h4 class=\"fusion-rollover-title\">\n\t\t\t\t\t<a class=\"fusion-rollover-title-link\" href=\"https:\/\/intelsynet.com\/es\/bbva-asesora-a-wood-en-una-financiacion-sostenible\/\">\n\t\t\t\t\t\tBBVA asesora a Wood en una financiaci\u00f3n sostenible de 1.200 millones de d\u00f3lares\t\t\t\t\t<\/a>\n\t\t\t\t<\/h4>\n\t\t\t\n\t\t\t\t\t\t\t\t\n\t\t\n\t\t\t\t\t\t<a class=\"fusion-link-wrapper\" href=\"https:\/\/intelsynet.com\/es\/bbva-asesora-a-wood-en-una-financiacion-sostenible\/\" aria-label=\"BBVA asesora a Wood en una financiaci\u00f3n sostenible de 1.200 millones de d\u00f3lares\"><\/a>\n\t<\/div>\n<\/div>\n<\/div>\n<\/li>\n\t\t\t\n\t\t\t\n\t\t\t\t\t\t\t\t<\/ul>\n\t<\/div>\n\t<div class=\"fusion-post-content-wrapper\" style=\"padding:30px 25px 20px 25px;\"><div class=\"fusion-post-content post-content\"><h2 class=\"blog-shortcode-post-title entry-title\"><a href=\"https:\/\/intelsynet.com\/es\/bbva-asesora-a-wood-en-una-financiacion-sostenible\/\">BBVA asesora a Wood en una financiaci\u00f3n sostenible de 1.200 millones de d\u00f3lares<\/a><\/h2><\/div><\/div><div class=\"fusion-clearfix\"><\/div><\/div>\n<\/article>\n<article id=\"blog-1-post-2610\" class=\"fusion-post-grid post-2610 post type-post status-publish format-standard has-post-thumbnail hentry category-nuestros-articulos\">\n<div class=\"fusion-post-wrapper\" style=\"background-color:rgba(255,255,255,0);border:1px solid #e8e8e8;border-bottom-width:3px;\">\n\n\t\t\t<div class=\"fusion-flexslider flexslider fusion-flexslider-loading fusion-post-slideshow\" style=\"border-color:#e8e8e8;\">\n\t\t<ul class=\"slides\">\n\t\t\t\n\t\t\t\t\t\t\t\t\t\t\t\t\t\t<li><div  class=\"fusion-image-wrapper\" aria-haspopup=\"true\">\n\t\t\t\t<img decoding=\"async\" width=\"1200\" height=\"742\" data-src=\"https:\/\/intelsynet.com\/wp-content\/uploads\/2021\/10\/sector-financiero-sostenible.jpg\" class=\"attachment-full size-full wp-post-image lazyload\" alt=\"sector financiero sostenible\" data-srcset=\"https:\/\/intelsynet.com\/wp-content\/uploads\/2021\/10\/sector-financiero-sostenible-200x124.jpg 200w, https:\/\/intelsynet.com\/wp-content\/uploads\/2021\/10\/sector-financiero-sostenible-400x247.jpg 400w, https:\/\/intelsynet.com\/wp-content\/uploads\/2021\/10\/sector-financiero-sostenible-600x371.jpg 600w, https:\/\/intelsynet.com\/wp-content\/uploads\/2021\/10\/sector-financiero-sostenible-800x495.jpg 800w, https:\/\/intelsynet.com\/wp-content\/uploads\/2021\/10\/sector-financiero-sostenible.jpg 1200w\" data-sizes=\"(min-width: 2200px) 100vw, (min-width: 784px) 363px, (min-width: 712px) 545px, (min-width: 640px) 712px,\" src=\"data:image\/svg+xml;base64,PHN2ZyB3aWR0aD0iMSIgaGVpZ2h0PSIxIiB4bWxucz0iaHR0cDovL3d3dy53My5vcmcvMjAwMC9zdmciPjwvc3ZnPg==\" style=\"--smush-placeholder-width: 1200px; --smush-placeholder-aspect-ratio: 1200\/742;\" \/><div class=\"fusion-rollover\">\n\t<div class=\"fusion-rollover-content\">\n\n\t\t\t\t\n\t\t\n\t\t\t\t\t\t\t\t\t\t\t\t<h4 class=\"fusion-rollover-title\">\n\t\t\t\t\t<a class=\"fusion-rollover-title-link\" href=\"https:\/\/intelsynet.com\/es\/sector-financiero-sostenible\/\">\n\t\t\t\t\t\tUn sector financiero sostenible\t\t\t\t\t<\/a>\n\t\t\t\t<\/h4>\n\t\t\t\n\t\t\t\t\t\t\t\t\n\t\t\n\t\t\t\t\t\t<a class=\"fusion-link-wrapper\" href=\"https:\/\/intelsynet.com\/es\/sector-financiero-sostenible\/\" aria-label=\"Un sector financiero sostenible\"><\/a>\n\t<\/div>\n<\/div>\n<\/div>\n<\/li>\n\t\t\t\n\t\t\t\n\t\t\t\t\t\t\t\t<\/ul>\n\t<\/div>\n\t<div class=\"fusion-post-content-wrapper\" style=\"padding:30px 25px 20px 25px;\"><div class=\"fusion-post-content post-content\"><h2 class=\"blog-shortcode-post-title entry-title\"><a href=\"https:\/\/intelsynet.com\/es\/sector-financiero-sostenible\/\">Un sector financiero sostenible<\/a><\/h2><\/div><\/div><div class=\"fusion-clearfix\"><\/div><\/div>\n<\/article>\n<article id=\"blog-1-post-2609\" class=\"fusion-post-grid post-2609 post type-post status-publish format-standard has-post-thumbnail hentry category-nuestros-articulos\">\n<div class=\"fusion-post-wrapper\" style=\"background-color:rgba(255,255,255,0);border:1px solid #e8e8e8;border-bottom-width:3px;\">\n\n\t\t\t<div class=\"fusion-flexslider flexslider fusion-flexslider-loading fusion-post-slideshow\" style=\"border-color:#e8e8e8;\">\n\t\t<ul class=\"slides\">\n\t\t\t\n\t\t\t\t\t\t\t\t\t\t\t\t\t\t<li><div  class=\"fusion-image-wrapper\" aria-haspopup=\"true\">\n\t\t\t\t<img decoding=\"async\" width=\"1200\" height=\"742\" data-src=\"https:\/\/intelsynet.com\/wp-content\/uploads\/2021\/10\/bonos-verdes.jpg\" class=\"attachment-full size-full wp-post-image lazyload\" alt=\"bonos verdes\" data-srcset=\"https:\/\/intelsynet.com\/wp-content\/uploads\/2021\/10\/bonos-verdes-200x124.jpg 200w, https:\/\/intelsynet.com\/wp-content\/uploads\/2021\/10\/bonos-verdes-400x247.jpg 400w, https:\/\/intelsynet.com\/wp-content\/uploads\/2021\/10\/bonos-verdes-600x371.jpg 600w, https:\/\/intelsynet.com\/wp-content\/uploads\/2021\/10\/bonos-verdes-800x495.jpg 800w, https:\/\/intelsynet.com\/wp-content\/uploads\/2021\/10\/bonos-verdes.jpg 1200w\" data-sizes=\"(min-width: 2200px) 100vw, (min-width: 784px) 363px, (min-width: 712px) 545px, (min-width: 640px) 712px,\" src=\"data:image\/svg+xml;base64,PHN2ZyB3aWR0aD0iMSIgaGVpZ2h0PSIxIiB4bWxucz0iaHR0cDovL3d3dy53My5vcmcvMjAwMC9zdmciPjwvc3ZnPg==\" style=\"--smush-placeholder-width: 1200px; --smush-placeholder-aspect-ratio: 1200\/742;\" \/><div class=\"fusion-rollover\">\n\t<div class=\"fusion-rollover-content\">\n\n\t\t\t\t\n\t\t\n\t\t\t\t\t\t\t\t\t\t\t\t<h4 class=\"fusion-rollover-title\">\n\t\t\t\t\t<a class=\"fusion-rollover-title-link\" href=\"https:\/\/intelsynet.com\/es\/bonos-verdes\/\">\n\t\t\t\t\t\t\u00bfQui\u00e9n certifica la sostenibilidad de los bonos verdes?\t\t\t\t\t<\/a>\n\t\t\t\t<\/h4>\n\t\t\t\n\t\t\t\t\t\t\t\t\n\t\t\n\t\t\t\t\t\t<a class=\"fusion-link-wrapper\" href=\"https:\/\/intelsynet.com\/es\/bonos-verdes\/\" aria-label=\"\u00bfQui\u00e9n certifica la sostenibilidad de los bonos verdes?\"><\/a>\n\t<\/div>\n<\/div>\n<\/div>\n<\/li>\n\t\t\t\n\t\t\t\n\t\t\t\t\t\t\t\t<\/ul>\n\t<\/div>\n\t<div class=\"fusion-post-content-wrapper\" style=\"padding:30px 25px 20px 25px;\"><div class=\"fusion-post-content post-content\"><h2 class=\"blog-shortcode-post-title entry-title\"><a href=\"https:\/\/intelsynet.com\/es\/bonos-verdes\/\">\u00bfQui\u00e9n certifica la sostenibilidad de los bonos verdes?<\/a><\/h2><\/div><\/div><div class=\"fusion-clearfix\"><\/div><\/div>\n<\/article>\n<article id=\"blog-1-post-2608\" class=\"fusion-post-grid post-2608 post type-post status-publish format-standard has-post-thumbnail hentry category-nuestros-articulos\">\n<div class=\"fusion-post-wrapper\" style=\"background-color:rgba(255,255,255,0);border:1px solid #e8e8e8;border-bottom-width:3px;\">\n\n\t\t\t<div class=\"fusion-flexslider flexslider fusion-flexslider-loading fusion-post-slideshow\" style=\"border-color:#e8e8e8;\">\n\t\t<ul class=\"slides\">\n\t\t\t\n\t\t\t\t\t\t\t\t\t\t\t\t\t\t<li><div  class=\"fusion-image-wrapper\" aria-haspopup=\"true\">\n\t\t\t\t<img decoding=\"async\" width=\"1200\" height=\"741\" data-src=\"https:\/\/intelsynet.com\/wp-content\/uploads\/2021\/10\/SOSTENIBILIDAD-EN-LAS-EMPRESAS.jpg\" class=\"attachment-full size-full wp-post-image lazyload\" alt=\"SOSTENIBILIDAD EN LAS EMPRESAS\" data-srcset=\"https:\/\/intelsynet.com\/wp-content\/uploads\/2021\/10\/SOSTENIBILIDAD-EN-LAS-EMPRESAS-200x124.jpg 200w, https:\/\/intelsynet.com\/wp-content\/uploads\/2021\/10\/SOSTENIBILIDAD-EN-LAS-EMPRESAS-400x247.jpg 400w, https:\/\/intelsynet.com\/wp-content\/uploads\/2021\/10\/SOSTENIBILIDAD-EN-LAS-EMPRESAS-600x371.jpg 600w, https:\/\/intelsynet.com\/wp-content\/uploads\/2021\/10\/SOSTENIBILIDAD-EN-LAS-EMPRESAS-800x494.jpg 800w, https:\/\/intelsynet.com\/wp-content\/uploads\/2021\/10\/SOSTENIBILIDAD-EN-LAS-EMPRESAS.jpg 1200w\" data-sizes=\"(min-width: 2200px) 100vw, (min-width: 784px) 363px, (min-width: 712px) 545px, (min-width: 640px) 712px,\" src=\"data:image\/svg+xml;base64,PHN2ZyB3aWR0aD0iMSIgaGVpZ2h0PSIxIiB4bWxucz0iaHR0cDovL3d3dy53My5vcmcvMjAwMC9zdmciPjwvc3ZnPg==\" style=\"--smush-placeholder-width: 1200px; --smush-placeholder-aspect-ratio: 1200\/741;\" \/><div class=\"fusion-rollover\">\n\t<div class=\"fusion-rollover-content\">\n\n\t\t\t\t\n\t\t\n\t\t\t\t\t\t\t\t\t\t\t\t<h4 class=\"fusion-rollover-title\">\n\t\t\t\t\t<a class=\"fusion-rollover-title-link\" href=\"https:\/\/intelsynet.com\/es\/sostenibilidad-de-las-empresas\/\">\n\t\t\t\t\t\tLos grandes fondos marcan el ritmo de la sostenibilidad de las empresas\t\t\t\t\t<\/a>\n\t\t\t\t<\/h4>\n\t\t\t\n\t\t\t\t\t\t\t\t\n\t\t\n\t\t\t\t\t\t<a class=\"fusion-link-wrapper\" href=\"https:\/\/intelsynet.com\/es\/sostenibilidad-de-las-empresas\/\" aria-label=\"Los grandes fondos marcan el ritmo de la sostenibilidad de las empresas\"><\/a>\n\t<\/div>\n<\/div>\n<\/div>\n<\/li>\n\t\t\t\n\t\t\t\n\t\t\t\t\t\t\t\t<\/ul>\n\t<\/div>\n\t<div class=\"fusion-post-content-wrapper\" style=\"padding:30px 25px 20px 25px;\"><div class=\"fusion-post-content post-content\"><h2 class=\"blog-shortcode-post-title entry-title\"><a href=\"https:\/\/intelsynet.com\/es\/sostenibilidad-de-las-empresas\/\">Los grandes fondos marcan el ritmo de la sostenibilidad de las empresas<\/a><\/h2><\/div><\/div><div class=\"fusion-clearfix\"><\/div><\/div>\n<\/article>\n<article id=\"blog-1-post-2587\" class=\"fusion-post-grid post-2587 post type-post status-publish format-standard has-post-thumbnail hentry category-nuestros-articulos\">\n<div class=\"fusion-post-wrapper\" style=\"background-color:rgba(255,255,255,0);border:1px solid #e8e8e8;border-bottom-width:3px;\">\n\n\t\t\t<div class=\"fusion-flexslider flexslider fusion-flexslider-loading fusion-post-slideshow\" style=\"border-color:#e8e8e8;\">\n\t\t<ul class=\"slides\">\n\t\t\t\n\t\t\t\t\t\t\t\t\t\t\t\t\t\t<li><div  class=\"fusion-image-wrapper\" aria-haspopup=\"true\">\n\t\t\t\t<img decoding=\"async\" width=\"1200\" height=\"742\" data-src=\"https:\/\/intelsynet.com\/wp-content\/uploads\/2021\/10\/Maas.jpg\" class=\"attachment-full size-full wp-post-image lazyload\" alt=\"Maas\" data-srcset=\"https:\/\/intelsynet.com\/wp-content\/uploads\/2021\/10\/Maas-200x124.jpg 200w, https:\/\/intelsynet.com\/wp-content\/uploads\/2021\/10\/Maas-400x247.jpg 400w, https:\/\/intelsynet.com\/wp-content\/uploads\/2021\/10\/Maas-600x371.jpg 600w, https:\/\/intelsynet.com\/wp-content\/uploads\/2021\/10\/Maas-800x495.jpg 800w, https:\/\/intelsynet.com\/wp-content\/uploads\/2021\/10\/Maas.jpg 1200w\" data-sizes=\"(min-width: 2200px) 100vw, (min-width: 784px) 363px, (min-width: 712px) 545px, (min-width: 640px) 712px,\" src=\"data:image\/svg+xml;base64,PHN2ZyB3aWR0aD0iMSIgaGVpZ2h0PSIxIiB4bWxucz0iaHR0cDovL3d3dy53My5vcmcvMjAwMC9zdmciPjwvc3ZnPg==\" style=\"--smush-placeholder-width: 1200px; --smush-placeholder-aspect-ratio: 1200\/742;\" \/><div class=\"fusion-rollover\">\n\t<div class=\"fusion-rollover-content\">\n\n\t\t\t\t\n\t\t\n\t\t\t\t\t\t\t\t\t\t\t\t<h4 class=\"fusion-rollover-title\">\n\t\t\t\t\t<a class=\"fusion-rollover-title-link\" href=\"https:\/\/intelsynet.com\/es\/maas\/\">\n\t\t\t\t\t\tLa movilidad como servicio (Maas) Mercado 2021\t\t\t\t\t<\/a>\n\t\t\t\t<\/h4>\n\t\t\t\n\t\t\t\t\t\t\t\t\n\t\t\n\t\t\t\t\t\t<a class=\"fusion-link-wrapper\" href=\"https:\/\/intelsynet.com\/es\/maas\/\" aria-label=\"La movilidad como servicio (Maas) Mercado 2021\"><\/a>\n\t<\/div>\n<\/div>\n<\/div>\n<\/li>\n\t\t\t\n\t\t\t\n\t\t\t\t\t\t\t\t<\/ul>\n\t<\/div>\n\t<div class=\"fusion-post-content-wrapper\" style=\"padding:30px 25px 20px 25px;\"><div class=\"fusion-post-content post-content\"><h2 class=\"blog-shortcode-post-title entry-title\"><a href=\"https:\/\/intelsynet.com\/es\/maas\/\">La movilidad como servicio (Maas) Mercado 2021<\/a><\/h2><\/div><\/div><div class=\"fusion-clearfix\"><\/div><\/div>\n<\/article>\n<article id=\"blog-1-post-2586\" class=\"fusion-post-grid post-2586 post type-post status-publish format-standard has-post-thumbnail hentry category-nuestros-articulos\">\n<div class=\"fusion-post-wrapper\" style=\"background-color:rgba(255,255,255,0);border:1px solid #e8e8e8;border-bottom-width:3px;\">\n\n\t\t\t<div class=\"fusion-flexslider flexslider fusion-flexslider-loading fusion-post-slideshow\" style=\"border-color:#e8e8e8;\">\n\t\t<ul class=\"slides\">\n\t\t\t\n\t\t\t\t\t\t\t\t\t\t\t\t\t\t<li><div  class=\"fusion-image-wrapper\" aria-haspopup=\"true\">\n\t\t\t\t<img decoding=\"async\" width=\"620\" height=\"383\" data-src=\"https:\/\/intelsynet.com\/wp-content\/uploads\/2021\/10\/bnew.jpg\" class=\"attachment-full size-full wp-post-image lazyload\" alt=\"BNEW\" data-srcset=\"https:\/\/intelsynet.com\/wp-content\/uploads\/2021\/10\/bnew-200x124.jpg 200w, https:\/\/intelsynet.com\/wp-content\/uploads\/2021\/10\/bnew-400x247.jpg 400w, https:\/\/intelsynet.com\/wp-content\/uploads\/2021\/10\/bnew-600x371.jpg 600w, https:\/\/intelsynet.com\/wp-content\/uploads\/2021\/10\/bnew.jpg 620w\" data-sizes=\"(min-width: 2200px) 100vw, (min-width: 784px) 363px, (min-width: 712px) 545px, (min-width: 640px) 712px,\" src=\"data:image\/svg+xml;base64,PHN2ZyB3aWR0aD0iMSIgaGVpZ2h0PSIxIiB4bWxucz0iaHR0cDovL3d3dy53My5vcmcvMjAwMC9zdmciPjwvc3ZnPg==\" style=\"--smush-placeholder-width: 620px; --smush-placeholder-aspect-ratio: 620\/383;\" \/><div class=\"fusion-rollover\">\n\t<div class=\"fusion-rollover-content\">\n\n\t\t\t\t\n\t\t\n\t\t\t\t\t\t\t\t\t\t\t\t<h4 class=\"fusion-rollover-title\">\n\t\t\t\t\t<a class=\"fusion-rollover-title-link\" href=\"https:\/\/intelsynet.com\/es\/bnew\/\">\n\t\t\t\t\t\tBNEW: Visibilizar la nueva econom\u00eda\t\t\t\t\t<\/a>\n\t\t\t\t<\/h4>\n\t\t\t\n\t\t\t\t\t\t\t\t\n\t\t\n\t\t\t\t\t\t<a class=\"fusion-link-wrapper\" href=\"https:\/\/intelsynet.com\/es\/bnew\/\" aria-label=\"BNEW: Visibilizar la nueva econom\u00eda\"><\/a>\n\t<\/div>\n<\/div>\n<\/div>\n<\/li>\n\t\t\t\n\t\t\t\n\t\t\t\t\t\t\t\t<\/ul>\n\t<\/div>\n\t<div class=\"fusion-post-content-wrapper\" style=\"padding:30px 25px 20px 25px;\"><div class=\"fusion-post-content post-content\"><h2 class=\"blog-shortcode-post-title entry-title\"><a href=\"https:\/\/intelsynet.com\/es\/bnew\/\">BNEW: Visibilizar la nueva econom\u00eda<\/a><\/h2><\/div><\/div><div class=\"fusion-clearfix\"><\/div><\/div>\n<\/article>\n<article id=\"blog-1-post-2585\" class=\"fusion-post-grid post-2585 post type-post status-publish format-standard has-post-thumbnail hentry category-nuestros-articulos\">\n<div class=\"fusion-post-wrapper\" style=\"background-color:rgba(255,255,255,0);border:1px solid #e8e8e8;border-bottom-width:3px;\">\n\n\t\t\t<div class=\"fusion-flexslider flexslider fusion-flexslider-loading fusion-post-slideshow\" style=\"border-color:#e8e8e8;\">\n\t\t<ul class=\"slides\">\n\t\t\t\n\t\t\t\t\t\t\t\t\t\t\t\t\t\t<li><div  class=\"fusion-image-wrapper\" aria-haspopup=\"true\">\n\t\t\t\t<img decoding=\"async\" width=\"1200\" height=\"742\" data-src=\"https:\/\/intelsynet.com\/wp-content\/uploads\/2021\/10\/spainsif.jpg\" class=\"attachment-full size-full wp-post-image lazyload\" alt=\"spainsif\" data-srcset=\"https:\/\/intelsynet.com\/wp-content\/uploads\/2021\/10\/spainsif-200x124.jpg 200w, https:\/\/intelsynet.com\/wp-content\/uploads\/2021\/10\/spainsif-400x247.jpg 400w, https:\/\/intelsynet.com\/wp-content\/uploads\/2021\/10\/spainsif-600x371.jpg 600w, https:\/\/intelsynet.com\/wp-content\/uploads\/2021\/10\/spainsif-800x495.jpg 800w, https:\/\/intelsynet.com\/wp-content\/uploads\/2021\/10\/spainsif.jpg 1200w\" data-sizes=\"(min-width: 2200px) 100vw, (min-width: 784px) 363px, (min-width: 712px) 545px, (min-width: 640px) 712px,\" src=\"data:image\/svg+xml;base64,PHN2ZyB3aWR0aD0iMSIgaGVpZ2h0PSIxIiB4bWxucz0iaHR0cDovL3d3dy53My5vcmcvMjAwMC9zdmciPjwvc3ZnPg==\" style=\"--smush-placeholder-width: 1200px; --smush-placeholder-aspect-ratio: 1200\/742;\" \/><div class=\"fusion-rollover\">\n\t<div class=\"fusion-rollover-content\">\n\n\t\t\t\t\n\t\t\n\t\t\t\t\t\t\t\t\t\t\t\t<h4 class=\"fusion-rollover-title\">\n\t\t\t\t\t<a class=\"fusion-rollover-title-link\" href=\"https:\/\/intelsynet.com\/es\/evento-anual-de-spainsif-21\/\">\n\t\t\t\t\t\tEvento Anual de Spainsif&#8217; 21\t\t\t\t\t<\/a>\n\t\t\t\t<\/h4>\n\t\t\t\n\t\t\t\t\t\t\t\t\n\t\t\n\t\t\t\t\t\t<a class=\"fusion-link-wrapper\" href=\"https:\/\/intelsynet.com\/es\/evento-anual-de-spainsif-21\/\" aria-label=\"Evento Anual de Spainsif&#8217; 21\"><\/a>\n\t<\/div>\n<\/div>\n<\/div>\n<\/li>\n\t\t\t\n\t\t\t\n\t\t\t\t\t\t\t\t<\/ul>\n\t<\/div>\n\t<div class=\"fusion-post-content-wrapper\" style=\"padding:30px 25px 20px 25px;\"><div class=\"fusion-post-content post-content\"><h2 class=\"blog-shortcode-post-title entry-title\"><a href=\"https:\/\/intelsynet.com\/es\/evento-anual-de-spainsif-21\/\">Evento Anual de Spainsif&#8217; 21<\/a><\/h2><\/div><\/div><div class=\"fusion-clearfix\"><\/div><\/div>\n<\/article>\n<article id=\"blog-1-post-2588\" class=\"fusion-post-grid post-2588 post type-post status-publish format-standard has-post-thumbnail hentry category-nuestros-articulos\">\n<div class=\"fusion-post-wrapper\" style=\"background-color:rgba(255,255,255,0);border:1px solid #e8e8e8;border-bottom-width:3px;\">\n\n\t\t\t<div class=\"fusion-flexslider flexslider fusion-flexslider-loading fusion-post-slideshow\" style=\"border-color:#e8e8e8;\">\n\t\t<ul class=\"slides\">\n\t\t\t\n\t\t\t\t\t\t\t\t\t\t\t\t\t\t<li><div  class=\"fusion-image-wrapper\" aria-haspopup=\"true\">\n\t\t\t\t<img decoding=\"async\" width=\"1200\" height=\"742\" data-src=\"https:\/\/intelsynet.com\/wp-content\/uploads\/2021\/10\/movilidad-electrica-y-conectada.jpeg\" class=\"attachment-full size-full wp-post-image lazyload\" alt=\"movilidad sostenible y conectada\" data-srcset=\"https:\/\/intelsynet.com\/wp-content\/uploads\/2021\/10\/movilidad-electrica-y-conectada-200x124.jpeg 200w, https:\/\/intelsynet.com\/wp-content\/uploads\/2021\/10\/movilidad-electrica-y-conectada-400x247.jpeg 400w, https:\/\/intelsynet.com\/wp-content\/uploads\/2021\/10\/movilidad-electrica-y-conectada-600x371.jpeg 600w, https:\/\/intelsynet.com\/wp-content\/uploads\/2021\/10\/movilidad-electrica-y-conectada-800x495.jpeg 800w, https:\/\/intelsynet.com\/wp-content\/uploads\/2021\/10\/movilidad-electrica-y-conectada.jpeg 1200w\" data-sizes=\"(min-width: 2200px) 100vw, (min-width: 784px) 363px, (min-width: 712px) 545px, (min-width: 640px) 712px,\" src=\"data:image\/svg+xml;base64,PHN2ZyB3aWR0aD0iMSIgaGVpZ2h0PSIxIiB4bWxucz0iaHR0cDovL3d3dy53My5vcmcvMjAwMC9zdmciPjwvc3ZnPg==\" style=\"--smush-placeholder-width: 1200px; --smush-placeholder-aspect-ratio: 1200\/742;\" \/><div class=\"fusion-rollover\">\n\t<div class=\"fusion-rollover-content\">\n\n\t\t\t\t\n\t\t\n\t\t\t\t\t\t\t\t\t\t\t\t<h4 class=\"fusion-rollover-title\">\n\t\t\t\t\t<a class=\"fusion-rollover-title-link\" href=\"https:\/\/intelsynet.com\/es\/movilidad-sostenible-y-conectada\/\">\n\t\t\t\t\t\tImpulso para la movilidad sostenible y conectada en Espa\u00f1a\t\t\t\t\t<\/a>\n\t\t\t\t<\/h4>\n\t\t\t\n\t\t\t\t\t\t\t\t\n\t\t\n\t\t\t\t\t\t<a class=\"fusion-link-wrapper\" href=\"https:\/\/intelsynet.com\/es\/movilidad-sostenible-y-conectada\/\" aria-label=\"Impulso para la movilidad sostenible y conectada en Espa\u00f1a\"><\/a>\n\t<\/div>\n<\/div>\n<\/div>\n<\/li>\n\t\t\t\n\t\t\t\n\t\t\t\t\t\t\t\t<\/ul>\n\t<\/div>\n\t<div class=\"fusion-post-content-wrapper\" style=\"padding:30px 25px 20px 25px;\"><div class=\"fusion-post-content post-content\"><h2 class=\"blog-shortcode-post-title entry-title\"><a href=\"https:\/\/intelsynet.com\/es\/movilidad-sostenible-y-conectada\/\">Impulso para la movilidad sostenible y conectada en Espa\u00f1a<\/a><\/h2><\/div><\/div><div class=\"fusion-clearfix\"><\/div><\/div>\n<\/article>\n<article id=\"blog-1-post-2582\" class=\"fusion-post-grid post-2582 post type-post status-publish format-standard has-post-thumbnail hentry category-nuestros-articulos\">\n<div class=\"fusion-post-wrapper\" style=\"background-color:rgba(255,255,255,0);border:1px solid #e8e8e8;border-bottom-width:3px;\">\n\n\t\t\t<div class=\"fusion-flexslider flexslider fusion-flexslider-loading fusion-post-slideshow\" style=\"border-color:#e8e8e8;\">\n\t\t<ul class=\"slides\">\n\t\t\t\n\t\t\t\t\t\t\t\t\t\t\t\t\t\t<li><div  class=\"fusion-image-wrapper\" aria-haspopup=\"true\">\n\t\t\t\t<img decoding=\"async\" width=\"1200\" height=\"741\" data-src=\"https:\/\/intelsynet.com\/wp-content\/uploads\/2021\/10\/pexels-vlad-chet\u0326an-2892618-1200x800-1-e1633952289520.jpg\" class=\"attachment-full size-full wp-post-image lazyload\" alt=\"\" data-srcset=\"https:\/\/intelsynet.com\/wp-content\/uploads\/2021\/10\/pexels-vlad-chet\u0326an-2892618-1200x800-1-e1633952289520-200x124.jpg 200w, https:\/\/intelsynet.com\/wp-content\/uploads\/2021\/10\/pexels-vlad-chet\u0326an-2892618-1200x800-1-e1633952289520-400x247.jpg 400w, https:\/\/intelsynet.com\/wp-content\/uploads\/2021\/10\/pexels-vlad-chet\u0326an-2892618-1200x800-1-e1633952289520-600x371.jpg 600w, https:\/\/intelsynet.com\/wp-content\/uploads\/2021\/10\/pexels-vlad-chet\u0326an-2892618-1200x800-1-e1633952289520-800x494.jpg 800w, https:\/\/intelsynet.com\/wp-content\/uploads\/2021\/10\/pexels-vlad-chet\u0326an-2892618-1200x800-1-e1633952289520.jpg 1200w\" data-sizes=\"(min-width: 2200px) 100vw, (min-width: 784px) 363px, (min-width: 712px) 545px, (min-width: 640px) 712px,\" src=\"data:image\/svg+xml;base64,PHN2ZyB3aWR0aD0iMSIgaGVpZ2h0PSIxIiB4bWxucz0iaHR0cDovL3d3dy53My5vcmcvMjAwMC9zdmciPjwvc3ZnPg==\" style=\"--smush-placeholder-width: 1200px; --smush-placeholder-aspect-ratio: 1200\/741;\" \/><div class=\"fusion-rollover\">\n\t<div class=\"fusion-rollover-content\">\n\n\t\t\t\t\n\t\t\n\t\t\t\t\t\t\t\t\t\t\t\t<h4 class=\"fusion-rollover-title\">\n\t\t\t\t\t<a class=\"fusion-rollover-title-link\" href=\"https:\/\/intelsynet.com\/es\/el-dilema-del-litio-su-precio-aumenta-porque-no-se-extrae\/\">\n\t\t\t\t\t\tEl dilema del litio: su precio aumenta porque no se extrae tan r\u00e1pido como se producen bater\u00edas\t\t\t\t\t<\/a>\n\t\t\t\t<\/h4>\n\t\t\t\n\t\t\t\t\t\t\t\t\n\t\t\n\t\t\t\t\t\t<a class=\"fusion-link-wrapper\" href=\"https:\/\/intelsynet.com\/es\/el-dilema-del-litio-su-precio-aumenta-porque-no-se-extrae\/\" aria-label=\"El dilema del litio: su precio aumenta porque no se extrae tan r\u00e1pido como se producen bater\u00edas\"><\/a>\n\t<\/div>\n<\/div>\n<\/div>\n<\/li>\n\t\t\t\n\t\t\t\n\t\t\t\t\t\t\t\t<\/ul>\n\t<\/div>\n\t<div class=\"fusion-post-content-wrapper\" style=\"padding:30px 25px 20px 25px;\"><div class=\"fusion-post-content post-content\"><h2 class=\"blog-shortcode-post-title entry-title\"><a href=\"https:\/\/intelsynet.com\/es\/el-dilema-del-litio-su-precio-aumenta-porque-no-se-extrae\/\">El dilema del litio: su precio aumenta porque no se extrae tan r\u00e1pido como se producen bater\u00edas<\/a><\/h2><\/div><\/div><div class=\"fusion-clearfix\"><\/div><\/div>\n<\/article>\n<article id=\"blog-1-post-2579\" class=\"fusion-post-grid post-2579 post type-post status-publish format-standard has-post-thumbnail hentry category-nuestros-articulos\">\n<div class=\"fusion-post-wrapper\" style=\"background-color:rgba(255,255,255,0);border:1px solid #e8e8e8;border-bottom-width:3px;\">\n\n\t\t\t<div class=\"fusion-flexslider flexslider fusion-flexslider-loading fusion-post-slideshow\" style=\"border-color:#e8e8e8;\">\n\t\t<ul class=\"slides\">\n\t\t\t\n\t\t\t\t\t\t\t\t\t\t\t\t\t\t<li><div  class=\"fusion-image-wrapper\" aria-haspopup=\"true\">\n\t\t\t\t<img decoding=\"async\" width=\"1200\" height=\"741\" data-src=\"https:\/\/intelsynet.com\/wp-content\/uploads\/2021\/10\/puntos-recarga-madrid-e1633951927695.jpg\" class=\"attachment-full size-full wp-post-image lazyload\" alt=\"\" data-srcset=\"https:\/\/intelsynet.com\/wp-content\/uploads\/2021\/10\/puntos-recarga-madrid-e1633951927695-200x124.jpg 200w, https:\/\/intelsynet.com\/wp-content\/uploads\/2021\/10\/puntos-recarga-madrid-e1633951927695-400x247.jpg 400w, https:\/\/intelsynet.com\/wp-content\/uploads\/2021\/10\/puntos-recarga-madrid-e1633951927695-600x371.jpg 600w, https:\/\/intelsynet.com\/wp-content\/uploads\/2021\/10\/puntos-recarga-madrid-e1633951927695-800x494.jpg 800w, https:\/\/intelsynet.com\/wp-content\/uploads\/2021\/10\/puntos-recarga-madrid-e1633951927695.jpg 1200w\" data-sizes=\"(min-width: 2200px) 100vw, (min-width: 784px) 363px, (min-width: 712px) 545px, (min-width: 640px) 712px,\" src=\"data:image\/svg+xml;base64,PHN2ZyB3aWR0aD0iMSIgaGVpZ2h0PSIxIiB4bWxucz0iaHR0cDovL3d3dy53My5vcmcvMjAwMC9zdmciPjwvc3ZnPg==\" style=\"--smush-placeholder-width: 1200px; --smush-placeholder-aspect-ratio: 1200\/741;\" \/><div class=\"fusion-rollover\">\n\t<div class=\"fusion-rollover-content\">\n\n\t\t\t\t\n\t\t\n\t\t\t\t\t\t\t\t\t\t\t\t<h4 class=\"fusion-rollover-title\">\n\t\t\t\t\t<a class=\"fusion-rollover-title-link\" href=\"https:\/\/intelsynet.com\/es\/los-fabricantes-reflexionan-sobre-la-infraestructura-de-recarga-de-coches-electricos\/\">\n\t\t\t\t\t\tLos fabricantes reflexionan sobre la infraestructura de recarga de coches el\u00e9ctricos\t\t\t\t\t<\/a>\n\t\t\t\t<\/h4>\n\t\t\t\n\t\t\t\t\t\t\t\t\n\t\t\n\t\t\t\t\t\t<a class=\"fusion-link-wrapper\" href=\"https:\/\/intelsynet.com\/es\/los-fabricantes-reflexionan-sobre-la-infraestructura-de-recarga-de-coches-electricos\/\" aria-label=\"Los fabricantes reflexionan sobre la infraestructura de recarga de coches el\u00e9ctricos\"><\/a>\n\t<\/div>\n<\/div>\n<\/div>\n<\/li>\n\t\t\t\n\t\t\t\n\t\t\t\t\t\t\t\t<\/ul>\n\t<\/div>\n\t<div class=\"fusion-post-content-wrapper\" style=\"padding:30px 25px 20px 25px;\"><div class=\"fusion-post-content post-content\"><h2 class=\"blog-shortcode-post-title entry-title\"><a href=\"https:\/\/intelsynet.com\/es\/los-fabricantes-reflexionan-sobre-la-infraestructura-de-recarga-de-coches-electricos\/\">Los fabricantes reflexionan sobre la infraestructura de recarga de coches el\u00e9ctricos<\/a><\/h2><\/div><\/div><div class=\"fusion-clearfix\"><\/div><\/div>\n<\/article>\n<article id=\"blog-1-post-2575\" class=\"fusion-post-grid post-2575 post type-post status-publish format-standard has-post-thumbnail hentry category-nuestros-articulos\">\n<div class=\"fusion-post-wrapper\" style=\"background-color:rgba(255,255,255,0);border:1px solid #e8e8e8;border-bottom-width:3px;\">\n\n\t\t\t<div class=\"fusion-flexslider flexslider fusion-flexslider-loading fusion-post-slideshow\" style=\"border-color:#e8e8e8;\">\n\t\t<ul class=\"slides\">\n\t\t\t\n\t\t\t\t\t\t\t\t\t\t\t\t\t\t<li><div  class=\"fusion-image-wrapper\" aria-haspopup=\"true\">\n\t\t\t\t<img decoding=\"async\" width=\"1200\" height=\"744\" data-src=\"https:\/\/intelsynet.com\/wp-content\/uploads\/2021\/10\/smart-4168483_1920-1-1-e1633951644352.jpg\" class=\"attachment-full size-full wp-post-image lazyload\" alt=\"\" data-srcset=\"https:\/\/intelsynet.com\/wp-content\/uploads\/2021\/10\/smart-4168483_1920-1-1-e1633951644352-200x124.jpg 200w, https:\/\/intelsynet.com\/wp-content\/uploads\/2021\/10\/smart-4168483_1920-1-1-e1633951644352-400x248.jpg 400w, https:\/\/intelsynet.com\/wp-content\/uploads\/2021\/10\/smart-4168483_1920-1-1-e1633951644352-600x372.jpg 600w, https:\/\/intelsynet.com\/wp-content\/uploads\/2021\/10\/smart-4168483_1920-1-1-e1633951644352-800x496.jpg 800w, https:\/\/intelsynet.com\/wp-content\/uploads\/2021\/10\/smart-4168483_1920-1-1-e1633951644352.jpg 1200w\" data-sizes=\"(min-width: 2200px) 100vw, (min-width: 784px) 363px, (min-width: 712px) 545px, (min-width: 640px) 712px,\" src=\"data:image\/svg+xml;base64,PHN2ZyB3aWR0aD0iMSIgaGVpZ2h0PSIxIiB4bWxucz0iaHR0cDovL3d3dy53My5vcmcvMjAwMC9zdmciPjwvc3ZnPg==\" style=\"--smush-placeholder-width: 1200px; --smush-placeholder-aspect-ratio: 1200\/744;\" \/><div class=\"fusion-rollover\">\n\t<div class=\"fusion-rollover-content\">\n\n\t\t\t\t\n\t\t\n\t\t\t\t\t\t\t\t\t\t\t\t<h4 class=\"fusion-rollover-title\">\n\t\t\t\t\t<a class=\"fusion-rollover-title-link\" href=\"https:\/\/intelsynet.com\/es\/las-cotizadas-desglosan-sus-estrategias-para-impulsar-el-sello-inteligente-en-las-ciudades-espanolas\/\">\n\t\t\t\t\t\tLas cotizadas desglosan sus estrategias para impulsar el sello inteligente en las ciudades espa\u00f1olas\t\t\t\t\t<\/a>\n\t\t\t\t<\/h4>\n\t\t\t\n\t\t\t\t\t\t\t\t\n\t\t\n\t\t\t\t\t\t<a class=\"fusion-link-wrapper\" href=\"https:\/\/intelsynet.com\/es\/las-cotizadas-desglosan-sus-estrategias-para-impulsar-el-sello-inteligente-en-las-ciudades-espanolas\/\" aria-label=\"Las cotizadas desglosan sus estrategias para impulsar el sello inteligente en las ciudades espa\u00f1olas\"><\/a>\n\t<\/div>\n<\/div>\n<\/div>\n<\/li>\n\t\t\t\n\t\t\t\n\t\t\t\t\t\t\t\t<\/ul>\n\t<\/div>\n\t<div class=\"fusion-post-content-wrapper\" style=\"padding:30px 25px 20px 25px;\"><div class=\"fusion-post-content post-content\"><h2 class=\"blog-shortcode-post-title entry-title\"><a href=\"https:\/\/intelsynet.com\/es\/las-cotizadas-desglosan-sus-estrategias-para-impulsar-el-sello-inteligente-en-las-ciudades-espanolas\/\">Las cotizadas desglosan sus estrategias para impulsar el sello inteligente en las ciudades espa\u00f1olas<\/a><\/h2><\/div><\/div><div class=\"fusion-clearfix\"><\/div><\/div>\n<\/article>\n<article id=\"blog-1-post-2569\" class=\"fusion-post-grid post-2569 post type-post status-publish format-standard has-post-thumbnail hentry category-nuestros-articulos\">\n<div class=\"fusion-post-wrapper\" style=\"background-color:rgba(255,255,255,0);border:1px solid #e8e8e8;border-bottom-width:3px;\">\n\n\t\t\t<div class=\"fusion-flexslider flexslider fusion-flexslider-loading fusion-post-slideshow\" style=\"border-color:#e8e8e8;\">\n\t\t<ul class=\"slides\">\n\t\t\t\n\t\t\t\t\t\t\t\t\t\t\t\t\t\t<li><div  class=\"fusion-image-wrapper\" aria-haspopup=\"true\">\n\t\t\t\t<img decoding=\"async\" width=\"1200\" height=\"744\" data-src=\"https:\/\/intelsynet.com\/wp-content\/uploads\/2021\/10\/201030-hacker-e1633950692548.jpg\" class=\"attachment-full size-full wp-post-image lazyload\" alt=\"\" data-srcset=\"https:\/\/intelsynet.com\/wp-content\/uploads\/2021\/10\/201030-hacker-e1633950692548-200x124.jpg 200w, https:\/\/intelsynet.com\/wp-content\/uploads\/2021\/10\/201030-hacker-e1633950692548-400x248.jpg 400w, https:\/\/intelsynet.com\/wp-content\/uploads\/2021\/10\/201030-hacker-e1633950692548-600x372.jpg 600w, https:\/\/intelsynet.com\/wp-content\/uploads\/2021\/10\/201030-hacker-e1633950692548-800x496.jpg 800w, https:\/\/intelsynet.com\/wp-content\/uploads\/2021\/10\/201030-hacker-e1633950692548.jpg 1200w\" data-sizes=\"(min-width: 2200px) 100vw, (min-width: 784px) 363px, (min-width: 712px) 545px, (min-width: 640px) 712px,\" src=\"data:image\/svg+xml;base64,PHN2ZyB3aWR0aD0iMSIgaGVpZ2h0PSIxIiB4bWxucz0iaHR0cDovL3d3dy53My5vcmcvMjAwMC9zdmciPjwvc3ZnPg==\" style=\"--smush-placeholder-width: 1200px; --smush-placeholder-aspect-ratio: 1200\/744;\" \/><div class=\"fusion-rollover\">\n\t<div class=\"fusion-rollover-content\">\n\n\t\t\t\t\n\t\t\n\t\t\t\t\t\t\t\t\t\t\t\t<h4 class=\"fusion-rollover-title\">\n\t\t\t\t\t<a class=\"fusion-rollover-title-link\" href=\"https:\/\/intelsynet.com\/es\/una-solucion-en-el-dispositivo-contra-la-ciberdelincuencia\/\">\n\t\t\t\t\t\tUna soluci\u00f3n en el dispositivo contra la ciberdelincuencia\t\t\t\t\t<\/a>\n\t\t\t\t<\/h4>\n\t\t\t\n\t\t\t\t\t\t\t\t\n\t\t\n\t\t\t\t\t\t<a class=\"fusion-link-wrapper\" href=\"https:\/\/intelsynet.com\/es\/una-solucion-en-el-dispositivo-contra-la-ciberdelincuencia\/\" aria-label=\"Una soluci\u00f3n en el dispositivo contra la ciberdelincuencia\"><\/a>\n\t<\/div>\n<\/div>\n<\/div>\n<\/li>\n\t\t\t\n\t\t\t\n\t\t\t\t\t\t\t\t<\/ul>\n\t<\/div>\n\t<div class=\"fusion-post-content-wrapper\" style=\"padding:30px 25px 20px 25px;\"><div class=\"fusion-post-content post-content\"><h2 class=\"blog-shortcode-post-title entry-title\"><a href=\"https:\/\/intelsynet.com\/es\/una-solucion-en-el-dispositivo-contra-la-ciberdelincuencia\/\">Una soluci\u00f3n en el dispositivo contra la ciberdelincuencia<\/a><\/h2><\/div><\/div><div class=\"fusion-clearfix\"><\/div><\/div>\n<\/article>\n<article id=\"blog-1-post-2564\" class=\"fusion-post-grid post-2564 post type-post status-publish format-standard has-post-thumbnail hentry category-nuestros-articulos\">\n<div class=\"fusion-post-wrapper\" style=\"background-color:rgba(255,255,255,0);border:1px solid #e8e8e8;border-bottom-width:3px;\">\n\n\t\t\t<div class=\"fusion-flexslider flexslider fusion-flexslider-loading fusion-post-slideshow\" style=\"border-color:#e8e8e8;\">\n\t\t<ul class=\"slides\">\n\t\t\t\n\t\t\t\t\t\t\t\t\t\t\t\t\t\t<li><div  class=\"fusion-image-wrapper\" aria-haspopup=\"true\">\n\t\t\t\t<img decoding=\"async\" width=\"1203\" height=\"742\" data-src=\"https:\/\/intelsynet.com\/wp-content\/uploads\/2021\/10\/Indra_headquarters_Alcobendas_Spain_01-1-scaled-e1633950199102.jpg\" class=\"attachment-full size-full wp-post-image lazyload\" alt=\"\" data-srcset=\"https:\/\/intelsynet.com\/wp-content\/uploads\/2021\/10\/Indra_headquarters_Alcobendas_Spain_01-1-scaled-e1633950199102-200x123.jpg 200w, https:\/\/intelsynet.com\/wp-content\/uploads\/2021\/10\/Indra_headquarters_Alcobendas_Spain_01-1-scaled-e1633950199102-400x247.jpg 400w, https:\/\/intelsynet.com\/wp-content\/uploads\/2021\/10\/Indra_headquarters_Alcobendas_Spain_01-1-scaled-e1633950199102-600x370.jpg 600w, https:\/\/intelsynet.com\/wp-content\/uploads\/2021\/10\/Indra_headquarters_Alcobendas_Spain_01-1-scaled-e1633950199102-800x493.jpg 800w, https:\/\/intelsynet.com\/wp-content\/uploads\/2021\/10\/Indra_headquarters_Alcobendas_Spain_01-1-scaled-e1633950199102-1200x740.jpg 1200w, https:\/\/intelsynet.com\/wp-content\/uploads\/2021\/10\/Indra_headquarters_Alcobendas_Spain_01-1-scaled-e1633950199102.jpg 1203w\" data-sizes=\"(min-width: 2200px) 100vw, (min-width: 784px) 363px, (min-width: 712px) 545px, (min-width: 640px) 712px,\" src=\"data:image\/svg+xml;base64,PHN2ZyB3aWR0aD0iMSIgaGVpZ2h0PSIxIiB4bWxucz0iaHR0cDovL3d3dy53My5vcmcvMjAwMC9zdmciPjwvc3ZnPg==\" style=\"--smush-placeholder-width: 1203px; --smush-placeholder-aspect-ratio: 1203\/742;\" \/><div class=\"fusion-rollover\">\n\t<div class=\"fusion-rollover-content\">\n\n\t\t\t\t\n\t\t\n\t\t\t\t\t\t\t\t\t\t\t\t<h4 class=\"fusion-rollover-title\">\n\t\t\t\t\t<a class=\"fusion-rollover-title-link\" href=\"https:\/\/intelsynet.com\/es\/indra-une-inteligencia-artificial-y-fibra-optica-para-aumentar-la-seguridad-en-las-carreteras\/\">\n\t\t\t\t\t\tIndra une Inteligencia Artificial y fibra \u00f3ptica para aumentar la seguridad en las carreteras\t\t\t\t\t<\/a>\n\t\t\t\t<\/h4>\n\t\t\t\n\t\t\t\t\t\t\t\t\n\t\t\n\t\t\t\t\t\t<a class=\"fusion-link-wrapper\" href=\"https:\/\/intelsynet.com\/es\/indra-une-inteligencia-artificial-y-fibra-optica-para-aumentar-la-seguridad-en-las-carreteras\/\" aria-label=\"Indra une Inteligencia Artificial y fibra \u00f3ptica para aumentar la seguridad en las carreteras\"><\/a>\n\t<\/div>\n<\/div>\n<\/div>\n<\/li>\n\t\t\t\n\t\t\t\n\t\t\t\t\t\t\t\t<\/ul>\n\t<\/div>\n\t<div class=\"fusion-post-content-wrapper\" style=\"padding:30px 25px 20px 25px;\"><div class=\"fusion-post-content post-content\"><h2 class=\"blog-shortcode-post-title entry-title\"><a href=\"https:\/\/intelsynet.com\/es\/indra-une-inteligencia-artificial-y-fibra-optica-para-aumentar-la-seguridad-en-las-carreteras\/\">Indra une Inteligencia Artificial y fibra \u00f3ptica para aumentar la seguridad en las carreteras<\/a><\/h2><\/div><\/div><div class=\"fusion-clearfix\"><\/div><\/div>\n<\/article>\n<article id=\"blog-1-post-2572\" class=\"fusion-post-grid post-2572 post type-post status-publish format-standard has-post-thumbnail hentry category-nuestros-articulos\">\n<div class=\"fusion-post-wrapper\" style=\"background-color:rgba(255,255,255,0);border:1px solid #e8e8e8;border-bottom-width:3px;\">\n\n\t\t\t<div class=\"fusion-flexslider flexslider fusion-flexslider-loading fusion-post-slideshow\" style=\"border-color:#e8e8e8;\">\n\t\t<ul class=\"slides\">\n\t\t\t\n\t\t\t\t\t\t\t\t\t\t\t\t\t\t<li><div  class=\"fusion-image-wrapper\" aria-haspopup=\"true\">\n\t\t\t\t<img decoding=\"async\" width=\"1200\" height=\"740\" data-src=\"https:\/\/intelsynet.com\/wp-content\/uploads\/2021\/10\/mov-sost-peque-e1633951135151.jpg\" class=\"attachment-full size-full wp-post-image lazyload\" alt=\"\" data-srcset=\"https:\/\/intelsynet.com\/wp-content\/uploads\/2021\/10\/mov-sost-peque-e1633951135151-200x123.jpg 200w, https:\/\/intelsynet.com\/wp-content\/uploads\/2021\/10\/mov-sost-peque-e1633951135151-400x247.jpg 400w, https:\/\/intelsynet.com\/wp-content\/uploads\/2021\/10\/mov-sost-peque-e1633951135151-600x370.jpg 600w, https:\/\/intelsynet.com\/wp-content\/uploads\/2021\/10\/mov-sost-peque-e1633951135151-800x493.jpg 800w, https:\/\/intelsynet.com\/wp-content\/uploads\/2021\/10\/mov-sost-peque-e1633951135151.jpg 1200w\" data-sizes=\"(min-width: 2200px) 100vw, (min-width: 784px) 363px, (min-width: 712px) 545px, (min-width: 640px) 712px,\" src=\"data:image\/svg+xml;base64,PHN2ZyB3aWR0aD0iMSIgaGVpZ2h0PSIxIiB4bWxucz0iaHR0cDovL3d3dy53My5vcmcvMjAwMC9zdmciPjwvc3ZnPg==\" style=\"--smush-placeholder-width: 1200px; --smush-placeholder-aspect-ratio: 1200\/740;\" \/><div class=\"fusion-rollover\">\n\t<div class=\"fusion-rollover-content\">\n\n\t\t\t\t\n\t\t\n\t\t\t\t\t\t\t\t\t\t\t\t<h4 class=\"fusion-rollover-title\">\n\t\t\t\t\t<a class=\"fusion-rollover-title-link\" href=\"https:\/\/intelsynet.com\/es\/retos-que-enfrenta-la-movilidad-para-ser-saludable-y-segura\/\">\n\t\t\t\t\t\tRetos que enfrenta la movilidad para ser saludable y segura\t\t\t\t\t<\/a>\n\t\t\t\t<\/h4>\n\t\t\t\n\t\t\t\t\t\t\t\t\n\t\t\n\t\t\t\t\t\t<a class=\"fusion-link-wrapper\" href=\"https:\/\/intelsynet.com\/es\/retos-que-enfrenta-la-movilidad-para-ser-saludable-y-segura\/\" aria-label=\"Retos que enfrenta la movilidad para ser saludable y segura\"><\/a>\n\t<\/div>\n<\/div>\n<\/div>\n<\/li>\n\t\t\t\n\t\t\t\n\t\t\t\t\t\t\t\t<\/ul>\n\t<\/div>\n\t<div class=\"fusion-post-content-wrapper\" style=\"padding:30px 25px 20px 25px;\"><div class=\"fusion-post-content post-content\"><h2 class=\"blog-shortcode-post-title entry-title\"><a href=\"https:\/\/intelsynet.com\/es\/retos-que-enfrenta-la-movilidad-para-ser-saludable-y-segura\/\">Retos que enfrenta la movilidad para ser saludable y segura<\/a><\/h2><\/div><\/div><div class=\"fusion-clearfix\"><\/div><\/div>\n<\/article>\n<article id=\"blog-1-post-2554\" class=\"fusion-post-grid post-2554 post type-post status-publish format-standard has-post-thumbnail hentry category-nuestros-articulos\">\n<div class=\"fusion-post-wrapper\" style=\"background-color:rgba(255,255,255,0);border:1px solid #e8e8e8;border-bottom-width:3px;\">\n\n\t\t\t<div class=\"fusion-flexslider flexslider fusion-flexslider-loading fusion-post-slideshow\" style=\"border-color:#e8e8e8;\">\n\t\t<ul class=\"slides\">\n\t\t\t\n\t\t\t\t\t\t\t\t\t\t\t\t\t\t<li><div  class=\"fusion-image-wrapper\" aria-haspopup=\"true\">\n\t\t\t\t<img decoding=\"async\" width=\"1200\" height=\"741\" data-src=\"https:\/\/intelsynet.com\/wp-content\/uploads\/2021\/10\/Portada-Foro-de-Finanzas-Sostenibles-e1633688988343.jpg\" class=\"attachment-full size-full wp-post-image lazyload\" alt=\"\" data-srcset=\"https:\/\/intelsynet.com\/wp-content\/uploads\/2021\/10\/Portada-Foro-de-Finanzas-Sostenibles-e1633688988343-200x124.jpg 200w, https:\/\/intelsynet.com\/wp-content\/uploads\/2021\/10\/Portada-Foro-de-Finanzas-Sostenibles-e1633688988343-400x247.jpg 400w, https:\/\/intelsynet.com\/wp-content\/uploads\/2021\/10\/Portada-Foro-de-Finanzas-Sostenibles-e1633688988343-600x371.jpg 600w, https:\/\/intelsynet.com\/wp-content\/uploads\/2021\/10\/Portada-Foro-de-Finanzas-Sostenibles-e1633688988343-800x494.jpg 800w, https:\/\/intelsynet.com\/wp-content\/uploads\/2021\/10\/Portada-Foro-de-Finanzas-Sostenibles-e1633688988343.jpg 1200w\" data-sizes=\"(min-width: 2200px) 100vw, (min-width: 784px) 363px, (min-width: 712px) 545px, (min-width: 640px) 712px,\" src=\"data:image\/svg+xml;base64,PHN2ZyB3aWR0aD0iMSIgaGVpZ2h0PSIxIiB4bWxucz0iaHR0cDovL3d3dy53My5vcmcvMjAwMC9zdmciPjwvc3ZnPg==\" style=\"--smush-placeholder-width: 1200px; --smush-placeholder-aspect-ratio: 1200\/741;\" \/><div class=\"fusion-rollover\">\n\t<div class=\"fusion-rollover-content\">\n\n\t\t\t\t\n\t\t\n\t\t\t\t\t\t\t\t\t\t\t\t<h4 class=\"fusion-rollover-title\">\n\t\t\t\t\t<a class=\"fusion-rollover-title-link\" href=\"https:\/\/intelsynet.com\/es\/la-banca-acelera-la-oferta-de-productos-sostenibles\/\">\n\t\t\t\t\t\tLa banca acelera la oferta de productos sostenibles\t\t\t\t\t<\/a>\n\t\t\t\t<\/h4>\n\t\t\t\n\t\t\t\t\t\t\t\t\n\t\t\n\t\t\t\t\t\t<a class=\"fusion-link-wrapper\" href=\"https:\/\/intelsynet.com\/es\/la-banca-acelera-la-oferta-de-productos-sostenibles\/\" aria-label=\"La banca acelera la oferta de productos sostenibles\"><\/a>\n\t<\/div>\n<\/div>\n<\/div>\n<\/li>\n\t\t\t\n\t\t\t\n\t\t\t\t\t\t\t\t<\/ul>\n\t<\/div>\n\t<div class=\"fusion-post-content-wrapper\" style=\"padding:30px 25px 20px 25px;\"><div class=\"fusion-post-content post-content\"><h2 class=\"blog-shortcode-post-title entry-title\"><a href=\"https:\/\/intelsynet.com\/es\/la-banca-acelera-la-oferta-de-productos-sostenibles\/\">La banca acelera la oferta de productos sostenibles<\/a><\/h2><\/div><\/div><div class=\"fusion-clearfix\"><\/div><\/div>\n<\/article>\n<article id=\"blog-1-post-2551\" class=\"fusion-post-grid post-2551 post type-post status-publish format-standard has-post-thumbnail hentry category-nuestros-articulos\">\n<div class=\"fusion-post-wrapper\" style=\"background-color:rgba(255,255,255,0);border:1px solid #e8e8e8;border-bottom-width:3px;\">\n\n\t\t\t<div class=\"fusion-flexslider flexslider fusion-flexslider-loading fusion-post-slideshow\" style=\"border-color:#e8e8e8;\">\n\t\t<ul class=\"slides\">\n\t\t\t\n\t\t\t\t\t\t\t\t\t\t\t\t\t\t<li><div  class=\"fusion-image-wrapper\" aria-haspopup=\"true\">\n\t\t\t\t<img decoding=\"async\" width=\"1202\" height=\"740\" data-src=\"https:\/\/intelsynet.com\/wp-content\/uploads\/2021\/10\/BANCO-CENTRAL-EUROPEO-2100x1200-1-e1633688543210.jpg\" class=\"attachment-full size-full wp-post-image lazyload\" alt=\"\" data-srcset=\"https:\/\/intelsynet.com\/wp-content\/uploads\/2021\/10\/BANCO-CENTRAL-EUROPEO-2100x1200-1-e1633688543210-200x123.jpg 200w, https:\/\/intelsynet.com\/wp-content\/uploads\/2021\/10\/BANCO-CENTRAL-EUROPEO-2100x1200-1-e1633688543210-400x246.jpg 400w, https:\/\/intelsynet.com\/wp-content\/uploads\/2021\/10\/BANCO-CENTRAL-EUROPEO-2100x1200-1-e1633688543210-600x369.jpg 600w, https:\/\/intelsynet.com\/wp-content\/uploads\/2021\/10\/BANCO-CENTRAL-EUROPEO-2100x1200-1-e1633688543210-800x493.jpg 800w, https:\/\/intelsynet.com\/wp-content\/uploads\/2021\/10\/BANCO-CENTRAL-EUROPEO-2100x1200-1-e1633688543210-1200x739.jpg 1200w, https:\/\/intelsynet.com\/wp-content\/uploads\/2021\/10\/BANCO-CENTRAL-EUROPEO-2100x1200-1-e1633688543210.jpg 1202w\" data-sizes=\"(min-width: 2200px) 100vw, (min-width: 784px) 363px, (min-width: 712px) 545px, (min-width: 640px) 712px,\" src=\"data:image\/svg+xml;base64,PHN2ZyB3aWR0aD0iMSIgaGVpZ2h0PSIxIiB4bWxucz0iaHR0cDovL3d3dy53My5vcmcvMjAwMC9zdmciPjwvc3ZnPg==\" style=\"--smush-placeholder-width: 1202px; --smush-placeholder-aspect-ratio: 1202\/740;\" \/><div class=\"fusion-rollover\">\n\t<div class=\"fusion-rollover-content\">\n\n\t\t\t\t\n\t\t\n\t\t\t\t\t\t\t\t\t\t\t\t<h4 class=\"fusion-rollover-title\">\n\t\t\t\t\t<a class=\"fusion-rollover-title-link\" href=\"https:\/\/intelsynet.com\/es\/la-banca-europea-ya-roza-niveles-pre-covid-y-es-la-mas-alcista-del-ano\/\">\n\t\t\t\t\t\tLa banca europea ya roza niveles pre-Covid y es la m\u00e1s alcista del a\u00f1o\t\t\t\t\t<\/a>\n\t\t\t\t<\/h4>\n\t\t\t\n\t\t\t\t\t\t\t\t\n\t\t\n\t\t\t\t\t\t<a class=\"fusion-link-wrapper\" href=\"https:\/\/intelsynet.com\/es\/la-banca-europea-ya-roza-niveles-pre-covid-y-es-la-mas-alcista-del-ano\/\" aria-label=\"La banca europea ya roza niveles pre-Covid y es la m\u00e1s alcista del a\u00f1o\"><\/a>\n\t<\/div>\n<\/div>\n<\/div>\n<\/li>\n\t\t\t\n\t\t\t\n\t\t\t\t\t\t\t\t<\/ul>\n\t<\/div>\n\t<div class=\"fusion-post-content-wrapper\" style=\"padding:30px 25px 20px 25px;\"><div class=\"fusion-post-content post-content\"><h2 class=\"blog-shortcode-post-title entry-title\"><a href=\"https:\/\/intelsynet.com\/es\/la-banca-europea-ya-roza-niveles-pre-covid-y-es-la-mas-alcista-del-ano\/\">La banca europea ya roza niveles pre-Covid y es la m\u00e1s alcista del a\u00f1o<\/a><\/h2><\/div><\/div><div class=\"fusion-clearfix\"><\/div><\/div>\n<\/article>\n<article id=\"blog-1-post-2548\" class=\"fusion-post-grid post-2548 post type-post status-publish format-standard has-post-thumbnail hentry category-nuestros-articulos\">\n<div class=\"fusion-post-wrapper\" style=\"background-color:rgba(255,255,255,0);border:1px solid #e8e8e8;border-bottom-width:3px;\">\n\n\t\t\t<div class=\"fusion-flexslider flexslider fusion-flexslider-loading fusion-post-slideshow\" style=\"border-color:#e8e8e8;\">\n\t\t<ul class=\"slides\">\n\t\t\t\n\t\t\t\t\t\t\t\t\t\t\t\t\t\t<li><div  class=\"fusion-image-wrapper\" aria-haspopup=\"true\">\n\t\t\t\t<img decoding=\"async\" width=\"1199\" height=\"742\" data-src=\"https:\/\/intelsynet.com\/wp-content\/uploads\/2021\/10\/KPMG_image-e1633688239599.jpg\" class=\"attachment-full size-full wp-post-image lazyload\" alt=\"\" data-srcset=\"https:\/\/intelsynet.com\/wp-content\/uploads\/2021\/10\/KPMG_image-e1633688239599-200x124.jpg 200w, https:\/\/intelsynet.com\/wp-content\/uploads\/2021\/10\/KPMG_image-e1633688239599-400x248.jpg 400w, https:\/\/intelsynet.com\/wp-content\/uploads\/2021\/10\/KPMG_image-e1633688239599-600x371.jpg 600w, https:\/\/intelsynet.com\/wp-content\/uploads\/2021\/10\/KPMG_image-e1633688239599-800x495.jpg 800w, https:\/\/intelsynet.com\/wp-content\/uploads\/2021\/10\/KPMG_image-e1633688239599.jpg 1199w\" data-sizes=\"(min-width: 2200px) 100vw, (min-width: 784px) 363px, (min-width: 712px) 545px, (min-width: 640px) 712px,\" src=\"data:image\/svg+xml;base64,PHN2ZyB3aWR0aD0iMSIgaGVpZ2h0PSIxIiB4bWxucz0iaHR0cDovL3d3dy53My5vcmcvMjAwMC9zdmciPjwvc3ZnPg==\" style=\"--smush-placeholder-width: 1199px; --smush-placeholder-aspect-ratio: 1199\/742;\" \/><div class=\"fusion-rollover\">\n\t<div class=\"fusion-rollover-content\">\n\n\t\t\t\t\n\t\t\n\t\t\t\t\t\t\t\t\t\t\t\t<h4 class=\"fusion-rollover-title\">\n\t\t\t\t\t<a class=\"fusion-rollover-title-link\" href=\"https:\/\/intelsynet.com\/es\/kpmg-destinara-1-200-millones-a-impulsar-soluciones-esg-por-todo-el-mundo\/\">\n\t\t\t\t\t\tKPMG destinar\u00e1 1.200 millones a impulsar soluciones ESG por todo el mundo\t\t\t\t\t<\/a>\n\t\t\t\t<\/h4>\n\t\t\t\n\t\t\t\t\t\t\t\t\n\t\t\n\t\t\t\t\t\t<a class=\"fusion-link-wrapper\" href=\"https:\/\/intelsynet.com\/es\/kpmg-destinara-1-200-millones-a-impulsar-soluciones-esg-por-todo-el-mundo\/\" aria-label=\"KPMG destinar\u00e1 1.200 millones a impulsar soluciones ESG por todo el mundo\"><\/a>\n\t<\/div>\n<\/div>\n<\/div>\n<\/li>\n\t\t\t\n\t\t\t\n\t\t\t\t\t\t\t\t<\/ul>\n\t<\/div>\n\t<div class=\"fusion-post-content-wrapper\" style=\"padding:30px 25px 20px 25px;\"><div class=\"fusion-post-content post-content\"><h2 class=\"blog-shortcode-post-title entry-title\"><a href=\"https:\/\/intelsynet.com\/es\/kpmg-destinara-1-200-millones-a-impulsar-soluciones-esg-por-todo-el-mundo\/\">KPMG destinar\u00e1 1.200 millones a impulsar soluciones ESG por todo el mundo<\/a><\/h2><\/div><\/div><div class=\"fusion-clearfix\"><\/div><\/div>\n<\/article>\n<article id=\"blog-1-post-2545\" class=\"fusion-post-grid post-2545 post type-post status-publish format-standard has-post-thumbnail hentry category-nuestros-articulos\">\n<div class=\"fusion-post-wrapper\" style=\"background-color:rgba(255,255,255,0);border:1px solid #e8e8e8;border-bottom-width:3px;\">\n\n\t\t\t<div class=\"fusion-flexslider flexslider fusion-flexslider-loading fusion-post-slideshow\" style=\"border-color:#e8e8e8;\">\n\t\t<ul class=\"slides\">\n\t\t\t\n\t\t\t\t\t\t\t\t\t\t\t\t\t\t<li><div  class=\"fusion-image-wrapper\" aria-haspopup=\"true\">\n\t\t\t\t<img decoding=\"async\" width=\"1198\" height=\"741\" data-src=\"https:\/\/intelsynet.com\/wp-content\/uploads\/2021\/10\/ESG-1-e1633687450965.jpg\" class=\"attachment-full size-full wp-post-image lazyload\" alt=\"\" data-srcset=\"https:\/\/intelsynet.com\/wp-content\/uploads\/2021\/10\/ESG-1-e1633687450965-200x124.jpg 200w, https:\/\/intelsynet.com\/wp-content\/uploads\/2021\/10\/ESG-1-e1633687450965-400x247.jpg 400w, https:\/\/intelsynet.com\/wp-content\/uploads\/2021\/10\/ESG-1-e1633687450965-600x371.jpg 600w, https:\/\/intelsynet.com\/wp-content\/uploads\/2021\/10\/ESG-1-e1633687450965-800x495.jpg 800w, https:\/\/intelsynet.com\/wp-content\/uploads\/2021\/10\/ESG-1-e1633687450965.jpg 1198w\" data-sizes=\"(min-width: 2200px) 100vw, (min-width: 784px) 363px, (min-width: 712px) 545px, (min-width: 640px) 712px,\" src=\"data:image\/svg+xml;base64,PHN2ZyB3aWR0aD0iMSIgaGVpZ2h0PSIxIiB4bWxucz0iaHR0cDovL3d3dy53My5vcmcvMjAwMC9zdmciPjwvc3ZnPg==\" style=\"--smush-placeholder-width: 1198px; --smush-placeholder-aspect-ratio: 1198\/741;\" \/><div class=\"fusion-rollover\">\n\t<div class=\"fusion-rollover-content\">\n\n\t\t\t\t\n\t\t\n\t\t\t\t\t\t\t\t\t\t\t\t<h4 class=\"fusion-rollover-title\">\n\t\t\t\t\t<a class=\"fusion-rollover-title-link\" href=\"https:\/\/intelsynet.com\/es\/la-esg-es-mas-una-cuestion-de-principios-que-de-rentabilidad\/\">\n\t\t\t\t\t\tLa ESG es m\u00e1s una cuesti\u00f3n de principios que de rentabilidad\t\t\t\t\t<\/a>\n\t\t\t\t<\/h4>\n\t\t\t\n\t\t\t\t\t\t\t\t\n\t\t\n\t\t\t\t\t\t<a class=\"fusion-link-wrapper\" href=\"https:\/\/intelsynet.com\/es\/la-esg-es-mas-una-cuestion-de-principios-que-de-rentabilidad\/\" aria-label=\"La ESG es m\u00e1s una cuesti\u00f3n de principios que de rentabilidad\"><\/a>\n\t<\/div>\n<\/div>\n<\/div>\n<\/li>\n\t\t\t\n\t\t\t\n\t\t\t\t\t\t\t\t<\/ul>\n\t<\/div>\n\t<div class=\"fusion-post-content-wrapper\" style=\"padding:30px 25px 20px 25px;\"><div class=\"fusion-post-content post-content\"><h2 class=\"blog-shortcode-post-title entry-title\"><a href=\"https:\/\/intelsynet.com\/es\/la-esg-es-mas-una-cuestion-de-principios-que-de-rentabilidad\/\">La ESG es m\u00e1s una cuesti\u00f3n de principios que de rentabilidad<\/a><\/h2><\/div><\/div><div class=\"fusion-clearfix\"><\/div><\/div>\n<\/article>\n<article id=\"blog-1-post-2526\" class=\"fusion-post-grid post-2526 post type-post status-publish format-standard has-post-thumbnail hentry category-nuestros-articulos\">\n<div class=\"fusion-post-wrapper\" style=\"background-color:rgba(255,255,255,0);border:1px solid #e8e8e8;border-bottom-width:3px;\">\n\n\t\t\t<div class=\"fusion-flexslider flexslider fusion-flexslider-loading fusion-post-slideshow\" style=\"border-color:#e8e8e8;\">\n\t\t<ul class=\"slides\">\n\t\t\t\n\t\t\t\t\t\t\t\t\t\t\t\t\t\t<li><div  class=\"fusion-image-wrapper\" aria-haspopup=\"true\">\n\t\t\t\t<img decoding=\"async\" width=\"1200\" height=\"742\" data-src=\"https:\/\/intelsynet.com\/wp-content\/uploads\/2021\/10\/google.jpg\" class=\"attachment-full size-full wp-post-image lazyload\" alt=\"Google Chrome\" data-srcset=\"https:\/\/intelsynet.com\/wp-content\/uploads\/2021\/10\/google-200x124.jpg 200w, https:\/\/intelsynet.com\/wp-content\/uploads\/2021\/10\/google-400x247.jpg 400w, https:\/\/intelsynet.com\/wp-content\/uploads\/2021\/10\/google-600x371.jpg 600w, https:\/\/intelsynet.com\/wp-content\/uploads\/2021\/10\/google-800x495.jpg 800w, https:\/\/intelsynet.com\/wp-content\/uploads\/2021\/10\/google.jpg 1200w\" data-sizes=\"(min-width: 2200px) 100vw, (min-width: 784px) 363px, (min-width: 712px) 545px, (min-width: 640px) 712px,\" src=\"data:image\/svg+xml;base64,PHN2ZyB3aWR0aD0iMSIgaGVpZ2h0PSIxIiB4bWxucz0iaHR0cDovL3d3dy53My5vcmcvMjAwMC9zdmciPjwvc3ZnPg==\" style=\"--smush-placeholder-width: 1200px; --smush-placeholder-aspect-ratio: 1200\/742;\" \/><div class=\"fusion-rollover\">\n\t<div class=\"fusion-rollover-content\">\n\n\t\t\t\t\n\t\t\n\t\t\t\t\t\t\t\t\t\t\t\t<h4 class=\"fusion-rollover-title\">\n\t\t\t\t\t<a class=\"fusion-rollover-title-link\" href=\"https:\/\/intelsynet.com\/es\/google-lanza-un-emergency-patch-para-un-zero-day-de-google-chrome\/\">\n\t\t\t\t\t\tGoogle lanza un emergency patch para un zero-day de Google Chrome\t\t\t\t\t<\/a>\n\t\t\t\t<\/h4>\n\t\t\t\n\t\t\t\t\t\t\t\t\n\t\t\n\t\t\t\t\t\t<a class=\"fusion-link-wrapper\" href=\"https:\/\/intelsynet.com\/es\/google-lanza-un-emergency-patch-para-un-zero-day-de-google-chrome\/\" aria-label=\"Google lanza un emergency patch para un zero-day de Google Chrome\"><\/a>\n\t<\/div>\n<\/div>\n<\/div>\n<\/li>\n\t\t\t\n\t\t\t\n\t\t\t\t\t\t\t\t<\/ul>\n\t<\/div>\n\t<div class=\"fusion-post-content-wrapper\" style=\"padding:30px 25px 20px 25px;\"><div class=\"fusion-post-content post-content\"><h2 class=\"blog-shortcode-post-title entry-title\"><a href=\"https:\/\/intelsynet.com\/es\/google-lanza-un-emergency-patch-para-un-zero-day-de-google-chrome\/\">Google lanza un emergency patch para un zero-day de Google Chrome<\/a><\/h2><\/div><\/div><div class=\"fusion-clearfix\"><\/div><\/div>\n<\/article>\n<article id=\"blog-1-post-2525\" class=\"fusion-post-grid post-2525 post type-post status-publish format-standard has-post-thumbnail hentry category-nuestros-articulos\">\n<div class=\"fusion-post-wrapper\" style=\"background-color:rgba(255,255,255,0);border:1px solid #e8e8e8;border-bottom-width:3px;\">\n\n\t\t\t<div class=\"fusion-flexslider flexslider fusion-flexslider-loading fusion-post-slideshow\" style=\"border-color:#e8e8e8;\">\n\t\t<ul class=\"slides\">\n\t\t\t\n\t\t\t\t\t\t\t\t\t\t\t\t\t\t<li><div  class=\"fusion-image-wrapper\" aria-haspopup=\"true\">\n\t\t\t\t<img decoding=\"async\" width=\"960\" height=\"594\" data-src=\"https:\/\/intelsynet.com\/wp-content\/uploads\/2021\/10\/movilidad-urbana.jpg\" class=\"attachment-full size-full wp-post-image lazyload\" alt=\"movilidad urbana\" data-srcset=\"https:\/\/intelsynet.com\/wp-content\/uploads\/2021\/10\/movilidad-urbana-200x124.jpg 200w, https:\/\/intelsynet.com\/wp-content\/uploads\/2021\/10\/movilidad-urbana-400x248.jpg 400w, https:\/\/intelsynet.com\/wp-content\/uploads\/2021\/10\/movilidad-urbana-600x371.jpg 600w, https:\/\/intelsynet.com\/wp-content\/uploads\/2021\/10\/movilidad-urbana-800x495.jpg 800w, https:\/\/intelsynet.com\/wp-content\/uploads\/2021\/10\/movilidad-urbana.jpg 960w\" data-sizes=\"(min-width: 2200px) 100vw, (min-width: 784px) 363px, (min-width: 712px) 545px, (min-width: 640px) 712px,\" src=\"data:image\/svg+xml;base64,PHN2ZyB3aWR0aD0iMSIgaGVpZ2h0PSIxIiB4bWxucz0iaHR0cDovL3d3dy53My5vcmcvMjAwMC9zdmciPjwvc3ZnPg==\" style=\"--smush-placeholder-width: 960px; --smush-placeholder-aspect-ratio: 960\/594;\" \/><div class=\"fusion-rollover\">\n\t<div class=\"fusion-rollover-content\">\n\n\t\t\t\t\n\t\t\n\t\t\t\t\t\t\t\t\t\t\t\t<h4 class=\"fusion-rollover-title\">\n\t\t\t\t\t<a class=\"fusion-rollover-title-link\" href=\"https:\/\/intelsynet.com\/es\/citroen-accor-y-jcdecaux-muestran-el-futuro-de-la-movilidad-urbana\/\">\n\t\t\t\t\t\tCitro\u00ebn, Accor y JCDecaux muestran el futuro de la movilidad urbana, el\u00e9ctrica y aut\u00f3noma\t\t\t\t\t<\/a>\n\t\t\t\t<\/h4>\n\t\t\t\n\t\t\t\t\t\t\t\t\n\t\t\n\t\t\t\t\t\t<a class=\"fusion-link-wrapper\" href=\"https:\/\/intelsynet.com\/es\/citroen-accor-y-jcdecaux-muestran-el-futuro-de-la-movilidad-urbana\/\" aria-label=\"Citro\u00ebn, Accor y JCDecaux muestran el futuro de la movilidad urbana, el\u00e9ctrica y aut\u00f3noma\"><\/a>\n\t<\/div>\n<\/div>\n<\/div>\n<\/li>\n\t\t\t\n\t\t\t\n\t\t\t\t\t\t\t\t<\/ul>\n\t<\/div>\n\t<div class=\"fusion-post-content-wrapper\" style=\"padding:30px 25px 20px 25px;\"><div class=\"fusion-post-content post-content\"><h2 class=\"blog-shortcode-post-title entry-title\"><a href=\"https:\/\/intelsynet.com\/es\/citroen-accor-y-jcdecaux-muestran-el-futuro-de-la-movilidad-urbana\/\">Citro\u00ebn, Accor y JCDecaux muestran el futuro de la movilidad urbana, el\u00e9ctrica y aut\u00f3noma<\/a><\/h2><\/div><\/div><div class=\"fusion-clearfix\"><\/div><\/div>\n<\/article>\n<article id=\"blog-1-post-2524\" class=\"fusion-post-grid post-2524 post type-post status-publish format-standard has-post-thumbnail hentry category-nuestros-articulos\">\n<div class=\"fusion-post-wrapper\" style=\"background-color:rgba(255,255,255,0);border:1px solid #e8e8e8;border-bottom-width:3px;\">\n\n\t\t\t<div class=\"fusion-flexslider flexslider fusion-flexslider-loading fusion-post-slideshow\" style=\"border-color:#e8e8e8;\">\n\t\t<ul class=\"slides\">\n\t\t\t\n\t\t\t\t\t\t\t\t\t\t\t\t\t\t<li><div  class=\"fusion-image-wrapper\" aria-haspopup=\"true\">\n\t\t\t\t<img decoding=\"async\" width=\"776\" height=\"480\" data-src=\"https:\/\/intelsynet.com\/wp-content\/uploads\/2021\/10\/objetivos-de-desarrollo-sostenible.jpg\" class=\"attachment-full size-full wp-post-image lazyload\" alt=\"objetivos de desarrollo sostenible\" data-srcset=\"https:\/\/intelsynet.com\/wp-content\/uploads\/2021\/10\/objetivos-de-desarrollo-sostenible-200x124.jpg 200w, https:\/\/intelsynet.com\/wp-content\/uploads\/2021\/10\/objetivos-de-desarrollo-sostenible-400x247.jpg 400w, https:\/\/intelsynet.com\/wp-content\/uploads\/2021\/10\/objetivos-de-desarrollo-sostenible-600x371.jpg 600w, https:\/\/intelsynet.com\/wp-content\/uploads\/2021\/10\/objetivos-de-desarrollo-sostenible.jpg 776w\" data-sizes=\"(min-width: 2200px) 100vw, (min-width: 784px) 363px, (min-width: 712px) 545px, (min-width: 640px) 712px,\" src=\"data:image\/svg+xml;base64,PHN2ZyB3aWR0aD0iMSIgaGVpZ2h0PSIxIiB4bWxucz0iaHR0cDovL3d3dy53My5vcmcvMjAwMC9zdmciPjwvc3ZnPg==\" style=\"--smush-placeholder-width: 776px; --smush-placeholder-aspect-ratio: 776\/480;\" \/><div class=\"fusion-rollover\">\n\t<div class=\"fusion-rollover-content\">\n\n\t\t\t\t\n\t\t\n\t\t\t\t\t\t\t\t\t\t\t\t<h4 class=\"fusion-rollover-title\">\n\t\t\t\t\t<a class=\"fusion-rollover-title-link\" href=\"https:\/\/intelsynet.com\/es\/6-anos-de-la-aprobacion-de-los-objetivos-de-desarrollo-sostenible-ods\/\">\n\t\t\t\t\t\t6 a\u00f1os de la aprobaci\u00f3n de los Objetivos de Desarrollo Sostenible (ODS)\t\t\t\t\t<\/a>\n\t\t\t\t<\/h4>\n\t\t\t\n\t\t\t\t\t\t\t\t\n\t\t\n\t\t\t\t\t\t<a class=\"fusion-link-wrapper\" href=\"https:\/\/intelsynet.com\/es\/6-anos-de-la-aprobacion-de-los-objetivos-de-desarrollo-sostenible-ods\/\" aria-label=\"6 a\u00f1os de la aprobaci\u00f3n de los Objetivos de Desarrollo Sostenible (ODS)\"><\/a>\n\t<\/div>\n<\/div>\n<\/div>\n<\/li>\n\t\t\t\n\t\t\t\n\t\t\t\t\t\t\t\t<\/ul>\n\t<\/div>\n\t<div class=\"fusion-post-content-wrapper\" style=\"padding:30px 25px 20px 25px;\"><div class=\"fusion-post-content post-content\"><h2 class=\"blog-shortcode-post-title entry-title\"><a href=\"https:\/\/intelsynet.com\/es\/6-anos-de-la-aprobacion-de-los-objetivos-de-desarrollo-sostenible-ods\/\">6 a\u00f1os de la aprobaci\u00f3n de los Objetivos de Desarrollo Sostenible (ODS)<\/a><\/h2><\/div><\/div><div class=\"fusion-clearfix\"><\/div><\/div>\n<\/article>\n<article id=\"blog-1-post-2523\" class=\"fusion-post-grid post-2523 post type-post status-publish format-standard has-post-thumbnail hentry category-nuestros-articulos\">\n<div class=\"fusion-post-wrapper\" style=\"background-color:rgba(255,255,255,0);border:1px solid #e8e8e8;border-bottom-width:3px;\">\n\n\t\t\t<div class=\"fusion-flexslider flexslider fusion-flexslider-loading fusion-post-slideshow\" style=\"border-color:#e8e8e8;\">\n\t\t<ul class=\"slides\">\n\t\t\t\n\t\t\t\t\t\t\t\t\t\t\t\t\t\t<li><div  class=\"fusion-image-wrapper\" aria-haspopup=\"true\">\n\t\t\t\t<img decoding=\"async\" width=\"1200\" height=\"742\" data-src=\"https:\/\/intelsynet.com\/wp-content\/uploads\/2021\/10\/esg.jpg\" class=\"attachment-full size-full wp-post-image lazyload\" alt=\"Esg\" data-srcset=\"https:\/\/intelsynet.com\/wp-content\/uploads\/2021\/10\/esg-200x124.jpg 200w, https:\/\/intelsynet.com\/wp-content\/uploads\/2021\/10\/esg-400x247.jpg 400w, https:\/\/intelsynet.com\/wp-content\/uploads\/2021\/10\/esg-600x371.jpg 600w, https:\/\/intelsynet.com\/wp-content\/uploads\/2021\/10\/esg-800x495.jpg 800w, https:\/\/intelsynet.com\/wp-content\/uploads\/2021\/10\/esg.jpg 1200w\" data-sizes=\"(min-width: 2200px) 100vw, (min-width: 784px) 363px, (min-width: 712px) 545px, (min-width: 640px) 712px,\" src=\"data:image\/svg+xml;base64,PHN2ZyB3aWR0aD0iMSIgaGVpZ2h0PSIxIiB4bWxucz0iaHR0cDovL3d3dy53My5vcmcvMjAwMC9zdmciPjwvc3ZnPg==\" style=\"--smush-placeholder-width: 1200px; --smush-placeholder-aspect-ratio: 1200\/742;\" \/><div class=\"fusion-rollover\">\n\t<div class=\"fusion-rollover-content\">\n\n\t\t\t\t\n\t\t\n\t\t\t\t\t\t\t\t\t\t\t\t<h4 class=\"fusion-rollover-title\">\n\t\t\t\t\t<a class=\"fusion-rollover-title-link\" href=\"https:\/\/intelsynet.com\/es\/el-ieaf-lanza-una-nueva-certificacion-en-esg-para-directivos\/\">\n\t\t\t\t\t\tEl IEAF lanza una nueva certificaci\u00f3n en ESG para directivos\t\t\t\t\t<\/a>\n\t\t\t\t<\/h4>\n\t\t\t\n\t\t\t\t\t\t\t\t\n\t\t\n\t\t\t\t\t\t<a class=\"fusion-link-wrapper\" href=\"https:\/\/intelsynet.com\/es\/el-ieaf-lanza-una-nueva-certificacion-en-esg-para-directivos\/\" aria-label=\"El IEAF lanza una nueva certificaci\u00f3n en ESG para directivos\"><\/a>\n\t<\/div>\n<\/div>\n<\/div>\n<\/li>\n\t\t\t\n\t\t\t\n\t\t\t\t\t\t\t\t<\/ul>\n\t<\/div>\n\t<div class=\"fusion-post-content-wrapper\" style=\"padding:30px 25px 20px 25px;\"><div class=\"fusion-post-content post-content\"><h2 class=\"blog-shortcode-post-title entry-title\"><a href=\"https:\/\/intelsynet.com\/es\/el-ieaf-lanza-una-nueva-certificacion-en-esg-para-directivos\/\">El IEAF lanza una nueva certificaci\u00f3n en ESG para directivos<\/a><\/h2><\/div><\/div><div class=\"fusion-clearfix\"><\/div><\/div>\n<\/article>\n<article id=\"blog-1-post-2527\" class=\"fusion-post-grid post-2527 post type-post status-publish format-standard has-post-thumbnail hentry category-nuestros-articulos\">\n<div class=\"fusion-post-wrapper\" style=\"background-color:rgba(255,255,255,0);border:1px solid #e8e8e8;border-bottom-width:3px;\">\n\n\t\t\t<div class=\"fusion-flexslider flexslider fusion-flexslider-loading fusion-post-slideshow\" style=\"border-color:#e8e8e8;\">\n\t\t<ul class=\"slides\">\n\t\t\t\n\t\t\t\t\t\t\t\t\t\t\t\t\t\t<li><div  class=\"fusion-image-wrapper\" aria-haspopup=\"true\">\n\t\t\t\t<img decoding=\"async\" width=\"800\" height=\"494\" data-src=\"https:\/\/intelsynet.com\/wp-content\/uploads\/2021\/10\/bbva.jpg\" class=\"attachment-full size-full wp-post-image lazyload\" alt=\"movilidad el\u00e9ctrica\" data-srcset=\"https:\/\/intelsynet.com\/wp-content\/uploads\/2021\/10\/bbva-200x124.jpg 200w, https:\/\/intelsynet.com\/wp-content\/uploads\/2021\/10\/bbva-400x247.jpg 400w, https:\/\/intelsynet.com\/wp-content\/uploads\/2021\/10\/bbva-600x371.jpg 600w, https:\/\/intelsynet.com\/wp-content\/uploads\/2021\/10\/bbva.jpg 800w\" data-sizes=\"(min-width: 2200px) 100vw, (min-width: 784px) 363px, (min-width: 712px) 545px, (min-width: 640px) 712px,\" src=\"data:image\/svg+xml;base64,PHN2ZyB3aWR0aD0iMSIgaGVpZ2h0PSIxIiB4bWxucz0iaHR0cDovL3d3dy53My5vcmcvMjAwMC9zdmciPjwvc3ZnPg==\" style=\"--smush-placeholder-width: 800px; --smush-placeholder-aspect-ratio: 800\/494;\" \/><div class=\"fusion-rollover\">\n\t<div class=\"fusion-rollover-content\">\n\n\t\t\t\t\n\t\t\n\t\t\t\t\t\t\t\t\t\t\t\t<h4 class=\"fusion-rollover-title\">\n\t\t\t\t\t<a class=\"fusion-rollover-title-link\" href=\"https:\/\/intelsynet.com\/es\/bbva-se-asocia-con-aedive-para-impulsar-la-movilidad-electrica\/\">\n\t\t\t\t\t\tBBVA, primer banco en asociarse con AEDIVE para impulsar la movilidad el\u00e9ctrica\t\t\t\t\t<\/a>\n\t\t\t\t<\/h4>\n\t\t\t\n\t\t\t\t\t\t\t\t\n\t\t\n\t\t\t\t\t\t<a class=\"fusion-link-wrapper\" href=\"https:\/\/intelsynet.com\/es\/bbva-se-asocia-con-aedive-para-impulsar-la-movilidad-electrica\/\" aria-label=\"BBVA, primer banco en asociarse con AEDIVE para impulsar la movilidad el\u00e9ctrica\"><\/a>\n\t<\/div>\n<\/div>\n<\/div>\n<\/li>\n\t\t\t\n\t\t\t\n\t\t\t\t\t\t\t\t<\/ul>\n\t<\/div>\n\t<div class=\"fusion-post-content-wrapper\" style=\"padding:30px 25px 20px 25px;\"><div class=\"fusion-post-content post-content\"><h2 class=\"blog-shortcode-post-title entry-title\"><a href=\"https:\/\/intelsynet.com\/es\/bbva-se-asocia-con-aedive-para-impulsar-la-movilidad-electrica\/\">BBVA, primer banco en asociarse con AEDIVE para impulsar la movilidad el\u00e9ctrica<\/a><\/h2><\/div><\/div><div class=\"fusion-clearfix\"><\/div><\/div>\n<\/article>\n<article id=\"blog-1-post-2510\" class=\"fusion-post-grid post-2510 post type-post status-publish format-standard has-post-thumbnail hentry category-nuestros-articulos\">\n<div class=\"fusion-post-wrapper\" style=\"background-color:rgba(255,255,255,0);border:1px solid #e8e8e8;border-bottom-width:3px;\">\n\n\t\t\t<div class=\"fusion-flexslider flexslider fusion-flexslider-loading fusion-post-slideshow\" style=\"border-color:#e8e8e8;\">\n\t\t<ul class=\"slides\">\n\t\t\t\n\t\t\t\t\t\t\t\t\t\t\t\t\t\t<li><div  class=\"fusion-image-wrapper\" aria-haspopup=\"true\">\n\t\t\t\t<img decoding=\"async\" width=\"400\" height=\"248\" data-src=\"https:\/\/intelsynet.com\/wp-content\/uploads\/2021\/09\/admin-ajax-3.jpg\" class=\"attachment-full size-full wp-post-image lazyload\" alt=\"\" data-srcset=\"https:\/\/intelsynet.com\/wp-content\/uploads\/2021\/09\/admin-ajax-3-200x124.jpg 200w, https:\/\/intelsynet.com\/wp-content\/uploads\/2021\/09\/admin-ajax-3.jpg 400w\" data-sizes=\"(min-width: 2200px) 100vw, (min-width: 784px) 363px, (min-width: 712px) 545px, (min-width: 640px) 712px,\" src=\"data:image\/svg+xml;base64,PHN2ZyB3aWR0aD0iMSIgaGVpZ2h0PSIxIiB4bWxucz0iaHR0cDovL3d3dy53My5vcmcvMjAwMC9zdmciPjwvc3ZnPg==\" style=\"--smush-placeholder-width: 400px; --smush-placeholder-aspect-ratio: 400\/248;\" \/><div class=\"fusion-rollover\">\n\t<div class=\"fusion-rollover-content\">\n\n\t\t\t\t\n\t\t\n\t\t\t\t\t\t\t\t\t\t\t\t<h4 class=\"fusion-rollover-title\">\n\t\t\t\t\t<a class=\"fusion-rollover-title-link\" href=\"https:\/\/intelsynet.com\/es\/basf-lanza-chemcycling-un-proyecto-de-reciclaje-de-residuos-plasticos-dificiles-de-recuperar\/\">\n\t\t\t\t\t\tBASF lanza ChemCycling, un proyecto de reciclaje de residuos pl\u00e1sticos dif\u00edciles de recuperar\t\t\t\t\t<\/a>\n\t\t\t\t<\/h4>\n\t\t\t\n\t\t\t\t\t\t\t\t\n\t\t\n\t\t\t\t\t\t<a class=\"fusion-link-wrapper\" href=\"https:\/\/intelsynet.com\/es\/basf-lanza-chemcycling-un-proyecto-de-reciclaje-de-residuos-plasticos-dificiles-de-recuperar\/\" aria-label=\"BASF lanza ChemCycling, un proyecto de reciclaje de residuos pl\u00e1sticos dif\u00edciles de recuperar\"><\/a>\n\t<\/div>\n<\/div>\n<\/div>\n<\/li>\n\t\t\t\n\t\t\t\n\t\t\t\t\t\t\t\t<\/ul>\n\t<\/div>\n\t<div class=\"fusion-post-content-wrapper\" style=\"padding:30px 25px 20px 25px;\"><div class=\"fusion-post-content post-content\"><h2 class=\"blog-shortcode-post-title entry-title\"><a href=\"https:\/\/intelsynet.com\/es\/basf-lanza-chemcycling-un-proyecto-de-reciclaje-de-residuos-plasticos-dificiles-de-recuperar\/\">BASF lanza ChemCycling, un proyecto de reciclaje de residuos pl\u00e1sticos dif\u00edciles de recuperar<\/a><\/h2><\/div><\/div><div class=\"fusion-clearfix\"><\/div><\/div>\n<\/article>\n<article id=\"blog-1-post-2507\" class=\"fusion-post-grid post-2507 post type-post status-publish format-standard has-post-thumbnail hentry category-nuestros-articulos\">\n<div class=\"fusion-post-wrapper\" style=\"background-color:rgba(255,255,255,0);border:1px solid #e8e8e8;border-bottom-width:3px;\">\n\n\t\t\t<div class=\"fusion-flexslider flexslider fusion-flexslider-loading fusion-post-slideshow\" style=\"border-color:#e8e8e8;\">\n\t\t<ul class=\"slides\">\n\t\t\t\n\t\t\t\t\t\t\t\t\t\t\t\t\t\t<li><div  class=\"fusion-image-wrapper\" aria-haspopup=\"true\">\n\t\t\t\t<img decoding=\"async\" width=\"400\" height=\"247\" data-src=\"https:\/\/intelsynet.com\/wp-content\/uploads\/2021\/09\/admin-ajax-2.jpg\" class=\"attachment-full size-full wp-post-image lazyload\" alt=\"tiktok\" data-srcset=\"https:\/\/intelsynet.com\/wp-content\/uploads\/2021\/09\/admin-ajax-2-200x124.jpg 200w, https:\/\/intelsynet.com\/wp-content\/uploads\/2021\/09\/admin-ajax-2.jpg 400w\" data-sizes=\"(min-width: 2200px) 100vw, (min-width: 784px) 363px, (min-width: 712px) 545px, (min-width: 640px) 712px,\" src=\"data:image\/svg+xml;base64,PHN2ZyB3aWR0aD0iMSIgaGVpZ2h0PSIxIiB4bWxucz0iaHR0cDovL3d3dy53My5vcmcvMjAwMC9zdmciPjwvc3ZnPg==\" style=\"--smush-placeholder-width: 400px; --smush-placeholder-aspect-ratio: 400\/247;\" \/><div class=\"fusion-rollover\">\n\t<div class=\"fusion-rollover-content\">\n\n\t\t\t\t\n\t\t\n\t\t\t\t\t\t\t\t\t\t\t\t<h4 class=\"fusion-rollover-title\">\n\t\t\t\t\t<a class=\"fusion-rollover-title-link\" href=\"https:\/\/intelsynet.com\/es\/tiktok-y-los-menores-de-14-ano\/\">\n\t\t\t\t\t\tTikTok pone l\u00edmites a los menores de 14 a\u00f1os en China: solo podr\u00e1n usar la app 40 minutos al d\u00eda\t\t\t\t\t<\/a>\n\t\t\t\t<\/h4>\n\t\t\t\n\t\t\t\t\t\t\t\t\n\t\t\n\t\t\t\t\t\t<a class=\"fusion-link-wrapper\" href=\"https:\/\/intelsynet.com\/es\/tiktok-y-los-menores-de-14-ano\/\" aria-label=\"TikTok pone l\u00edmites a los menores de 14 a\u00f1os en China: solo podr\u00e1n usar la app 40 minutos al d\u00eda\"><\/a>\n\t<\/div>\n<\/div>\n<\/div>\n<\/li>\n\t\t\t\n\t\t\t\n\t\t\t\t\t\t\t\t<\/ul>\n\t<\/div>\n\t<div class=\"fusion-post-content-wrapper\" style=\"padding:30px 25px 20px 25px;\"><div class=\"fusion-post-content post-content\"><h2 class=\"blog-shortcode-post-title entry-title\"><a href=\"https:\/\/intelsynet.com\/es\/tiktok-y-los-menores-de-14-ano\/\">TikTok pone l\u00edmites a los menores de 14 a\u00f1os en China: solo podr\u00e1n usar la app 40 minutos al d\u00eda<\/a><\/h2><\/div><\/div><div class=\"fusion-clearfix\"><\/div><\/div>\n<\/article>\n<article id=\"blog-1-post-2503\" class=\"fusion-post-grid post-2503 post type-post status-publish format-standard has-post-thumbnail hentry category-nuestros-articulos\">\n<div class=\"fusion-post-wrapper\" style=\"background-color:rgba(255,255,255,0);border:1px solid #e8e8e8;border-bottom-width:3px;\">\n\n\t\t\t<div class=\"fusion-flexslider flexslider fusion-flexslider-loading fusion-post-slideshow\" style=\"border-color:#e8e8e8;\">\n\t\t<ul class=\"slides\">\n\t\t\t\n\t\t\t\t\t\t\t\t\t\t\t\t\t\t<li><div  class=\"fusion-image-wrapper\" aria-haspopup=\"true\">\n\t\t\t\t<img decoding=\"async\" width=\"400\" height=\"247\" data-src=\"https:\/\/intelsynet.com\/wp-content\/uploads\/2021\/09\/admin-ajax-1.jpg\" class=\"attachment-full size-full wp-post-image lazyload\" alt=\"hidr\u00f3geno limpio\" data-srcset=\"https:\/\/intelsynet.com\/wp-content\/uploads\/2021\/09\/admin-ajax-1-200x124.jpg 200w, https:\/\/intelsynet.com\/wp-content\/uploads\/2021\/09\/admin-ajax-1.jpg 400w\" data-sizes=\"(min-width: 2200px) 100vw, (min-width: 784px) 363px, (min-width: 712px) 545px, (min-width: 640px) 712px,\" src=\"data:image\/svg+xml;base64,PHN2ZyB3aWR0aD0iMSIgaGVpZ2h0PSIxIiB4bWxucz0iaHR0cDovL3d3dy53My5vcmcvMjAwMC9zdmciPjwvc3ZnPg==\" style=\"--smush-placeholder-width: 400px; --smush-placeholder-aspect-ratio: 400\/247;\" \/><div class=\"fusion-rollover\">\n\t<div class=\"fusion-rollover-content\">\n\n\t\t\t\t\n\t\t\n\t\t\t\t\t\t\t\t\t\t\t\t<h4 class=\"fusion-rollover-title\">\n\t\t\t\t\t<a class=\"fusion-rollover-title-link\" href=\"https:\/\/intelsynet.com\/es\/el-invento-que-permite-producir-hidrogeno-limpio-a-escala-industrial\/\">\n\t\t\t\t\t\tEl invento que permite producir hidr\u00f3geno limpio a escala industrial\t\t\t\t\t<\/a>\n\t\t\t\t<\/h4>\n\t\t\t\n\t\t\t\t\t\t\t\t\n\t\t\n\t\t\t\t\t\t<a class=\"fusion-link-wrapper\" href=\"https:\/\/intelsynet.com\/es\/el-invento-que-permite-producir-hidrogeno-limpio-a-escala-industrial\/\" aria-label=\"El invento que permite producir hidr\u00f3geno limpio a escala industrial\"><\/a>\n\t<\/div>\n<\/div>\n<\/div>\n<\/li>\n\t\t\t\n\t\t\t\n\t\t\t\t\t\t\t\t<\/ul>\n\t<\/div>\n\t<div class=\"fusion-post-content-wrapper\" style=\"padding:30px 25px 20px 25px;\"><div class=\"fusion-post-content post-content\"><h2 class=\"blog-shortcode-post-title entry-title\"><a href=\"https:\/\/intelsynet.com\/es\/el-invento-que-permite-producir-hidrogeno-limpio-a-escala-industrial\/\">El invento que permite producir hidr\u00f3geno limpio a escala industrial<\/a><\/h2><\/div><\/div><div class=\"fusion-clearfix\"><\/div><\/div>\n<\/article>\n<article id=\"blog-1-post-2500\" class=\"fusion-post-grid post-2500 post type-post status-publish format-standard has-post-thumbnail hentry category-nuestros-articulos\">\n<div class=\"fusion-post-wrapper\" style=\"background-color:rgba(255,255,255,0);border:1px solid #e8e8e8;border-bottom-width:3px;\">\n\n\t\t\t<div class=\"fusion-flexslider flexslider fusion-flexslider-loading fusion-post-slideshow\" style=\"border-color:#e8e8e8;\">\n\t\t<ul class=\"slides\">\n\t\t\t\n\t\t\t\t\t\t\t\t\t\t\t\t\t\t<li><div  class=\"fusion-image-wrapper\" aria-haspopup=\"true\">\n\t\t\t\t<img decoding=\"async\" width=\"400\" height=\"247\" data-src=\"https:\/\/intelsynet.com\/wp-content\/uploads\/2021\/09\/admin-ajax-4.jpg\" class=\"attachment-full size-full wp-post-image lazyload\" alt=\"Iot\" data-srcset=\"https:\/\/intelsynet.com\/wp-content\/uploads\/2021\/09\/admin-ajax-4-200x124.jpg 200w, https:\/\/intelsynet.com\/wp-content\/uploads\/2021\/09\/admin-ajax-4.jpg 400w\" data-sizes=\"(min-width: 2200px) 100vw, (min-width: 784px) 363px, (min-width: 712px) 545px, (min-width: 640px) 712px,\" src=\"data:image\/svg+xml;base64,PHN2ZyB3aWR0aD0iMSIgaGVpZ2h0PSIxIiB4bWxucz0iaHR0cDovL3d3dy53My5vcmcvMjAwMC9zdmciPjwvc3ZnPg==\" style=\"--smush-placeholder-width: 400px; --smush-placeholder-aspect-ratio: 400\/247;\" \/><div class=\"fusion-rollover\">\n\t<div class=\"fusion-rollover-content\">\n\n\t\t\t\t\n\t\t\n\t\t\t\t\t\t\t\t\t\t\t\t<h4 class=\"fusion-rollover-title\">\n\t\t\t\t\t<a class=\"fusion-rollover-title-link\" href=\"https:\/\/intelsynet.com\/es\/ciberseguridad-de-dispositivos-iot\/\">\n\t\t\t\t\t\tLa UE anuncia una propuesta de ley para la creaci\u00f3n de est\u00e1ndares en la ciberseguridad de dispositivos IoT.\t\t\t\t\t<\/a>\n\t\t\t\t<\/h4>\n\t\t\t\n\t\t\t\t\t\t\t\t\n\t\t\n\t\t\t\t\t\t<a class=\"fusion-link-wrapper\" href=\"https:\/\/intelsynet.com\/es\/ciberseguridad-de-dispositivos-iot\/\" aria-label=\"La UE anuncia una propuesta de ley para la creaci\u00f3n de est\u00e1ndares en la ciberseguridad de dispositivos IoT.\"><\/a>\n\t<\/div>\n<\/div>\n<\/div>\n<\/li>\n\t\t\t\n\t\t\t\n\t\t\t\t\t\t\t\t<\/ul>\n\t<\/div>\n\t<div class=\"fusion-post-content-wrapper\" style=\"padding:30px 25px 20px 25px;\"><div class=\"fusion-post-content post-content\"><h2 class=\"blog-shortcode-post-title entry-title\"><a href=\"https:\/\/intelsynet.com\/es\/ciberseguridad-de-dispositivos-iot\/\">La UE anuncia una propuesta de ley para la creaci\u00f3n de est\u00e1ndares en la ciberseguridad de dispositivos IoT.<\/a><\/h2><\/div><\/div><div class=\"fusion-clearfix\"><\/div><\/div>\n<\/article>\n<article id=\"blog-1-post-2496\" class=\"fusion-post-grid post-2496 post type-post status-publish format-standard has-post-thumbnail hentry category-nuestros-articulos\">\n<div class=\"fusion-post-wrapper\" style=\"background-color:rgba(255,255,255,0);border:1px solid #e8e8e8;border-bottom-width:3px;\">\n\n\t\t\t<div class=\"fusion-flexslider flexslider fusion-flexslider-loading fusion-post-slideshow\" style=\"border-color:#e8e8e8;\">\n\t\t<ul class=\"slides\">\n\t\t\t\n\t\t\t\t\t\t\t\t\t\t\t\t\t\t<li><div  class=\"fusion-image-wrapper\" aria-haspopup=\"true\">\n\t\t\t\t<img decoding=\"async\" width=\"400\" height=\"247\" data-src=\"https:\/\/intelsynet.com\/wp-content\/uploads\/2021\/09\/admin-ajax-5.jpg\" class=\"attachment-full size-full wp-post-image lazyload\" alt=\"State Grid\" data-srcset=\"https:\/\/intelsynet.com\/wp-content\/uploads\/2021\/09\/admin-ajax-5-200x124.jpg 200w, https:\/\/intelsynet.com\/wp-content\/uploads\/2021\/09\/admin-ajax-5.jpg 400w\" data-sizes=\"(min-width: 2200px) 100vw, (min-width: 784px) 363px, (min-width: 712px) 545px, (min-width: 640px) 712px,\" src=\"data:image\/svg+xml;base64,PHN2ZyB3aWR0aD0iMSIgaGVpZ2h0PSIxIiB4bWxucz0iaHR0cDovL3d3dy53My5vcmcvMjAwMC9zdmciPjwvc3ZnPg==\" style=\"--smush-placeholder-width: 400px; --smush-placeholder-aspect-ratio: 400\/247;\" \/><div class=\"fusion-rollover\">\n\t<div class=\"fusion-rollover-content\">\n\n\t\t\t\t\n\t\t\n\t\t\t\t\t\t\t\t\t\t\t\t<h4 class=\"fusion-rollover-title\">\n\t\t\t\t\t<a class=\"fusion-rollover-title-link\" href=\"https:\/\/intelsynet.com\/es\/state-grid\/\">\n\t\t\t\t\t\tState Grid de China y Huawei se unen para soluciones de carga de veh\u00edculos el\u00e9ctricos inteligentes de pr\u00f3xima generaci\u00f3n\t\t\t\t\t<\/a>\n\t\t\t\t<\/h4>\n\t\t\t\n\t\t\t\t\t\t\t\t\n\t\t\n\t\t\t\t\t\t<a class=\"fusion-link-wrapper\" href=\"https:\/\/intelsynet.com\/es\/state-grid\/\" aria-label=\"State Grid de China y Huawei se unen para soluciones de carga de veh\u00edculos el\u00e9ctricos inteligentes de pr\u00f3xima generaci\u00f3n\"><\/a>\n\t<\/div>\n<\/div>\n<\/div>\n<\/li>\n\t\t\t\n\t\t\t\n\t\t\t\t\t\t\t\t<\/ul>\n\t<\/div>\n\t<div class=\"fusion-post-content-wrapper\" style=\"padding:30px 25px 20px 25px;\"><div class=\"fusion-post-content post-content\"><h2 class=\"blog-shortcode-post-title entry-title\"><a href=\"https:\/\/intelsynet.com\/es\/state-grid\/\">State Grid de China y Huawei se unen para soluciones de carga de veh\u00edculos el\u00e9ctricos inteligentes de pr\u00f3xima generaci\u00f3n<\/a><\/h2><\/div><\/div><div class=\"fusion-clearfix\"><\/div><\/div>\n<\/article>\n<article id=\"blog-1-post-2489\" class=\"fusion-post-grid post-2489 post type-post status-publish format-standard has-post-thumbnail hentry category-nuestros-articulos\">\n<div class=\"fusion-post-wrapper\" style=\"background-color:rgba(255,255,255,0);border:1px solid #e8e8e8;border-bottom-width:3px;\">\n\n\t\t\t<div class=\"fusion-flexslider flexslider fusion-flexslider-loading fusion-post-slideshow\" style=\"border-color:#e8e8e8;\">\n\t\t<ul class=\"slides\">\n\t\t\t\n\t\t\t\t\t\t\t\t\t\t\t\t\t\t<li><div  class=\"fusion-image-wrapper\" aria-haspopup=\"true\">\n\t\t\t\t<img decoding=\"async\" width=\"1203\" height=\"742\" data-src=\"https:\/\/intelsynet.com\/wp-content\/uploads\/2021\/09\/post-exolum-scaled-1-e1632488470622.jpg\" class=\"attachment-full size-full wp-post-image lazyload\" alt=\"\" data-srcset=\"https:\/\/intelsynet.com\/wp-content\/uploads\/2021\/09\/post-exolum-scaled-1-e1632488470622-200x123.jpg 200w, https:\/\/intelsynet.com\/wp-content\/uploads\/2021\/09\/post-exolum-scaled-1-e1632488470622-400x247.jpg 400w, https:\/\/intelsynet.com\/wp-content\/uploads\/2021\/09\/post-exolum-scaled-1-e1632488470622-600x370.jpg 600w, https:\/\/intelsynet.com\/wp-content\/uploads\/2021\/09\/post-exolum-scaled-1-e1632488470622-800x493.jpg 800w, https:\/\/intelsynet.com\/wp-content\/uploads\/2021\/09\/post-exolum-scaled-1-e1632488470622-1200x740.jpg 1200w, https:\/\/intelsynet.com\/wp-content\/uploads\/2021\/09\/post-exolum-scaled-1-e1632488470622.jpg 1203w\" data-sizes=\"(min-width: 2200px) 100vw, (min-width: 784px) 363px, (min-width: 712px) 545px, (min-width: 640px) 712px,\" src=\"data:image\/svg+xml;base64,PHN2ZyB3aWR0aD0iMSIgaGVpZ2h0PSIxIiB4bWxucz0iaHR0cDovL3d3dy53My5vcmcvMjAwMC9zdmciPjwvc3ZnPg==\" style=\"--smush-placeholder-width: 1203px; --smush-placeholder-aspect-ratio: 1203\/742;\" \/><div class=\"fusion-rollover\">\n\t<div class=\"fusion-rollover-content\">\n\n\t\t\t\t\n\t\t\n\t\t\t\t\t\t\t\t\t\t\t\t<h4 class=\"fusion-rollover-title\">\n\t\t\t\t\t<a class=\"fusion-rollover-title-link\" href=\"https:\/\/intelsynet.com\/es\/los-ecocombustibles-pretenden-ayudar-a-crear-puestos-de-trabajo\/\">\n\t\t\t\t\t\tLos ecocombustibles pretenden ayudar a crear puestos de trabajo\t\t\t\t\t<\/a>\n\t\t\t\t<\/h4>\n\t\t\t\n\t\t\t\t\t\t\t\t\n\t\t\n\t\t\t\t\t\t<a class=\"fusion-link-wrapper\" href=\"https:\/\/intelsynet.com\/es\/los-ecocombustibles-pretenden-ayudar-a-crear-puestos-de-trabajo\/\" aria-label=\"Los ecocombustibles pretenden ayudar a crear puestos de trabajo\"><\/a>\n\t<\/div>\n<\/div>\n<\/div>\n<\/li>\n\t\t\t\n\t\t\t\n\t\t\t\t\t\t\t\t<\/ul>\n\t<\/div>\n\t<div class=\"fusion-post-content-wrapper\" style=\"padding:30px 25px 20px 25px;\"><div class=\"fusion-post-content post-content\"><h2 class=\"blog-shortcode-post-title entry-title\"><a href=\"https:\/\/intelsynet.com\/es\/los-ecocombustibles-pretenden-ayudar-a-crear-puestos-de-trabajo\/\">Los ecocombustibles pretenden ayudar a crear puestos de trabajo<\/a><\/h2><\/div><\/div><div class=\"fusion-clearfix\"><\/div><\/div>\n<\/article>\n<article id=\"blog-1-post-2474\" class=\"fusion-post-grid post-2474 post type-post status-publish format-standard has-post-thumbnail hentry category-nuestros-articulos\">\n<div class=\"fusion-post-wrapper\" style=\"background-color:rgba(255,255,255,0);border:1px solid #e8e8e8;border-bottom-width:3px;\">\n\n\t\t\t<div class=\"fusion-flexslider flexslider fusion-flexslider-loading fusion-post-slideshow\" style=\"border-color:#e8e8e8;\">\n\t\t<ul class=\"slides\">\n\t\t\t\n\t\t\t\t\t\t\t\t\t\t\t\t\t\t<li><div  class=\"fusion-image-wrapper\" aria-haspopup=\"true\">\n\t\t\t\t<img decoding=\"async\" width=\"1200\" height=\"742\" data-src=\"https:\/\/intelsynet.com\/wp-content\/uploads\/2021\/09\/nube.jpeg\" class=\"attachment-full size-full wp-post-image lazyload\" alt=\"nube\" data-srcset=\"https:\/\/intelsynet.com\/wp-content\/uploads\/2021\/09\/nube-200x124.jpeg 200w, https:\/\/intelsynet.com\/wp-content\/uploads\/2021\/09\/nube-400x247.jpeg 400w, https:\/\/intelsynet.com\/wp-content\/uploads\/2021\/09\/nube-600x371.jpeg 600w, https:\/\/intelsynet.com\/wp-content\/uploads\/2021\/09\/nube-800x495.jpeg 800w, https:\/\/intelsynet.com\/wp-content\/uploads\/2021\/09\/nube.jpeg 1200w\" data-sizes=\"(min-width: 2200px) 100vw, (min-width: 784px) 363px, (min-width: 712px) 545px, (min-width: 640px) 712px,\" src=\"data:image\/svg+xml;base64,PHN2ZyB3aWR0aD0iMSIgaGVpZ2h0PSIxIiB4bWxucz0iaHR0cDovL3d3dy53My5vcmcvMjAwMC9zdmciPjwvc3ZnPg==\" style=\"--smush-placeholder-width: 1200px; --smush-placeholder-aspect-ratio: 1200\/742;\" \/><div class=\"fusion-rollover\">\n\t<div class=\"fusion-rollover-content\">\n\n\t\t\t\t\n\t\t\n\t\t\t\t\t\t\t\t\t\t\t\t<h4 class=\"fusion-rollover-title\">\n\t\t\t\t\t<a class=\"fusion-rollover-title-link\" href=\"https:\/\/intelsynet.com\/es\/gaia-x-la-nube-al-margen-de-amazon-o-microsoft\/\">\n\t\t\t\t\t\tM\u00e1s de 300 empresas en Espa\u00f1a se ofrecen para crear GAIA-X, la nube al margen de Amazon o Microsoft\t\t\t\t\t<\/a>\n\t\t\t\t<\/h4>\n\t\t\t\n\t\t\t\t\t\t\t\t\n\t\t\n\t\t\t\t\t\t<a class=\"fusion-link-wrapper\" href=\"https:\/\/intelsynet.com\/es\/gaia-x-la-nube-al-margen-de-amazon-o-microsoft\/\" aria-label=\"M\u00e1s de 300 empresas en Espa\u00f1a se ofrecen para crear GAIA-X, la nube al margen de Amazon o Microsoft\"><\/a>\n\t<\/div>\n<\/div>\n<\/div>\n<\/li>\n\t\t\t\n\t\t\t\n\t\t\t\t\t\t\t\t<\/ul>\n\t<\/div>\n\t<div class=\"fusion-post-content-wrapper\" style=\"padding:30px 25px 20px 25px;\"><div class=\"fusion-post-content post-content\"><h2 class=\"blog-shortcode-post-title entry-title\"><a href=\"https:\/\/intelsynet.com\/es\/gaia-x-la-nube-al-margen-de-amazon-o-microsoft\/\">M\u00e1s de 300 empresas en Espa\u00f1a se ofrecen para crear GAIA-X, la nube al margen de Amazon o Microsoft<\/a><\/h2><\/div><\/div><div class=\"fusion-clearfix\"><\/div><\/div>\n<\/article>\n<article id=\"blog-1-post-2468\" class=\"fusion-post-grid post-2468 post type-post status-publish format-standard has-post-thumbnail hentry category-nuestros-articulos\">\n<div class=\"fusion-post-wrapper\" style=\"background-color:rgba(255,255,255,0);border:1px solid #e8e8e8;border-bottom-width:3px;\">\n\n\t\t\t<div class=\"fusion-flexslider flexslider fusion-flexslider-loading fusion-post-slideshow\" style=\"border-color:#e8e8e8;\">\n\t\t<ul class=\"slides\">\n\t\t\t\n\t\t\t\t\t\t\t\t\t\t\t\t\t\t<li><div  class=\"fusion-image-wrapper\" aria-haspopup=\"true\">\n\t\t\t\t<img decoding=\"async\" width=\"1200\" height=\"742\" data-src=\"https:\/\/intelsynet.com\/wp-content\/uploads\/2021\/09\/bots.jpeg\" class=\"attachment-full size-full wp-post-image lazyload\" alt=\"bots\" data-srcset=\"https:\/\/intelsynet.com\/wp-content\/uploads\/2021\/09\/bots-200x124.jpeg 200w, https:\/\/intelsynet.com\/wp-content\/uploads\/2021\/09\/bots-400x247.jpeg 400w, https:\/\/intelsynet.com\/wp-content\/uploads\/2021\/09\/bots-600x371.jpeg 600w, https:\/\/intelsynet.com\/wp-content\/uploads\/2021\/09\/bots-800x495.jpeg 800w, https:\/\/intelsynet.com\/wp-content\/uploads\/2021\/09\/bots.jpeg 1200w\" data-sizes=\"(min-width: 2200px) 100vw, (min-width: 784px) 363px, (min-width: 712px) 545px, (min-width: 640px) 712px,\" src=\"data:image\/svg+xml;base64,PHN2ZyB3aWR0aD0iMSIgaGVpZ2h0PSIxIiB4bWxucz0iaHR0cDovL3d3dy53My5vcmcvMjAwMC9zdmciPjwvc3ZnPg==\" style=\"--smush-placeholder-width: 1200px; --smush-placeholder-aspect-ratio: 1200\/742;\" \/><div class=\"fusion-rollover\">\n\t<div class=\"fusion-rollover-content\">\n\n\t\t\t\t\n\t\t\n\t\t\t\t\t\t\t\t\t\t\t\t<h4 class=\"fusion-rollover-title\">\n\t\t\t\t\t<a class=\"fusion-rollover-title-link\" href=\"https:\/\/intelsynet.com\/es\/dos-tercios-del-trafico-total-de-internet-proceden-de-bots\/\">\n\t\t\t\t\t\tDos tercios del tr\u00e1fico total de Internet proceden de &#8216;bots&#8217;\t\t\t\t\t<\/a>\n\t\t\t\t<\/h4>\n\t\t\t\n\t\t\t\t\t\t\t\t\n\t\t\n\t\t\t\t\t\t<a class=\"fusion-link-wrapper\" href=\"https:\/\/intelsynet.com\/es\/dos-tercios-del-trafico-total-de-internet-proceden-de-bots\/\" aria-label=\"Dos tercios del tr\u00e1fico total de Internet proceden de &#8216;bots&#8217;\"><\/a>\n\t<\/div>\n<\/div>\n<\/div>\n<\/li>\n\t\t\t\n\t\t\t\n\t\t\t\t\t\t\t\t<\/ul>\n\t<\/div>\n\t<div class=\"fusion-post-content-wrapper\" style=\"padding:30px 25px 20px 25px;\"><div class=\"fusion-post-content post-content\"><h2 class=\"blog-shortcode-post-title entry-title\"><a href=\"https:\/\/intelsynet.com\/es\/dos-tercios-del-trafico-total-de-internet-proceden-de-bots\/\">Dos tercios del tr\u00e1fico total de Internet proceden de &#8216;bots&#8217;<\/a><\/h2><\/div><\/div><div class=\"fusion-clearfix\"><\/div><\/div>\n<\/article>\n<article id=\"blog-1-post-2467\" class=\"fusion-post-grid post-2467 post type-post status-publish format-standard has-post-thumbnail hentry category-nuestros-articulos\">\n<div class=\"fusion-post-wrapper\" style=\"background-color:rgba(255,255,255,0);border:1px solid #e8e8e8;border-bottom-width:3px;\">\n\n\t\t\t<div class=\"fusion-flexslider flexslider fusion-flexslider-loading fusion-post-slideshow\" style=\"border-color:#e8e8e8;\">\n\t\t<ul class=\"slides\">\n\t\t\t\n\t\t\t\t\t\t\t\t\t\t\t\t\t\t<li><div  class=\"fusion-image-wrapper\" aria-haspopup=\"true\">\n\t\t\t\t<img decoding=\"async\" width=\"1200\" height=\"742\" data-src=\"https:\/\/intelsynet.com\/wp-content\/uploads\/2021\/09\/ciberseguridad-y-vuelta-al-cole.jpg\" class=\"attachment-full size-full wp-post-image lazyload\" alt=\"ciberseguridad y vuelta al cole\" data-srcset=\"https:\/\/intelsynet.com\/wp-content\/uploads\/2021\/09\/ciberseguridad-y-vuelta-al-cole-200x124.jpg 200w, https:\/\/intelsynet.com\/wp-content\/uploads\/2021\/09\/ciberseguridad-y-vuelta-al-cole-400x247.jpg 400w, https:\/\/intelsynet.com\/wp-content\/uploads\/2021\/09\/ciberseguridad-y-vuelta-al-cole-600x371.jpg 600w, https:\/\/intelsynet.com\/wp-content\/uploads\/2021\/09\/ciberseguridad-y-vuelta-al-cole-800x495.jpg 800w, https:\/\/intelsynet.com\/wp-content\/uploads\/2021\/09\/ciberseguridad-y-vuelta-al-cole.jpg 1200w\" data-sizes=\"(min-width: 2200px) 100vw, (min-width: 784px) 363px, (min-width: 712px) 545px, (min-width: 640px) 712px,\" src=\"data:image\/svg+xml;base64,PHN2ZyB3aWR0aD0iMSIgaGVpZ2h0PSIxIiB4bWxucz0iaHR0cDovL3d3dy53My5vcmcvMjAwMC9zdmciPjwvc3ZnPg==\" style=\"--smush-placeholder-width: 1200px; --smush-placeholder-aspect-ratio: 1200\/742;\" \/><div class=\"fusion-rollover\">\n\t<div class=\"fusion-rollover-content\">\n\n\t\t\t\t\n\t\t\n\t\t\t\t\t\t\t\t\t\t\t\t<h4 class=\"fusion-rollover-title\">\n\t\t\t\t\t<a class=\"fusion-rollover-title-link\" href=\"https:\/\/intelsynet.com\/es\/ciberseguridad-y-vuelta-al-cole\/\">\n\t\t\t\t\t\t\u00bfCu\u00e1les son las principales recomendaciones de ciberseguridad a tener en cuenta en la vuelta al \u2018cole\u2019?\t\t\t\t\t<\/a>\n\t\t\t\t<\/h4>\n\t\t\t\n\t\t\t\t\t\t\t\t\n\t\t\n\t\t\t\t\t\t<a class=\"fusion-link-wrapper\" href=\"https:\/\/intelsynet.com\/es\/ciberseguridad-y-vuelta-al-cole\/\" aria-label=\"\u00bfCu\u00e1les son las principales recomendaciones de ciberseguridad a tener en cuenta en la vuelta al \u2018cole\u2019?\"><\/a>\n\t<\/div>\n<\/div>\n<\/div>\n<\/li>\n\t\t\t\n\t\t\t\n\t\t\t\t\t\t\t\t<\/ul>\n\t<\/div>\n\t<div class=\"fusion-post-content-wrapper\" style=\"padding:30px 25px 20px 25px;\"><div class=\"fusion-post-content post-content\"><h2 class=\"blog-shortcode-post-title entry-title\"><a href=\"https:\/\/intelsynet.com\/es\/ciberseguridad-y-vuelta-al-cole\/\">\u00bfCu\u00e1les son las principales recomendaciones de ciberseguridad a tener en cuenta en la vuelta al \u2018cole\u2019?<\/a><\/h2><\/div><\/div><div class=\"fusion-clearfix\"><\/div><\/div>\n<\/article>\n<article id=\"blog-1-post-2466\" class=\"fusion-post-grid post-2466 post type-post status-publish format-standard has-post-thumbnail hentry category-nuestros-articulos\">\n<div class=\"fusion-post-wrapper\" style=\"background-color:rgba(255,255,255,0);border:1px solid #e8e8e8;border-bottom-width:3px;\">\n\n\t\t\t<div class=\"fusion-flexslider flexslider fusion-flexslider-loading fusion-post-slideshow\" style=\"border-color:#e8e8e8;\">\n\t\t<ul class=\"slides\">\n\t\t\t\n\t\t\t\t\t\t\t\t\t\t\t\t\t\t<li><div  class=\"fusion-image-wrapper\" aria-haspopup=\"true\">\n\t\t\t\t<img decoding=\"async\" width=\"1200\" height=\"742\" data-src=\"https:\/\/intelsynet.com\/wp-content\/uploads\/2021\/09\/observaciber.jpg\" class=\"attachment-full size-full wp-post-image lazyload\" alt=\"observaciber\" data-srcset=\"https:\/\/intelsynet.com\/wp-content\/uploads\/2021\/09\/observaciber-200x124.jpg 200w, https:\/\/intelsynet.com\/wp-content\/uploads\/2021\/09\/observaciber-400x247.jpg 400w, https:\/\/intelsynet.com\/wp-content\/uploads\/2021\/09\/observaciber-600x371.jpg 600w, https:\/\/intelsynet.com\/wp-content\/uploads\/2021\/09\/observaciber-800x495.jpg 800w, https:\/\/intelsynet.com\/wp-content\/uploads\/2021\/09\/observaciber.jpg 1200w\" data-sizes=\"(min-width: 2200px) 100vw, (min-width: 784px) 363px, (min-width: 712px) 545px, (min-width: 640px) 712px,\" src=\"data:image\/svg+xml;base64,PHN2ZyB3aWR0aD0iMSIgaGVpZ2h0PSIxIiB4bWxucz0iaHR0cDovL3d3dy53My5vcmcvMjAwMC9zdmciPjwvc3ZnPg==\" style=\"--smush-placeholder-width: 1200px; --smush-placeholder-aspect-ratio: 1200\/742;\" \/><div class=\"fusion-rollover\">\n\t<div class=\"fusion-rollover-content\">\n\n\t\t\t\t\n\t\t\n\t\t\t\t\t\t\t\t\t\t\t\t<h4 class=\"fusion-rollover-title\">\n\t\t\t\t\t<a class=\"fusion-rollover-title-link\" href=\"https:\/\/intelsynet.com\/es\/observaciber\/\">\n\t\t\t\t\t\tEstudio sobre la ciberseguridad y confianza del ciudadano en la red, Julio 2021\t\t\t\t\t<\/a>\n\t\t\t\t<\/h4>\n\t\t\t\n\t\t\t\t\t\t\t\t\n\t\t\n\t\t\t\t\t\t<a class=\"fusion-link-wrapper\" href=\"https:\/\/intelsynet.com\/es\/observaciber\/\" aria-label=\"Estudio sobre la ciberseguridad y confianza del ciudadano en la red, Julio 2021\"><\/a>\n\t<\/div>\n<\/div>\n<\/div>\n<\/li>\n\t\t\t\n\t\t\t\n\t\t\t\t\t\t\t\t<\/ul>\n\t<\/div>\n\t<div class=\"fusion-post-content-wrapper\" style=\"padding:30px 25px 20px 25px;\"><div class=\"fusion-post-content post-content\"><h2 class=\"blog-shortcode-post-title entry-title\"><a href=\"https:\/\/intelsynet.com\/es\/observaciber\/\">Estudio sobre la ciberseguridad y confianza del ciudadano en la red, Julio 2021<\/a><\/h2><\/div><\/div><div class=\"fusion-clearfix\"><\/div><\/div>\n<\/article>\n<article id=\"blog-1-post-2469\" class=\"fusion-post-grid post-2469 post type-post status-publish format-standard has-post-thumbnail hentry category-nuestros-articulos\">\n<div class=\"fusion-post-wrapper\" style=\"background-color:rgba(255,255,255,0);border:1px solid #e8e8e8;border-bottom-width:3px;\">\n\n\t\t\t<div class=\"fusion-flexslider flexslider fusion-flexslider-loading fusion-post-slideshow\" style=\"border-color:#e8e8e8;\">\n\t\t<ul class=\"slides\">\n\t\t\t\n\t\t\t\t\t\t\t\t\t\t\t\t\t\t<li><div  class=\"fusion-image-wrapper\" aria-haspopup=\"true\">\n\t\t\t\t<img decoding=\"async\" width=\"1200\" height=\"742\" data-src=\"https:\/\/intelsynet.com\/wp-content\/uploads\/2021\/09\/adas.jpg\" class=\"attachment-full size-full wp-post-image lazyload\" alt=\"ADAS\" data-srcset=\"https:\/\/intelsynet.com\/wp-content\/uploads\/2021\/09\/adas-200x124.jpg 200w, https:\/\/intelsynet.com\/wp-content\/uploads\/2021\/09\/adas-400x247.jpg 400w, https:\/\/intelsynet.com\/wp-content\/uploads\/2021\/09\/adas-600x371.jpg 600w, https:\/\/intelsynet.com\/wp-content\/uploads\/2021\/09\/adas-800x495.jpg 800w, https:\/\/intelsynet.com\/wp-content\/uploads\/2021\/09\/adas.jpg 1200w\" data-sizes=\"(min-width: 2200px) 100vw, (min-width: 784px) 363px, (min-width: 712px) 545px, (min-width: 640px) 712px,\" src=\"data:image\/svg+xml;base64,PHN2ZyB3aWR0aD0iMSIgaGVpZ2h0PSIxIiB4bWxucz0iaHR0cDovL3d3dy53My5vcmcvMjAwMC9zdmciPjwvc3ZnPg==\" style=\"--smush-placeholder-width: 1200px; --smush-placeholder-aspect-ratio: 1200\/742;\" \/><div class=\"fusion-rollover\">\n\t<div class=\"fusion-rollover-content\">\n\n\t\t\t\t\n\t\t\n\t\t\t\t\t\t\t\t\t\t\t\t<h4 class=\"fusion-rollover-title\">\n\t\t\t\t\t<a class=\"fusion-rollover-title-link\" href=\"https:\/\/intelsynet.com\/es\/adas\/\">\n\t\t\t\t\t\tEstos son los ADAS que ser\u00e1n obligatorios a partir de 2022\t\t\t\t\t<\/a>\n\t\t\t\t<\/h4>\n\t\t\t\n\t\t\t\t\t\t\t\t\n\t\t\n\t\t\t\t\t\t<a class=\"fusion-link-wrapper\" href=\"https:\/\/intelsynet.com\/es\/adas\/\" aria-label=\"Estos son los ADAS que ser\u00e1n obligatorios a partir de 2022\"><\/a>\n\t<\/div>\n<\/div>\n<\/div>\n<\/li>\n\t\t\t\n\t\t\t\n\t\t\t\t\t\t\t\t<\/ul>\n\t<\/div>\n\t<div class=\"fusion-post-content-wrapper\" style=\"padding:30px 25px 20px 25px;\"><div class=\"fusion-post-content post-content\"><h2 class=\"blog-shortcode-post-title entry-title\"><a href=\"https:\/\/intelsynet.com\/es\/adas\/\">Estos son los ADAS que ser\u00e1n obligatorios a partir de 2022<\/a><\/h2><\/div><\/div><div class=\"fusion-clearfix\"><\/div><\/div>\n<\/article>\n<article id=\"blog-1-post-2444\" class=\"fusion-post-grid post-2444 post type-post status-publish format-standard has-post-thumbnail hentry category-nuestros-articulos\">\n<div class=\"fusion-post-wrapper\" style=\"background-color:rgba(255,255,255,0);border:1px solid #e8e8e8;border-bottom-width:3px;\">\n\n\t\t\t<div class=\"fusion-flexslider flexslider fusion-flexslider-loading fusion-post-slideshow\" style=\"border-color:#e8e8e8;\">\n\t\t<ul class=\"slides\">\n\t\t\t\n\t\t\t\t\t\t\t\t\t\t\t\t\t\t<li><div  class=\"fusion-image-wrapper\" aria-haspopup=\"true\">\n\t\t\t\t<img decoding=\"async\" width=\"1200\" height=\"742\" data-src=\"https:\/\/intelsynet.com\/wp-content\/uploads\/2021\/09\/ciberseguridad-de-la-informacion.jpg\" class=\"attachment-full size-full wp-post-image lazyload\" alt=\"ciberseguridad de la informaci\u00f3n\" data-srcset=\"https:\/\/intelsynet.com\/wp-content\/uploads\/2021\/09\/ciberseguridad-de-la-informacion-200x124.jpg 200w, https:\/\/intelsynet.com\/wp-content\/uploads\/2021\/09\/ciberseguridad-de-la-informacion-400x247.jpg 400w, https:\/\/intelsynet.com\/wp-content\/uploads\/2021\/09\/ciberseguridad-de-la-informacion-600x371.jpg 600w, https:\/\/intelsynet.com\/wp-content\/uploads\/2021\/09\/ciberseguridad-de-la-informacion-800x495.jpg 800w, https:\/\/intelsynet.com\/wp-content\/uploads\/2021\/09\/ciberseguridad-de-la-informacion.jpg 1200w\" data-sizes=\"(min-width: 2200px) 100vw, (min-width: 784px) 363px, (min-width: 712px) 545px, (min-width: 640px) 712px,\" src=\"data:image\/svg+xml;base64,PHN2ZyB3aWR0aD0iMSIgaGVpZ2h0PSIxIiB4bWxucz0iaHR0cDovL3d3dy53My5vcmcvMjAwMC9zdmciPjwvc3ZnPg==\" style=\"--smush-placeholder-width: 1200px; --smush-placeholder-aspect-ratio: 1200\/742;\" \/><div class=\"fusion-rollover\">\n\t<div class=\"fusion-rollover-content\">\n\n\t\t\t\t\n\t\t\n\t\t\t\t\t\t\t\t\t\t\t\t<h4 class=\"fusion-rollover-title\">\n\t\t\t\t\t<a class=\"fusion-rollover-title-link\" href=\"https:\/\/intelsynet.com\/es\/ciberseguridad-de-la-informacion\/\">\n\t\t\t\t\t\tRusia colaborar\u00e1 para \u00abprevenir amenazas\u00bb a la ciberseguridad de la informaci\u00f3n en Nicaragua\t\t\t\t\t<\/a>\n\t\t\t\t<\/h4>\n\t\t\t\n\t\t\t\t\t\t\t\t\n\t\t\n\t\t\t\t\t\t<a class=\"fusion-link-wrapper\" href=\"https:\/\/intelsynet.com\/es\/ciberseguridad-de-la-informacion\/\" aria-label=\"Rusia colaborar\u00e1 para \u00abprevenir amenazas\u00bb a la ciberseguridad de la informaci\u00f3n en Nicaragua\"><\/a>\n\t<\/div>\n<\/div>\n<\/div>\n<\/li>\n\t\t\t\n\t\t\t\n\t\t\t\t\t\t\t\t<\/ul>\n\t<\/div>\n\t<div class=\"fusion-post-content-wrapper\" style=\"padding:30px 25px 20px 25px;\"><div class=\"fusion-post-content post-content\"><h2 class=\"blog-shortcode-post-title entry-title\"><a href=\"https:\/\/intelsynet.com\/es\/ciberseguridad-de-la-informacion\/\">Rusia colaborar\u00e1 para \u00abprevenir amenazas\u00bb a la ciberseguridad de la informaci\u00f3n en Nicaragua<\/a><\/h2><\/div><\/div><div class=\"fusion-clearfix\"><\/div><\/div>\n<\/article>\n<article id=\"blog-1-post-2443\" class=\"fusion-post-grid post-2443 post type-post status-publish format-standard has-post-thumbnail hentry category-nuestros-articulos\">\n<div class=\"fusion-post-wrapper\" style=\"background-color:rgba(255,255,255,0);border:1px solid #e8e8e8;border-bottom-width:3px;\">\n\n\t\t\t<div class=\"fusion-flexslider flexslider fusion-flexslider-loading fusion-post-slideshow\" style=\"border-color:#e8e8e8;\">\n\t\t<ul class=\"slides\">\n\t\t\t\n\t\t\t\t\t\t\t\t\t\t\t\t\t\t<li><div  class=\"fusion-image-wrapper\" aria-haspopup=\"true\">\n\t\t\t\t<img decoding=\"async\" width=\"1200\" height=\"741\" data-src=\"https:\/\/intelsynet.com\/wp-content\/uploads\/2021\/09\/bluetooth.jpg\" class=\"attachment-full size-full wp-post-image lazyload\" alt=\"BlueTooth\" data-srcset=\"https:\/\/intelsynet.com\/wp-content\/uploads\/2021\/09\/bluetooth-200x124.jpg 200w, https:\/\/intelsynet.com\/wp-content\/uploads\/2021\/09\/bluetooth-400x247.jpg 400w, https:\/\/intelsynet.com\/wp-content\/uploads\/2021\/09\/bluetooth-600x371.jpg 600w, https:\/\/intelsynet.com\/wp-content\/uploads\/2021\/09\/bluetooth-800x494.jpg 800w, https:\/\/intelsynet.com\/wp-content\/uploads\/2021\/09\/bluetooth.jpg 1200w\" data-sizes=\"(min-width: 2200px) 100vw, (min-width: 784px) 363px, (min-width: 712px) 545px, (min-width: 640px) 712px,\" src=\"data:image\/svg+xml;base64,PHN2ZyB3aWR0aD0iMSIgaGVpZ2h0PSIxIiB4bWxucz0iaHR0cDovL3d3dy53My5vcmcvMjAwMC9zdmciPjwvc3ZnPg==\" style=\"--smush-placeholder-width: 1200px; --smush-placeholder-aspect-ratio: 1200\/741;\" \/><div class=\"fusion-rollover\">\n\t<div class=\"fusion-rollover-content\">\n\n\t\t\t\t\n\t\t\n\t\t\t\t\t\t\t\t\t\t\t\t<h4 class=\"fusion-rollover-title\">\n\t\t\t\t\t<a class=\"fusion-rollover-title-link\" href=\"https:\/\/intelsynet.com\/es\/los-dispositivos-bluetooth-vuelven-a-ser-vulnerables\/\">\n\t\t\t\t\t\tLos dispositivos BlueTooth vuelven a ser vulnerables gracias a BrakTooth\t\t\t\t\t<\/a>\n\t\t\t\t<\/h4>\n\t\t\t\n\t\t\t\t\t\t\t\t\n\t\t\n\t\t\t\t\t\t<a class=\"fusion-link-wrapper\" href=\"https:\/\/intelsynet.com\/es\/los-dispositivos-bluetooth-vuelven-a-ser-vulnerables\/\" aria-label=\"Los dispositivos BlueTooth vuelven a ser vulnerables gracias a BrakTooth\"><\/a>\n\t<\/div>\n<\/div>\n<\/div>\n<\/li>\n\t\t\t\n\t\t\t\n\t\t\t\t\t\t\t\t<\/ul>\n\t<\/div>\n\t<div class=\"fusion-post-content-wrapper\" style=\"padding:30px 25px 20px 25px;\"><div class=\"fusion-post-content post-content\"><h2 class=\"blog-shortcode-post-title entry-title\"><a href=\"https:\/\/intelsynet.com\/es\/los-dispositivos-bluetooth-vuelven-a-ser-vulnerables\/\">Los dispositivos BlueTooth vuelven a ser vulnerables gracias a BrakTooth<\/a><\/h2><\/div><\/div><div class=\"fusion-clearfix\"><\/div><\/div>\n<\/article>\n<article id=\"blog-1-post-2442\" class=\"fusion-post-grid post-2442 post type-post status-publish format-standard has-post-thumbnail hentry category-nuestros-articulos\">\n<div class=\"fusion-post-wrapper\" style=\"background-color:rgba(255,255,255,0);border:1px solid #e8e8e8;border-bottom-width:3px;\">\n\n\t\t\t<div class=\"fusion-flexslider flexslider fusion-flexslider-loading fusion-post-slideshow\" style=\"border-color:#e8e8e8;\">\n\t\t<ul class=\"slides\">\n\t\t\t\n\t\t\t\t\t\t\t\t\t\t\t\t\t\t<li><div  class=\"fusion-image-wrapper\" aria-haspopup=\"true\">\n\t\t\t\t<img decoding=\"async\" width=\"1200\" height=\"742\" data-src=\"https:\/\/intelsynet.com\/wp-content\/uploads\/2021\/09\/bitcoin-en-el-salvador.jpg\" class=\"attachment-full size-full wp-post-image lazyload\" alt=\"bitcoin en El Salvador\" data-srcset=\"https:\/\/intelsynet.com\/wp-content\/uploads\/2021\/09\/bitcoin-en-el-salvador-200x124.jpg 200w, https:\/\/intelsynet.com\/wp-content\/uploads\/2021\/09\/bitcoin-en-el-salvador-400x247.jpg 400w, https:\/\/intelsynet.com\/wp-content\/uploads\/2021\/09\/bitcoin-en-el-salvador-600x371.jpg 600w, https:\/\/intelsynet.com\/wp-content\/uploads\/2021\/09\/bitcoin-en-el-salvador-800x495.jpg 800w, https:\/\/intelsynet.com\/wp-content\/uploads\/2021\/09\/bitcoin-en-el-salvador.jpg 1200w\" data-sizes=\"(min-width: 2200px) 100vw, (min-width: 784px) 363px, (min-width: 712px) 545px, (min-width: 640px) 712px,\" src=\"data:image\/svg+xml;base64,PHN2ZyB3aWR0aD0iMSIgaGVpZ2h0PSIxIiB4bWxucz0iaHR0cDovL3d3dy53My5vcmcvMjAwMC9zdmciPjwvc3ZnPg==\" style=\"--smush-placeholder-width: 1200px; --smush-placeholder-aspect-ratio: 1200\/742;\" \/><div class=\"fusion-rollover\">\n\t<div class=\"fusion-rollover-content\">\n\n\t\t\t\t\n\t\t\n\t\t\t\t\t\t\t\t\t\t\t\t<h4 class=\"fusion-rollover-title\">\n\t\t\t\t\t<a class=\"fusion-rollover-title-link\" href=\"https:\/\/intelsynet.com\/es\/entra-en-vigor-la-ley-para-el-uso-del-bitcoin-en-el-salvador\/\">\n\t\t\t\t\t\tEntra en vigor la ley para el uso del bitcoin en El Salvador\t\t\t\t\t<\/a>\n\t\t\t\t<\/h4>\n\t\t\t\n\t\t\t\t\t\t\t\t\n\t\t\n\t\t\t\t\t\t<a class=\"fusion-link-wrapper\" href=\"https:\/\/intelsynet.com\/es\/entra-en-vigor-la-ley-para-el-uso-del-bitcoin-en-el-salvador\/\" aria-label=\"Entra en vigor la ley para el uso del bitcoin en El Salvador\"><\/a>\n\t<\/div>\n<\/div>\n<\/div>\n<\/li>\n\t\t\t\n\t\t\t\n\t\t\t\t\t\t\t\t<\/ul>\n\t<\/div>\n\t<div class=\"fusion-post-content-wrapper\" style=\"padding:30px 25px 20px 25px;\"><div class=\"fusion-post-content post-content\"><h2 class=\"blog-shortcode-post-title entry-title\"><a href=\"https:\/\/intelsynet.com\/es\/entra-en-vigor-la-ley-para-el-uso-del-bitcoin-en-el-salvador\/\">Entra en vigor la ley para el uso del bitcoin en El Salvador<\/a><\/h2><\/div><\/div><div class=\"fusion-clearfix\"><\/div><\/div>\n<\/article>\n<article id=\"blog-1-post-2441\" class=\"fusion-post-grid post-2441 post type-post status-publish format-standard has-post-thumbnail hentry category-nuestros-articulos\">\n<div class=\"fusion-post-wrapper\" style=\"background-color:rgba(255,255,255,0);border:1px solid #e8e8e8;border-bottom-width:3px;\">\n\n\t\t\t<div class=\"fusion-flexslider flexslider fusion-flexslider-loading fusion-post-slideshow\" style=\"border-color:#e8e8e8;\">\n\t\t<ul class=\"slides\">\n\t\t\t\n\t\t\t\t\t\t\t\t\t\t\t\t\t\t<li><div  class=\"fusion-image-wrapper\" aria-haspopup=\"true\">\n\t\t\t\t<img decoding=\"async\" width=\"1200\" height=\"742\" data-src=\"https:\/\/intelsynet.com\/wp-content\/uploads\/2021\/09\/captura-co2.jpg\" class=\"attachment-full size-full wp-post-image lazyload\" alt=\"captura de co2\" data-srcset=\"https:\/\/intelsynet.com\/wp-content\/uploads\/2021\/09\/captura-co2-200x124.jpg 200w, https:\/\/intelsynet.com\/wp-content\/uploads\/2021\/09\/captura-co2-400x247.jpg 400w, https:\/\/intelsynet.com\/wp-content\/uploads\/2021\/09\/captura-co2-600x371.jpg 600w, https:\/\/intelsynet.com\/wp-content\/uploads\/2021\/09\/captura-co2-800x495.jpg 800w, https:\/\/intelsynet.com\/wp-content\/uploads\/2021\/09\/captura-co2.jpg 1200w\" data-sizes=\"(min-width: 2200px) 100vw, (min-width: 784px) 363px, (min-width: 712px) 545px, (min-width: 640px) 712px,\" src=\"data:image\/svg+xml;base64,PHN2ZyB3aWR0aD0iMSIgaGVpZ2h0PSIxIiB4bWxucz0iaHR0cDovL3d3dy53My5vcmcvMjAwMC9zdmciPjwvc3ZnPg==\" style=\"--smush-placeholder-width: 1200px; --smush-placeholder-aspect-ratio: 1200\/742;\" \/><div class=\"fusion-rollover\">\n\t<div class=\"fusion-rollover-content\">\n\n\t\t\t\t\n\t\t\n\t\t\t\t\t\t\t\t\t\t\t\t<h4 class=\"fusion-rollover-title\">\n\t\t\t\t\t<a class=\"fusion-rollover-title-link\" href=\"https:\/\/intelsynet.com\/es\/planta-de-captura-de-co2\/\">\n\t\t\t\t\t\tEsta planta de captura de CO2 retira 4.000 toneladas m\u00e9tricas al a\u00f1o: es la m\u00e1s grande del mundo y ya est\u00e1 operativa\t\t\t\t\t<\/a>\n\t\t\t\t<\/h4>\n\t\t\t\n\t\t\t\t\t\t\t\t\n\t\t\n\t\t\t\t\t\t<a class=\"fusion-link-wrapper\" href=\"https:\/\/intelsynet.com\/es\/planta-de-captura-de-co2\/\" aria-label=\"Esta planta de captura de CO2 retira 4.000 toneladas m\u00e9tricas al a\u00f1o: es la m\u00e1s grande del mundo y ya est\u00e1 operativa\"><\/a>\n\t<\/div>\n<\/div>\n<\/div>\n<\/li>\n\t\t\t\n\t\t\t\n\t\t\t\t\t\t\t\t<\/ul>\n\t<\/div>\n\t<div class=\"fusion-post-content-wrapper\" style=\"padding:30px 25px 20px 25px;\"><div class=\"fusion-post-content post-content\"><h2 class=\"blog-shortcode-post-title entry-title\"><a href=\"https:\/\/intelsynet.com\/es\/planta-de-captura-de-co2\/\">Esta planta de captura de CO2 retira 4.000 toneladas m\u00e9tricas al a\u00f1o: es la m\u00e1s grande del mundo y ya est\u00e1 operativa<\/a><\/h2><\/div><\/div><div class=\"fusion-clearfix\"><\/div><\/div>\n<\/article>\n<article id=\"blog-1-post-2445\" class=\"fusion-post-grid post-2445 post type-post status-publish format-standard has-post-thumbnail hentry category-nuestros-articulos\">\n<div class=\"fusion-post-wrapper\" style=\"background-color:rgba(255,255,255,0);border:1px solid #e8e8e8;border-bottom-width:3px;\">\n\n\t\t\t<div class=\"fusion-flexslider flexslider fusion-flexslider-loading fusion-post-slideshow\" style=\"border-color:#e8e8e8;\">\n\t\t<ul class=\"slides\">\n\t\t\t\n\t\t\t\t\t\t\t\t\t\t\t\t\t\t<li><div  class=\"fusion-image-wrapper\" aria-haspopup=\"true\">\n\t\t\t\t<img decoding=\"async\" width=\"1200\" height=\"742\" data-src=\"https:\/\/intelsynet.com\/wp-content\/uploads\/2021\/09\/escasez-de-chips.jpg\" class=\"attachment-full size-full wp-post-image lazyload\" alt=\"falta de chips\" data-srcset=\"https:\/\/intelsynet.com\/wp-content\/uploads\/2021\/09\/escasez-de-chips-200x124.jpg 200w, https:\/\/intelsynet.com\/wp-content\/uploads\/2021\/09\/escasez-de-chips-400x247.jpg 400w, https:\/\/intelsynet.com\/wp-content\/uploads\/2021\/09\/escasez-de-chips-600x371.jpg 600w, https:\/\/intelsynet.com\/wp-content\/uploads\/2021\/09\/escasez-de-chips-800x495.jpg 800w, https:\/\/intelsynet.com\/wp-content\/uploads\/2021\/09\/escasez-de-chips.jpg 1200w\" data-sizes=\"(min-width: 2200px) 100vw, (min-width: 784px) 363px, (min-width: 712px) 545px, (min-width: 640px) 712px,\" src=\"data:image\/svg+xml;base64,PHN2ZyB3aWR0aD0iMSIgaGVpZ2h0PSIxIiB4bWxucz0iaHR0cDovL3d3dy53My5vcmcvMjAwMC9zdmciPjwvc3ZnPg==\" style=\"--smush-placeholder-width: 1200px; --smush-placeholder-aspect-ratio: 1200\/742;\" \/><div class=\"fusion-rollover\">\n\t<div class=\"fusion-rollover-content\">\n\n\t\t\t\t\n\t\t\n\t\t\t\t\t\t\t\t\t\t\t\t<h4 class=\"fusion-rollover-title\">\n\t\t\t\t\t<a class=\"fusion-rollover-title-link\" href=\"https:\/\/intelsynet.com\/es\/falta-de-chips\/\">\n\t\t\t\t\t\tLa falta de chips frena la producci\u00f3n de coches en Espa\u00f1a\t\t\t\t\t<\/a>\n\t\t\t\t<\/h4>\n\t\t\t\n\t\t\t\t\t\t\t\t\n\t\t\n\t\t\t\t\t\t<a class=\"fusion-link-wrapper\" href=\"https:\/\/intelsynet.com\/es\/falta-de-chips\/\" aria-label=\"La falta de chips frena la producci\u00f3n de coches en Espa\u00f1a\"><\/a>\n\t<\/div>\n<\/div>\n<\/div>\n<\/li>\n\t\t\t\n\t\t\t\n\t\t\t\t\t\t\t\t<\/ul>\n\t<\/div>\n\t<div class=\"fusion-post-content-wrapper\" style=\"padding:30px 25px 20px 25px;\"><div class=\"fusion-post-content post-content\"><h2 class=\"blog-shortcode-post-title entry-title\"><a href=\"https:\/\/intelsynet.com\/es\/falta-de-chips\/\">La falta de chips frena la producci\u00f3n de coches en Espa\u00f1a<\/a><\/h2><\/div><\/div><div class=\"fusion-clearfix\"><\/div><\/div>\n<\/article>\n<article id=\"blog-1-post-2428\" class=\"fusion-post-grid post-2428 post type-post status-publish format-standard has-post-thumbnail hentry category-nuestros-articulos\">\n<div class=\"fusion-post-wrapper\" style=\"background-color:rgba(255,255,255,0);border:1px solid #e8e8e8;border-bottom-width:3px;\">\n\n\t\t\t<div class=\"fusion-flexslider flexslider fusion-flexslider-loading fusion-post-slideshow\" style=\"border-color:#e8e8e8;\">\n\t\t<ul class=\"slides\">\n\t\t\t\n\t\t\t\t\t\t\t\t\t\t\t\t\t\t<li><div  class=\"fusion-image-wrapper\" aria-haspopup=\"true\">\n\t\t\t\t<img decoding=\"async\" width=\"664\" height=\"410\" data-src=\"https:\/\/intelsynet.com\/wp-content\/uploads\/2021\/09\/intelsynet-1.jpg\" class=\"attachment-full size-full wp-post-image lazyload\" alt=\"\" data-srcset=\"https:\/\/intelsynet.com\/wp-content\/uploads\/2021\/09\/intelsynet-1-200x123.jpg 200w, https:\/\/intelsynet.com\/wp-content\/uploads\/2021\/09\/intelsynet-1-400x247.jpg 400w, https:\/\/intelsynet.com\/wp-content\/uploads\/2021\/09\/intelsynet-1-600x370.jpg 600w, https:\/\/intelsynet.com\/wp-content\/uploads\/2021\/09\/intelsynet-1.jpg 664w\" data-sizes=\"(min-width: 2200px) 100vw, (min-width: 784px) 363px, (min-width: 712px) 545px, (min-width: 640px) 712px,\" src=\"data:image\/svg+xml;base64,PHN2ZyB3aWR0aD0iMSIgaGVpZ2h0PSIxIiB4bWxucz0iaHR0cDovL3d3dy53My5vcmcvMjAwMC9zdmciPjwvc3ZnPg==\" style=\"--smush-placeholder-width: 664px; --smush-placeholder-aspect-ratio: 664\/410;\" \/><div class=\"fusion-rollover\">\n\t<div class=\"fusion-rollover-content\">\n\n\t\t\t\t\n\t\t\n\t\t\t\t\t\t\t\t\t\t\t\t<h4 class=\"fusion-rollover-title\">\n\t\t\t\t\t<a class=\"fusion-rollover-title-link\" href=\"https:\/\/intelsynet.com\/es\/cual-es-el-nivel-actual-de-la-ciberseguridad-en-el-ecosistema-e-mobility\/\">\n\t\t\t\t\t\t\u00bfCu\u00e1l es el nivel actual de la ciberseguridad en el ecosistema E-mobility?\t\t\t\t\t<\/a>\n\t\t\t\t<\/h4>\n\t\t\t\n\t\t\t\t\t\t\t\t\n\t\t\n\t\t\t\t\t\t<a class=\"fusion-link-wrapper\" href=\"https:\/\/intelsynet.com\/es\/cual-es-el-nivel-actual-de-la-ciberseguridad-en-el-ecosistema-e-mobility\/\" aria-label=\"\u00bfCu\u00e1l es el nivel actual de la ciberseguridad en el ecosistema E-mobility?\"><\/a>\n\t<\/div>\n<\/div>\n<\/div>\n<\/li>\n\t\t\t\n\t\t\t\n\t\t\t\t\t\t\t\t<\/ul>\n\t<\/div>\n\t<div class=\"fusion-post-content-wrapper\" style=\"padding:30px 25px 20px 25px;\"><div class=\"fusion-post-content post-content\"><h2 class=\"blog-shortcode-post-title entry-title\"><a href=\"https:\/\/intelsynet.com\/es\/cual-es-el-nivel-actual-de-la-ciberseguridad-en-el-ecosistema-e-mobility\/\">\u00bfCu\u00e1l es el nivel actual de la ciberseguridad en el ecosistema E-mobility?<\/a><\/h2><\/div><\/div><div class=\"fusion-clearfix\"><\/div><\/div>\n<\/article>\n<article id=\"blog-1-post-2410\" class=\"fusion-post-grid post-2410 post type-post status-publish format-standard has-post-thumbnail hentry category-nuestros-articulos\">\n<div class=\"fusion-post-wrapper\" style=\"background-color:rgba(255,255,255,0);border:1px solid #e8e8e8;border-bottom-width:3px;\">\n\n\t\t\t<div class=\"fusion-flexslider flexslider fusion-flexslider-loading fusion-post-slideshow\" style=\"border-color:#e8e8e8;\">\n\t\t<ul class=\"slides\">\n\t\t\t\n\t\t\t\t\t\t\t\t\t\t\t\t\t\t<li><div  class=\"fusion-image-wrapper\" aria-haspopup=\"true\">\n\t\t\t\t<img decoding=\"async\" width=\"1200\" height=\"742\" data-src=\"https:\/\/intelsynet.com\/wp-content\/uploads\/2021\/09\/hidrogeno-verde.jpg\" class=\"attachment-full size-full wp-post-image lazyload\" alt=\"hidr\u00f3geno verde\" data-srcset=\"https:\/\/intelsynet.com\/wp-content\/uploads\/2021\/09\/hidrogeno-verde-200x124.jpg 200w, https:\/\/intelsynet.com\/wp-content\/uploads\/2021\/09\/hidrogeno-verde-400x247.jpg 400w, https:\/\/intelsynet.com\/wp-content\/uploads\/2021\/09\/hidrogeno-verde-600x371.jpg 600w, https:\/\/intelsynet.com\/wp-content\/uploads\/2021\/09\/hidrogeno-verde-800x495.jpg 800w, https:\/\/intelsynet.com\/wp-content\/uploads\/2021\/09\/hidrogeno-verde.jpg 1200w\" data-sizes=\"(min-width: 2200px) 100vw, (min-width: 784px) 363px, (min-width: 712px) 545px, (min-width: 640px) 712px,\" src=\"data:image\/svg+xml;base64,PHN2ZyB3aWR0aD0iMSIgaGVpZ2h0PSIxIiB4bWxucz0iaHR0cDovL3d3dy53My5vcmcvMjAwMC9zdmciPjwvc3ZnPg==\" style=\"--smush-placeholder-width: 1200px; --smush-placeholder-aspect-ratio: 1200\/742;\" \/><div class=\"fusion-rollover\">\n\t<div class=\"fusion-rollover-content\">\n\n\t\t\t\t\n\t\t\n\t\t\t\t\t\t\t\t\t\t\t\t<h4 class=\"fusion-rollover-title\">\n\t\t\t\t\t<a class=\"fusion-rollover-title-link\" href=\"https:\/\/intelsynet.com\/es\/producir-hidrogeno-verde\/\">\n\t\t\t\t\t\tChina aprueba un megaproyecto que utilizar\u00e1 energ\u00eda solar y e\u00f3lica para producir hidr\u00f3geno verde.\t\t\t\t\t<\/a>\n\t\t\t\t<\/h4>\n\t\t\t\n\t\t\t\t\t\t\t\t\n\t\t\n\t\t\t\t\t\t<a class=\"fusion-link-wrapper\" href=\"https:\/\/intelsynet.com\/es\/producir-hidrogeno-verde\/\" aria-label=\"China aprueba un megaproyecto que utilizar\u00e1 energ\u00eda solar y e\u00f3lica para producir hidr\u00f3geno verde.\"><\/a>\n\t<\/div>\n<\/div>\n<\/div>\n<\/li>\n\t\t\t\n\t\t\t\n\t\t\t\t\t\t\t\t<\/ul>\n\t<\/div>\n\t<div class=\"fusion-post-content-wrapper\" style=\"padding:30px 25px 20px 25px;\"><div class=\"fusion-post-content post-content\"><h2 class=\"blog-shortcode-post-title entry-title\"><a href=\"https:\/\/intelsynet.com\/es\/producir-hidrogeno-verde\/\">China aprueba un megaproyecto que utilizar\u00e1 energ\u00eda solar y e\u00f3lica para producir hidr\u00f3geno verde.<\/a><\/h2><\/div><\/div><div class=\"fusion-clearfix\"><\/div><\/div>\n<\/article>\n<article id=\"blog-1-post-2407\" class=\"fusion-post-grid post-2407 post type-post status-publish format-standard has-post-thumbnail hentry category-nuestros-articulos\">\n<div class=\"fusion-post-wrapper\" style=\"background-color:rgba(255,255,255,0);border:1px solid #e8e8e8;border-bottom-width:3px;\">\n\n\t\t\t<div class=\"fusion-flexslider flexslider fusion-flexslider-loading fusion-post-slideshow\" style=\"border-color:#e8e8e8;\">\n\t\t<ul class=\"slides\">\n\t\t\t\n\t\t\t\t\t\t\t\t\t\t\t\t\t\t<li><div  class=\"fusion-image-wrapper\" aria-haspopup=\"true\">\n\t\t\t\t<img decoding=\"async\" width=\"1200\" height=\"742\" data-src=\"https:\/\/intelsynet.com\/wp-content\/uploads\/2021\/09\/barco-electrico.jpg\" class=\"attachment-full size-full wp-post-image lazyload\" alt=\"barco el\u00e9ctrico aut\u00f3nomo\" data-srcset=\"https:\/\/intelsynet.com\/wp-content\/uploads\/2021\/09\/barco-electrico-200x124.jpg 200w, https:\/\/intelsynet.com\/wp-content\/uploads\/2021\/09\/barco-electrico-400x247.jpg 400w, https:\/\/intelsynet.com\/wp-content\/uploads\/2021\/09\/barco-electrico-600x371.jpg 600w, https:\/\/intelsynet.com\/wp-content\/uploads\/2021\/09\/barco-electrico-800x495.jpg 800w, https:\/\/intelsynet.com\/wp-content\/uploads\/2021\/09\/barco-electrico.jpg 1200w\" data-sizes=\"(min-width: 2200px) 100vw, (min-width: 784px) 363px, (min-width: 712px) 545px, (min-width: 640px) 712px,\" src=\"data:image\/svg+xml;base64,PHN2ZyB3aWR0aD0iMSIgaGVpZ2h0PSIxIiB4bWxucz0iaHR0cDovL3d3dy53My5vcmcvMjAwMC9zdmciPjwvc3ZnPg==\" style=\"--smush-placeholder-width: 1200px; --smush-placeholder-aspect-ratio: 1200\/742;\" \/><div class=\"fusion-rollover\">\n\t<div class=\"fusion-rollover-content\">\n\n\t\t\t\t\n\t\t\n\t\t\t\t\t\t\t\t\t\t\t\t<h4 class=\"fusion-rollover-title\">\n\t\t\t\t\t<a class=\"fusion-rollover-title-link\" href=\"https:\/\/intelsynet.com\/es\/barco-electrico-autonomo\/\">\n\t\t\t\t\t\tEl primer barco el\u00e9ctrico aut\u00f3nomo del mundo\t\t\t\t\t<\/a>\n\t\t\t\t<\/h4>\n\t\t\t\n\t\t\t\t\t\t\t\t\n\t\t\n\t\t\t\t\t\t<a class=\"fusion-link-wrapper\" href=\"https:\/\/intelsynet.com\/es\/barco-electrico-autonomo\/\" aria-label=\"El primer barco el\u00e9ctrico aut\u00f3nomo del mundo\"><\/a>\n\t<\/div>\n<\/div>\n<\/div>\n<\/li>\n\t\t\t\n\t\t\t\n\t\t\t\t\t\t\t\t<\/ul>\n\t<\/div>\n\t<div class=\"fusion-post-content-wrapper\" style=\"padding:30px 25px 20px 25px;\"><div class=\"fusion-post-content post-content\"><h2 class=\"blog-shortcode-post-title entry-title\"><a href=\"https:\/\/intelsynet.com\/es\/barco-electrico-autonomo\/\">El primer barco el\u00e9ctrico aut\u00f3nomo del mundo<\/a><\/h2><\/div><\/div><div class=\"fusion-clearfix\"><\/div><\/div>\n<\/article>\n<article id=\"blog-1-post-2408\" class=\"fusion-post-grid post-2408 post type-post status-publish format-standard has-post-thumbnail hentry category-nuestros-articulos\">\n<div class=\"fusion-post-wrapper\" style=\"background-color:rgba(255,255,255,0);border:1px solid #e8e8e8;border-bottom-width:3px;\">\n\n\t\t\t<div class=\"fusion-flexslider flexslider fusion-flexslider-loading fusion-post-slideshow\" style=\"border-color:#e8e8e8;\">\n\t\t<ul class=\"slides\">\n\t\t\t\n\t\t\t\t\t\t\t\t\t\t\t\t\t\t<li><div  class=\"fusion-image-wrapper\" aria-haspopup=\"true\">\n\t\t\t\t<img decoding=\"async\" width=\"1200\" height=\"742\" data-src=\"https:\/\/intelsynet.com\/wp-content\/uploads\/2021\/09\/big-data-del-automovil.jpg\" class=\"attachment-full size-full wp-post-image lazyload\" alt=\"Big Data del autom\u00f3vil\" data-srcset=\"https:\/\/intelsynet.com\/wp-content\/uploads\/2021\/09\/big-data-del-automovil-200x124.jpg 200w, https:\/\/intelsynet.com\/wp-content\/uploads\/2021\/09\/big-data-del-automovil-400x247.jpg 400w, https:\/\/intelsynet.com\/wp-content\/uploads\/2021\/09\/big-data-del-automovil-600x371.jpg 600w, https:\/\/intelsynet.com\/wp-content\/uploads\/2021\/09\/big-data-del-automovil-800x495.jpg 800w, https:\/\/intelsynet.com\/wp-content\/uploads\/2021\/09\/big-data-del-automovil.jpg 1200w\" data-sizes=\"(min-width: 2200px) 100vw, (min-width: 784px) 363px, (min-width: 712px) 545px, (min-width: 640px) 712px,\" src=\"data:image\/svg+xml;base64,PHN2ZyB3aWR0aD0iMSIgaGVpZ2h0PSIxIiB4bWxucz0iaHR0cDovL3d3dy53My5vcmcvMjAwMC9zdmciPjwvc3ZnPg==\" style=\"--smush-placeholder-width: 1200px; --smush-placeholder-aspect-ratio: 1200\/742;\" \/><div class=\"fusion-rollover\">\n\t<div class=\"fusion-rollover-content\">\n\n\t\t\t\t\n\t\t\n\t\t\t\t\t\t\t\t\t\t\t\t<h4 class=\"fusion-rollover-title\">\n\t\t\t\t\t<a class=\"fusion-rollover-title-link\" href=\"https:\/\/intelsynet.com\/es\/big-data-del-automovil\/\">\n\t\t\t\t\t\tChina ve en el Big Data del autom\u00f3vil una amenaza para su seguridad\t\t\t\t\t<\/a>\n\t\t\t\t<\/h4>\n\t\t\t\n\t\t\t\t\t\t\t\t\n\t\t\n\t\t\t\t\t\t<a class=\"fusion-link-wrapper\" href=\"https:\/\/intelsynet.com\/es\/big-data-del-automovil\/\" aria-label=\"China ve en el Big Data del autom\u00f3vil una amenaza para su seguridad\"><\/a>\n\t<\/div>\n<\/div>\n<\/div>\n<\/li>\n\t\t\t\n\t\t\t\n\t\t\t\t\t\t\t\t<\/ul>\n\t<\/div>\n\t<div class=\"fusion-post-content-wrapper\" style=\"padding:30px 25px 20px 25px;\"><div class=\"fusion-post-content post-content\"><h2 class=\"blog-shortcode-post-title entry-title\"><a href=\"https:\/\/intelsynet.com\/es\/big-data-del-automovil\/\">China ve en el Big Data del autom\u00f3vil una amenaza para su seguridad<\/a><\/h2><\/div><\/div><div class=\"fusion-clearfix\"><\/div><\/div>\n<\/article>\n<article id=\"blog-1-post-2409\" class=\"fusion-post-grid post-2409 post type-post status-publish format-standard has-post-thumbnail hentry category-nuestros-articulos\">\n<div class=\"fusion-post-wrapper\" style=\"background-color:rgba(255,255,255,0);border:1px solid #e8e8e8;border-bottom-width:3px;\">\n\n\t\t\t<div class=\"fusion-flexslider flexslider fusion-flexslider-loading fusion-post-slideshow\" style=\"border-color:#e8e8e8;\">\n\t\t<ul class=\"slides\">\n\t\t\t\n\t\t\t\t\t\t\t\t\t\t\t\t\t\t<li><div  class=\"fusion-image-wrapper\" aria-haspopup=\"true\">\n\t\t\t\t<img decoding=\"async\" width=\"1200\" height=\"742\" data-src=\"https:\/\/intelsynet.com\/wp-content\/uploads\/2021\/09\/fallas-seguridad-anti-drones.jpg\" class=\"attachment-full size-full wp-post-image lazyload\" alt=\"fallas valencia\" data-srcset=\"https:\/\/intelsynet.com\/wp-content\/uploads\/2021\/09\/fallas-seguridad-anti-drones-200x124.jpg 200w, https:\/\/intelsynet.com\/wp-content\/uploads\/2021\/09\/fallas-seguridad-anti-drones-400x247.jpg 400w, https:\/\/intelsynet.com\/wp-content\/uploads\/2021\/09\/fallas-seguridad-anti-drones-600x371.jpg 600w, https:\/\/intelsynet.com\/wp-content\/uploads\/2021\/09\/fallas-seguridad-anti-drones-800x495.jpg 800w, https:\/\/intelsynet.com\/wp-content\/uploads\/2021\/09\/fallas-seguridad-anti-drones.jpg 1200w\" data-sizes=\"(min-width: 2200px) 100vw, (min-width: 784px) 363px, (min-width: 712px) 545px, (min-width: 640px) 712px,\" src=\"data:image\/svg+xml;base64,PHN2ZyB3aWR0aD0iMSIgaGVpZ2h0PSIxIiB4bWxucz0iaHR0cDovL3d3dy53My5vcmcvMjAwMC9zdmciPjwvc3ZnPg==\" style=\"--smush-placeholder-width: 1200px; --smush-placeholder-aspect-ratio: 1200\/742;\" \/><div class=\"fusion-rollover\">\n\t<div class=\"fusion-rollover-content\">\n\n\t\t\t\t\n\t\t\n\t\t\t\t\t\t\t\t\t\t\t\t<h4 class=\"fusion-rollover-title\">\n\t\t\t\t\t<a class=\"fusion-rollover-title-link\" href=\"https:\/\/intelsynet.com\/es\/las-fallas-de-valencia-contaran-con-un-dispositivo-de-seguridad-anti-drones\/\">\n\t\t\t\t\t\tLas Fallas de Valencia contar\u00e1n con un dispositivo de seguridad anti-drones\t\t\t\t\t<\/a>\n\t\t\t\t<\/h4>\n\t\t\t\n\t\t\t\t\t\t\t\t\n\t\t\n\t\t\t\t\t\t<a class=\"fusion-link-wrapper\" href=\"https:\/\/intelsynet.com\/es\/las-fallas-de-valencia-contaran-con-un-dispositivo-de-seguridad-anti-drones\/\" aria-label=\"Las Fallas de Valencia contar\u00e1n con un dispositivo de seguridad anti-drones\"><\/a>\n\t<\/div>\n<\/div>\n<\/div>\n<\/li>\n\t\t\t\n\t\t\t\n\t\t\t\t\t\t\t\t<\/ul>\n\t<\/div>\n\t<div class=\"fusion-post-content-wrapper\" style=\"padding:30px 25px 20px 25px;\"><div class=\"fusion-post-content post-content\"><h2 class=\"blog-shortcode-post-title entry-title\"><a href=\"https:\/\/intelsynet.com\/es\/las-fallas-de-valencia-contaran-con-un-dispositivo-de-seguridad-anti-drones\/\">Las Fallas de Valencia contar\u00e1n con un dispositivo de seguridad anti-drones<\/a><\/h2><\/div><\/div><div class=\"fusion-clearfix\"><\/div><\/div>\n<\/article>\n<article id=\"blog-1-post-2391\" class=\"fusion-post-grid post-2391 post type-post status-publish format-standard has-post-thumbnail hentry category-nuestros-articulos\">\n<div class=\"fusion-post-wrapper\" style=\"background-color:rgba(255,255,255,0);border:1px solid #e8e8e8;border-bottom-width:3px;\">\n\n\t\t\t<div class=\"fusion-flexslider flexslider fusion-flexslider-loading fusion-post-slideshow\" style=\"border-color:#e8e8e8;\">\n\t\t<ul class=\"slides\">\n\t\t\t\n\t\t\t\t\t\t\t\t\t\t\t\t\t\t<li><div  class=\"fusion-image-wrapper\" aria-haspopup=\"true\">\n\t\t\t\t<img decoding=\"async\" width=\"1200\" height=\"743\" data-src=\"https:\/\/intelsynet.com\/wp-content\/uploads\/2021\/08\/certificado-covid.jpg\" class=\"attachment-full size-full wp-post-image lazyload\" alt=\"C\u00f3mo a\u00f1adir el Certificado COVID en Google Pay o Apple Wallet para tenerlo a mano en tu Android o iPhone\" data-srcset=\"https:\/\/intelsynet.com\/wp-content\/uploads\/2021\/08\/certificado-covid-200x124.jpg 200w, https:\/\/intelsynet.com\/wp-content\/uploads\/2021\/08\/certificado-covid-400x248.jpg 400w, https:\/\/intelsynet.com\/wp-content\/uploads\/2021\/08\/certificado-covid-600x372.jpg 600w, https:\/\/intelsynet.com\/wp-content\/uploads\/2021\/08\/certificado-covid-800x495.jpg 800w, https:\/\/intelsynet.com\/wp-content\/uploads\/2021\/08\/certificado-covid.jpg 1200w\" data-sizes=\"(min-width: 2200px) 100vw, (min-width: 784px) 363px, (min-width: 712px) 545px, (min-width: 640px) 712px,\" src=\"data:image\/svg+xml;base64,PHN2ZyB3aWR0aD0iMSIgaGVpZ2h0PSIxIiB4bWxucz0iaHR0cDovL3d3dy53My5vcmcvMjAwMC9zdmciPjwvc3ZnPg==\" style=\"--smush-placeholder-width: 1200px; --smush-placeholder-aspect-ratio: 1200\/743;\" \/><div class=\"fusion-rollover\">\n\t<div class=\"fusion-rollover-content\">\n\n\t\t\t\t\n\t\t\n\t\t\t\t\t\t\t\t\t\t\t\t<h4 class=\"fusion-rollover-title\">\n\t\t\t\t\t<a class=\"fusion-rollover-title-link\" href=\"https:\/\/intelsynet.com\/es\/certificado-covid\/\">\n\t\t\t\t\t\tC\u00f3mo a\u00f1adir el Certificado COVID en Google Pay o Apple Wallet para tenerlo a mano en tu Android o iPhone\t\t\t\t\t<\/a>\n\t\t\t\t<\/h4>\n\t\t\t\n\t\t\t\t\t\t\t\t\n\t\t\n\t\t\t\t\t\t<a class=\"fusion-link-wrapper\" href=\"https:\/\/intelsynet.com\/es\/certificado-covid\/\" aria-label=\"C\u00f3mo a\u00f1adir el Certificado COVID en Google Pay o Apple Wallet para tenerlo a mano en tu Android o iPhone\"><\/a>\n\t<\/div>\n<\/div>\n<\/div>\n<\/li>\n\t\t\t\n\t\t\t\n\t\t\t\t\t\t\t\t<\/ul>\n\t<\/div>\n\t<div class=\"fusion-post-content-wrapper\" style=\"padding:30px 25px 20px 25px;\"><div class=\"fusion-post-content post-content\"><h2 class=\"blog-shortcode-post-title entry-title\"><a href=\"https:\/\/intelsynet.com\/es\/certificado-covid\/\">C\u00f3mo a\u00f1adir el Certificado COVID en Google Pay o Apple Wallet para tenerlo a mano en tu Android o iPhone<\/a><\/h2><\/div><\/div><div class=\"fusion-clearfix\"><\/div><\/div>\n<\/article>\n<article id=\"blog-1-post-2393\" class=\"fusion-post-grid post-2393 post type-post status-publish format-standard has-post-thumbnail hentry category-nuestros-articulos\">\n<div class=\"fusion-post-wrapper\" style=\"background-color:rgba(255,255,255,0);border:1px solid #e8e8e8;border-bottom-width:3px;\">\n\n\t\t\t<div class=\"fusion-flexslider flexslider fusion-flexslider-loading fusion-post-slideshow\" style=\"border-color:#e8e8e8;\">\n\t\t<ul class=\"slides\">\n\t\t\t\n\t\t\t\t\t\t\t\t\t\t\t\t\t\t<li><div  class=\"fusion-image-wrapper\" aria-haspopup=\"true\">\n\t\t\t\t<img decoding=\"async\" width=\"1200\" height=\"742\" data-src=\"https:\/\/intelsynet.com\/wp-content\/uploads\/2021\/08\/criptografia.jpg\" class=\"attachment-full size-full wp-post-image lazyload\" alt=\"protocolo de conocimiento cero\" data-srcset=\"https:\/\/intelsynet.com\/wp-content\/uploads\/2021\/08\/criptografia-200x124.jpg 200w, https:\/\/intelsynet.com\/wp-content\/uploads\/2021\/08\/criptografia-400x247.jpg 400w, https:\/\/intelsynet.com\/wp-content\/uploads\/2021\/08\/criptografia-600x371.jpg 600w, https:\/\/intelsynet.com\/wp-content\/uploads\/2021\/08\/criptografia-800x495.jpg 800w, https:\/\/intelsynet.com\/wp-content\/uploads\/2021\/08\/criptografia.jpg 1200w\" data-sizes=\"(min-width: 2200px) 100vw, (min-width: 784px) 363px, (min-width: 712px) 545px, (min-width: 640px) 712px,\" src=\"data:image\/svg+xml;base64,PHN2ZyB3aWR0aD0iMSIgaGVpZ2h0PSIxIiB4bWxucz0iaHR0cDovL3d3dy53My5vcmcvMjAwMC9zdmciPjwvc3ZnPg==\" style=\"--smush-placeholder-width: 1200px; --smush-placeholder-aspect-ratio: 1200\/742;\" \/><div class=\"fusion-rollover\">\n\t<div class=\"fusion-rollover-content\">\n\n\t\t\t\t\n\t\t\n\t\t\t\t\t\t\t\t\t\t\t\t<h4 class=\"fusion-rollover-title\">\n\t\t\t\t\t<a class=\"fusion-rollover-title-link\" href=\"https:\/\/intelsynet.com\/es\/protocolo-de-conocimiento-cero\/\">\n\t\t\t\t\t\t\u00bfQu\u00e9 es el protocolo de conocimiento cero?\t\t\t\t\t<\/a>\n\t\t\t\t<\/h4>\n\t\t\t\n\t\t\t\t\t\t\t\t\n\t\t\n\t\t\t\t\t\t<a class=\"fusion-link-wrapper\" href=\"https:\/\/intelsynet.com\/es\/protocolo-de-conocimiento-cero\/\" aria-label=\"\u00bfQu\u00e9 es el protocolo de conocimiento cero?\"><\/a>\n\t<\/div>\n<\/div>\n<\/div>\n<\/li>\n\t\t\t\n\t\t\t\n\t\t\t\t\t\t\t\t<\/ul>\n\t<\/div>\n\t<div class=\"fusion-post-content-wrapper\" style=\"padding:30px 25px 20px 25px;\"><div class=\"fusion-post-content post-content\"><h2 class=\"blog-shortcode-post-title entry-title\"><a href=\"https:\/\/intelsynet.com\/es\/protocolo-de-conocimiento-cero\/\">\u00bfQu\u00e9 es el protocolo de conocimiento cero?<\/a><\/h2><\/div><\/div><div class=\"fusion-clearfix\"><\/div><\/div>\n<\/article>\n<article id=\"blog-1-post-2390\" class=\"fusion-post-grid post-2390 post type-post status-publish format-standard has-post-thumbnail hentry category-nuestros-articulos\">\n<div class=\"fusion-post-wrapper\" style=\"background-color:rgba(255,255,255,0);border:1px solid #e8e8e8;border-bottom-width:3px;\">\n\n\t\t\t<div class=\"fusion-flexslider flexslider fusion-flexslider-loading fusion-post-slideshow\" style=\"border-color:#e8e8e8;\">\n\t\t<ul class=\"slides\">\n\t\t\t\n\t\t\t\t\t\t\t\t\t\t\t\t\t\t<li><div  class=\"fusion-image-wrapper\" aria-haspopup=\"true\">\n\t\t\t\t<img decoding=\"async\" width=\"2560\" height=\"1583\" data-src=\"https:\/\/intelsynet.com\/wp-content\/uploads\/2021\/08\/euro-digital.jpeg\" class=\"attachment-full size-full wp-post-image lazyload\" alt=\"Arranca el desarrollo del euro digital\" data-srcset=\"https:\/\/intelsynet.com\/wp-content\/uploads\/2021\/08\/euro-digital-200x124.jpeg 200w, https:\/\/intelsynet.com\/wp-content\/uploads\/2021\/08\/euro-digital-400x247.jpeg 400w, https:\/\/intelsynet.com\/wp-content\/uploads\/2021\/08\/euro-digital-600x371.jpeg 600w, https:\/\/intelsynet.com\/wp-content\/uploads\/2021\/08\/euro-digital-800x495.jpeg 800w, https:\/\/intelsynet.com\/wp-content\/uploads\/2021\/08\/euro-digital-1200x742.jpeg 1200w, https:\/\/intelsynet.com\/wp-content\/uploads\/2021\/08\/euro-digital.jpeg 2560w\" data-sizes=\"(min-width: 2200px) 100vw, (min-width: 784px) 363px, (min-width: 712px) 545px, (min-width: 640px) 712px,\" src=\"data:image\/svg+xml;base64,PHN2ZyB3aWR0aD0iMSIgaGVpZ2h0PSIxIiB4bWxucz0iaHR0cDovL3d3dy53My5vcmcvMjAwMC9zdmciPjwvc3ZnPg==\" style=\"--smush-placeholder-width: 2560px; --smush-placeholder-aspect-ratio: 2560\/1583;\" \/><div class=\"fusion-rollover\">\n\t<div class=\"fusion-rollover-content\">\n\n\t\t\t\t\n\t\t\n\t\t\t\t\t\t\t\t\t\t\t\t<h4 class=\"fusion-rollover-title\">\n\t\t\t\t\t<a class=\"fusion-rollover-title-link\" href=\"https:\/\/intelsynet.com\/es\/euro-digital\/\">\n\t\t\t\t\t\tArranca el desarrollo del euro digital\t\t\t\t\t<\/a>\n\t\t\t\t<\/h4>\n\t\t\t\n\t\t\t\t\t\t\t\t\n\t\t\n\t\t\t\t\t\t<a class=\"fusion-link-wrapper\" href=\"https:\/\/intelsynet.com\/es\/euro-digital\/\" aria-label=\"Arranca el desarrollo del euro digital\"><\/a>\n\t<\/div>\n<\/div>\n<\/div>\n<\/li>\n\t\t\t\n\t\t\t\n\t\t\t\t\t\t\t\t<\/ul>\n\t<\/div>\n\t<div class=\"fusion-post-content-wrapper\" style=\"padding:30px 25px 20px 25px;\"><div class=\"fusion-post-content post-content\"><h2 class=\"blog-shortcode-post-title entry-title\"><a href=\"https:\/\/intelsynet.com\/es\/euro-digital\/\">Arranca el desarrollo del euro digital<\/a><\/h2><\/div><\/div><div class=\"fusion-clearfix\"><\/div><\/div>\n<\/article>\n<article id=\"blog-1-post-2389\" class=\"fusion-post-grid post-2389 post type-post status-publish format-standard has-post-thumbnail hentry category-nuestros-articulos\">\n<div class=\"fusion-post-wrapper\" style=\"background-color:rgba(255,255,255,0);border:1px solid #e8e8e8;border-bottom-width:3px;\">\n\n\t\t\t<div class=\"fusion-flexslider flexslider fusion-flexslider-loading fusion-post-slideshow\" style=\"border-color:#e8e8e8;\">\n\t\t<ul class=\"slides\">\n\t\t\t\n\t\t\t\t\t\t\t\t\t\t\t\t\t\t<li><div  class=\"fusion-image-wrapper\" aria-haspopup=\"true\">\n\t\t\t\t<img decoding=\"async\" width=\"1200\" height=\"742\" data-src=\"https:\/\/intelsynet.com\/wp-content\/uploads\/2021\/08\/coche-electrico.jpg\" class=\"attachment-full size-full wp-post-image lazyload\" alt=\"veh\u00edculos el\u00e9ctricos\" data-srcset=\"https:\/\/intelsynet.com\/wp-content\/uploads\/2021\/08\/coche-electrico-200x124.jpg 200w, https:\/\/intelsynet.com\/wp-content\/uploads\/2021\/08\/coche-electrico-400x247.jpg 400w, https:\/\/intelsynet.com\/wp-content\/uploads\/2021\/08\/coche-electrico-600x371.jpg 600w, https:\/\/intelsynet.com\/wp-content\/uploads\/2021\/08\/coche-electrico-800x495.jpg 800w, https:\/\/intelsynet.com\/wp-content\/uploads\/2021\/08\/coche-electrico.jpg 1200w\" data-sizes=\"(min-width: 2200px) 100vw, (min-width: 784px) 363px, (min-width: 712px) 545px, (min-width: 640px) 712px,\" src=\"data:image\/svg+xml;base64,PHN2ZyB3aWR0aD0iMSIgaGVpZ2h0PSIxIiB4bWxucz0iaHR0cDovL3d3dy53My5vcmcvMjAwMC9zdmciPjwvc3ZnPg==\" style=\"--smush-placeholder-width: 1200px; --smush-placeholder-aspect-ratio: 1200\/742;\" \/><div class=\"fusion-rollover\">\n\t<div class=\"fusion-rollover-content\">\n\n\t\t\t\t\n\t\t\n\t\t\t\t\t\t\t\t\t\t\t\t<h4 class=\"fusion-rollover-title\">\n\t\t\t\t\t<a class=\"fusion-rollover-title-link\" href=\"https:\/\/intelsynet.com\/es\/las-nuevas-empresas-de-vehiculos-electricos-de-china-desafian-a-los-gigantes-de-europa-y-japon\/\">\n\t\t\t\t\t\tLas nuevas empresas de veh\u00edculos el\u00e9ctricos de China desaf\u00edan a los gigantes de Europa y Jap\u00f3n\t\t\t\t\t<\/a>\n\t\t\t\t<\/h4>\n\t\t\t\n\t\t\t\t\t\t\t\t\n\t\t\n\t\t\t\t\t\t<a class=\"fusion-link-wrapper\" href=\"https:\/\/intelsynet.com\/es\/las-nuevas-empresas-de-vehiculos-electricos-de-china-desafian-a-los-gigantes-de-europa-y-japon\/\" aria-label=\"Las nuevas empresas de veh\u00edculos el\u00e9ctricos de China desaf\u00edan a los gigantes de Europa y Jap\u00f3n\"><\/a>\n\t<\/div>\n<\/div>\n<\/div>\n<\/li>\n\t\t\t\n\t\t\t\n\t\t\t\t\t\t\t\t<\/ul>\n\t<\/div>\n\t<div class=\"fusion-post-content-wrapper\" style=\"padding:30px 25px 20px 25px;\"><div class=\"fusion-post-content post-content\"><h2 class=\"blog-shortcode-post-title entry-title\"><a href=\"https:\/\/intelsynet.com\/es\/las-nuevas-empresas-de-vehiculos-electricos-de-china-desafian-a-los-gigantes-de-europa-y-japon\/\">Las nuevas empresas de veh\u00edculos el\u00e9ctricos de China desaf\u00edan a los gigantes de Europa y Jap\u00f3n<\/a><\/h2><\/div><\/div><div class=\"fusion-clearfix\"><\/div><\/div>\n<\/article>\n<article id=\"blog-1-post-2388\" class=\"fusion-post-grid post-2388 post type-post status-publish format-standard has-post-thumbnail hentry category-nuestros-articulos\">\n<div class=\"fusion-post-wrapper\" style=\"background-color:rgba(255,255,255,0);border:1px solid #e8e8e8;border-bottom-width:3px;\">\n\n\t\t\t<div class=\"fusion-flexslider flexslider fusion-flexslider-loading fusion-post-slideshow\" style=\"border-color:#e8e8e8;\">\n\t\t<ul class=\"slides\">\n\t\t\t\n\t\t\t\t\t\t\t\t\t\t\t\t\t\t<li><div  class=\"fusion-image-wrapper\" aria-haspopup=\"true\">\n\t\t\t\t<img decoding=\"async\" width=\"1200\" height=\"742\" data-src=\"https:\/\/intelsynet.com\/wp-content\/uploads\/2021\/08\/chips.jpg\" class=\"attachment-full size-full wp-post-image lazyload\" alt=\"escasez global de chips\" data-srcset=\"https:\/\/intelsynet.com\/wp-content\/uploads\/2021\/08\/chips-200x124.jpg 200w, https:\/\/intelsynet.com\/wp-content\/uploads\/2021\/08\/chips-400x247.jpg 400w, https:\/\/intelsynet.com\/wp-content\/uploads\/2021\/08\/chips-600x371.jpg 600w, https:\/\/intelsynet.com\/wp-content\/uploads\/2021\/08\/chips-800x495.jpg 800w, https:\/\/intelsynet.com\/wp-content\/uploads\/2021\/08\/chips.jpg 1200w\" data-sizes=\"(min-width: 2200px) 100vw, (min-width: 784px) 363px, (min-width: 712px) 545px, (min-width: 640px) 712px,\" src=\"data:image\/svg+xml;base64,PHN2ZyB3aWR0aD0iMSIgaGVpZ2h0PSIxIiB4bWxucz0iaHR0cDovL3d3dy53My5vcmcvMjAwMC9zdmciPjwvc3ZnPg==\" style=\"--smush-placeholder-width: 1200px; --smush-placeholder-aspect-ratio: 1200\/742;\" \/><div class=\"fusion-rollover\">\n\t<div class=\"fusion-rollover-content\">\n\n\t\t\t\t\n\t\t\n\t\t\t\t\t\t\t\t\t\t\t\t<h4 class=\"fusion-rollover-title\">\n\t\t\t\t\t<a class=\"fusion-rollover-title-link\" href=\"https:\/\/intelsynet.com\/es\/la-escasez-global-de-chips-amenaza-con-disparar-el-precio-de-los-coches-en-europa\/\">\n\t\t\t\t\t\tLa escasez global de chips amenaza con disparar el precio de los coches en Europa\t\t\t\t\t<\/a>\n\t\t\t\t<\/h4>\n\t\t\t\n\t\t\t\t\t\t\t\t\n\t\t\n\t\t\t\t\t\t<a class=\"fusion-link-wrapper\" href=\"https:\/\/intelsynet.com\/es\/la-escasez-global-de-chips-amenaza-con-disparar-el-precio-de-los-coches-en-europa\/\" aria-label=\"La escasez global de chips amenaza con disparar el precio de los coches en Europa\"><\/a>\n\t<\/div>\n<\/div>\n<\/div>\n<\/li>\n\t\t\t\n\t\t\t\n\t\t\t\t\t\t\t\t<\/ul>\n\t<\/div>\n\t<div class=\"fusion-post-content-wrapper\" style=\"padding:30px 25px 20px 25px;\"><div class=\"fusion-post-content post-content\"><h2 class=\"blog-shortcode-post-title entry-title\"><a href=\"https:\/\/intelsynet.com\/es\/la-escasez-global-de-chips-amenaza-con-disparar-el-precio-de-los-coches-en-europa\/\">La escasez global de chips amenaza con disparar el precio de los coches en Europa<\/a><\/h2><\/div><\/div><div class=\"fusion-clearfix\"><\/div><\/div>\n<\/article>\n<article id=\"blog-1-post-2392\" class=\"fusion-post-grid post-2392 post type-post status-publish format-standard has-post-thumbnail hentry category-nuestros-articulos\">\n<div class=\"fusion-post-wrapper\" style=\"background-color:rgba(255,255,255,0);border:1px solid #e8e8e8;border-bottom-width:3px;\">\n\n\t\t\t<div class=\"fusion-flexslider flexslider fusion-flexslider-loading fusion-post-slideshow\" style=\"border-color:#e8e8e8;\">\n\t\t<ul class=\"slides\">\n\t\t\t\n\t\t\t\t\t\t\t\t\t\t\t\t\t\t<li><div  class=\"fusion-image-wrapper\" aria-haspopup=\"true\">\n\t\t\t\t<img decoding=\"async\" width=\"1200\" height=\"742\" data-src=\"https:\/\/intelsynet.com\/wp-content\/uploads\/2021\/08\/co2.jpg\" class=\"attachment-full size-full wp-post-image lazyload\" alt=\"l\u00edmites de CO2\" data-srcset=\"https:\/\/intelsynet.com\/wp-content\/uploads\/2021\/08\/co2-200x124.jpg 200w, https:\/\/intelsynet.com\/wp-content\/uploads\/2021\/08\/co2-400x247.jpg 400w, https:\/\/intelsynet.com\/wp-content\/uploads\/2021\/08\/co2-600x371.jpg 600w, https:\/\/intelsynet.com\/wp-content\/uploads\/2021\/08\/co2-800x495.jpg 800w, https:\/\/intelsynet.com\/wp-content\/uploads\/2021\/08\/co2.jpg 1200w\" data-sizes=\"(min-width: 2200px) 100vw, (min-width: 784px) 363px, (min-width: 712px) 545px, (min-width: 640px) 712px,\" src=\"data:image\/svg+xml;base64,PHN2ZyB3aWR0aD0iMSIgaGVpZ2h0PSIxIiB4bWxucz0iaHR0cDovL3d3dy53My5vcmcvMjAwMC9zdmciPjwvc3ZnPg==\" style=\"--smush-placeholder-width: 1200px; --smush-placeholder-aspect-ratio: 1200\/742;\" \/><div class=\"fusion-rollover\">\n\t<div class=\"fusion-rollover-content\">\n\n\t\t\t\t\n\t\t\n\t\t\t\t\t\t\t\t\t\t\t\t<h4 class=\"fusion-rollover-title\">\n\t\t\t\t\t<a class=\"fusion-rollover-title-link\" href=\"https:\/\/intelsynet.com\/es\/limites-de-co2\/\">\n\t\t\t\t\t\tLas marcas de coches no cumplen los l\u00edmites de emisiones de CO2\t\t\t\t\t<\/a>\n\t\t\t\t<\/h4>\n\t\t\t\n\t\t\t\t\t\t\t\t\n\t\t\n\t\t\t\t\t\t<a class=\"fusion-link-wrapper\" href=\"https:\/\/intelsynet.com\/es\/limites-de-co2\/\" aria-label=\"Las marcas de coches no cumplen los l\u00edmites de emisiones de CO2\"><\/a>\n\t<\/div>\n<\/div>\n<\/div>\n<\/li>\n\t\t\t\n\t\t\t\n\t\t\t\t\t\t\t\t<\/ul>\n\t<\/div>\n\t<div class=\"fusion-post-content-wrapper\" style=\"padding:30px 25px 20px 25px;\"><div class=\"fusion-post-content post-content\"><h2 class=\"blog-shortcode-post-title entry-title\"><a href=\"https:\/\/intelsynet.com\/es\/limites-de-co2\/\">Las marcas de coches no cumplen los l\u00edmites de emisiones de CO2<\/a><\/h2><\/div><\/div><div class=\"fusion-clearfix\"><\/div><\/div>\n<\/article>\n<article id=\"blog-1-post-2361\" class=\"fusion-post-grid post-2361 post type-post status-publish format-standard has-post-thumbnail hentry category-nuestros-articulos\">\n<div class=\"fusion-post-wrapper\" style=\"background-color:rgba(255,255,255,0);border:1px solid #e8e8e8;border-bottom-width:3px;\">\n\n\t\t\t<div class=\"fusion-flexslider flexslider fusion-flexslider-loading fusion-post-slideshow\" style=\"border-color:#e8e8e8;\">\n\t\t<ul class=\"slides\">\n\t\t\t\n\t\t\t\t\t\t\t\t\t\t\t\t\t\t<li><div  class=\"fusion-image-wrapper\" aria-haspopup=\"true\">\n\t\t\t\t<img decoding=\"async\" width=\"1200\" height=\"742\" data-src=\"https:\/\/intelsynet.com\/wp-content\/uploads\/2021\/08\/volta-trucks.jpg\" class=\"attachment-full size-full wp-post-image lazyload\" alt=\"Volta Trucks debuta en Espa\u00f1a\" data-srcset=\"https:\/\/intelsynet.com\/wp-content\/uploads\/2021\/08\/volta-trucks-200x124.jpg 200w, https:\/\/intelsynet.com\/wp-content\/uploads\/2021\/08\/volta-trucks-400x247.jpg 400w, https:\/\/intelsynet.com\/wp-content\/uploads\/2021\/08\/volta-trucks-600x371.jpg 600w, https:\/\/intelsynet.com\/wp-content\/uploads\/2021\/08\/volta-trucks-800x495.jpg 800w, https:\/\/intelsynet.com\/wp-content\/uploads\/2021\/08\/volta-trucks.jpg 1200w\" data-sizes=\"(min-width: 2200px) 100vw, (min-width: 784px) 363px, (min-width: 712px) 545px, (min-width: 640px) 712px,\" src=\"data:image\/svg+xml;base64,PHN2ZyB3aWR0aD0iMSIgaGVpZ2h0PSIxIiB4bWxucz0iaHR0cDovL3d3dy53My5vcmcvMjAwMC9zdmciPjwvc3ZnPg==\" style=\"--smush-placeholder-width: 1200px; --smush-placeholder-aspect-ratio: 1200\/742;\" \/><div class=\"fusion-rollover\">\n\t<div class=\"fusion-rollover-content\">\n\n\t\t\t\t\n\t\t\n\t\t\t\t\t\t\t\t\t\t\t\t<h4 class=\"fusion-rollover-title\">\n\t\t\t\t\t<a class=\"fusion-rollover-title-link\" href=\"https:\/\/intelsynet.com\/es\/volta-trucks\/\">\n\t\t\t\t\t\tVolta Trucks debuta en Espa\u00f1a\t\t\t\t\t<\/a>\n\t\t\t\t<\/h4>\n\t\t\t\n\t\t\t\t\t\t\t\t\n\t\t\n\t\t\t\t\t\t<a class=\"fusion-link-wrapper\" href=\"https:\/\/intelsynet.com\/es\/volta-trucks\/\" aria-label=\"Volta Trucks debuta en Espa\u00f1a\"><\/a>\n\t<\/div>\n<\/div>\n<\/div>\n<\/li>\n\t\t\t\n\t\t\t\n\t\t\t\t\t\t\t\t<\/ul>\n\t<\/div>\n\t<div class=\"fusion-post-content-wrapper\" style=\"padding:30px 25px 20px 25px;\"><div class=\"fusion-post-content post-content\"><h2 class=\"blog-shortcode-post-title entry-title\"><a href=\"https:\/\/intelsynet.com\/es\/volta-trucks\/\">Volta Trucks debuta en Espa\u00f1a<\/a><\/h2><\/div><\/div><div class=\"fusion-clearfix\"><\/div><\/div>\n<\/article>\n<article id=\"blog-1-post-2360\" class=\"fusion-post-grid post-2360 post type-post status-publish format-standard has-post-thumbnail hentry category-nuestros-articulos\">\n<div class=\"fusion-post-wrapper\" style=\"background-color:rgba(255,255,255,0);border:1px solid #e8e8e8;border-bottom-width:3px;\">\n\n\t\t\t<div class=\"fusion-flexslider flexslider fusion-flexslider-loading fusion-post-slideshow\" style=\"border-color:#e8e8e8;\">\n\t\t<ul class=\"slides\">\n\t\t\t\n\t\t\t\t\t\t\t\t\t\t\t\t\t\t<li><div  class=\"fusion-image-wrapper\" aria-haspopup=\"true\">\n\t\t\t\t<img decoding=\"async\" width=\"1200\" height=\"742\" data-src=\"https:\/\/intelsynet.com\/wp-content\/uploads\/2021\/08\/mercedes-eqs.jpg\" class=\"attachment-full size-full wp-post-image lazyload\" alt=\"Las ruedas traseras del Mercedes EQS s\u00f3lo girar\u00e1n al m\u00e1ximo si pagas suscripci\u00f3n\" data-srcset=\"https:\/\/intelsynet.com\/wp-content\/uploads\/2021\/08\/mercedes-eqs-200x124.jpg 200w, https:\/\/intelsynet.com\/wp-content\/uploads\/2021\/08\/mercedes-eqs-400x247.jpg 400w, https:\/\/intelsynet.com\/wp-content\/uploads\/2021\/08\/mercedes-eqs-600x371.jpg 600w, https:\/\/intelsynet.com\/wp-content\/uploads\/2021\/08\/mercedes-eqs-800x495.jpg 800w, https:\/\/intelsynet.com\/wp-content\/uploads\/2021\/08\/mercedes-eqs.jpg 1200w\" data-sizes=\"(min-width: 2200px) 100vw, (min-width: 784px) 363px, (min-width: 712px) 545px, (min-width: 640px) 712px,\" src=\"data:image\/svg+xml;base64,PHN2ZyB3aWR0aD0iMSIgaGVpZ2h0PSIxIiB4bWxucz0iaHR0cDovL3d3dy53My5vcmcvMjAwMC9zdmciPjwvc3ZnPg==\" style=\"--smush-placeholder-width: 1200px; --smush-placeholder-aspect-ratio: 1200\/742;\" \/><div class=\"fusion-rollover\">\n\t<div class=\"fusion-rollover-content\">\n\n\t\t\t\t\n\t\t\n\t\t\t\t\t\t\t\t\t\t\t\t<h4 class=\"fusion-rollover-title\">\n\t\t\t\t\t<a class=\"fusion-rollover-title-link\" href=\"https:\/\/intelsynet.com\/es\/las-ruedas-traseras-del-mercedes-eqs-solo-giraran-al-maximo-si-pagas-suscripcion\/\">\n\t\t\t\t\t\tLas ruedas traseras del Mercedes EQS s\u00f3lo girar\u00e1n al m\u00e1ximo si pagas suscripci\u00f3n\t\t\t\t\t<\/a>\n\t\t\t\t<\/h4>\n\t\t\t\n\t\t\t\t\t\t\t\t\n\t\t\n\t\t\t\t\t\t<a class=\"fusion-link-wrapper\" href=\"https:\/\/intelsynet.com\/es\/las-ruedas-traseras-del-mercedes-eqs-solo-giraran-al-maximo-si-pagas-suscripcion\/\" aria-label=\"Las ruedas traseras del Mercedes EQS s\u00f3lo girar\u00e1n al m\u00e1ximo si pagas suscripci\u00f3n\"><\/a>\n\t<\/div>\n<\/div>\n<\/div>\n<\/li>\n\t\t\t\n\t\t\t\n\t\t\t\t\t\t\t\t<\/ul>\n\t<\/div>\n\t<div class=\"fusion-post-content-wrapper\" style=\"padding:30px 25px 20px 25px;\"><div class=\"fusion-post-content post-content\"><h2 class=\"blog-shortcode-post-title entry-title\"><a href=\"https:\/\/intelsynet.com\/es\/las-ruedas-traseras-del-mercedes-eqs-solo-giraran-al-maximo-si-pagas-suscripcion\/\">Las ruedas traseras del Mercedes EQS s\u00f3lo girar\u00e1n al m\u00e1ximo si pagas suscripci\u00f3n<\/a><\/h2><\/div><\/div><div class=\"fusion-clearfix\"><\/div><\/div>\n<\/article>\n<article id=\"blog-1-post-2359\" class=\"fusion-post-grid post-2359 post type-post status-publish format-standard has-post-thumbnail hentry category-nuestros-articulos\">\n<div class=\"fusion-post-wrapper\" style=\"background-color:rgba(255,255,255,0);border:1px solid #e8e8e8;border-bottom-width:3px;\">\n\n\t\t\t<div class=\"fusion-flexslider flexslider fusion-flexslider-loading fusion-post-slideshow\" style=\"border-color:#e8e8e8;\">\n\t\t<ul class=\"slides\">\n\t\t\t\n\t\t\t\t\t\t\t\t\t\t\t\t\t\t<li><div  class=\"fusion-image-wrapper\" aria-haspopup=\"true\">\n\t\t\t\t<img decoding=\"async\" width=\"1200\" height=\"742\" data-src=\"https:\/\/intelsynet.com\/wp-content\/uploads\/2021\/08\/infraestructuras-clave.jpg\" class=\"attachment-full size-full wp-post-image lazyload\" alt=\"Biden aprueba un nuevo memor\u00e1ndum para fortalecer la ciberseguridad de las infraestructuras clave del Gobierno\" data-srcset=\"https:\/\/intelsynet.com\/wp-content\/uploads\/2021\/08\/infraestructuras-clave-200x124.jpg 200w, https:\/\/intelsynet.com\/wp-content\/uploads\/2021\/08\/infraestructuras-clave-400x247.jpg 400w, https:\/\/intelsynet.com\/wp-content\/uploads\/2021\/08\/infraestructuras-clave-600x371.jpg 600w, https:\/\/intelsynet.com\/wp-content\/uploads\/2021\/08\/infraestructuras-clave-800x495.jpg 800w, https:\/\/intelsynet.com\/wp-content\/uploads\/2021\/08\/infraestructuras-clave.jpg 1200w\" data-sizes=\"(min-width: 2200px) 100vw, (min-width: 784px) 363px, (min-width: 712px) 545px, (min-width: 640px) 712px,\" src=\"data:image\/svg+xml;base64,PHN2ZyB3aWR0aD0iMSIgaGVpZ2h0PSIxIiB4bWxucz0iaHR0cDovL3d3dy53My5vcmcvMjAwMC9zdmciPjwvc3ZnPg==\" style=\"--smush-placeholder-width: 1200px; --smush-placeholder-aspect-ratio: 1200\/742;\" \/><div class=\"fusion-rollover\">\n\t<div class=\"fusion-rollover-content\">\n\n\t\t\t\t\n\t\t\n\t\t\t\t\t\t\t\t\t\t\t\t<h4 class=\"fusion-rollover-title\">\n\t\t\t\t\t<a class=\"fusion-rollover-title-link\" href=\"https:\/\/intelsynet.com\/es\/ciberseguridad-en-infraestructuras-clave-del-gobierno-de-ee-uu\/\">\n\t\t\t\t\t\tBiden aprueba un nuevo memor\u00e1ndum para fortalecer la ciberseguridad de las infraestructuras clave del Gobierno\t\t\t\t\t<\/a>\n\t\t\t\t<\/h4>\n\t\t\t\n\t\t\t\t\t\t\t\t\n\t\t\n\t\t\t\t\t\t<a class=\"fusion-link-wrapper\" href=\"https:\/\/intelsynet.com\/es\/ciberseguridad-en-infraestructuras-clave-del-gobierno-de-ee-uu\/\" aria-label=\"Biden aprueba un nuevo memor\u00e1ndum para fortalecer la ciberseguridad de las infraestructuras clave del Gobierno\"><\/a>\n\t<\/div>\n<\/div>\n<\/div>\n<\/li>\n\t\t\t\n\t\t\t\n\t\t\t\t\t\t\t\t<\/ul>\n\t<\/div>\n\t<div class=\"fusion-post-content-wrapper\" style=\"padding:30px 25px 20px 25px;\"><div class=\"fusion-post-content post-content\"><h2 class=\"blog-shortcode-post-title entry-title\"><a href=\"https:\/\/intelsynet.com\/es\/ciberseguridad-en-infraestructuras-clave-del-gobierno-de-ee-uu\/\">Biden aprueba un nuevo memor\u00e1ndum para fortalecer la ciberseguridad de las infraestructuras clave del Gobierno<\/a><\/h2><\/div><\/div><div class=\"fusion-clearfix\"><\/div><\/div>\n<\/article>\n<article id=\"blog-1-post-2358\" class=\"fusion-post-grid post-2358 post type-post status-publish format-standard has-post-thumbnail hentry category-nuestros-articulos\">\n<div class=\"fusion-post-wrapper\" style=\"background-color:rgba(255,255,255,0);border:1px solid #e8e8e8;border-bottom-width:3px;\">\n\n\t\t\t<div class=\"fusion-flexslider flexslider fusion-flexslider-loading fusion-post-slideshow\" style=\"border-color:#e8e8e8;\">\n\t\t<ul class=\"slides\">\n\t\t\t\n\t\t\t\t\t\t\t\t\t\t\t\t\t\t<li><div  class=\"fusion-image-wrapper\" aria-haspopup=\"true\">\n\t\t\t\t<img decoding=\"async\" width=\"1200\" height=\"742\" data-src=\"https:\/\/intelsynet.com\/wp-content\/uploads\/2021\/08\/groomers.jpeg\" class=\"attachment-full size-full wp-post-image lazyload\" alt=\"Dos groomers detenidos en Cartagena y Marbella por acosar a decenas de menores en las redes sociales\" data-srcset=\"https:\/\/intelsynet.com\/wp-content\/uploads\/2021\/08\/groomers-200x124.jpeg 200w, https:\/\/intelsynet.com\/wp-content\/uploads\/2021\/08\/groomers-400x247.jpeg 400w, https:\/\/intelsynet.com\/wp-content\/uploads\/2021\/08\/groomers-600x371.jpeg 600w, https:\/\/intelsynet.com\/wp-content\/uploads\/2021\/08\/groomers-800x495.jpeg 800w, https:\/\/intelsynet.com\/wp-content\/uploads\/2021\/08\/groomers.jpeg 1200w\" data-sizes=\"(min-width: 2200px) 100vw, (min-width: 784px) 363px, (min-width: 712px) 545px, (min-width: 640px) 712px,\" src=\"data:image\/svg+xml;base64,PHN2ZyB3aWR0aD0iMSIgaGVpZ2h0PSIxIiB4bWxucz0iaHR0cDovL3d3dy53My5vcmcvMjAwMC9zdmciPjwvc3ZnPg==\" style=\"--smush-placeholder-width: 1200px; --smush-placeholder-aspect-ratio: 1200\/742;\" \/><div class=\"fusion-rollover\">\n\t<div class=\"fusion-rollover-content\">\n\n\t\t\t\t\n\t\t\n\t\t\t\t\t\t\t\t\t\t\t\t<h4 class=\"fusion-rollover-title\">\n\t\t\t\t\t<a class=\"fusion-rollover-title-link\" href=\"https:\/\/intelsynet.com\/es\/dos-groomers-detenidos-en-cartagena-y-marbella-por-acosar-a-decenas-de-menores-en-las-redes-sociales\/\">\n\t\t\t\t\t\tDos &#8216;groomers&#8217; detenidos en Cartagena y Marbella por acosar a decenas de menores en las redes sociales\t\t\t\t\t<\/a>\n\t\t\t\t<\/h4>\n\t\t\t\n\t\t\t\t\t\t\t\t\n\t\t\n\t\t\t\t\t\t<a class=\"fusion-link-wrapper\" href=\"https:\/\/intelsynet.com\/es\/dos-groomers-detenidos-en-cartagena-y-marbella-por-acosar-a-decenas-de-menores-en-las-redes-sociales\/\" aria-label=\"Dos &#8216;groomers&#8217; detenidos en Cartagena y Marbella por acosar a decenas de menores en las redes sociales\"><\/a>\n\t<\/div>\n<\/div>\n<\/div>\n<\/li>\n\t\t\t\n\t\t\t\n\t\t\t\t\t\t\t\t<\/ul>\n\t<\/div>\n\t<div class=\"fusion-post-content-wrapper\" style=\"padding:30px 25px 20px 25px;\"><div class=\"fusion-post-content post-content\"><h2 class=\"blog-shortcode-post-title entry-title\"><a href=\"https:\/\/intelsynet.com\/es\/dos-groomers-detenidos-en-cartagena-y-marbella-por-acosar-a-decenas-de-menores-en-las-redes-sociales\/\">Dos &#8216;groomers&#8217; detenidos en Cartagena y Marbella por acosar a decenas de menores en las redes sociales<\/a><\/h2><\/div><\/div><div class=\"fusion-clearfix\"><\/div><\/div>\n<\/article>\n<article id=\"blog-1-post-2357\" class=\"fusion-post-grid post-2357 post type-post status-publish format-standard has-post-thumbnail hentry category-nuestros-articulos\">\n<div class=\"fusion-post-wrapper\" style=\"background-color:rgba(255,255,255,0);border:1px solid #e8e8e8;border-bottom-width:3px;\">\n\n\t\t\t<div class=\"fusion-flexslider flexslider fusion-flexslider-loading fusion-post-slideshow\" style=\"border-color:#e8e8e8;\">\n\t\t<ul class=\"slides\">\n\t\t\t\n\t\t\t\t\t\t\t\t\t\t\t\t\t\t<li><div  class=\"fusion-image-wrapper\" aria-haspopup=\"true\">\n\t\t\t\t<img decoding=\"async\" width=\"1200\" height=\"742\" data-src=\"https:\/\/intelsynet.com\/wp-content\/uploads\/2021\/08\/identidad-digital.jpeg\" class=\"attachment-full size-full wp-post-image lazyload\" alt=\"Espa\u00f1a y Alemania probar\u00e1n un sistema de identidad digital com\u00fan para servicios online\" data-srcset=\"https:\/\/intelsynet.com\/wp-content\/uploads\/2021\/08\/identidad-digital-200x124.jpeg 200w, https:\/\/intelsynet.com\/wp-content\/uploads\/2021\/08\/identidad-digital-400x247.jpeg 400w, https:\/\/intelsynet.com\/wp-content\/uploads\/2021\/08\/identidad-digital-600x371.jpeg 600w, https:\/\/intelsynet.com\/wp-content\/uploads\/2021\/08\/identidad-digital-800x495.jpeg 800w, https:\/\/intelsynet.com\/wp-content\/uploads\/2021\/08\/identidad-digital.jpeg 1200w\" data-sizes=\"(min-width: 2200px) 100vw, (min-width: 784px) 363px, (min-width: 712px) 545px, (min-width: 640px) 712px,\" src=\"data:image\/svg+xml;base64,PHN2ZyB3aWR0aD0iMSIgaGVpZ2h0PSIxIiB4bWxucz0iaHR0cDovL3d3dy53My5vcmcvMjAwMC9zdmciPjwvc3ZnPg==\" style=\"--smush-placeholder-width: 1200px; --smush-placeholder-aspect-ratio: 1200\/742;\" \/><div class=\"fusion-rollover\">\n\t<div class=\"fusion-rollover-content\">\n\n\t\t\t\t\n\t\t\n\t\t\t\t\t\t\t\t\t\t\t\t<h4 class=\"fusion-rollover-title\">\n\t\t\t\t\t<a class=\"fusion-rollover-title-link\" href=\"https:\/\/intelsynet.com\/es\/espana-y-alemania-probaran-un-sistema-de-identidad-digital\/\">\n\t\t\t\t\t\tEspa\u00f1a y Alemania probar\u00e1n un sistema de identidad digital com\u00fan para servicios online\t\t\t\t\t<\/a>\n\t\t\t\t<\/h4>\n\t\t\t\n\t\t\t\t\t\t\t\t\n\t\t\n\t\t\t\t\t\t<a class=\"fusion-link-wrapper\" href=\"https:\/\/intelsynet.com\/es\/espana-y-alemania-probaran-un-sistema-de-identidad-digital\/\" aria-label=\"Espa\u00f1a y Alemania probar\u00e1n un sistema de identidad digital com\u00fan para servicios online\"><\/a>\n\t<\/div>\n<\/div>\n<\/div>\n<\/li>\n\t\t\t\n\t\t\t\n\t\t\t\t\t\t\t\t<\/ul>\n\t<\/div>\n\t<div class=\"fusion-post-content-wrapper\" style=\"padding:30px 25px 20px 25px;\"><div class=\"fusion-post-content post-content\"><h2 class=\"blog-shortcode-post-title entry-title\"><a href=\"https:\/\/intelsynet.com\/es\/espana-y-alemania-probaran-un-sistema-de-identidad-digital\/\">Espa\u00f1a y Alemania probar\u00e1n un sistema de identidad digital com\u00fan para servicios online<\/a><\/h2><\/div><\/div><div class=\"fusion-clearfix\"><\/div><\/div>\n<\/article>\n<article id=\"blog-1-post-2356\" class=\"fusion-post-grid post-2356 post type-post status-publish format-standard has-post-thumbnail hentry category-nuestros-articulos\">\n<div class=\"fusion-post-wrapper\" style=\"background-color:rgba(255,255,255,0);border:1px solid #e8e8e8;border-bottom-width:3px;\">\n\n\t\t\t<div class=\"fusion-flexslider flexslider fusion-flexslider-loading fusion-post-slideshow\" style=\"border-color:#e8e8e8;\">\n\t\t<ul class=\"slides\">\n\t\t\t\n\t\t\t\t\t\t\t\t\t\t\t\t\t\t<li><div  class=\"fusion-image-wrapper\" aria-haspopup=\"true\">\n\t\t\t\t<img decoding=\"async\" width=\"1200\" height=\"742\" data-src=\"https:\/\/intelsynet.com\/wp-content\/uploads\/2021\/08\/policia-britanica.jpg\" class=\"attachment-full size-full wp-post-image lazyload\" alt=\"La polic\u00eda brit\u00e1nica pide guardar las llaves en latas de metal por la ola de robos de coches\" data-srcset=\"https:\/\/intelsynet.com\/wp-content\/uploads\/2021\/08\/policia-britanica-200x124.jpg 200w, https:\/\/intelsynet.com\/wp-content\/uploads\/2021\/08\/policia-britanica-400x247.jpg 400w, https:\/\/intelsynet.com\/wp-content\/uploads\/2021\/08\/policia-britanica-600x371.jpg 600w, https:\/\/intelsynet.com\/wp-content\/uploads\/2021\/08\/policia-britanica-800x495.jpg 800w, https:\/\/intelsynet.com\/wp-content\/uploads\/2021\/08\/policia-britanica.jpg 1200w\" data-sizes=\"(min-width: 2200px) 100vw, (min-width: 784px) 363px, (min-width: 712px) 545px, (min-width: 640px) 712px,\" src=\"data:image\/svg+xml;base64,PHN2ZyB3aWR0aD0iMSIgaGVpZ2h0PSIxIiB4bWxucz0iaHR0cDovL3d3dy53My5vcmcvMjAwMC9zdmciPjwvc3ZnPg==\" style=\"--smush-placeholder-width: 1200px; --smush-placeholder-aspect-ratio: 1200\/742;\" \/><div class=\"fusion-rollover\">\n\t<div class=\"fusion-rollover-content\">\n\n\t\t\t\t\n\t\t\n\t\t\t\t\t\t\t\t\t\t\t\t<h4 class=\"fusion-rollover-title\">\n\t\t\t\t\t<a class=\"fusion-rollover-title-link\" href=\"https:\/\/intelsynet.com\/es\/la-policia-britanica-pide-guardar-las-llaves-en-latas-de-metal\/\">\n\t\t\t\t\t\tLa polic\u00eda brit\u00e1nica pide guardar las llaves en latas de metal por la ola de robos de coches\t\t\t\t\t<\/a>\n\t\t\t\t<\/h4>\n\t\t\t\n\t\t\t\t\t\t\t\t\n\t\t\n\t\t\t\t\t\t<a class=\"fusion-link-wrapper\" href=\"https:\/\/intelsynet.com\/es\/la-policia-britanica-pide-guardar-las-llaves-en-latas-de-metal\/\" aria-label=\"La polic\u00eda brit\u00e1nica pide guardar las llaves en latas de metal por la ola de robos de coches\"><\/a>\n\t<\/div>\n<\/div>\n<\/div>\n<\/li>\n\t\t\t\n\t\t\t\n\t\t\t\t\t\t\t\t<\/ul>\n\t<\/div>\n\t<div class=\"fusion-post-content-wrapper\" style=\"padding:30px 25px 20px 25px;\"><div class=\"fusion-post-content post-content\"><h2 class=\"blog-shortcode-post-title entry-title\"><a href=\"https:\/\/intelsynet.com\/es\/la-policia-britanica-pide-guardar-las-llaves-en-latas-de-metal\/\">La polic\u00eda brit\u00e1nica pide guardar las llaves en latas de metal por la ola de robos de coches<\/a><\/h2><\/div><\/div><div class=\"fusion-clearfix\"><\/div><\/div>\n<\/article>\n<article id=\"blog-1-post-2355\" class=\"fusion-post-grid post-2355 post type-post status-publish format-standard has-post-thumbnail hentry category-nuestros-articulos\">\n<div class=\"fusion-post-wrapper\" style=\"background-color:rgba(255,255,255,0);border:1px solid #e8e8e8;border-bottom-width:3px;\">\n\n\t\t\t<div class=\"fusion-flexslider flexslider fusion-flexslider-loading fusion-post-slideshow\" style=\"border-color:#e8e8e8;\">\n\t\t<ul class=\"slides\">\n\t\t\t\n\t\t\t\t\t\t\t\t\t\t\t\t\t\t<li><div  class=\"fusion-image-wrapper\" aria-haspopup=\"true\">\n\t\t\t\t<img decoding=\"async\" width=\"1200\" height=\"742\" data-src=\"https:\/\/intelsynet.com\/wp-content\/uploads\/2021\/08\/malware.jpeg\" class=\"attachment-full size-full wp-post-image lazyload\" alt=\"Investigadores logran ocultar malware en una red neuronal\" data-srcset=\"https:\/\/intelsynet.com\/wp-content\/uploads\/2021\/08\/malware-200x124.jpeg 200w, https:\/\/intelsynet.com\/wp-content\/uploads\/2021\/08\/malware-400x247.jpeg 400w, https:\/\/intelsynet.com\/wp-content\/uploads\/2021\/08\/malware-600x371.jpeg 600w, https:\/\/intelsynet.com\/wp-content\/uploads\/2021\/08\/malware-800x495.jpeg 800w, https:\/\/intelsynet.com\/wp-content\/uploads\/2021\/08\/malware.jpeg 1200w\" data-sizes=\"(min-width: 2200px) 100vw, (min-width: 784px) 363px, (min-width: 712px) 545px, (min-width: 640px) 712px,\" src=\"data:image\/svg+xml;base64,PHN2ZyB3aWR0aD0iMSIgaGVpZ2h0PSIxIiB4bWxucz0iaHR0cDovL3d3dy53My5vcmcvMjAwMC9zdmciPjwvc3ZnPg==\" style=\"--smush-placeholder-width: 1200px; --smush-placeholder-aspect-ratio: 1200\/742;\" \/><div class=\"fusion-rollover\">\n\t<div class=\"fusion-rollover-content\">\n\n\t\t\t\t\n\t\t\n\t\t\t\t\t\t\t\t\t\t\t\t<h4 class=\"fusion-rollover-title\">\n\t\t\t\t\t<a class=\"fusion-rollover-title-link\" href=\"https:\/\/intelsynet.com\/es\/investigadores-logran-ocultar-malware-en-una-red-neuronal\/\">\n\t\t\t\t\t\tInvestigadores logran ocultar malware en una red neuronal\t\t\t\t\t<\/a>\n\t\t\t\t<\/h4>\n\t\t\t\n\t\t\t\t\t\t\t\t\n\t\t\n\t\t\t\t\t\t<a class=\"fusion-link-wrapper\" href=\"https:\/\/intelsynet.com\/es\/investigadores-logran-ocultar-malware-en-una-red-neuronal\/\" aria-label=\"Investigadores logran ocultar malware en una red neuronal\"><\/a>\n\t<\/div>\n<\/div>\n<\/div>\n<\/li>\n\t\t\t\n\t\t\t\n\t\t\t\t\t\t\t\t<\/ul>\n\t<\/div>\n\t<div class=\"fusion-post-content-wrapper\" style=\"padding:30px 25px 20px 25px;\"><div class=\"fusion-post-content post-content\"><h2 class=\"blog-shortcode-post-title entry-title\"><a href=\"https:\/\/intelsynet.com\/es\/investigadores-logran-ocultar-malware-en-una-red-neuronal\/\">Investigadores logran ocultar malware en una red neuronal<\/a><\/h2><\/div><\/div><div class=\"fusion-clearfix\"><\/div><\/div>\n<\/article>\n<article id=\"blog-1-post-2354\" class=\"fusion-post-grid post-2354 post type-post status-publish format-standard has-post-thumbnail hentry category-nuestros-articulos\">\n<div class=\"fusion-post-wrapper\" style=\"background-color:rgba(255,255,255,0);border:1px solid #e8e8e8;border-bottom-width:3px;\">\n\n\t\t\t<div class=\"fusion-flexslider flexslider fusion-flexslider-loading fusion-post-slideshow\" style=\"border-color:#e8e8e8;\">\n\t\t<ul class=\"slides\">\n\t\t\t\n\t\t\t\t\t\t\t\t\t\t\t\t\t\t<li><div  class=\"fusion-image-wrapper\" aria-haspopup=\"true\">\n\t\t\t\t<img decoding=\"async\" width=\"1200\" height=\"742\" data-src=\"https:\/\/intelsynet.com\/wp-content\/uploads\/2021\/08\/super-ordenador.jpeg\" class=\"attachment-full size-full wp-post-image lazyload\" alt=\"El s\u00faper ordenador de Barcelona crea 100 empleos y seis empresas en plena pandemia\" data-srcset=\"https:\/\/intelsynet.com\/wp-content\/uploads\/2021\/08\/super-ordenador-200x124.jpeg 200w, https:\/\/intelsynet.com\/wp-content\/uploads\/2021\/08\/super-ordenador-400x247.jpeg 400w, https:\/\/intelsynet.com\/wp-content\/uploads\/2021\/08\/super-ordenador-600x371.jpeg 600w, https:\/\/intelsynet.com\/wp-content\/uploads\/2021\/08\/super-ordenador-800x495.jpeg 800w, https:\/\/intelsynet.com\/wp-content\/uploads\/2021\/08\/super-ordenador.jpeg 1200w\" data-sizes=\"(min-width: 2200px) 100vw, (min-width: 784px) 363px, (min-width: 712px) 545px, (min-width: 640px) 712px,\" src=\"data:image\/svg+xml;base64,PHN2ZyB3aWR0aD0iMSIgaGVpZ2h0PSIxIiB4bWxucz0iaHR0cDovL3d3dy53My5vcmcvMjAwMC9zdmciPjwvc3ZnPg==\" style=\"--smush-placeholder-width: 1200px; --smush-placeholder-aspect-ratio: 1200\/742;\" \/><div class=\"fusion-rollover\">\n\t<div class=\"fusion-rollover-content\">\n\n\t\t\t\t\n\t\t\n\t\t\t\t\t\t\t\t\t\t\t\t<h4 class=\"fusion-rollover-title\">\n\t\t\t\t\t<a class=\"fusion-rollover-title-link\" href=\"https:\/\/intelsynet.com\/es\/super-ordenador-barcelona\/\">\n\t\t\t\t\t\tEl superordenador de Barcelona crea 100 empleos y seis empresas en plena pandemia\t\t\t\t\t<\/a>\n\t\t\t\t<\/h4>\n\t\t\t\n\t\t\t\t\t\t\t\t\n\t\t\n\t\t\t\t\t\t<a class=\"fusion-link-wrapper\" href=\"https:\/\/intelsynet.com\/es\/super-ordenador-barcelona\/\" aria-label=\"El superordenador de Barcelona crea 100 empleos y seis empresas en plena pandemia\"><\/a>\n\t<\/div>\n<\/div>\n<\/div>\n<\/li>\n\t\t\t\n\t\t\t\n\t\t\t\t\t\t\t\t<\/ul>\n\t<\/div>\n\t<div class=\"fusion-post-content-wrapper\" style=\"padding:30px 25px 20px 25px;\"><div class=\"fusion-post-content post-content\"><h2 class=\"blog-shortcode-post-title entry-title\"><a href=\"https:\/\/intelsynet.com\/es\/super-ordenador-barcelona\/\">El superordenador de Barcelona crea 100 empleos y seis empresas en plena pandemia<\/a><\/h2><\/div><\/div><div class=\"fusion-clearfix\"><\/div><\/div>\n<\/article>\n<article id=\"blog-1-post-2362\" class=\"fusion-post-grid post-2362 post type-post status-publish format-standard has-post-thumbnail hentry category-nuestros-articulos\">\n<div class=\"fusion-post-wrapper\" style=\"background-color:rgba(255,255,255,0);border:1px solid #e8e8e8;border-bottom-width:3px;\">\n\n\t\t\t<div class=\"fusion-flexslider flexslider fusion-flexslider-loading fusion-post-slideshow\" style=\"border-color:#e8e8e8;\">\n\t\t<ul class=\"slides\">\n\t\t\t\n\t\t\t\t\t\t\t\t\t\t\t\t\t\t<li><div  class=\"fusion-image-wrapper\" aria-haspopup=\"true\">\n\t\t\t\t<img decoding=\"async\" width=\"1200\" height=\"742\" data-src=\"https:\/\/intelsynet.com\/wp-content\/uploads\/2021\/08\/vulnerabilidades.jpg\" class=\"attachment-full size-full wp-post-image lazyload\" alt=\"Las 30 vulnerabilidades m\u00e1s explotadas en 2020 y (lo que llevamos de) 2021\" data-srcset=\"https:\/\/intelsynet.com\/wp-content\/uploads\/2021\/08\/vulnerabilidades-200x124.jpg 200w, https:\/\/intelsynet.com\/wp-content\/uploads\/2021\/08\/vulnerabilidades-400x247.jpg 400w, https:\/\/intelsynet.com\/wp-content\/uploads\/2021\/08\/vulnerabilidades-600x371.jpg 600w, https:\/\/intelsynet.com\/wp-content\/uploads\/2021\/08\/vulnerabilidades-800x495.jpg 800w, https:\/\/intelsynet.com\/wp-content\/uploads\/2021\/08\/vulnerabilidades.jpg 1200w\" data-sizes=\"(min-width: 2200px) 100vw, (min-width: 784px) 363px, (min-width: 712px) 545px, (min-width: 640px) 712px,\" src=\"data:image\/svg+xml;base64,PHN2ZyB3aWR0aD0iMSIgaGVpZ2h0PSIxIiB4bWxucz0iaHR0cDovL3d3dy53My5vcmcvMjAwMC9zdmciPjwvc3ZnPg==\" style=\"--smush-placeholder-width: 1200px; --smush-placeholder-aspect-ratio: 1200\/742;\" \/><div class=\"fusion-rollover\">\n\t<div class=\"fusion-rollover-content\">\n\n\t\t\t\t\n\t\t\n\t\t\t\t\t\t\t\t\t\t\t\t<h4 class=\"fusion-rollover-title\">\n\t\t\t\t\t<a class=\"fusion-rollover-title-link\" href=\"https:\/\/intelsynet.com\/es\/vulnerabilidades-mas-explotadas-en-2020\/\">\n\t\t\t\t\t\tLas 30 vulnerabilidades m\u00e1s explotadas en 2020 y (lo que llevamos de) 2021\t\t\t\t\t<\/a>\n\t\t\t\t<\/h4>\n\t\t\t\n\t\t\t\t\t\t\t\t\n\t\t\n\t\t\t\t\t\t<a class=\"fusion-link-wrapper\" href=\"https:\/\/intelsynet.com\/es\/vulnerabilidades-mas-explotadas-en-2020\/\" aria-label=\"Las 30 vulnerabilidades m\u00e1s explotadas en 2020 y (lo que llevamos de) 2021\"><\/a>\n\t<\/div>\n<\/div>\n<\/div>\n<\/li>\n\t\t\t\n\t\t\t\n\t\t\t\t\t\t\t\t<\/ul>\n\t<\/div>\n\t<div class=\"fusion-post-content-wrapper\" style=\"padding:30px 25px 20px 25px;\"><div class=\"fusion-post-content post-content\"><h2 class=\"blog-shortcode-post-title entry-title\"><a href=\"https:\/\/intelsynet.com\/es\/vulnerabilidades-mas-explotadas-en-2020\/\">Las 30 vulnerabilidades m\u00e1s explotadas en 2020 y (lo que llevamos de) 2021<\/a><\/h2><\/div><\/div><div class=\"fusion-clearfix\"><\/div><\/div>\n<\/article>\n<article id=\"blog-1-post-2327\" class=\"fusion-post-grid post-2327 post type-post status-publish format-standard has-post-thumbnail hentry category-nuestros-articulos\">\n<div class=\"fusion-post-wrapper\" style=\"background-color:rgba(255,255,255,0);border:1px solid #e8e8e8;border-bottom-width:3px;\">\n\n\t\t\t<div class=\"fusion-flexslider flexslider fusion-flexslider-loading fusion-post-slideshow\" style=\"border-color:#e8e8e8;\">\n\t\t<ul class=\"slides\">\n\t\t\t\n\t\t\t\t\t\t\t\t\t\t\t\t\t\t<li><div  class=\"fusion-image-wrapper\" aria-haspopup=\"true\">\n\t\t\t\t<img decoding=\"async\" width=\"2444\" height=\"1511\" data-src=\"https:\/\/intelsynet.com\/wp-content\/uploads\/2021\/07\/teletrabajo.jpg\" class=\"attachment-full size-full wp-post-image lazyload\" alt=\"ciberseguridad en verano\" data-srcset=\"https:\/\/intelsynet.com\/wp-content\/uploads\/2021\/07\/teletrabajo-200x124.jpg 200w, https:\/\/intelsynet.com\/wp-content\/uploads\/2021\/07\/teletrabajo-400x247.jpg 400w, https:\/\/intelsynet.com\/wp-content\/uploads\/2021\/07\/teletrabajo-600x371.jpg 600w, https:\/\/intelsynet.com\/wp-content\/uploads\/2021\/07\/teletrabajo-800x495.jpg 800w, https:\/\/intelsynet.com\/wp-content\/uploads\/2021\/07\/teletrabajo-1200x742.jpg 1200w, https:\/\/intelsynet.com\/wp-content\/uploads\/2021\/07\/teletrabajo.jpg 2444w\" data-sizes=\"(min-width: 2200px) 100vw, (min-width: 784px) 363px, (min-width: 712px) 545px, (min-width: 640px) 712px,\" src=\"data:image\/svg+xml;base64,PHN2ZyB3aWR0aD0iMSIgaGVpZ2h0PSIxIiB4bWxucz0iaHR0cDovL3d3dy53My5vcmcvMjAwMC9zdmciPjwvc3ZnPg==\" style=\"--smush-placeholder-width: 2444px; --smush-placeholder-aspect-ratio: 2444\/1511;\" \/><div class=\"fusion-rollover\">\n\t<div class=\"fusion-rollover-content\">\n\n\t\t\t\t\n\t\t\n\t\t\t\t\t\t\t\t\t\t\t\t<h4 class=\"fusion-rollover-title\">\n\t\t\t\t\t<a class=\"fusion-rollover-title-link\" href=\"https:\/\/intelsynet.com\/es\/ciberseguridad-en-verano\/\">\n\t\t\t\t\t\tTeletrabajo, movilidad y dispositivos BYOD: las principales amenazas en ciberseguridad en verano\t\t\t\t\t<\/a>\n\t\t\t\t<\/h4>\n\t\t\t\n\t\t\t\t\t\t\t\t\n\t\t\n\t\t\t\t\t\t<a class=\"fusion-link-wrapper\" href=\"https:\/\/intelsynet.com\/es\/ciberseguridad-en-verano\/\" aria-label=\"Teletrabajo, movilidad y dispositivos BYOD: las principales amenazas en ciberseguridad en verano\"><\/a>\n\t<\/div>\n<\/div>\n<\/div>\n<\/li>\n\t\t\t\n\t\t\t\n\t\t\t\t\t\t\t\t<\/ul>\n\t<\/div>\n\t<div class=\"fusion-post-content-wrapper\" style=\"padding:30px 25px 20px 25px;\"><div class=\"fusion-post-content post-content\"><h2 class=\"blog-shortcode-post-title entry-title\"><a href=\"https:\/\/intelsynet.com\/es\/ciberseguridad-en-verano\/\">Teletrabajo, movilidad y dispositivos BYOD: las principales amenazas en ciberseguridad en verano<\/a><\/h2><\/div><\/div><div class=\"fusion-clearfix\"><\/div><\/div>\n<\/article>\n<article id=\"blog-1-post-2326\" class=\"fusion-post-grid post-2326 post type-post status-publish format-standard has-post-thumbnail hentry category-nuestros-articulos\">\n<div class=\"fusion-post-wrapper\" style=\"background-color:rgba(255,255,255,0);border:1px solid #e8e8e8;border-bottom-width:3px;\">\n\n\t\t\t<div class=\"fusion-flexslider flexslider fusion-flexslider-loading fusion-post-slideshow\" style=\"border-color:#e8e8e8;\">\n\t\t<ul class=\"slides\">\n\t\t\t\n\t\t\t\t\t\t\t\t\t\t\t\t\t\t<li><div  class=\"fusion-image-wrapper\" aria-haspopup=\"true\">\n\t\t\t\t<img decoding=\"async\" width=\"1200\" height=\"742\" data-src=\"https:\/\/intelsynet.com\/wp-content\/uploads\/2021\/07\/policia-nacional.jpg\" class=\"attachment-full size-full wp-post-image lazyload\" alt=\"cuentas de twitter\" data-srcset=\"https:\/\/intelsynet.com\/wp-content\/uploads\/2021\/07\/policia-nacional-200x124.jpg 200w, https:\/\/intelsynet.com\/wp-content\/uploads\/2021\/07\/policia-nacional-400x247.jpg 400w, https:\/\/intelsynet.com\/wp-content\/uploads\/2021\/07\/policia-nacional-600x371.jpg 600w, https:\/\/intelsynet.com\/wp-content\/uploads\/2021\/07\/policia-nacional-800x495.jpg 800w, https:\/\/intelsynet.com\/wp-content\/uploads\/2021\/07\/policia-nacional.jpg 1200w\" data-sizes=\"(min-width: 2200px) 100vw, (min-width: 784px) 363px, (min-width: 712px) 545px, (min-width: 640px) 712px,\" src=\"data:image\/svg+xml;base64,PHN2ZyB3aWR0aD0iMSIgaGVpZ2h0PSIxIiB4bWxucz0iaHR0cDovL3d3dy53My5vcmcvMjAwMC9zdmciPjwvc3ZnPg==\" style=\"--smush-placeholder-width: 1200px; --smush-placeholder-aspect-ratio: 1200\/742;\" \/><div class=\"fusion-rollover\">\n\t<div class=\"fusion-rollover-content\">\n\n\t\t\t\t\n\t\t\n\t\t\t\t\t\t\t\t\t\t\t\t<h4 class=\"fusion-rollover-title\">\n\t\t\t\t\t<a class=\"fusion-rollover-title-link\" href=\"https:\/\/intelsynet.com\/es\/la-policia-nacional-detiene-en-estepona-a-un-ciudadano-britanico-por-hackear-130-cuentas-de-twitter\/\">\n\t\t\t\t\t\tLa Polic\u00eda Nacional detiene en Estepona a un ciudadano brit\u00e1nico por hackear 130 cuentas de Twitter\t\t\t\t\t<\/a>\n\t\t\t\t<\/h4>\n\t\t\t\n\t\t\t\t\t\t\t\t\n\t\t\n\t\t\t\t\t\t<a class=\"fusion-link-wrapper\" href=\"https:\/\/intelsynet.com\/es\/la-policia-nacional-detiene-en-estepona-a-un-ciudadano-britanico-por-hackear-130-cuentas-de-twitter\/\" aria-label=\"La Polic\u00eda Nacional detiene en Estepona a un ciudadano brit\u00e1nico por hackear 130 cuentas de Twitter\"><\/a>\n\t<\/div>\n<\/div>\n<\/div>\n<\/li>\n\t\t\t\n\t\t\t\n\t\t\t\t\t\t\t\t<\/ul>\n\t<\/div>\n\t<div class=\"fusion-post-content-wrapper\" style=\"padding:30px 25px 20px 25px;\"><div class=\"fusion-post-content post-content\"><h2 class=\"blog-shortcode-post-title entry-title\"><a href=\"https:\/\/intelsynet.com\/es\/la-policia-nacional-detiene-en-estepona-a-un-ciudadano-britanico-por-hackear-130-cuentas-de-twitter\/\">La Polic\u00eda Nacional detiene en Estepona a un ciudadano brit\u00e1nico por hackear 130 cuentas de Twitter<\/a><\/h2><\/div><\/div><div class=\"fusion-clearfix\"><\/div><\/div>\n<\/article>\n<article id=\"blog-1-post-2325\" class=\"fusion-post-grid post-2325 post type-post status-publish format-standard has-post-thumbnail hentry category-nuestros-articulos\">\n<div class=\"fusion-post-wrapper\" style=\"background-color:rgba(255,255,255,0);border:1px solid #e8e8e8;border-bottom-width:3px;\">\n\n\t\t\t<div class=\"fusion-flexslider flexslider fusion-flexslider-loading fusion-post-slideshow\" style=\"border-color:#e8e8e8;\">\n\t\t<ul class=\"slides\">\n\t\t\t\n\t\t\t\t\t\t\t\t\t\t\t\t\t\t<li><div  class=\"fusion-image-wrapper\" aria-haspopup=\"true\">\n\t\t\t\t<img decoding=\"async\" width=\"1200\" height=\"742\" data-src=\"https:\/\/intelsynet.com\/wp-content\/uploads\/2021\/07\/renta-4.jpg\" class=\"attachment-full size-full wp-post-image lazyload\" alt=\"Renta 4 Banco\" data-srcset=\"https:\/\/intelsynet.com\/wp-content\/uploads\/2021\/07\/renta-4-200x124.jpg 200w, https:\/\/intelsynet.com\/wp-content\/uploads\/2021\/07\/renta-4-400x247.jpg 400w, https:\/\/intelsynet.com\/wp-content\/uploads\/2021\/07\/renta-4-600x371.jpg 600w, https:\/\/intelsynet.com\/wp-content\/uploads\/2021\/07\/renta-4-800x495.jpg 800w, https:\/\/intelsynet.com\/wp-content\/uploads\/2021\/07\/renta-4.jpg 1200w\" data-sizes=\"(min-width: 2200px) 100vw, (min-width: 784px) 363px, (min-width: 712px) 545px, (min-width: 640px) 712px,\" src=\"data:image\/svg+xml;base64,PHN2ZyB3aWR0aD0iMSIgaGVpZ2h0PSIxIiB4bWxucz0iaHR0cDovL3d3dy53My5vcmcvMjAwMC9zdmciPjwvc3ZnPg==\" style=\"--smush-placeholder-width: 1200px; --smush-placeholder-aspect-ratio: 1200\/742;\" \/><div class=\"fusion-rollover\">\n\t<div class=\"fusion-rollover-content\">\n\n\t\t\t\t\n\t\t\n\t\t\t\t\t\t\t\t\t\t\t\t<h4 class=\"fusion-rollover-title\">\n\t\t\t\t\t<a class=\"fusion-rollover-title-link\" href=\"https:\/\/intelsynet.com\/es\/renta-4-banco-forma-a-sus-asesores-en-criterios-esg\/\">\n\t\t\t\t\t\tRenta 4 Banco forma a sus asesores en criterios ESG\t\t\t\t\t<\/a>\n\t\t\t\t<\/h4>\n\t\t\t\n\t\t\t\t\t\t\t\t\n\t\t\n\t\t\t\t\t\t<a class=\"fusion-link-wrapper\" href=\"https:\/\/intelsynet.com\/es\/renta-4-banco-forma-a-sus-asesores-en-criterios-esg\/\" aria-label=\"Renta 4 Banco forma a sus asesores en criterios ESG\"><\/a>\n\t<\/div>\n<\/div>\n<\/div>\n<\/li>\n\t\t\t\n\t\t\t\n\t\t\t\t\t\t\t\t<\/ul>\n\t<\/div>\n\t<div class=\"fusion-post-content-wrapper\" style=\"padding:30px 25px 20px 25px;\"><div class=\"fusion-post-content post-content\"><h2 class=\"blog-shortcode-post-title entry-title\"><a href=\"https:\/\/intelsynet.com\/es\/renta-4-banco-forma-a-sus-asesores-en-criterios-esg\/\">Renta 4 Banco forma a sus asesores en criterios ESG<\/a><\/h2><\/div><\/div><div class=\"fusion-clearfix\"><\/div><\/div>\n<\/article>\n<article id=\"blog-1-post-2324\" class=\"fusion-post-grid post-2324 post type-post status-publish format-standard has-post-thumbnail hentry category-nuestros-articulos\">\n<div class=\"fusion-post-wrapper\" style=\"background-color:rgba(255,255,255,0);border:1px solid #e8e8e8;border-bottom-width:3px;\">\n\n\t\t\t<div class=\"fusion-flexslider flexslider fusion-flexslider-loading fusion-post-slideshow\" style=\"border-color:#e8e8e8;\">\n\t\t<ul class=\"slides\">\n\t\t\t\n\t\t\t\t\t\t\t\t\t\t\t\t\t\t<li><div  class=\"fusion-image-wrapper\" aria-haspopup=\"true\">\n\t\t\t\t<img decoding=\"async\" width=\"1200\" height=\"742\" data-src=\"https:\/\/intelsynet.com\/wp-content\/uploads\/2021\/07\/cnmv.jpg\" class=\"attachment-full size-full wp-post-image lazyload\" alt=\"comisiones verdes\" data-srcset=\"https:\/\/intelsynet.com\/wp-content\/uploads\/2021\/07\/cnmv-200x124.jpg 200w, https:\/\/intelsynet.com\/wp-content\/uploads\/2021\/07\/cnmv-400x247.jpg 400w, https:\/\/intelsynet.com\/wp-content\/uploads\/2021\/07\/cnmv-600x371.jpg 600w, https:\/\/intelsynet.com\/wp-content\/uploads\/2021\/07\/cnmv-800x495.jpg 800w, https:\/\/intelsynet.com\/wp-content\/uploads\/2021\/07\/cnmv.jpg 1200w\" data-sizes=\"(min-width: 2200px) 100vw, (min-width: 784px) 363px, (min-width: 712px) 545px, (min-width: 640px) 712px,\" src=\"data:image\/svg+xml;base64,PHN2ZyB3aWR0aD0iMSIgaGVpZ2h0PSIxIiB4bWxucz0iaHR0cDovL3d3dy53My5vcmcvMjAwMC9zdmciPjwvc3ZnPg==\" style=\"--smush-placeholder-width: 1200px; --smush-placeholder-aspect-ratio: 1200\/742;\" \/><div class=\"fusion-rollover\">\n\t<div class=\"fusion-rollover-content\">\n\n\t\t\t\t\n\t\t\n\t\t\t\t\t\t\t\t\t\t\t\t<h4 class=\"fusion-rollover-title\">\n\t\t\t\t\t<a class=\"fusion-rollover-title-link\" href=\"https:\/\/intelsynet.com\/es\/la-cnmv-impulsa-que-el-67-de-las-firmas-del-ibex-tenga-comisiones-verdes\/\">\n\t\t\t\t\t\tLa CNMV impulsa que el 67% de las firmas del Ibex tenga comisiones verdes\t\t\t\t\t<\/a>\n\t\t\t\t<\/h4>\n\t\t\t\n\t\t\t\t\t\t\t\t\n\t\t\n\t\t\t\t\t\t<a class=\"fusion-link-wrapper\" href=\"https:\/\/intelsynet.com\/es\/la-cnmv-impulsa-que-el-67-de-las-firmas-del-ibex-tenga-comisiones-verdes\/\" aria-label=\"La CNMV impulsa que el 67% de las firmas del Ibex tenga comisiones verdes\"><\/a>\n\t<\/div>\n<\/div>\n<\/div>\n<\/li>\n\t\t\t\n\t\t\t\n\t\t\t\t\t\t\t\t<\/ul>\n\t<\/div>\n\t<div class=\"fusion-post-content-wrapper\" style=\"padding:30px 25px 20px 25px;\"><div class=\"fusion-post-content post-content\"><h2 class=\"blog-shortcode-post-title entry-title\"><a href=\"https:\/\/intelsynet.com\/es\/la-cnmv-impulsa-que-el-67-de-las-firmas-del-ibex-tenga-comisiones-verdes\/\">La CNMV impulsa que el 67% de las firmas del Ibex tenga comisiones verdes<\/a><\/h2><\/div><\/div><div class=\"fusion-clearfix\"><\/div><\/div>\n<\/article>\n<article id=\"blog-1-post-2329\" class=\"fusion-post-grid post-2329 post type-post status-publish format-standard has-post-thumbnail hentry category-nuestros-articulos\">\n<div class=\"fusion-post-wrapper\" style=\"background-color:rgba(255,255,255,0);border:1px solid #e8e8e8;border-bottom-width:3px;\">\n\n\t\t\t<div class=\"fusion-flexslider flexslider fusion-flexslider-loading fusion-post-slideshow\" style=\"border-color:#e8e8e8;\">\n\t\t<ul class=\"slides\">\n\t\t\t\n\t\t\t\t\t\t\t\t\t\t\t\t\t\t<li><div  class=\"fusion-image-wrapper\" aria-haspopup=\"true\">\n\t\t\t\t<img decoding=\"async\" width=\"1200\" height=\"742\" data-src=\"https:\/\/intelsynet.com\/wp-content\/uploads\/2021\/07\/internet-explorer.jpg\" class=\"attachment-full size-full wp-post-image lazyload\" alt=\"Vulnerabilidades 0-day\" data-srcset=\"https:\/\/intelsynet.com\/wp-content\/uploads\/2021\/07\/internet-explorer-200x124.jpg 200w, https:\/\/intelsynet.com\/wp-content\/uploads\/2021\/07\/internet-explorer-400x247.jpg 400w, https:\/\/intelsynet.com\/wp-content\/uploads\/2021\/07\/internet-explorer-600x371.jpg 600w, https:\/\/intelsynet.com\/wp-content\/uploads\/2021\/07\/internet-explorer-800x495.jpg 800w, https:\/\/intelsynet.com\/wp-content\/uploads\/2021\/07\/internet-explorer.jpg 1200w\" data-sizes=\"(min-width: 2200px) 100vw, (min-width: 784px) 363px, (min-width: 712px) 545px, (min-width: 640px) 712px,\" src=\"data:image\/svg+xml;base64,PHN2ZyB3aWR0aD0iMSIgaGVpZ2h0PSIxIiB4bWxucz0iaHR0cDovL3d3dy53My5vcmcvMjAwMC9zdmciPjwvc3ZnPg==\" style=\"--smush-placeholder-width: 1200px; --smush-placeholder-aspect-ratio: 1200\/742;\" \/><div class=\"fusion-rollover\">\n\t<div class=\"fusion-rollover-content\">\n\n\t\t\t\t\n\t\t\n\t\t\t\t\t\t\t\t\t\t\t\t<h4 class=\"fusion-rollover-title\">\n\t\t\t\t\t<a class=\"fusion-rollover-title-link\" href=\"https:\/\/intelsynet.com\/es\/vulnerabilidades-0-day-explotadas-activamente-en-internet-explorer-safari-y-chrome\/\">\n\t\t\t\t\t\tVulnerabilidades 0-day explotadas activamente en Internet Explorer, Safari y Chrome\t\t\t\t\t<\/a>\n\t\t\t\t<\/h4>\n\t\t\t\n\t\t\t\t\t\t\t\t\n\t\t\n\t\t\t\t\t\t<a class=\"fusion-link-wrapper\" href=\"https:\/\/intelsynet.com\/es\/vulnerabilidades-0-day-explotadas-activamente-en-internet-explorer-safari-y-chrome\/\" aria-label=\"Vulnerabilidades 0-day explotadas activamente en Internet Explorer, Safari y Chrome\"><\/a>\n\t<\/div>\n<\/div>\n<\/div>\n<\/li>\n\t\t\t\n\t\t\t\n\t\t\t\t\t\t\t\t<\/ul>\n\t<\/div>\n\t<div class=\"fusion-post-content-wrapper\" style=\"padding:30px 25px 20px 25px;\"><div class=\"fusion-post-content post-content\"><h2 class=\"blog-shortcode-post-title entry-title\"><a href=\"https:\/\/intelsynet.com\/es\/vulnerabilidades-0-day-explotadas-activamente-en-internet-explorer-safari-y-chrome\/\">Vulnerabilidades 0-day explotadas activamente en Internet Explorer, Safari y Chrome<\/a><\/h2><\/div><\/div><div class=\"fusion-clearfix\"><\/div><\/div>\n<\/article>\n<article id=\"blog-1-post-2323\" class=\"fusion-post-grid post-2323 post type-post status-publish format-standard has-post-thumbnail hentry category-nuestros-articulos\">\n<div class=\"fusion-post-wrapper\" style=\"background-color:rgba(255,255,255,0);border:1px solid #e8e8e8;border-bottom-width:3px;\">\n\n\t\t\t<div class=\"fusion-flexslider flexslider fusion-flexslider-loading fusion-post-slideshow\" style=\"border-color:#e8e8e8;\">\n\t\t<ul class=\"slides\">\n\t\t\t\n\t\t\t\t\t\t\t\t\t\t\t\t\t\t<li><div  class=\"fusion-image-wrapper\" aria-haspopup=\"true\">\n\t\t\t\t<img decoding=\"async\" width=\"1200\" height=\"742\" data-src=\"https:\/\/intelsynet.com\/wp-content\/uploads\/2021\/07\/microsoft.jpg\" class=\"attachment-full size-full wp-post-image lazyload\" alt=\"hackeo global a Microsoft\" data-srcset=\"https:\/\/intelsynet.com\/wp-content\/uploads\/2021\/07\/microsoft-200x124.jpg 200w, https:\/\/intelsynet.com\/wp-content\/uploads\/2021\/07\/microsoft-400x247.jpg 400w, https:\/\/intelsynet.com\/wp-content\/uploads\/2021\/07\/microsoft-600x371.jpg 600w, https:\/\/intelsynet.com\/wp-content\/uploads\/2021\/07\/microsoft-800x495.jpg 800w, https:\/\/intelsynet.com\/wp-content\/uploads\/2021\/07\/microsoft.jpg 1200w\" data-sizes=\"(min-width: 2200px) 100vw, (min-width: 784px) 363px, (min-width: 712px) 545px, (min-width: 640px) 712px,\" src=\"data:image\/svg+xml;base64,PHN2ZyB3aWR0aD0iMSIgaGVpZ2h0PSIxIiB4bWxucz0iaHR0cDovL3d3dy53My5vcmcvMjAwMC9zdmciPjwvc3ZnPg==\" style=\"--smush-placeholder-width: 1200px; --smush-placeholder-aspect-ratio: 1200\/742;\" \/><div class=\"fusion-rollover\">\n\t<div class=\"fusion-rollover-content\">\n\n\t\t\t\t\n\t\t\n\t\t\t\t\t\t\t\t\t\t\t\t<h4 class=\"fusion-rollover-title\">\n\t\t\t\t\t<a class=\"fusion-rollover-title-link\" href=\"https:\/\/intelsynet.com\/es\/hackeo-global-a-microsoft\/\">\n\t\t\t\t\t\tEEUU, la UE y la OTAN acusan a China del hackeo global a Microsoft\t\t\t\t\t<\/a>\n\t\t\t\t<\/h4>\n\t\t\t\n\t\t\t\t\t\t\t\t\n\t\t\n\t\t\t\t\t\t<a class=\"fusion-link-wrapper\" href=\"https:\/\/intelsynet.com\/es\/hackeo-global-a-microsoft\/\" aria-label=\"EEUU, la UE y la OTAN acusan a China del hackeo global a Microsoft\"><\/a>\n\t<\/div>\n<\/div>\n<\/div>\n<\/li>\n\t\t\t\n\t\t\t\n\t\t\t\t\t\t\t\t<\/ul>\n\t<\/div>\n\t<div class=\"fusion-post-content-wrapper\" style=\"padding:30px 25px 20px 25px;\"><div class=\"fusion-post-content post-content\"><h2 class=\"blog-shortcode-post-title entry-title\"><a href=\"https:\/\/intelsynet.com\/es\/hackeo-global-a-microsoft\/\">EEUU, la UE y la OTAN acusan a China del hackeo global a Microsoft<\/a><\/h2><\/div><\/div><div class=\"fusion-clearfix\"><\/div><\/div>\n<\/article>\n<article id=\"blog-1-post-2316\" class=\"fusion-post-grid post-2316 post type-post status-publish format-standard has-post-thumbnail hentry category-nuestros-articulos\">\n<div class=\"fusion-post-wrapper\" style=\"background-color:rgba(255,255,255,0);border:1px solid #e8e8e8;border-bottom-width:3px;\">\n\n\t\t\t<div class=\"fusion-flexslider flexslider fusion-flexslider-loading fusion-post-slideshow\" style=\"border-color:#e8e8e8;\">\n\t\t<ul class=\"slides\">\n\t\t\t\n\t\t\t\t\t\t\t\t\t\t\t\t\t\t<li><div  class=\"fusion-image-wrapper\" aria-haspopup=\"true\">\n\t\t\t\t<img decoding=\"async\" width=\"1200\" height=\"743\" data-src=\"https:\/\/intelsynet.com\/wp-content\/uploads\/2021\/07\/inditex.jpg\" class=\"attachment-full size-full wp-post-image lazyload\" alt=\"inditex\" data-srcset=\"https:\/\/intelsynet.com\/wp-content\/uploads\/2021\/07\/inditex-200x124.jpg 200w, https:\/\/intelsynet.com\/wp-content\/uploads\/2021\/07\/inditex-400x248.jpg 400w, https:\/\/intelsynet.com\/wp-content\/uploads\/2021\/07\/inditex-600x372.jpg 600w, https:\/\/intelsynet.com\/wp-content\/uploads\/2021\/07\/inditex-800x495.jpg 800w, https:\/\/intelsynet.com\/wp-content\/uploads\/2021\/07\/inditex.jpg 1200w\" data-sizes=\"(min-width: 2200px) 100vw, (min-width: 784px) 363px, (min-width: 712px) 545px, (min-width: 640px) 712px,\" src=\"data:image\/svg+xml;base64,PHN2ZyB3aWR0aD0iMSIgaGVpZ2h0PSIxIiB4bWxucz0iaHR0cDovL3d3dy53My5vcmcvMjAwMC9zdmciPjwvc3ZnPg==\" style=\"--smush-placeholder-width: 1200px; --smush-placeholder-aspect-ratio: 1200\/743;\" \/><div class=\"fusion-rollover\">\n\t<div class=\"fusion-rollover-content\">\n\n\t\t\t\t\n\t\t\n\t\t\t\t\t\t\t\t\t\t\t\t<h4 class=\"fusion-rollover-title\">\n\t\t\t\t\t<a class=\"fusion-rollover-title-link\" href=\"https:\/\/intelsynet.com\/es\/inditex\/\">\n\t\t\t\t\t\tInditex crea &#8216;mini-hubs&#8217; urbanos en zonas de alta densidad de entregas\t\t\t\t\t<\/a>\n\t\t\t\t<\/h4>\n\t\t\t\n\t\t\t\t\t\t\t\t\n\t\t\n\t\t\t\t\t\t<a class=\"fusion-link-wrapper\" href=\"https:\/\/intelsynet.com\/es\/inditex\/\" aria-label=\"Inditex crea &#8216;mini-hubs&#8217; urbanos en zonas de alta densidad de entregas\"><\/a>\n\t<\/div>\n<\/div>\n<\/div>\n<\/li>\n\t\t\t\n\t\t\t\n\t\t\t\t\t\t\t\t<\/ul>\n\t<\/div>\n\t<div class=\"fusion-post-content-wrapper\" style=\"padding:30px 25px 20px 25px;\"><div class=\"fusion-post-content post-content\"><h2 class=\"blog-shortcode-post-title entry-title\"><a href=\"https:\/\/intelsynet.com\/es\/inditex\/\">Inditex crea &#8216;mini-hubs&#8217; urbanos en zonas de alta densidad de entregas<\/a><\/h2><\/div><\/div><div class=\"fusion-clearfix\"><\/div><\/div>\n<\/article>\n<article id=\"blog-1-post-2299\" class=\"fusion-post-grid post-2299 post type-post status-publish format-standard has-post-thumbnail hentry category-nuestros-articulos\">\n<div class=\"fusion-post-wrapper\" style=\"background-color:rgba(255,255,255,0);border:1px solid #e8e8e8;border-bottom-width:3px;\">\n\n\t\t\t<div class=\"fusion-flexslider flexslider fusion-flexslider-loading fusion-post-slideshow\" style=\"border-color:#e8e8e8;\">\n\t\t<ul class=\"slides\">\n\t\t\t\n\t\t\t\t\t\t\t\t\t\t\t\t\t\t<li><div  class=\"fusion-image-wrapper\" aria-haspopup=\"true\">\n\t\t\t\t<img decoding=\"async\" width=\"1200\" height=\"742\" data-src=\"https:\/\/intelsynet.com\/wp-content\/uploads\/2021\/07\/movilidad-sostenible.jpg\" class=\"attachment-full size-full wp-post-image lazyload\" alt=\"movilidad sostenible\" data-srcset=\"https:\/\/intelsynet.com\/wp-content\/uploads\/2021\/07\/movilidad-sostenible-200x124.jpg 200w, https:\/\/intelsynet.com\/wp-content\/uploads\/2021\/07\/movilidad-sostenible-400x247.jpg 400w, https:\/\/intelsynet.com\/wp-content\/uploads\/2021\/07\/movilidad-sostenible-600x371.jpg 600w, https:\/\/intelsynet.com\/wp-content\/uploads\/2021\/07\/movilidad-sostenible-800x495.jpg 800w, https:\/\/intelsynet.com\/wp-content\/uploads\/2021\/07\/movilidad-sostenible.jpg 1200w\" data-sizes=\"(min-width: 2200px) 100vw, (min-width: 784px) 363px, (min-width: 712px) 545px, (min-width: 640px) 712px,\" src=\"data:image\/svg+xml;base64,PHN2ZyB3aWR0aD0iMSIgaGVpZ2h0PSIxIiB4bWxucz0iaHR0cDovL3d3dy53My5vcmcvMjAwMC9zdmciPjwvc3ZnPg==\" style=\"--smush-placeholder-width: 1200px; --smush-placeholder-aspect-ratio: 1200\/742;\" \/><div class=\"fusion-rollover\">\n\t<div class=\"fusion-rollover-content\">\n\n\t\t\t\t\n\t\t\n\t\t\t\t\t\t\t\t\t\t\t\t<h4 class=\"fusion-rollover-title\">\n\t\t\t\t\t<a class=\"fusion-rollover-title-link\" href=\"https:\/\/intelsynet.com\/es\/movilidad-sostenible\/\">\n\t\t\t\t\t\tGlobal Mobility Call 2022: primer congreso mundial sobre movilidad sostenible\t\t\t\t\t<\/a>\n\t\t\t\t<\/h4>\n\t\t\t\n\t\t\t\t\t\t\t\t\n\t\t\n\t\t\t\t\t\t<a class=\"fusion-link-wrapper\" href=\"https:\/\/intelsynet.com\/es\/movilidad-sostenible\/\" aria-label=\"Global Mobility Call 2022: primer congreso mundial sobre movilidad sostenible\"><\/a>\n\t<\/div>\n<\/div>\n<\/div>\n<\/li>\n\t\t\t\n\t\t\t\n\t\t\t\t\t\t\t\t<\/ul>\n\t<\/div>\n\t<div class=\"fusion-post-content-wrapper\" style=\"padding:30px 25px 20px 25px;\"><div class=\"fusion-post-content post-content\"><h2 class=\"blog-shortcode-post-title entry-title\"><a href=\"https:\/\/intelsynet.com\/es\/movilidad-sostenible\/\">Global Mobility Call 2022: primer congreso mundial sobre movilidad sostenible<\/a><\/h2><\/div><\/div><div class=\"fusion-clearfix\"><\/div><\/div>\n<\/article>\n<article id=\"blog-1-post-2297\" class=\"fusion-post-grid post-2297 post type-post status-publish format-standard has-post-thumbnail hentry category-nuestros-articulos\">\n<div class=\"fusion-post-wrapper\" style=\"background-color:rgba(255,255,255,0);border:1px solid #e8e8e8;border-bottom-width:3px;\">\n\n\t\t\t<div class=\"fusion-flexslider flexslider fusion-flexslider-loading fusion-post-slideshow\" style=\"border-color:#e8e8e8;\">\n\t\t<ul class=\"slides\">\n\t\t\t\n\t\t\t\t\t\t\t\t\t\t\t\t\t\t<li><div  class=\"fusion-image-wrapper\" aria-haspopup=\"true\">\n\t\t\t\t<img decoding=\"async\" width=\"1200\" height=\"742\" data-src=\"https:\/\/intelsynet.com\/wp-content\/uploads\/2021\/07\/alertas-publicas.jpeg\" class=\"attachment-full size-full wp-post-image lazyload\" alt=\"sistema de alertas p\u00fablicas\" data-srcset=\"https:\/\/intelsynet.com\/wp-content\/uploads\/2021\/07\/alertas-publicas-200x124.jpeg 200w, https:\/\/intelsynet.com\/wp-content\/uploads\/2021\/07\/alertas-publicas-400x247.jpeg 400w, https:\/\/intelsynet.com\/wp-content\/uploads\/2021\/07\/alertas-publicas-600x371.jpeg 600w, https:\/\/intelsynet.com\/wp-content\/uploads\/2021\/07\/alertas-publicas-800x495.jpeg 800w, https:\/\/intelsynet.com\/wp-content\/uploads\/2021\/07\/alertas-publicas.jpeg 1200w\" data-sizes=\"(min-width: 2200px) 100vw, (min-width: 784px) 363px, (min-width: 712px) 545px, (min-width: 640px) 712px,\" src=\"data:image\/svg+xml;base64,PHN2ZyB3aWR0aD0iMSIgaGVpZ2h0PSIxIiB4bWxucz0iaHR0cDovL3d3dy53My5vcmcvMjAwMC9zdmciPjwvc3ZnPg==\" style=\"--smush-placeholder-width: 1200px; --smush-placeholder-aspect-ratio: 1200\/742;\" \/><div class=\"fusion-rollover\">\n\t<div class=\"fusion-rollover-content\">\n\n\t\t\t\t\n\t\t\n\t\t\t\t\t\t\t\t\t\t\t\t<h4 class=\"fusion-rollover-title\">\n\t\t\t\t\t<a class=\"fusion-rollover-title-link\" href=\"https:\/\/intelsynet.com\/es\/sistema-de-alertas-publicas\/\">\n\t\t\t\t\t\tEl Gobierno crea un sistema de alertas p\u00fablicas para enviar avisos masivos e inmediatos a la poblaci\u00f3n ante emergencias\t\t\t\t\t<\/a>\n\t\t\t\t<\/h4>\n\t\t\t\n\t\t\t\t\t\t\t\t\n\t\t\n\t\t\t\t\t\t<a class=\"fusion-link-wrapper\" href=\"https:\/\/intelsynet.com\/es\/sistema-de-alertas-publicas\/\" aria-label=\"El Gobierno crea un sistema de alertas p\u00fablicas para enviar avisos masivos e inmediatos a la poblaci\u00f3n ante emergencias\"><\/a>\n\t<\/div>\n<\/div>\n<\/div>\n<\/li>\n\t\t\t\n\t\t\t\n\t\t\t\t\t\t\t\t<\/ul>\n\t<\/div>\n\t<div class=\"fusion-post-content-wrapper\" style=\"padding:30px 25px 20px 25px;\"><div class=\"fusion-post-content post-content\"><h2 class=\"blog-shortcode-post-title entry-title\"><a href=\"https:\/\/intelsynet.com\/es\/sistema-de-alertas-publicas\/\">El Gobierno crea un sistema de alertas p\u00fablicas para enviar avisos masivos e inmediatos a la poblaci\u00f3n ante emergencias<\/a><\/h2><\/div><\/div><div class=\"fusion-clearfix\"><\/div><\/div>\n<\/article>\n<article id=\"blog-1-post-2296\" class=\"fusion-post-grid post-2296 post type-post status-publish format-standard has-post-thumbnail hentry category-nuestros-articulos\">\n<div class=\"fusion-post-wrapper\" style=\"background-color:rgba(255,255,255,0);border:1px solid #e8e8e8;border-bottom-width:3px;\">\n\n\t\t\t<div class=\"fusion-flexslider flexslider fusion-flexslider-loading fusion-post-slideshow\" style=\"border-color:#e8e8e8;\">\n\t\t<ul class=\"slides\">\n\t\t\t\n\t\t\t\t\t\t\t\t\t\t\t\t\t\t<li><div  class=\"fusion-image-wrapper\" aria-haspopup=\"true\">\n\t\t\t\t<img decoding=\"async\" width=\"1200\" height=\"742\" data-src=\"https:\/\/intelsynet.com\/wp-content\/uploads\/2021\/07\/ciberataque.jpeg\" class=\"attachment-full size-full wp-post-image lazyload\" alt=\"ciberataque\" data-srcset=\"https:\/\/intelsynet.com\/wp-content\/uploads\/2021\/07\/ciberataque-200x124.jpeg 200w, https:\/\/intelsynet.com\/wp-content\/uploads\/2021\/07\/ciberataque-400x247.jpeg 400w, https:\/\/intelsynet.com\/wp-content\/uploads\/2021\/07\/ciberataque-600x371.jpeg 600w, https:\/\/intelsynet.com\/wp-content\/uploads\/2021\/07\/ciberataque-800x495.jpeg 800w, https:\/\/intelsynet.com\/wp-content\/uploads\/2021\/07\/ciberataque.jpeg 1200w\" data-sizes=\"(min-width: 2200px) 100vw, (min-width: 784px) 363px, (min-width: 712px) 545px, (min-width: 640px) 712px,\" src=\"data:image\/svg+xml;base64,PHN2ZyB3aWR0aD0iMSIgaGVpZ2h0PSIxIiB4bWxucz0iaHR0cDovL3d3dy53My5vcmcvMjAwMC9zdmciPjwvc3ZnPg==\" style=\"--smush-placeholder-width: 1200px; --smush-placeholder-aspect-ratio: 1200\/742;\" \/><div class=\"fusion-rollover\">\n\t<div class=\"fusion-rollover-content\">\n\n\t\t\t\t\n\t\t\n\t\t\t\t\t\t\t\t\t\t\t\t<h4 class=\"fusion-rollover-title\">\n\t\t\t\t\t<a class=\"fusion-rollover-title-link\" href=\"https:\/\/intelsynet.com\/es\/ciberataque\/\">\n\t\t\t\t\t\tAlemania declara el primer desastre cibern\u00e9tico en una de sus regiones debido a un ciberataque\t\t\t\t\t<\/a>\n\t\t\t\t<\/h4>\n\t\t\t\n\t\t\t\t\t\t\t\t\n\t\t\n\t\t\t\t\t\t<a class=\"fusion-link-wrapper\" href=\"https:\/\/intelsynet.com\/es\/ciberataque\/\" aria-label=\"Alemania declara el primer desastre cibern\u00e9tico en una de sus regiones debido a un ciberataque\"><\/a>\n\t<\/div>\n<\/div>\n<\/div>\n<\/li>\n\t\t\t\n\t\t\t\n\t\t\t\t\t\t\t\t<\/ul>\n\t<\/div>\n\t<div class=\"fusion-post-content-wrapper\" style=\"padding:30px 25px 20px 25px;\"><div class=\"fusion-post-content post-content\"><h2 class=\"blog-shortcode-post-title entry-title\"><a href=\"https:\/\/intelsynet.com\/es\/ciberataque\/\">Alemania declara el primer desastre cibern\u00e9tico en una de sus regiones debido a un ciberataque<\/a><\/h2><\/div><\/div><div class=\"fusion-clearfix\"><\/div><\/div>\n<\/article>\n<article id=\"blog-1-post-2295\" class=\"fusion-post-grid post-2295 post type-post status-publish format-standard has-post-thumbnail hentry category-nuestros-articulos\">\n<div class=\"fusion-post-wrapper\" style=\"background-color:rgba(255,255,255,0);border:1px solid #e8e8e8;border-bottom-width:3px;\">\n\n\t\t\t<div class=\"fusion-flexslider flexslider fusion-flexslider-loading fusion-post-slideshow\" style=\"border-color:#e8e8e8;\">\n\t\t<ul class=\"slides\">\n\t\t\t\n\t\t\t\t\t\t\t\t\t\t\t\t\t\t<li><div  class=\"fusion-image-wrapper\" aria-haspopup=\"true\">\n\t\t\t\t<img decoding=\"async\" width=\"1200\" height=\"742\" data-src=\"https:\/\/intelsynet.com\/wp-content\/uploads\/2021\/07\/guess.jpg\" class=\"attachment-full size-full wp-post-image lazyload\" alt=\"guess\" data-srcset=\"https:\/\/intelsynet.com\/wp-content\/uploads\/2021\/07\/guess-200x124.jpg 200w, https:\/\/intelsynet.com\/wp-content\/uploads\/2021\/07\/guess-400x247.jpg 400w, https:\/\/intelsynet.com\/wp-content\/uploads\/2021\/07\/guess-600x371.jpg 600w, https:\/\/intelsynet.com\/wp-content\/uploads\/2021\/07\/guess-800x495.jpg 800w, https:\/\/intelsynet.com\/wp-content\/uploads\/2021\/07\/guess.jpg 1200w\" data-sizes=\"(min-width: 2200px) 100vw, (min-width: 784px) 363px, (min-width: 712px) 545px, (min-width: 640px) 712px,\" src=\"data:image\/svg+xml;base64,PHN2ZyB3aWR0aD0iMSIgaGVpZ2h0PSIxIiB4bWxucz0iaHR0cDovL3d3dy53My5vcmcvMjAwMC9zdmciPjwvc3ZnPg==\" style=\"--smush-placeholder-width: 1200px; --smush-placeholder-aspect-ratio: 1200\/742;\" \/><div class=\"fusion-rollover\">\n\t<div class=\"fusion-rollover-content\">\n\n\t\t\t\t\n\t\t\n\t\t\t\t\t\t\t\t\t\t\t\t<h4 class=\"fusion-rollover-title\">\n\t\t\t\t\t<a class=\"fusion-rollover-title-link\" href=\"https:\/\/intelsynet.com\/es\/guess\/\">\n\t\t\t\t\t\tLa marca de ropa estadounidense Guess, v\u00edctima de un ciberataque\t\t\t\t\t<\/a>\n\t\t\t\t<\/h4>\n\t\t\t\n\t\t\t\t\t\t\t\t\n\t\t\n\t\t\t\t\t\t<a class=\"fusion-link-wrapper\" href=\"https:\/\/intelsynet.com\/es\/guess\/\" aria-label=\"La marca de ropa estadounidense Guess, v\u00edctima de un ciberataque\"><\/a>\n\t<\/div>\n<\/div>\n<\/div>\n<\/li>\n\t\t\t\n\t\t\t\n\t\t\t\t\t\t\t\t<\/ul>\n\t<\/div>\n\t<div class=\"fusion-post-content-wrapper\" style=\"padding:30px 25px 20px 25px;\"><div class=\"fusion-post-content post-content\"><h2 class=\"blog-shortcode-post-title entry-title\"><a href=\"https:\/\/intelsynet.com\/es\/guess\/\">La marca de ropa estadounidense Guess, v\u00edctima de un ciberataque<\/a><\/h2><\/div><\/div><div class=\"fusion-clearfix\"><\/div><\/div>\n<\/article>\n<article id=\"blog-1-post-2294\" class=\"fusion-post-grid post-2294 post type-post status-publish format-standard has-post-thumbnail hentry category-nuestros-articulos\">\n<div class=\"fusion-post-wrapper\" style=\"background-color:rgba(255,255,255,0);border:1px solid #e8e8e8;border-bottom-width:3px;\">\n\n\t\t\t<div class=\"fusion-flexslider flexslider fusion-flexslider-loading fusion-post-slideshow\" style=\"border-color:#e8e8e8;\">\n\t\t<ul class=\"slides\">\n\t\t\t\n\t\t\t\t\t\t\t\t\t\t\t\t\t\t<li><div  class=\"fusion-image-wrapper\" aria-haspopup=\"true\">\n\t\t\t\t<img decoding=\"async\" width=\"1200\" height=\"742\" data-src=\"https:\/\/intelsynet.com\/wp-content\/uploads\/2021\/07\/coches-de-combustion.jpg\" class=\"attachment-full size-full wp-post-image lazyload\" alt=\"coches de combusti\u00f3n\" data-srcset=\"https:\/\/intelsynet.com\/wp-content\/uploads\/2021\/07\/coches-de-combustion-200x124.jpg 200w, https:\/\/intelsynet.com\/wp-content\/uploads\/2021\/07\/coches-de-combustion-400x247.jpg 400w, https:\/\/intelsynet.com\/wp-content\/uploads\/2021\/07\/coches-de-combustion-600x371.jpg 600w, https:\/\/intelsynet.com\/wp-content\/uploads\/2021\/07\/coches-de-combustion-800x495.jpg 800w, https:\/\/intelsynet.com\/wp-content\/uploads\/2021\/07\/coches-de-combustion.jpg 1200w\" data-sizes=\"(min-width: 2200px) 100vw, (min-width: 784px) 363px, (min-width: 712px) 545px, (min-width: 640px) 712px,\" src=\"data:image\/svg+xml;base64,PHN2ZyB3aWR0aD0iMSIgaGVpZ2h0PSIxIiB4bWxucz0iaHR0cDovL3d3dy53My5vcmcvMjAwMC9zdmciPjwvc3ZnPg==\" style=\"--smush-placeholder-width: 1200px; --smush-placeholder-aspect-ratio: 1200\/742;\" \/><div class=\"fusion-rollover\">\n\t<div class=\"fusion-rollover-content\">\n\n\t\t\t\t\n\t\t\n\t\t\t\t\t\t\t\t\t\t\t\t<h4 class=\"fusion-rollover-title\">\n\t\t\t\t\t<a class=\"fusion-rollover-title-link\" href=\"https:\/\/intelsynet.com\/es\/coches-de-combustion\/\">\n\t\t\t\t\t\tBruselas prohibir\u00e1 la venta de coches de combusti\u00f3n a partir de 2035\t\t\t\t\t<\/a>\n\t\t\t\t<\/h4>\n\t\t\t\n\t\t\t\t\t\t\t\t\n\t\t\n\t\t\t\t\t\t<a class=\"fusion-link-wrapper\" href=\"https:\/\/intelsynet.com\/es\/coches-de-combustion\/\" aria-label=\"Bruselas prohibir\u00e1 la venta de coches de combusti\u00f3n a partir de 2035\"><\/a>\n\t<\/div>\n<\/div>\n<\/div>\n<\/li>\n\t\t\t\n\t\t\t\n\t\t\t\t\t\t\t\t<\/ul>\n\t<\/div>\n\t<div class=\"fusion-post-content-wrapper\" style=\"padding:30px 25px 20px 25px;\"><div class=\"fusion-post-content post-content\"><h2 class=\"blog-shortcode-post-title entry-title\"><a href=\"https:\/\/intelsynet.com\/es\/coches-de-combustion\/\">Bruselas prohibir\u00e1 la venta de coches de combusti\u00f3n a partir de 2035<\/a><\/h2><\/div><\/div><div class=\"fusion-clearfix\"><\/div><\/div>\n<\/article>\n<article id=\"blog-1-post-2293\" class=\"fusion-post-grid post-2293 post type-post status-publish format-standard has-post-thumbnail hentry category-nuestros-articulos\">\n<div class=\"fusion-post-wrapper\" style=\"background-color:rgba(255,255,255,0);border:1px solid #e8e8e8;border-bottom-width:3px;\">\n\n\t\t\t<div class=\"fusion-flexslider flexslider fusion-flexslider-loading fusion-post-slideshow\" style=\"border-color:#e8e8e8;\">\n\t\t<ul class=\"slides\">\n\t\t\t\n\t\t\t\t\t\t\t\t\t\t\t\t\t\t<li><div  class=\"fusion-image-wrapper\" aria-haspopup=\"true\">\n\t\t\t\t<img decoding=\"async\" width=\"1200\" height=\"742\" data-src=\"https:\/\/intelsynet.com\/wp-content\/uploads\/2021\/07\/philip-morris.jpeg\" class=\"attachment-full size-full wp-post-image lazyload\" alt=\"philip morris\" data-srcset=\"https:\/\/intelsynet.com\/wp-content\/uploads\/2021\/07\/philip-morris-200x124.jpeg 200w, https:\/\/intelsynet.com\/wp-content\/uploads\/2021\/07\/philip-morris-400x247.jpeg 400w, https:\/\/intelsynet.com\/wp-content\/uploads\/2021\/07\/philip-morris-600x371.jpeg 600w, https:\/\/intelsynet.com\/wp-content\/uploads\/2021\/07\/philip-morris-800x495.jpeg 800w, https:\/\/intelsynet.com\/wp-content\/uploads\/2021\/07\/philip-morris.jpeg 1200w\" data-sizes=\"(min-width: 2200px) 100vw, (min-width: 784px) 363px, (min-width: 712px) 545px, (min-width: 640px) 712px,\" src=\"data:image\/svg+xml;base64,PHN2ZyB3aWR0aD0iMSIgaGVpZ2h0PSIxIiB4bWxucz0iaHR0cDovL3d3dy53My5vcmcvMjAwMC9zdmciPjwvc3ZnPg==\" style=\"--smush-placeholder-width: 1200px; --smush-placeholder-aspect-ratio: 1200\/742;\" \/><div class=\"fusion-rollover\">\n\t<div class=\"fusion-rollover-content\">\n\n\t\t\t\t\n\t\t\n\t\t\t\t\t\t\t\t\t\t\t\t<h4 class=\"fusion-rollover-title\">\n\t\t\t\t\t<a class=\"fusion-rollover-title-link\" href=\"https:\/\/intelsynet.com\/es\/la-revolucion-de-philip-morris\/\">\n\t\t\t\t\t\tLa revoluci\u00f3n de Philip Morris\t\t\t\t\t<\/a>\n\t\t\t\t<\/h4>\n\t\t\t\n\t\t\t\t\t\t\t\t\n\t\t\n\t\t\t\t\t\t<a class=\"fusion-link-wrapper\" href=\"https:\/\/intelsynet.com\/es\/la-revolucion-de-philip-morris\/\" aria-label=\"La revoluci\u00f3n de Philip Morris\"><\/a>\n\t<\/div>\n<\/div>\n<\/div>\n<\/li>\n\t\t\t\n\t\t\t\n\t\t\t\t\t\t\t\t<\/ul>\n\t<\/div>\n\t<div class=\"fusion-post-content-wrapper\" style=\"padding:30px 25px 20px 25px;\"><div class=\"fusion-post-content post-content\"><h2 class=\"blog-shortcode-post-title entry-title\"><a href=\"https:\/\/intelsynet.com\/es\/la-revolucion-de-philip-morris\/\">La revoluci\u00f3n de Philip Morris<\/a><\/h2><\/div><\/div><div class=\"fusion-clearfix\"><\/div><\/div>\n<\/article>\n<article id=\"blog-1-post-2298\" class=\"fusion-post-grid post-2298 post type-post status-publish format-standard has-post-thumbnail hentry category-nuestros-articulos\">\n<div class=\"fusion-post-wrapper\" style=\"background-color:rgba(255,255,255,0);border:1px solid #e8e8e8;border-bottom-width:3px;\">\n\n\t\t\t<div class=\"fusion-flexslider flexslider fusion-flexslider-loading fusion-post-slideshow\" style=\"border-color:#e8e8e8;\">\n\t\t<ul class=\"slides\">\n\t\t\t\n\t\t\t\t\t\t\t\t\t\t\t\t\t\t<li><div  class=\"fusion-image-wrapper\" aria-haspopup=\"true\">\n\t\t\t\t<img decoding=\"async\" width=\"1200\" height=\"742\" data-src=\"https:\/\/intelsynet.com\/wp-content\/uploads\/2021\/07\/bateria-coche-electrico-1.jpg\" class=\"attachment-full size-full wp-post-image lazyload\" alt=\"bater\u00eda estructural\" data-srcset=\"https:\/\/intelsynet.com\/wp-content\/uploads\/2021\/07\/bateria-coche-electrico-1-200x124.jpg 200w, https:\/\/intelsynet.com\/wp-content\/uploads\/2021\/07\/bateria-coche-electrico-1-400x247.jpg 400w, https:\/\/intelsynet.com\/wp-content\/uploads\/2021\/07\/bateria-coche-electrico-1-600x371.jpg 600w, https:\/\/intelsynet.com\/wp-content\/uploads\/2021\/07\/bateria-coche-electrico-1-800x495.jpg 800w, https:\/\/intelsynet.com\/wp-content\/uploads\/2021\/07\/bateria-coche-electrico-1.jpg 1200w\" data-sizes=\"(min-width: 2200px) 100vw, (min-width: 784px) 363px, (min-width: 712px) 545px, (min-width: 640px) 712px,\" src=\"data:image\/svg+xml;base64,PHN2ZyB3aWR0aD0iMSIgaGVpZ2h0PSIxIiB4bWxucz0iaHR0cDovL3d3dy53My5vcmcvMjAwMC9zdmciPjwvc3ZnPg==\" style=\"--smush-placeholder-width: 1200px; --smush-placeholder-aspect-ratio: 1200\/742;\" \/><div class=\"fusion-rollover\">\n\t<div class=\"fusion-rollover-content\">\n\n\t\t\t\t\n\t\t\n\t\t\t\t\t\t\t\t\t\t\t\t<h4 class=\"fusion-rollover-title\">\n\t\t\t\t\t<a class=\"fusion-rollover-title-link\" href=\"https:\/\/intelsynet.com\/es\/la-bateria-estructural-la-nueva-evolucion-del-coche-electrico\/\">\n\t\t\t\t\t\tLa bater\u00eda estructural, la nueva evoluci\u00f3n del coche el\u00e9ctrico\t\t\t\t\t<\/a>\n\t\t\t\t<\/h4>\n\t\t\t\n\t\t\t\t\t\t\t\t\n\t\t\n\t\t\t\t\t\t<a class=\"fusion-link-wrapper\" href=\"https:\/\/intelsynet.com\/es\/la-bateria-estructural-la-nueva-evolucion-del-coche-electrico\/\" aria-label=\"La bater\u00eda estructural, la nueva evoluci\u00f3n del coche el\u00e9ctrico\"><\/a>\n\t<\/div>\n<\/div>\n<\/div>\n<\/li>\n\t\t\t\n\t\t\t\n\t\t\t\t\t\t\t\t<\/ul>\n\t<\/div>\n\t<div class=\"fusion-post-content-wrapper\" style=\"padding:30px 25px 20px 25px;\"><div class=\"fusion-post-content post-content\"><h2 class=\"blog-shortcode-post-title entry-title\"><a href=\"https:\/\/intelsynet.com\/es\/la-bateria-estructural-la-nueva-evolucion-del-coche-electrico\/\">La bater\u00eda estructural, la nueva evoluci\u00f3n del coche el\u00e9ctrico<\/a><\/h2><\/div><\/div><div class=\"fusion-clearfix\"><\/div><\/div>\n<\/article>\n<article id=\"blog-1-post-2278\" class=\"fusion-post-grid post-2278 post type-post status-publish format-standard has-post-thumbnail hentry category-nuestros-articulos\">\n<div class=\"fusion-post-wrapper\" style=\"background-color:rgba(255,255,255,0);border:1px solid #e8e8e8;border-bottom-width:3px;\">\n\n\t\t\t<div class=\"fusion-flexslider flexslider fusion-flexslider-loading fusion-post-slideshow\" style=\"border-color:#e8e8e8;\">\n\t\t<ul class=\"slides\">\n\t\t\t\n\t\t\t\t\t\t\t\t\t\t\t\t\t\t<li><div  class=\"fusion-image-wrapper\" aria-haspopup=\"true\">\n\t\t\t\t<img decoding=\"async\" width=\"1201\" height=\"742\" data-src=\"https:\/\/intelsynet.com\/wp-content\/uploads\/2021\/07\/ordenador-cuantico-e1625831235891.jpg\" class=\"attachment-full size-full wp-post-image lazyload\" alt=\"computador cu\u00e1ntico\" data-srcset=\"https:\/\/intelsynet.com\/wp-content\/uploads\/2021\/07\/ordenador-cuantico-e1625831235891-200x124.jpg 200w, https:\/\/intelsynet.com\/wp-content\/uploads\/2021\/07\/ordenador-cuantico-e1625831235891-400x247.jpg 400w, https:\/\/intelsynet.com\/wp-content\/uploads\/2021\/07\/ordenador-cuantico-e1625831235891-600x371.jpg 600w, https:\/\/intelsynet.com\/wp-content\/uploads\/2021\/07\/ordenador-cuantico-e1625831235891-800x494.jpg 800w, https:\/\/intelsynet.com\/wp-content\/uploads\/2021\/07\/ordenador-cuantico-e1625831235891.jpg 1201w\" data-sizes=\"(min-width: 2200px) 100vw, (min-width: 784px) 363px, (min-width: 712px) 545px, (min-width: 640px) 712px,\" src=\"data:image\/svg+xml;base64,PHN2ZyB3aWR0aD0iMSIgaGVpZ2h0PSIxIiB4bWxucz0iaHR0cDovL3d3dy53My5vcmcvMjAwMC9zdmciPjwvc3ZnPg==\" style=\"--smush-placeholder-width: 1201px; --smush-placeholder-aspect-ratio: 1201\/742;\" \/><div class=\"fusion-rollover\">\n\t<div class=\"fusion-rollover-content\">\n\n\t\t\t\t\n\t\t\n\t\t\t\t\t\t\t\t\t\t\t\t<h4 class=\"fusion-rollover-title\">\n\t\t\t\t\t<a class=\"fusion-rollover-title-link\" href=\"https:\/\/intelsynet.com\/es\/computador-cuantico\/\">\n\t\t\t\t\t\tChina destroza a Google con la computadora cu\u00e1ntica m\u00e1s poderosa del planeta\t\t\t\t\t<\/a>\n\t\t\t\t<\/h4>\n\t\t\t\n\t\t\t\t\t\t\t\t\n\t\t\n\t\t\t\t\t\t<a class=\"fusion-link-wrapper\" href=\"https:\/\/intelsynet.com\/es\/computador-cuantico\/\" aria-label=\"China destroza a Google con la computadora cu\u00e1ntica m\u00e1s poderosa del planeta\"><\/a>\n\t<\/div>\n<\/div>\n<\/div>\n<\/li>\n\t\t\t\n\t\t\t\n\t\t\t\t\t\t\t\t<\/ul>\n\t<\/div>\n\t<div class=\"fusion-post-content-wrapper\" style=\"padding:30px 25px 20px 25px;\"><div class=\"fusion-post-content post-content\"><h2 class=\"blog-shortcode-post-title entry-title\"><a href=\"https:\/\/intelsynet.com\/es\/computador-cuantico\/\">China destroza a Google con la computadora cu\u00e1ntica m\u00e1s poderosa del planeta<\/a><\/h2><\/div><\/div><div class=\"fusion-clearfix\"><\/div><\/div>\n<\/article>\n<article id=\"blog-1-post-2275\" class=\"fusion-post-grid post-2275 post type-post status-publish format-standard has-post-thumbnail hentry category-nuestros-articulos\">\n<div class=\"fusion-post-wrapper\" style=\"background-color:rgba(255,255,255,0);border:1px solid #e8e8e8;border-bottom-width:3px;\">\n\n\t\t\t<div class=\"fusion-flexslider flexslider fusion-flexslider-loading fusion-post-slideshow\" style=\"border-color:#e8e8e8;\">\n\t\t<ul class=\"slides\">\n\t\t\t\n\t\t\t\t\t\t\t\t\t\t\t\t\t\t<li><div  class=\"fusion-image-wrapper\" aria-haspopup=\"true\">\n\t\t\t\t<img decoding=\"async\" width=\"1200\" height=\"742\" data-src=\"https:\/\/intelsynet.com\/wp-content\/uploads\/2021\/07\/1366_2000-1-e1625830787186.jpg\" class=\"attachment-full size-full wp-post-image lazyload\" alt=\"motor de combusti\u00f3n\" data-srcset=\"https:\/\/intelsynet.com\/wp-content\/uploads\/2021\/07\/1366_2000-1-e1625830787186-200x124.jpg 200w, https:\/\/intelsynet.com\/wp-content\/uploads\/2021\/07\/1366_2000-1-e1625830787186-400x247.jpg 400w, https:\/\/intelsynet.com\/wp-content\/uploads\/2021\/07\/1366_2000-1-e1625830787186-600x371.jpg 600w, https:\/\/intelsynet.com\/wp-content\/uploads\/2021\/07\/1366_2000-1-e1625830787186-800x495.jpg 800w, https:\/\/intelsynet.com\/wp-content\/uploads\/2021\/07\/1366_2000-1-e1625830787186.jpg 1200w\" data-sizes=\"(min-width: 2200px) 100vw, (min-width: 784px) 363px, (min-width: 712px) 545px, (min-width: 640px) 712px,\" src=\"data:image\/svg+xml;base64,PHN2ZyB3aWR0aD0iMSIgaGVpZ2h0PSIxIiB4bWxucz0iaHR0cDovL3d3dy53My5vcmcvMjAwMC9zdmciPjwvc3ZnPg==\" style=\"--smush-placeholder-width: 1200px; --smush-placeholder-aspect-ratio: 1200\/742;\" \/><div class=\"fusion-rollover\">\n\t<div class=\"fusion-rollover-content\">\n\n\t\t\t\t\n\t\t\n\t\t\t\t\t\t\t\t\t\t\t\t<h4 class=\"fusion-rollover-title\">\n\t\t\t\t\t<a class=\"fusion-rollover-title-link\" href=\"https:\/\/intelsynet.com\/es\/motor-de-combustion\/\">\n\t\t\t\t\t\tEuropa pone fecha de caducidad al motor de combusti\u00f3n\t\t\t\t\t<\/a>\n\t\t\t\t<\/h4>\n\t\t\t\n\t\t\t\t\t\t\t\t\n\t\t\n\t\t\t\t\t\t<a class=\"fusion-link-wrapper\" href=\"https:\/\/intelsynet.com\/es\/motor-de-combustion\/\" aria-label=\"Europa pone fecha de caducidad al motor de combusti\u00f3n\"><\/a>\n\t<\/div>\n<\/div>\n<\/div>\n<\/li>\n\t\t\t\n\t\t\t\n\t\t\t\t\t\t\t\t<\/ul>\n\t<\/div>\n\t<div class=\"fusion-post-content-wrapper\" style=\"padding:30px 25px 20px 25px;\"><div class=\"fusion-post-content post-content\"><h2 class=\"blog-shortcode-post-title entry-title\"><a href=\"https:\/\/intelsynet.com\/es\/motor-de-combustion\/\">Europa pone fecha de caducidad al motor de combusti\u00f3n<\/a><\/h2><\/div><\/div><div class=\"fusion-clearfix\"><\/div><\/div>\n<\/article>\n<article id=\"blog-1-post-2272\" class=\"fusion-post-grid post-2272 post type-post status-publish format-standard has-post-thumbnail hentry category-nuestros-articulos\">\n<div class=\"fusion-post-wrapper\" style=\"background-color:rgba(255,255,255,0);border:1px solid #e8e8e8;border-bottom-width:3px;\">\n\n\t\t\t<div class=\"fusion-flexslider flexslider fusion-flexslider-loading fusion-post-slideshow\" style=\"border-color:#e8e8e8;\">\n\t\t<ul class=\"slides\">\n\t\t\t\n\t\t\t\t\t\t\t\t\t\t\t\t\t\t<li><div  class=\"fusion-image-wrapper\" aria-haspopup=\"true\">\n\t\t\t\t<img decoding=\"async\" width=\"1198\" height=\"741\" data-src=\"https:\/\/intelsynet.com\/wp-content\/uploads\/2021\/07\/1366_2000-e1625830342934.jpg\" class=\"attachment-full size-full wp-post-image lazyload\" alt=\"gigafactor\u00edas\" data-srcset=\"https:\/\/intelsynet.com\/wp-content\/uploads\/2021\/07\/1366_2000-e1625830342934-200x124.jpg 200w, https:\/\/intelsynet.com\/wp-content\/uploads\/2021\/07\/1366_2000-e1625830342934-400x247.jpg 400w, https:\/\/intelsynet.com\/wp-content\/uploads\/2021\/07\/1366_2000-e1625830342934-600x371.jpg 600w, https:\/\/intelsynet.com\/wp-content\/uploads\/2021\/07\/1366_2000-e1625830342934-800x495.jpg 800w, https:\/\/intelsynet.com\/wp-content\/uploads\/2021\/07\/1366_2000-e1625830342934.jpg 1198w\" data-sizes=\"(min-width: 2200px) 100vw, (min-width: 784px) 363px, (min-width: 712px) 545px, (min-width: 640px) 712px,\" src=\"data:image\/svg+xml;base64,PHN2ZyB3aWR0aD0iMSIgaGVpZ2h0PSIxIiB4bWxucz0iaHR0cDovL3d3dy53My5vcmcvMjAwMC9zdmciPjwvc3ZnPg==\" style=\"--smush-placeholder-width: 1198px; --smush-placeholder-aspect-ratio: 1198\/741;\" \/><div class=\"fusion-rollover\">\n\t<div class=\"fusion-rollover-content\">\n\n\t\t\t\t\n\t\t\n\t\t\t\t\t\t\t\t\t\t\t\t<h4 class=\"fusion-rollover-title\">\n\t\t\t\t\t<a class=\"fusion-rollover-title-link\" href=\"https:\/\/intelsynet.com\/es\/gigafactorias\/\">\n\t\t\t\t\t\t\u00bfCu\u00e1ntas gigafactor\u00edas necesita Espa\u00f1a para salvar a su industria de la automoci\u00f3n?\t\t\t\t\t<\/a>\n\t\t\t\t<\/h4>\n\t\t\t\n\t\t\t\t\t\t\t\t\n\t\t\n\t\t\t\t\t\t<a class=\"fusion-link-wrapper\" href=\"https:\/\/intelsynet.com\/es\/gigafactorias\/\" aria-label=\"\u00bfCu\u00e1ntas gigafactor\u00edas necesita Espa\u00f1a para salvar a su industria de la automoci\u00f3n?\"><\/a>\n\t<\/div>\n<\/div>\n<\/div>\n<\/li>\n\t\t\t\n\t\t\t\n\t\t\t\t\t\t\t\t<\/ul>\n\t<\/div>\n\t<div class=\"fusion-post-content-wrapper\" style=\"padding:30px 25px 20px 25px;\"><div class=\"fusion-post-content post-content\"><h2 class=\"blog-shortcode-post-title entry-title\"><a href=\"https:\/\/intelsynet.com\/es\/gigafactorias\/\">\u00bfCu\u00e1ntas gigafactor\u00edas necesita Espa\u00f1a para salvar a su industria de la automoci\u00f3n?<\/a><\/h2><\/div><\/div><div class=\"fusion-clearfix\"><\/div><\/div>\n<\/article>\n<article id=\"blog-1-post-2269\" class=\"fusion-post-grid post-2269 post type-post status-publish format-standard has-post-thumbnail hentry category-nuestros-articulos\">\n<div class=\"fusion-post-wrapper\" style=\"background-color:rgba(255,255,255,0);border:1px solid #e8e8e8;border-bottom-width:3px;\">\n\n\t\t\t<div class=\"fusion-flexslider flexslider fusion-flexslider-loading fusion-post-slideshow\" style=\"border-color:#e8e8e8;\">\n\t\t<ul class=\"slides\">\n\t\t\t\n\t\t\t\t\t\t\t\t\t\t\t\t\t\t<li><div  class=\"fusion-image-wrapper\" aria-haspopup=\"true\">\n\t\t\t\t<img decoding=\"async\" width=\"1200\" height=\"742\" data-src=\"https:\/\/intelsynet.com\/wp-content\/uploads\/2021\/07\/hidrogenera-e1625829884127.jpg\" class=\"attachment-full size-full wp-post-image lazyload\" alt=\"hidrogeneras\" data-srcset=\"https:\/\/intelsynet.com\/wp-content\/uploads\/2021\/07\/hidrogenera-e1625829884127-200x124.jpg 200w, https:\/\/intelsynet.com\/wp-content\/uploads\/2021\/07\/hidrogenera-e1625829884127-400x247.jpg 400w, https:\/\/intelsynet.com\/wp-content\/uploads\/2021\/07\/hidrogenera-e1625829884127-600x371.jpg 600w, https:\/\/intelsynet.com\/wp-content\/uploads\/2021\/07\/hidrogenera-e1625829884127-800x495.jpg 800w, https:\/\/intelsynet.com\/wp-content\/uploads\/2021\/07\/hidrogenera-e1625829884127.jpg 1200w\" data-sizes=\"(min-width: 2200px) 100vw, (min-width: 784px) 363px, (min-width: 712px) 545px, (min-width: 640px) 712px,\" src=\"data:image\/svg+xml;base64,PHN2ZyB3aWR0aD0iMSIgaGVpZ2h0PSIxIiB4bWxucz0iaHR0cDovL3d3dy53My5vcmcvMjAwMC9zdmciPjwvc3ZnPg==\" style=\"--smush-placeholder-width: 1200px; --smush-placeholder-aspect-ratio: 1200\/742;\" \/><div class=\"fusion-rollover\">\n\t<div class=\"fusion-rollover-content\">\n\n\t\t\t\t\n\t\t\n\t\t\t\t\t\t\t\t\t\t\t\t<h4 class=\"fusion-rollover-title\">\n\t\t\t\t\t<a class=\"fusion-rollover-title-link\" href=\"https:\/\/intelsynet.com\/es\/hidrogeneras\/\">\n\t\t\t\t\t\t\u00bfPor qu\u00e9 Espa\u00f1a est\u00e1 a la cola de Europa en electrolineras e hidrogeneras?\t\t\t\t\t<\/a>\n\t\t\t\t<\/h4>\n\t\t\t\n\t\t\t\t\t\t\t\t\n\t\t\n\t\t\t\t\t\t<a class=\"fusion-link-wrapper\" href=\"https:\/\/intelsynet.com\/es\/hidrogeneras\/\" aria-label=\"\u00bfPor qu\u00e9 Espa\u00f1a est\u00e1 a la cola de Europa en electrolineras e hidrogeneras?\"><\/a>\n\t<\/div>\n<\/div>\n<\/div>\n<\/li>\n\t\t\t\n\t\t\t\n\t\t\t\t\t\t\t\t<\/ul>\n\t<\/div>\n\t<div class=\"fusion-post-content-wrapper\" style=\"padding:30px 25px 20px 25px;\"><div class=\"fusion-post-content post-content\"><h2 class=\"blog-shortcode-post-title entry-title\"><a href=\"https:\/\/intelsynet.com\/es\/hidrogeneras\/\">\u00bfPor qu\u00e9 Espa\u00f1a est\u00e1 a la cola de Europa en electrolineras e hidrogeneras?<\/a><\/h2><\/div><\/div><div class=\"fusion-clearfix\"><\/div><\/div>\n<\/article>\n<article id=\"blog-1-post-2266\" class=\"fusion-post-grid post-2266 post type-post status-publish format-standard has-post-thumbnail hentry category-nuestros-articulos\">\n<div class=\"fusion-post-wrapper\" style=\"background-color:rgba(255,255,255,0);border:1px solid #e8e8e8;border-bottom-width:3px;\">\n\n\t\t\t<div class=\"fusion-flexslider flexslider fusion-flexslider-loading fusion-post-slideshow\" style=\"border-color:#e8e8e8;\">\n\t\t<ul class=\"slides\">\n\t\t\t\n\t\t\t\t\t\t\t\t\t\t\t\t\t\t<li><div  class=\"fusion-image-wrapper\" aria-haspopup=\"true\">\n\t\t\t\t<img decoding=\"async\" width=\"1198\" height=\"742\" data-src=\"https:\/\/intelsynet.com\/wp-content\/uploads\/2021\/07\/donald_trump-iberdrola-energia_eolica_496711128_153504690_1706x960-3-e1625831475554.jpg\" class=\"attachment-full size-full wp-post-image lazyload\" alt=\"Navantia Windar\" data-srcset=\"https:\/\/intelsynet.com\/wp-content\/uploads\/2021\/07\/donald_trump-iberdrola-energia_eolica_496711128_153504690_1706x960-3-e1625831475554-200x124.jpg 200w, https:\/\/intelsynet.com\/wp-content\/uploads\/2021\/07\/donald_trump-iberdrola-energia_eolica_496711128_153504690_1706x960-3-e1625831475554-400x248.jpg 400w, https:\/\/intelsynet.com\/wp-content\/uploads\/2021\/07\/donald_trump-iberdrola-energia_eolica_496711128_153504690_1706x960-3-e1625831475554-600x372.jpg 600w, https:\/\/intelsynet.com\/wp-content\/uploads\/2021\/07\/donald_trump-iberdrola-energia_eolica_496711128_153504690_1706x960-3-e1625831475554-800x495.jpg 800w, https:\/\/intelsynet.com\/wp-content\/uploads\/2021\/07\/donald_trump-iberdrola-energia_eolica_496711128_153504690_1706x960-3-e1625831475554.jpg 1198w\" data-sizes=\"(min-width: 2200px) 100vw, (min-width: 784px) 363px, (min-width: 712px) 545px, (min-width: 640px) 712px,\" src=\"data:image\/svg+xml;base64,PHN2ZyB3aWR0aD0iMSIgaGVpZ2h0PSIxIiB4bWxucz0iaHR0cDovL3d3dy53My5vcmcvMjAwMC9zdmciPjwvc3ZnPg==\" style=\"--smush-placeholder-width: 1198px; --smush-placeholder-aspect-ratio: 1198\/742;\" \/><div class=\"fusion-rollover\">\n\t<div class=\"fusion-rollover-content\">\n\n\t\t\t\t\n\t\t\n\t\t\t\t\t\t\t\t\t\t\t\t<h4 class=\"fusion-rollover-title\">\n\t\t\t\t\t<a class=\"fusion-rollover-title-link\" href=\"https:\/\/intelsynet.com\/es\/iberdrola-navantia-windar\/\">\n\t\t\t\t\t\tIberdrola cierra un acuerdo marco con Navantia y Windar valorado en 400 millones de euros\t\t\t\t\t<\/a>\n\t\t\t\t<\/h4>\n\t\t\t\n\t\t\t\t\t\t\t\t\n\t\t\n\t\t\t\t\t\t<a class=\"fusion-link-wrapper\" href=\"https:\/\/intelsynet.com\/es\/iberdrola-navantia-windar\/\" aria-label=\"Iberdrola cierra un acuerdo marco con Navantia y Windar valorado en 400 millones de euros\"><\/a>\n\t<\/div>\n<\/div>\n<\/div>\n<\/li>\n\t\t\t\n\t\t\t\n\t\t\t\t\t\t\t\t<\/ul>\n\t<\/div>\n\t<div class=\"fusion-post-content-wrapper\" style=\"padding:30px 25px 20px 25px;\"><div class=\"fusion-post-content post-content\"><h2 class=\"blog-shortcode-post-title entry-title\"><a href=\"https:\/\/intelsynet.com\/es\/iberdrola-navantia-windar\/\">Iberdrola cierra un acuerdo marco con Navantia y Windar valorado en 400 millones de euros<\/a><\/h2><\/div><\/div><div class=\"fusion-clearfix\"><\/div><\/div>\n<\/article>\n<article id=\"blog-1-post-2216\" class=\"fusion-post-grid post-2216 post type-post status-publish format-standard has-post-thumbnail hentry category-nuestros-articulos\">\n<div class=\"fusion-post-wrapper\" style=\"background-color:rgba(255,255,255,0);border:1px solid #e8e8e8;border-bottom-width:3px;\">\n\n\t\t\t<div class=\"fusion-flexslider flexslider fusion-flexslider-loading fusion-post-slideshow\" style=\"border-color:#e8e8e8;\">\n\t\t<ul class=\"slides\">\n\t\t\t\n\t\t\t\t\t\t\t\t\t\t\t\t\t\t<li><div  class=\"fusion-image-wrapper\" aria-haspopup=\"true\">\n\t\t\t\t<img decoding=\"async\" width=\"1200\" height=\"742\" data-src=\"https:\/\/intelsynet.com\/wp-content\/uploads\/2021\/07\/Mercedes-Benz.jpg\" class=\"attachment-full size-full wp-post-image lazyload\" alt=\"Mercedes-Benz\" data-srcset=\"https:\/\/intelsynet.com\/wp-content\/uploads\/2021\/07\/Mercedes-Benz-200x124.jpg 200w, https:\/\/intelsynet.com\/wp-content\/uploads\/2021\/07\/Mercedes-Benz-400x247.jpg 400w, https:\/\/intelsynet.com\/wp-content\/uploads\/2021\/07\/Mercedes-Benz-600x371.jpg 600w, https:\/\/intelsynet.com\/wp-content\/uploads\/2021\/07\/Mercedes-Benz-800x495.jpg 800w, https:\/\/intelsynet.com\/wp-content\/uploads\/2021\/07\/Mercedes-Benz.jpg 1200w\" data-sizes=\"(min-width: 2200px) 100vw, (min-width: 784px) 363px, (min-width: 712px) 545px, (min-width: 640px) 712px,\" src=\"data:image\/svg+xml;base64,PHN2ZyB3aWR0aD0iMSIgaGVpZ2h0PSIxIiB4bWxucz0iaHR0cDovL3d3dy53My5vcmcvMjAwMC9zdmciPjwvc3ZnPg==\" style=\"--smush-placeholder-width: 1200px; --smush-placeholder-aspect-ratio: 1200\/742;\" \/><div class=\"fusion-rollover\">\n\t<div class=\"fusion-rollover-content\">\n\n\t\t\t\t\n\t\t\n\t\t\t\t\t\t\t\t\t\t\t\t<h4 class=\"fusion-rollover-title\">\n\t\t\t\t\t<a class=\"fusion-rollover-title-link\" href=\"https:\/\/intelsynet.com\/es\/mercedes-benz-sufre-una-brecha-de-seguridad-en-eeuu\/\">\n\t\t\t\t\t\tMercedes-Benz sufre una brecha de seguridad en EEUU\t\t\t\t\t<\/a>\n\t\t\t\t<\/h4>\n\t\t\t\n\t\t\t\t\t\t\t\t\n\t\t\n\t\t\t\t\t\t<a class=\"fusion-link-wrapper\" href=\"https:\/\/intelsynet.com\/es\/mercedes-benz-sufre-una-brecha-de-seguridad-en-eeuu\/\" aria-label=\"Mercedes-Benz sufre una brecha de seguridad en EEUU\"><\/a>\n\t<\/div>\n<\/div>\n<\/div>\n<\/li>\n\t\t\t\n\t\t\t\n\t\t\t\t\t\t\t\t<\/ul>\n\t<\/div>\n\t<div class=\"fusion-post-content-wrapper\" style=\"padding:30px 25px 20px 25px;\"><div class=\"fusion-post-content post-content\"><h2 class=\"blog-shortcode-post-title entry-title\"><a href=\"https:\/\/intelsynet.com\/es\/mercedes-benz-sufre-una-brecha-de-seguridad-en-eeuu\/\">Mercedes-Benz sufre una brecha de seguridad en EEUU<\/a><\/h2><\/div><\/div><div class=\"fusion-clearfix\"><\/div><\/div>\n<\/article>\n<article id=\"blog-1-post-2214\" class=\"fusion-post-grid post-2214 post type-post status-publish format-standard has-post-thumbnail hentry category-nuestros-articulos\">\n<div class=\"fusion-post-wrapper\" style=\"background-color:rgba(255,255,255,0);border:1px solid #e8e8e8;border-bottom-width:3px;\">\n\n\t\t\t<div class=\"fusion-flexslider flexslider fusion-flexslider-loading fusion-post-slideshow\" style=\"border-color:#e8e8e8;\">\n\t\t<ul class=\"slides\">\n\t\t\t\n\t\t\t\t\t\t\t\t\t\t\t\t\t\t<li><div  class=\"fusion-image-wrapper\" aria-haspopup=\"true\">\n\t\t\t\t<img decoding=\"async\" width=\"1200\" height=\"742\" data-src=\"https:\/\/intelsynet.com\/wp-content\/uploads\/2021\/07\/incibe.jpg\" class=\"attachment-full size-full wp-post-image lazyload\" alt=\"incibe\" data-srcset=\"https:\/\/intelsynet.com\/wp-content\/uploads\/2021\/07\/incibe-200x124.jpg 200w, https:\/\/intelsynet.com\/wp-content\/uploads\/2021\/07\/incibe-400x247.jpg 400w, https:\/\/intelsynet.com\/wp-content\/uploads\/2021\/07\/incibe-600x371.jpg 600w, https:\/\/intelsynet.com\/wp-content\/uploads\/2021\/07\/incibe-800x495.jpg 800w, https:\/\/intelsynet.com\/wp-content\/uploads\/2021\/07\/incibe.jpg 1200w\" data-sizes=\"(min-width: 2200px) 100vw, (min-width: 784px) 363px, (min-width: 712px) 545px, (min-width: 640px) 712px,\" src=\"data:image\/svg+xml;base64,PHN2ZyB3aWR0aD0iMSIgaGVpZ2h0PSIxIiB4bWxucz0iaHR0cDovL3d3dy53My5vcmcvMjAwMC9zdmciPjwvc3ZnPg==\" style=\"--smush-placeholder-width: 1200px; --smush-placeholder-aspect-ratio: 1200\/742;\" \/><div class=\"fusion-rollover\">\n\t<div class=\"fusion-rollover-content\">\n\n\t\t\t\t\n\t\t\n\t\t\t\t\t\t\t\t\t\t\t\t<h4 class=\"fusion-rollover-title\">\n\t\t\t\t\t<a class=\"fusion-rollover-title-link\" href=\"https:\/\/intelsynet.com\/es\/incibe-canalizara-224-millones-de-euros-destinados-a-compra-publica-en-ciberseguridad\/\">\n\t\t\t\t\t\tINCIBE canalizar\u00e1 224 millones de euros destinados a compra p\u00fablica en ciberseguridad\t\t\t\t\t<\/a>\n\t\t\t\t<\/h4>\n\t\t\t\n\t\t\t\t\t\t\t\t\n\t\t\n\t\t\t\t\t\t<a class=\"fusion-link-wrapper\" href=\"https:\/\/intelsynet.com\/es\/incibe-canalizara-224-millones-de-euros-destinados-a-compra-publica-en-ciberseguridad\/\" aria-label=\"INCIBE canalizar\u00e1 224 millones de euros destinados a compra p\u00fablica en ciberseguridad\"><\/a>\n\t<\/div>\n<\/div>\n<\/div>\n<\/li>\n\t\t\t\n\t\t\t\n\t\t\t\t\t\t\t\t<\/ul>\n\t<\/div>\n\t<div class=\"fusion-post-content-wrapper\" style=\"padding:30px 25px 20px 25px;\"><div class=\"fusion-post-content post-content\"><h2 class=\"blog-shortcode-post-title entry-title\"><a href=\"https:\/\/intelsynet.com\/es\/incibe-canalizara-224-millones-de-euros-destinados-a-compra-publica-en-ciberseguridad\/\">INCIBE canalizar\u00e1 224 millones de euros destinados a compra p\u00fablica en ciberseguridad<\/a><\/h2><\/div><\/div><div class=\"fusion-clearfix\"><\/div><\/div>\n<\/article>\n<article id=\"blog-1-post-2215\" class=\"fusion-post-grid post-2215 post type-post status-publish format-standard has-post-thumbnail hentry category-nuestros-articulos\">\n<div class=\"fusion-post-wrapper\" style=\"background-color:rgba(255,255,255,0);border:1px solid #e8e8e8;border-bottom-width:3px;\">\n\n\t\t\t<div class=\"fusion-flexslider flexslider fusion-flexslider-loading fusion-post-slideshow\" style=\"border-color:#e8e8e8;\">\n\t\t<ul class=\"slides\">\n\t\t\t\n\t\t\t\t\t\t\t\t\t\t\t\t\t\t<li><div  class=\"fusion-image-wrapper\" aria-haspopup=\"true\">\n\t\t\t\t<img decoding=\"async\" width=\"1200\" height=\"742\" data-src=\"https:\/\/intelsynet.com\/wp-content\/uploads\/2021\/07\/credit-agricole.jpg\" class=\"attachment-full size-full wp-post-image lazyload\" alt=\"cr\u00e9dit agricole\" data-srcset=\"https:\/\/intelsynet.com\/wp-content\/uploads\/2021\/07\/credit-agricole-200x124.jpg 200w, https:\/\/intelsynet.com\/wp-content\/uploads\/2021\/07\/credit-agricole-400x247.jpg 400w, https:\/\/intelsynet.com\/wp-content\/uploads\/2021\/07\/credit-agricole-600x371.jpg 600w, https:\/\/intelsynet.com\/wp-content\/uploads\/2021\/07\/credit-agricole-800x495.jpg 800w, https:\/\/intelsynet.com\/wp-content\/uploads\/2021\/07\/credit-agricole.jpg 1200w\" data-sizes=\"(min-width: 2200px) 100vw, (min-width: 784px) 363px, (min-width: 712px) 545px, (min-width: 640px) 712px,\" src=\"data:image\/svg+xml;base64,PHN2ZyB3aWR0aD0iMSIgaGVpZ2h0PSIxIiB4bWxucz0iaHR0cDovL3d3dy53My5vcmcvMjAwMC9zdmciPjwvc3ZnPg==\" style=\"--smush-placeholder-width: 1200px; --smush-placeholder-aspect-ratio: 1200\/742;\" \/><div class=\"fusion-rollover\">\n\t<div class=\"fusion-rollover-content\">\n\n\t\t\t\t\n\t\t\n\t\t\t\t\t\t\t\t\t\t\t\t<h4 class=\"fusion-rollover-title\">\n\t\t\t\t\t<a class=\"fusion-rollover-title-link\" href=\"https:\/\/intelsynet.com\/es\/credit-agricole-compra-a-bankia-su-49-en-la-financiera-soyou\/\">\n\t\t\t\t\t\tCr\u00e9dit Agricole compra a Bankia su 49% en la financiera SoYou\t\t\t\t\t<\/a>\n\t\t\t\t<\/h4>\n\t\t\t\n\t\t\t\t\t\t\t\t\n\t\t\n\t\t\t\t\t\t<a class=\"fusion-link-wrapper\" href=\"https:\/\/intelsynet.com\/es\/credit-agricole-compra-a-bankia-su-49-en-la-financiera-soyou\/\" aria-label=\"Cr\u00e9dit Agricole compra a Bankia su 49% en la financiera SoYou\"><\/a>\n\t<\/div>\n<\/div>\n<\/div>\n<\/li>\n\t\t\t\n\t\t\t\n\t\t\t\t\t\t\t\t<\/ul>\n\t<\/div>\n\t<div class=\"fusion-post-content-wrapper\" style=\"padding:30px 25px 20px 25px;\"><div class=\"fusion-post-content post-content\"><h2 class=\"blog-shortcode-post-title entry-title\"><a href=\"https:\/\/intelsynet.com\/es\/credit-agricole-compra-a-bankia-su-49-en-la-financiera-soyou\/\">Cr\u00e9dit Agricole compra a Bankia su 49% en la financiera SoYou<\/a><\/h2><\/div><\/div><div class=\"fusion-clearfix\"><\/div><\/div>\n<\/article>\n<article id=\"blog-1-post-2213\" class=\"fusion-post-grid post-2213 post type-post status-publish format-standard has-post-thumbnail hentry category-nuestros-articulos\">\n<div class=\"fusion-post-wrapper\" style=\"background-color:rgba(255,255,255,0);border:1px solid #e8e8e8;border-bottom-width:3px;\">\n\n\t\t\t<div class=\"fusion-flexslider flexslider fusion-flexslider-loading fusion-post-slideshow\" style=\"border-color:#e8e8e8;\">\n\t\t<ul class=\"slides\">\n\t\t\t\n\t\t\t\t\t\t\t\t\t\t\t\t\t\t<li><div  class=\"fusion-image-wrapper\" aria-haspopup=\"true\">\n\t\t\t\t<img decoding=\"async\" width=\"1200\" height=\"742\" data-src=\"https:\/\/intelsynet.com\/wp-content\/uploads\/2021\/07\/bbva.jpg\" class=\"attachment-full size-full wp-post-image lazyload\" alt=\"BBVA\" data-srcset=\"https:\/\/intelsynet.com\/wp-content\/uploads\/2021\/07\/bbva-200x124.jpg 200w, https:\/\/intelsynet.com\/wp-content\/uploads\/2021\/07\/bbva-400x247.jpg 400w, https:\/\/intelsynet.com\/wp-content\/uploads\/2021\/07\/bbva-600x371.jpg 600w, https:\/\/intelsynet.com\/wp-content\/uploads\/2021\/07\/bbva-800x495.jpg 800w, https:\/\/intelsynet.com\/wp-content\/uploads\/2021\/07\/bbva.jpg 1200w\" data-sizes=\"(min-width: 2200px) 100vw, (min-width: 784px) 363px, (min-width: 712px) 545px, (min-width: 640px) 712px,\" src=\"data:image\/svg+xml;base64,PHN2ZyB3aWR0aD0iMSIgaGVpZ2h0PSIxIiB4bWxucz0iaHR0cDovL3d3dy53My5vcmcvMjAwMC9zdmciPjwvc3ZnPg==\" style=\"--smush-placeholder-width: 1200px; --smush-placeholder-aspect-ratio: 1200\/742;\" \/><div class=\"fusion-rollover\">\n\t<div class=\"fusion-rollover-content\">\n\n\t\t\t\t\n\t\t\n\t\t\t\t\t\t\t\t\t\t\t\t<h4 class=\"fusion-rollover-title\">\n\t\t\t\t\t<a class=\"fusion-rollover-title-link\" href=\"https:\/\/intelsynet.com\/es\/bbva-dona-un-millon-de-euros-a-23-proyectos-de-varias-ong\/\">\n\t\t\t\t\t\tBBVA dona un mill\u00f3n de euros a 23 proyectos de varias ONG\t\t\t\t\t<\/a>\n\t\t\t\t<\/h4>\n\t\t\t\n\t\t\t\t\t\t\t\t\n\t\t\n\t\t\t\t\t\t<a class=\"fusion-link-wrapper\" href=\"https:\/\/intelsynet.com\/es\/bbva-dona-un-millon-de-euros-a-23-proyectos-de-varias-ong\/\" aria-label=\"BBVA dona un mill\u00f3n de euros a 23 proyectos de varias ONG\"><\/a>\n\t<\/div>\n<\/div>\n<\/div>\n<\/li>\n\t\t\t\n\t\t\t\n\t\t\t\t\t\t\t\t<\/ul>\n\t<\/div>\n\t<div class=\"fusion-post-content-wrapper\" style=\"padding:30px 25px 20px 25px;\"><div class=\"fusion-post-content post-content\"><h2 class=\"blog-shortcode-post-title entry-title\"><a href=\"https:\/\/intelsynet.com\/es\/bbva-dona-un-millon-de-euros-a-23-proyectos-de-varias-ong\/\">BBVA dona un mill\u00f3n de euros a 23 proyectos de varias ONG<\/a><\/h2><\/div><\/div><div class=\"fusion-clearfix\"><\/div><\/div>\n<\/article>\n<article id=\"blog-1-post-2212\" class=\"fusion-post-grid post-2212 post type-post status-publish format-standard has-post-thumbnail hentry category-nuestros-articulos category-geopolitica\">\n<div class=\"fusion-post-wrapper\" style=\"background-color:rgba(255,255,255,0);border:1px solid #e8e8e8;border-bottom-width:3px;\">\n\n\t\t\t<div class=\"fusion-flexslider flexslider fusion-flexslider-loading fusion-post-slideshow\" style=\"border-color:#e8e8e8;\">\n\t\t<ul class=\"slides\">\n\t\t\t\n\t\t\t\t\t\t\t\t\t\t\t\t\t\t<li><div  class=\"fusion-image-wrapper\" aria-haspopup=\"true\">\n\t\t\t\t<img decoding=\"async\" width=\"1200\" height=\"742\" data-src=\"https:\/\/intelsynet.com\/wp-content\/uploads\/2021\/07\/proteccion-de-datos.jpg\" class=\"attachment-full size-full wp-post-image lazyload\" alt=\"protecci\u00f3n de datos\" data-srcset=\"https:\/\/intelsynet.com\/wp-content\/uploads\/2021\/07\/proteccion-de-datos-200x124.jpg 200w, https:\/\/intelsynet.com\/wp-content\/uploads\/2021\/07\/proteccion-de-datos-400x247.jpg 400w, https:\/\/intelsynet.com\/wp-content\/uploads\/2021\/07\/proteccion-de-datos-600x371.jpg 600w, https:\/\/intelsynet.com\/wp-content\/uploads\/2021\/07\/proteccion-de-datos-800x495.jpg 800w, https:\/\/intelsynet.com\/wp-content\/uploads\/2021\/07\/proteccion-de-datos.jpg 1200w\" data-sizes=\"(min-width: 2200px) 100vw, (min-width: 784px) 363px, (min-width: 712px) 545px, (min-width: 640px) 712px,\" src=\"data:image\/svg+xml;base64,PHN2ZyB3aWR0aD0iMSIgaGVpZ2h0PSIxIiB4bWxucz0iaHR0cDovL3d3dy53My5vcmcvMjAwMC9zdmciPjwvc3ZnPg==\" style=\"--smush-placeholder-width: 1200px; --smush-placeholder-aspect-ratio: 1200\/742;\" \/><div class=\"fusion-rollover\">\n\t<div class=\"fusion-rollover-content\">\n\n\t\t\t\t\n\t\t\n\t\t\t\t\t\t\t\t\t\t\t\t<h4 class=\"fusion-rollover-title\">\n\t\t\t\t\t<a class=\"fusion-rollover-title-link\" href=\"https:\/\/intelsynet.com\/es\/bruselas-declara-equivalente-la-proteccion-de-datos-en-la-union-europea-y-reino-unido\/\">\n\t\t\t\t\t\tBruselas declara equivalente la protecci\u00f3n de datos en la Uni\u00f3n Europea y Reino Unido\t\t\t\t\t<\/a>\n\t\t\t\t<\/h4>\n\t\t\t\n\t\t\t\t\t\t\t\t\n\t\t\n\t\t\t\t\t\t<a class=\"fusion-link-wrapper\" href=\"https:\/\/intelsynet.com\/es\/bruselas-declara-equivalente-la-proteccion-de-datos-en-la-union-europea-y-reino-unido\/\" aria-label=\"Bruselas declara equivalente la protecci\u00f3n de datos en la Uni\u00f3n Europea y Reino Unido\"><\/a>\n\t<\/div>\n<\/div>\n<\/div>\n<\/li>\n\t\t\t\n\t\t\t\n\t\t\t\t\t\t\t\t<\/ul>\n\t<\/div>\n\t<div class=\"fusion-post-content-wrapper\" style=\"padding:30px 25px 20px 25px;\"><div class=\"fusion-post-content post-content\"><h2 class=\"blog-shortcode-post-title entry-title\"><a href=\"https:\/\/intelsynet.com\/es\/bruselas-declara-equivalente-la-proteccion-de-datos-en-la-union-europea-y-reino-unido\/\">Bruselas declara equivalente la protecci\u00f3n de datos en la Uni\u00f3n Europea y Reino Unido<\/a><\/h2><\/div><\/div><div class=\"fusion-clearfix\"><\/div><\/div>\n<\/article>\n<article id=\"blog-1-post-2211\" class=\"fusion-post-grid post-2211 post type-post status-publish format-standard has-post-thumbnail hentry category-nuestros-articulos\">\n<div class=\"fusion-post-wrapper\" style=\"background-color:rgba(255,255,255,0);border:1px solid #e8e8e8;border-bottom-width:3px;\">\n\n\t\t\t<div class=\"fusion-flexslider flexslider fusion-flexslider-loading fusion-post-slideshow\" style=\"border-color:#e8e8e8;\">\n\t\t<ul class=\"slides\">\n\t\t\t\n\t\t\t\t\t\t\t\t\t\t\t\t\t\t<li><div  class=\"fusion-image-wrapper\" aria-haspopup=\"true\">\n\t\t\t\t<img decoding=\"async\" width=\"1200\" height=\"742\" data-src=\"https:\/\/intelsynet.com\/wp-content\/uploads\/2021\/07\/rusia.jpg\" class=\"attachment-full size-full wp-post-image lazyload\" alt=\"rublo digital\" data-srcset=\"https:\/\/intelsynet.com\/wp-content\/uploads\/2021\/07\/rusia-200x124.jpg 200w, https:\/\/intelsynet.com\/wp-content\/uploads\/2021\/07\/rusia-400x247.jpg 400w, https:\/\/intelsynet.com\/wp-content\/uploads\/2021\/07\/rusia-600x371.jpg 600w, https:\/\/intelsynet.com\/wp-content\/uploads\/2021\/07\/rusia-800x495.jpg 800w, https:\/\/intelsynet.com\/wp-content\/uploads\/2021\/07\/rusia.jpg 1200w\" data-sizes=\"(min-width: 2200px) 100vw, (min-width: 784px) 363px, (min-width: 712px) 545px, (min-width: 640px) 712px,\" src=\"data:image\/svg+xml;base64,PHN2ZyB3aWR0aD0iMSIgaGVpZ2h0PSIxIiB4bWxucz0iaHR0cDovL3d3dy53My5vcmcvMjAwMC9zdmciPjwvc3ZnPg==\" style=\"--smush-placeholder-width: 1200px; --smush-placeholder-aspect-ratio: 1200\/742;\" \/><div class=\"fusion-rollover\">\n\t<div class=\"fusion-rollover-content\">\n\n\t\t\t\t\n\t\t\n\t\t\t\t\t\t\t\t\t\t\t\t<h4 class=\"fusion-rollover-title\">\n\t\t\t\t\t<a class=\"fusion-rollover-title-link\" href=\"https:\/\/intelsynet.com\/es\/rusia-lanza-un-piloto-de-rublo-digital\/\">\n\t\t\t\t\t\tRusia lanza un piloto de rublo digital\t\t\t\t\t<\/a>\n\t\t\t\t<\/h4>\n\t\t\t\n\t\t\t\t\t\t\t\t\n\t\t\n\t\t\t\t\t\t<a class=\"fusion-link-wrapper\" href=\"https:\/\/intelsynet.com\/es\/rusia-lanza-un-piloto-de-rublo-digital\/\" aria-label=\"Rusia lanza un piloto de rublo digital\"><\/a>\n\t<\/div>\n<\/div>\n<\/div>\n<\/li>\n\t\t\t\n\t\t\t\n\t\t\t\t\t\t\t\t<\/ul>\n\t<\/div>\n\t<div class=\"fusion-post-content-wrapper\" style=\"padding:30px 25px 20px 25px;\"><div class=\"fusion-post-content post-content\"><h2 class=\"blog-shortcode-post-title entry-title\"><a href=\"https:\/\/intelsynet.com\/es\/rusia-lanza-un-piloto-de-rublo-digital\/\">Rusia lanza un piloto de rublo digital<\/a><\/h2><\/div><\/div><div class=\"fusion-clearfix\"><\/div><\/div>\n<\/article>\n<article id=\"blog-1-post-2209\" class=\"fusion-post-grid post-2209 post type-post status-publish format-standard has-post-thumbnail hentry category-nuestros-articulos\">\n<div class=\"fusion-post-wrapper\" style=\"background-color:rgba(255,255,255,0);border:1px solid #e8e8e8;border-bottom-width:3px;\">\n\n\t\t\t<div class=\"fusion-flexslider flexslider fusion-flexslider-loading fusion-post-slideshow\" style=\"border-color:#e8e8e8;\">\n\t\t<ul class=\"slides\">\n\t\t\t\n\t\t\t\t\t\t\t\t\t\t\t\t\t\t<li><div  class=\"fusion-image-wrapper\" aria-haspopup=\"true\">\n\t\t\t\t<img decoding=\"async\" width=\"1200\" height=\"742\" data-src=\"https:\/\/intelsynet.com\/wp-content\/uploads\/2021\/07\/Espana-ciberseguridad.jpg\" class=\"attachment-full size-full wp-post-image lazyload\" alt=\"ciberseguridad\" data-srcset=\"https:\/\/intelsynet.com\/wp-content\/uploads\/2021\/07\/Espana-ciberseguridad-200x124.jpg 200w, https:\/\/intelsynet.com\/wp-content\/uploads\/2021\/07\/Espana-ciberseguridad-400x247.jpg 400w, https:\/\/intelsynet.com\/wp-content\/uploads\/2021\/07\/Espana-ciberseguridad-600x371.jpg 600w, https:\/\/intelsynet.com\/wp-content\/uploads\/2021\/07\/Espana-ciberseguridad-800x495.jpg 800w, https:\/\/intelsynet.com\/wp-content\/uploads\/2021\/07\/Espana-ciberseguridad.jpg 1200w\" data-sizes=\"(min-width: 2200px) 100vw, (min-width: 784px) 363px, (min-width: 712px) 545px, (min-width: 640px) 712px,\" src=\"data:image\/svg+xml;base64,PHN2ZyB3aWR0aD0iMSIgaGVpZ2h0PSIxIiB4bWxucz0iaHR0cDovL3d3dy53My5vcmcvMjAwMC9zdmciPjwvc3ZnPg==\" style=\"--smush-placeholder-width: 1200px; --smush-placeholder-aspect-ratio: 1200\/742;\" \/><div class=\"fusion-rollover\">\n\t<div class=\"fusion-rollover-content\">\n\n\t\t\t\t\n\t\t\n\t\t\t\t\t\t\t\t\t\t\t\t<h4 class=\"fusion-rollover-title\">\n\t\t\t\t\t<a class=\"fusion-rollover-title-link\" href=\"https:\/\/intelsynet.com\/es\/espana-cuarta-potencia-internacional-en-ciberseguridad\/\">\n\t\t\t\t\t\tEspa\u00f1a, cuarta potencia internacional en ciberseguridad\t\t\t\t\t<\/a>\n\t\t\t\t<\/h4>\n\t\t\t\n\t\t\t\t\t\t\t\t\n\t\t\n\t\t\t\t\t\t<a class=\"fusion-link-wrapper\" href=\"https:\/\/intelsynet.com\/es\/espana-cuarta-potencia-internacional-en-ciberseguridad\/\" aria-label=\"Espa\u00f1a, cuarta potencia internacional en ciberseguridad\"><\/a>\n\t<\/div>\n<\/div>\n<\/div>\n<\/li>\n\t\t\t\n\t\t\t\n\t\t\t\t\t\t\t\t<\/ul>\n\t<\/div>\n\t<div class=\"fusion-post-content-wrapper\" style=\"padding:30px 25px 20px 25px;\"><div class=\"fusion-post-content post-content\"><h2 class=\"blog-shortcode-post-title entry-title\"><a href=\"https:\/\/intelsynet.com\/es\/espana-cuarta-potencia-internacional-en-ciberseguridad\/\">Espa\u00f1a, cuarta potencia internacional en ciberseguridad<\/a><\/h2><\/div><\/div><div class=\"fusion-clearfix\"><\/div><\/div>\n<\/article>\n<article id=\"blog-1-post-2210\" class=\"fusion-post-grid post-2210 post type-post status-publish format-standard has-post-thumbnail hentry category-nuestros-articulos\">\n<div class=\"fusion-post-wrapper\" style=\"background-color:rgba(255,255,255,0);border:1px solid #e8e8e8;border-bottom-width:3px;\">\n\n\t\t\t<div class=\"fusion-flexslider flexslider fusion-flexslider-loading fusion-post-slideshow\" style=\"border-color:#e8e8e8;\">\n\t\t<ul class=\"slides\">\n\t\t\t\n\t\t\t\t\t\t\t\t\t\t\t\t\t\t<li><div  class=\"fusion-image-wrapper\" aria-haspopup=\"true\">\n\t\t\t\t<img decoding=\"async\" width=\"1200\" height=\"742\" data-src=\"https:\/\/intelsynet.com\/wp-content\/uploads\/2021\/07\/Renault.jpg\" class=\"attachment-full size-full wp-post-image lazyload\" alt=\"estrategia el\u00e9ctrica de Renault\" data-srcset=\"https:\/\/intelsynet.com\/wp-content\/uploads\/2021\/07\/Renault-200x124.jpg 200w, https:\/\/intelsynet.com\/wp-content\/uploads\/2021\/07\/Renault-400x247.jpg 400w, https:\/\/intelsynet.com\/wp-content\/uploads\/2021\/07\/Renault-600x371.jpg 600w, https:\/\/intelsynet.com\/wp-content\/uploads\/2021\/07\/Renault-800x495.jpg 800w, https:\/\/intelsynet.com\/wp-content\/uploads\/2021\/07\/Renault.jpg 1200w\" data-sizes=\"(min-width: 2200px) 100vw, (min-width: 784px) 363px, (min-width: 712px) 545px, (min-width: 640px) 712px,\" src=\"data:image\/svg+xml;base64,PHN2ZyB3aWR0aD0iMSIgaGVpZ2h0PSIxIiB4bWxucz0iaHR0cDovL3d3dy53My5vcmcvMjAwMC9zdmciPjwvc3ZnPg==\" style=\"--smush-placeholder-width: 1200px; --smush-placeholder-aspect-ratio: 1200\/742;\" \/><div class=\"fusion-rollover\">\n\t<div class=\"fusion-rollover-content\">\n\n\t\t\t\t\n\t\t\n\t\t\t\t\t\t\t\t\t\t\t\t<h4 class=\"fusion-rollover-title\">\n\t\t\t\t\t<a class=\"fusion-rollover-title-link\" href=\"https:\/\/intelsynet.com\/es\/la-nueva-estrategia-electrica-de-renault\/\">\n\t\t\t\t\t\tLa nueva estrategia el\u00e9ctrica de Renault\t\t\t\t\t<\/a>\n\t\t\t\t<\/h4>\n\t\t\t\n\t\t\t\t\t\t\t\t\n\t\t\n\t\t\t\t\t\t<a class=\"fusion-link-wrapper\" href=\"https:\/\/intelsynet.com\/es\/la-nueva-estrategia-electrica-de-renault\/\" aria-label=\"La nueva estrategia el\u00e9ctrica de Renault\"><\/a>\n\t<\/div>\n<\/div>\n<\/div>\n<\/li>\n\t\t\t\n\t\t\t\n\t\t\t\t\t\t\t\t<\/ul>\n\t<\/div>\n\t<div class=\"fusion-post-content-wrapper\" style=\"padding:30px 25px 20px 25px;\"><div class=\"fusion-post-content post-content\"><h2 class=\"blog-shortcode-post-title entry-title\"><a href=\"https:\/\/intelsynet.com\/es\/la-nueva-estrategia-electrica-de-renault\/\">La nueva estrategia el\u00e9ctrica de Renault<\/a><\/h2><\/div><\/div><div class=\"fusion-clearfix\"><\/div><\/div>\n<\/article>\n<article id=\"blog-1-post-2217\" class=\"fusion-post-grid post-2217 post type-post status-publish format-standard has-post-thumbnail hentry category-nuestros-articulos\">\n<div class=\"fusion-post-wrapper\" style=\"background-color:rgba(255,255,255,0);border:1px solid #e8e8e8;border-bottom-width:3px;\">\n\n\t\t\t<div class=\"fusion-flexslider flexslider fusion-flexslider-loading fusion-post-slideshow\" style=\"border-color:#e8e8e8;\">\n\t\t<ul class=\"slides\">\n\t\t\t\n\t\t\t\t\t\t\t\t\t\t\t\t\t\t<li><div  class=\"fusion-image-wrapper\" aria-haspopup=\"true\">\n\t\t\t\t<img decoding=\"async\" width=\"1200\" height=\"742\" data-src=\"https:\/\/intelsynet.com\/wp-content\/uploads\/2021\/07\/delivery-financiero.jpg\" class=\"attachment-full size-full wp-post-image lazyload\" alt=\"delivery financiero\" data-srcset=\"https:\/\/intelsynet.com\/wp-content\/uploads\/2021\/07\/delivery-financiero-200x124.jpg 200w, https:\/\/intelsynet.com\/wp-content\/uploads\/2021\/07\/delivery-financiero-400x247.jpg 400w, https:\/\/intelsynet.com\/wp-content\/uploads\/2021\/07\/delivery-financiero-600x371.jpg 600w, https:\/\/intelsynet.com\/wp-content\/uploads\/2021\/07\/delivery-financiero-800x495.jpg 800w, https:\/\/intelsynet.com\/wp-content\/uploads\/2021\/07\/delivery-financiero.jpg 1200w\" data-sizes=\"(min-width: 2200px) 100vw, (min-width: 784px) 363px, (min-width: 712px) 545px, (min-width: 640px) 712px,\" src=\"data:image\/svg+xml;base64,PHN2ZyB3aWR0aD0iMSIgaGVpZ2h0PSIxIiB4bWxucz0iaHR0cDovL3d3dy53My5vcmcvMjAwMC9zdmciPjwvc3ZnPg==\" style=\"--smush-placeholder-width: 1200px; --smush-placeholder-aspect-ratio: 1200\/742;\" \/><div class=\"fusion-rollover\">\n\t<div class=\"fusion-rollover-content\">\n\n\t\t\t\t\n\t\t\n\t\t\t\t\t\t\t\t\t\t\t\t<h4 class=\"fusion-rollover-title\">\n\t\t\t\t\t<a class=\"fusion-rollover-title-link\" href=\"https:\/\/intelsynet.com\/es\/el-delivery-financiero-clave-en-la-espana-rural\/\">\n\t\t\t\t\t\tEl delivery financiero, clave en la Espa\u00f1a rural\t\t\t\t\t<\/a>\n\t\t\t\t<\/h4>\n\t\t\t\n\t\t\t\t\t\t\t\t\n\t\t\n\t\t\t\t\t\t<a class=\"fusion-link-wrapper\" href=\"https:\/\/intelsynet.com\/es\/el-delivery-financiero-clave-en-la-espana-rural\/\" aria-label=\"El delivery financiero, clave en la Espa\u00f1a rural\"><\/a>\n\t<\/div>\n<\/div>\n<\/div>\n<\/li>\n\t\t\t\n\t\t\t\n\t\t\t\t\t\t\t\t<\/ul>\n\t<\/div>\n\t<div class=\"fusion-post-content-wrapper\" style=\"padding:30px 25px 20px 25px;\"><div class=\"fusion-post-content post-content\"><h2 class=\"blog-shortcode-post-title entry-title\"><a href=\"https:\/\/intelsynet.com\/es\/el-delivery-financiero-clave-en-la-espana-rural\/\">El delivery financiero, clave en la Espa\u00f1a rural<\/a><\/h2><\/div><\/div><div class=\"fusion-clearfix\"><\/div><\/div>\n<\/article>\n<article id=\"blog-1-post-2185\" class=\"fusion-post-grid post-2185 post type-post status-publish format-standard has-post-thumbnail hentry category-nuestros-articulos\">\n<div class=\"fusion-post-wrapper\" style=\"background-color:rgba(255,255,255,0);border:1px solid #e8e8e8;border-bottom-width:3px;\">\n\n\t\t\t<div class=\"fusion-flexslider flexslider fusion-flexslider-loading fusion-post-slideshow\" style=\"border-color:#e8e8e8;\">\n\t\t<ul class=\"slides\">\n\t\t\t\n\t\t\t\t\t\t\t\t\t\t\t\t\t\t<li><div  class=\"fusion-image-wrapper\" aria-haspopup=\"true\">\n\t\t\t\t<img decoding=\"async\" width=\"1200\" height=\"742\" data-src=\"https:\/\/intelsynet.com\/wp-content\/uploads\/2021\/06\/unidad-ciberne\u0301tica-conjunta.jpg\" class=\"attachment-full size-full wp-post-image lazyload\" alt=\"\" data-srcset=\"https:\/\/intelsynet.com\/wp-content\/uploads\/2021\/06\/unidad-ciberne\u0301tica-conjunta-200x124.jpg 200w, https:\/\/intelsynet.com\/wp-content\/uploads\/2021\/06\/unidad-ciberne\u0301tica-conjunta-400x247.jpg 400w, https:\/\/intelsynet.com\/wp-content\/uploads\/2021\/06\/unidad-ciberne\u0301tica-conjunta-600x371.jpg 600w, https:\/\/intelsynet.com\/wp-content\/uploads\/2021\/06\/unidad-ciberne\u0301tica-conjunta-800x495.jpg 800w, https:\/\/intelsynet.com\/wp-content\/uploads\/2021\/06\/unidad-ciberne\u0301tica-conjunta.jpg 1200w\" data-sizes=\"(min-width: 2200px) 100vw, (min-width: 784px) 363px, (min-width: 712px) 545px, (min-width: 640px) 712px,\" src=\"data:image\/svg+xml;base64,PHN2ZyB3aWR0aD0iMSIgaGVpZ2h0PSIxIiB4bWxucz0iaHR0cDovL3d3dy53My5vcmcvMjAwMC9zdmciPjwvc3ZnPg==\" style=\"--smush-placeholder-width: 1200px; --smush-placeholder-aspect-ratio: 1200\/742;\" \/><div class=\"fusion-rollover\">\n\t<div class=\"fusion-rollover-content\">\n\n\t\t\t\t\n\t\t\n\t\t\t\t\t\t\t\t\t\t\t\t<h4 class=\"fusion-rollover-title\">\n\t\t\t\t\t<a class=\"fusion-rollover-title-link\" href=\"https:\/\/intelsynet.com\/es\/la-ue-anuncia-una-unidad-cibernetica-conjunta\/\">\n\t\t\t\t\t\tLa UE anuncia una \u2018Unidad Cibern\u00e9tica Conjunta\u2019\t\t\t\t\t<\/a>\n\t\t\t\t<\/h4>\n\t\t\t\n\t\t\t\t\t\t\t\t\n\t\t\n\t\t\t\t\t\t<a class=\"fusion-link-wrapper\" href=\"https:\/\/intelsynet.com\/es\/la-ue-anuncia-una-unidad-cibernetica-conjunta\/\" aria-label=\"La UE anuncia una \u2018Unidad Cibern\u00e9tica Conjunta\u2019\"><\/a>\n\t<\/div>\n<\/div>\n<\/div>\n<\/li>\n\t\t\t\n\t\t\t\n\t\t\t\t\t\t\t\t<\/ul>\n\t<\/div>\n\t<div class=\"fusion-post-content-wrapper\" style=\"padding:30px 25px 20px 25px;\"><div class=\"fusion-post-content post-content\"><h2 class=\"blog-shortcode-post-title entry-title\"><a href=\"https:\/\/intelsynet.com\/es\/la-ue-anuncia-una-unidad-cibernetica-conjunta\/\">La UE anuncia una \u2018Unidad Cibern\u00e9tica Conjunta\u2019<\/a><\/h2><\/div><\/div><div class=\"fusion-clearfix\"><\/div><\/div>\n<\/article>\n<article id=\"blog-1-post-2182\" class=\"fusion-post-grid post-2182 post type-post status-publish format-standard has-post-thumbnail hentry category-nuestros-articulos\">\n<div class=\"fusion-post-wrapper\" style=\"background-color:rgba(255,255,255,0);border:1px solid #e8e8e8;border-bottom-width:3px;\">\n\n\t\t\t<div class=\"fusion-flexslider flexslider fusion-flexslider-loading fusion-post-slideshow\" style=\"border-color:#e8e8e8;\">\n\t\t<ul class=\"slides\">\n\t\t\t\n\t\t\t\t\t\t\t\t\t\t\t\t\t\t<li><div  class=\"fusion-image-wrapper\" aria-haspopup=\"true\">\n\t\t\t\t<img decoding=\"async\" width=\"1200\" height=\"742\" data-src=\"https:\/\/intelsynet.com\/wp-content\/uploads\/2021\/06\/reconocimiento-facial.jpeg\" class=\"attachment-full size-full wp-post-image lazyload\" alt=\"\" data-srcset=\"https:\/\/intelsynet.com\/wp-content\/uploads\/2021\/06\/reconocimiento-facial-200x124.jpeg 200w, https:\/\/intelsynet.com\/wp-content\/uploads\/2021\/06\/reconocimiento-facial-400x247.jpeg 400w, https:\/\/intelsynet.com\/wp-content\/uploads\/2021\/06\/reconocimiento-facial-600x371.jpeg 600w, https:\/\/intelsynet.com\/wp-content\/uploads\/2021\/06\/reconocimiento-facial-800x495.jpeg 800w, https:\/\/intelsynet.com\/wp-content\/uploads\/2021\/06\/reconocimiento-facial.jpeg 1200w\" data-sizes=\"(min-width: 2200px) 100vw, (min-width: 784px) 363px, (min-width: 712px) 545px, (min-width: 640px) 712px,\" src=\"data:image\/svg+xml;base64,PHN2ZyB3aWR0aD0iMSIgaGVpZ2h0PSIxIiB4bWxucz0iaHR0cDovL3d3dy53My5vcmcvMjAwMC9zdmciPjwvc3ZnPg==\" style=\"--smush-placeholder-width: 1200px; --smush-placeholder-aspect-ratio: 1200\/742;\" \/><div class=\"fusion-rollover\">\n\t<div class=\"fusion-rollover-content\">\n\n\t\t\t\t\n\t\t\n\t\t\t\t\t\t\t\t\t\t\t\t<h4 class=\"fusion-rollover-title\">\n\t\t\t\t\t<a class=\"fusion-rollover-title-link\" href=\"https:\/\/intelsynet.com\/es\/policia-y-guardia-civil-preparan-abis-el-sistema-de-reconocimiento-facial-por-ia-entrenado-con-56-millones-de-imagenes\/\">\n\t\t\t\t\t\tPolic\u00eda y Guardia Civil preparan ABIS, el sistema de reconocimiento facial por IA entrenado con 5,6 millones de im\u00e1genes\t\t\t\t\t<\/a>\n\t\t\t\t<\/h4>\n\t\t\t\n\t\t\t\t\t\t\t\t\n\t\t\n\t\t\t\t\t\t<a class=\"fusion-link-wrapper\" href=\"https:\/\/intelsynet.com\/es\/policia-y-guardia-civil-preparan-abis-el-sistema-de-reconocimiento-facial-por-ia-entrenado-con-56-millones-de-imagenes\/\" aria-label=\"Polic\u00eda y Guardia Civil preparan ABIS, el sistema de reconocimiento facial por IA entrenado con 5,6 millones de im\u00e1genes\"><\/a>\n\t<\/div>\n<\/div>\n<\/div>\n<\/li>\n\t\t\t\n\t\t\t\n\t\t\t\t\t\t\t\t<\/ul>\n\t<\/div>\n\t<div class=\"fusion-post-content-wrapper\" style=\"padding:30px 25px 20px 25px;\"><div class=\"fusion-post-content post-content\"><h2 class=\"blog-shortcode-post-title entry-title\"><a href=\"https:\/\/intelsynet.com\/es\/policia-y-guardia-civil-preparan-abis-el-sistema-de-reconocimiento-facial-por-ia-entrenado-con-56-millones-de-imagenes\/\">Polic\u00eda y Guardia Civil preparan ABIS, el sistema de reconocimiento facial por IA entrenado con 5,6 millones de im\u00e1genes<\/a><\/h2><\/div><\/div><div class=\"fusion-clearfix\"><\/div><\/div>\n<\/article>\n<article id=\"blog-1-post-2183\" class=\"fusion-post-grid post-2183 post type-post status-publish format-standard has-post-thumbnail hentry category-nuestros-articulos\">\n<div class=\"fusion-post-wrapper\" style=\"background-color:rgba(255,255,255,0);border:1px solid #e8e8e8;border-bottom-width:3px;\">\n\n\t\t\t<div class=\"fusion-flexslider flexslider fusion-flexslider-loading fusion-post-slideshow\" style=\"border-color:#e8e8e8;\">\n\t\t<ul class=\"slides\">\n\t\t\t\n\t\t\t\t\t\t\t\t\t\t\t\t\t\t<li><div  class=\"fusion-image-wrapper\" aria-haspopup=\"true\">\n\t\t\t\t<img decoding=\"async\" width=\"1200\" height=\"742\" data-src=\"https:\/\/intelsynet.com\/wp-content\/uploads\/2021\/06\/wabi.jpeg\" class=\"attachment-full size-full wp-post-image lazyload\" alt=\"\" data-srcset=\"https:\/\/intelsynet.com\/wp-content\/uploads\/2021\/06\/wabi-200x124.jpeg 200w, https:\/\/intelsynet.com\/wp-content\/uploads\/2021\/06\/wabi-400x247.jpeg 400w, https:\/\/intelsynet.com\/wp-content\/uploads\/2021\/06\/wabi-600x371.jpeg 600w, https:\/\/intelsynet.com\/wp-content\/uploads\/2021\/06\/wabi-800x495.jpeg 800w, https:\/\/intelsynet.com\/wp-content\/uploads\/2021\/06\/wabi.jpeg 1200w\" data-sizes=\"(min-width: 2200px) 100vw, (min-width: 784px) 363px, (min-width: 712px) 545px, (min-width: 640px) 712px,\" src=\"data:image\/svg+xml;base64,PHN2ZyB3aWR0aD0iMSIgaGVpZ2h0PSIxIiB4bWxucz0iaHR0cDovL3d3dy53My5vcmcvMjAwMC9zdmciPjwvc3ZnPg==\" style=\"--smush-placeholder-width: 1200px; --smush-placeholder-aspect-ratio: 1200\/742;\" \/><div class=\"fusion-rollover\">\n\t<div class=\"fusion-rollover-content\">\n\n\t\t\t\t\n\t\t\n\t\t\t\t\t\t\t\t\t\t\t\t<h4 class=\"fusion-rollover-title\">\n\t\t\t\t\t<a class=\"fusion-rollover-title-link\" href=\"https:\/\/intelsynet.com\/es\/wabi-el-servicio-de-coche-por-suscripcion-del-santander\/\">\n\t\t\t\t\t\tWabi, el servicio de coche por suscripci\u00f3n del Santander\t\t\t\t\t<\/a>\n\t\t\t\t<\/h4>\n\t\t\t\n\t\t\t\t\t\t\t\t\n\t\t\n\t\t\t\t\t\t<a class=\"fusion-link-wrapper\" href=\"https:\/\/intelsynet.com\/es\/wabi-el-servicio-de-coche-por-suscripcion-del-santander\/\" aria-label=\"Wabi, el servicio de coche por suscripci\u00f3n del Santander\"><\/a>\n\t<\/div>\n<\/div>\n<\/div>\n<\/li>\n\t\t\t\n\t\t\t\n\t\t\t\t\t\t\t\t<\/ul>\n\t<\/div>\n\t<div class=\"fusion-post-content-wrapper\" style=\"padding:30px 25px 20px 25px;\"><div class=\"fusion-post-content post-content\"><h2 class=\"blog-shortcode-post-title entry-title\"><a href=\"https:\/\/intelsynet.com\/es\/wabi-el-servicio-de-coche-por-suscripcion-del-santander\/\">Wabi, el servicio de coche por suscripci\u00f3n del Santander<\/a><\/h2><\/div><\/div><div class=\"fusion-clearfix\"><\/div><\/div>\n<\/article>\n<article id=\"blog-1-post-2181\" class=\"fusion-post-grid post-2181 post type-post status-publish format-standard has-post-thumbnail hentry category-nuestros-articulos\">\n<div class=\"fusion-post-wrapper\" style=\"background-color:rgba(255,255,255,0);border:1px solid #e8e8e8;border-bottom-width:3px;\">\n\n\t\t\t<div class=\"fusion-flexslider flexslider fusion-flexslider-loading fusion-post-slideshow\" style=\"border-color:#e8e8e8;\">\n\t\t<ul class=\"slides\">\n\t\t\t\n\t\t\t\t\t\t\t\t\t\t\t\t\t\t<li><div  class=\"fusion-image-wrapper\" aria-haspopup=\"true\">\n\t\t\t\t<img decoding=\"async\" width=\"1200\" height=\"742\" data-src=\"https:\/\/intelsynet.com\/wp-content\/uploads\/2021\/06\/ferrari.jpg\" class=\"attachment-full size-full wp-post-image lazyload\" alt=\"\" data-srcset=\"https:\/\/intelsynet.com\/wp-content\/uploads\/2021\/06\/ferrari-200x124.jpg 200w, https:\/\/intelsynet.com\/wp-content\/uploads\/2021\/06\/ferrari-400x247.jpg 400w, https:\/\/intelsynet.com\/wp-content\/uploads\/2021\/06\/ferrari-600x371.jpg 600w, https:\/\/intelsynet.com\/wp-content\/uploads\/2021\/06\/ferrari-800x495.jpg 800w, https:\/\/intelsynet.com\/wp-content\/uploads\/2021\/06\/ferrari.jpg 1200w\" data-sizes=\"(min-width: 2200px) 100vw, (min-width: 784px) 363px, (min-width: 712px) 545px, (min-width: 640px) 712px,\" src=\"data:image\/svg+xml;base64,PHN2ZyB3aWR0aD0iMSIgaGVpZ2h0PSIxIiB4bWxucz0iaHR0cDovL3d3dy53My5vcmcvMjAwMC9zdmciPjwvc3ZnPg==\" style=\"--smush-placeholder-width: 1200px; --smush-placeholder-aspect-ratio: 1200\/742;\" \/><div class=\"fusion-rollover\">\n\t<div class=\"fusion-rollover-content\">\n\n\t\t\t\t\n\t\t\n\t\t\t\t\t\t\t\t\t\t\t\t<h4 class=\"fusion-rollover-title\">\n\t\t\t\t\t<a class=\"fusion-rollover-title-link\" href=\"https:\/\/intelsynet.com\/es\/ferrari-contrata-a-aws-para-mejorar-sus-coches\/\">\n\t\t\t\t\t\tFerrari contrata a AWS para mejorar sus coches\t\t\t\t\t<\/a>\n\t\t\t\t<\/h4>\n\t\t\t\n\t\t\t\t\t\t\t\t\n\t\t\n\t\t\t\t\t\t<a class=\"fusion-link-wrapper\" href=\"https:\/\/intelsynet.com\/es\/ferrari-contrata-a-aws-para-mejorar-sus-coches\/\" aria-label=\"Ferrari contrata a AWS para mejorar sus coches\"><\/a>\n\t<\/div>\n<\/div>\n<\/div>\n<\/li>\n\t\t\t\n\t\t\t\n\t\t\t\t\t\t\t\t<\/ul>\n\t<\/div>\n\t<div class=\"fusion-post-content-wrapper\" style=\"padding:30px 25px 20px 25px;\"><div class=\"fusion-post-content post-content\"><h2 class=\"blog-shortcode-post-title entry-title\"><a href=\"https:\/\/intelsynet.com\/es\/ferrari-contrata-a-aws-para-mejorar-sus-coches\/\">Ferrari contrata a AWS para mejorar sus coches<\/a><\/h2><\/div><\/div><div class=\"fusion-clearfix\"><\/div><\/div>\n<\/article>\n<article id=\"blog-1-post-2178\" class=\"fusion-post-grid post-2178 post type-post status-publish format-standard has-post-thumbnail hentry category-nuestros-articulos\">\n<div class=\"fusion-post-wrapper\" style=\"background-color:rgba(255,255,255,0);border:1px solid #e8e8e8;border-bottom-width:3px;\">\n\n\t\t\t<div class=\"fusion-flexslider flexslider fusion-flexslider-loading fusion-post-slideshow\" style=\"border-color:#e8e8e8;\">\n\t\t<ul class=\"slides\">\n\t\t\t\n\t\t\t\t\t\t\t\t\t\t\t\t\t\t<li><div  class=\"fusion-image-wrapper\" aria-haspopup=\"true\">\n\t\t\t\t<img decoding=\"async\" width=\"1200\" height=\"742\" data-src=\"https:\/\/intelsynet.com\/wp-content\/uploads\/2021\/06\/eprocessor.jpg\" class=\"attachment-full size-full wp-post-image lazyload\" alt=\"\" data-srcset=\"https:\/\/intelsynet.com\/wp-content\/uploads\/2021\/06\/eprocessor-200x124.jpg 200w, https:\/\/intelsynet.com\/wp-content\/uploads\/2021\/06\/eprocessor-400x247.jpg 400w, https:\/\/intelsynet.com\/wp-content\/uploads\/2021\/06\/eprocessor-600x371.jpg 600w, https:\/\/intelsynet.com\/wp-content\/uploads\/2021\/06\/eprocessor-800x495.jpg 800w, https:\/\/intelsynet.com\/wp-content\/uploads\/2021\/06\/eprocessor.jpg 1200w\" data-sizes=\"(min-width: 2200px) 100vw, (min-width: 784px) 363px, (min-width: 712px) 545px, (min-width: 640px) 712px,\" src=\"data:image\/svg+xml;base64,PHN2ZyB3aWR0aD0iMSIgaGVpZ2h0PSIxIiB4bWxucz0iaHR0cDovL3d3dy53My5vcmcvMjAwMC9zdmciPjwvc3ZnPg==\" style=\"--smush-placeholder-width: 1200px; --smush-placeholder-aspect-ratio: 1200\/742;\" \/><div class=\"fusion-rollover\">\n\t<div class=\"fusion-rollover-content\">\n\n\t\t\t\t\n\t\t\n\t\t\t\t\t\t\t\t\t\t\t\t<h4 class=\"fusion-rollover-title\">\n\t\t\t\t\t<a class=\"fusion-rollover-title-link\" href=\"https:\/\/intelsynet.com\/es\/eprocessor-el-primer-chip-europeo-de-codigo-abierto-liderado-por-espana\/\">\n\t\t\t\t\t\teProcessor, el primer chip europeo de c\u00f3digo abierto liderado por Espa\u00f1a\t\t\t\t\t<\/a>\n\t\t\t\t<\/h4>\n\t\t\t\n\t\t\t\t\t\t\t\t\n\t\t\n\t\t\t\t\t\t<a class=\"fusion-link-wrapper\" href=\"https:\/\/intelsynet.com\/es\/eprocessor-el-primer-chip-europeo-de-codigo-abierto-liderado-por-espana\/\" aria-label=\"eProcessor, el primer chip europeo de c\u00f3digo abierto liderado por Espa\u00f1a\"><\/a>\n\t<\/div>\n<\/div>\n<\/div>\n<\/li>\n\t\t\t\n\t\t\t\n\t\t\t\t\t\t\t\t<\/ul>\n\t<\/div>\n\t<div class=\"fusion-post-content-wrapper\" style=\"padding:30px 25px 20px 25px;\"><div class=\"fusion-post-content post-content\"><h2 class=\"blog-shortcode-post-title entry-title\"><a href=\"https:\/\/intelsynet.com\/es\/eprocessor-el-primer-chip-europeo-de-codigo-abierto-liderado-por-espana\/\">eProcessor, el primer chip europeo de c\u00f3digo abierto liderado por Espa\u00f1a<\/a><\/h2><\/div><\/div><div class=\"fusion-clearfix\"><\/div><\/div>\n<\/article>\n<article id=\"blog-1-post-2179\" class=\"fusion-post-grid post-2179 post type-post status-publish format-standard has-post-thumbnail hentry category-nuestros-articulos\">\n<div class=\"fusion-post-wrapper\" style=\"background-color:rgba(255,255,255,0);border:1px solid #e8e8e8;border-bottom-width:3px;\">\n\n\t\t\t<div class=\"fusion-flexslider flexslider fusion-flexslider-loading fusion-post-slideshow\" style=\"border-color:#e8e8e8;\">\n\t\t<ul class=\"slides\">\n\t\t\t\n\t\t\t\t\t\t\t\t\t\t\t\t\t\t<li><div  class=\"fusion-image-wrapper\" aria-haspopup=\"true\">\n\t\t\t\t<img decoding=\"async\" width=\"1200\" height=\"742\" data-src=\"https:\/\/intelsynet.com\/wp-content\/uploads\/2021\/06\/otan.jpeg\" class=\"attachment-full size-full wp-post-image lazyload\" alt=\"\" data-srcset=\"https:\/\/intelsynet.com\/wp-content\/uploads\/2021\/06\/otan-200x124.jpeg 200w, https:\/\/intelsynet.com\/wp-content\/uploads\/2021\/06\/otan-400x247.jpeg 400w, https:\/\/intelsynet.com\/wp-content\/uploads\/2021\/06\/otan-600x371.jpeg 600w, https:\/\/intelsynet.com\/wp-content\/uploads\/2021\/06\/otan-800x495.jpeg 800w, https:\/\/intelsynet.com\/wp-content\/uploads\/2021\/06\/otan.jpeg 1200w\" data-sizes=\"(min-width: 2200px) 100vw, (min-width: 784px) 363px, (min-width: 712px) 545px, (min-width: 640px) 712px,\" src=\"data:image\/svg+xml;base64,PHN2ZyB3aWR0aD0iMSIgaGVpZ2h0PSIxIiB4bWxucz0iaHR0cDovL3d3dy53My5vcmcvMjAwMC9zdmciPjwvc3ZnPg==\" style=\"--smush-placeholder-width: 1200px; --smush-placeholder-aspect-ratio: 1200\/742;\" \/><div class=\"fusion-rollover\">\n\t<div class=\"fusion-rollover-content\">\n\n\t\t\t\t\n\t\t\n\t\t\t\t\t\t\t\t\t\t\t\t<h4 class=\"fusion-rollover-title\">\n\t\t\t\t\t<a class=\"fusion-rollover-title-link\" href=\"https:\/\/intelsynet.com\/es\/la-plataforma-en-la-nube-de-la-otan-ha-sido-hackeada\/\">\n\t\t\t\t\t\tLa plataforma en la nube de la OTAN ha sido hackeada\t\t\t\t\t<\/a>\n\t\t\t\t<\/h4>\n\t\t\t\n\t\t\t\t\t\t\t\t\n\t\t\n\t\t\t\t\t\t<a class=\"fusion-link-wrapper\" href=\"https:\/\/intelsynet.com\/es\/la-plataforma-en-la-nube-de-la-otan-ha-sido-hackeada\/\" aria-label=\"La plataforma en la nube de la OTAN ha sido hackeada\"><\/a>\n\t<\/div>\n<\/div>\n<\/div>\n<\/li>\n\t\t\t\n\t\t\t\n\t\t\t\t\t\t\t\t<\/ul>\n\t<\/div>\n\t<div class=\"fusion-post-content-wrapper\" style=\"padding:30px 25px 20px 25px;\"><div class=\"fusion-post-content post-content\"><h2 class=\"blog-shortcode-post-title entry-title\"><a href=\"https:\/\/intelsynet.com\/es\/la-plataforma-en-la-nube-de-la-otan-ha-sido-hackeada\/\">La plataforma en la nube de la OTAN ha sido hackeada<\/a><\/h2><\/div><\/div><div class=\"fusion-clearfix\"><\/div><\/div>\n<\/article>\n<article id=\"blog-1-post-2176\" class=\"fusion-post-grid post-2176 post type-post status-publish format-standard has-post-thumbnail hentry category-nuestros-articulos\">\n<div class=\"fusion-post-wrapper\" style=\"background-color:rgba(255,255,255,0);border:1px solid #e8e8e8;border-bottom-width:3px;\">\n\n\t\t\t<div class=\"fusion-flexslider flexslider fusion-flexslider-loading fusion-post-slideshow\" style=\"border-color:#e8e8e8;\">\n\t\t<ul class=\"slides\">\n\t\t\t\n\t\t\t\t\t\t\t\t\t\t\t\t\t\t<li><div  class=\"fusion-image-wrapper\" aria-haspopup=\"true\">\n\t\t\t\t<img decoding=\"async\" width=\"1200\" height=\"742\" data-src=\"https:\/\/intelsynet.com\/wp-content\/uploads\/2021\/06\/audi.jpg\" class=\"attachment-full size-full wp-post-image lazyload\" alt=\"\" data-srcset=\"https:\/\/intelsynet.com\/wp-content\/uploads\/2021\/06\/audi-200x124.jpg 200w, https:\/\/intelsynet.com\/wp-content\/uploads\/2021\/06\/audi-400x247.jpg 400w, https:\/\/intelsynet.com\/wp-content\/uploads\/2021\/06\/audi-600x371.jpg 600w, https:\/\/intelsynet.com\/wp-content\/uploads\/2021\/06\/audi-800x495.jpg 800w, https:\/\/intelsynet.com\/wp-content\/uploads\/2021\/06\/audi.jpg 1200w\" data-sizes=\"(min-width: 2200px) 100vw, (min-width: 784px) 363px, (min-width: 712px) 545px, (min-width: 640px) 712px,\" src=\"data:image\/svg+xml;base64,PHN2ZyB3aWR0aD0iMSIgaGVpZ2h0PSIxIiB4bWxucz0iaHR0cDovL3d3dy53My5vcmcvMjAwMC9zdmciPjwvc3ZnPg==\" style=\"--smush-placeholder-width: 1200px; --smush-placeholder-aspect-ratio: 1200\/742;\" \/><div class=\"fusion-rollover\">\n\t<div class=\"fusion-rollover-content\">\n\n\t\t\t\t\n\t\t\n\t\t\t\t\t\t\t\t\t\t\t\t<h4 class=\"fusion-rollover-title\">\n\t\t\t\t\t<a class=\"fusion-rollover-title-link\" href=\"https:\/\/intelsynet.com\/es\/el-ultimo-audi-con-motor-de-combustion-interna-se-producira-en-2033\/\">\n\t\t\t\t\t\tEl \u00faltimo Audi con motor de combusti\u00f3n interna se producir\u00e1 en 2033\t\t\t\t\t<\/a>\n\t\t\t\t<\/h4>\n\t\t\t\n\t\t\t\t\t\t\t\t\n\t\t\n\t\t\t\t\t\t<a class=\"fusion-link-wrapper\" href=\"https:\/\/intelsynet.com\/es\/el-ultimo-audi-con-motor-de-combustion-interna-se-producira-en-2033\/\" aria-label=\"El \u00faltimo Audi con motor de combusti\u00f3n interna se producir\u00e1 en 2033\"><\/a>\n\t<\/div>\n<\/div>\n<\/div>\n<\/li>\n\t\t\t\n\t\t\t\n\t\t\t\t\t\t\t\t<\/ul>\n\t<\/div>\n\t<div class=\"fusion-post-content-wrapper\" style=\"padding:30px 25px 20px 25px;\"><div class=\"fusion-post-content post-content\"><h2 class=\"blog-shortcode-post-title entry-title\"><a href=\"https:\/\/intelsynet.com\/es\/el-ultimo-audi-con-motor-de-combustion-interna-se-producira-en-2033\/\">El \u00faltimo Audi con motor de combusti\u00f3n interna se producir\u00e1 en 2033<\/a><\/h2><\/div><\/div><div class=\"fusion-clearfix\"><\/div><\/div>\n<\/article>\n<article id=\"blog-1-post-2166\" class=\"fusion-post-grid post-2166 post type-post status-publish format-standard has-post-thumbnail hentry category-nuestros-articulos\">\n<div class=\"fusion-post-wrapper\" style=\"background-color:rgba(255,255,255,0);border:1px solid #e8e8e8;border-bottom-width:3px;\">\n\n\t\t\t<div class=\"fusion-flexslider flexslider fusion-flexslider-loading fusion-post-slideshow\" style=\"border-color:#e8e8e8;\">\n\t\t<ul class=\"slides\">\n\t\t\t\n\t\t\t\t\t\t\t\t\t\t\t\t\t\t<li><div  class=\"fusion-image-wrapper\" aria-haspopup=\"true\">\n\t\t\t\t<img decoding=\"async\" width=\"1200\" height=\"743\" data-src=\"https:\/\/intelsynet.com\/wp-content\/uploads\/2021\/06\/la-recarga-en-los-vehiculos-electricos.png\" class=\"attachment-full size-full wp-post-image lazyload\" alt=\"la recarga en los veh\u00edculos el\u00e9ctricos\" data-srcset=\"https:\/\/intelsynet.com\/wp-content\/uploads\/2021\/06\/la-recarga-en-los-vehiculos-electricos-200x124.png 200w, https:\/\/intelsynet.com\/wp-content\/uploads\/2021\/06\/la-recarga-en-los-vehiculos-electricos-400x248.png 400w, https:\/\/intelsynet.com\/wp-content\/uploads\/2021\/06\/la-recarga-en-los-vehiculos-electricos-600x372.png 600w, https:\/\/intelsynet.com\/wp-content\/uploads\/2021\/06\/la-recarga-en-los-vehiculos-electricos-800x495.png 800w, https:\/\/intelsynet.com\/wp-content\/uploads\/2021\/06\/la-recarga-en-los-vehiculos-electricos.png 1200w\" data-sizes=\"(min-width: 2200px) 100vw, (min-width: 784px) 363px, (min-width: 712px) 545px, (min-width: 640px) 712px,\" src=\"data:image\/svg+xml;base64,PHN2ZyB3aWR0aD0iMSIgaGVpZ2h0PSIxIiB4bWxucz0iaHR0cDovL3d3dy53My5vcmcvMjAwMC9zdmciPjwvc3ZnPg==\" style=\"--smush-placeholder-width: 1200px; --smush-placeholder-aspect-ratio: 1200\/743;\" \/><div class=\"fusion-rollover\">\n\t<div class=\"fusion-rollover-content\">\n\n\t\t\t\t\n\t\t\n\t\t\t\t\t\t\t\t\t\t\t\t<h4 class=\"fusion-rollover-title\">\n\t\t\t\t\t<a class=\"fusion-rollover-title-link\" href=\"https:\/\/intelsynet.com\/es\/el-reto-de-la-recarga-en-los-vehiculos-electricos\/\">\n\t\t\t\t\t\tEl reto de la recarga en los veh\u00edculos el\u00e9ctricos\t\t\t\t\t<\/a>\n\t\t\t\t<\/h4>\n\t\t\t\n\t\t\t\t\t\t\t\t\n\t\t\n\t\t\t\t\t\t<a class=\"fusion-link-wrapper\" href=\"https:\/\/intelsynet.com\/es\/el-reto-de-la-recarga-en-los-vehiculos-electricos\/\" aria-label=\"El reto de la recarga en los veh\u00edculos el\u00e9ctricos\"><\/a>\n\t<\/div>\n<\/div>\n<\/div>\n<\/li>\n\t\t\t\n\t\t\t\n\t\t\t\t\t\t\t\t<\/ul>\n\t<\/div>\n\t<div class=\"fusion-post-content-wrapper\" style=\"padding:30px 25px 20px 25px;\"><div class=\"fusion-post-content post-content\"><h2 class=\"blog-shortcode-post-title entry-title\"><a href=\"https:\/\/intelsynet.com\/es\/el-reto-de-la-recarga-en-los-vehiculos-electricos\/\">El reto de la recarga en los veh\u00edculos el\u00e9ctricos<\/a><\/h2><\/div><\/div><div class=\"fusion-clearfix\"><\/div><\/div>\n<\/article>\n<article id=\"blog-1-post-2133\" class=\"fusion-post-grid post-2133 post type-post status-publish format-standard has-post-thumbnail hentry category-nuestros-articulos\">\n<div class=\"fusion-post-wrapper\" style=\"background-color:rgba(255,255,255,0);border:1px solid #e8e8e8;border-bottom-width:3px;\">\n\n\t\t\t<div class=\"fusion-flexslider flexslider fusion-flexslider-loading fusion-post-slideshow\" style=\"border-color:#e8e8e8;\">\n\t\t<ul class=\"slides\">\n\t\t\t\n\t\t\t\t\t\t\t\t\t\t\t\t\t\t<li><div  class=\"fusion-image-wrapper\" aria-haspopup=\"true\">\n\t\t\t\t<img decoding=\"async\" width=\"1200\" height=\"742\" data-src=\"https:\/\/intelsynet.com\/wp-content\/uploads\/2021\/06\/otan.jpg\" class=\"attachment-full size-full wp-post-image lazyload\" alt=\"OTAN y Ciberataques\" data-srcset=\"https:\/\/intelsynet.com\/wp-content\/uploads\/2021\/06\/otan-200x124.jpg 200w, https:\/\/intelsynet.com\/wp-content\/uploads\/2021\/06\/otan-400x247.jpg 400w, https:\/\/intelsynet.com\/wp-content\/uploads\/2021\/06\/otan-600x371.jpg 600w, https:\/\/intelsynet.com\/wp-content\/uploads\/2021\/06\/otan-800x495.jpg 800w, https:\/\/intelsynet.com\/wp-content\/uploads\/2021\/06\/otan.jpg 1200w\" data-sizes=\"(min-width: 2200px) 100vw, (min-width: 784px) 363px, (min-width: 712px) 545px, (min-width: 640px) 712px,\" src=\"data:image\/svg+xml;base64,PHN2ZyB3aWR0aD0iMSIgaGVpZ2h0PSIxIiB4bWxucz0iaHR0cDovL3d3dy53My5vcmcvMjAwMC9zdmciPjwvc3ZnPg==\" style=\"--smush-placeholder-width: 1200px; --smush-placeholder-aspect-ratio: 1200\/742;\" \/><div class=\"fusion-rollover\">\n\t<div class=\"fusion-rollover-content\">\n\n\t\t\t\t\n\t\t\n\t\t\t\t\t\t\t\t\t\t\t\t<h4 class=\"fusion-rollover-title\">\n\t\t\t\t\t<a class=\"fusion-rollover-title-link\" href=\"https:\/\/intelsynet.com\/es\/otan-la-repeticion-de-ciberataques-podria-equipararse-a-un-ataque-armado\/\">\n\t\t\t\t\t\tOTAN: la repetici\u00f3n de ciberataques podr\u00eda equipararse a un ataque armado\t\t\t\t\t<\/a>\n\t\t\t\t<\/h4>\n\t\t\t\n\t\t\t\t\t\t\t\t\n\t\t\n\t\t\t\t\t\t<a class=\"fusion-link-wrapper\" href=\"https:\/\/intelsynet.com\/es\/otan-la-repeticion-de-ciberataques-podria-equipararse-a-un-ataque-armado\/\" aria-label=\"OTAN: la repetici\u00f3n de ciberataques podr\u00eda equipararse a un ataque armado\"><\/a>\n\t<\/div>\n<\/div>\n<\/div>\n<\/li>\n\t\t\t\n\t\t\t\n\t\t\t\t\t\t\t\t<\/ul>\n\t<\/div>\n\t<div class=\"fusion-post-content-wrapper\" style=\"padding:30px 25px 20px 25px;\"><div class=\"fusion-post-content post-content\"><h2 class=\"blog-shortcode-post-title entry-title\"><a href=\"https:\/\/intelsynet.com\/es\/otan-la-repeticion-de-ciberataques-podria-equipararse-a-un-ataque-armado\/\">OTAN: la repetici\u00f3n de ciberataques podr\u00eda equipararse a un ataque armado<\/a><\/h2><\/div><\/div><div class=\"fusion-clearfix\"><\/div><\/div>\n<\/article>\n<article id=\"blog-1-post-2134\" class=\"fusion-post-grid post-2134 post type-post status-publish format-standard has-post-thumbnail hentry category-nuestros-articulos\">\n<div class=\"fusion-post-wrapper\" style=\"background-color:rgba(255,255,255,0);border:1px solid #e8e8e8;border-bottom-width:3px;\">\n\n\t\t\t<div class=\"fusion-flexslider flexslider fusion-flexslider-loading fusion-post-slideshow\" style=\"border-color:#e8e8e8;\">\n\t\t<ul class=\"slides\">\n\t\t\t\n\t\t\t\t\t\t\t\t\t\t\t\t\t\t<li><div  class=\"fusion-image-wrapper\" aria-haspopup=\"true\">\n\t\t\t\t<img decoding=\"async\" width=\"1200\" height=\"742\" data-src=\"https:\/\/intelsynet.com\/wp-content\/uploads\/2021\/06\/direccion-ip.jpg\" class=\"attachment-full size-full wp-post-image lazyload\" alt=\"direcci\u00f3n ip\" data-srcset=\"https:\/\/intelsynet.com\/wp-content\/uploads\/2021\/06\/direccion-ip-200x124.jpg 200w, https:\/\/intelsynet.com\/wp-content\/uploads\/2021\/06\/direccion-ip-400x247.jpg 400w, https:\/\/intelsynet.com\/wp-content\/uploads\/2021\/06\/direccion-ip-600x371.jpg 600w, https:\/\/intelsynet.com\/wp-content\/uploads\/2021\/06\/direccion-ip-800x495.jpg 800w, https:\/\/intelsynet.com\/wp-content\/uploads\/2021\/06\/direccion-ip.jpg 1200w\" data-sizes=\"(min-width: 2200px) 100vw, (min-width: 784px) 363px, (min-width: 712px) 545px, (min-width: 640px) 712px,\" src=\"data:image\/svg+xml;base64,PHN2ZyB3aWR0aD0iMSIgaGVpZ2h0PSIxIiB4bWxucz0iaHR0cDovL3d3dy53My5vcmcvMjAwMC9zdmciPjwvc3ZnPg==\" style=\"--smush-placeholder-width: 1200px; --smush-placeholder-aspect-ratio: 1200\/742;\" \/><div class=\"fusion-rollover\">\n\t<div class=\"fusion-rollover-content\">\n\n\t\t\t\t\n\t\t\n\t\t\t\t\t\t\t\t\t\t\t\t<h4 class=\"fusion-rollover-title\">\n\t\t\t\t\t<a class=\"fusion-rollover-title-link\" href=\"https:\/\/intelsynet.com\/es\/europa-respalda-conocer-el-domicilio-fisico-a-traves-de-la-direccion-ip\/\">\n\t\t\t\t\t\tEuropa respalda conocer el domicilio f\u00edsico de alguien a trav\u00e9s de su direcci\u00f3n IP\t\t\t\t\t<\/a>\n\t\t\t\t<\/h4>\n\t\t\t\n\t\t\t\t\t\t\t\t\n\t\t\n\t\t\t\t\t\t<a class=\"fusion-link-wrapper\" href=\"https:\/\/intelsynet.com\/es\/europa-respalda-conocer-el-domicilio-fisico-a-traves-de-la-direccion-ip\/\" aria-label=\"Europa respalda conocer el domicilio f\u00edsico de alguien a trav\u00e9s de su direcci\u00f3n IP\"><\/a>\n\t<\/div>\n<\/div>\n<\/div>\n<\/li>\n\t\t\t\n\t\t\t\n\t\t\t\t\t\t\t\t<\/ul>\n\t<\/div>\n\t<div class=\"fusion-post-content-wrapper\" style=\"padding:30px 25px 20px 25px;\"><div class=\"fusion-post-content post-content\"><h2 class=\"blog-shortcode-post-title entry-title\"><a href=\"https:\/\/intelsynet.com\/es\/europa-respalda-conocer-el-domicilio-fisico-a-traves-de-la-direccion-ip\/\">Europa respalda conocer el domicilio f\u00edsico de alguien a trav\u00e9s de su direcci\u00f3n IP<\/a><\/h2><\/div><\/div><div class=\"fusion-clearfix\"><\/div><\/div>\n<\/article>\n<article id=\"blog-1-post-2132\" class=\"fusion-post-grid post-2132 post type-post status-publish format-standard has-post-thumbnail hentry category-nuestros-articulos\">\n<div class=\"fusion-post-wrapper\" style=\"background-color:rgba(255,255,255,0);border:1px solid #e8e8e8;border-bottom-width:3px;\">\n\n\t\t\t<div class=\"fusion-flexslider flexslider fusion-flexslider-loading fusion-post-slideshow\" style=\"border-color:#e8e8e8;\">\n\t\t<ul class=\"slides\">\n\t\t\t\n\t\t\t\t\t\t\t\t\t\t\t\t\t\t<li><div  class=\"fusion-image-wrapper\" aria-haspopup=\"true\">\n\t\t\t\t<img decoding=\"async\" width=\"1200\" height=\"742\" data-src=\"https:\/\/intelsynet.com\/wp-content\/uploads\/2021\/06\/bank-of-america.jpeg\" class=\"attachment-full size-full wp-post-image lazyload\" alt=\"Bank of America\" data-srcset=\"https:\/\/intelsynet.com\/wp-content\/uploads\/2021\/06\/bank-of-america-200x124.jpeg 200w, https:\/\/intelsynet.com\/wp-content\/uploads\/2021\/06\/bank-of-america-400x247.jpeg 400w, https:\/\/intelsynet.com\/wp-content\/uploads\/2021\/06\/bank-of-america-600x371.jpeg 600w, https:\/\/intelsynet.com\/wp-content\/uploads\/2021\/06\/bank-of-america-800x495.jpeg 800w, https:\/\/intelsynet.com\/wp-content\/uploads\/2021\/06\/bank-of-america.jpeg 1200w\" data-sizes=\"(min-width: 2200px) 100vw, (min-width: 784px) 363px, (min-width: 712px) 545px, (min-width: 640px) 712px,\" src=\"data:image\/svg+xml;base64,PHN2ZyB3aWR0aD0iMSIgaGVpZ2h0PSIxIiB4bWxucz0iaHR0cDovL3d3dy53My5vcmcvMjAwMC9zdmciPjwvc3ZnPg==\" style=\"--smush-placeholder-width: 1200px; --smush-placeholder-aspect-ratio: 1200\/742;\" \/><div class=\"fusion-rollover\">\n\t<div class=\"fusion-rollover-content\">\n\n\t\t\t\t\n\t\t\n\t\t\t\t\t\t\t\t\t\t\t\t<h4 class=\"fusion-rollover-title\">\n\t\t\t\t\t<a class=\"fusion-rollover-title-link\" href=\"https:\/\/intelsynet.com\/es\/bank-of-america-lanza-un-consejo-estrategico-esg\/\">\n\t\t\t\t\t\tBank of America lanza un consejo estrat\u00e9gico ESG para Europa, \u00c1frica y Oriente Medio\t\t\t\t\t<\/a>\n\t\t\t\t<\/h4>\n\t\t\t\n\t\t\t\t\t\t\t\t\n\t\t\n\t\t\t\t\t\t<a class=\"fusion-link-wrapper\" href=\"https:\/\/intelsynet.com\/es\/bank-of-america-lanza-un-consejo-estrategico-esg\/\" aria-label=\"Bank of America lanza un consejo estrat\u00e9gico ESG para Europa, \u00c1frica y Oriente Medio\"><\/a>\n\t<\/div>\n<\/div>\n<\/div>\n<\/li>\n\t\t\t\n\t\t\t\n\t\t\t\t\t\t\t\t<\/ul>\n\t<\/div>\n\t<div class=\"fusion-post-content-wrapper\" style=\"padding:30px 25px 20px 25px;\"><div class=\"fusion-post-content post-content\"><h2 class=\"blog-shortcode-post-title entry-title\"><a href=\"https:\/\/intelsynet.com\/es\/bank-of-america-lanza-un-consejo-estrategico-esg\/\">Bank of America lanza un consejo estrat\u00e9gico ESG para Europa, \u00c1frica y Oriente Medio<\/a><\/h2><\/div><\/div><div class=\"fusion-clearfix\"><\/div><\/div>\n<\/article>\n<article id=\"blog-1-post-2131\" class=\"fusion-post-grid post-2131 post type-post status-publish format-standard has-post-thumbnail hentry category-nuestros-articulos\">\n<div class=\"fusion-post-wrapper\" style=\"background-color:rgba(255,255,255,0);border:1px solid #e8e8e8;border-bottom-width:3px;\">\n\n\t\t\t<div class=\"fusion-flexslider flexslider fusion-flexslider-loading fusion-post-slideshow\" style=\"border-color:#e8e8e8;\">\n\t\t<ul class=\"slides\">\n\t\t\t\n\t\t\t\t\t\t\t\t\t\t\t\t\t\t<li><div  class=\"fusion-image-wrapper\" aria-haspopup=\"true\">\n\t\t\t\t<img decoding=\"async\" width=\"1200\" height=\"742\" data-src=\"https:\/\/intelsynet.com\/wp-content\/uploads\/2021\/06\/criptomoneda-publica-espanola.jpg\" class=\"attachment-full size-full wp-post-image lazyload\" alt=\"criptomoneda p\u00fablica espa\u00f1ola\" data-srcset=\"https:\/\/intelsynet.com\/wp-content\/uploads\/2021\/06\/criptomoneda-publica-espanola-200x124.jpg 200w, https:\/\/intelsynet.com\/wp-content\/uploads\/2021\/06\/criptomoneda-publica-espanola-400x247.jpg 400w, https:\/\/intelsynet.com\/wp-content\/uploads\/2021\/06\/criptomoneda-publica-espanola-600x371.jpg 600w, https:\/\/intelsynet.com\/wp-content\/uploads\/2021\/06\/criptomoneda-publica-espanola-800x495.jpg 800w, https:\/\/intelsynet.com\/wp-content\/uploads\/2021\/06\/criptomoneda-publica-espanola.jpg 1200w\" data-sizes=\"(min-width: 2200px) 100vw, (min-width: 784px) 363px, (min-width: 712px) 545px, (min-width: 640px) 712px,\" src=\"data:image\/svg+xml;base64,PHN2ZyB3aWR0aD0iMSIgaGVpZ2h0PSIxIiB4bWxucz0iaHR0cDovL3d3dy53My5vcmcvMjAwMC9zdmciPjwvc3ZnPg==\" style=\"--smush-placeholder-width: 1200px; --smush-placeholder-aspect-ratio: 1200\/742;\" \/><div class=\"fusion-rollover\">\n\t<div class=\"fusion-rollover-content\">\n\n\t\t\t\t\n\t\t\n\t\t\t\t\t\t\t\t\t\t\t\t<h4 class=\"fusion-rollover-title\">\n\t\t\t\t\t<a class=\"fusion-rollover-title-link\" href=\"https:\/\/intelsynet.com\/es\/criptomoneda-publica-espanola\/\">\n\t\t\t\t\t\tEl PSOE registra una iniciativa en el Congreso para crear una criptomoneda p\u00fablica espa\u00f1ola\t\t\t\t\t<\/a>\n\t\t\t\t<\/h4>\n\t\t\t\n\t\t\t\t\t\t\t\t\n\t\t\n\t\t\t\t\t\t<a class=\"fusion-link-wrapper\" href=\"https:\/\/intelsynet.com\/es\/criptomoneda-publica-espanola\/\" aria-label=\"El PSOE registra una iniciativa en el Congreso para crear una criptomoneda p\u00fablica espa\u00f1ola\"><\/a>\n\t<\/div>\n<\/div>\n<\/div>\n<\/li>\n\t\t\t\n\t\t\t\n\t\t\t\t\t\t\t\t<\/ul>\n\t<\/div>\n\t<div class=\"fusion-post-content-wrapper\" style=\"padding:30px 25px 20px 25px;\"><div class=\"fusion-post-content post-content\"><h2 class=\"blog-shortcode-post-title entry-title\"><a href=\"https:\/\/intelsynet.com\/es\/criptomoneda-publica-espanola\/\">El PSOE registra una iniciativa en el Congreso para crear una criptomoneda p\u00fablica espa\u00f1ola<\/a><\/h2><\/div><\/div><div class=\"fusion-clearfix\"><\/div><\/div>\n<\/article>\n<article id=\"blog-1-post-2130\" class=\"fusion-post-grid post-2130 post type-post status-publish format-standard has-post-thumbnail hentry category-nuestros-articulos\">\n<div class=\"fusion-post-wrapper\" style=\"background-color:rgba(255,255,255,0);border:1px solid #e8e8e8;border-bottom-width:3px;\">\n\n\t\t\t<div class=\"fusion-flexslider flexslider fusion-flexslider-loading fusion-post-slideshow\" style=\"border-color:#e8e8e8;\">\n\t\t<ul class=\"slides\">\n\t\t\t\n\t\t\t\t\t\t\t\t\t\t\t\t\t\t<li><div  class=\"fusion-image-wrapper\" aria-haspopup=\"true\">\n\t\t\t\t<img decoding=\"async\" width=\"1200\" height=\"742\" data-src=\"https:\/\/intelsynet.com\/wp-content\/uploads\/2021\/06\/NIO.jpg\" class=\"attachment-full size-full wp-post-image lazyload\" alt=\"NIO\" data-srcset=\"https:\/\/intelsynet.com\/wp-content\/uploads\/2021\/06\/NIO-200x124.jpg 200w, https:\/\/intelsynet.com\/wp-content\/uploads\/2021\/06\/NIO-400x247.jpg 400w, https:\/\/intelsynet.com\/wp-content\/uploads\/2021\/06\/NIO-600x371.jpg 600w, https:\/\/intelsynet.com\/wp-content\/uploads\/2021\/06\/NIO-800x495.jpg 800w, https:\/\/intelsynet.com\/wp-content\/uploads\/2021\/06\/NIO.jpg 1200w\" data-sizes=\"(min-width: 2200px) 100vw, (min-width: 784px) 363px, (min-width: 712px) 545px, (min-width: 640px) 712px,\" src=\"data:image\/svg+xml;base64,PHN2ZyB3aWR0aD0iMSIgaGVpZ2h0PSIxIiB4bWxucz0iaHR0cDovL3d3dy53My5vcmcvMjAwMC9zdmciPjwvc3ZnPg==\" style=\"--smush-placeholder-width: 1200px; --smush-placeholder-aspect-ratio: 1200\/742;\" \/><div class=\"fusion-rollover\">\n\t<div class=\"fusion-rollover-content\">\n\n\t\t\t\t\n\t\t\n\t\t\t\t\t\t\t\t\t\t\t\t<h4 class=\"fusion-rollover-title\">\n\t\t\t\t\t<a class=\"fusion-rollover-title-link\" href=\"https:\/\/intelsynet.com\/es\/nio-cambia-la-bateria-de-sus-coches-en-5-minutos\/\">\n\t\t\t\t\t\tNIO cambia la bater\u00eda de sus coches en 5 minutos\t\t\t\t\t<\/a>\n\t\t\t\t<\/h4>\n\t\t\t\n\t\t\t\t\t\t\t\t\n\t\t\n\t\t\t\t\t\t<a class=\"fusion-link-wrapper\" href=\"https:\/\/intelsynet.com\/es\/nio-cambia-la-bateria-de-sus-coches-en-5-minutos\/\" aria-label=\"NIO cambia la bater\u00eda de sus coches en 5 minutos\"><\/a>\n\t<\/div>\n<\/div>\n<\/div>\n<\/li>\n\t\t\t\n\t\t\t\n\t\t\t\t\t\t\t\t<\/ul>\n\t<\/div>\n\t<div class=\"fusion-post-content-wrapper\" style=\"padding:30px 25px 20px 25px;\"><div class=\"fusion-post-content post-content\"><h2 class=\"blog-shortcode-post-title entry-title\"><a href=\"https:\/\/intelsynet.com\/es\/nio-cambia-la-bateria-de-sus-coches-en-5-minutos\/\">NIO cambia la bater\u00eda de sus coches en 5 minutos<\/a><\/h2><\/div><\/div><div class=\"fusion-clearfix\"><\/div><\/div>\n<\/article>\n<article id=\"blog-1-post-2129\" class=\"fusion-post-grid post-2129 post type-post status-publish format-standard has-post-thumbnail hentry category-nuestros-articulos\">\n<div class=\"fusion-post-wrapper\" style=\"background-color:rgba(255,255,255,0);border:1px solid #e8e8e8;border-bottom-width:3px;\">\n\n\t\t\t<div class=\"fusion-flexslider flexslider fusion-flexslider-loading fusion-post-slideshow\" style=\"border-color:#e8e8e8;\">\n\t\t<ul class=\"slides\">\n\t\t\t\n\t\t\t\t\t\t\t\t\t\t\t\t\t\t<li><div  class=\"fusion-image-wrapper\" aria-haspopup=\"true\">\n\t\t\t\t<img decoding=\"async\" width=\"1200\" height=\"742\" data-src=\"https:\/\/intelsynet.com\/wp-content\/uploads\/2021\/06\/banco-sabadell.jpg\" class=\"attachment-full size-full wp-post-image lazyload\" alt=\"Banco Sabadell\" data-srcset=\"https:\/\/intelsynet.com\/wp-content\/uploads\/2021\/06\/banco-sabadell-200x124.jpg 200w, https:\/\/intelsynet.com\/wp-content\/uploads\/2021\/06\/banco-sabadell-400x247.jpg 400w, https:\/\/intelsynet.com\/wp-content\/uploads\/2021\/06\/banco-sabadell-600x371.jpg 600w, https:\/\/intelsynet.com\/wp-content\/uploads\/2021\/06\/banco-sabadell-800x495.jpg 800w, https:\/\/intelsynet.com\/wp-content\/uploads\/2021\/06\/banco-sabadell.jpg 1200w\" data-sizes=\"(min-width: 2200px) 100vw, (min-width: 784px) 363px, (min-width: 712px) 545px, (min-width: 640px) 712px,\" src=\"data:image\/svg+xml;base64,PHN2ZyB3aWR0aD0iMSIgaGVpZ2h0PSIxIiB4bWxucz0iaHR0cDovL3d3dy53My5vcmcvMjAwMC9zdmciPjwvc3ZnPg==\" style=\"--smush-placeholder-width: 1200px; --smush-placeholder-aspect-ratio: 1200\/742;\" \/><div class=\"fusion-rollover\">\n\t<div class=\"fusion-rollover-content\">\n\n\t\t\t\t\n\t\t\n\t\t\t\t\t\t\t\t\t\t\t\t<h4 class=\"fusion-rollover-title\">\n\t\t\t\t\t<a class=\"fusion-rollover-title-link\" href=\"https:\/\/intelsynet.com\/es\/banco-sabadell\/\">\n\t\t\t\t\t\tEl Banco Sabadell incorpora la sostenibilidad de forma transversal a su modelo de negocio\t\t\t\t\t<\/a>\n\t\t\t\t<\/h4>\n\t\t\t\n\t\t\t\t\t\t\t\t\n\t\t\n\t\t\t\t\t\t<a class=\"fusion-link-wrapper\" href=\"https:\/\/intelsynet.com\/es\/banco-sabadell\/\" aria-label=\"El Banco Sabadell incorpora la sostenibilidad de forma transversal a su modelo de negocio\"><\/a>\n\t<\/div>\n<\/div>\n<\/div>\n<\/li>\n\t\t\t\n\t\t\t\n\t\t\t\t\t\t\t\t<\/ul>\n\t<\/div>\n\t<div class=\"fusion-post-content-wrapper\" style=\"padding:30px 25px 20px 25px;\"><div class=\"fusion-post-content post-content\"><h2 class=\"blog-shortcode-post-title entry-title\"><a href=\"https:\/\/intelsynet.com\/es\/banco-sabadell\/\">El Banco Sabadell incorpora la sostenibilidad de forma transversal a su modelo de negocio<\/a><\/h2><\/div><\/div><div class=\"fusion-clearfix\"><\/div><\/div>\n<\/article>\n<article id=\"blog-1-post-2128\" class=\"fusion-post-grid post-2128 post type-post status-publish format-standard has-post-thumbnail hentry category-nuestros-articulos\">\n<div class=\"fusion-post-wrapper\" style=\"background-color:rgba(255,255,255,0);border:1px solid #e8e8e8;border-bottom-width:3px;\">\n\n\t\t\t<div class=\"fusion-flexslider flexslider fusion-flexslider-loading fusion-post-slideshow\" style=\"border-color:#e8e8e8;\">\n\t\t<ul class=\"slides\">\n\t\t\t\n\t\t\t\t\t\t\t\t\t\t\t\t\t\t<li><div  class=\"fusion-image-wrapper\" aria-haspopup=\"true\">\n\t\t\t\t<img decoding=\"async\" width=\"1200\" height=\"743\" data-src=\"https:\/\/intelsynet.com\/wp-content\/uploads\/2021\/06\/mapfre-am.jpg\" class=\"attachment-full size-full wp-post-image lazyload\" alt=\"mapfre am\" data-srcset=\"https:\/\/intelsynet.com\/wp-content\/uploads\/2021\/06\/mapfre-am-200x124.jpg 200w, https:\/\/intelsynet.com\/wp-content\/uploads\/2021\/06\/mapfre-am-400x248.jpg 400w, https:\/\/intelsynet.com\/wp-content\/uploads\/2021\/06\/mapfre-am-600x372.jpg 600w, https:\/\/intelsynet.com\/wp-content\/uploads\/2021\/06\/mapfre-am-800x495.jpg 800w, https:\/\/intelsynet.com\/wp-content\/uploads\/2021\/06\/mapfre-am.jpg 1200w\" data-sizes=\"(min-width: 2200px) 100vw, (min-width: 784px) 363px, (min-width: 712px) 545px, (min-width: 640px) 712px,\" src=\"data:image\/svg+xml;base64,PHN2ZyB3aWR0aD0iMSIgaGVpZ2h0PSIxIiB4bWxucz0iaHR0cDovL3d3dy53My5vcmcvMjAwMC9zdmciPjwvc3ZnPg==\" style=\"--smush-placeholder-width: 1200px; --smush-placeholder-aspect-ratio: 1200\/743;\" \/><div class=\"fusion-rollover\">\n\t<div class=\"fusion-rollover-content\">\n\n\t\t\t\t\n\t\t\n\t\t\t\t\t\t\t\t\t\t\t\t<h4 class=\"fusion-rollover-title\">\n\t\t\t\t\t<a class=\"fusion-rollover-title-link\" href=\"https:\/\/intelsynet.com\/es\/mapfre-am-lanza-una-nueva-web-para-impulsar-su-compromiso-con-las-finanzas-sostenibles\/\">\n\t\t\t\t\t\tMAPFRE AM lanza una nueva web para impulsar su compromiso con las finanzas sostenibles\t\t\t\t\t<\/a>\n\t\t\t\t<\/h4>\n\t\t\t\n\t\t\t\t\t\t\t\t\n\t\t\n\t\t\t\t\t\t<a class=\"fusion-link-wrapper\" href=\"https:\/\/intelsynet.com\/es\/mapfre-am-lanza-una-nueva-web-para-impulsar-su-compromiso-con-las-finanzas-sostenibles\/\" aria-label=\"MAPFRE AM lanza una nueva web para impulsar su compromiso con las finanzas sostenibles\"><\/a>\n\t<\/div>\n<\/div>\n<\/div>\n<\/li>\n\t\t\t\n\t\t\t\n\t\t\t\t\t\t\t\t<\/ul>\n\t<\/div>\n\t<div class=\"fusion-post-content-wrapper\" style=\"padding:30px 25px 20px 25px;\"><div class=\"fusion-post-content post-content\"><h2 class=\"blog-shortcode-post-title entry-title\"><a href=\"https:\/\/intelsynet.com\/es\/mapfre-am-lanza-una-nueva-web-para-impulsar-su-compromiso-con-las-finanzas-sostenibles\/\">MAPFRE AM lanza una nueva web para impulsar su compromiso con las finanzas sostenibles<\/a><\/h2><\/div><\/div><div class=\"fusion-clearfix\"><\/div><\/div>\n<\/article>\n<article id=\"blog-1-post-2127\" class=\"fusion-post-grid post-2127 post type-post status-publish format-standard has-post-thumbnail hentry category-nuestros-articulos\">\n<div class=\"fusion-post-wrapper\" style=\"background-color:rgba(255,255,255,0);border:1px solid #e8e8e8;border-bottom-width:3px;\">\n\n\t\t\t<div class=\"fusion-flexslider flexslider fusion-flexslider-loading fusion-post-slideshow\" style=\"border-color:#e8e8e8;\">\n\t\t<ul class=\"slides\">\n\t\t\t\n\t\t\t\t\t\t\t\t\t\t\t\t\t\t<li><div  class=\"fusion-image-wrapper\" aria-haspopup=\"true\">\n\t\t\t\t<img decoding=\"async\" width=\"1200\" height=\"742\" data-src=\"https:\/\/intelsynet.com\/wp-content\/uploads\/2021\/06\/ataque-ddos-puertorico.jpg\" class=\"attachment-full size-full wp-post-image lazyload\" alt=\"ataque ddos en puerto rico\" data-srcset=\"https:\/\/intelsynet.com\/wp-content\/uploads\/2021\/06\/ataque-ddos-puertorico-200x124.jpg 200w, https:\/\/intelsynet.com\/wp-content\/uploads\/2021\/06\/ataque-ddos-puertorico-400x247.jpg 400w, https:\/\/intelsynet.com\/wp-content\/uploads\/2021\/06\/ataque-ddos-puertorico-600x371.jpg 600w, https:\/\/intelsynet.com\/wp-content\/uploads\/2021\/06\/ataque-ddos-puertorico-800x495.jpg 800w, https:\/\/intelsynet.com\/wp-content\/uploads\/2021\/06\/ataque-ddos-puertorico.jpg 1200w\" data-sizes=\"(min-width: 2200px) 100vw, (min-width: 784px) 363px, (min-width: 712px) 545px, (min-width: 640px) 712px,\" src=\"data:image\/svg+xml;base64,PHN2ZyB3aWR0aD0iMSIgaGVpZ2h0PSIxIiB4bWxucz0iaHR0cDovL3d3dy53My5vcmcvMjAwMC9zdmciPjwvc3ZnPg==\" style=\"--smush-placeholder-width: 1200px; --smush-placeholder-aspect-ratio: 1200\/742;\" \/><div class=\"fusion-rollover\">\n\t<div class=\"fusion-rollover-content\">\n\n\t\t\t\t\n\t\t\n\t\t\t\t\t\t\t\t\t\t\t\t<h4 class=\"fusion-rollover-title\">\n\t\t\t\t\t<a class=\"fusion-rollover-title-link\" href=\"https:\/\/intelsynet.com\/es\/ataque-ddos-en-puerto-rico\/\">\n\t\t\t\t\t\tUn ataque DDoS interrumpe suministro de energ\u00eda el\u00e9ctrica en Puerto Rico\t\t\t\t\t<\/a>\n\t\t\t\t<\/h4>\n\t\t\t\n\t\t\t\t\t\t\t\t\n\t\t\n\t\t\t\t\t\t<a class=\"fusion-link-wrapper\" href=\"https:\/\/intelsynet.com\/es\/ataque-ddos-en-puerto-rico\/\" aria-label=\"Un ataque DDoS interrumpe suministro de energ\u00eda el\u00e9ctrica en Puerto Rico\"><\/a>\n\t<\/div>\n<\/div>\n<\/div>\n<\/li>\n\t\t\t\n\t\t\t\n\t\t\t\t\t\t\t\t<\/ul>\n\t<\/div>\n\t<div class=\"fusion-post-content-wrapper\" style=\"padding:30px 25px 20px 25px;\"><div class=\"fusion-post-content post-content\"><h2 class=\"blog-shortcode-post-title entry-title\"><a href=\"https:\/\/intelsynet.com\/es\/ataque-ddos-en-puerto-rico\/\">Un ataque DDoS interrumpe suministro de energ\u00eda el\u00e9ctrica en Puerto Rico<\/a><\/h2><\/div><\/div><div class=\"fusion-clearfix\"><\/div><\/div>\n<\/article>\n<article id=\"blog-1-post-2126\" class=\"fusion-post-grid post-2126 post type-post status-publish format-standard has-post-thumbnail hentry category-nuestros-articulos\">\n<div class=\"fusion-post-wrapper\" style=\"background-color:rgba(255,255,255,0);border:1px solid #e8e8e8;border-bottom-width:3px;\">\n\n\t\t\t<div class=\"fusion-flexslider flexslider fusion-flexslider-loading fusion-post-slideshow\" style=\"border-color:#e8e8e8;\">\n\t\t<ul class=\"slides\">\n\t\t\t\n\t\t\t\t\t\t\t\t\t\t\t\t\t\t<li><div  class=\"fusion-image-wrapper\" aria-haspopup=\"true\">\n\t\t\t\t<img decoding=\"async\" width=\"1200\" height=\"742\" data-src=\"https:\/\/intelsynet.com\/wp-content\/uploads\/2021\/06\/criptomonedas-china.jpg\" class=\"attachment-full size-full wp-post-image lazyload\" alt=\"china y las criptomonedas\" data-srcset=\"https:\/\/intelsynet.com\/wp-content\/uploads\/2021\/06\/criptomonedas-china-200x124.jpg 200w, https:\/\/intelsynet.com\/wp-content\/uploads\/2021\/06\/criptomonedas-china-400x247.jpg 400w, https:\/\/intelsynet.com\/wp-content\/uploads\/2021\/06\/criptomonedas-china-600x371.jpg 600w, https:\/\/intelsynet.com\/wp-content\/uploads\/2021\/06\/criptomonedas-china-800x495.jpg 800w, https:\/\/intelsynet.com\/wp-content\/uploads\/2021\/06\/criptomonedas-china.jpg 1200w\" data-sizes=\"(min-width: 2200px) 100vw, (min-width: 784px) 363px, (min-width: 712px) 545px, (min-width: 640px) 712px,\" src=\"data:image\/svg+xml;base64,PHN2ZyB3aWR0aD0iMSIgaGVpZ2h0PSIxIiB4bWxucz0iaHR0cDovL3d3dy53My5vcmcvMjAwMC9zdmciPjwvc3ZnPg==\" style=\"--smush-placeholder-width: 1200px; --smush-placeholder-aspect-ratio: 1200\/742;\" \/><div class=\"fusion-rollover\">\n\t<div class=\"fusion-rollover-content\">\n\n\t\t\t\t\n\t\t\n\t\t\t\t\t\t\t\t\t\t\t\t<h4 class=\"fusion-rollover-title\">\n\t\t\t\t\t<a class=\"fusion-rollover-title-link\" href=\"https:\/\/intelsynet.com\/es\/china-y-las-criptomonedas\/\">\n\t\t\t\t\t\tLa posici\u00f3n de China frente a las criptomonedas provoca una migraci\u00f3n masiva de mineros de Bitcoin\t\t\t\t\t<\/a>\n\t\t\t\t<\/h4>\n\t\t\t\n\t\t\t\t\t\t\t\t\n\t\t\n\t\t\t\t\t\t<a class=\"fusion-link-wrapper\" href=\"https:\/\/intelsynet.com\/es\/china-y-las-criptomonedas\/\" aria-label=\"La posici\u00f3n de China frente a las criptomonedas provoca una migraci\u00f3n masiva de mineros de Bitcoin\"><\/a>\n\t<\/div>\n<\/div>\n<\/div>\n<\/li>\n\t\t\t\n\t\t\t\n\t\t\t\t\t\t\t\t<\/ul>\n\t<\/div>\n\t<div class=\"fusion-post-content-wrapper\" style=\"padding:30px 25px 20px 25px;\"><div class=\"fusion-post-content post-content\"><h2 class=\"blog-shortcode-post-title entry-title\"><a href=\"https:\/\/intelsynet.com\/es\/china-y-las-criptomonedas\/\">La posici\u00f3n de China frente a las criptomonedas provoca una migraci\u00f3n masiva de mineros de Bitcoin<\/a><\/h2><\/div><\/div><div class=\"fusion-clearfix\"><\/div><\/div>\n<\/article>\n<article id=\"blog-1-post-2098\" class=\"fusion-post-grid post-2098 post type-post status-publish format-standard has-post-thumbnail hentry category-nuestros-articulos tag-ciberseguridad tag-contrasena-insegura tag-contrasenas tag-contrasenas-filtradas tag-filtraciones tag-rockyou2021\">\n<div class=\"fusion-post-wrapper\" style=\"background-color:rgba(255,255,255,0);border:1px solid #e8e8e8;border-bottom-width:3px;\">\n\n\t\t\t<div class=\"fusion-flexslider flexslider fusion-flexslider-loading fusion-post-slideshow\" style=\"border-color:#e8e8e8;\">\n\t\t<ul class=\"slides\">\n\t\t\t\n\t\t\t\t\t\t\t\t\t\t\t\t\t\t<li><div  class=\"fusion-image-wrapper\" aria-haspopup=\"true\">\n\t\t\t\t<img decoding=\"async\" width=\"1200\" height=\"742\" data-src=\"https:\/\/intelsynet.com\/wp-content\/uploads\/2021\/06\/rockyou2021.jpg\" class=\"attachment-full size-full wp-post-image lazyload\" alt=\"rockyou2021\" data-srcset=\"https:\/\/intelsynet.com\/wp-content\/uploads\/2021\/06\/rockyou2021-200x124.jpg 200w, https:\/\/intelsynet.com\/wp-content\/uploads\/2021\/06\/rockyou2021-400x247.jpg 400w, https:\/\/intelsynet.com\/wp-content\/uploads\/2021\/06\/rockyou2021-600x371.jpg 600w, https:\/\/intelsynet.com\/wp-content\/uploads\/2021\/06\/rockyou2021-800x495.jpg 800w, https:\/\/intelsynet.com\/wp-content\/uploads\/2021\/06\/rockyou2021.jpg 1200w\" data-sizes=\"(min-width: 2200px) 100vw, (min-width: 784px) 363px, (min-width: 712px) 545px, (min-width: 640px) 712px,\" src=\"data:image\/svg+xml;base64,PHN2ZyB3aWR0aD0iMSIgaGVpZ2h0PSIxIiB4bWxucz0iaHR0cDovL3d3dy53My5vcmcvMjAwMC9zdmciPjwvc3ZnPg==\" style=\"--smush-placeholder-width: 1200px; --smush-placeholder-aspect-ratio: 1200\/742;\" \/><div class=\"fusion-rollover\">\n\t<div class=\"fusion-rollover-content\">\n\n\t\t\t\t\n\t\t\n\t\t\t\t\t\t\t\t\t\t\t\t<h4 class=\"fusion-rollover-title\">\n\t\t\t\t\t<a class=\"fusion-rollover-title-link\" href=\"https:\/\/intelsynet.com\/es\/rockyou2021\/\">\n\t\t\t\t\t\tROCKYOU2021, la \u00faltima filtraci\u00f3n de 3.2 mil millones de contrase\u00f1as.\t\t\t\t\t<\/a>\n\t\t\t\t<\/h4>\n\t\t\t\n\t\t\t\t\t\t\t\t\n\t\t\n\t\t\t\t\t\t<a class=\"fusion-link-wrapper\" href=\"https:\/\/intelsynet.com\/es\/rockyou2021\/\" aria-label=\"ROCKYOU2021, la \u00faltima filtraci\u00f3n de 3.2 mil millones de contrase\u00f1as.\"><\/a>\n\t<\/div>\n<\/div>\n<\/div>\n<\/li>\n\t\t\t\n\t\t\t\n\t\t\t\t\t\t\t\t<\/ul>\n\t<\/div>\n\t<div class=\"fusion-post-content-wrapper\" style=\"padding:30px 25px 20px 25px;\"><div class=\"fusion-post-content post-content\"><h2 class=\"blog-shortcode-post-title entry-title\"><a href=\"https:\/\/intelsynet.com\/es\/rockyou2021\/\">ROCKYOU2021, la \u00faltima filtraci\u00f3n de 3.2 mil millones de contrase\u00f1as.<\/a><\/h2><\/div><\/div><div class=\"fusion-clearfix\"><\/div><\/div>\n<\/article>\n<article id=\"blog-1-post-2097\" class=\"fusion-post-grid post-2097 post type-post status-publish format-standard has-post-thumbnail hentry category-nuestros-articulos tag-ciberseguridad tag-contrasena-para-todo tag-contrasenas tag-contrasenas-filtradas tag-contrasenas-seguras tag-misma-contrasena\">\n<div class=\"fusion-post-wrapper\" style=\"background-color:rgba(255,255,255,0);border:1px solid #e8e8e8;border-bottom-width:3px;\">\n\n\t\t\t<div class=\"fusion-flexslider flexslider fusion-flexslider-loading fusion-post-slideshow\" style=\"border-color:#e8e8e8;\">\n\t\t<ul class=\"slides\">\n\t\t\t\n\t\t\t\t\t\t\t\t\t\t\t\t\t\t<li><div  class=\"fusion-image-wrapper\" aria-haspopup=\"true\">\n\t\t\t\t<img decoding=\"async\" width=\"1200\" height=\"742\" data-src=\"https:\/\/intelsynet.com\/wp-content\/uploads\/2021\/06\/contrasena.jpg\" class=\"attachment-full size-full wp-post-image lazyload\" alt=\"misma contrase\u00f1a para todo\" data-srcset=\"https:\/\/intelsynet.com\/wp-content\/uploads\/2021\/06\/contrasena-200x124.jpg 200w, https:\/\/intelsynet.com\/wp-content\/uploads\/2021\/06\/contrasena-400x247.jpg 400w, https:\/\/intelsynet.com\/wp-content\/uploads\/2021\/06\/contrasena-600x371.jpg 600w, https:\/\/intelsynet.com\/wp-content\/uploads\/2021\/06\/contrasena-800x495.jpg 800w, https:\/\/intelsynet.com\/wp-content\/uploads\/2021\/06\/contrasena.jpg 1200w\" data-sizes=\"(min-width: 2200px) 100vw, (min-width: 784px) 363px, (min-width: 712px) 545px, (min-width: 640px) 712px,\" src=\"data:image\/svg+xml;base64,PHN2ZyB3aWR0aD0iMSIgaGVpZ2h0PSIxIiB4bWxucz0iaHR0cDovL3d3dy53My5vcmcvMjAwMC9zdmciPjwvc3ZnPg==\" style=\"--smush-placeholder-width: 1200px; --smush-placeholder-aspect-ratio: 1200\/742;\" \/><div class=\"fusion-rollover\">\n\t<div class=\"fusion-rollover-content\">\n\n\t\t\t\t\n\t\t\n\t\t\t\t\t\t\t\t\t\t\t\t<h4 class=\"fusion-rollover-title\">\n\t\t\t\t\t<a class=\"fusion-rollover-title-link\" href=\"https:\/\/intelsynet.com\/es\/misma-contrasena-para-todo\/\">\n\t\t\t\t\t\tEl riesgo de usar la misma contrase\u00f1a para todo\t\t\t\t\t<\/a>\n\t\t\t\t<\/h4>\n\t\t\t\n\t\t\t\t\t\t\t\t\n\t\t\n\t\t\t\t\t\t<a class=\"fusion-link-wrapper\" href=\"https:\/\/intelsynet.com\/es\/misma-contrasena-para-todo\/\" aria-label=\"El riesgo de usar la misma contrase\u00f1a para todo\"><\/a>\n\t<\/div>\n<\/div>\n<\/div>\n<\/li>\n\t\t\t\n\t\t\t\n\t\t\t\t\t\t\t\t<\/ul>\n\t<\/div>\n\t<div class=\"fusion-post-content-wrapper\" style=\"padding:30px 25px 20px 25px;\"><div class=\"fusion-post-content post-content\"><h2 class=\"blog-shortcode-post-title entry-title\"><a href=\"https:\/\/intelsynet.com\/es\/misma-contrasena-para-todo\/\">El riesgo de usar la misma contrase\u00f1a para todo<\/a><\/h2><\/div><\/div><div class=\"fusion-clearfix\"><\/div><\/div>\n<\/article>\n<article id=\"blog-1-post-2096\" class=\"fusion-post-grid post-2096 post type-post status-publish format-standard has-post-thumbnail hentry category-nuestros-articulos tag-censura tag-nigeria tag-twitter\">\n<div class=\"fusion-post-wrapper\" style=\"background-color:rgba(255,255,255,0);border:1px solid #e8e8e8;border-bottom-width:3px;\">\n\n\t\t\t<div class=\"fusion-flexslider flexslider fusion-flexslider-loading fusion-post-slideshow\" style=\"border-color:#e8e8e8;\">\n\t\t<ul class=\"slides\">\n\t\t\t\n\t\t\t\t\t\t\t\t\t\t\t\t\t\t<li><div  class=\"fusion-image-wrapper\" aria-haspopup=\"true\">\n\t\t\t\t<img decoding=\"async\" width=\"1200\" height=\"742\" data-src=\"https:\/\/intelsynet.com\/wp-content\/uploads\/2021\/06\/nigeria.jpg\" class=\"attachment-full size-full wp-post-image lazyload\" alt=\"Nigeria\" data-srcset=\"https:\/\/intelsynet.com\/wp-content\/uploads\/2021\/06\/nigeria-200x124.jpg 200w, https:\/\/intelsynet.com\/wp-content\/uploads\/2021\/06\/nigeria-400x247.jpg 400w, https:\/\/intelsynet.com\/wp-content\/uploads\/2021\/06\/nigeria-600x371.jpg 600w, https:\/\/intelsynet.com\/wp-content\/uploads\/2021\/06\/nigeria-800x495.jpg 800w, https:\/\/intelsynet.com\/wp-content\/uploads\/2021\/06\/nigeria.jpg 1200w\" data-sizes=\"(min-width: 2200px) 100vw, (min-width: 784px) 363px, (min-width: 712px) 545px, (min-width: 640px) 712px,\" src=\"data:image\/svg+xml;base64,PHN2ZyB3aWR0aD0iMSIgaGVpZ2h0PSIxIiB4bWxucz0iaHR0cDovL3d3dy53My5vcmcvMjAwMC9zdmciPjwvc3ZnPg==\" style=\"--smush-placeholder-width: 1200px; --smush-placeholder-aspect-ratio: 1200\/742;\" \/><div class=\"fusion-rollover\">\n\t<div class=\"fusion-rollover-content\">\n\n\t\t\t\t\n\t\t\n\t\t\t\t\t\t\t\t\t\t\t\t<h4 class=\"fusion-rollover-title\">\n\t\t\t\t\t<a class=\"fusion-rollover-title-link\" href=\"https:\/\/intelsynet.com\/es\/nigeria-suspende-el-acceso-a-twitter\/\">\n\t\t\t\t\t\tNigeria suspende el acceso a Twitter despu\u00e9s de eliminase un tweet del presidente\t\t\t\t\t<\/a>\n\t\t\t\t<\/h4>\n\t\t\t\n\t\t\t\t\t\t\t\t\n\t\t\n\t\t\t\t\t\t<a class=\"fusion-link-wrapper\" href=\"https:\/\/intelsynet.com\/es\/nigeria-suspende-el-acceso-a-twitter\/\" aria-label=\"Nigeria suspende el acceso a Twitter despu\u00e9s de eliminase un tweet del presidente\"><\/a>\n\t<\/div>\n<\/div>\n<\/div>\n<\/li>\n\t\t\t\n\t\t\t\n\t\t\t\t\t\t\t\t<\/ul>\n\t<\/div>\n\t<div class=\"fusion-post-content-wrapper\" style=\"padding:30px 25px 20px 25px;\"><div class=\"fusion-post-content post-content\"><h2 class=\"blog-shortcode-post-title entry-title\"><a href=\"https:\/\/intelsynet.com\/es\/nigeria-suspende-el-acceso-a-twitter\/\">Nigeria suspende el acceso a Twitter despu\u00e9s de eliminase un tweet del presidente<\/a><\/h2><\/div><\/div><div class=\"fusion-clearfix\"><\/div><\/div>\n<\/article>\n<article id=\"blog-1-post-2095\" class=\"fusion-post-grid post-2095 post type-post status-publish format-standard has-post-thumbnail hentry category-nuestros-articulos tag-excel tag-microsoft tag-sports\">\n<div class=\"fusion-post-wrapper\" style=\"background-color:rgba(255,255,255,0);border:1px solid #e8e8e8;border-bottom-width:3px;\">\n\n\t\t\t<div class=\"fusion-flexslider flexslider fusion-flexslider-loading fusion-post-slideshow\" style=\"border-color:#e8e8e8;\">\n\t\t<ul class=\"slides\">\n\t\t\t\n\t\t\t\t\t\t\t\t\t\t\t\t\t\t<li><div  class=\"fusion-image-wrapper\" aria-haspopup=\"true\">\n\t\t\t\t<img decoding=\"async\" width=\"1200\" height=\"742\" data-src=\"https:\/\/intelsynet.com\/wp-content\/uploads\/2021\/06\/excel.jpg\" class=\"attachment-full size-full wp-post-image lazyload\" alt=\"excel\" data-srcset=\"https:\/\/intelsynet.com\/wp-content\/uploads\/2021\/06\/excel-200x124.jpg 200w, https:\/\/intelsynet.com\/wp-content\/uploads\/2021\/06\/excel-400x247.jpg 400w, https:\/\/intelsynet.com\/wp-content\/uploads\/2021\/06\/excel-600x371.jpg 600w, https:\/\/intelsynet.com\/wp-content\/uploads\/2021\/06\/excel-800x495.jpg 800w, https:\/\/intelsynet.com\/wp-content\/uploads\/2021\/06\/excel.jpg 1200w\" data-sizes=\"(min-width: 2200px) 100vw, (min-width: 784px) 363px, (min-width: 712px) 545px, (min-width: 640px) 712px,\" src=\"data:image\/svg+xml;base64,PHN2ZyB3aWR0aD0iMSIgaGVpZ2h0PSIxIiB4bWxucz0iaHR0cDovL3d3dy53My5vcmcvMjAwMC9zdmciPjwvc3ZnPg==\" style=\"--smush-placeholder-width: 1200px; --smush-placeholder-aspect-ratio: 1200\/742;\" \/><div class=\"fusion-rollover\">\n\t<div class=\"fusion-rollover-content\">\n\n\t\t\t\t\n\t\t\n\t\t\t\t\t\t\t\t\t\t\t\t<h4 class=\"fusion-rollover-title\">\n\t\t\t\t\t<a class=\"fusion-rollover-title-link\" href=\"https:\/\/intelsynet.com\/es\/excel\/\">\n\t\t\t\t\t\tLos expertos en Excel se enfrentar\u00e1n en un evento de eSports\t\t\t\t\t<\/a>\n\t\t\t\t<\/h4>\n\t\t\t\n\t\t\t\t\t\t\t\t\n\t\t\n\t\t\t\t\t\t<a class=\"fusion-link-wrapper\" href=\"https:\/\/intelsynet.com\/es\/excel\/\" aria-label=\"Los expertos en Excel se enfrentar\u00e1n en un evento de eSports\"><\/a>\n\t<\/div>\n<\/div>\n<\/div>\n<\/li>\n\t\t\t\n\t\t\t\n\t\t\t\t\t\t\t\t<\/ul>\n\t<\/div>\n\t<div class=\"fusion-post-content-wrapper\" style=\"padding:30px 25px 20px 25px;\"><div class=\"fusion-post-content post-content\"><h2 class=\"blog-shortcode-post-title entry-title\"><a href=\"https:\/\/intelsynet.com\/es\/excel\/\">Los expertos en Excel se enfrentar\u00e1n en un evento de eSports<\/a><\/h2><\/div><\/div><div class=\"fusion-clearfix\"><\/div><\/div>\n<\/article>\n<article id=\"blog-1-post-2094\" class=\"fusion-post-grid post-2094 post type-post status-publish format-standard has-post-thumbnail hentry category-nuestros-articulos tag-clusters tag-kubernetes tag-nube tag-siloscape tag-windows\">\n<div class=\"fusion-post-wrapper\" style=\"background-color:rgba(255,255,255,0);border:1px solid #e8e8e8;border-bottom-width:3px;\">\n\n\t\t\t<div class=\"fusion-flexslider flexslider fusion-flexslider-loading fusion-post-slideshow\" style=\"border-color:#e8e8e8;\">\n\t\t<ul class=\"slides\">\n\t\t\t\n\t\t\t\t\t\t\t\t\t\t\t\t\t\t<li><div  class=\"fusion-image-wrapper\" aria-haspopup=\"true\">\n\t\t\t\t<img decoding=\"async\" width=\"1200\" height=\"742\" data-src=\"https:\/\/intelsynet.com\/wp-content\/uploads\/2021\/06\/siloscape.jpg\" class=\"attachment-full size-full wp-post-image lazyload\" alt=\"siloscape\" data-srcset=\"https:\/\/intelsynet.com\/wp-content\/uploads\/2021\/06\/siloscape-200x124.jpg 200w, https:\/\/intelsynet.com\/wp-content\/uploads\/2021\/06\/siloscape-400x247.jpg 400w, https:\/\/intelsynet.com\/wp-content\/uploads\/2021\/06\/siloscape-600x371.jpg 600w, https:\/\/intelsynet.com\/wp-content\/uploads\/2021\/06\/siloscape-800x495.jpg 800w, https:\/\/intelsynet.com\/wp-content\/uploads\/2021\/06\/siloscape.jpg 1200w\" data-sizes=\"(min-width: 2200px) 100vw, (min-width: 784px) 363px, (min-width: 712px) 545px, (min-width: 640px) 712px,\" src=\"data:image\/svg+xml;base64,PHN2ZyB3aWR0aD0iMSIgaGVpZ2h0PSIxIiB4bWxucz0iaHR0cDovL3d3dy53My5vcmcvMjAwMC9zdmciPjwvc3ZnPg==\" style=\"--smush-placeholder-width: 1200px; --smush-placeholder-aspect-ratio: 1200\/742;\" \/><div class=\"fusion-rollover\">\n\t<div class=\"fusion-rollover-content\">\n\n\t\t\t\t\n\t\t\n\t\t\t\t\t\t\t\t\t\t\t\t<h4 class=\"fusion-rollover-title\">\n\t\t\t\t\t<a class=\"fusion-rollover-title-link\" href=\"https:\/\/intelsynet.com\/es\/siloscape\/\">\n\t\t\t\t\t\tSiloscape, el nuevo malware detectado que afecta a contenedores de Windows, es utilizado para infectar \u2018clusters\u2019 de Kubernetes en la nube.\t\t\t\t\t<\/a>\n\t\t\t\t<\/h4>\n\t\t\t\n\t\t\t\t\t\t\t\t\n\t\t\n\t\t\t\t\t\t<a class=\"fusion-link-wrapper\" href=\"https:\/\/intelsynet.com\/es\/siloscape\/\" aria-label=\"Siloscape, el nuevo malware detectado que afecta a contenedores de Windows, es utilizado para infectar \u2018clusters\u2019 de Kubernetes en la nube.\"><\/a>\n\t<\/div>\n<\/div>\n<\/div>\n<\/li>\n\t\t\t\n\t\t\t\n\t\t\t\t\t\t\t\t<\/ul>\n\t<\/div>\n\t<div class=\"fusion-post-content-wrapper\" style=\"padding:30px 25px 20px 25px;\"><div class=\"fusion-post-content post-content\"><h2 class=\"blog-shortcode-post-title entry-title\"><a href=\"https:\/\/intelsynet.com\/es\/siloscape\/\">Siloscape, el nuevo malware detectado que afecta a contenedores de Windows, es utilizado para infectar \u2018clusters\u2019 de Kubernetes en la nube.<\/a><\/h2><\/div><\/div><div class=\"fusion-clearfix\"><\/div><\/div>\n<\/article>\n<article id=\"blog-1-post-2091\" class=\"fusion-post-grid post-2091 post type-post status-publish format-standard has-post-thumbnail hentry category-nuestros-articulos tag-ataque tag-cadena-ser tag-everis tag-malware tag-ramsonware\">\n<div class=\"fusion-post-wrapper\" style=\"background-color:rgba(255,255,255,0);border:1px solid #e8e8e8;border-bottom-width:3px;\">\n\n\t\t\t<div class=\"fusion-flexslider flexslider fusion-flexslider-loading fusion-post-slideshow\" style=\"border-color:#e8e8e8;\">\n\t\t<ul class=\"slides\">\n\t\t\t\n\t\t\t\t\t\t\t\t\t\t\t\t\t\t<li><div  class=\"fusion-image-wrapper\" aria-haspopup=\"true\">\n\t\t\t\t<img decoding=\"async\" width=\"1200\" height=\"742\" data-src=\"https:\/\/intelsynet.com\/wp-content\/uploads\/2021\/06\/everis.jpg\" class=\"attachment-full size-full wp-post-image lazyload\" alt=\"everis\" data-srcset=\"https:\/\/intelsynet.com\/wp-content\/uploads\/2021\/06\/everis-200x124.jpg 200w, https:\/\/intelsynet.com\/wp-content\/uploads\/2021\/06\/everis-400x247.jpg 400w, https:\/\/intelsynet.com\/wp-content\/uploads\/2021\/06\/everis-600x371.jpg 600w, https:\/\/intelsynet.com\/wp-content\/uploads\/2021\/06\/everis-800x495.jpg 800w, https:\/\/intelsynet.com\/wp-content\/uploads\/2021\/06\/everis.jpg 1200w\" data-sizes=\"(min-width: 2200px) 100vw, (min-width: 784px) 363px, (min-width: 712px) 545px, (min-width: 640px) 712px,\" src=\"data:image\/svg+xml;base64,PHN2ZyB3aWR0aD0iMSIgaGVpZ2h0PSIxIiB4bWxucz0iaHR0cDovL3d3dy53My5vcmcvMjAwMC9zdmciPjwvc3ZnPg==\" style=\"--smush-placeholder-width: 1200px; --smush-placeholder-aspect-ratio: 1200\/742;\" \/><div class=\"fusion-rollover\">\n\t<div class=\"fusion-rollover-content\">\n\n\t\t\t\t\n\t\t\n\t\t\t\t\t\t\t\t\t\t\t\t<h4 class=\"fusion-rollover-title\">\n\t\t\t\t\t<a class=\"fusion-rollover-title-link\" href=\"https:\/\/intelsynet.com\/es\/everis\/\">\n\t\t\t\t\t\tEveris revela que cuanto le cost\u00f3 el ciberataque de finales de 2019\t\t\t\t\t<\/a>\n\t\t\t\t<\/h4>\n\t\t\t\n\t\t\t\t\t\t\t\t\n\t\t\n\t\t\t\t\t\t<a class=\"fusion-link-wrapper\" href=\"https:\/\/intelsynet.com\/es\/everis\/\" aria-label=\"Everis revela que cuanto le cost\u00f3 el ciberataque de finales de 2019\"><\/a>\n\t<\/div>\n<\/div>\n<\/div>\n<\/li>\n\t\t\t\n\t\t\t\n\t\t\t\t\t\t\t\t<\/ul>\n\t<\/div>\n\t<div class=\"fusion-post-content-wrapper\" style=\"padding:30px 25px 20px 25px;\"><div class=\"fusion-post-content post-content\"><h2 class=\"blog-shortcode-post-title entry-title\"><a href=\"https:\/\/intelsynet.com\/es\/everis\/\">Everis revela que cuanto le cost\u00f3 el ciberataque de finales de 2019<\/a><\/h2><\/div><\/div><div class=\"fusion-clearfix\"><\/div><\/div>\n<\/article>\n<article id=\"blog-1-post-2093\" class=\"fusion-post-grid post-2093 post type-post status-publish format-standard has-post-thumbnail hentry category-nuestros-articulos tag-60 tag-adas tag-ayudas-a-la-conduccion tag-coches tag-coches-nuevos\">\n<div class=\"fusion-post-wrapper\" style=\"background-color:rgba(255,255,255,0);border:1px solid #e8e8e8;border-bottom-width:3px;\">\n\n\t\t\t<div class=\"fusion-flexslider flexslider fusion-flexslider-loading fusion-post-slideshow\" style=\"border-color:#e8e8e8;\">\n\t\t<ul class=\"slides\">\n\t\t\t\n\t\t\t\t\t\t\t\t\t\t\t\t\t\t<li><div  class=\"fusion-image-wrapper\" aria-haspopup=\"true\">\n\t\t\t\t<img decoding=\"async\" width=\"1200\" height=\"742\" data-src=\"https:\/\/intelsynet.com\/wp-content\/uploads\/2021\/06\/ayudas-a-la-conduccion.jpg\" class=\"attachment-full size-full wp-post-image lazyload\" alt=\"ayudas a la conducci\u00f3n\" data-srcset=\"https:\/\/intelsynet.com\/wp-content\/uploads\/2021\/06\/ayudas-a-la-conduccion-200x124.jpg 200w, https:\/\/intelsynet.com\/wp-content\/uploads\/2021\/06\/ayudas-a-la-conduccion-400x247.jpg 400w, https:\/\/intelsynet.com\/wp-content\/uploads\/2021\/06\/ayudas-a-la-conduccion-600x371.jpg 600w, https:\/\/intelsynet.com\/wp-content\/uploads\/2021\/06\/ayudas-a-la-conduccion-800x495.jpg 800w, https:\/\/intelsynet.com\/wp-content\/uploads\/2021\/06\/ayudas-a-la-conduccion.jpg 1200w\" data-sizes=\"(min-width: 2200px) 100vw, (min-width: 784px) 363px, (min-width: 712px) 545px, (min-width: 640px) 712px,\" src=\"data:image\/svg+xml;base64,PHN2ZyB3aWR0aD0iMSIgaGVpZ2h0PSIxIiB4bWxucz0iaHR0cDovL3d3dy53My5vcmcvMjAwMC9zdmciPjwvc3ZnPg==\" style=\"--smush-placeholder-width: 1200px; --smush-placeholder-aspect-ratio: 1200\/742;\" \/><div class=\"fusion-rollover\">\n\t<div class=\"fusion-rollover-content\">\n\n\t\t\t\t\n\t\t\n\t\t\t\t\t\t\t\t\t\t\t\t<h4 class=\"fusion-rollover-title\">\n\t\t\t\t\t<a class=\"fusion-rollover-title-link\" href=\"https:\/\/intelsynet.com\/es\/ayudas-a-la-conduccion\/\">\n\t\t\t\t\t\tLas ocho ayudas a la conducci\u00f3n que ser\u00e1n obligatorias en los coches nuevos en 2022\t\t\t\t\t<\/a>\n\t\t\t\t<\/h4>\n\t\t\t\n\t\t\t\t\t\t\t\t\n\t\t\n\t\t\t\t\t\t<a class=\"fusion-link-wrapper\" href=\"https:\/\/intelsynet.com\/es\/ayudas-a-la-conduccion\/\" aria-label=\"Las ocho ayudas a la conducci\u00f3n que ser\u00e1n obligatorias en los coches nuevos en 2022\"><\/a>\n\t<\/div>\n<\/div>\n<\/div>\n<\/li>\n\t\t\t\n\t\t\t\n\t\t\t\t\t\t\t\t<\/ul>\n\t<\/div>\n\t<div class=\"fusion-post-content-wrapper\" style=\"padding:30px 25px 20px 25px;\"><div class=\"fusion-post-content post-content\"><h2 class=\"blog-shortcode-post-title entry-title\"><a href=\"https:\/\/intelsynet.com\/es\/ayudas-a-la-conduccion\/\">Las ocho ayudas a la conducci\u00f3n que ser\u00e1n obligatorias en los coches nuevos en 2022<\/a><\/h2><\/div><\/div><div class=\"fusion-clearfix\"><\/div><\/div>\n<\/article>\n<article id=\"blog-1-post-2092\" class=\"fusion-post-grid post-2092 post type-post status-publish format-standard has-post-thumbnail hentry category-nuestros-articulos tag-ciberdelincuencia tag-ciberdelincuente tag-empresas tag-estafa tag-malware tag-suplantacion-de-identidad\">\n<div class=\"fusion-post-wrapper\" style=\"background-color:rgba(255,255,255,0);border:1px solid #e8e8e8;border-bottom-width:3px;\">\n\n\t\t\t<div class=\"fusion-flexslider flexslider fusion-flexslider-loading fusion-post-slideshow\" style=\"border-color:#e8e8e8;\">\n\t\t<ul class=\"slides\">\n\t\t\t\n\t\t\t\t\t\t\t\t\t\t\t\t\t\t<li><div  class=\"fusion-image-wrapper\" aria-haspopup=\"true\">\n\t\t\t\t<img decoding=\"async\" width=\"1200\" height=\"742\" data-src=\"https:\/\/intelsynet.com\/wp-content\/uploads\/2021\/06\/ciberdelicuencia.jpg\" class=\"attachment-full size-full wp-post-image lazyload\" alt=\"ciberdelincuente\" data-srcset=\"https:\/\/intelsynet.com\/wp-content\/uploads\/2021\/06\/ciberdelicuencia-200x124.jpg 200w, https:\/\/intelsynet.com\/wp-content\/uploads\/2021\/06\/ciberdelicuencia-400x247.jpg 400w, https:\/\/intelsynet.com\/wp-content\/uploads\/2021\/06\/ciberdelicuencia-600x371.jpg 600w, https:\/\/intelsynet.com\/wp-content\/uploads\/2021\/06\/ciberdelicuencia-800x495.jpg 800w, https:\/\/intelsynet.com\/wp-content\/uploads\/2021\/06\/ciberdelicuencia.jpg 1200w\" data-sizes=\"(min-width: 2200px) 100vw, (min-width: 784px) 363px, (min-width: 712px) 545px, (min-width: 640px) 712px,\" src=\"data:image\/svg+xml;base64,PHN2ZyB3aWR0aD0iMSIgaGVpZ2h0PSIxIiB4bWxucz0iaHR0cDovL3d3dy53My5vcmcvMjAwMC9zdmciPjwvc3ZnPg==\" style=\"--smush-placeholder-width: 1200px; --smush-placeholder-aspect-ratio: 1200\/742;\" \/><div class=\"fusion-rollover\">\n\t<div class=\"fusion-rollover-content\">\n\n\t\t\t\t\n\t\t\n\t\t\t\t\t\t\t\t\t\t\t\t<h4 class=\"fusion-rollover-title\">\n\t\t\t\t\t<a class=\"fusion-rollover-title-link\" href=\"https:\/\/intelsynet.com\/es\/ciberdelincuente-estafa-91000-euros\/\">\n\t\t\t\t\t\tUn ciberdelincuente estafa 91.500 euros en almendras a una empresa murciana\t\t\t\t\t<\/a>\n\t\t\t\t<\/h4>\n\t\t\t\n\t\t\t\t\t\t\t\t\n\t\t\n\t\t\t\t\t\t<a class=\"fusion-link-wrapper\" href=\"https:\/\/intelsynet.com\/es\/ciberdelincuente-estafa-91000-euros\/\" aria-label=\"Un ciberdelincuente estafa 91.500 euros en almendras a una empresa murciana\"><\/a>\n\t<\/div>\n<\/div>\n<\/div>\n<\/li>\n\t\t\t\n\t\t\t\n\t\t\t\t\t\t\t\t<\/ul>\n\t<\/div>\n\t<div class=\"fusion-post-content-wrapper\" style=\"padding:30px 25px 20px 25px;\"><div class=\"fusion-post-content post-content\"><h2 class=\"blog-shortcode-post-title entry-title\"><a href=\"https:\/\/intelsynet.com\/es\/ciberdelincuente-estafa-91000-euros\/\">Un ciberdelincuente estafa 91.500 euros en almendras a una empresa murciana<\/a><\/h2><\/div><\/div><div class=\"fusion-clearfix\"><\/div><\/div>\n<\/article>\n<article id=\"blog-1-post-2090\" class=\"fusion-post-grid post-2090 post type-post status-publish format-standard has-post-thumbnail hentry category-nuestros-articulos tag-ataques tag-estados-unidos tag-malware tag-terrorismo\">\n<div class=\"fusion-post-wrapper\" style=\"background-color:rgba(255,255,255,0);border:1px solid #e8e8e8;border-bottom-width:3px;\">\n\n\t\t\t<div class=\"fusion-flexslider flexslider fusion-flexslider-loading fusion-post-slideshow\" style=\"border-color:#e8e8e8;\">\n\t\t<ul class=\"slides\">\n\t\t\t\n\t\t\t\t\t\t\t\t\t\t\t\t\t\t<li><div  class=\"fusion-image-wrapper\" aria-haspopup=\"true\">\n\t\t\t\t<img decoding=\"async\" width=\"1200\" height=\"741\" data-src=\"https:\/\/intelsynet.com\/wp-content\/uploads\/2021\/06\/ransomware2.jpg\" class=\"attachment-full size-full wp-post-image lazyload\" alt=\"ransomware\" data-srcset=\"https:\/\/intelsynet.com\/wp-content\/uploads\/2021\/06\/ransomware2-200x124.jpg 200w, https:\/\/intelsynet.com\/wp-content\/uploads\/2021\/06\/ransomware2-400x247.jpg 400w, https:\/\/intelsynet.com\/wp-content\/uploads\/2021\/06\/ransomware2-600x371.jpg 600w, https:\/\/intelsynet.com\/wp-content\/uploads\/2021\/06\/ransomware2-800x494.jpg 800w, https:\/\/intelsynet.com\/wp-content\/uploads\/2021\/06\/ransomware2.jpg 1200w\" data-sizes=\"(min-width: 2200px) 100vw, (min-width: 784px) 363px, (min-width: 712px) 545px, (min-width: 640px) 712px,\" src=\"data:image\/svg+xml;base64,PHN2ZyB3aWR0aD0iMSIgaGVpZ2h0PSIxIiB4bWxucz0iaHR0cDovL3d3dy53My5vcmcvMjAwMC9zdmciPjwvc3ZnPg==\" style=\"--smush-placeholder-width: 1200px; --smush-placeholder-aspect-ratio: 1200\/741;\" \/><div class=\"fusion-rollover\">\n\t<div class=\"fusion-rollover-content\">\n\n\t\t\t\t\n\t\t\n\t\t\t\t\t\t\t\t\t\t\t\t<h4 class=\"fusion-rollover-title\">\n\t\t\t\t\t<a class=\"fusion-rollover-title-link\" href=\"https:\/\/intelsynet.com\/es\/ransomware\/\">\n\t\t\t\t\t\tEstados Unidos equipara los ataques de ransomware con el terrorismo\t\t\t\t\t<\/a>\n\t\t\t\t<\/h4>\n\t\t\t\n\t\t\t\t\t\t\t\t\n\t\t\n\t\t\t\t\t\t<a class=\"fusion-link-wrapper\" href=\"https:\/\/intelsynet.com\/es\/ransomware\/\" aria-label=\"Estados Unidos equipara los ataques de ransomware con el terrorismo\"><\/a>\n\t<\/div>\n<\/div>\n<\/div>\n<\/li>\n\t\t\t\n\t\t\t\n\t\t\t\t\t\t\t\t<\/ul>\n\t<\/div>\n\t<div class=\"fusion-post-content-wrapper\" style=\"padding:30px 25px 20px 25px;\"><div class=\"fusion-post-content post-content\"><h2 class=\"blog-shortcode-post-title entry-title\"><a href=\"https:\/\/intelsynet.com\/es\/ransomware\/\">Estados Unidos equipara los ataques de ransomware con el terrorismo<\/a><\/h2><\/div><\/div><div class=\"fusion-clearfix\"><\/div><\/div>\n<\/article>\n<article id=\"blog-1-post-2089\" class=\"fusion-post-grid post-2089 post type-post status-publish format-standard has-post-thumbnail hentry category-nuestros-articulos tag-amazon tag-amazon-web-services tag-aragon tag-aws tag-centro-de-datos tag-cloud tag-espana tag-nube tag-transformacion-digital\">\n<div class=\"fusion-post-wrapper\" style=\"background-color:rgba(255,255,255,0);border:1px solid #e8e8e8;border-bottom-width:3px;\">\n\n\t\t\t<div class=\"fusion-flexslider flexslider fusion-flexslider-loading fusion-post-slideshow\" style=\"border-color:#e8e8e8;\">\n\t\t<ul class=\"slides\">\n\t\t\t\n\t\t\t\t\t\t\t\t\t\t\t\t\t\t<li><div  class=\"fusion-image-wrapper\" aria-haspopup=\"true\">\n\t\t\t\t<img decoding=\"async\" width=\"1200\" height=\"742\" data-src=\"https:\/\/intelsynet.com\/wp-content\/uploads\/2021\/06\/amazon-web-services.jpg\" class=\"attachment-full size-full wp-post-image lazyload\" alt=\"Amazon Web Services\" data-srcset=\"https:\/\/intelsynet.com\/wp-content\/uploads\/2021\/06\/amazon-web-services-200x124.jpg 200w, https:\/\/intelsynet.com\/wp-content\/uploads\/2021\/06\/amazon-web-services-400x247.jpg 400w, https:\/\/intelsynet.com\/wp-content\/uploads\/2021\/06\/amazon-web-services-600x371.jpg 600w, https:\/\/intelsynet.com\/wp-content\/uploads\/2021\/06\/amazon-web-services-800x495.jpg 800w, https:\/\/intelsynet.com\/wp-content\/uploads\/2021\/06\/amazon-web-services.jpg 1200w\" data-sizes=\"(min-width: 2200px) 100vw, (min-width: 784px) 363px, (min-width: 712px) 545px, (min-width: 640px) 712px,\" src=\"data:image\/svg+xml;base64,PHN2ZyB3aWR0aD0iMSIgaGVpZ2h0PSIxIiB4bWxucz0iaHR0cDovL3d3dy53My5vcmcvMjAwMC9zdmciPjwvc3ZnPg==\" style=\"--smush-placeholder-width: 1200px; --smush-placeholder-aspect-ratio: 1200\/742;\" \/><div class=\"fusion-rollover\">\n\t<div class=\"fusion-rollover-content\">\n\n\t\t\t\t\n\t\t\n\t\t\t\t\t\t\t\t\t\t\t\t<h4 class=\"fusion-rollover-title\">\n\t\t\t\t\t<a class=\"fusion-rollover-title-link\" href=\"https:\/\/intelsynet.com\/es\/amazon-web-services\/\">\n\t\t\t\t\t\tAWS acelera la apertura de la Regi\u00f3n AWS Europa (Espa\u00f1a) para apoyar la transformaci\u00f3n digital de Espa\u00f1a\t\t\t\t\t<\/a>\n\t\t\t\t<\/h4>\n\t\t\t\n\t\t\t\t\t\t\t\t\n\t\t\n\t\t\t\t\t\t<a class=\"fusion-link-wrapper\" href=\"https:\/\/intelsynet.com\/es\/amazon-web-services\/\" aria-label=\"AWS acelera la apertura de la Regi\u00f3n AWS Europa (Espa\u00f1a) para apoyar la transformaci\u00f3n digital de Espa\u00f1a\"><\/a>\n\t<\/div>\n<\/div>\n<\/div>\n<\/li>\n\t\t\t\n\t\t\t\n\t\t\t\t\t\t\t\t<\/ul>\n\t<\/div>\n\t<div class=\"fusion-post-content-wrapper\" style=\"padding:30px 25px 20px 25px;\"><div class=\"fusion-post-content post-content\"><h2 class=\"blog-shortcode-post-title entry-title\"><a href=\"https:\/\/intelsynet.com\/es\/amazon-web-services\/\">AWS acelera la apertura de la Regi\u00f3n AWS Europa (Espa\u00f1a) para apoyar la transformaci\u00f3n digital de Espa\u00f1a<\/a><\/h2><\/div><\/div><div class=\"fusion-clearfix\"><\/div><\/div>\n<\/article>\n<article id=\"blog-1-post-2047\" class=\"fusion-post-grid post-2047 post type-post status-publish format-standard has-post-thumbnail hentry category-nuestros-articulos tag-aranceles tag-espana tag-estados-unidos tag-google tag-tasa-google\">\n<div class=\"fusion-post-wrapper\" style=\"background-color:rgba(255,255,255,0);border:1px solid #e8e8e8;border-bottom-width:3px;\">\n\n\t\t\t<div class=\"fusion-flexslider flexslider fusion-flexslider-loading fusion-post-slideshow\" style=\"border-color:#e8e8e8;\">\n\t\t<ul class=\"slides\">\n\t\t\t\n\t\t\t\t\t\t\t\t\t\t\t\t\t\t<li><div  class=\"fusion-image-wrapper\" aria-haspopup=\"true\">\n\t\t\t\t<img decoding=\"async\" width=\"1200\" height=\"742\" data-src=\"https:\/\/intelsynet.com\/wp-content\/uploads\/2021\/06\/tasa-google.jpg\" class=\"attachment-full size-full wp-post-image lazyload\" alt=\"tasa Google\" data-srcset=\"https:\/\/intelsynet.com\/wp-content\/uploads\/2021\/06\/tasa-google-200x124.jpg 200w, https:\/\/intelsynet.com\/wp-content\/uploads\/2021\/06\/tasa-google-400x247.jpg 400w, https:\/\/intelsynet.com\/wp-content\/uploads\/2021\/06\/tasa-google-600x371.jpg 600w, https:\/\/intelsynet.com\/wp-content\/uploads\/2021\/06\/tasa-google-800x495.jpg 800w, https:\/\/intelsynet.com\/wp-content\/uploads\/2021\/06\/tasa-google.jpg 1200w\" data-sizes=\"(min-width: 2200px) 100vw, (min-width: 784px) 363px, (min-width: 712px) 545px, (min-width: 640px) 712px,\" src=\"data:image\/svg+xml;base64,PHN2ZyB3aWR0aD0iMSIgaGVpZ2h0PSIxIiB4bWxucz0iaHR0cDovL3d3dy53My5vcmcvMjAwMC9zdmciPjwvc3ZnPg==\" style=\"--smush-placeholder-width: 1200px; --smush-placeholder-aspect-ratio: 1200\/742;\" \/><div class=\"fusion-rollover\">\n\t<div class=\"fusion-rollover-content\">\n\n\t\t\t\t\n\t\t\n\t\t\t\t\t\t\t\t\t\t\t\t<h4 class=\"fusion-rollover-title\">\n\t\t\t\t\t<a class=\"fusion-rollover-title-link\" href=\"https:\/\/intelsynet.com\/es\/ee-uu-impone-nuevos-aranceles-a-espana-por-la-tasa-google-y-los-suspende-durante-180-dias\/\">\n\t\t\t\t\t\tEE.UU. impone nuevos aranceles a Espa\u00f1a por la tasa Google y los suspende durante 180 d\u00edas.\t\t\t\t\t<\/a>\n\t\t\t\t<\/h4>\n\t\t\t\n\t\t\t\t\t\t\t\t\n\t\t\n\t\t\t\t\t\t<a class=\"fusion-link-wrapper\" href=\"https:\/\/intelsynet.com\/es\/ee-uu-impone-nuevos-aranceles-a-espana-por-la-tasa-google-y-los-suspende-durante-180-dias\/\" aria-label=\"EE.UU. impone nuevos aranceles a Espa\u00f1a por la tasa Google y los suspende durante 180 d\u00edas.\"><\/a>\n\t<\/div>\n<\/div>\n<\/div>\n<\/li>\n\t\t\t\n\t\t\t\n\t\t\t\t\t\t\t\t<\/ul>\n\t<\/div>\n\t<div class=\"fusion-post-content-wrapper\" style=\"padding:30px 25px 20px 25px;\"><div class=\"fusion-post-content post-content\"><h2 class=\"blog-shortcode-post-title entry-title\"><a href=\"https:\/\/intelsynet.com\/es\/ee-uu-impone-nuevos-aranceles-a-espana-por-la-tasa-google-y-los-suspende-durante-180-dias\/\">EE.UU. impone nuevos aranceles a Espa\u00f1a por la tasa Google y los suspende durante 180 d\u00edas.<\/a><\/h2><\/div><\/div><div class=\"fusion-clearfix\"><\/div><\/div>\n<\/article>\n<article id=\"blog-1-post-2046\" class=\"fusion-post-grid post-2046 post type-post status-publish format-standard has-post-thumbnail hentry category-nuestros-articulos tag-europa tag-fei tag-prestamos tag-sector-cultural-europeo tag-triodos-bank\">\n<div class=\"fusion-post-wrapper\" style=\"background-color:rgba(255,255,255,0);border:1px solid #e8e8e8;border-bottom-width:3px;\">\n\n\t\t\t<div class=\"fusion-flexslider flexslider fusion-flexslider-loading fusion-post-slideshow\" style=\"border-color:#e8e8e8;\">\n\t\t<ul class=\"slides\">\n\t\t\t\n\t\t\t\t\t\t\t\t\t\t\t\t\t\t<li><div  class=\"fusion-image-wrapper\" aria-haspopup=\"true\">\n\t\t\t\t<img decoding=\"async\" width=\"1200\" height=\"741\" data-src=\"https:\/\/intelsynet.com\/wp-content\/uploads\/2021\/06\/triodos-bank.jpg\" class=\"attachment-full size-full wp-post-image lazyload\" alt=\"Triodos Bank y FEI\" data-srcset=\"https:\/\/intelsynet.com\/wp-content\/uploads\/2021\/06\/triodos-bank-200x124.jpg 200w, https:\/\/intelsynet.com\/wp-content\/uploads\/2021\/06\/triodos-bank-400x247.jpg 400w, https:\/\/intelsynet.com\/wp-content\/uploads\/2021\/06\/triodos-bank-600x371.jpg 600w, https:\/\/intelsynet.com\/wp-content\/uploads\/2021\/06\/triodos-bank-800x494.jpg 800w, https:\/\/intelsynet.com\/wp-content\/uploads\/2021\/06\/triodos-bank.jpg 1200w\" data-sizes=\"(min-width: 2200px) 100vw, (min-width: 784px) 363px, (min-width: 712px) 545px, (min-width: 640px) 712px,\" src=\"data:image\/svg+xml;base64,PHN2ZyB3aWR0aD0iMSIgaGVpZ2h0PSIxIiB4bWxucz0iaHR0cDovL3d3dy53My5vcmcvMjAwMC9zdmciPjwvc3ZnPg==\" style=\"--smush-placeholder-width: 1200px; --smush-placeholder-aspect-ratio: 1200\/741;\" \/><div class=\"fusion-rollover\">\n\t<div class=\"fusion-rollover-content\">\n\n\t\t\t\t\n\t\t\n\t\t\t\t\t\t\t\t\t\t\t\t<h4 class=\"fusion-rollover-title\">\n\t\t\t\t\t<a class=\"fusion-rollover-title-link\" href=\"https:\/\/intelsynet.com\/es\/triodos-bank-y-fei\/\">\n\t\t\t\t\t\tTriodos Bank y FEI suscriben un acuerdo para facilitar 200 millones en pr\u00e9stamos al sector cultural europeo\t\t\t\t\t<\/a>\n\t\t\t\t<\/h4>\n\t\t\t\n\t\t\t\t\t\t\t\t\n\t\t\n\t\t\t\t\t\t<a class=\"fusion-link-wrapper\" href=\"https:\/\/intelsynet.com\/es\/triodos-bank-y-fei\/\" aria-label=\"Triodos Bank y FEI suscriben un acuerdo para facilitar 200 millones en pr\u00e9stamos al sector cultural europeo\"><\/a>\n\t<\/div>\n<\/div>\n<\/div>\n<\/li>\n\t\t\t\n\t\t\t\n\t\t\t\t\t\t\t\t<\/ul>\n\t<\/div>\n\t<div class=\"fusion-post-content-wrapper\" style=\"padding:30px 25px 20px 25px;\"><div class=\"fusion-post-content post-content\"><h2 class=\"blog-shortcode-post-title entry-title\"><a href=\"https:\/\/intelsynet.com\/es\/triodos-bank-y-fei\/\">Triodos Bank y FEI suscriben un acuerdo para facilitar 200 millones en pr\u00e9stamos al sector cultural europeo<\/a><\/h2><\/div><\/div><div class=\"fusion-clearfix\"><\/div><\/div>\n<\/article>\n<article id=\"blog-1-post-2045\" class=\"fusion-post-grid post-2045 post type-post status-publish format-standard has-post-thumbnail hentry category-nuestros-articulos tag-asg tag-fondos tag-sostenibilidad\">\n<div class=\"fusion-post-wrapper\" style=\"background-color:rgba(255,255,255,0);border:1px solid #e8e8e8;border-bottom-width:3px;\">\n\n\t\t\t<div class=\"fusion-flexslider flexslider fusion-flexslider-loading fusion-post-slideshow\" style=\"border-color:#e8e8e8;\">\n\t\t<ul class=\"slides\">\n\t\t\t\n\t\t\t\t\t\t\t\t\t\t\t\t\t\t<li><div  class=\"fusion-image-wrapper\" aria-haspopup=\"true\">\n\t\t\t\t<img decoding=\"async\" width=\"1200\" height=\"742\" data-src=\"https:\/\/intelsynet.com\/wp-content\/uploads\/2021\/06\/cnmv.jpg\" class=\"attachment-full size-full wp-post-image lazyload\" alt=\"Fondos ASG\" data-srcset=\"https:\/\/intelsynet.com\/wp-content\/uploads\/2021\/06\/cnmv-200x124.jpg 200w, https:\/\/intelsynet.com\/wp-content\/uploads\/2021\/06\/cnmv-400x247.jpg 400w, https:\/\/intelsynet.com\/wp-content\/uploads\/2021\/06\/cnmv-600x371.jpg 600w, https:\/\/intelsynet.com\/wp-content\/uploads\/2021\/06\/cnmv-800x495.jpg 800w, https:\/\/intelsynet.com\/wp-content\/uploads\/2021\/06\/cnmv.jpg 1200w\" data-sizes=\"(min-width: 2200px) 100vw, (min-width: 784px) 363px, (min-width: 712px) 545px, (min-width: 640px) 712px,\" src=\"data:image\/svg+xml;base64,PHN2ZyB3aWR0aD0iMSIgaGVpZ2h0PSIxIiB4bWxucz0iaHR0cDovL3d3dy53My5vcmcvMjAwMC9zdmciPjwvc3ZnPg==\" style=\"--smush-placeholder-width: 1200px; --smush-placeholder-aspect-ratio: 1200\/742;\" \/><div class=\"fusion-rollover\">\n\t<div class=\"fusion-rollover-content\">\n\n\t\t\t\t\n\t\t\n\t\t\t\t\t\t\t\t\t\t\t\t<h4 class=\"fusion-rollover-title\">\n\t\t\t\t\t<a class=\"fusion-rollover-title-link\" href=\"https:\/\/intelsynet.com\/es\/fondos-asg\/\">\n\t\t\t\t\t\tLos fondos solo podr\u00e1n llevar la etiqueta ASG si destinan m\u00e1s del 50% a sostenibilidad\t\t\t\t\t<\/a>\n\t\t\t\t<\/h4>\n\t\t\t\n\t\t\t\t\t\t\t\t\n\t\t\n\t\t\t\t\t\t<a class=\"fusion-link-wrapper\" href=\"https:\/\/intelsynet.com\/es\/fondos-asg\/\" aria-label=\"Los fondos solo podr\u00e1n llevar la etiqueta ASG si destinan m\u00e1s del 50% a sostenibilidad\"><\/a>\n\t<\/div>\n<\/div>\n<\/div>\n<\/li>\n\t\t\t\n\t\t\t\n\t\t\t\t\t\t\t\t<\/ul>\n\t<\/div>\n\t<div class=\"fusion-post-content-wrapper\" style=\"padding:30px 25px 20px 25px;\"><div class=\"fusion-post-content post-content\"><h2 class=\"blog-shortcode-post-title entry-title\"><a href=\"https:\/\/intelsynet.com\/es\/fondos-asg\/\">Los fondos solo podr\u00e1n llevar la etiqueta ASG si destinan m\u00e1s del 50% a sostenibilidad<\/a><\/h2><\/div><\/div><div class=\"fusion-clearfix\"><\/div><\/div>\n<\/article>\n<article id=\"blog-1-post-2044\" class=\"fusion-post-grid post-2044 post type-post status-publish format-standard has-post-thumbnail hentry category-nuestros-articulos tag-abanca tag-asg tag-fondo tag-lowcost\">\n<div class=\"fusion-post-wrapper\" style=\"background-color:rgba(255,255,255,0);border:1px solid #e8e8e8;border-bottom-width:3px;\">\n\n\t\t\t<div class=\"fusion-flexslider flexslider fusion-flexslider-loading fusion-post-slideshow\" style=\"border-color:#e8e8e8;\">\n\t\t<ul class=\"slides\">\n\t\t\t\n\t\t\t\t\t\t\t\t\t\t\t\t\t\t<li><div  class=\"fusion-image-wrapper\" aria-haspopup=\"true\">\n\t\t\t\t<img decoding=\"async\" width=\"1200\" height=\"742\" data-src=\"https:\/\/intelsynet.com\/wp-content\/uploads\/2021\/06\/abanca.jpg\" class=\"attachment-full size-full wp-post-image lazyload\" alt=\"fondo low cost\" data-srcset=\"https:\/\/intelsynet.com\/wp-content\/uploads\/2021\/06\/abanca-200x124.jpg 200w, https:\/\/intelsynet.com\/wp-content\/uploads\/2021\/06\/abanca-400x247.jpg 400w, https:\/\/intelsynet.com\/wp-content\/uploads\/2021\/06\/abanca-600x371.jpg 600w, https:\/\/intelsynet.com\/wp-content\/uploads\/2021\/06\/abanca-800x495.jpg 800w, https:\/\/intelsynet.com\/wp-content\/uploads\/2021\/06\/abanca.jpg 1200w\" data-sizes=\"(min-width: 2200px) 100vw, (min-width: 784px) 363px, (min-width: 712px) 545px, (min-width: 640px) 712px,\" src=\"data:image\/svg+xml;base64,PHN2ZyB3aWR0aD0iMSIgaGVpZ2h0PSIxIiB4bWxucz0iaHR0cDovL3d3dy53My5vcmcvMjAwMC9zdmciPjwvc3ZnPg==\" style=\"--smush-placeholder-width: 1200px; --smush-placeholder-aspect-ratio: 1200\/742;\" \/><div class=\"fusion-rollover\">\n\t<div class=\"fusion-rollover-content\">\n\n\t\t\t\t\n\t\t\n\t\t\t\t\t\t\t\t\t\t\t\t<h4 class=\"fusion-rollover-title\">\n\t\t\t\t\t<a class=\"fusion-rollover-title-link\" href=\"https:\/\/intelsynet.com\/es\/abanca-lanza-un-fondo-low-cost\/\">\n\t\t\t\t\t\tAbanca lanza un fondo \u2018low cost\u2019 sobre el \u00edndice de las compa\u00f1\u00edas l\u00edderes en ASG\t\t\t\t\t<\/a>\n\t\t\t\t<\/h4>\n\t\t\t\n\t\t\t\t\t\t\t\t\n\t\t\n\t\t\t\t\t\t<a class=\"fusion-link-wrapper\" href=\"https:\/\/intelsynet.com\/es\/abanca-lanza-un-fondo-low-cost\/\" aria-label=\"Abanca lanza un fondo \u2018low cost\u2019 sobre el \u00edndice de las compa\u00f1\u00edas l\u00edderes en ASG\"><\/a>\n\t<\/div>\n<\/div>\n<\/div>\n<\/li>\n\t\t\t\n\t\t\t\n\t\t\t\t\t\t\t\t<\/ul>\n\t<\/div>\n\t<div class=\"fusion-post-content-wrapper\" style=\"padding:30px 25px 20px 25px;\"><div class=\"fusion-post-content post-content\"><h2 class=\"blog-shortcode-post-title entry-title\"><a href=\"https:\/\/intelsynet.com\/es\/abanca-lanza-un-fondo-low-cost\/\">Abanca lanza un fondo \u2018low cost\u2019 sobre el \u00edndice de las compa\u00f1\u00edas l\u00edderes en ASG<\/a><\/h2><\/div><\/div><div class=\"fusion-clearfix\"><\/div><\/div>\n<\/article>\n<article id=\"blog-1-post-2043\" class=\"fusion-post-grid post-2043 post type-post status-publish format-standard has-post-thumbnail hentry category-nuestros-articulos tag-ataque tag-autonomo tag-dron tag-dron-militar tag-drone\">\n<div class=\"fusion-post-wrapper\" style=\"background-color:rgba(255,255,255,0);border:1px solid #e8e8e8;border-bottom-width:3px;\">\n\n\t\t\t<div class=\"fusion-flexslider flexslider fusion-flexslider-loading fusion-post-slideshow\" style=\"border-color:#e8e8e8;\">\n\t\t<ul class=\"slides\">\n\t\t\t\n\t\t\t\t\t\t\t\t\t\t\t\t\t\t<li><div  class=\"fusion-image-wrapper\" aria-haspopup=\"true\">\n\t\t\t\t<img decoding=\"async\" width=\"1200\" height=\"742\" data-src=\"https:\/\/intelsynet.com\/wp-content\/uploads\/2021\/06\/dron-militar.jpg\" class=\"attachment-full size-full wp-post-image lazyload\" alt=\"dron ha atacado a personas\" data-srcset=\"https:\/\/intelsynet.com\/wp-content\/uploads\/2021\/06\/dron-militar-200x124.jpg 200w, https:\/\/intelsynet.com\/wp-content\/uploads\/2021\/06\/dron-militar-400x247.jpg 400w, https:\/\/intelsynet.com\/wp-content\/uploads\/2021\/06\/dron-militar-600x371.jpg 600w, https:\/\/intelsynet.com\/wp-content\/uploads\/2021\/06\/dron-militar-800x495.jpg 800w, https:\/\/intelsynet.com\/wp-content\/uploads\/2021\/06\/dron-militar.jpg 1200w\" data-sizes=\"(min-width: 2200px) 100vw, (min-width: 784px) 363px, (min-width: 712px) 545px, (min-width: 640px) 712px,\" src=\"data:image\/svg+xml;base64,PHN2ZyB3aWR0aD0iMSIgaGVpZ2h0PSIxIiB4bWxucz0iaHR0cDovL3d3dy53My5vcmcvMjAwMC9zdmciPjwvc3ZnPg==\" style=\"--smush-placeholder-width: 1200px; --smush-placeholder-aspect-ratio: 1200\/742;\" \/><div class=\"fusion-rollover\">\n\t<div class=\"fusion-rollover-content\">\n\n\t\t\t\t\n\t\t\n\t\t\t\t\t\t\t\t\t\t\t\t<h4 class=\"fusion-rollover-title\">\n\t\t\t\t\t<a class=\"fusion-rollover-title-link\" href=\"https:\/\/intelsynet.com\/es\/un-dron-ha-atacado-a-personas-de-forma-totalmente-autonoma-por-primera-vez\/\">\n\t\t\t\t\t\tUn dron ha atacado a personas de forma totalmente aut\u00f3noma por primera vez\t\t\t\t\t<\/a>\n\t\t\t\t<\/h4>\n\t\t\t\n\t\t\t\t\t\t\t\t\n\t\t\n\t\t\t\t\t\t<a class=\"fusion-link-wrapper\" href=\"https:\/\/intelsynet.com\/es\/un-dron-ha-atacado-a-personas-de-forma-totalmente-autonoma-por-primera-vez\/\" aria-label=\"Un dron ha atacado a personas de forma totalmente aut\u00f3noma por primera vez\"><\/a>\n\t<\/div>\n<\/div>\n<\/div>\n<\/li>\n\t\t\t\n\t\t\t\n\t\t\t\t\t\t\t\t<\/ul>\n\t<\/div>\n\t<div class=\"fusion-post-content-wrapper\" style=\"padding:30px 25px 20px 25px;\"><div class=\"fusion-post-content post-content\"><h2 class=\"blog-shortcode-post-title entry-title\"><a href=\"https:\/\/intelsynet.com\/es\/un-dron-ha-atacado-a-personas-de-forma-totalmente-autonoma-por-primera-vez\/\">Un dron ha atacado a personas de forma totalmente aut\u00f3noma por primera vez<\/a><\/h2><\/div><\/div><div class=\"fusion-clearfix\"><\/div><\/div>\n<\/article>\n<article id=\"blog-1-post-2042\" class=\"fusion-post-grid post-2042 post type-post status-publish format-standard has-post-thumbnail hentry category-nuestros-articulos tag-arabia-saudi tag-ciberseguridad\">\n<div class=\"fusion-post-wrapper\" style=\"background-color:rgba(255,255,255,0);border:1px solid #e8e8e8;border-bottom-width:3px;\">\n\n\t\t\t<div class=\"fusion-flexslider flexslider fusion-flexslider-loading fusion-post-slideshow\" style=\"border-color:#e8e8e8;\">\n\t\t<ul class=\"slides\">\n\t\t\t\n\t\t\t\t\t\t\t\t\t\t\t\t\t\t<li><div  class=\"fusion-image-wrapper\" aria-haspopup=\"true\">\n\t\t\t\t<img decoding=\"async\" width=\"1200\" height=\"742\" data-src=\"https:\/\/intelsynet.com\/wp-content\/uploads\/2021\/06\/arabia-saudi.jpg\" class=\"attachment-full size-full wp-post-image lazyload\" alt=\"Arabia Saud\u00ed ciberseguridad\" data-srcset=\"https:\/\/intelsynet.com\/wp-content\/uploads\/2021\/06\/arabia-saudi-200x124.jpg 200w, https:\/\/intelsynet.com\/wp-content\/uploads\/2021\/06\/arabia-saudi-400x247.jpg 400w, https:\/\/intelsynet.com\/wp-content\/uploads\/2021\/06\/arabia-saudi-600x371.jpg 600w, https:\/\/intelsynet.com\/wp-content\/uploads\/2021\/06\/arabia-saudi-800x495.jpg 800w, https:\/\/intelsynet.com\/wp-content\/uploads\/2021\/06\/arabia-saudi.jpg 1200w\" data-sizes=\"(min-width: 2200px) 100vw, (min-width: 784px) 363px, (min-width: 712px) 545px, (min-width: 640px) 712px,\" src=\"data:image\/svg+xml;base64,PHN2ZyB3aWR0aD0iMSIgaGVpZ2h0PSIxIiB4bWxucz0iaHR0cDovL3d3dy53My5vcmcvMjAwMC9zdmciPjwvc3ZnPg==\" style=\"--smush-placeholder-width: 1200px; --smush-placeholder-aspect-ratio: 1200\/742;\" \/><div class=\"fusion-rollover\">\n\t<div class=\"fusion-rollover-content\">\n\n\t\t\t\t\n\t\t\n\t\t\t\t\t\t\t\t\t\t\t\t<h4 class=\"fusion-rollover-title\">\n\t\t\t\t\t<a class=\"fusion-rollover-title-link\" href=\"https:\/\/intelsynet.com\/es\/arabia-saudi-implementa-un-marco-de-ciberseguridad\/\">\n\t\t\t\t\t\tArabia Saud\u00ed implementa un marco de ciberseguridad\t\t\t\t\t<\/a>\n\t\t\t\t<\/h4>\n\t\t\t\n\t\t\t\t\t\t\t\t\n\t\t\n\t\t\t\t\t\t<a class=\"fusion-link-wrapper\" href=\"https:\/\/intelsynet.com\/es\/arabia-saudi-implementa-un-marco-de-ciberseguridad\/\" aria-label=\"Arabia Saud\u00ed implementa un marco de ciberseguridad\"><\/a>\n\t<\/div>\n<\/div>\n<\/div>\n<\/li>\n\t\t\t\n\t\t\t\n\t\t\t\t\t\t\t\t<\/ul>\n\t<\/div>\n\t<div class=\"fusion-post-content-wrapper\" style=\"padding:30px 25px 20px 25px;\"><div class=\"fusion-post-content post-content\"><h2 class=\"blog-shortcode-post-title entry-title\"><a href=\"https:\/\/intelsynet.com\/es\/arabia-saudi-implementa-un-marco-de-ciberseguridad\/\">Arabia Saud\u00ed implementa un marco de ciberseguridad<\/a><\/h2><\/div><\/div><div class=\"fusion-clearfix\"><\/div><\/div>\n<\/article>\n<article id=\"blog-1-post-2041\" class=\"fusion-post-grid post-2041 post type-post status-publish format-standard has-post-thumbnail hentry category-nuestros-articulos tag-carnet-de-conducir tag-carnet-de-identidad tag-documentacion tag-monedero-digital tag-union-europea\">\n<div class=\"fusion-post-wrapper\" style=\"background-color:rgba(255,255,255,0);border:1px solid #e8e8e8;border-bottom-width:3px;\">\n\n\t\t\t<div class=\"fusion-flexslider flexslider fusion-flexslider-loading fusion-post-slideshow\" style=\"border-color:#e8e8e8;\">\n\t\t<ul class=\"slides\">\n\t\t\t\n\t\t\t\t\t\t\t\t\t\t\t\t\t\t<li><div  class=\"fusion-image-wrapper\" aria-haspopup=\"true\">\n\t\t\t\t<img decoding=\"async\" width=\"1200\" height=\"742\" data-src=\"https:\/\/intelsynet.com\/wp-content\/uploads\/2021\/06\/union-europea.jpg\" class=\"attachment-full size-full wp-post-image lazyload\" alt=\"monedero digital\" data-srcset=\"https:\/\/intelsynet.com\/wp-content\/uploads\/2021\/06\/union-europea-200x124.jpg 200w, https:\/\/intelsynet.com\/wp-content\/uploads\/2021\/06\/union-europea-400x247.jpg 400w, https:\/\/intelsynet.com\/wp-content\/uploads\/2021\/06\/union-europea-600x371.jpg 600w, https:\/\/intelsynet.com\/wp-content\/uploads\/2021\/06\/union-europea-800x495.jpg 800w, https:\/\/intelsynet.com\/wp-content\/uploads\/2021\/06\/union-europea.jpg 1200w\" data-sizes=\"(min-width: 2200px) 100vw, (min-width: 784px) 363px, (min-width: 712px) 545px, (min-width: 640px) 712px,\" src=\"data:image\/svg+xml;base64,PHN2ZyB3aWR0aD0iMSIgaGVpZ2h0PSIxIiB4bWxucz0iaHR0cDovL3d3dy53My5vcmcvMjAwMC9zdmciPjwvc3ZnPg==\" style=\"--smush-placeholder-width: 1200px; --smush-placeholder-aspect-ratio: 1200\/742;\" \/><div class=\"fusion-rollover\">\n\t<div class=\"fusion-rollover-content\">\n\n\t\t\t\t\n\t\t\n\t\t\t\t\t\t\t\t\t\t\t\t<h4 class=\"fusion-rollover-title\">\n\t\t\t\t\t<a class=\"fusion-rollover-title-link\" href=\"https:\/\/intelsynet.com\/es\/monedero-digital\/\">\n\t\t\t\t\t\tLa Uni\u00f3n Europea nos prepara un \u00abmonedero digital\u00bb: DNI, carnet de conducir, pagos y contrase\u00f1as en una misma aplicaci\u00f3n.\t\t\t\t\t<\/a>\n\t\t\t\t<\/h4>\n\t\t\t\n\t\t\t\t\t\t\t\t\n\t\t\n\t\t\t\t\t\t<a class=\"fusion-link-wrapper\" href=\"https:\/\/intelsynet.com\/es\/monedero-digital\/\" aria-label=\"La Uni\u00f3n Europea nos prepara un \u00abmonedero digital\u00bb: DNI, carnet de conducir, pagos y contrase\u00f1as en una misma aplicaci\u00f3n.\"><\/a>\n\t<\/div>\n<\/div>\n<\/div>\n<\/li>\n\t\t\t\n\t\t\t\n\t\t\t\t\t\t\t\t<\/ul>\n\t<\/div>\n\t<div class=\"fusion-post-content-wrapper\" style=\"padding:30px 25px 20px 25px;\"><div class=\"fusion-post-content post-content\"><h2 class=\"blog-shortcode-post-title entry-title\"><a href=\"https:\/\/intelsynet.com\/es\/monedero-digital\/\">La Uni\u00f3n Europea nos prepara un \u00abmonedero digital\u00bb: DNI, carnet de conducir, pagos y contrase\u00f1as en una misma aplicaci\u00f3n.<\/a><\/h2><\/div><\/div><div class=\"fusion-clearfix\"><\/div><\/div>\n<\/article>\n<article id=\"blog-1-post-2016\" class=\"fusion-post-grid post-2016 post type-post status-publish format-standard has-post-thumbnail hentry category-nuestros-articulos\">\n<div class=\"fusion-post-wrapper\" style=\"background-color:rgba(255,255,255,0);border:1px solid #e8e8e8;border-bottom-width:3px;\">\n\n\t\t\t<div class=\"fusion-flexslider flexslider fusion-flexslider-loading fusion-post-slideshow\" style=\"border-color:#e8e8e8;\">\n\t\t<ul class=\"slides\">\n\t\t\t\n\t\t\t\t\t\t\t\t\t\t\t\t\t\t<li><div  class=\"fusion-image-wrapper\" aria-haspopup=\"true\">\n\t\t\t\t<img decoding=\"async\" width=\"1200\" height=\"741\" data-src=\"https:\/\/intelsynet.com\/wp-content\/uploads\/2021\/05\/HIDROGENO-VERDE.jpg\" class=\"attachment-full size-full wp-post-image lazyload\" alt=\"hidr\u00f3geno verde\" data-srcset=\"https:\/\/intelsynet.com\/wp-content\/uploads\/2021\/05\/HIDROGENO-VERDE-200x124.jpg 200w, https:\/\/intelsynet.com\/wp-content\/uploads\/2021\/05\/HIDROGENO-VERDE-400x247.jpg 400w, https:\/\/intelsynet.com\/wp-content\/uploads\/2021\/05\/HIDROGENO-VERDE-600x371.jpg 600w, https:\/\/intelsynet.com\/wp-content\/uploads\/2021\/05\/HIDROGENO-VERDE-800x494.jpg 800w, https:\/\/intelsynet.com\/wp-content\/uploads\/2021\/05\/HIDROGENO-VERDE.jpg 1200w\" data-sizes=\"(min-width: 2200px) 100vw, (min-width: 784px) 363px, (min-width: 712px) 545px, (min-width: 640px) 712px,\" src=\"data:image\/svg+xml;base64,PHN2ZyB3aWR0aD0iMSIgaGVpZ2h0PSIxIiB4bWxucz0iaHR0cDovL3d3dy53My5vcmcvMjAwMC9zdmciPjwvc3ZnPg==\" style=\"--smush-placeholder-width: 1200px; --smush-placeholder-aspect-ratio: 1200\/741;\" \/><div class=\"fusion-rollover\">\n\t<div class=\"fusion-rollover-content\">\n\n\t\t\t\t\n\t\t\n\t\t\t\t\t\t\t\t\t\t\t\t<h4 class=\"fusion-rollover-title\">\n\t\t\t\t\t<a class=\"fusion-rollover-title-link\" href=\"https:\/\/intelsynet.com\/es\/afi-elabora-el-documento-estrategico-presentado-en-la-jornada-puertollano-polo-del-hidrogeno-verde-en-el-sur-de-europa\/\">\n\t\t\t\t\t\tAFI elabora el documento estrat\u00e9gico presentado en la jornada \u201cPuertollano, polo del Hidr\u00f3geno Verde en el sur de Europa\u201d\t\t\t\t\t<\/a>\n\t\t\t\t<\/h4>\n\t\t\t\n\t\t\t\t\t\t\t\t\n\t\t\n\t\t\t\t\t\t<a class=\"fusion-link-wrapper\" href=\"https:\/\/intelsynet.com\/es\/afi-elabora-el-documento-estrategico-presentado-en-la-jornada-puertollano-polo-del-hidrogeno-verde-en-el-sur-de-europa\/\" aria-label=\"AFI elabora el documento estrat\u00e9gico presentado en la jornada \u201cPuertollano, polo del Hidr\u00f3geno Verde en el sur de Europa\u201d\"><\/a>\n\t<\/div>\n<\/div>\n<\/div>\n<\/li>\n\t\t\t\n\t\t\t\n\t\t\t\t\t\t\t\t<\/ul>\n\t<\/div>\n\t<div class=\"fusion-post-content-wrapper\" style=\"padding:30px 25px 20px 25px;\"><div class=\"fusion-post-content post-content\"><h2 class=\"blog-shortcode-post-title entry-title\"><a href=\"https:\/\/intelsynet.com\/es\/afi-elabora-el-documento-estrategico-presentado-en-la-jornada-puertollano-polo-del-hidrogeno-verde-en-el-sur-de-europa\/\">AFI elabora el documento estrat\u00e9gico presentado en la jornada \u201cPuertollano, polo del Hidr\u00f3geno Verde en el sur de Europa\u201d<\/a><\/h2><\/div><\/div><div class=\"fusion-clearfix\"><\/div><\/div>\n<\/article>\n<article id=\"blog-1-post-2017\" class=\"fusion-post-grid post-2017 post type-post status-publish format-standard has-post-thumbnail hentry category-nuestros-articulos\">\n<div class=\"fusion-post-wrapper\" style=\"background-color:rgba(255,255,255,0);border:1px solid #e8e8e8;border-bottom-width:3px;\">\n\n\t\t\t<div class=\"fusion-flexslider flexslider fusion-flexslider-loading fusion-post-slideshow\" style=\"border-color:#e8e8e8;\">\n\t\t<ul class=\"slides\">\n\t\t\t\n\t\t\t\t\t\t\t\t\t\t\t\t\t\t<li><div  class=\"fusion-image-wrapper\" aria-haspopup=\"true\">\n\t\t\t\t<img decoding=\"async\" width=\"1200\" height=\"742\" data-src=\"https:\/\/intelsynet.com\/wp-content\/uploads\/2021\/05\/CIBERSEGURIDAD.jpeg\" class=\"attachment-full size-full wp-post-image lazyload\" alt=\"plan de choque de ciberseguridad\" data-srcset=\"https:\/\/intelsynet.com\/wp-content\/uploads\/2021\/05\/CIBERSEGURIDAD-200x124.jpeg 200w, https:\/\/intelsynet.com\/wp-content\/uploads\/2021\/05\/CIBERSEGURIDAD-400x247.jpeg 400w, https:\/\/intelsynet.com\/wp-content\/uploads\/2021\/05\/CIBERSEGURIDAD-600x371.jpeg 600w, https:\/\/intelsynet.com\/wp-content\/uploads\/2021\/05\/CIBERSEGURIDAD-800x495.jpeg 800w, https:\/\/intelsynet.com\/wp-content\/uploads\/2021\/05\/CIBERSEGURIDAD.jpeg 1200w\" data-sizes=\"(min-width: 2200px) 100vw, (min-width: 784px) 363px, (min-width: 712px) 545px, (min-width: 640px) 712px,\" src=\"data:image\/svg+xml;base64,PHN2ZyB3aWR0aD0iMSIgaGVpZ2h0PSIxIiB4bWxucz0iaHR0cDovL3d3dy53My5vcmcvMjAwMC9zdmciPjwvc3ZnPg==\" style=\"--smush-placeholder-width: 1200px; --smush-placeholder-aspect-ratio: 1200\/742;\" \/><div class=\"fusion-rollover\">\n\t<div class=\"fusion-rollover-content\">\n\n\t\t\t\t\n\t\t\n\t\t\t\t\t\t\t\t\t\t\t\t<h4 class=\"fusion-rollover-title\">\n\t\t\t\t\t<a class=\"fusion-rollover-title-link\" href=\"https:\/\/intelsynet.com\/es\/el-gobierno-aprueba-el-plan-de-choque-de-ciberseguridad-en-el-marco-de-un-nuevo-paquete-de-medidas-ante-las-ciberamenazas\/\">\n\t\t\t\t\t\tEl Gobierno aprueba el \u2018Plan de choque de ciberseguridad\u2019 en el marco de un nuevo paquete de medidas ante las ciberamenazas.\t\t\t\t\t<\/a>\n\t\t\t\t<\/h4>\n\t\t\t\n\t\t\t\t\t\t\t\t\n\t\t\n\t\t\t\t\t\t<a class=\"fusion-link-wrapper\" href=\"https:\/\/intelsynet.com\/es\/el-gobierno-aprueba-el-plan-de-choque-de-ciberseguridad-en-el-marco-de-un-nuevo-paquete-de-medidas-ante-las-ciberamenazas\/\" aria-label=\"El Gobierno aprueba el \u2018Plan de choque de ciberseguridad\u2019 en el marco de un nuevo paquete de medidas ante las ciberamenazas.\"><\/a>\n\t<\/div>\n<\/div>\n<\/div>\n<\/li>\n\t\t\t\n\t\t\t\n\t\t\t\t\t\t\t\t<\/ul>\n\t<\/div>\n\t<div class=\"fusion-post-content-wrapper\" style=\"padding:30px 25px 20px 25px;\"><div class=\"fusion-post-content post-content\"><h2 class=\"blog-shortcode-post-title entry-title\"><a href=\"https:\/\/intelsynet.com\/es\/el-gobierno-aprueba-el-plan-de-choque-de-ciberseguridad-en-el-marco-de-un-nuevo-paquete-de-medidas-ante-las-ciberamenazas\/\">El Gobierno aprueba el \u2018Plan de choque de ciberseguridad\u2019 en el marco de un nuevo paquete de medidas ante las ciberamenazas.<\/a><\/h2><\/div><\/div><div class=\"fusion-clearfix\"><\/div><\/div>\n<\/article>\n<article id=\"blog-1-post-2025\" class=\"fusion-post-grid post-2025 post type-post status-publish format-standard has-post-thumbnail hentry category-nuestros-articulos\">\n<div class=\"fusion-post-wrapper\" style=\"background-color:rgba(255,255,255,0);border:1px solid #e8e8e8;border-bottom-width:3px;\">\n\n\t\t\t<div class=\"fusion-flexslider flexslider fusion-flexslider-loading fusion-post-slideshow\" style=\"border-color:#e8e8e8;\">\n\t\t<ul class=\"slides\">\n\t\t\t\n\t\t\t\t\t\t\t\t\t\t\t\t\t\t<li><div  class=\"fusion-image-wrapper\" aria-haspopup=\"true\">\n\t\t\t\t<img decoding=\"async\" width=\"1200\" height=\"743\" data-src=\"https:\/\/intelsynet.com\/wp-content\/uploads\/2021\/05\/MICROCHIP.jpeg\" class=\"attachment-full size-full wp-post-image lazyload\" alt=\"\" data-srcset=\"https:\/\/intelsynet.com\/wp-content\/uploads\/2021\/05\/MICROCHIP-200x124.jpeg 200w, https:\/\/intelsynet.com\/wp-content\/uploads\/2021\/05\/MICROCHIP-400x248.jpeg 400w, https:\/\/intelsynet.com\/wp-content\/uploads\/2021\/05\/MICROCHIP-600x372.jpeg 600w, https:\/\/intelsynet.com\/wp-content\/uploads\/2021\/05\/MICROCHIP-800x495.jpeg 800w, https:\/\/intelsynet.com\/wp-content\/uploads\/2021\/05\/MICROCHIP.jpeg 1200w\" data-sizes=\"(min-width: 2200px) 100vw, (min-width: 784px) 363px, (min-width: 712px) 545px, (min-width: 640px) 712px,\" src=\"data:image\/svg+xml;base64,PHN2ZyB3aWR0aD0iMSIgaGVpZ2h0PSIxIiB4bWxucz0iaHR0cDovL3d3dy53My5vcmcvMjAwMC9zdmciPjwvc3ZnPg==\" style=\"--smush-placeholder-width: 1200px; --smush-placeholder-aspect-ratio: 1200\/743;\" \/><div class=\"fusion-rollover\">\n\t<div class=\"fusion-rollover-content\">\n\n\t\t\t\t\n\t\t\n\t\t\t\t\t\t\t\t\t\t\t\t<h4 class=\"fusion-rollover-title\">\n\t\t\t\t\t<a class=\"fusion-rollover-title-link\" href=\"https:\/\/intelsynet.com\/es\/la-crisis-de-los-microchips-paraliza-la-industria-del-automovil\/\">\n\t\t\t\t\t\tLa crisis de los microchips paraliza la industria del autom\u00f3vil\t\t\t\t\t<\/a>\n\t\t\t\t<\/h4>\n\t\t\t\n\t\t\t\t\t\t\t\t\n\t\t\n\t\t\t\t\t\t<a class=\"fusion-link-wrapper\" href=\"https:\/\/intelsynet.com\/es\/la-crisis-de-los-microchips-paraliza-la-industria-del-automovil\/\" aria-label=\"La crisis de los microchips paraliza la industria del autom\u00f3vil\"><\/a>\n\t<\/div>\n<\/div>\n<\/div>\n<\/li>\n\t\t\t\n\t\t\t\n\t\t\t\t\t\t\t\t<\/ul>\n\t<\/div>\n\t<div class=\"fusion-post-content-wrapper\" style=\"padding:30px 25px 20px 25px;\"><div class=\"fusion-post-content post-content\"><h2 class=\"blog-shortcode-post-title entry-title\"><a href=\"https:\/\/intelsynet.com\/es\/la-crisis-de-los-microchips-paraliza-la-industria-del-automovil\/\">La crisis de los microchips paraliza la industria del autom\u00f3vil<\/a><\/h2><\/div><\/div><div class=\"fusion-clearfix\"><\/div><\/div>\n<\/article>\n<article id=\"blog-1-post-2024\" class=\"fusion-post-grid post-2024 post type-post status-publish format-standard has-post-thumbnail hentry category-nuestros-articulos\">\n<div class=\"fusion-post-wrapper\" style=\"background-color:rgba(255,255,255,0);border:1px solid #e8e8e8;border-bottom-width:3px;\">\n\n\t\t\t<div class=\"fusion-flexslider flexslider fusion-flexslider-loading fusion-post-slideshow\" style=\"border-color:#e8e8e8;\">\n\t\t<ul class=\"slides\">\n\t\t\t\n\t\t\t\t\t\t\t\t\t\t\t\t\t\t<li><div  class=\"fusion-image-wrapper\" aria-haspopup=\"true\">\n\t\t\t\t<img decoding=\"async\" width=\"1200\" height=\"742\" data-src=\"https:\/\/intelsynet.com\/wp-content\/uploads\/2021\/05\/SANTANDER.jpg\" class=\"attachment-full size-full wp-post-image lazyload\" alt=\"swap Santander\" data-srcset=\"https:\/\/intelsynet.com\/wp-content\/uploads\/2021\/05\/SANTANDER-200x124.jpg 200w, https:\/\/intelsynet.com\/wp-content\/uploads\/2021\/05\/SANTANDER-400x247.jpg 400w, https:\/\/intelsynet.com\/wp-content\/uploads\/2021\/05\/SANTANDER-600x371.jpg 600w, https:\/\/intelsynet.com\/wp-content\/uploads\/2021\/05\/SANTANDER-800x495.jpg 800w, https:\/\/intelsynet.com\/wp-content\/uploads\/2021\/05\/SANTANDER.jpg 1200w\" data-sizes=\"(min-width: 2200px) 100vw, (min-width: 784px) 363px, (min-width: 712px) 545px, (min-width: 640px) 712px,\" src=\"data:image\/svg+xml;base64,PHN2ZyB3aWR0aD0iMSIgaGVpZ2h0PSIxIiB4bWxucz0iaHR0cDovL3d3dy53My5vcmcvMjAwMC9zdmciPjwvc3ZnPg==\" style=\"--smush-placeholder-width: 1200px; --smush-placeholder-aspect-ratio: 1200\/742;\" \/><div class=\"fusion-rollover\">\n\t<div class=\"fusion-rollover-content\">\n\n\t\t\t\t\n\t\t\n\t\t\t\t\t\t\t\t\t\t\t\t<h4 class=\"fusion-rollover-title\">\n\t\t\t\t\t<a class=\"fusion-rollover-title-link\" href=\"https:\/\/intelsynet.com\/es\/santander-se-estrena-con-un-swap-que-ayuda-a-repoblar-bosques\/\">\n\t\t\t\t\t\tSantander se estrena con un &#8216;swap&#8217; que ayuda a repoblar bosques\t\t\t\t\t<\/a>\n\t\t\t\t<\/h4>\n\t\t\t\n\t\t\t\t\t\t\t\t\n\t\t\n\t\t\t\t\t\t<a class=\"fusion-link-wrapper\" href=\"https:\/\/intelsynet.com\/es\/santander-se-estrena-con-un-swap-que-ayuda-a-repoblar-bosques\/\" aria-label=\"Santander se estrena con un &#8216;swap&#8217; que ayuda a repoblar bosques\"><\/a>\n\t<\/div>\n<\/div>\n<\/div>\n<\/li>\n\t\t\t\n\t\t\t\n\t\t\t\t\t\t\t\t<\/ul>\n\t<\/div>\n\t<div class=\"fusion-post-content-wrapper\" style=\"padding:30px 25px 20px 25px;\"><div class=\"fusion-post-content post-content\"><h2 class=\"blog-shortcode-post-title entry-title\"><a href=\"https:\/\/intelsynet.com\/es\/santander-se-estrena-con-un-swap-que-ayuda-a-repoblar-bosques\/\">Santander se estrena con un &#8216;swap&#8217; que ayuda a repoblar bosques<\/a><\/h2><\/div><\/div><div class=\"fusion-clearfix\"><\/div><\/div>\n<\/article>\n<article id=\"blog-1-post-2015\" class=\"fusion-post-grid post-2015 post type-post status-publish format-standard has-post-thumbnail hentry category-nuestros-articulos\">\n<div class=\"fusion-post-wrapper\" style=\"background-color:rgba(255,255,255,0);border:1px solid #e8e8e8;border-bottom-width:3px;\">\n\n\t\t\t<div class=\"fusion-flexslider flexslider fusion-flexslider-loading fusion-post-slideshow\" style=\"border-color:#e8e8e8;\">\n\t\t<ul class=\"slides\">\n\t\t\t\n\t\t\t\t\t\t\t\t\t\t\t\t\t\t<li><div  class=\"fusion-image-wrapper\" aria-haspopup=\"true\">\n\t\t\t\t<img decoding=\"async\" width=\"1200\" height=\"742\" data-src=\"https:\/\/intelsynet.com\/wp-content\/uploads\/2021\/05\/GOLDMAN.jpg\" class=\"attachment-full size-full wp-post-image lazyload\" alt=\"Goldman Sachs acciones verdes\" data-srcset=\"https:\/\/intelsynet.com\/wp-content\/uploads\/2021\/05\/GOLDMAN-200x124.jpg 200w, https:\/\/intelsynet.com\/wp-content\/uploads\/2021\/05\/GOLDMAN-400x247.jpg 400w, https:\/\/intelsynet.com\/wp-content\/uploads\/2021\/05\/GOLDMAN-600x371.jpg 600w, https:\/\/intelsynet.com\/wp-content\/uploads\/2021\/05\/GOLDMAN-800x495.jpg 800w, https:\/\/intelsynet.com\/wp-content\/uploads\/2021\/05\/GOLDMAN.jpg 1200w\" data-sizes=\"(min-width: 2200px) 100vw, (min-width: 784px) 363px, (min-width: 712px) 545px, (min-width: 640px) 712px,\" src=\"data:image\/svg+xml;base64,PHN2ZyB3aWR0aD0iMSIgaGVpZ2h0PSIxIiB4bWxucz0iaHR0cDovL3d3dy53My5vcmcvMjAwMC9zdmciPjwvc3ZnPg==\" style=\"--smush-placeholder-width: 1200px; --smush-placeholder-aspect-ratio: 1200\/742;\" \/><div class=\"fusion-rollover\">\n\t<div class=\"fusion-rollover-content\">\n\n\t\t\t\t\n\t\t\n\t\t\t\t\t\t\t\t\t\t\t\t<h4 class=\"fusion-rollover-title\">\n\t\t\t\t\t<a class=\"fusion-rollover-title-link\" href=\"https:\/\/intelsynet.com\/es\/goldman-sachs-experimenta-con-acciones-verdes\/\">\n\t\t\t\t\t\tGoldman Sachs experimenta con acciones verdes\t\t\t\t\t<\/a>\n\t\t\t\t<\/h4>\n\t\t\t\n\t\t\t\t\t\t\t\t\n\t\t\n\t\t\t\t\t\t<a class=\"fusion-link-wrapper\" href=\"https:\/\/intelsynet.com\/es\/goldman-sachs-experimenta-con-acciones-verdes\/\" aria-label=\"Goldman Sachs experimenta con acciones verdes\"><\/a>\n\t<\/div>\n<\/div>\n<\/div>\n<\/li>\n\t\t\t\n\t\t\t\n\t\t\t\t\t\t\t\t<\/ul>\n\t<\/div>\n\t<div class=\"fusion-post-content-wrapper\" style=\"padding:30px 25px 20px 25px;\"><div class=\"fusion-post-content post-content\"><h2 class=\"blog-shortcode-post-title entry-title\"><a href=\"https:\/\/intelsynet.com\/es\/goldman-sachs-experimenta-con-acciones-verdes\/\">Goldman Sachs experimenta con acciones verdes<\/a><\/h2><\/div><\/div><div class=\"fusion-clearfix\"><\/div><\/div>\n<\/article>\n<article id=\"blog-1-post-2014\" class=\"fusion-post-grid post-2014 post type-post status-publish format-standard has-post-thumbnail hentry category-nuestros-articulos\">\n<div class=\"fusion-post-wrapper\" style=\"background-color:rgba(255,255,255,0);border:1px solid #e8e8e8;border-bottom-width:3px;\">\n\n\t\t\t<div class=\"fusion-flexslider flexslider fusion-flexslider-loading fusion-post-slideshow\" style=\"border-color:#e8e8e8;\">\n\t\t<ul class=\"slides\">\n\t\t\t\n\t\t\t\t\t\t\t\t\t\t\t\t\t\t<li><div  class=\"fusion-image-wrapper\" aria-haspopup=\"true\">\n\t\t\t\t<img decoding=\"async\" width=\"1200\" height=\"743\" data-src=\"https:\/\/intelsynet.com\/wp-content\/uploads\/2021\/05\/FITCH.jpg\" class=\"attachment-full size-full wp-post-image lazyload\" alt=\"Fitch Ratings\" data-srcset=\"https:\/\/intelsynet.com\/wp-content\/uploads\/2021\/05\/FITCH-200x124.jpg 200w, https:\/\/intelsynet.com\/wp-content\/uploads\/2021\/05\/FITCH-400x248.jpg 400w, https:\/\/intelsynet.com\/wp-content\/uploads\/2021\/05\/FITCH-600x372.jpg 600w, https:\/\/intelsynet.com\/wp-content\/uploads\/2021\/05\/FITCH-800x495.jpg 800w, https:\/\/intelsynet.com\/wp-content\/uploads\/2021\/05\/FITCH.jpg 1200w\" data-sizes=\"(min-width: 2200px) 100vw, (min-width: 784px) 363px, (min-width: 712px) 545px, (min-width: 640px) 712px,\" src=\"data:image\/svg+xml;base64,PHN2ZyB3aWR0aD0iMSIgaGVpZ2h0PSIxIiB4bWxucz0iaHR0cDovL3d3dy53My5vcmcvMjAwMC9zdmciPjwvc3ZnPg==\" style=\"--smush-placeholder-width: 1200px; --smush-placeholder-aspect-ratio: 1200\/743;\" \/><div class=\"fusion-rollover\">\n\t<div class=\"fusion-rollover-content\">\n\n\t\t\t\t\n\t\t\n\t\t\t\t\t\t\t\t\t\t\t\t<h4 class=\"fusion-rollover-title\">\n\t\t\t\t\t<a class=\"fusion-rollover-title-link\" href=\"https:\/\/intelsynet.com\/es\/fitch-ratings-publica-la-herramienta-de-esg-para-finanzas-publicas-e-infraestructura-global\/\">\n\t\t\t\t\t\tFitch Ratings publica la herramienta de ESG para finanzas p\u00fablicas e infraestructura global\t\t\t\t\t<\/a>\n\t\t\t\t<\/h4>\n\t\t\t\n\t\t\t\t\t\t\t\t\n\t\t\n\t\t\t\t\t\t<a class=\"fusion-link-wrapper\" href=\"https:\/\/intelsynet.com\/es\/fitch-ratings-publica-la-herramienta-de-esg-para-finanzas-publicas-e-infraestructura-global\/\" aria-label=\"Fitch Ratings publica la herramienta de ESG para finanzas p\u00fablicas e infraestructura global\"><\/a>\n\t<\/div>\n<\/div>\n<\/div>\n<\/li>\n\t\t\t\n\t\t\t\n\t\t\t\t\t\t\t\t<\/ul>\n\t<\/div>\n\t<div class=\"fusion-post-content-wrapper\" style=\"padding:30px 25px 20px 25px;\"><div class=\"fusion-post-content post-content\"><h2 class=\"blog-shortcode-post-title entry-title\"><a href=\"https:\/\/intelsynet.com\/es\/fitch-ratings-publica-la-herramienta-de-esg-para-finanzas-publicas-e-infraestructura-global\/\">Fitch Ratings publica la herramienta de ESG para finanzas p\u00fablicas e infraestructura global<\/a><\/h2><\/div><\/div><div class=\"fusion-clearfix\"><\/div><\/div>\n<\/article>\n<article id=\"blog-1-post-1965\" class=\"fusion-post-grid post-1965 post type-post status-publish format-standard has-post-thumbnail hentry category-nuestros-articulos\">\n<div class=\"fusion-post-wrapper\" style=\"background-color:rgba(255,255,255,0);border:1px solid #e8e8e8;border-bottom-width:3px;\">\n\n\t\t\t<div class=\"fusion-flexslider flexslider fusion-flexslider-loading fusion-post-slideshow\" style=\"border-color:#e8e8e8;\">\n\t\t<ul class=\"slides\">\n\t\t\t\n\t\t\t\t\t\t\t\t\t\t\t\t\t\t<li><div  class=\"fusion-image-wrapper\" aria-haspopup=\"true\">\n\t\t\t\t<img decoding=\"async\" width=\"1200\" height=\"742\" data-src=\"https:\/\/intelsynet.com\/wp-content\/uploads\/2021\/05\/14.jpg\" class=\"attachment-full size-full wp-post-image lazyload\" alt=\"\" data-srcset=\"https:\/\/intelsynet.com\/wp-content\/uploads\/2021\/05\/14-200x124.jpg 200w, https:\/\/intelsynet.com\/wp-content\/uploads\/2021\/05\/14-400x247.jpg 400w, https:\/\/intelsynet.com\/wp-content\/uploads\/2021\/05\/14-600x371.jpg 600w, https:\/\/intelsynet.com\/wp-content\/uploads\/2021\/05\/14-800x495.jpg 800w, https:\/\/intelsynet.com\/wp-content\/uploads\/2021\/05\/14.jpg 1200w\" data-sizes=\"(min-width: 2200px) 100vw, (min-width: 784px) 363px, (min-width: 712px) 545px, (min-width: 640px) 712px,\" src=\"data:image\/svg+xml;base64,PHN2ZyB3aWR0aD0iMSIgaGVpZ2h0PSIxIiB4bWxucz0iaHR0cDovL3d3dy53My5vcmcvMjAwMC9zdmciPjwvc3ZnPg==\" style=\"--smush-placeholder-width: 1200px; --smush-placeholder-aspect-ratio: 1200\/742;\" \/><div class=\"fusion-rollover\">\n\t<div class=\"fusion-rollover-content\">\n\n\t\t\t\t\n\t\t\n\t\t\t\t\t\t\t\t\t\t\t\t<h4 class=\"fusion-rollover-title\">\n\t\t\t\t\t<a class=\"fusion-rollover-title-link\" href=\"https:\/\/intelsynet.com\/es\/la-suscripcion-de-coches-la-nueva-forma-de-disponer-de-un-vehiculo-sin-ataduras\/\">\n\t\t\t\t\t\tLa suscripci\u00f3n de coches, la nueva forma de disponer de un veh\u00edculo sin ataduras.\t\t\t\t\t<\/a>\n\t\t\t\t<\/h4>\n\t\t\t\n\t\t\t\t\t\t\t\t\n\t\t\n\t\t\t\t\t\t<a class=\"fusion-link-wrapper\" href=\"https:\/\/intelsynet.com\/es\/la-suscripcion-de-coches-la-nueva-forma-de-disponer-de-un-vehiculo-sin-ataduras\/\" aria-label=\"La suscripci\u00f3n de coches, la nueva forma de disponer de un veh\u00edculo sin ataduras.\"><\/a>\n\t<\/div>\n<\/div>\n<\/div>\n<\/li>\n\t\t\t\n\t\t\t\n\t\t\t\t\t\t\t\t<\/ul>\n\t<\/div>\n\t<div class=\"fusion-post-content-wrapper\" style=\"padding:30px 25px 20px 25px;\"><div class=\"fusion-post-content post-content\"><h2 class=\"blog-shortcode-post-title entry-title\"><a href=\"https:\/\/intelsynet.com\/es\/la-suscripcion-de-coches-la-nueva-forma-de-disponer-de-un-vehiculo-sin-ataduras\/\">La suscripci\u00f3n de coches, la nueva forma de disponer de un veh\u00edculo sin ataduras.<\/a><\/h2><\/div><\/div><div class=\"fusion-clearfix\"><\/div><\/div>\n<\/article>\n<article id=\"blog-1-post-1964\" class=\"fusion-post-grid post-1964 post type-post status-publish format-standard has-post-thumbnail hentry category-nuestros-articulos\">\n<div class=\"fusion-post-wrapper\" style=\"background-color:rgba(255,255,255,0);border:1px solid #e8e8e8;border-bottom-width:3px;\">\n\n\t\t\t<div class=\"fusion-flexslider flexslider fusion-flexslider-loading fusion-post-slideshow\" style=\"border-color:#e8e8e8;\">\n\t\t<ul class=\"slides\">\n\t\t\t\n\t\t\t\t\t\t\t\t\t\t\t\t\t\t<li><div  class=\"fusion-image-wrapper\" aria-haspopup=\"true\">\n\t\t\t\t<img decoding=\"async\" width=\"1200\" height=\"743\" data-src=\"https:\/\/intelsynet.com\/wp-content\/uploads\/2021\/05\/13.jpg\" class=\"attachment-full size-full wp-post-image lazyload\" alt=\"EFAMA\" data-srcset=\"https:\/\/intelsynet.com\/wp-content\/uploads\/2021\/05\/13-200x124.jpg 200w, https:\/\/intelsynet.com\/wp-content\/uploads\/2021\/05\/13-400x248.jpg 400w, https:\/\/intelsynet.com\/wp-content\/uploads\/2021\/05\/13-600x372.jpg 600w, https:\/\/intelsynet.com\/wp-content\/uploads\/2021\/05\/13-800x495.jpg 800w, https:\/\/intelsynet.com\/wp-content\/uploads\/2021\/05\/13.jpg 1200w\" data-sizes=\"(min-width: 2200px) 100vw, (min-width: 784px) 363px, (min-width: 712px) 545px, (min-width: 640px) 712px,\" src=\"data:image\/svg+xml;base64,PHN2ZyB3aWR0aD0iMSIgaGVpZ2h0PSIxIiB4bWxucz0iaHR0cDovL3d3dy53My5vcmcvMjAwMC9zdmciPjwvc3ZnPg==\" style=\"--smush-placeholder-width: 1200px; --smush-placeholder-aspect-ratio: 1200\/743;\" \/><div class=\"fusion-rollover\">\n\t<div class=\"fusion-rollover-content\">\n\n\t\t\t\t\n\t\t\n\t\t\t\t\t\t\t\t\t\t\t\t<h4 class=\"fusion-rollover-title\">\n\t\t\t\t\t<a class=\"fusion-rollover-title-link\" href=\"https:\/\/intelsynet.com\/es\/efama-pide-coherencia-en-el-regimen-de-finanzas-sostenibles-de-la-ue\/\">\n\t\t\t\t\t\tEFAMA pide coherencia en el r\u00e9gimen de finanzas sostenibles de la UE\t\t\t\t\t<\/a>\n\t\t\t\t<\/h4>\n\t\t\t\n\t\t\t\t\t\t\t\t\n\t\t\n\t\t\t\t\t\t<a class=\"fusion-link-wrapper\" href=\"https:\/\/intelsynet.com\/es\/efama-pide-coherencia-en-el-regimen-de-finanzas-sostenibles-de-la-ue\/\" aria-label=\"EFAMA pide coherencia en el r\u00e9gimen de finanzas sostenibles de la UE\"><\/a>\n\t<\/div>\n<\/div>\n<\/div>\n<\/li>\n\t\t\t\n\t\t\t\n\t\t\t\t\t\t\t\t<\/ul>\n\t<\/div>\n\t<div class=\"fusion-post-content-wrapper\" style=\"padding:30px 25px 20px 25px;\"><div class=\"fusion-post-content post-content\"><h2 class=\"blog-shortcode-post-title entry-title\"><a href=\"https:\/\/intelsynet.com\/es\/efama-pide-coherencia-en-el-regimen-de-finanzas-sostenibles-de-la-ue\/\">EFAMA pide coherencia en el r\u00e9gimen de finanzas sostenibles de la UE<\/a><\/h2><\/div><\/div><div class=\"fusion-clearfix\"><\/div><\/div>\n<\/article>\n<article id=\"blog-1-post-1960\" class=\"fusion-post-grid post-1960 post type-post status-publish format-standard has-post-thumbnail hentry category-nuestros-articulos\">\n<div class=\"fusion-post-wrapper\" style=\"background-color:rgba(255,255,255,0);border:1px solid #e8e8e8;border-bottom-width:3px;\">\n\n\t\t\t<div class=\"fusion-flexslider flexslider fusion-flexslider-loading fusion-post-slideshow\" style=\"border-color:#e8e8e8;\">\n\t\t<ul class=\"slides\">\n\t\t\t\n\t\t\t\t\t\t\t\t\t\t\t\t\t\t<li><div  class=\"fusion-image-wrapper\" aria-haspopup=\"true\">\n\t\t\t\t<img decoding=\"async\" width=\"1200\" height=\"742\" data-src=\"https:\/\/intelsynet.com\/wp-content\/uploads\/2021\/05\/12.jpg\" class=\"attachment-full size-full wp-post-image lazyload\" alt=\"London Stock Exchange Group\" data-srcset=\"https:\/\/intelsynet.com\/wp-content\/uploads\/2021\/05\/12-200x124.jpg 200w, https:\/\/intelsynet.com\/wp-content\/uploads\/2021\/05\/12-400x247.jpg 400w, https:\/\/intelsynet.com\/wp-content\/uploads\/2021\/05\/12-600x371.jpg 600w, https:\/\/intelsynet.com\/wp-content\/uploads\/2021\/05\/12-800x495.jpg 800w, https:\/\/intelsynet.com\/wp-content\/uploads\/2021\/05\/12.jpg 1200w\" data-sizes=\"(min-width: 2200px) 100vw, (min-width: 784px) 363px, (min-width: 712px) 545px, (min-width: 640px) 712px,\" src=\"data:image\/svg+xml;base64,PHN2ZyB3aWR0aD0iMSIgaGVpZ2h0PSIxIiB4bWxucz0iaHR0cDovL3d3dy53My5vcmcvMjAwMC9zdmciPjwvc3ZnPg==\" style=\"--smush-placeholder-width: 1200px; --smush-placeholder-aspect-ratio: 1200\/742;\" \/><div class=\"fusion-rollover\">\n\t<div class=\"fusion-rollover-content\">\n\n\t\t\t\t\n\t\t\n\t\t\t\t\t\t\t\t\t\t\t\t<h4 class=\"fusion-rollover-title\">\n\t\t\t\t\t<a class=\"fusion-rollover-title-link\" href=\"https:\/\/intelsynet.com\/es\/london-stock-exchange-group-finanzas-sostenibles\/\">\n\t\t\t\t\t\tLSEG nombra a David Harris para dirigir su equipo de productos de Finanzas Sostenibles.\t\t\t\t\t<\/a>\n\t\t\t\t<\/h4>\n\t\t\t\n\t\t\t\t\t\t\t\t\n\t\t\n\t\t\t\t\t\t<a class=\"fusion-link-wrapper\" href=\"https:\/\/intelsynet.com\/es\/london-stock-exchange-group-finanzas-sostenibles\/\" aria-label=\"LSEG nombra a David Harris para dirigir su equipo de productos de Finanzas Sostenibles.\"><\/a>\n\t<\/div>\n<\/div>\n<\/div>\n<\/li>\n\t\t\t\n\t\t\t\n\t\t\t\t\t\t\t\t<\/ul>\n\t<\/div>\n\t<div class=\"fusion-post-content-wrapper\" style=\"padding:30px 25px 20px 25px;\"><div class=\"fusion-post-content post-content\"><h2 class=\"blog-shortcode-post-title entry-title\"><a href=\"https:\/\/intelsynet.com\/es\/london-stock-exchange-group-finanzas-sostenibles\/\">LSEG nombra a David Harris para dirigir su equipo de productos de Finanzas Sostenibles.<\/a><\/h2><\/div><\/div><div class=\"fusion-clearfix\"><\/div><\/div>\n<\/article>\n<article id=\"blog-1-post-1963\" class=\"fusion-post-grid post-1963 post type-post status-publish format-standard has-post-thumbnail hentry category-nuestros-articulos\">\n<div class=\"fusion-post-wrapper\" style=\"background-color:rgba(255,255,255,0);border:1px solid #e8e8e8;border-bottom-width:3px;\">\n\n\t\t\t<div class=\"fusion-flexslider flexslider fusion-flexslider-loading fusion-post-slideshow\" style=\"border-color:#e8e8e8;\">\n\t\t<ul class=\"slides\">\n\t\t\t\n\t\t\t\t\t\t\t\t\t\t\t\t\t\t<li><div  class=\"fusion-image-wrapper\" aria-haspopup=\"true\">\n\t\t\t\t<img decoding=\"async\" width=\"1200\" height=\"742\" data-src=\"https:\/\/intelsynet.com\/wp-content\/uploads\/2021\/05\/11.jpg\" class=\"attachment-full size-full wp-post-image lazyload\" alt=\"Consejo de Acci\u00f3n de Finanzas Sostenibles\" data-srcset=\"https:\/\/intelsynet.com\/wp-content\/uploads\/2021\/05\/11-200x124.jpg 200w, https:\/\/intelsynet.com\/wp-content\/uploads\/2021\/05\/11-400x247.jpg 400w, https:\/\/intelsynet.com\/wp-content\/uploads\/2021\/05\/11-600x371.jpg 600w, https:\/\/intelsynet.com\/wp-content\/uploads\/2021\/05\/11-800x495.jpg 800w, https:\/\/intelsynet.com\/wp-content\/uploads\/2021\/05\/11.jpg 1200w\" data-sizes=\"(min-width: 2200px) 100vw, (min-width: 784px) 363px, (min-width: 712px) 545px, (min-width: 640px) 712px,\" src=\"data:image\/svg+xml;base64,PHN2ZyB3aWR0aD0iMSIgaGVpZ2h0PSIxIiB4bWxucz0iaHR0cDovL3d3dy53My5vcmcvMjAwMC9zdmciPjwvc3ZnPg==\" style=\"--smush-placeholder-width: 1200px; --smush-placeholder-aspect-ratio: 1200\/742;\" \/><div class=\"fusion-rollover\">\n\t<div class=\"fusion-rollover-content\">\n\n\t\t\t\t\n\t\t\n\t\t\t\t\t\t\t\t\t\t\t\t<h4 class=\"fusion-rollover-title\">\n\t\t\t\t\t<a class=\"fusion-rollover-title-link\" href=\"https:\/\/intelsynet.com\/es\/canada-crea-un-consejo-de-accion-de-finanzas-sostenibles\/\">\n\t\t\t\t\t\tCanad\u00e1 crea un Consejo de Acci\u00f3n de Finanzas Sostenibles\t\t\t\t\t<\/a>\n\t\t\t\t<\/h4>\n\t\t\t\n\t\t\t\t\t\t\t\t\n\t\t\n\t\t\t\t\t\t<a class=\"fusion-link-wrapper\" href=\"https:\/\/intelsynet.com\/es\/canada-crea-un-consejo-de-accion-de-finanzas-sostenibles\/\" aria-label=\"Canad\u00e1 crea un Consejo de Acci\u00f3n de Finanzas Sostenibles\"><\/a>\n\t<\/div>\n<\/div>\n<\/div>\n<\/li>\n\t\t\t\n\t\t\t\n\t\t\t\t\t\t\t\t<\/ul>\n\t<\/div>\n\t<div class=\"fusion-post-content-wrapper\" style=\"padding:30px 25px 20px 25px;\"><div class=\"fusion-post-content post-content\"><h2 class=\"blog-shortcode-post-title entry-title\"><a href=\"https:\/\/intelsynet.com\/es\/canada-crea-un-consejo-de-accion-de-finanzas-sostenibles\/\">Canad\u00e1 crea un Consejo de Acci\u00f3n de Finanzas Sostenibles<\/a><\/h2><\/div><\/div><div class=\"fusion-clearfix\"><\/div><\/div>\n<\/article>\n<article id=\"blog-1-post-1962\" class=\"fusion-post-grid post-1962 post type-post status-publish format-standard has-post-thumbnail hentry category-nuestros-articulos\">\n<div class=\"fusion-post-wrapper\" style=\"background-color:rgba(255,255,255,0);border:1px solid #e8e8e8;border-bottom-width:3px;\">\n\n\t\t\t<div class=\"fusion-flexslider flexslider fusion-flexslider-loading fusion-post-slideshow\" style=\"border-color:#e8e8e8;\">\n\t\t<ul class=\"slides\">\n\t\t\t\n\t\t\t\t\t\t\t\t\t\t\t\t\t\t<li><div  class=\"fusion-image-wrapper\" aria-haspopup=\"true\">\n\t\t\t\t<img decoding=\"async\" width=\"1200\" height=\"742\" data-src=\"https:\/\/intelsynet.com\/wp-content\/uploads\/2021\/05\/10.jpeg\" class=\"attachment-full size-full wp-post-image lazyload\" alt=\"CaixaBank\" data-srcset=\"https:\/\/intelsynet.com\/wp-content\/uploads\/2021\/05\/10-200x124.jpeg 200w, https:\/\/intelsynet.com\/wp-content\/uploads\/2021\/05\/10-400x247.jpeg 400w, https:\/\/intelsynet.com\/wp-content\/uploads\/2021\/05\/10-600x371.jpeg 600w, https:\/\/intelsynet.com\/wp-content\/uploads\/2021\/05\/10-800x495.jpeg 800w, https:\/\/intelsynet.com\/wp-content\/uploads\/2021\/05\/10.jpeg 1200w\" data-sizes=\"(min-width: 2200px) 100vw, (min-width: 784px) 363px, (min-width: 712px) 545px, (min-width: 640px) 712px,\" src=\"data:image\/svg+xml;base64,PHN2ZyB3aWR0aD0iMSIgaGVpZ2h0PSIxIiB4bWxucz0iaHR0cDovL3d3dy53My5vcmcvMjAwMC9zdmciPjwvc3ZnPg==\" style=\"--smush-placeholder-width: 1200px; --smush-placeholder-aspect-ratio: 1200\/742;\" \/><div class=\"fusion-rollover\">\n\t<div class=\"fusion-rollover-content\">\n\n\t\t\t\t\n\t\t\n\t\t\t\t\t\t\t\t\t\t\t\t<h4 class=\"fusion-rollover-title\">\n\t\t\t\t\t<a class=\"fusion-rollover-title-link\" href=\"https:\/\/intelsynet.com\/es\/caixabank-coloca-un-bono-social-de-1-000-millones-de-euros-con-una-demanda-de-mas-del-doble\/\">\n\t\t\t\t\t\tCaixaBank coloca un bono social de 1.000 millones de euros con una demanda de m\u00e1s del doble\t\t\t\t\t<\/a>\n\t\t\t\t<\/h4>\n\t\t\t\n\t\t\t\t\t\t\t\t\n\t\t\n\t\t\t\t\t\t<a class=\"fusion-link-wrapper\" href=\"https:\/\/intelsynet.com\/es\/caixabank-coloca-un-bono-social-de-1-000-millones-de-euros-con-una-demanda-de-mas-del-doble\/\" aria-label=\"CaixaBank coloca un bono social de 1.000 millones de euros con una demanda de m\u00e1s del doble\"><\/a>\n\t<\/div>\n<\/div>\n<\/div>\n<\/li>\n\t\t\t\n\t\t\t\n\t\t\t\t\t\t\t\t<\/ul>\n\t<\/div>\n\t<div class=\"fusion-post-content-wrapper\" style=\"padding:30px 25px 20px 25px;\"><div class=\"fusion-post-content post-content\"><h2 class=\"blog-shortcode-post-title entry-title\"><a href=\"https:\/\/intelsynet.com\/es\/caixabank-coloca-un-bono-social-de-1-000-millones-de-euros-con-una-demanda-de-mas-del-doble\/\">CaixaBank coloca un bono social de 1.000 millones de euros con una demanda de m\u00e1s del doble<\/a><\/h2><\/div><\/div><div class=\"fusion-clearfix\"><\/div><\/div>\n<\/article>\n<article id=\"blog-1-post-1959\" class=\"fusion-post-grid post-1959 post type-post status-publish format-standard has-post-thumbnail hentry category-nuestros-articulos\">\n<div class=\"fusion-post-wrapper\" style=\"background-color:rgba(255,255,255,0);border:1px solid #e8e8e8;border-bottom-width:3px;\">\n\n\t\t\t<div class=\"fusion-flexslider flexslider fusion-flexslider-loading fusion-post-slideshow\" style=\"border-color:#e8e8e8;\">\n\t\t<ul class=\"slides\">\n\t\t\t\n\t\t\t\t\t\t\t\t\t\t\t\t\t\t<li><div  class=\"fusion-image-wrapper\" aria-haspopup=\"true\">\n\t\t\t\t<img decoding=\"async\" width=\"1200\" height=\"742\" data-src=\"https:\/\/intelsynet.com\/wp-content\/uploads\/2021\/05\/9.jpg\" class=\"attachment-full size-full wp-post-image lazyload\" alt=\"Popcoin\" data-srcset=\"https:\/\/intelsynet.com\/wp-content\/uploads\/2021\/05\/9-200x124.jpg 200w, https:\/\/intelsynet.com\/wp-content\/uploads\/2021\/05\/9-400x247.jpg 400w, https:\/\/intelsynet.com\/wp-content\/uploads\/2021\/05\/9-600x371.jpg 600w, https:\/\/intelsynet.com\/wp-content\/uploads\/2021\/05\/9-800x495.jpg 800w, https:\/\/intelsynet.com\/wp-content\/uploads\/2021\/05\/9.jpg 1200w\" data-sizes=\"(min-width: 2200px) 100vw, (min-width: 784px) 363px, (min-width: 712px) 545px, (min-width: 640px) 712px,\" src=\"data:image\/svg+xml;base64,PHN2ZyB3aWR0aD0iMSIgaGVpZ2h0PSIxIiB4bWxucz0iaHR0cDovL3d3dy53My5vcmcvMjAwMC9zdmciPjwvc3ZnPg==\" style=\"--smush-placeholder-width: 1200px; --smush-placeholder-aspect-ratio: 1200\/742;\" \/><div class=\"fusion-rollover\">\n\t<div class=\"fusion-rollover-content\">\n\n\t\t\t\t\n\t\t\n\t\t\t\t\t\t\t\t\t\t\t\t<h4 class=\"fusion-rollover-title\">\n\t\t\t\t\t<a class=\"fusion-rollover-title-link\" href=\"https:\/\/intelsynet.com\/es\/popcoin-lanza-sus-primeras-carteras-sostenibles\/\">\n\t\t\t\t\t\tPopcoin lanza sus primeras carteras sostenibles.\t\t\t\t\t<\/a>\n\t\t\t\t<\/h4>\n\t\t\t\n\t\t\t\t\t\t\t\t\n\t\t\n\t\t\t\t\t\t<a class=\"fusion-link-wrapper\" href=\"https:\/\/intelsynet.com\/es\/popcoin-lanza-sus-primeras-carteras-sostenibles\/\" aria-label=\"Popcoin lanza sus primeras carteras sostenibles.\"><\/a>\n\t<\/div>\n<\/div>\n<\/div>\n<\/li>\n\t\t\t\n\t\t\t\n\t\t\t\t\t\t\t\t<\/ul>\n\t<\/div>\n\t<div class=\"fusion-post-content-wrapper\" style=\"padding:30px 25px 20px 25px;\"><div class=\"fusion-post-content post-content\"><h2 class=\"blog-shortcode-post-title entry-title\"><a href=\"https:\/\/intelsynet.com\/es\/popcoin-lanza-sus-primeras-carteras-sostenibles\/\">Popcoin lanza sus primeras carteras sostenibles.<\/a><\/h2><\/div><\/div><div class=\"fusion-clearfix\"><\/div><\/div>\n<\/article>\n<article id=\"blog-1-post-1957\" class=\"fusion-post-grid post-1957 post type-post status-publish format-standard has-post-thumbnail hentry category-nuestros-articulos\">\n<div class=\"fusion-post-wrapper\" style=\"background-color:rgba(255,255,255,0);border:1px solid #e8e8e8;border-bottom-width:3px;\">\n\n\t\t\t<div class=\"fusion-flexslider flexslider fusion-flexslider-loading fusion-post-slideshow\" style=\"border-color:#e8e8e8;\">\n\t\t<ul class=\"slides\">\n\t\t\t\n\t\t\t\t\t\t\t\t\t\t\t\t\t\t<li><div  class=\"fusion-image-wrapper\" aria-haspopup=\"true\">\n\t\t\t\t<img decoding=\"async\" width=\"1200\" height=\"742\" data-src=\"https:\/\/intelsynet.com\/wp-content\/uploads\/2021\/05\/8.jpg\" class=\"attachment-full size-full wp-post-image lazyload\" alt=\"China acelera su &#039;marcha verde&#039;\" data-srcset=\"https:\/\/intelsynet.com\/wp-content\/uploads\/2021\/05\/8-200x124.jpg 200w, https:\/\/intelsynet.com\/wp-content\/uploads\/2021\/05\/8-400x247.jpg 400w, https:\/\/intelsynet.com\/wp-content\/uploads\/2021\/05\/8-600x371.jpg 600w, https:\/\/intelsynet.com\/wp-content\/uploads\/2021\/05\/8-800x495.jpg 800w, https:\/\/intelsynet.com\/wp-content\/uploads\/2021\/05\/8.jpg 1200w\" data-sizes=\"(min-width: 2200px) 100vw, (min-width: 784px) 363px, (min-width: 712px) 545px, (min-width: 640px) 712px,\" src=\"data:image\/svg+xml;base64,PHN2ZyB3aWR0aD0iMSIgaGVpZ2h0PSIxIiB4bWxucz0iaHR0cDovL3d3dy53My5vcmcvMjAwMC9zdmciPjwvc3ZnPg==\" style=\"--smush-placeholder-width: 1200px; --smush-placeholder-aspect-ratio: 1200\/742;\" \/><div class=\"fusion-rollover\">\n\t<div class=\"fusion-rollover-content\">\n\n\t\t\t\t\n\t\t\n\t\t\t\t\t\t\t\t\t\t\t\t<h4 class=\"fusion-rollover-title\">\n\t\t\t\t\t<a class=\"fusion-rollover-title-link\" href=\"https:\/\/intelsynet.com\/es\/china-acelera-su-marcha-verde-hacia-una-inversion-mas-responsable\/\">\n\t\t\t\t\t\tChina acelera su &#8216;marcha verde&#8217; hacia una inversi\u00f3n m\u00e1s responsable\t\t\t\t\t<\/a>\n\t\t\t\t<\/h4>\n\t\t\t\n\t\t\t\t\t\t\t\t\n\t\t\n\t\t\t\t\t\t<a class=\"fusion-link-wrapper\" href=\"https:\/\/intelsynet.com\/es\/china-acelera-su-marcha-verde-hacia-una-inversion-mas-responsable\/\" aria-label=\"China acelera su &#8216;marcha verde&#8217; hacia una inversi\u00f3n m\u00e1s responsable\"><\/a>\n\t<\/div>\n<\/div>\n<\/div>\n<\/li>\n\t\t\t\n\t\t\t\n\t\t\t\t\t\t\t\t<\/ul>\n\t<\/div>\n\t<div class=\"fusion-post-content-wrapper\" style=\"padding:30px 25px 20px 25px;\"><div class=\"fusion-post-content post-content\"><h2 class=\"blog-shortcode-post-title entry-title\"><a href=\"https:\/\/intelsynet.com\/es\/china-acelera-su-marcha-verde-hacia-una-inversion-mas-responsable\/\">China acelera su &#8216;marcha verde&#8217; hacia una inversi\u00f3n m\u00e1s responsable<\/a><\/h2><\/div><\/div><div class=\"fusion-clearfix\"><\/div><\/div>\n<\/article>\n<article id=\"blog-1-post-1956\" class=\"fusion-post-grid post-1956 post type-post status-publish format-standard has-post-thumbnail hentry category-nuestros-articulos\">\n<div class=\"fusion-post-wrapper\" style=\"background-color:rgba(255,255,255,0);border:1px solid #e8e8e8;border-bottom-width:3px;\">\n\n\t\t\t<div class=\"fusion-flexslider flexslider fusion-flexslider-loading fusion-post-slideshow\" style=\"border-color:#e8e8e8;\">\n\t\t<ul class=\"slides\">\n\t\t\t\n\t\t\t\t\t\t\t\t\t\t\t\t\t\t<li><div  class=\"fusion-image-wrapper\" aria-haspopup=\"true\">\n\t\t\t\t<img decoding=\"async\" width=\"1200\" height=\"742\" data-src=\"https:\/\/intelsynet.com\/wp-content\/uploads\/2021\/05\/7.jpg\" class=\"attachment-full size-full wp-post-image lazyload\" alt=\"Global Fintech Hackcelerator\" data-srcset=\"https:\/\/intelsynet.com\/wp-content\/uploads\/2021\/05\/7-200x124.jpg 200w, https:\/\/intelsynet.com\/wp-content\/uploads\/2021\/05\/7-400x247.jpg 400w, https:\/\/intelsynet.com\/wp-content\/uploads\/2021\/05\/7-600x371.jpg 600w, https:\/\/intelsynet.com\/wp-content\/uploads\/2021\/05\/7-800x495.jpg 800w, https:\/\/intelsynet.com\/wp-content\/uploads\/2021\/05\/7.jpg 1200w\" data-sizes=\"(min-width: 2200px) 100vw, (min-width: 784px) 363px, (min-width: 712px) 545px, (min-width: 640px) 712px,\" src=\"data:image\/svg+xml;base64,PHN2ZyB3aWR0aD0iMSIgaGVpZ2h0PSIxIiB4bWxucz0iaHR0cDovL3d3dy53My5vcmcvMjAwMC9zdmciPjwvc3ZnPg==\" style=\"--smush-placeholder-width: 1200px; --smush-placeholder-aspect-ratio: 1200\/742;\" \/><div class=\"fusion-rollover\">\n\t<div class=\"fusion-rollover-content\">\n\n\t\t\t\t\n\t\t\n\t\t\t\t\t\t\t\t\t\t\t\t<h4 class=\"fusion-rollover-title\">\n\t\t\t\t\t<a class=\"fusion-rollover-title-link\" href=\"https:\/\/intelsynet.com\/es\/mas-lanza-la-6a-edicion-del-global-fintech-hackcelerator\/\">\n\t\t\t\t\t\tMAS lanza la 6\u00aa edici\u00f3n del \u201cGlobal Fintech Hackcelerator\u201d\t\t\t\t\t<\/a>\n\t\t\t\t<\/h4>\n\t\t\t\n\t\t\t\t\t\t\t\t\n\t\t\n\t\t\t\t\t\t<a class=\"fusion-link-wrapper\" href=\"https:\/\/intelsynet.com\/es\/mas-lanza-la-6a-edicion-del-global-fintech-hackcelerator\/\" aria-label=\"MAS lanza la 6\u00aa edici\u00f3n del \u201cGlobal Fintech Hackcelerator\u201d\"><\/a>\n\t<\/div>\n<\/div>\n<\/div>\n<\/li>\n\t\t\t\n\t\t\t\n\t\t\t\t\t\t\t\t<\/ul>\n\t<\/div>\n\t<div class=\"fusion-post-content-wrapper\" style=\"padding:30px 25px 20px 25px;\"><div class=\"fusion-post-content post-content\"><h2 class=\"blog-shortcode-post-title entry-title\"><a href=\"https:\/\/intelsynet.com\/es\/mas-lanza-la-6a-edicion-del-global-fintech-hackcelerator\/\">MAS lanza la 6\u00aa edici\u00f3n del \u201cGlobal Fintech Hackcelerator\u201d<\/a><\/h2><\/div><\/div><div class=\"fusion-clearfix\"><\/div><\/div>\n<\/article>\n<article id=\"blog-1-post-1976\" class=\"fusion-post-grid post-1976 post type-post status-publish format-standard has-post-thumbnail hentry category-nuestros-articulos\">\n<div class=\"fusion-post-wrapper\" style=\"background-color:rgba(255,255,255,0);border:1px solid #e8e8e8;border-bottom-width:3px;\">\n\n\t\t\t<div class=\"fusion-flexslider flexslider fusion-flexslider-loading fusion-post-slideshow\" style=\"border-color:#e8e8e8;\">\n\t\t<ul class=\"slides\">\n\t\t\t\n\t\t\t\t\t\t\t\t\t\t\t\t\t\t<li><div  class=\"fusion-image-wrapper\" aria-haspopup=\"true\">\n\t\t\t\t<img decoding=\"async\" width=\"1200\" height=\"742\" data-src=\"https:\/\/intelsynet.com\/wp-content\/uploads\/2021\/05\/6.jpeg\" class=\"attachment-full size-full wp-post-image lazyload\" alt=\"curso online sobre finanzas sostenibles\" data-srcset=\"https:\/\/intelsynet.com\/wp-content\/uploads\/2021\/05\/6-200x124.jpeg 200w, https:\/\/intelsynet.com\/wp-content\/uploads\/2021\/05\/6-400x247.jpeg 400w, https:\/\/intelsynet.com\/wp-content\/uploads\/2021\/05\/6-600x371.jpeg 600w, https:\/\/intelsynet.com\/wp-content\/uploads\/2021\/05\/6-800x495.jpeg 800w, https:\/\/intelsynet.com\/wp-content\/uploads\/2021\/05\/6.jpeg 1200w\" data-sizes=\"(min-width: 2200px) 100vw, (min-width: 784px) 363px, (min-width: 712px) 545px, (min-width: 640px) 712px,\" src=\"data:image\/svg+xml;base64,PHN2ZyB3aWR0aD0iMSIgaGVpZ2h0PSIxIiB4bWxucz0iaHR0cDovL3d3dy53My5vcmcvMjAwMC9zdmciPjwvc3ZnPg==\" style=\"--smush-placeholder-width: 1200px; --smush-placeholder-aspect-ratio: 1200\/742;\" \/><div class=\"fusion-rollover\">\n\t<div class=\"fusion-rollover-content\">\n\n\t\t\t\t\n\t\t\n\t\t\t\t\t\t\t\t\t\t\t\t<h4 class=\"fusion-rollover-title\">\n\t\t\t\t\t<a class=\"fusion-rollover-title-link\" href=\"https:\/\/intelsynet.com\/es\/el-ieaf-certificara-un-nuevo-curso-online-sobre-finanzas-sostenibles-impulsado-por-expertos-del-sector\/\">\n\t\t\t\t\t\tEl IEAF certificar\u00e1 un nuevo curso online sobre finanzas sostenibles impulsado por expertos del sector\t\t\t\t\t<\/a>\n\t\t\t\t<\/h4>\n\t\t\t\n\t\t\t\t\t\t\t\t\n\t\t\n\t\t\t\t\t\t<a class=\"fusion-link-wrapper\" href=\"https:\/\/intelsynet.com\/es\/el-ieaf-certificara-un-nuevo-curso-online-sobre-finanzas-sostenibles-impulsado-por-expertos-del-sector\/\" aria-label=\"El IEAF certificar\u00e1 un nuevo curso online sobre finanzas sostenibles impulsado por expertos del sector\"><\/a>\n\t<\/div>\n<\/div>\n<\/div>\n<\/li>\n\t\t\t\n\t\t\t\n\t\t\t\t\t\t\t\t<\/ul>\n\t<\/div>\n\t<div class=\"fusion-post-content-wrapper\" style=\"padding:30px 25px 20px 25px;\"><div class=\"fusion-post-content post-content\"><h2 class=\"blog-shortcode-post-title entry-title\"><a href=\"https:\/\/intelsynet.com\/es\/el-ieaf-certificara-un-nuevo-curso-online-sobre-finanzas-sostenibles-impulsado-por-expertos-del-sector\/\">El IEAF certificar\u00e1 un nuevo curso online sobre finanzas sostenibles impulsado por expertos del sector<\/a><\/h2><\/div><\/div><div class=\"fusion-clearfix\"><\/div><\/div>\n<\/article>\n<article id=\"blog-1-post-1953\" class=\"fusion-post-grid post-1953 post type-post status-publish format-standard has-post-thumbnail hentry category-nuestros-articulos\">\n<div class=\"fusion-post-wrapper\" style=\"background-color:rgba(255,255,255,0);border:1px solid #e8e8e8;border-bottom-width:3px;\">\n\n\t\t\t<div class=\"fusion-flexslider flexslider fusion-flexslider-loading fusion-post-slideshow\" style=\"border-color:#e8e8e8;\">\n\t\t<ul class=\"slides\">\n\t\t\t\n\t\t\t\t\t\t\t\t\t\t\t\t\t\t<li><div  class=\"fusion-image-wrapper\" aria-haspopup=\"true\">\n\t\t\t\t<img decoding=\"async\" width=\"1200\" height=\"741\" data-src=\"https:\/\/intelsynet.com\/wp-content\/uploads\/2021\/05\/5.jpeg\" class=\"attachment-full size-full wp-post-image lazyload\" alt=\"ley contra el cambio clim\u00e1tico.\" data-srcset=\"https:\/\/intelsynet.com\/wp-content\/uploads\/2021\/05\/5-200x124.jpeg 200w, https:\/\/intelsynet.com\/wp-content\/uploads\/2021\/05\/5-400x247.jpeg 400w, https:\/\/intelsynet.com\/wp-content\/uploads\/2021\/05\/5-600x371.jpeg 600w, https:\/\/intelsynet.com\/wp-content\/uploads\/2021\/05\/5-800x494.jpeg 800w, https:\/\/intelsynet.com\/wp-content\/uploads\/2021\/05\/5.jpeg 1200w\" data-sizes=\"(min-width: 2200px) 100vw, (min-width: 784px) 363px, (min-width: 712px) 545px, (min-width: 640px) 712px,\" src=\"data:image\/svg+xml;base64,PHN2ZyB3aWR0aD0iMSIgaGVpZ2h0PSIxIiB4bWxucz0iaHR0cDovL3d3dy53My5vcmcvMjAwMC9zdmciPjwvc3ZnPg==\" style=\"--smush-placeholder-width: 1200px; --smush-placeholder-aspect-ratio: 1200\/741;\" \/><div class=\"fusion-rollover\">\n\t<div class=\"fusion-rollover-content\">\n\n\t\t\t\t\n\t\t\n\t\t\t\t\t\t\t\t\t\t\t\t<h4 class=\"fusion-rollover-title\">\n\t\t\t\t\t<a class=\"fusion-rollover-title-link\" href=\"https:\/\/intelsynet.com\/es\/espana-aprueba-su-primera-ley-contra-el-cambio-climatico\/\">\n\t\t\t\t\t\tEspa\u00f1a aprueba su primera ley contra el cambio clim\u00e1tico.\t\t\t\t\t<\/a>\n\t\t\t\t<\/h4>\n\t\t\t\n\t\t\t\t\t\t\t\t\n\t\t\n\t\t\t\t\t\t<a class=\"fusion-link-wrapper\" href=\"https:\/\/intelsynet.com\/es\/espana-aprueba-su-primera-ley-contra-el-cambio-climatico\/\" aria-label=\"Espa\u00f1a aprueba su primera ley contra el cambio clim\u00e1tico.\"><\/a>\n\t<\/div>\n<\/div>\n<\/div>\n<\/li>\n\t\t\t\n\t\t\t\n\t\t\t\t\t\t\t\t<\/ul>\n\t<\/div>\n\t<div class=\"fusion-post-content-wrapper\" style=\"padding:30px 25px 20px 25px;\"><div class=\"fusion-post-content post-content\"><h2 class=\"blog-shortcode-post-title entry-title\"><a href=\"https:\/\/intelsynet.com\/es\/espana-aprueba-su-primera-ley-contra-el-cambio-climatico\/\">Espa\u00f1a aprueba su primera ley contra el cambio clim\u00e1tico.<\/a><\/h2><\/div><\/div><div class=\"fusion-clearfix\"><\/div><\/div>\n<\/article>\n<article id=\"blog-1-post-1954\" class=\"fusion-post-grid post-1954 post type-post status-publish format-standard has-post-thumbnail hentry category-nuestros-articulos\">\n<div class=\"fusion-post-wrapper\" style=\"background-color:rgba(255,255,255,0);border:1px solid #e8e8e8;border-bottom-width:3px;\">\n\n\t\t\t<div class=\"fusion-flexslider flexslider fusion-flexslider-loading fusion-post-slideshow\" style=\"border-color:#e8e8e8;\">\n\t\t<ul class=\"slides\">\n\t\t\t\n\t\t\t\t\t\t\t\t\t\t\t\t\t\t<li><div  class=\"fusion-image-wrapper\" aria-haspopup=\"true\">\n\t\t\t\t<img decoding=\"async\" width=\"1200\" height=\"741\" data-src=\"https:\/\/intelsynet.com\/wp-content\/uploads\/2021\/05\/4.jpg\" class=\"attachment-full size-full wp-post-image lazyload\" alt=\"Abanca\" data-srcset=\"https:\/\/intelsynet.com\/wp-content\/uploads\/2021\/05\/4-200x124.jpg 200w, https:\/\/intelsynet.com\/wp-content\/uploads\/2021\/05\/4-400x247.jpg 400w, https:\/\/intelsynet.com\/wp-content\/uploads\/2021\/05\/4-600x371.jpg 600w, https:\/\/intelsynet.com\/wp-content\/uploads\/2021\/05\/4-800x494.jpg 800w, https:\/\/intelsynet.com\/wp-content\/uploads\/2021\/05\/4.jpg 1200w\" data-sizes=\"(min-width: 2200px) 100vw, (min-width: 784px) 363px, (min-width: 712px) 545px, (min-width: 640px) 712px,\" src=\"data:image\/svg+xml;base64,PHN2ZyB3aWR0aD0iMSIgaGVpZ2h0PSIxIiB4bWxucz0iaHR0cDovL3d3dy53My5vcmcvMjAwMC9zdmciPjwvc3ZnPg==\" style=\"--smush-placeholder-width: 1200px; --smush-placeholder-aspect-ratio: 1200\/741;\" \/><div class=\"fusion-rollover\">\n\t<div class=\"fusion-rollover-content\">\n\n\t\t\t\t\n\t\t\n\t\t\t\t\t\t\t\t\t\t\t\t<h4 class=\"fusion-rollover-title\">\n\t\t\t\t\t<a class=\"fusion-rollover-title-link\" href=\"https:\/\/intelsynet.com\/es\/abanca-fija-el-2024-como-su-fecha-para-ser-neutral-en-carbono\/\">\n\t\t\t\t\t\tAbanca fija el 2024 como su fecha para ser neutral en carbono.\t\t\t\t\t<\/a>\n\t\t\t\t<\/h4>\n\t\t\t\n\t\t\t\t\t\t\t\t\n\t\t\n\t\t\t\t\t\t<a class=\"fusion-link-wrapper\" href=\"https:\/\/intelsynet.com\/es\/abanca-fija-el-2024-como-su-fecha-para-ser-neutral-en-carbono\/\" aria-label=\"Abanca fija el 2024 como su fecha para ser neutral en carbono.\"><\/a>\n\t<\/div>\n<\/div>\n<\/div>\n<\/li>\n\t\t\t\n\t\t\t\n\t\t\t\t\t\t\t\t<\/ul>\n\t<\/div>\n\t<div class=\"fusion-post-content-wrapper\" style=\"padding:30px 25px 20px 25px;\"><div class=\"fusion-post-content post-content\"><h2 class=\"blog-shortcode-post-title entry-title\"><a href=\"https:\/\/intelsynet.com\/es\/abanca-fija-el-2024-como-su-fecha-para-ser-neutral-en-carbono\/\">Abanca fija el 2024 como su fecha para ser neutral en carbono.<\/a><\/h2><\/div><\/div><div class=\"fusion-clearfix\"><\/div><\/div>\n<\/article>\n<article id=\"blog-1-post-1955\" class=\"fusion-post-grid post-1955 post type-post status-publish format-standard has-post-thumbnail hentry category-nuestros-articulos\">\n<div class=\"fusion-post-wrapper\" style=\"background-color:rgba(255,255,255,0);border:1px solid #e8e8e8;border-bottom-width:3px;\">\n\n\t\t\t<div class=\"fusion-flexslider flexslider fusion-flexslider-loading fusion-post-slideshow\" style=\"border-color:#e8e8e8;\">\n\t\t<ul class=\"slides\">\n\t\t\t\n\t\t\t\t\t\t\t\t\t\t\t\t\t\t<li><div  class=\"fusion-image-wrapper\" aria-haspopup=\"true\">\n\t\t\t\t<img decoding=\"async\" width=\"1200\" height=\"742\" data-src=\"https:\/\/intelsynet.com\/wp-content\/uploads\/2021\/05\/3.jpg\" class=\"attachment-full size-full wp-post-image lazyload\" alt=\"BNP Paribas\" data-srcset=\"https:\/\/intelsynet.com\/wp-content\/uploads\/2021\/05\/3-200x124.jpg 200w, https:\/\/intelsynet.com\/wp-content\/uploads\/2021\/05\/3-400x247.jpg 400w, https:\/\/intelsynet.com\/wp-content\/uploads\/2021\/05\/3-600x371.jpg 600w, https:\/\/intelsynet.com\/wp-content\/uploads\/2021\/05\/3-800x495.jpg 800w, https:\/\/intelsynet.com\/wp-content\/uploads\/2021\/05\/3.jpg 1200w\" data-sizes=\"(min-width: 2200px) 100vw, (min-width: 784px) 363px, (min-width: 712px) 545px, (min-width: 640px) 712px,\" src=\"data:image\/svg+xml;base64,PHN2ZyB3aWR0aD0iMSIgaGVpZ2h0PSIxIiB4bWxucz0iaHR0cDovL3d3dy53My5vcmcvMjAwMC9zdmciPjwvc3ZnPg==\" style=\"--smush-placeholder-width: 1200px; --smush-placeholder-aspect-ratio: 1200\/742;\" \/><div class=\"fusion-rollover\">\n\t<div class=\"fusion-rollover-content\">\n\n\t\t\t\t\n\t\t\n\t\t\t\t\t\t\t\t\t\t\t\t<h4 class=\"fusion-rollover-title\">\n\t\t\t\t\t<a class=\"fusion-rollover-title-link\" href=\"https:\/\/intelsynet.com\/es\/bnp-paribas-recibe-el-premio-the-banker\/\">\n\t\t\t\t\t\tBNP Paribas recibe el premio \u201cThe Banker\u201d\t\t\t\t\t<\/a>\n\t\t\t\t<\/h4>\n\t\t\t\n\t\t\t\t\t\t\t\t\n\t\t\n\t\t\t\t\t\t<a class=\"fusion-link-wrapper\" href=\"https:\/\/intelsynet.com\/es\/bnp-paribas-recibe-el-premio-the-banker\/\" aria-label=\"BNP Paribas recibe el premio \u201cThe Banker\u201d\"><\/a>\n\t<\/div>\n<\/div>\n<\/div>\n<\/li>\n\t\t\t\n\t\t\t\n\t\t\t\t\t\t\t\t<\/ul>\n\t<\/div>\n\t<div class=\"fusion-post-content-wrapper\" style=\"padding:30px 25px 20px 25px;\"><div class=\"fusion-post-content post-content\"><h2 class=\"blog-shortcode-post-title entry-title\"><a href=\"https:\/\/intelsynet.com\/es\/bnp-paribas-recibe-el-premio-the-banker\/\">BNP Paribas recibe el premio \u201cThe Banker\u201d<\/a><\/h2><\/div><\/div><div class=\"fusion-clearfix\"><\/div><\/div>\n<\/article>\n<article id=\"blog-1-post-1958\" class=\"fusion-post-grid post-1958 post type-post status-publish format-standard has-post-thumbnail hentry category-nuestros-articulos\">\n<div class=\"fusion-post-wrapper\" style=\"background-color:rgba(255,255,255,0);border:1px solid #e8e8e8;border-bottom-width:3px;\">\n\n\t\t\t<div class=\"fusion-flexslider flexslider fusion-flexslider-loading fusion-post-slideshow\" style=\"border-color:#e8e8e8;\">\n\t\t<ul class=\"slides\">\n\t\t\t\n\t\t\t\t\t\t\t\t\t\t\t\t\t\t<li><div  class=\"fusion-image-wrapper\" aria-haspopup=\"true\">\n\t\t\t\t<img decoding=\"async\" width=\"1200\" height=\"742\" data-src=\"https:\/\/intelsynet.com\/wp-content\/uploads\/2021\/05\/2.jpg\" class=\"attachment-full size-full wp-post-image lazyload\" alt=\"\" data-srcset=\"https:\/\/intelsynet.com\/wp-content\/uploads\/2021\/05\/2-200x124.jpg 200w, https:\/\/intelsynet.com\/wp-content\/uploads\/2021\/05\/2-400x247.jpg 400w, https:\/\/intelsynet.com\/wp-content\/uploads\/2021\/05\/2-600x371.jpg 600w, https:\/\/intelsynet.com\/wp-content\/uploads\/2021\/05\/2-800x495.jpg 800w, https:\/\/intelsynet.com\/wp-content\/uploads\/2021\/05\/2.jpg 1200w\" data-sizes=\"(min-width: 2200px) 100vw, (min-width: 784px) 363px, (min-width: 712px) 545px, (min-width: 640px) 712px,\" src=\"data:image\/svg+xml;base64,PHN2ZyB3aWR0aD0iMSIgaGVpZ2h0PSIxIiB4bWxucz0iaHR0cDovL3d3dy53My5vcmcvMjAwMC9zdmciPjwvc3ZnPg==\" style=\"--smush-placeholder-width: 1200px; --smush-placeholder-aspect-ratio: 1200\/742;\" \/><div class=\"fusion-rollover\">\n\t<div class=\"fusion-rollover-content\">\n\n\t\t\t\t\n\t\t\n\t\t\t\t\t\t\t\t\t\t\t\t<h4 class=\"fusion-rollover-title\">\n\t\t\t\t\t<a class=\"fusion-rollover-title-link\" href=\"https:\/\/intelsynet.com\/es\/nuevo-grupo-para-evaluar-la-efectividad-de-la-politica-de-finanzas-sostenibles\/\">\n\t\t\t\t\t\tNuevo grupo para evaluar la efectividad de la pol\u00edtica de finanzas sostenibles\t\t\t\t\t<\/a>\n\t\t\t\t<\/h4>\n\t\t\t\n\t\t\t\t\t\t\t\t\n\t\t\n\t\t\t\t\t\t<a class=\"fusion-link-wrapper\" href=\"https:\/\/intelsynet.com\/es\/nuevo-grupo-para-evaluar-la-efectividad-de-la-politica-de-finanzas-sostenibles\/\" aria-label=\"Nuevo grupo para evaluar la efectividad de la pol\u00edtica de finanzas sostenibles\"><\/a>\n\t<\/div>\n<\/div>\n<\/div>\n<\/li>\n\t\t\t\n\t\t\t\n\t\t\t\t\t\t\t\t<\/ul>\n\t<\/div>\n\t<div class=\"fusion-post-content-wrapper\" style=\"padding:30px 25px 20px 25px;\"><div class=\"fusion-post-content post-content\"><h2 class=\"blog-shortcode-post-title entry-title\"><a href=\"https:\/\/intelsynet.com\/es\/nuevo-grupo-para-evaluar-la-efectividad-de-la-politica-de-finanzas-sostenibles\/\">Nuevo grupo para evaluar la efectividad de la pol\u00edtica de finanzas sostenibles<\/a><\/h2><\/div><\/div><div class=\"fusion-clearfix\"><\/div><\/div>\n<\/article>\n<article id=\"blog-1-post-1961\" class=\"fusion-post-grid post-1961 post type-post status-publish format-standard has-post-thumbnail hentry category-nuestros-articulos\">\n<div class=\"fusion-post-wrapper\" style=\"background-color:rgba(255,255,255,0);border:1px solid #e8e8e8;border-bottom-width:3px;\">\n\n\t\t\t<div class=\"fusion-flexslider flexslider fusion-flexslider-loading fusion-post-slideshow\" style=\"border-color:#e8e8e8;\">\n\t\t<ul class=\"slides\">\n\t\t\t\n\t\t\t\t\t\t\t\t\t\t\t\t\t\t<li><div  class=\"fusion-image-wrapper\" aria-haspopup=\"true\">\n\t\t\t\t<img decoding=\"async\" width=\"1200\" height=\"741\" data-src=\"https:\/\/intelsynet.com\/wp-content\/uploads\/2021\/05\/1.jpg\" class=\"attachment-full size-full wp-post-image lazyload\" alt=\"W698 Blockchain\" data-srcset=\"https:\/\/intelsynet.com\/wp-content\/uploads\/2021\/05\/1-200x124.jpg 200w, https:\/\/intelsynet.com\/wp-content\/uploads\/2021\/05\/1-400x247.jpg 400w, https:\/\/intelsynet.com\/wp-content\/uploads\/2021\/05\/1-600x371.jpg 600w, https:\/\/intelsynet.com\/wp-content\/uploads\/2021\/05\/1-800x494.jpg 800w, https:\/\/intelsynet.com\/wp-content\/uploads\/2021\/05\/1.jpg 1200w\" data-sizes=\"(min-width: 2200px) 100vw, (min-width: 784px) 363px, (min-width: 712px) 545px, (min-width: 640px) 712px,\" src=\"data:image\/svg+xml;base64,PHN2ZyB3aWR0aD0iMSIgaGVpZ2h0PSIxIiB4bWxucz0iaHR0cDovL3d3dy53My5vcmcvMjAwMC9zdmciPjwvc3ZnPg==\" style=\"--smush-placeholder-width: 1200px; --smush-placeholder-aspect-ratio: 1200\/741;\" \/><div class=\"fusion-rollover\">\n\t<div class=\"fusion-rollover-content\">\n\n\t\t\t\t\n\t\t\n\t\t\t\t\t\t\t\t\t\t\t\t<h4 class=\"fusion-rollover-title\">\n\t\t\t\t\t<a class=\"fusion-rollover-title-link\" href=\"https:\/\/intelsynet.com\/es\/w698-blockchain-ey\/\">\n\t\t\t\t\t\tW698. Blockchain. EY\t\t\t\t\t<\/a>\n\t\t\t\t<\/h4>\n\t\t\t\n\t\t\t\t\t\t\t\t\n\t\t\n\t\t\t\t\t\t<a class=\"fusion-link-wrapper\" href=\"https:\/\/intelsynet.com\/es\/w698-blockchain-ey\/\" aria-label=\"W698. Blockchain. EY\"><\/a>\n\t<\/div>\n<\/div>\n<\/div>\n<\/li>\n\t\t\t\n\t\t\t\n\t\t\t\t\t\t\t\t<\/ul>\n\t<\/div>\n\t<div class=\"fusion-post-content-wrapper\" style=\"padding:30px 25px 20px 25px;\"><div class=\"fusion-post-content post-content\"><h2 class=\"blog-shortcode-post-title entry-title\"><a href=\"https:\/\/intelsynet.com\/es\/w698-blockchain-ey\/\">W698. Blockchain. EY<\/a><\/h2><\/div><\/div><div class=\"fusion-clearfix\"><\/div><\/div>\n<\/article>\n<article id=\"blog-1-post-1928\" class=\"fusion-post-grid post-1928 post type-post status-publish format-standard has-post-thumbnail hentry category-nuestros-articulos\">\n<div class=\"fusion-post-wrapper\" style=\"background-color:rgba(255,255,255,0);border:1px solid #e8e8e8;border-bottom-width:3px;\">\n\n\t\t\t<div class=\"fusion-flexslider flexslider fusion-flexslider-loading fusion-post-slideshow\" style=\"border-color:#e8e8e8;\">\n\t\t<ul class=\"slides\">\n\t\t\t\n\t\t\t\t\t\t\t\t\t\t\t\t\t\t<li><div  class=\"fusion-image-wrapper\" aria-haspopup=\"true\">\n\t\t\t\t<img decoding=\"async\" width=\"1200\" height=\"742\" data-src=\"https:\/\/intelsynet.com\/wp-content\/uploads\/2021\/05\/UPF-Barcelona-School-of-Management.jpg\" class=\"attachment-full size-full wp-post-image lazyload\" alt=\"UPF Barcelona School of Management\" data-srcset=\"https:\/\/intelsynet.com\/wp-content\/uploads\/2021\/05\/UPF-Barcelona-School-of-Management-200x124.jpg 200w, https:\/\/intelsynet.com\/wp-content\/uploads\/2021\/05\/UPF-Barcelona-School-of-Management-400x247.jpg 400w, https:\/\/intelsynet.com\/wp-content\/uploads\/2021\/05\/UPF-Barcelona-School-of-Management-600x371.jpg 600w, https:\/\/intelsynet.com\/wp-content\/uploads\/2021\/05\/UPF-Barcelona-School-of-Management-800x495.jpg 800w, https:\/\/intelsynet.com\/wp-content\/uploads\/2021\/05\/UPF-Barcelona-School-of-Management.jpg 1200w\" data-sizes=\"(min-width: 2200px) 100vw, (min-width: 784px) 363px, (min-width: 712px) 545px, (min-width: 640px) 712px,\" src=\"data:image\/svg+xml;base64,PHN2ZyB3aWR0aD0iMSIgaGVpZ2h0PSIxIiB4bWxucz0iaHR0cDovL3d3dy53My5vcmcvMjAwMC9zdmciPjwvc3ZnPg==\" style=\"--smush-placeholder-width: 1200px; --smush-placeholder-aspect-ratio: 1200\/742;\" \/><div class=\"fusion-rollover\">\n\t<div class=\"fusion-rollover-content\">\n\n\t\t\t\t\n\t\t\n\t\t\t\t\t\t\t\t\t\t\t\t<h4 class=\"fusion-rollover-title\">\n\t\t\t\t\t<a class=\"fusion-rollover-title-link\" href=\"https:\/\/intelsynet.com\/es\/la-upf-y-triodos-bank-lanzan-la-catedra-en-finanzas-sostenibles\/\">\n\t\t\t\t\t\tLa UPF y Triodos Bank lanzan la C\u00e1tedra en Finanzas Sostenibles.\t\t\t\t\t<\/a>\n\t\t\t\t<\/h4>\n\t\t\t\n\t\t\t\t\t\t\t\t\n\t\t\n\t\t\t\t\t\t<a class=\"fusion-link-wrapper\" href=\"https:\/\/intelsynet.com\/es\/la-upf-y-triodos-bank-lanzan-la-catedra-en-finanzas-sostenibles\/\" aria-label=\"La UPF y Triodos Bank lanzan la C\u00e1tedra en Finanzas Sostenibles.\"><\/a>\n\t<\/div>\n<\/div>\n<\/div>\n<\/li>\n\t\t\t\n\t\t\t\n\t\t\t\t\t\t\t\t<\/ul>\n\t<\/div>\n\t<div class=\"fusion-post-content-wrapper\" style=\"padding:30px 25px 20px 25px;\"><div class=\"fusion-post-content post-content\"><h2 class=\"blog-shortcode-post-title entry-title\"><a href=\"https:\/\/intelsynet.com\/es\/la-upf-y-triodos-bank-lanzan-la-catedra-en-finanzas-sostenibles\/\">La UPF y Triodos Bank lanzan la C\u00e1tedra en Finanzas Sostenibles.<\/a><\/h2><\/div><\/div><div class=\"fusion-clearfix\"><\/div><\/div>\n<\/article>\n<article id=\"blog-1-post-1927\" class=\"fusion-post-grid post-1927 post type-post status-publish format-standard has-post-thumbnail hentry category-nuestros-articulos\">\n<div class=\"fusion-post-wrapper\" style=\"background-color:rgba(255,255,255,0);border:1px solid #e8e8e8;border-bottom-width:3px;\">\n\n\t\t\t<div class=\"fusion-flexslider flexslider fusion-flexslider-loading fusion-post-slideshow\" style=\"border-color:#e8e8e8;\">\n\t\t<ul class=\"slides\">\n\t\t\t\n\t\t\t\t\t\t\t\t\t\t\t\t\t\t<li><div  class=\"fusion-image-wrapper\" aria-haspopup=\"true\">\n\t\t\t\t<img decoding=\"async\" width=\"1200\" height=\"743\" data-src=\"https:\/\/intelsynet.com\/wp-content\/uploads\/2021\/05\/Treecoin.png\" class=\"attachment-full size-full wp-post-image lazyload\" alt=\"Treecoin\" data-srcset=\"https:\/\/intelsynet.com\/wp-content\/uploads\/2021\/05\/Treecoin-200x124.png 200w, https:\/\/intelsynet.com\/wp-content\/uploads\/2021\/05\/Treecoin-400x248.png 400w, https:\/\/intelsynet.com\/wp-content\/uploads\/2021\/05\/Treecoin-600x372.png 600w, https:\/\/intelsynet.com\/wp-content\/uploads\/2021\/05\/Treecoin-800x495.png 800w, https:\/\/intelsynet.com\/wp-content\/uploads\/2021\/05\/Treecoin.png 1200w\" data-sizes=\"(min-width: 2200px) 100vw, (min-width: 784px) 363px, (min-width: 712px) 545px, (min-width: 640px) 712px,\" src=\"data:image\/svg+xml;base64,PHN2ZyB3aWR0aD0iMSIgaGVpZ2h0PSIxIiB4bWxucz0iaHR0cDovL3d3dy53My5vcmcvMjAwMC9zdmciPjwvc3ZnPg==\" style=\"--smush-placeholder-width: 1200px; --smush-placeholder-aspect-ratio: 1200\/743;\" \/><div class=\"fusion-rollover\">\n\t<div class=\"fusion-rollover-content\">\n\n\t\t\t\t\n\t\t\n\t\t\t\t\t\t\t\t\t\t\t\t<h4 class=\"fusion-rollover-title\">\n\t\t\t\t\t<a class=\"fusion-rollover-title-link\" href=\"https:\/\/intelsynet.com\/es\/colombianos-crean-la-primera-moneda-digital-sostenible\/\">\n\t\t\t\t\t\tColombianos crean la primera moneda digital sostenible\t\t\t\t\t<\/a>\n\t\t\t\t<\/h4>\n\t\t\t\n\t\t\t\t\t\t\t\t\n\t\t\n\t\t\t\t\t\t<a class=\"fusion-link-wrapper\" href=\"https:\/\/intelsynet.com\/es\/colombianos-crean-la-primera-moneda-digital-sostenible\/\" aria-label=\"Colombianos crean la primera moneda digital sostenible\"><\/a>\n\t<\/div>\n<\/div>\n<\/div>\n<\/li>\n\t\t\t\n\t\t\t\n\t\t\t\t\t\t\t\t<\/ul>\n\t<\/div>\n\t<div class=\"fusion-post-content-wrapper\" style=\"padding:30px 25px 20px 25px;\"><div class=\"fusion-post-content post-content\"><h2 class=\"blog-shortcode-post-title entry-title\"><a href=\"https:\/\/intelsynet.com\/es\/colombianos-crean-la-primera-moneda-digital-sostenible\/\">Colombianos crean la primera moneda digital sostenible<\/a><\/h2><\/div><\/div><div class=\"fusion-clearfix\"><\/div><\/div>\n<\/article>\n<article id=\"blog-1-post-1926\" class=\"fusion-post-grid post-1926 post type-post status-publish format-standard has-post-thumbnail hentry category-nuestros-articulos\">\n<div class=\"fusion-post-wrapper\" style=\"background-color:rgba(255,255,255,0);border:1px solid #e8e8e8;border-bottom-width:3px;\">\n\n\t\t\t<div class=\"fusion-flexslider flexslider fusion-flexslider-loading fusion-post-slideshow\" style=\"border-color:#e8e8e8;\">\n\t\t<ul class=\"slides\">\n\t\t\t\n\t\t\t\t\t\t\t\t\t\t\t\t\t\t<li><div  class=\"fusion-image-wrapper\" aria-haspopup=\"true\">\n\t\t\t\t<img decoding=\"async\" width=\"1200\" height=\"742\" data-src=\"https:\/\/intelsynet.com\/wp-content\/uploads\/2021\/05\/Mapfre.jpg\" class=\"attachment-full size-full wp-post-image lazyload\" alt=\"Mapfre\" data-srcset=\"https:\/\/intelsynet.com\/wp-content\/uploads\/2021\/05\/Mapfre-200x124.jpg 200w, https:\/\/intelsynet.com\/wp-content\/uploads\/2021\/05\/Mapfre-400x247.jpg 400w, https:\/\/intelsynet.com\/wp-content\/uploads\/2021\/05\/Mapfre-600x371.jpg 600w, https:\/\/intelsynet.com\/wp-content\/uploads\/2021\/05\/Mapfre-800x495.jpg 800w, https:\/\/intelsynet.com\/wp-content\/uploads\/2021\/05\/Mapfre.jpg 1200w\" data-sizes=\"(min-width: 2200px) 100vw, (min-width: 784px) 363px, (min-width: 712px) 545px, (min-width: 640px) 712px,\" src=\"data:image\/svg+xml;base64,PHN2ZyB3aWR0aD0iMSIgaGVpZ2h0PSIxIiB4bWxucz0iaHR0cDovL3d3dy53My5vcmcvMjAwMC9zdmciPjwvc3ZnPg==\" style=\"--smush-placeholder-width: 1200px; --smush-placeholder-aspect-ratio: 1200\/742;\" \/><div class=\"fusion-rollover\">\n\t<div class=\"fusion-rollover-content\">\n\n\t\t\t\t\n\t\t\n\t\t\t\t\t\t\t\t\t\t\t\t<h4 class=\"fusion-rollover-title\">\n\t\t\t\t\t<a class=\"fusion-rollover-title-link\" href=\"https:\/\/intelsynet.com\/es\/mapfre-formara-a-sus-empleados-en-finanzas-sostenibles\/\">\n\t\t\t\t\t\tMapfre formar\u00e1 a sus empleados en finanzas sostenibles\t\t\t\t\t<\/a>\n\t\t\t\t<\/h4>\n\t\t\t\n\t\t\t\t\t\t\t\t\n\t\t\n\t\t\t\t\t\t<a class=\"fusion-link-wrapper\" href=\"https:\/\/intelsynet.com\/es\/mapfre-formara-a-sus-empleados-en-finanzas-sostenibles\/\" aria-label=\"Mapfre formar\u00e1 a sus empleados en finanzas sostenibles\"><\/a>\n\t<\/div>\n<\/div>\n<\/div>\n<\/li>\n\t\t\t\n\t\t\t\n\t\t\t\t\t\t\t\t<\/ul>\n\t<\/div>\n\t<div class=\"fusion-post-content-wrapper\" style=\"padding:30px 25px 20px 25px;\"><div class=\"fusion-post-content post-content\"><h2 class=\"blog-shortcode-post-title entry-title\"><a href=\"https:\/\/intelsynet.com\/es\/mapfre-formara-a-sus-empleados-en-finanzas-sostenibles\/\">Mapfre formar\u00e1 a sus empleados en finanzas sostenibles<\/a><\/h2><\/div><\/div><div class=\"fusion-clearfix\"><\/div><\/div>\n<\/article>\n<article id=\"blog-1-post-1925\" class=\"fusion-post-grid post-1925 post type-post status-publish format-standard has-post-thumbnail hentry category-nuestros-articulos\">\n<div class=\"fusion-post-wrapper\" style=\"background-color:rgba(255,255,255,0);border:1px solid #e8e8e8;border-bottom-width:3px;\">\n\n\t\t\t<div class=\"fusion-flexslider flexslider fusion-flexslider-loading fusion-post-slideshow\" style=\"border-color:#e8e8e8;\">\n\t\t<ul class=\"slides\">\n\t\t\t\n\t\t\t\t\t\t\t\t\t\t\t\t\t\t<li><div  class=\"fusion-image-wrapper\" aria-haspopup=\"true\">\n\t\t\t\t<img decoding=\"async\" width=\"1200\" height=\"742\" data-src=\"https:\/\/intelsynet.com\/wp-content\/uploads\/2021\/05\/Endesa-e-Izertis.jpg\" class=\"attachment-full size-full wp-post-image lazyload\" alt=\"Endesa e Izertis\" data-srcset=\"https:\/\/intelsynet.com\/wp-content\/uploads\/2021\/05\/Endesa-e-Izertis-200x124.jpg 200w, https:\/\/intelsynet.com\/wp-content\/uploads\/2021\/05\/Endesa-e-Izertis-400x247.jpg 400w, https:\/\/intelsynet.com\/wp-content\/uploads\/2021\/05\/Endesa-e-Izertis-600x371.jpg 600w, https:\/\/intelsynet.com\/wp-content\/uploads\/2021\/05\/Endesa-e-Izertis-800x495.jpg 800w, https:\/\/intelsynet.com\/wp-content\/uploads\/2021\/05\/Endesa-e-Izertis.jpg 1200w\" data-sizes=\"(min-width: 2200px) 100vw, (min-width: 784px) 363px, (min-width: 712px) 545px, (min-width: 640px) 712px,\" src=\"data:image\/svg+xml;base64,PHN2ZyB3aWR0aD0iMSIgaGVpZ2h0PSIxIiB4bWxucz0iaHR0cDovL3d3dy53My5vcmcvMjAwMC9zdmciPjwvc3ZnPg==\" style=\"--smush-placeholder-width: 1200px; --smush-placeholder-aspect-ratio: 1200\/742;\" \/><div class=\"fusion-rollover\">\n\t<div class=\"fusion-rollover-content\">\n\n\t\t\t\t\n\t\t\n\t\t\t\t\t\t\t\t\t\t\t\t<h4 class=\"fusion-rollover-title\">\n\t\t\t\t\t<a class=\"fusion-rollover-title-link\" href=\"https:\/\/intelsynet.com\/es\/endesa-e-izertis-lanzan-el-proyecto-confia\/\">\n\t\t\t\t\t\tEndesa e Izertis lanzan el proyecto CONFIA\t\t\t\t\t<\/a>\n\t\t\t\t<\/h4>\n\t\t\t\n\t\t\t\t\t\t\t\t\n\t\t\n\t\t\t\t\t\t<a class=\"fusion-link-wrapper\" href=\"https:\/\/intelsynet.com\/es\/endesa-e-izertis-lanzan-el-proyecto-confia\/\" aria-label=\"Endesa e Izertis lanzan el proyecto CONFIA\"><\/a>\n\t<\/div>\n<\/div>\n<\/div>\n<\/li>\n\t\t\t\n\t\t\t\n\t\t\t\t\t\t\t\t<\/ul>\n\t<\/div>\n\t<div class=\"fusion-post-content-wrapper\" style=\"padding:30px 25px 20px 25px;\"><div class=\"fusion-post-content post-content\"><h2 class=\"blog-shortcode-post-title entry-title\"><a href=\"https:\/\/intelsynet.com\/es\/endesa-e-izertis-lanzan-el-proyecto-confia\/\">Endesa e Izertis lanzan el proyecto CONFIA<\/a><\/h2><\/div><\/div><div class=\"fusion-clearfix\"><\/div><\/div>\n<\/article>\n<article id=\"blog-1-post-1924\" class=\"fusion-post-grid post-1924 post type-post status-publish format-standard has-post-thumbnail hentry category-nuestros-articulos\">\n<div class=\"fusion-post-wrapper\" style=\"background-color:rgba(255,255,255,0);border:1px solid #e8e8e8;border-bottom-width:3px;\">\n\n\t\t\t<div class=\"fusion-flexslider flexslider fusion-flexslider-loading fusion-post-slideshow\" style=\"border-color:#e8e8e8;\">\n\t\t<ul class=\"slides\">\n\t\t\t\n\t\t\t\t\t\t\t\t\t\t\t\t\t\t<li><div  class=\"fusion-image-wrapper\" aria-haspopup=\"true\">\n\t\t\t\t<img decoding=\"async\" width=\"1200\" height=\"742\" data-src=\"https:\/\/intelsynet.com\/wp-content\/uploads\/2021\/05\/Goldman-Sachs.jpg\" class=\"attachment-full size-full wp-post-image lazyload\" alt=\"Goldman Sachs\" data-srcset=\"https:\/\/intelsynet.com\/wp-content\/uploads\/2021\/05\/Goldman-Sachs-200x124.jpg 200w, https:\/\/intelsynet.com\/wp-content\/uploads\/2021\/05\/Goldman-Sachs-400x247.jpg 400w, https:\/\/intelsynet.com\/wp-content\/uploads\/2021\/05\/Goldman-Sachs-600x371.jpg 600w, https:\/\/intelsynet.com\/wp-content\/uploads\/2021\/05\/Goldman-Sachs-800x495.jpg 800w, https:\/\/intelsynet.com\/wp-content\/uploads\/2021\/05\/Goldman-Sachs.jpg 1200w\" data-sizes=\"(min-width: 2200px) 100vw, (min-width: 784px) 363px, (min-width: 712px) 545px, (min-width: 640px) 712px,\" src=\"data:image\/svg+xml;base64,PHN2ZyB3aWR0aD0iMSIgaGVpZ2h0PSIxIiB4bWxucz0iaHR0cDovL3d3dy53My5vcmcvMjAwMC9zdmciPjwvc3ZnPg==\" style=\"--smush-placeholder-width: 1200px; --smush-placeholder-aspect-ratio: 1200\/742;\" \/><div class=\"fusion-rollover\">\n\t<div class=\"fusion-rollover-content\">\n\n\t\t\t\t\n\t\t\n\t\t\t\t\t\t\t\t\t\t\t\t<h4 class=\"fusion-rollover-title\">\n\t\t\t\t\t<a class=\"fusion-rollover-title-link\" href=\"https:\/\/intelsynet.com\/es\/goldman-sachs-lanza-un-servicio-de-trading-de-criptomonedas\/\">\n\t\t\t\t\t\tGoldman Sachs lanza un servicio de trading de criptomonedas\t\t\t\t\t<\/a>\n\t\t\t\t<\/h4>\n\t\t\t\n\t\t\t\t\t\t\t\t\n\t\t\n\t\t\t\t\t\t<a class=\"fusion-link-wrapper\" href=\"https:\/\/intelsynet.com\/es\/goldman-sachs-lanza-un-servicio-de-trading-de-criptomonedas\/\" aria-label=\"Goldman Sachs lanza un servicio de trading de criptomonedas\"><\/a>\n\t<\/div>\n<\/div>\n<\/div>\n<\/li>\n\t\t\t\n\t\t\t\n\t\t\t\t\t\t\t\t<\/ul>\n\t<\/div>\n\t<div class=\"fusion-post-content-wrapper\" style=\"padding:30px 25px 20px 25px;\"><div class=\"fusion-post-content post-content\"><h2 class=\"blog-shortcode-post-title entry-title\"><a href=\"https:\/\/intelsynet.com\/es\/goldman-sachs-lanza-un-servicio-de-trading-de-criptomonedas\/\">Goldman Sachs lanza un servicio de trading de criptomonedas<\/a><\/h2><\/div><\/div><div class=\"fusion-clearfix\"><\/div><\/div>\n<\/article>\n<article id=\"blog-1-post-1923\" class=\"fusion-post-grid post-1923 post type-post status-publish format-standard has-post-thumbnail hentry category-nuestros-articulos\">\n<div class=\"fusion-post-wrapper\" style=\"background-color:rgba(255,255,255,0);border:1px solid #e8e8e8;border-bottom-width:3px;\">\n\n\t\t\t<div class=\"fusion-flexslider flexslider fusion-flexslider-loading fusion-post-slideshow\" style=\"border-color:#e8e8e8;\">\n\t\t<ul class=\"slides\">\n\t\t\t\n\t\t\t\t\t\t\t\t\t\t\t\t\t\t<li><div  class=\"fusion-image-wrapper\" aria-haspopup=\"true\">\n\t\t\t\t<img decoding=\"async\" width=\"1200\" height=\"742\" data-src=\"https:\/\/intelsynet.com\/wp-content\/uploads\/2021\/05\/Citigroup.jpg\" class=\"attachment-full size-full wp-post-image lazyload\" alt=\"Citigroup\" data-srcset=\"https:\/\/intelsynet.com\/wp-content\/uploads\/2021\/05\/Citigroup-200x124.jpg 200w, https:\/\/intelsynet.com\/wp-content\/uploads\/2021\/05\/Citigroup-400x247.jpg 400w, https:\/\/intelsynet.com\/wp-content\/uploads\/2021\/05\/Citigroup-600x371.jpg 600w, https:\/\/intelsynet.com\/wp-content\/uploads\/2021\/05\/Citigroup-800x495.jpg 800w, https:\/\/intelsynet.com\/wp-content\/uploads\/2021\/05\/Citigroup.jpg 1200w\" data-sizes=\"(min-width: 2200px) 100vw, (min-width: 784px) 363px, (min-width: 712px) 545px, (min-width: 640px) 712px,\" src=\"data:image\/svg+xml;base64,PHN2ZyB3aWR0aD0iMSIgaGVpZ2h0PSIxIiB4bWxucz0iaHR0cDovL3d3dy53My5vcmcvMjAwMC9zdmciPjwvc3ZnPg==\" style=\"--smush-placeholder-width: 1200px; --smush-placeholder-aspect-ratio: 1200\/742;\" \/><div class=\"fusion-rollover\">\n\t<div class=\"fusion-rollover-content\">\n\n\t\t\t\t\n\t\t\n\t\t\t\t\t\t\t\t\t\t\t\t<h4 class=\"fusion-rollover-title\">\n\t\t\t\t\t<a class=\"fusion-rollover-title-link\" href=\"https:\/\/intelsynet.com\/es\/citigroup-considera-lanzar-servicios-relacionados-con-criptomonedas\/\">\n\t\t\t\t\t\tCitigroup considera lanzar servicios relacionados con criptomonedas\t\t\t\t\t<\/a>\n\t\t\t\t<\/h4>\n\t\t\t\n\t\t\t\t\t\t\t\t\n\t\t\n\t\t\t\t\t\t<a class=\"fusion-link-wrapper\" href=\"https:\/\/intelsynet.com\/es\/citigroup-considera-lanzar-servicios-relacionados-con-criptomonedas\/\" aria-label=\"Citigroup considera lanzar servicios relacionados con criptomonedas\"><\/a>\n\t<\/div>\n<\/div>\n<\/div>\n<\/li>\n\t\t\t\n\t\t\t\n\t\t\t\t\t\t\t\t<\/ul>\n\t<\/div>\n\t<div class=\"fusion-post-content-wrapper\" style=\"padding:30px 25px 20px 25px;\"><div class=\"fusion-post-content post-content\"><h2 class=\"blog-shortcode-post-title entry-title\"><a href=\"https:\/\/intelsynet.com\/es\/citigroup-considera-lanzar-servicios-relacionados-con-criptomonedas\/\">Citigroup considera lanzar servicios relacionados con criptomonedas<\/a><\/h2><\/div><\/div><div class=\"fusion-clearfix\"><\/div><\/div>\n<\/article>\n<article id=\"blog-1-post-1929\" class=\"fusion-post-grid post-1929 post type-post status-publish format-standard has-post-thumbnail hentry category-nuestros-articulos\">\n<div class=\"fusion-post-wrapper\" style=\"background-color:rgba(255,255,255,0);border:1px solid #e8e8e8;border-bottom-width:3px;\">\n\n\t\t\t<div class=\"fusion-flexslider flexslider fusion-flexslider-loading fusion-post-slideshow\" style=\"border-color:#e8e8e8;\">\n\t\t<ul class=\"slides\">\n\t\t\t\n\t\t\t\t\t\t\t\t\t\t\t\t\t\t<li><div  class=\"fusion-image-wrapper\" aria-haspopup=\"true\">\n\t\t\t\t<img decoding=\"async\" width=\"1200\" height=\"742\" data-src=\"https:\/\/intelsynet.com\/wp-content\/uploads\/2021\/05\/Banco-Central-de-Inglaterra.jpg\" class=\"attachment-full size-full wp-post-image lazyload\" alt=\"Banco Central de Inglaterra\" data-srcset=\"https:\/\/intelsynet.com\/wp-content\/uploads\/2021\/05\/Banco-Central-de-Inglaterra-200x124.jpg 200w, https:\/\/intelsynet.com\/wp-content\/uploads\/2021\/05\/Banco-Central-de-Inglaterra-400x247.jpg 400w, https:\/\/intelsynet.com\/wp-content\/uploads\/2021\/05\/Banco-Central-de-Inglaterra-600x371.jpg 600w, https:\/\/intelsynet.com\/wp-content\/uploads\/2021\/05\/Banco-Central-de-Inglaterra-800x495.jpg 800w, https:\/\/intelsynet.com\/wp-content\/uploads\/2021\/05\/Banco-Central-de-Inglaterra.jpg 1200w\" data-sizes=\"(min-width: 2200px) 100vw, (min-width: 784px) 363px, (min-width: 712px) 545px, (min-width: 640px) 712px,\" src=\"data:image\/svg+xml;base64,PHN2ZyB3aWR0aD0iMSIgaGVpZ2h0PSIxIiB4bWxucz0iaHR0cDovL3d3dy53My5vcmcvMjAwMC9zdmciPjwvc3ZnPg==\" style=\"--smush-placeholder-width: 1200px; --smush-placeholder-aspect-ratio: 1200\/742;\" \/><div class=\"fusion-rollover\">\n\t<div class=\"fusion-rollover-content\">\n\n\t\t\t\t\n\t\t\n\t\t\t\t\t\t\t\t\t\t\t\t<h4 class=\"fusion-rollover-title\">\n\t\t\t\t\t<a class=\"fusion-rollover-title-link\" href=\"https:\/\/intelsynet.com\/es\/el-banco-central-de-inglaterra-advierte-a-los-criptoinversores\/\">\n\t\t\t\t\t\tEl Banco Central de Inglaterra advierte a los criptoinversores\t\t\t\t\t<\/a>\n\t\t\t\t<\/h4>\n\t\t\t\n\t\t\t\t\t\t\t\t\n\t\t\n\t\t\t\t\t\t<a class=\"fusion-link-wrapper\" href=\"https:\/\/intelsynet.com\/es\/el-banco-central-de-inglaterra-advierte-a-los-criptoinversores\/\" aria-label=\"El Banco Central de Inglaterra advierte a los criptoinversores\"><\/a>\n\t<\/div>\n<\/div>\n<\/div>\n<\/li>\n\t\t\t\n\t\t\t\n\t\t\t\t\t\t\t\t<\/ul>\n\t<\/div>\n\t<div class=\"fusion-post-content-wrapper\" style=\"padding:30px 25px 20px 25px;\"><div class=\"fusion-post-content post-content\"><h2 class=\"blog-shortcode-post-title entry-title\"><a href=\"https:\/\/intelsynet.com\/es\/el-banco-central-de-inglaterra-advierte-a-los-criptoinversores\/\">El Banco Central de Inglaterra advierte a los criptoinversores<\/a><\/h2><\/div><\/div><div class=\"fusion-clearfix\"><\/div><\/div>\n<\/article>\n<article id=\"blog-1-post-1905\" class=\"fusion-post-grid post-1905 post type-post status-publish format-standard has-post-thumbnail hentry category-nuestros-articulos\">\n<div class=\"fusion-post-wrapper\" style=\"background-color:rgba(255,255,255,0);border:1px solid #e8e8e8;border-bottom-width:3px;\">\n\n\t\t\t<div class=\"fusion-flexslider flexslider fusion-flexslider-loading fusion-post-slideshow\" style=\"border-color:#e8e8e8;\">\n\t\t<ul class=\"slides\">\n\t\t\t\n\t\t\t\t\t\t\t\t\t\t\t\t\t\t<li><div  class=\"fusion-image-wrapper\" aria-haspopup=\"true\">\n\t\t\t\t<img decoding=\"async\" width=\"1200\" height=\"742\" data-src=\"https:\/\/intelsynet.com\/wp-content\/uploads\/2021\/05\/google.jpeg\" class=\"attachment-full size-full wp-post-image lazyload\" alt=\"google en neutral carbono\" data-srcset=\"https:\/\/intelsynet.com\/wp-content\/uploads\/2021\/05\/google-200x124.jpeg 200w, https:\/\/intelsynet.com\/wp-content\/uploads\/2021\/05\/google-400x247.jpeg 400w, https:\/\/intelsynet.com\/wp-content\/uploads\/2021\/05\/google-600x371.jpeg 600w, https:\/\/intelsynet.com\/wp-content\/uploads\/2021\/05\/google-800x495.jpeg 800w, https:\/\/intelsynet.com\/wp-content\/uploads\/2021\/05\/google.jpeg 1200w\" data-sizes=\"(min-width: 2200px) 100vw, (min-width: 784px) 363px, (min-width: 712px) 545px, (min-width: 640px) 712px,\" src=\"data:image\/svg+xml;base64,PHN2ZyB3aWR0aD0iMSIgaGVpZ2h0PSIxIiB4bWxucz0iaHR0cDovL3d3dy53My5vcmcvMjAwMC9zdmciPjwvc3ZnPg==\" style=\"--smush-placeholder-width: 1200px; --smush-placeholder-aspect-ratio: 1200\/742;\" \/><div class=\"fusion-rollover\">\n\t<div class=\"fusion-rollover-content\">\n\n\t\t\t\t\n\t\t\n\t\t\t\t\t\t\t\t\t\t\t\t<h4 class=\"fusion-rollover-title\">\n\t\t\t\t\t<a class=\"fusion-rollover-title-link\" href=\"https:\/\/intelsynet.com\/es\/google-en-neutral-carbono\/\">\n\t\t\t\t\t\tGoogle avanza en su objetivo de ser neutral en carbono para 2030\t\t\t\t\t<\/a>\n\t\t\t\t<\/h4>\n\t\t\t\n\t\t\t\t\t\t\t\t\n\t\t\n\t\t\t\t\t\t<a class=\"fusion-link-wrapper\" href=\"https:\/\/intelsynet.com\/es\/google-en-neutral-carbono\/\" aria-label=\"Google avanza en su objetivo de ser neutral en carbono para 2030\"><\/a>\n\t<\/div>\n<\/div>\n<\/div>\n<\/li>\n\t\t\t\n\t\t\t\n\t\t\t\t\t\t\t\t<\/ul>\n\t<\/div>\n\t<div class=\"fusion-post-content-wrapper\" style=\"padding:30px 25px 20px 25px;\"><div class=\"fusion-post-content post-content\"><h2 class=\"blog-shortcode-post-title entry-title\"><a href=\"https:\/\/intelsynet.com\/es\/google-en-neutral-carbono\/\">Google avanza en su objetivo de ser neutral en carbono para 2030<\/a><\/h2><\/div><\/div><div class=\"fusion-clearfix\"><\/div><\/div>\n<\/article>\n<article id=\"blog-1-post-1906\" class=\"fusion-post-grid post-1906 post type-post status-publish format-standard has-post-thumbnail hentry category-nuestros-articulos\">\n<div class=\"fusion-post-wrapper\" style=\"background-color:rgba(255,255,255,0);border:1px solid #e8e8e8;border-bottom-width:3px;\">\n\n\t\t\t<div class=\"fusion-flexslider flexslider fusion-flexslider-loading fusion-post-slideshow\" style=\"border-color:#e8e8e8;\">\n\t\t<ul class=\"slides\">\n\t\t\t\n\t\t\t\t\t\t\t\t\t\t\t\t\t\t<li><div  class=\"fusion-image-wrapper\" aria-haspopup=\"true\">\n\t\t\t\t<img decoding=\"async\" width=\"1200\" height=\"743\" data-src=\"https:\/\/intelsynet.com\/wp-content\/uploads\/2021\/05\/dioxido-de-carbono.jpg\" class=\"attachment-full size-full wp-post-image lazyload\" alt=\"dioxido de carbono\" data-srcset=\"https:\/\/intelsynet.com\/wp-content\/uploads\/2021\/05\/dioxido-de-carbono-200x124.jpg 200w, https:\/\/intelsynet.com\/wp-content\/uploads\/2021\/05\/dioxido-de-carbono-400x248.jpg 400w, https:\/\/intelsynet.com\/wp-content\/uploads\/2021\/05\/dioxido-de-carbono-600x372.jpg 600w, https:\/\/intelsynet.com\/wp-content\/uploads\/2021\/05\/dioxido-de-carbono-800x495.jpg 800w, https:\/\/intelsynet.com\/wp-content\/uploads\/2021\/05\/dioxido-de-carbono.jpg 1200w\" data-sizes=\"(min-width: 2200px) 100vw, (min-width: 784px) 363px, (min-width: 712px) 545px, (min-width: 640px) 712px,\" src=\"data:image\/svg+xml;base64,PHN2ZyB3aWR0aD0iMSIgaGVpZ2h0PSIxIiB4bWxucz0iaHR0cDovL3d3dy53My5vcmcvMjAwMC9zdmciPjwvc3ZnPg==\" style=\"--smush-placeholder-width: 1200px; --smush-placeholder-aspect-ratio: 1200\/743;\" \/><div class=\"fusion-rollover\">\n\t<div class=\"fusion-rollover-content\">\n\n\t\t\t\t\n\t\t\n\t\t\t\t\t\t\t\t\t\t\t\t<h4 class=\"fusion-rollover-title\">\n\t\t\t\t\t<a class=\"fusion-rollover-title-link\" href=\"https:\/\/intelsynet.com\/es\/dioxido-de-carbono\/\">\n\t\t\t\t\t\tEl gobierno alem\u00e1n propone una herramienta de financiaci\u00f3n ecol\u00f3gica para ayudar a la industria a reducir el CO2\t\t\t\t\t<\/a>\n\t\t\t\t<\/h4>\n\t\t\t\n\t\t\t\t\t\t\t\t\n\t\t\n\t\t\t\t\t\t<a class=\"fusion-link-wrapper\" href=\"https:\/\/intelsynet.com\/es\/dioxido-de-carbono\/\" aria-label=\"El gobierno alem\u00e1n propone una herramienta de financiaci\u00f3n ecol\u00f3gica para ayudar a la industria a reducir el CO2\"><\/a>\n\t<\/div>\n<\/div>\n<\/div>\n<\/li>\n\t\t\t\n\t\t\t\n\t\t\t\t\t\t\t\t<\/ul>\n\t<\/div>\n\t<div class=\"fusion-post-content-wrapper\" style=\"padding:30px 25px 20px 25px;\"><div class=\"fusion-post-content post-content\"><h2 class=\"blog-shortcode-post-title entry-title\"><a href=\"https:\/\/intelsynet.com\/es\/dioxido-de-carbono\/\">El gobierno alem\u00e1n propone una herramienta de financiaci\u00f3n ecol\u00f3gica para ayudar a la industria a reducir el CO2<\/a><\/h2><\/div><\/div><div class=\"fusion-clearfix\"><\/div><\/div>\n<\/article>\n<article id=\"blog-1-post-1907\" class=\"fusion-post-grid post-1907 post type-post status-publish format-standard has-post-thumbnail hentry category-nuestros-articulos\">\n<div class=\"fusion-post-wrapper\" style=\"background-color:rgba(255,255,255,0);border:1px solid #e8e8e8;border-bottom-width:3px;\">\n\n\t\t\t<div class=\"fusion-flexslider flexslider fusion-flexslider-loading fusion-post-slideshow\" style=\"border-color:#e8e8e8;\">\n\t\t<ul class=\"slides\">\n\t\t\t\n\t\t\t\t\t\t\t\t\t\t\t\t\t\t<li><div  class=\"fusion-image-wrapper\" aria-haspopup=\"true\">\n\t\t\t\t<img decoding=\"async\" width=\"1200\" height=\"742\" data-src=\"https:\/\/intelsynet.com\/wp-content\/uploads\/2021\/05\/Georgia-Digital-Gel.jpeg\" class=\"attachment-full size-full wp-post-image lazyload\" alt=\"Georgia Digital Gel\" data-srcset=\"https:\/\/intelsynet.com\/wp-content\/uploads\/2021\/05\/Georgia-Digital-Gel-200x124.jpeg 200w, https:\/\/intelsynet.com\/wp-content\/uploads\/2021\/05\/Georgia-Digital-Gel-400x247.jpeg 400w, https:\/\/intelsynet.com\/wp-content\/uploads\/2021\/05\/Georgia-Digital-Gel-600x371.jpeg 600w, https:\/\/intelsynet.com\/wp-content\/uploads\/2021\/05\/Georgia-Digital-Gel-800x495.jpeg 800w, https:\/\/intelsynet.com\/wp-content\/uploads\/2021\/05\/Georgia-Digital-Gel.jpeg 1200w\" data-sizes=\"(min-width: 2200px) 100vw, (min-width: 784px) 363px, (min-width: 712px) 545px, (min-width: 640px) 712px,\" src=\"data:image\/svg+xml;base64,PHN2ZyB3aWR0aD0iMSIgaGVpZ2h0PSIxIiB4bWxucz0iaHR0cDovL3d3dy53My5vcmcvMjAwMC9zdmciPjwvc3ZnPg==\" style=\"--smush-placeholder-width: 1200px; --smush-placeholder-aspect-ratio: 1200\/742;\" \/><div class=\"fusion-rollover\">\n\t<div class=\"fusion-rollover-content\">\n\n\t\t\t\t\n\t\t\n\t\t\t\t\t\t\t\t\t\t\t\t<h4 class=\"fusion-rollover-title\">\n\t\t\t\t\t<a class=\"fusion-rollover-title-link\" href=\"https:\/\/intelsynet.com\/es\/georgia-digital-gel\/\">\n\t\t\t\t\t\tEl Banco Nacional de Georgia presenta su CBDC \u00abDigital Gel\u00bb\t\t\t\t\t<\/a>\n\t\t\t\t<\/h4>\n\t\t\t\n\t\t\t\t\t\t\t\t\n\t\t\n\t\t\t\t\t\t<a class=\"fusion-link-wrapper\" href=\"https:\/\/intelsynet.com\/es\/georgia-digital-gel\/\" aria-label=\"El Banco Nacional de Georgia presenta su CBDC \u00abDigital Gel\u00bb\"><\/a>\n\t<\/div>\n<\/div>\n<\/div>\n<\/li>\n\t\t\t\n\t\t\t\n\t\t\t\t\t\t\t\t<\/ul>\n\t<\/div>\n\t<div class=\"fusion-post-content-wrapper\" style=\"padding:30px 25px 20px 25px;\"><div class=\"fusion-post-content post-content\"><h2 class=\"blog-shortcode-post-title entry-title\"><a href=\"https:\/\/intelsynet.com\/es\/georgia-digital-gel\/\">El Banco Nacional de Georgia presenta su CBDC \u00abDigital Gel\u00bb<\/a><\/h2><\/div><\/div><div class=\"fusion-clearfix\"><\/div><\/div>\n<\/article>\n<article id=\"blog-1-post-1909\" class=\"fusion-post-grid post-1909 post type-post status-publish format-standard has-post-thumbnail hentry category-nuestros-articulos\">\n<div class=\"fusion-post-wrapper\" style=\"background-color:rgba(255,255,255,0);border:1px solid #e8e8e8;border-bottom-width:3px;\">\n\n\t\t\t<div class=\"fusion-flexslider flexslider fusion-flexslider-loading fusion-post-slideshow\" style=\"border-color:#e8e8e8;\">\n\t\t<ul class=\"slides\">\n\t\t\t\n\t\t\t\t\t\t\t\t\t\t\t\t\t\t<li><div  class=\"fusion-image-wrapper\" aria-haspopup=\"true\">\n\t\t\t\t<img decoding=\"async\" width=\"1200\" height=\"742\" data-src=\"https:\/\/intelsynet.com\/wp-content\/uploads\/2021\/05\/combustibles-de-aviacion-sostenibles.jpg\" class=\"attachment-full size-full wp-post-image lazyload\" alt=\"combustibles de aviaci\u00f3n sostenibles\" data-srcset=\"https:\/\/intelsynet.com\/wp-content\/uploads\/2021\/05\/combustibles-de-aviacion-sostenibles-200x124.jpg 200w, https:\/\/intelsynet.com\/wp-content\/uploads\/2021\/05\/combustibles-de-aviacion-sostenibles-400x247.jpg 400w, https:\/\/intelsynet.com\/wp-content\/uploads\/2021\/05\/combustibles-de-aviacion-sostenibles-600x371.jpg 600w, https:\/\/intelsynet.com\/wp-content\/uploads\/2021\/05\/combustibles-de-aviacion-sostenibles-800x495.jpg 800w, https:\/\/intelsynet.com\/wp-content\/uploads\/2021\/05\/combustibles-de-aviacion-sostenibles.jpg 1200w\" data-sizes=\"(min-width: 2200px) 100vw, (min-width: 784px) 363px, (min-width: 712px) 545px, (min-width: 640px) 712px,\" src=\"data:image\/svg+xml;base64,PHN2ZyB3aWR0aD0iMSIgaGVpZ2h0PSIxIiB4bWxucz0iaHR0cDovL3d3dy53My5vcmcvMjAwMC9zdmciPjwvc3ZnPg==\" style=\"--smush-placeholder-width: 1200px; --smush-placeholder-aspect-ratio: 1200\/742;\" \/><div class=\"fusion-rollover\">\n\t<div class=\"fusion-rollover-content\">\n\n\t\t\t\t\n\t\t\n\t\t\t\t\t\t\t\t\t\t\t\t<h4 class=\"fusion-rollover-title\">\n\t\t\t\t\t<a class=\"fusion-rollover-title-link\" href=\"https:\/\/intelsynet.com\/es\/combustibles-de-aviacion-sostenibles\/\">\n\t\t\t\t\t\tCentro de I+D sobre Combustibles de Aviaci\u00f3n Sostenibles\t\t\t\t\t<\/a>\n\t\t\t\t<\/h4>\n\t\t\t\n\t\t\t\t\t\t\t\t\n\t\t\n\t\t\t\t\t\t<a class=\"fusion-link-wrapper\" href=\"https:\/\/intelsynet.com\/es\/combustibles-de-aviacion-sostenibles\/\" aria-label=\"Centro de I+D sobre Combustibles de Aviaci\u00f3n Sostenibles\"><\/a>\n\t<\/div>\n<\/div>\n<\/div>\n<\/li>\n\t\t\t\n\t\t\t\n\t\t\t\t\t\t\t\t<\/ul>\n\t<\/div>\n\t<div class=\"fusion-post-content-wrapper\" style=\"padding:30px 25px 20px 25px;\"><div class=\"fusion-post-content post-content\"><h2 class=\"blog-shortcode-post-title entry-title\"><a href=\"https:\/\/intelsynet.com\/es\/combustibles-de-aviacion-sostenibles\/\">Centro de I+D sobre Combustibles de Aviaci\u00f3n Sostenibles<\/a><\/h2><\/div><\/div><div class=\"fusion-clearfix\"><\/div><\/div>\n<\/article>\n<article id=\"blog-1-post-1908\" class=\"fusion-post-grid post-1908 post type-post status-publish format-standard has-post-thumbnail hentry category-nuestros-articulos\">\n<div class=\"fusion-post-wrapper\" style=\"background-color:rgba(255,255,255,0);border:1px solid #e8e8e8;border-bottom-width:3px;\">\n\n\t\t\t<div class=\"fusion-flexslider flexslider fusion-flexslider-loading fusion-post-slideshow\" style=\"border-color:#e8e8e8;\">\n\t\t<ul class=\"slides\">\n\t\t\t\n\t\t\t\t\t\t\t\t\t\t\t\t\t\t<li><div  class=\"fusion-image-wrapper\" aria-haspopup=\"true\">\n\t\t\t\t<img decoding=\"async\" width=\"1200\" height=\"743\" data-src=\"https:\/\/intelsynet.com\/wp-content\/uploads\/2021\/05\/criptomonedas.jpg\" class=\"attachment-full size-full wp-post-image lazyload\" alt=\"criptomonedas\" data-srcset=\"https:\/\/intelsynet.com\/wp-content\/uploads\/2021\/05\/criptomonedas-200x124.jpg 200w, https:\/\/intelsynet.com\/wp-content\/uploads\/2021\/05\/criptomonedas-400x248.jpg 400w, https:\/\/intelsynet.com\/wp-content\/uploads\/2021\/05\/criptomonedas-600x372.jpg 600w, https:\/\/intelsynet.com\/wp-content\/uploads\/2021\/05\/criptomonedas-800x495.jpg 800w, https:\/\/intelsynet.com\/wp-content\/uploads\/2021\/05\/criptomonedas.jpg 1200w\" data-sizes=\"(min-width: 2200px) 100vw, (min-width: 784px) 363px, (min-width: 712px) 545px, (min-width: 640px) 712px,\" src=\"data:image\/svg+xml;base64,PHN2ZyB3aWR0aD0iMSIgaGVpZ2h0PSIxIiB4bWxucz0iaHR0cDovL3d3dy53My5vcmcvMjAwMC9zdmciPjwvc3ZnPg==\" style=\"--smush-placeholder-width: 1200px; --smush-placeholder-aspect-ratio: 1200\/743;\" \/><div class=\"fusion-rollover\">\n\t<div class=\"fusion-rollover-content\">\n\n\t\t\t\t\n\t\t\n\t\t\t\t\t\t\t\t\t\t\t\t<h4 class=\"fusion-rollover-title\">\n\t\t\t\t\t<a class=\"fusion-rollover-title-link\" href=\"https:\/\/intelsynet.com\/es\/spainlab-pharmaceuticals-aceptara-criptomonedas\/\">\n\t\t\t\t\t\tEl laboratorio SpainLab Pharmaceuticals aceptar\u00e1 las criptomonedas como medio de pago\t\t\t\t\t<\/a>\n\t\t\t\t<\/h4>\n\t\t\t\n\t\t\t\t\t\t\t\t\n\t\t\n\t\t\t\t\t\t<a class=\"fusion-link-wrapper\" href=\"https:\/\/intelsynet.com\/es\/spainlab-pharmaceuticals-aceptara-criptomonedas\/\" aria-label=\"El laboratorio SpainLab Pharmaceuticals aceptar\u00e1 las criptomonedas como medio de pago\"><\/a>\n\t<\/div>\n<\/div>\n<\/div>\n<\/li>\n\t\t\t\n\t\t\t\n\t\t\t\t\t\t\t\t<\/ul>\n\t<\/div>\n\t<div class=\"fusion-post-content-wrapper\" style=\"padding:30px 25px 20px 25px;\"><div class=\"fusion-post-content post-content\"><h2 class=\"blog-shortcode-post-title entry-title\"><a href=\"https:\/\/intelsynet.com\/es\/spainlab-pharmaceuticals-aceptara-criptomonedas\/\">El laboratorio SpainLab Pharmaceuticals aceptar\u00e1 las criptomonedas como medio de pago<\/a><\/h2><\/div><\/div><div class=\"fusion-clearfix\"><\/div><\/div>\n<\/article>\n<article id=\"blog-1-post-1885\" class=\"fusion-post-grid post-1885 post type-post status-publish format-standard has-post-thumbnail hentry category-nuestros-articulos\">\n<div class=\"fusion-post-wrapper\" style=\"background-color:rgba(255,255,255,0);border:1px solid #e8e8e8;border-bottom-width:3px;\">\n\n\t\t\t<div class=\"fusion-flexslider flexslider fusion-flexslider-loading fusion-post-slideshow\" style=\"border-color:#e8e8e8;\">\n\t\t<ul class=\"slides\">\n\t\t\t\n\t\t\t\t\t\t\t\t\t\t\t\t\t\t<li><div  class=\"fusion-image-wrapper\" aria-haspopup=\"true\">\n\t\t\t\t<img decoding=\"async\" width=\"1200\" height=\"742\" data-src=\"https:\/\/intelsynet.com\/wp-content\/uploads\/2021\/04\/sostenibilidad-efama.jpg\" class=\"attachment-full size-full wp-post-image lazyload\" alt=\"sostenibilidad efama\" data-srcset=\"https:\/\/intelsynet.com\/wp-content\/uploads\/2021\/04\/sostenibilidad-efama-200x124.jpg 200w, https:\/\/intelsynet.com\/wp-content\/uploads\/2021\/04\/sostenibilidad-efama-400x247.jpg 400w, https:\/\/intelsynet.com\/wp-content\/uploads\/2021\/04\/sostenibilidad-efama-600x371.jpg 600w, https:\/\/intelsynet.com\/wp-content\/uploads\/2021\/04\/sostenibilidad-efama-800x495.jpg 800w, https:\/\/intelsynet.com\/wp-content\/uploads\/2021\/04\/sostenibilidad-efama.jpg 1200w\" data-sizes=\"(min-width: 2200px) 100vw, (min-width: 784px) 363px, (min-width: 712px) 545px, (min-width: 640px) 712px,\" src=\"data:image\/svg+xml;base64,PHN2ZyB3aWR0aD0iMSIgaGVpZ2h0PSIxIiB4bWxucz0iaHR0cDovL3d3dy53My5vcmcvMjAwMC9zdmciPjwvc3ZnPg==\" style=\"--smush-placeholder-width: 1200px; --smush-placeholder-aspect-ratio: 1200\/742;\" \/><div class=\"fusion-rollover\">\n\t<div class=\"fusion-rollover-content\">\n\n\t\t\t\t\n\t\t\n\t\t\t\t\t\t\t\t\t\t\t\t<h4 class=\"fusion-rollover-title\">\n\t\t\t\t\t<a class=\"fusion-rollover-title-link\" href=\"https:\/\/intelsynet.com\/es\/la-comision-europea-presenta-la-primera-version-del-corporate-sustainability-reporting-directive-csrd\/\">\n\t\t\t\t\t\tLa Comisi\u00f3n Europea presenta la primera versi\u00f3n del Corporate Sustainability Reporting Directive (CSRD)\t\t\t\t\t<\/a>\n\t\t\t\t<\/h4>\n\t\t\t\n\t\t\t\t\t\t\t\t\n\t\t\n\t\t\t\t\t\t<a class=\"fusion-link-wrapper\" href=\"https:\/\/intelsynet.com\/es\/la-comision-europea-presenta-la-primera-version-del-corporate-sustainability-reporting-directive-csrd\/\" aria-label=\"La Comisi\u00f3n Europea presenta la primera versi\u00f3n del Corporate Sustainability Reporting Directive (CSRD)\"><\/a>\n\t<\/div>\n<\/div>\n<\/div>\n<\/li>\n\t\t\t\n\t\t\t\n\t\t\t\t\t\t\t\t<\/ul>\n\t<\/div>\n\t<div class=\"fusion-post-content-wrapper\" style=\"padding:30px 25px 20px 25px;\"><div class=\"fusion-post-content post-content\"><h2 class=\"blog-shortcode-post-title entry-title\"><a href=\"https:\/\/intelsynet.com\/es\/la-comision-europea-presenta-la-primera-version-del-corporate-sustainability-reporting-directive-csrd\/\">La Comisi\u00f3n Europea presenta la primera versi\u00f3n del Corporate Sustainability Reporting Directive (CSRD)<\/a><\/h2><\/div><\/div><div class=\"fusion-clearfix\"><\/div><\/div>\n<\/article>\n<article id=\"blog-1-post-1884\" class=\"fusion-post-grid post-1884 post type-post status-publish format-standard has-post-thumbnail hentry category-nuestros-articulos\">\n<div class=\"fusion-post-wrapper\" style=\"background-color:rgba(255,255,255,0);border:1px solid #e8e8e8;border-bottom-width:3px;\">\n\n\t\t\t<div class=\"fusion-flexslider flexslider fusion-flexslider-loading fusion-post-slideshow\" style=\"border-color:#e8e8e8;\">\n\t\t<ul class=\"slides\">\n\t\t\t\n\t\t\t\t\t\t\t\t\t\t\t\t\t\t<li><div  class=\"fusion-image-wrapper\" aria-haspopup=\"true\">\n\t\t\t\t<img decoding=\"async\" width=\"1200\" height=\"742\" data-src=\"https:\/\/intelsynet.com\/wp-content\/uploads\/2021\/04\/finanzas-sostenibles.jpeg\" class=\"attachment-full size-full wp-post-image lazyload\" alt=\"Instituto Espa\u00f1ol de Analistas Financieros\" data-srcset=\"https:\/\/intelsynet.com\/wp-content\/uploads\/2021\/04\/finanzas-sostenibles-200x124.jpeg 200w, https:\/\/intelsynet.com\/wp-content\/uploads\/2021\/04\/finanzas-sostenibles-400x247.jpeg 400w, https:\/\/intelsynet.com\/wp-content\/uploads\/2021\/04\/finanzas-sostenibles-600x371.jpeg 600w, https:\/\/intelsynet.com\/wp-content\/uploads\/2021\/04\/finanzas-sostenibles-800x495.jpeg 800w, https:\/\/intelsynet.com\/wp-content\/uploads\/2021\/04\/finanzas-sostenibles.jpeg 1200w\" data-sizes=\"(min-width: 2200px) 100vw, (min-width: 784px) 363px, (min-width: 712px) 545px, (min-width: 640px) 712px,\" src=\"data:image\/svg+xml;base64,PHN2ZyB3aWR0aD0iMSIgaGVpZ2h0PSIxIiB4bWxucz0iaHR0cDovL3d3dy53My5vcmcvMjAwMC9zdmciPjwvc3ZnPg==\" style=\"--smush-placeholder-width: 1200px; --smush-placeholder-aspect-ratio: 1200\/742;\" \/><div class=\"fusion-rollover\">\n\t<div class=\"fusion-rollover-content\">\n\n\t\t\t\t\n\t\t\n\t\t\t\t\t\t\t\t\t\t\t\t<h4 class=\"fusion-rollover-title\">\n\t\t\t\t\t<a class=\"fusion-rollover-title-link\" href=\"https:\/\/intelsynet.com\/es\/el-ieaf-crea-un-foro-permanente-sobre-finanzas-sostenibles\/\">\n\t\t\t\t\t\tEl Ieaf crea un foro permanente sobre finanzas sostenibles.\t\t\t\t\t<\/a>\n\t\t\t\t<\/h4>\n\t\t\t\n\t\t\t\t\t\t\t\t\n\t\t\n\t\t\t\t\t\t<a class=\"fusion-link-wrapper\" href=\"https:\/\/intelsynet.com\/es\/el-ieaf-crea-un-foro-permanente-sobre-finanzas-sostenibles\/\" aria-label=\"El Ieaf crea un foro permanente sobre finanzas sostenibles.\"><\/a>\n\t<\/div>\n<\/div>\n<\/div>\n<\/li>\n\t\t\t\n\t\t\t\n\t\t\t\t\t\t\t\t<\/ul>\n\t<\/div>\n\t<div class=\"fusion-post-content-wrapper\" style=\"padding:30px 25px 20px 25px;\"><div class=\"fusion-post-content post-content\"><h2 class=\"blog-shortcode-post-title entry-title\"><a href=\"https:\/\/intelsynet.com\/es\/el-ieaf-crea-un-foro-permanente-sobre-finanzas-sostenibles\/\">El Ieaf crea un foro permanente sobre finanzas sostenibles.<\/a><\/h2><\/div><\/div><div class=\"fusion-clearfix\"><\/div><\/div>\n<\/article>\n<article id=\"blog-1-post-1883\" class=\"fusion-post-grid post-1883 post type-post status-publish format-standard has-post-thumbnail hentry category-nuestros-articulos\">\n<div class=\"fusion-post-wrapper\" style=\"background-color:rgba(255,255,255,0);border:1px solid #e8e8e8;border-bottom-width:3px;\">\n\n\t\t\t<div class=\"fusion-flexslider flexslider fusion-flexslider-loading fusion-post-slideshow\" style=\"border-color:#e8e8e8;\">\n\t\t<ul class=\"slides\">\n\t\t\t\n\t\t\t\t\t\t\t\t\t\t\t\t\t\t<li><div  class=\"fusion-image-wrapper\" aria-haspopup=\"true\">\n\t\t\t\t<img decoding=\"async\" width=\"1200\" height=\"743\" data-src=\"https:\/\/intelsynet.com\/wp-content\/uploads\/2021\/04\/criterios-de-sostenibilidad.jpg\" class=\"attachment-full size-full wp-post-image lazyload\" alt=\"criterios de sostenibilidad\" data-srcset=\"https:\/\/intelsynet.com\/wp-content\/uploads\/2021\/04\/criterios-de-sostenibilidad-200x124.jpg 200w, https:\/\/intelsynet.com\/wp-content\/uploads\/2021\/04\/criterios-de-sostenibilidad-400x248.jpg 400w, https:\/\/intelsynet.com\/wp-content\/uploads\/2021\/04\/criterios-de-sostenibilidad-600x372.jpg 600w, https:\/\/intelsynet.com\/wp-content\/uploads\/2021\/04\/criterios-de-sostenibilidad-800x495.jpg 800w, https:\/\/intelsynet.com\/wp-content\/uploads\/2021\/04\/criterios-de-sostenibilidad.jpg 1200w\" data-sizes=\"(min-width: 2200px) 100vw, (min-width: 784px) 363px, (min-width: 712px) 545px, (min-width: 640px) 712px,\" src=\"data:image\/svg+xml;base64,PHN2ZyB3aWR0aD0iMSIgaGVpZ2h0PSIxIiB4bWxucz0iaHR0cDovL3d3dy53My5vcmcvMjAwMC9zdmciPjwvc3ZnPg==\" style=\"--smush-placeholder-width: 1200px; --smush-placeholder-aspect-ratio: 1200\/743;\" \/><div class=\"fusion-rollover\">\n\t<div class=\"fusion-rollover-content\">\n\n\t\t\t\t\n\t\t\n\t\t\t\t\t\t\t\t\t\t\t\t<h4 class=\"fusion-rollover-title\">\n\t\t\t\t\t<a class=\"fusion-rollover-title-link\" href=\"https:\/\/intelsynet.com\/es\/los-criterios-de-sostenibilidad-pieza-clave-en-las-futuras-decisiones-financieras\/\">\n\t\t\t\t\t\tLos criterios de sostenibilidad, pieza clave en las futuras decisiones financieras.\t\t\t\t\t<\/a>\n\t\t\t\t<\/h4>\n\t\t\t\n\t\t\t\t\t\t\t\t\n\t\t\n\t\t\t\t\t\t<a class=\"fusion-link-wrapper\" href=\"https:\/\/intelsynet.com\/es\/los-criterios-de-sostenibilidad-pieza-clave-en-las-futuras-decisiones-financieras\/\" aria-label=\"Los criterios de sostenibilidad, pieza clave en las futuras decisiones financieras.\"><\/a>\n\t<\/div>\n<\/div>\n<\/div>\n<\/li>\n\t\t\t\n\t\t\t\n\t\t\t\t\t\t\t\t<\/ul>\n\t<\/div>\n\t<div class=\"fusion-post-content-wrapper\" style=\"padding:30px 25px 20px 25px;\"><div class=\"fusion-post-content post-content\"><h2 class=\"blog-shortcode-post-title entry-title\"><a href=\"https:\/\/intelsynet.com\/es\/los-criterios-de-sostenibilidad-pieza-clave-en-las-futuras-decisiones-financieras\/\">Los criterios de sostenibilidad, pieza clave en las futuras decisiones financieras.<\/a><\/h2><\/div><\/div><div class=\"fusion-clearfix\"><\/div><\/div>\n<\/article>\n<article id=\"blog-1-post-1882\" class=\"fusion-post-grid post-1882 post type-post status-publish format-standard has-post-thumbnail hentry category-nuestros-articulos\">\n<div class=\"fusion-post-wrapper\" style=\"background-color:rgba(255,255,255,0);border:1px solid #e8e8e8;border-bottom-width:3px;\">\n\n\t\t\t<div class=\"fusion-flexslider flexslider fusion-flexslider-loading fusion-post-slideshow\" style=\"border-color:#e8e8e8;\">\n\t\t<ul class=\"slides\">\n\t\t\t\n\t\t\t\t\t\t\t\t\t\t\t\t\t\t<li><div  class=\"fusion-image-wrapper\" aria-haspopup=\"true\">\n\t\t\t\t<img decoding=\"async\" width=\"1200\" height=\"742\" data-src=\"https:\/\/intelsynet.com\/wp-content\/uploads\/2021\/04\/comision-europea.jpg\" class=\"attachment-full size-full wp-post-image lazyload\" alt=\"Comisi\u00f3n Europea\" data-srcset=\"https:\/\/intelsynet.com\/wp-content\/uploads\/2021\/04\/comision-europea-200x124.jpg 200w, https:\/\/intelsynet.com\/wp-content\/uploads\/2021\/04\/comision-europea-400x247.jpg 400w, https:\/\/intelsynet.com\/wp-content\/uploads\/2021\/04\/comision-europea-600x371.jpg 600w, https:\/\/intelsynet.com\/wp-content\/uploads\/2021\/04\/comision-europea-800x495.jpg 800w, https:\/\/intelsynet.com\/wp-content\/uploads\/2021\/04\/comision-europea.jpg 1200w\" data-sizes=\"(min-width: 2200px) 100vw, (min-width: 784px) 363px, (min-width: 712px) 545px, (min-width: 640px) 712px,\" src=\"data:image\/svg+xml;base64,PHN2ZyB3aWR0aD0iMSIgaGVpZ2h0PSIxIiB4bWxucz0iaHR0cDovL3d3dy53My5vcmcvMjAwMC9zdmciPjwvc3ZnPg==\" style=\"--smush-placeholder-width: 1200px; --smush-placeholder-aspect-ratio: 1200\/742;\" \/><div class=\"fusion-rollover\">\n\t<div class=\"fusion-rollover-content\">\n\n\t\t\t\t\n\t\t\n\t\t\t\t\t\t\t\t\t\t\t\t<h4 class=\"fusion-rollover-title\">\n\t\t\t\t\t<a class=\"fusion-rollover-title-link\" href=\"https:\/\/intelsynet.com\/es\/la-comision-europea-desarrolla-un-paquete-de-medidas-para-fomentar-las-actividades-sostenibles\/\">\n\t\t\t\t\t\tLa Comisi\u00f3n Europea desarrolla un paquete de medidas para fomentar las actividades sostenibles.\t\t\t\t\t<\/a>\n\t\t\t\t<\/h4>\n\t\t\t\n\t\t\t\t\t\t\t\t\n\t\t\n\t\t\t\t\t\t<a class=\"fusion-link-wrapper\" href=\"https:\/\/intelsynet.com\/es\/la-comision-europea-desarrolla-un-paquete-de-medidas-para-fomentar-las-actividades-sostenibles\/\" aria-label=\"La Comisi\u00f3n Europea desarrolla un paquete de medidas para fomentar las actividades sostenibles.\"><\/a>\n\t<\/div>\n<\/div>\n<\/div>\n<\/li>\n\t\t\t\n\t\t\t\n\t\t\t\t\t\t\t\t<\/ul>\n\t<\/div>\n\t<div class=\"fusion-post-content-wrapper\" style=\"padding:30px 25px 20px 25px;\"><div class=\"fusion-post-content post-content\"><h2 class=\"blog-shortcode-post-title entry-title\"><a href=\"https:\/\/intelsynet.com\/es\/la-comision-europea-desarrolla-un-paquete-de-medidas-para-fomentar-las-actividades-sostenibles\/\">La Comisi\u00f3n Europea desarrolla un paquete de medidas para fomentar las actividades sostenibles.<\/a><\/h2><\/div><\/div><div class=\"fusion-clearfix\"><\/div><\/div>\n<\/article>\n<article id=\"blog-1-post-1881\" class=\"fusion-post-grid post-1881 post type-post status-publish format-standard has-post-thumbnail hentry category-nuestros-articulos\">\n<div class=\"fusion-post-wrapper\" style=\"background-color:rgba(255,255,255,0);border:1px solid #e8e8e8;border-bottom-width:3px;\">\n\n\t\t\t<div class=\"fusion-flexslider flexslider fusion-flexslider-loading fusion-post-slideshow\" style=\"border-color:#e8e8e8;\">\n\t\t<ul class=\"slides\">\n\t\t\t\n\t\t\t\t\t\t\t\t\t\t\t\t\t\t<li><div  class=\"fusion-image-wrapper\" aria-haspopup=\"true\">\n\t\t\t\t<img decoding=\"async\" width=\"1200\" height=\"742\" data-src=\"https:\/\/intelsynet.com\/wp-content\/uploads\/2021\/04\/Blockchain.jpeg\" class=\"attachment-full size-full wp-post-image lazyload\" alt=\"Blockchain\" data-srcset=\"https:\/\/intelsynet.com\/wp-content\/uploads\/2021\/04\/Blockchain-200x124.jpeg 200w, https:\/\/intelsynet.com\/wp-content\/uploads\/2021\/04\/Blockchain-400x247.jpeg 400w, https:\/\/intelsynet.com\/wp-content\/uploads\/2021\/04\/Blockchain-600x371.jpeg 600w, https:\/\/intelsynet.com\/wp-content\/uploads\/2021\/04\/Blockchain-800x495.jpeg 800w, https:\/\/intelsynet.com\/wp-content\/uploads\/2021\/04\/Blockchain.jpeg 1200w\" data-sizes=\"(min-width: 2200px) 100vw, (min-width: 784px) 363px, (min-width: 712px) 545px, (min-width: 640px) 712px,\" src=\"data:image\/svg+xml;base64,PHN2ZyB3aWR0aD0iMSIgaGVpZ2h0PSIxIiB4bWxucz0iaHR0cDovL3d3dy53My5vcmcvMjAwMC9zdmciPjwvc3ZnPg==\" style=\"--smush-placeholder-width: 1200px; --smush-placeholder-aspect-ratio: 1200\/742;\" \/><div class=\"fusion-rollover\">\n\t<div class=\"fusion-rollover-content\">\n\n\t\t\t\t\n\t\t\n\t\t\t\t\t\t\t\t\t\t\t\t<h4 class=\"fusion-rollover-title\">\n\t\t\t\t\t<a class=\"fusion-rollover-title-link\" href=\"https:\/\/intelsynet.com\/es\/banco-santander-trabaja-junto-con-el-bei-en-implementacion-de-blockchain-para-venta-de-bonos\/\">\n\t\t\t\t\t\tBanco Santander trabaja junto con el BEI en implementaci\u00f3n de blockchain para venta de bonos\t\t\t\t\t<\/a>\n\t\t\t\t<\/h4>\n\t\t\t\n\t\t\t\t\t\t\t\t\n\t\t\n\t\t\t\t\t\t<a class=\"fusion-link-wrapper\" href=\"https:\/\/intelsynet.com\/es\/banco-santander-trabaja-junto-con-el-bei-en-implementacion-de-blockchain-para-venta-de-bonos\/\" aria-label=\"Banco Santander trabaja junto con el BEI en implementaci\u00f3n de blockchain para venta de bonos\"><\/a>\n\t<\/div>\n<\/div>\n<\/div>\n<\/li>\n\t\t\t\n\t\t\t\n\t\t\t\t\t\t\t\t<\/ul>\n\t<\/div>\n\t<div class=\"fusion-post-content-wrapper\" style=\"padding:30px 25px 20px 25px;\"><div class=\"fusion-post-content post-content\"><h2 class=\"blog-shortcode-post-title entry-title\"><a href=\"https:\/\/intelsynet.com\/es\/banco-santander-trabaja-junto-con-el-bei-en-implementacion-de-blockchain-para-venta-de-bonos\/\">Banco Santander trabaja junto con el BEI en implementaci\u00f3n de blockchain para venta de bonos<\/a><\/h2><\/div><\/div><div class=\"fusion-clearfix\"><\/div><\/div>\n<\/article>\n<article id=\"blog-1-post-1880\" class=\"fusion-post-grid post-1880 post type-post status-publish format-standard has-post-thumbnail hentry category-nuestros-articulos\">\n<div class=\"fusion-post-wrapper\" style=\"background-color:rgba(255,255,255,0);border:1px solid #e8e8e8;border-bottom-width:3px;\">\n\n\t\t\t<div class=\"fusion-flexslider flexslider fusion-flexslider-loading fusion-post-slideshow\" style=\"border-color:#e8e8e8;\">\n\t\t<ul class=\"slides\">\n\t\t\t\n\t\t\t\t\t\t\t\t\t\t\t\t\t\t<li><div  class=\"fusion-image-wrapper\" aria-haspopup=\"true\">\n\t\t\t\t<img decoding=\"async\" width=\"1200\" height=\"742\" data-src=\"https:\/\/intelsynet.com\/wp-content\/uploads\/2021\/04\/tesoro-publico.jpg\" class=\"attachment-full size-full wp-post-image lazyload\" alt=\"tesoro p\u00fablico\" data-srcset=\"https:\/\/intelsynet.com\/wp-content\/uploads\/2021\/04\/tesoro-publico-200x124.jpg 200w, https:\/\/intelsynet.com\/wp-content\/uploads\/2021\/04\/tesoro-publico-400x247.jpg 400w, https:\/\/intelsynet.com\/wp-content\/uploads\/2021\/04\/tesoro-publico-600x371.jpg 600w, https:\/\/intelsynet.com\/wp-content\/uploads\/2021\/04\/tesoro-publico-800x495.jpg 800w, https:\/\/intelsynet.com\/wp-content\/uploads\/2021\/04\/tesoro-publico.jpg 1200w\" data-sizes=\"(min-width: 2200px) 100vw, (min-width: 784px) 363px, (min-width: 712px) 545px, (min-width: 640px) 712px,\" src=\"data:image\/svg+xml;base64,PHN2ZyB3aWR0aD0iMSIgaGVpZ2h0PSIxIiB4bWxucz0iaHR0cDovL3d3dy53My5vcmcvMjAwMC9zdmciPjwvc3ZnPg==\" style=\"--smush-placeholder-width: 1200px; --smush-placeholder-aspect-ratio: 1200\/742;\" \/><div class=\"fusion-rollover\">\n\t<div class=\"fusion-rollover-content\">\n\n\t\t\t\t\n\t\t\n\t\t\t\t\t\t\t\t\t\t\t\t<h4 class=\"fusion-rollover-title\">\n\t\t\t\t\t<a class=\"fusion-rollover-title-link\" href=\"https:\/\/intelsynet.com\/es\/espana-crea-un-plan-nacional-de-finanzas-sostenibles\/\">\n\t\t\t\t\t\tEspa\u00f1a crea un Plan Nacional de Finanzas Sostenibles.\t\t\t\t\t<\/a>\n\t\t\t\t<\/h4>\n\t\t\t\n\t\t\t\t\t\t\t\t\n\t\t\n\t\t\t\t\t\t<a class=\"fusion-link-wrapper\" href=\"https:\/\/intelsynet.com\/es\/espana-crea-un-plan-nacional-de-finanzas-sostenibles\/\" aria-label=\"Espa\u00f1a crea un Plan Nacional de Finanzas Sostenibles.\"><\/a>\n\t<\/div>\n<\/div>\n<\/div>\n<\/li>\n\t\t\t\n\t\t\t\n\t\t\t\t\t\t\t\t<\/ul>\n\t<\/div>\n\t<div class=\"fusion-post-content-wrapper\" style=\"padding:30px 25px 20px 25px;\"><div class=\"fusion-post-content post-content\"><h2 class=\"blog-shortcode-post-title entry-title\"><a href=\"https:\/\/intelsynet.com\/es\/espana-crea-un-plan-nacional-de-finanzas-sostenibles\/\">Espa\u00f1a crea un Plan Nacional de Finanzas Sostenibles.<\/a><\/h2><\/div><\/div><div class=\"fusion-clearfix\"><\/div><\/div>\n<\/article>\n<article id=\"blog-1-post-1875\" class=\"fusion-post-grid post-1875 post type-post status-publish format-standard has-post-thumbnail hentry category-nuestros-articulos\">\n<div class=\"fusion-post-wrapper\" style=\"background-color:rgba(255,255,255,0);border:1px solid #e8e8e8;border-bottom-width:3px;\">\n\n\t\t\t<div class=\"fusion-flexslider flexslider fusion-flexslider-loading fusion-post-slideshow\" style=\"border-color:#e8e8e8;\">\n\t\t<ul class=\"slides\">\n\t\t\t\n\t\t\t\t\t\t\t\t\t\t\t\t\t\t<li><div  class=\"fusion-image-wrapper\" aria-haspopup=\"true\">\n\t\t\t\t<img decoding=\"async\" width=\"1200\" height=\"742\" data-src=\"https:\/\/intelsynet.com\/wp-content\/uploads\/2021\/04\/Las-finanzas-verdes-son-clave-para-la-colaboracion-entre-China-y-EE.-UU..jpg\" class=\"attachment-full size-full wp-post-image lazyload\" alt=\"finanzas verdes\" data-srcset=\"https:\/\/intelsynet.com\/wp-content\/uploads\/2021\/04\/Las-finanzas-verdes-son-clave-para-la-colaboracion-entre-China-y-EE.-UU.-200x124.jpg 200w, https:\/\/intelsynet.com\/wp-content\/uploads\/2021\/04\/Las-finanzas-verdes-son-clave-para-la-colaboracion-entre-China-y-EE.-UU.-400x247.jpg 400w, https:\/\/intelsynet.com\/wp-content\/uploads\/2021\/04\/Las-finanzas-verdes-son-clave-para-la-colaboracion-entre-China-y-EE.-UU.-600x371.jpg 600w, https:\/\/intelsynet.com\/wp-content\/uploads\/2021\/04\/Las-finanzas-verdes-son-clave-para-la-colaboracion-entre-China-y-EE.-UU.-800x495.jpg 800w, https:\/\/intelsynet.com\/wp-content\/uploads\/2021\/04\/Las-finanzas-verdes-son-clave-para-la-colaboracion-entre-China-y-EE.-UU..jpg 1200w\" data-sizes=\"(min-width: 2200px) 100vw, (min-width: 784px) 363px, (min-width: 712px) 545px, (min-width: 640px) 712px,\" src=\"data:image\/svg+xml;base64,PHN2ZyB3aWR0aD0iMSIgaGVpZ2h0PSIxIiB4bWxucz0iaHR0cDovL3d3dy53My5vcmcvMjAwMC9zdmciPjwvc3ZnPg==\" style=\"--smush-placeholder-width: 1200px; --smush-placeholder-aspect-ratio: 1200\/742;\" \/><div class=\"fusion-rollover\">\n\t<div class=\"fusion-rollover-content\">\n\n\t\t\t\t\n\t\t\n\t\t\t\t\t\t\t\t\t\t\t\t<h4 class=\"fusion-rollover-title\">\n\t\t\t\t\t<a class=\"fusion-rollover-title-link\" href=\"https:\/\/intelsynet.com\/es\/las-finanzas-verdes-son-clave-para-la-colaboracion-entre-china-y-ee-uu\/\">\n\t\t\t\t\t\tLas finanzas verdes son clave para la colaboraci\u00f3n entre China y EE. UU.\t\t\t\t\t<\/a>\n\t\t\t\t<\/h4>\n\t\t\t\n\t\t\t\t\t\t\t\t\n\t\t\n\t\t\t\t\t\t<a class=\"fusion-link-wrapper\" href=\"https:\/\/intelsynet.com\/es\/las-finanzas-verdes-son-clave-para-la-colaboracion-entre-china-y-ee-uu\/\" aria-label=\"Las finanzas verdes son clave para la colaboraci\u00f3n entre China y EE. UU.\"><\/a>\n\t<\/div>\n<\/div>\n<\/div>\n<\/li>\n\t\t\t\n\t\t\t\n\t\t\t\t\t\t\t\t<\/ul>\n\t<\/div>\n\t<div class=\"fusion-post-content-wrapper\" style=\"padding:30px 25px 20px 25px;\"><div class=\"fusion-post-content post-content\"><h2 class=\"blog-shortcode-post-title entry-title\"><a href=\"https:\/\/intelsynet.com\/es\/las-finanzas-verdes-son-clave-para-la-colaboracion-entre-china-y-ee-uu\/\">Las finanzas verdes son clave para la colaboraci\u00f3n entre China y EE. UU.<\/a><\/h2><\/div><\/div><div class=\"fusion-clearfix\"><\/div><\/div>\n<\/article>\n<article id=\"blog-1-post-1872\" class=\"fusion-post-grid post-1872 post type-post status-publish format-standard has-post-thumbnail hentry category-nuestros-articulos\">\n<div class=\"fusion-post-wrapper\" style=\"background-color:rgba(255,255,255,0);border:1px solid #e8e8e8;border-bottom-width:3px;\">\n\n\t\t\t<div class=\"fusion-flexslider flexslider fusion-flexslider-loading fusion-post-slideshow\" style=\"border-color:#e8e8e8;\">\n\t\t<ul class=\"slides\">\n\t\t\t\n\t\t\t\t\t\t\t\t\t\t\t\t\t\t<li><div  class=\"fusion-image-wrapper\" aria-haspopup=\"true\">\n\t\t\t\t<img decoding=\"async\" width=\"1200\" height=\"741\" data-src=\"https:\/\/intelsynet.com\/wp-content\/uploads\/2021\/04\/inditex-filial-energetica.jpg\" class=\"attachment-full size-full wp-post-image lazyload\" alt=\"\" data-srcset=\"https:\/\/intelsynet.com\/wp-content\/uploads\/2021\/04\/inditex-filial-energetica-200x124.jpg 200w, https:\/\/intelsynet.com\/wp-content\/uploads\/2021\/04\/inditex-filial-energetica-400x247.jpg 400w, https:\/\/intelsynet.com\/wp-content\/uploads\/2021\/04\/inditex-filial-energetica-600x371.jpg 600w, https:\/\/intelsynet.com\/wp-content\/uploads\/2021\/04\/inditex-filial-energetica-800x494.jpg 800w, https:\/\/intelsynet.com\/wp-content\/uploads\/2021\/04\/inditex-filial-energetica.jpg 1200w\" data-sizes=\"(min-width: 2200px) 100vw, (min-width: 784px) 363px, (min-width: 712px) 545px, (min-width: 640px) 712px,\" src=\"data:image\/svg+xml;base64,PHN2ZyB3aWR0aD0iMSIgaGVpZ2h0PSIxIiB4bWxucz0iaHR0cDovL3d3dy53My5vcmcvMjAwMC9zdmciPjwvc3ZnPg==\" style=\"--smush-placeholder-width: 1200px; --smush-placeholder-aspect-ratio: 1200\/741;\" \/><div class=\"fusion-rollover\">\n\t<div class=\"fusion-rollover-content\">\n\n\t\t\t\t\n\t\t\n\t\t\t\t\t\t\t\t\t\t\t\t<h4 class=\"fusion-rollover-title\">\n\t\t\t\t\t<a class=\"fusion-rollover-title-link\" href=\"https:\/\/intelsynet.com\/es\/inditex-constituye-una-filial-energetica-para-sus-proyectos-de-renovables\/\">\n\t\t\t\t\t\tInditex constituye una filial energ\u00e9tica para sus proyectos de renovables\t\t\t\t\t<\/a>\n\t\t\t\t<\/h4>\n\t\t\t\n\t\t\t\t\t\t\t\t\n\t\t\n\t\t\t\t\t\t<a class=\"fusion-link-wrapper\" href=\"https:\/\/intelsynet.com\/es\/inditex-constituye-una-filial-energetica-para-sus-proyectos-de-renovables\/\" aria-label=\"Inditex constituye una filial energ\u00e9tica para sus proyectos de renovables\"><\/a>\n\t<\/div>\n<\/div>\n<\/div>\n<\/li>\n\t\t\t\n\t\t\t\n\t\t\t\t\t\t\t\t<\/ul>\n\t<\/div>\n\t<div class=\"fusion-post-content-wrapper\" style=\"padding:30px 25px 20px 25px;\"><div class=\"fusion-post-content post-content\"><h2 class=\"blog-shortcode-post-title entry-title\"><a href=\"https:\/\/intelsynet.com\/es\/inditex-constituye-una-filial-energetica-para-sus-proyectos-de-renovables\/\">Inditex constituye una filial energ\u00e9tica para sus proyectos de renovables<\/a><\/h2><\/div><\/div><div class=\"fusion-clearfix\"><\/div><\/div>\n<\/article>\n<article id=\"blog-1-post-1853\" class=\"fusion-post-grid post-1853 post type-post status-publish format-standard has-post-thumbnail hentry category-nuestros-articulos\">\n<div class=\"fusion-post-wrapper\" style=\"background-color:rgba(255,255,255,0);border:1px solid #e8e8e8;border-bottom-width:3px;\">\n\n\t\t\t<div class=\"fusion-flexslider flexslider fusion-flexslider-loading fusion-post-slideshow\" style=\"border-color:#e8e8e8;\">\n\t\t<ul class=\"slides\">\n\t\t\t\n\t\t\t\t\t\t\t\t\t\t\t\t\t\t<li><div  class=\"fusion-image-wrapper\" aria-haspopup=\"true\">\n\t\t\t\t<img decoding=\"async\" width=\"1200\" height=\"742\" data-src=\"https:\/\/intelsynet.com\/wp-content\/uploads\/2021\/04\/programa-analista-politica-internacional.jpg\" class=\"attachment-full size-full wp-post-image lazyload\" alt=\"g20\" data-srcset=\"https:\/\/intelsynet.com\/wp-content\/uploads\/2021\/04\/programa-analista-politica-internacional-200x124.jpg 200w, https:\/\/intelsynet.com\/wp-content\/uploads\/2021\/04\/programa-analista-politica-internacional-400x247.jpg 400w, https:\/\/intelsynet.com\/wp-content\/uploads\/2021\/04\/programa-analista-politica-internacional-600x371.jpg 600w, https:\/\/intelsynet.com\/wp-content\/uploads\/2021\/04\/programa-analista-politica-internacional-800x495.jpg 800w, https:\/\/intelsynet.com\/wp-content\/uploads\/2021\/04\/programa-analista-politica-internacional.jpg 1200w\" data-sizes=\"(min-width: 2200px) 100vw, (min-width: 784px) 363px, (min-width: 712px) 545px, (min-width: 640px) 712px,\" src=\"data:image\/svg+xml;base64,PHN2ZyB3aWR0aD0iMSIgaGVpZ2h0PSIxIiB4bWxucz0iaHR0cDovL3d3dy53My5vcmcvMjAwMC9zdmciPjwvc3ZnPg==\" style=\"--smush-placeholder-width: 1200px; --smush-placeholder-aspect-ratio: 1200\/742;\" \/><div class=\"fusion-rollover\">\n\t<div class=\"fusion-rollover-content\">\n\n\t\t\t\t\n\t\t\n\t\t\t\t\t\t\t\t\t\t\t\t<h4 class=\"fusion-rollover-title\">\n\t\t\t\t\t<a class=\"fusion-rollover-title-link\" href=\"https:\/\/intelsynet.com\/es\/el-g20-pone-el-foco-en-finanzas-sostenibles\/\">\n\t\t\t\t\t\tEl G20 pone el foco en finanzas sostenibles\t\t\t\t\t<\/a>\n\t\t\t\t<\/h4>\n\t\t\t\n\t\t\t\t\t\t\t\t\n\t\t\n\t\t\t\t\t\t<a class=\"fusion-link-wrapper\" href=\"https:\/\/intelsynet.com\/es\/el-g20-pone-el-foco-en-finanzas-sostenibles\/\" aria-label=\"El G20 pone el foco en finanzas sostenibles\"><\/a>\n\t<\/div>\n<\/div>\n<\/div>\n<\/li>\n\t\t\t\n\t\t\t\n\t\t\t\t\t\t\t\t<\/ul>\n\t<\/div>\n\t<div class=\"fusion-post-content-wrapper\" style=\"padding:30px 25px 20px 25px;\"><div class=\"fusion-post-content post-content\"><h2 class=\"blog-shortcode-post-title entry-title\"><a href=\"https:\/\/intelsynet.com\/es\/el-g20-pone-el-foco-en-finanzas-sostenibles\/\">El G20 pone el foco en finanzas sostenibles<\/a><\/h2><\/div><\/div><div class=\"fusion-clearfix\"><\/div><\/div>\n<\/article>\n<article id=\"blog-1-post-1854\" class=\"fusion-post-grid post-1854 post type-post status-publish format-standard has-post-thumbnail hentry category-nuestros-articulos\">\n<div class=\"fusion-post-wrapper\" style=\"background-color:rgba(255,255,255,0);border:1px solid #e8e8e8;border-bottom-width:3px;\">\n\n\t\t\t<div class=\"fusion-flexslider flexslider fusion-flexslider-loading fusion-post-slideshow\" style=\"border-color:#e8e8e8;\">\n\t\t<ul class=\"slides\">\n\t\t\t\n\t\t\t\t\t\t\t\t\t\t\t\t\t\t<li><div  class=\"fusion-image-wrapper\" aria-haspopup=\"true\">\n\t\t\t\t<img decoding=\"async\" width=\"1200\" height=\"742\" data-src=\"https:\/\/intelsynet.com\/wp-content\/uploads\/2021\/04\/coal-fired-power-plant-3767893_1920.jpg\" class=\"attachment-full size-full wp-post-image lazyload\" alt=\"\" data-srcset=\"https:\/\/intelsynet.com\/wp-content\/uploads\/2021\/04\/coal-fired-power-plant-3767893_1920-200x124.jpg 200w, https:\/\/intelsynet.com\/wp-content\/uploads\/2021\/04\/coal-fired-power-plant-3767893_1920-400x247.jpg 400w, https:\/\/intelsynet.com\/wp-content\/uploads\/2021\/04\/coal-fired-power-plant-3767893_1920-600x371.jpg 600w, https:\/\/intelsynet.com\/wp-content\/uploads\/2021\/04\/coal-fired-power-plant-3767893_1920-800x495.jpg 800w, https:\/\/intelsynet.com\/wp-content\/uploads\/2021\/04\/coal-fired-power-plant-3767893_1920.jpg 1200w\" data-sizes=\"(min-width: 2200px) 100vw, (min-width: 784px) 363px, (min-width: 712px) 545px, (min-width: 640px) 712px,\" src=\"data:image\/svg+xml;base64,PHN2ZyB3aWR0aD0iMSIgaGVpZ2h0PSIxIiB4bWxucz0iaHR0cDovL3d3dy53My5vcmcvMjAwMC9zdmciPjwvc3ZnPg==\" style=\"--smush-placeholder-width: 1200px; --smush-placeholder-aspect-ratio: 1200\/742;\" \/><div class=\"fusion-rollover\">\n\t<div class=\"fusion-rollover-content\">\n\n\t\t\t\t\n\t\t\n\t\t\t\t\t\t\t\t\t\t\t\t<h4 class=\"fusion-rollover-title\">\n\t\t\t\t\t<a class=\"fusion-rollover-title-link\" href=\"https:\/\/intelsynet.com\/es\/blackrock-y-temasek\/\">\n\t\t\t\t\t\tBlackRock y Temasek\t\t\t\t\t<\/a>\n\t\t\t\t<\/h4>\n\t\t\t\n\t\t\t\t\t\t\t\t\n\t\t\n\t\t\t\t\t\t<a class=\"fusion-link-wrapper\" href=\"https:\/\/intelsynet.com\/es\/blackrock-y-temasek\/\" aria-label=\"BlackRock y Temasek\"><\/a>\n\t<\/div>\n<\/div>\n<\/div>\n<\/li>\n\t\t\t\n\t\t\t\n\t\t\t\t\t\t\t\t<\/ul>\n\t<\/div>\n\t<div class=\"fusion-post-content-wrapper\" style=\"padding:30px 25px 20px 25px;\"><div class=\"fusion-post-content post-content\"><h2 class=\"blog-shortcode-post-title entry-title\"><a href=\"https:\/\/intelsynet.com\/es\/blackrock-y-temasek\/\">BlackRock y Temasek<\/a><\/h2><\/div><\/div><div class=\"fusion-clearfix\"><\/div><\/div>\n<\/article>\n<article id=\"blog-1-post-1855\" class=\"fusion-post-grid post-1855 post type-post status-publish format-standard has-post-thumbnail hentry category-nuestros-articulos\">\n<div class=\"fusion-post-wrapper\" style=\"background-color:rgba(255,255,255,0);border:1px solid #e8e8e8;border-bottom-width:3px;\">\n\n\t\t\t<div class=\"fusion-flexslider flexslider fusion-flexslider-loading fusion-post-slideshow\" style=\"border-color:#e8e8e8;\">\n\t\t<ul class=\"slides\">\n\t\t\t\n\t\t\t\t\t\t\t\t\t\t\t\t\t\t<li><div  class=\"fusion-image-wrapper\" aria-haspopup=\"true\">\n\t\t\t\t<img decoding=\"async\" width=\"1200\" height=\"742\" data-src=\"https:\/\/intelsynet.com\/wp-content\/uploads\/2021\/04\/1589979941697.jpg\" class=\"attachment-full size-full wp-post-image lazyload\" alt=\"\" data-srcset=\"https:\/\/intelsynet.com\/wp-content\/uploads\/2021\/04\/1589979941697-200x124.jpg 200w, https:\/\/intelsynet.com\/wp-content\/uploads\/2021\/04\/1589979941697-400x247.jpg 400w, https:\/\/intelsynet.com\/wp-content\/uploads\/2021\/04\/1589979941697-600x371.jpg 600w, https:\/\/intelsynet.com\/wp-content\/uploads\/2021\/04\/1589979941697-800x495.jpg 800w, https:\/\/intelsynet.com\/wp-content\/uploads\/2021\/04\/1589979941697.jpg 1200w\" data-sizes=\"(min-width: 2200px) 100vw, (min-width: 784px) 363px, (min-width: 712px) 545px, (min-width: 640px) 712px,\" src=\"data:image\/svg+xml;base64,PHN2ZyB3aWR0aD0iMSIgaGVpZ2h0PSIxIiB4bWxucz0iaHR0cDovL3d3dy53My5vcmcvMjAwMC9zdmciPjwvc3ZnPg==\" style=\"--smush-placeholder-width: 1200px; --smush-placeholder-aspect-ratio: 1200\/742;\" \/><div class=\"fusion-rollover\">\n\t<div class=\"fusion-rollover-content\">\n\n\t\t\t\t\n\t\t\n\t\t\t\t\t\t\t\t\t\t\t\t<h4 class=\"fusion-rollover-title\">\n\t\t\t\t\t<a class=\"fusion-rollover-title-link\" href=\"https:\/\/intelsynet.com\/es\/el-cisi-lanza-un-nuevo-curso-de-inversion-sostenible-y-responsable\/\">\n\t\t\t\t\t\tEl CISI lanza un nuevo curso de inversi\u00f3n sostenible y responsable.\t\t\t\t\t<\/a>\n\t\t\t\t<\/h4>\n\t\t\t\n\t\t\t\t\t\t\t\t\n\t\t\n\t\t\t\t\t\t<a class=\"fusion-link-wrapper\" href=\"https:\/\/intelsynet.com\/es\/el-cisi-lanza-un-nuevo-curso-de-inversion-sostenible-y-responsable\/\" aria-label=\"El CISI lanza un nuevo curso de inversi\u00f3n sostenible y responsable.\"><\/a>\n\t<\/div>\n<\/div>\n<\/div>\n<\/li>\n\t\t\t\n\t\t\t\n\t\t\t\t\t\t\t\t<\/ul>\n\t<\/div>\n\t<div class=\"fusion-post-content-wrapper\" style=\"padding:30px 25px 20px 25px;\"><div class=\"fusion-post-content post-content\"><h2 class=\"blog-shortcode-post-title entry-title\"><a href=\"https:\/\/intelsynet.com\/es\/el-cisi-lanza-un-nuevo-curso-de-inversion-sostenible-y-responsable\/\">El CISI lanza un nuevo curso de inversi\u00f3n sostenible y responsable.<\/a><\/h2><\/div><\/div><div class=\"fusion-clearfix\"><\/div><\/div>\n<\/article>\n<article id=\"blog-1-post-1852\" class=\"fusion-post-grid post-1852 post type-post status-publish format-standard has-post-thumbnail hentry category-nuestros-articulos\">\n<div class=\"fusion-post-wrapper\" style=\"background-color:rgba(255,255,255,0);border:1px solid #e8e8e8;border-bottom-width:3px;\">\n\n\t\t\t<div class=\"fusion-flexslider flexslider fusion-flexslider-loading fusion-post-slideshow\" style=\"border-color:#e8e8e8;\">\n\t\t<ul class=\"slides\">\n\t\t\t\n\t\t\t\t\t\t\t\t\t\t\t\t\t\t<li><div  class=\"fusion-image-wrapper\" aria-haspopup=\"true\">\n\t\t\t\t<img decoding=\"async\" width=\"1200\" height=\"743\" data-src=\"https:\/\/intelsynet.com\/wp-content\/uploads\/2021\/04\/export-finance-for-nature.png\" class=\"attachment-full size-full wp-post-image lazyload\" alt=\"export finance for nature\" data-srcset=\"https:\/\/intelsynet.com\/wp-content\/uploads\/2021\/04\/export-finance-for-nature-200x124.png 200w, https:\/\/intelsynet.com\/wp-content\/uploads\/2021\/04\/export-finance-for-nature-400x248.png 400w, https:\/\/intelsynet.com\/wp-content\/uploads\/2021\/04\/export-finance-for-nature-600x372.png 600w, https:\/\/intelsynet.com\/wp-content\/uploads\/2021\/04\/export-finance-for-nature-800x495.png 800w, https:\/\/intelsynet.com\/wp-content\/uploads\/2021\/04\/export-finance-for-nature.png 1200w\" data-sizes=\"(min-width: 2200px) 100vw, (min-width: 784px) 363px, (min-width: 712px) 545px, (min-width: 640px) 712px,\" src=\"data:image\/svg+xml;base64,PHN2ZyB3aWR0aD0iMSIgaGVpZ2h0PSIxIiB4bWxucz0iaHR0cDovL3d3dy53My5vcmcvMjAwMC9zdmciPjwvc3ZnPg==\" style=\"--smush-placeholder-width: 1200px; --smush-placeholder-aspect-ratio: 1200\/743;\" \/><div class=\"fusion-rollover\">\n\t<div class=\"fusion-rollover-content\">\n\n\t\t\t\t\n\t\t\n\t\t\t\t\t\t\t\t\t\t\t\t<h4 class=\"fusion-rollover-title\">\n\t\t\t\t\t<a class=\"fusion-rollover-title-link\" href=\"https:\/\/intelsynet.com\/es\/e3f\/\">\n\t\t\t\t\t\tE3F\t\t\t\t\t<\/a>\n\t\t\t\t<\/h4>\n\t\t\t\n\t\t\t\t\t\t\t\t\n\t\t\n\t\t\t\t\t\t<a class=\"fusion-link-wrapper\" href=\"https:\/\/intelsynet.com\/es\/e3f\/\" aria-label=\"E3F\"><\/a>\n\t<\/div>\n<\/div>\n<\/div>\n<\/li>\n\t\t\t\n\t\t\t\n\t\t\t\t\t\t\t\t<\/ul>\n\t<\/div>\n\t<div class=\"fusion-post-content-wrapper\" style=\"padding:30px 25px 20px 25px;\"><div class=\"fusion-post-content post-content\"><h2 class=\"blog-shortcode-post-title entry-title\"><a href=\"https:\/\/intelsynet.com\/es\/e3f\/\">E3F<\/a><\/h2><\/div><\/div><div class=\"fusion-clearfix\"><\/div><\/div>\n<\/article>\n<article id=\"blog-1-post-1847\" class=\"fusion-post-grid post-1847 post type-post status-publish format-standard has-post-thumbnail hentry category-nuestros-articulos\">\n<div class=\"fusion-post-wrapper\" style=\"background-color:rgba(255,255,255,0);border:1px solid #e8e8e8;border-bottom-width:3px;\">\n\n\t\t\t<div class=\"fusion-flexslider flexslider fusion-flexslider-loading fusion-post-slideshow\" style=\"border-color:#e8e8e8;\">\n\t\t<ul class=\"slides\">\n\t\t\t\n\t\t\t\t\t\t\t\t\t\t\t\t\t\t<li><div  class=\"fusion-image-wrapper\" aria-haspopup=\"true\">\n\t\t\t\t<img decoding=\"async\" width=\"1200\" height=\"742\" data-src=\"https:\/\/intelsynet.com\/wp-content\/uploads\/2021\/04\/data-center-verdes.jpeg\" class=\"attachment-full size-full wp-post-image lazyload\" alt=\"data center verdes\" data-srcset=\"https:\/\/intelsynet.com\/wp-content\/uploads\/2021\/04\/data-center-verdes-200x124.jpeg 200w, https:\/\/intelsynet.com\/wp-content\/uploads\/2021\/04\/data-center-verdes-400x247.jpeg 400w, https:\/\/intelsynet.com\/wp-content\/uploads\/2021\/04\/data-center-verdes-600x371.jpeg 600w, https:\/\/intelsynet.com\/wp-content\/uploads\/2021\/04\/data-center-verdes-800x495.jpeg 800w, https:\/\/intelsynet.com\/wp-content\/uploads\/2021\/04\/data-center-verdes.jpeg 1200w\" data-sizes=\"(min-width: 2200px) 100vw, (min-width: 784px) 363px, (min-width: 712px) 545px, (min-width: 640px) 712px,\" src=\"data:image\/svg+xml;base64,PHN2ZyB3aWR0aD0iMSIgaGVpZ2h0PSIxIiB4bWxucz0iaHR0cDovL3d3dy53My5vcmcvMjAwMC9zdmciPjwvc3ZnPg==\" style=\"--smush-placeholder-width: 1200px; --smush-placeholder-aspect-ratio: 1200\/742;\" \/><div class=\"fusion-rollover\">\n\t<div class=\"fusion-rollover-content\">\n\n\t\t\t\t\n\t\t\n\t\t\t\t\t\t\t\t\t\t\t\t<h4 class=\"fusion-rollover-title\">\n\t\t\t\t\t<a class=\"fusion-rollover-title-link\" href=\"https:\/\/intelsynet.com\/es\/objetivo-data-center-verdes\/\">\n\t\t\t\t\t\tObjetivo: Data center \u201cverdes\u201d\t\t\t\t\t<\/a>\n\t\t\t\t<\/h4>\n\t\t\t\n\t\t\t\t\t\t\t\t\n\t\t\n\t\t\t\t\t\t<a class=\"fusion-link-wrapper\" href=\"https:\/\/intelsynet.com\/es\/objetivo-data-center-verdes\/\" aria-label=\"Objetivo: Data center \u201cverdes\u201d\"><\/a>\n\t<\/div>\n<\/div>\n<\/div>\n<\/li>\n\t\t\t\n\t\t\t\n\t\t\t\t\t\t\t\t<\/ul>\n\t<\/div>\n\t<div class=\"fusion-post-content-wrapper\" style=\"padding:30px 25px 20px 25px;\"><div class=\"fusion-post-content post-content\"><h2 class=\"blog-shortcode-post-title entry-title\"><a href=\"https:\/\/intelsynet.com\/es\/objetivo-data-center-verdes\/\">Objetivo: Data center \u201cverdes\u201d<\/a><\/h2><\/div><\/div><div class=\"fusion-clearfix\"><\/div><\/div>\n<\/article>\n<article id=\"blog-1-post-1794\" class=\"fusion-post-grid post-1794 post type-post status-publish format-standard has-post-thumbnail hentry category-nuestros-articulos\">\n<div class=\"fusion-post-wrapper\" style=\"background-color:rgba(255,255,255,0);border:1px solid #e8e8e8;border-bottom-width:3px;\">\n\n\t\t\t<div class=\"fusion-flexslider flexslider fusion-flexslider-loading fusion-post-slideshow\" style=\"border-color:#e8e8e8;\">\n\t\t<ul class=\"slides\">\n\t\t\t\n\t\t\t\t\t\t\t\t\t\t\t\t\t\t<li><div  class=\"fusion-image-wrapper\" aria-haspopup=\"true\">\n\t\t\t\t<img decoding=\"async\" width=\"1200\" height=\"742\" data-src=\"https:\/\/intelsynet.com\/wp-content\/uploads\/2021\/04\/desarrollan-una-pintura-para-coches-que-reduce-el-consumo-y-la-contaminacion.jpg\" class=\"attachment-full size-full wp-post-image lazyload\" alt=\"La carrera de los nuevos materiales para e-mobility\" data-srcset=\"https:\/\/intelsynet.com\/wp-content\/uploads\/2021\/04\/desarrollan-una-pintura-para-coches-que-reduce-el-consumo-y-la-contaminacion-200x124.jpg 200w, https:\/\/intelsynet.com\/wp-content\/uploads\/2021\/04\/desarrollan-una-pintura-para-coches-que-reduce-el-consumo-y-la-contaminacion-400x247.jpg 400w, https:\/\/intelsynet.com\/wp-content\/uploads\/2021\/04\/desarrollan-una-pintura-para-coches-que-reduce-el-consumo-y-la-contaminacion-600x371.jpg 600w, https:\/\/intelsynet.com\/wp-content\/uploads\/2021\/04\/desarrollan-una-pintura-para-coches-que-reduce-el-consumo-y-la-contaminacion-800x495.jpg 800w, https:\/\/intelsynet.com\/wp-content\/uploads\/2021\/04\/desarrollan-una-pintura-para-coches-que-reduce-el-consumo-y-la-contaminacion.jpg 1200w\" data-sizes=\"(min-width: 2200px) 100vw, (min-width: 784px) 363px, (min-width: 712px) 545px, (min-width: 640px) 712px,\" src=\"data:image\/svg+xml;base64,PHN2ZyB3aWR0aD0iMSIgaGVpZ2h0PSIxIiB4bWxucz0iaHR0cDovL3d3dy53My5vcmcvMjAwMC9zdmciPjwvc3ZnPg==\" style=\"--smush-placeholder-width: 1200px; --smush-placeholder-aspect-ratio: 1200\/742;\" \/><div class=\"fusion-rollover\">\n\t<div class=\"fusion-rollover-content\">\n\n\t\t\t\t\n\t\t\n\t\t\t\t\t\t\t\t\t\t\t\t<h4 class=\"fusion-rollover-title\">\n\t\t\t\t\t<a class=\"fusion-rollover-title-link\" href=\"https:\/\/intelsynet.com\/es\/la-carrera-de-los-nuevos-materiales-para-e-mobility\/\">\n\t\t\t\t\t\tLa carrera de los nuevos materiales para e-mobility\t\t\t\t\t<\/a>\n\t\t\t\t<\/h4>\n\t\t\t\n\t\t\t\t\t\t\t\t\n\t\t\n\t\t\t\t\t\t<a class=\"fusion-link-wrapper\" href=\"https:\/\/intelsynet.com\/es\/la-carrera-de-los-nuevos-materiales-para-e-mobility\/\" aria-label=\"La carrera de los nuevos materiales para e-mobility\"><\/a>\n\t<\/div>\n<\/div>\n<\/div>\n<\/li>\n\t\t\t\n\t\t\t\n\t\t\t\t\t\t\t\t<\/ul>\n\t<\/div>\n\t<div class=\"fusion-post-content-wrapper\" style=\"padding:30px 25px 20px 25px;\"><div class=\"fusion-post-content post-content\"><h2 class=\"blog-shortcode-post-title entry-title\"><a href=\"https:\/\/intelsynet.com\/es\/la-carrera-de-los-nuevos-materiales-para-e-mobility\/\">La carrera de los nuevos materiales para e-mobility<\/a><\/h2><\/div><\/div><div class=\"fusion-clearfix\"><\/div><\/div>\n<\/article>\n<article id=\"blog-1-post-1790\" class=\"fusion-post-grid post-1790 post type-post status-publish format-standard has-post-thumbnail hentry category-nuestros-articulos\">\n<div class=\"fusion-post-wrapper\" style=\"background-color:rgba(255,255,255,0);border:1px solid #e8e8e8;border-bottom-width:3px;\">\n\n\t\t\t<div class=\"fusion-flexslider flexslider fusion-flexslider-loading fusion-post-slideshow\" style=\"border-color:#e8e8e8;\">\n\t\t<ul class=\"slides\">\n\t\t\t\n\t\t\t\t\t\t\t\t\t\t\t\t\t\t<li><div  class=\"fusion-image-wrapper\" aria-haspopup=\"true\">\n\t\t\t\t<img decoding=\"async\" width=\"1200\" height=\"743\" data-src=\"https:\/\/intelsynet.com\/wp-content\/uploads\/2021\/04\/QR-compuesto-de-drones.jpg\" class=\"attachment-full size-full wp-post-image lazyload\" alt=\"QR compuesto de drones\" data-srcset=\"https:\/\/intelsynet.com\/wp-content\/uploads\/2021\/04\/QR-compuesto-de-drones-200x124.jpg 200w, https:\/\/intelsynet.com\/wp-content\/uploads\/2021\/04\/QR-compuesto-de-drones-400x248.jpg 400w, https:\/\/intelsynet.com\/wp-content\/uploads\/2021\/04\/QR-compuesto-de-drones-600x372.jpg 600w, https:\/\/intelsynet.com\/wp-content\/uploads\/2021\/04\/QR-compuesto-de-drones-800x495.jpg 800w, https:\/\/intelsynet.com\/wp-content\/uploads\/2021\/04\/QR-compuesto-de-drones.jpg 1200w\" data-sizes=\"(min-width: 2200px) 100vw, (min-width: 784px) 363px, (min-width: 712px) 545px, (min-width: 640px) 712px,\" src=\"data:image\/svg+xml;base64,PHN2ZyB3aWR0aD0iMSIgaGVpZ2h0PSIxIiB4bWxucz0iaHR0cDovL3d3dy53My5vcmcvMjAwMC9zdmciPjwvc3ZnPg==\" style=\"--smush-placeholder-width: 1200px; --smush-placeholder-aspect-ratio: 1200\/743;\" \/><div class=\"fusion-rollover\">\n\t<div class=\"fusion-rollover-content\">\n\n\t\t\t\t\n\t\t\n\t\t\t\t\t\t\t\t\t\t\t\t<h4 class=\"fusion-rollover-title\">\n\t\t\t\t\t<a class=\"fusion-rollover-title-link\" href=\"https:\/\/intelsynet.com\/es\/qr-compuesto-de-drones-como-publicidad\/\">\n\t\t\t\t\t\tUtilizan un c\u00f3digo QR compuesto de drones como publicidad.\t\t\t\t\t<\/a>\n\t\t\t\t<\/h4>\n\t\t\t\n\t\t\t\t\t\t\t\t\n\t\t\n\t\t\t\t\t\t<a class=\"fusion-link-wrapper\" href=\"https:\/\/intelsynet.com\/es\/qr-compuesto-de-drones-como-publicidad\/\" aria-label=\"Utilizan un c\u00f3digo QR compuesto de drones como publicidad.\"><\/a>\n\t<\/div>\n<\/div>\n<\/div>\n<\/li>\n\t\t\t\n\t\t\t\n\t\t\t\t\t\t\t\t<\/ul>\n\t<\/div>\n\t<div class=\"fusion-post-content-wrapper\" style=\"padding:30px 25px 20px 25px;\"><div class=\"fusion-post-content post-content\"><h2 class=\"blog-shortcode-post-title entry-title\"><a href=\"https:\/\/intelsynet.com\/es\/qr-compuesto-de-drones-como-publicidad\/\">Utilizan un c\u00f3digo QR compuesto de drones como publicidad.<\/a><\/h2><\/div><\/div><div class=\"fusion-clearfix\"><\/div><\/div>\n<\/article>\n<article id=\"blog-1-post-1778\" class=\"fusion-post-grid post-1778 post type-post status-publish format-standard has-post-thumbnail hentry category-nuestros-articulos\">\n<div class=\"fusion-post-wrapper\" style=\"background-color:rgba(255,255,255,0);border:1px solid #e8e8e8;border-bottom-width:3px;\">\n\n\t\t\t<div class=\"fusion-flexslider flexslider fusion-flexslider-loading fusion-post-slideshow\" style=\"border-color:#e8e8e8;\">\n\t\t<ul class=\"slides\">\n\t\t\t\n\t\t\t\t\t\t\t\t\t\t\t\t\t\t<li><div  class=\"fusion-image-wrapper\" aria-haspopup=\"true\">\n\t\t\t\t<img decoding=\"async\" width=\"1200\" height=\"742\" data-src=\"https:\/\/intelsynet.com\/wp-content\/uploads\/2021\/04\/Volvo-amplia-su-colaboracion-con-NVIDIA.-.jpg\" class=\"attachment-full size-full wp-post-image lazyload\" alt=\"\" data-srcset=\"https:\/\/intelsynet.com\/wp-content\/uploads\/2021\/04\/Volvo-amplia-su-colaboracion-con-NVIDIA.--200x124.jpg 200w, https:\/\/intelsynet.com\/wp-content\/uploads\/2021\/04\/Volvo-amplia-su-colaboracion-con-NVIDIA.--400x247.jpg 400w, https:\/\/intelsynet.com\/wp-content\/uploads\/2021\/04\/Volvo-amplia-su-colaboracion-con-NVIDIA.--600x371.jpg 600w, https:\/\/intelsynet.com\/wp-content\/uploads\/2021\/04\/Volvo-amplia-su-colaboracion-con-NVIDIA.--800x495.jpg 800w, https:\/\/intelsynet.com\/wp-content\/uploads\/2021\/04\/Volvo-amplia-su-colaboracion-con-NVIDIA.-.jpg 1200w\" data-sizes=\"(min-width: 2200px) 100vw, (min-width: 784px) 363px, (min-width: 712px) 545px, (min-width: 640px) 712px,\" src=\"data:image\/svg+xml;base64,PHN2ZyB3aWR0aD0iMSIgaGVpZ2h0PSIxIiB4bWxucz0iaHR0cDovL3d3dy53My5vcmcvMjAwMC9zdmciPjwvc3ZnPg==\" style=\"--smush-placeholder-width: 1200px; --smush-placeholder-aspect-ratio: 1200\/742;\" \/><div class=\"fusion-rollover\">\n\t<div class=\"fusion-rollover-content\">\n\n\t\t\t\t\n\t\t\n\t\t\t\t\t\t\t\t\t\t\t\t<h4 class=\"fusion-rollover-title\">\n\t\t\t\t\t<a class=\"fusion-rollover-title-link\" href=\"https:\/\/intelsynet.com\/es\/volvo-amplia-su-colaboracion-con-nvidia\/\">\n\t\t\t\t\t\tVolvo ampl\u00eda su colaboraci\u00f3n con NVIDIA.\t\t\t\t\t<\/a>\n\t\t\t\t<\/h4>\n\t\t\t\n\t\t\t\t\t\t\t\t\n\t\t\n\t\t\t\t\t\t<a class=\"fusion-link-wrapper\" href=\"https:\/\/intelsynet.com\/es\/volvo-amplia-su-colaboracion-con-nvidia\/\" aria-label=\"Volvo ampl\u00eda su colaboraci\u00f3n con NVIDIA.\"><\/a>\n\t<\/div>\n<\/div>\n<\/div>\n<\/li>\n\t\t\t\n\t\t\t\n\t\t\t\t\t\t\t\t<\/ul>\n\t<\/div>\n\t<div class=\"fusion-post-content-wrapper\" style=\"padding:30px 25px 20px 25px;\"><div class=\"fusion-post-content post-content\"><h2 class=\"blog-shortcode-post-title entry-title\"><a href=\"https:\/\/intelsynet.com\/es\/volvo-amplia-su-colaboracion-con-nvidia\/\">Volvo ampl\u00eda su colaboraci\u00f3n con NVIDIA.<\/a><\/h2><\/div><\/div><div class=\"fusion-clearfix\"><\/div><\/div>\n<\/article>\n<article id=\"blog-1-post-1775\" class=\"fusion-post-grid post-1775 post type-post status-publish format-standard has-post-thumbnail hentry category-nuestros-articulos\">\n<div class=\"fusion-post-wrapper\" style=\"background-color:rgba(255,255,255,0);border:1px solid #e8e8e8;border-bottom-width:3px;\">\n\n\t\t\t<div class=\"fusion-flexslider flexslider fusion-flexslider-loading fusion-post-slideshow\" style=\"border-color:#e8e8e8;\">\n\t\t<ul class=\"slides\">\n\t\t\t\n\t\t\t\t\t\t\t\t\t\t\t\t\t\t<li><div  class=\"fusion-image-wrapper\" aria-haspopup=\"true\">\n\t\t\t\t<img decoding=\"async\" width=\"1800\" height=\"1111\" data-src=\"https:\/\/intelsynet.com\/wp-content\/uploads\/2022\/04\/20220404PHT26610_original-e1651047036257.jpg\" class=\"attachment-full size-full wp-post-image lazyload\" alt=\"\" data-srcset=\"https:\/\/intelsynet.com\/wp-content\/uploads\/2022\/04\/20220404PHT26610_original-e1651047036257-200x123.jpg 200w, https:\/\/intelsynet.com\/wp-content\/uploads\/2022\/04\/20220404PHT26610_original-e1651047036257-400x247.jpg 400w, https:\/\/intelsynet.com\/wp-content\/uploads\/2022\/04\/20220404PHT26610_original-e1651047036257-600x370.jpg 600w, https:\/\/intelsynet.com\/wp-content\/uploads\/2022\/04\/20220404PHT26610_original-e1651047036257-800x494.jpg 800w, https:\/\/intelsynet.com\/wp-content\/uploads\/2022\/04\/20220404PHT26610_original-e1651047036257-1200x741.jpg 1200w, https:\/\/intelsynet.com\/wp-content\/uploads\/2022\/04\/20220404PHT26610_original-e1651047036257.jpg 1800w\" data-sizes=\"(min-width: 2200px) 100vw, (min-width: 784px) 363px, (min-width: 712px) 545px, (min-width: 640px) 712px,\" src=\"data:image\/svg+xml;base64,PHN2ZyB3aWR0aD0iMSIgaGVpZ2h0PSIxIiB4bWxucz0iaHR0cDovL3d3dy53My5vcmcvMjAwMC9zdmciPjwvc3ZnPg==\" style=\"--smush-placeholder-width: 1800px; --smush-placeholder-aspect-ratio: 1800\/1111;\" \/><div class=\"fusion-rollover\">\n\t<div class=\"fusion-rollover-content\">\n\n\t\t\t\t\n\t\t\n\t\t\t\t\t\t\t\t\t\t\t\t<h4 class=\"fusion-rollover-title\">\n\t\t\t\t\t<a class=\"fusion-rollover-title-link\" href=\"https:\/\/intelsynet.com\/es\/microsoft-compra-nuance-para-posicionarse-en-el-sector-sanitario\/\">\n\t\t\t\t\t\tMicrosoft compra Nuance para posicionarse en el sector sanitario.\t\t\t\t\t<\/a>\n\t\t\t\t<\/h4>\n\t\t\t\n\t\t\t\t\t\t\t\t\n\t\t\n\t\t\t\t\t\t<a class=\"fusion-link-wrapper\" href=\"https:\/\/intelsynet.com\/es\/microsoft-compra-nuance-para-posicionarse-en-el-sector-sanitario\/\" aria-label=\"Microsoft compra Nuance para posicionarse en el sector sanitario.\"><\/a>\n\t<\/div>\n<\/div>\n<\/div>\n<\/li>\n\t\t\t\n\t\t\t\n\t\t\t\t\t\t\t\t<\/ul>\n\t<\/div>\n\t<div class=\"fusion-post-content-wrapper\" style=\"padding:30px 25px 20px 25px;\"><div class=\"fusion-post-content post-content\"><h2 class=\"blog-shortcode-post-title entry-title\"><a href=\"https:\/\/intelsynet.com\/es\/microsoft-compra-nuance-para-posicionarse-en-el-sector-sanitario\/\">Microsoft compra Nuance para posicionarse en el sector sanitario.<\/a><\/h2><\/div><\/div><div class=\"fusion-clearfix\"><\/div><\/div>\n<\/article>\n<article id=\"blog-1-post-1770\" class=\"fusion-post-grid post-1770 post type-post status-publish format-standard has-post-thumbnail hentry category-nuestros-articulos\">\n<div class=\"fusion-post-wrapper\" style=\"background-color:rgba(255,255,255,0);border:1px solid #e8e8e8;border-bottom-width:3px;\">\n\n\t\t\t<div class=\"fusion-flexslider flexslider fusion-flexslider-loading fusion-post-slideshow\" style=\"border-color:#e8e8e8;\">\n\t\t<ul class=\"slides\">\n\t\t\t\n\t\t\t\t\t\t\t\t\t\t\t\t\t\t<li><div  class=\"fusion-image-wrapper\" aria-haspopup=\"true\">\n\t\t\t\t<img decoding=\"async\" width=\"1200\" height=\"741\" data-src=\"https:\/\/intelsynet.com\/wp-content\/uploads\/2021\/04\/BBVA-Shanghai.jpg\" class=\"attachment-full size-full wp-post-image lazyload\" alt=\"\" data-srcset=\"https:\/\/intelsynet.com\/wp-content\/uploads\/2021\/04\/BBVA-Shanghai-200x124.jpg 200w, https:\/\/intelsynet.com\/wp-content\/uploads\/2021\/04\/BBVA-Shanghai-400x247.jpg 400w, https:\/\/intelsynet.com\/wp-content\/uploads\/2021\/04\/BBVA-Shanghai-600x371.jpg 600w, https:\/\/intelsynet.com\/wp-content\/uploads\/2021\/04\/BBVA-Shanghai-800x494.jpg 800w, https:\/\/intelsynet.com\/wp-content\/uploads\/2021\/04\/BBVA-Shanghai.jpg 1200w\" data-sizes=\"(min-width: 2200px) 100vw, (min-width: 784px) 363px, (min-width: 712px) 545px, (min-width: 640px) 712px,\" src=\"data:image\/svg+xml;base64,PHN2ZyB3aWR0aD0iMSIgaGVpZ2h0PSIxIiB4bWxucz0iaHR0cDovL3d3dy53My5vcmcvMjAwMC9zdmciPjwvc3ZnPg==\" style=\"--smush-placeholder-width: 1200px; --smush-placeholder-aspect-ratio: 1200\/741;\" \/><div class=\"fusion-rollover\">\n\t<div class=\"fusion-rollover-content\">\n\n\t\t\t\t\n\t\t\n\t\t\t\t\t\t\t\t\t\t\t\t<h4 class=\"fusion-rollover-title\">\n\t\t\t\t\t<a class=\"fusion-rollover-title-link\" href=\"https:\/\/intelsynet.com\/es\/bbva-shanghai-formaliza-su-primer-prestamo-corporativo-en-rmb\/\">\n\t\t\t\t\t\tBBVA Shangh\u00e1i formaliza su primer pr\u00e9stamo corporativo en RMB\t\t\t\t\t<\/a>\n\t\t\t\t<\/h4>\n\t\t\t\n\t\t\t\t\t\t\t\t\n\t\t\n\t\t\t\t\t\t<a class=\"fusion-link-wrapper\" href=\"https:\/\/intelsynet.com\/es\/bbva-shanghai-formaliza-su-primer-prestamo-corporativo-en-rmb\/\" aria-label=\"BBVA Shangh\u00e1i formaliza su primer pr\u00e9stamo corporativo en RMB\"><\/a>\n\t<\/div>\n<\/div>\n<\/div>\n<\/li>\n\t\t\t\n\t\t\t\n\t\t\t\t\t\t\t\t<\/ul>\n\t<\/div>\n\t<div class=\"fusion-post-content-wrapper\" style=\"padding:30px 25px 20px 25px;\"><div class=\"fusion-post-content post-content\"><h2 class=\"blog-shortcode-post-title entry-title\"><a href=\"https:\/\/intelsynet.com\/es\/bbva-shanghai-formaliza-su-primer-prestamo-corporativo-en-rmb\/\">BBVA Shangh\u00e1i formaliza su primer pr\u00e9stamo corporativo en RMB<\/a><\/h2><\/div><\/div><div class=\"fusion-clearfix\"><\/div><\/div>\n<\/article>\n<article id=\"blog-1-post-1763\" class=\"fusion-post-grid post-1763 post type-post status-publish format-standard has-post-thumbnail hentry category-nuestros-articulos\">\n<div class=\"fusion-post-wrapper\" style=\"background-color:rgba(255,255,255,0);border:1px solid #e8e8e8;border-bottom-width:3px;\">\n\n\t\t\t<div class=\"fusion-flexslider flexslider fusion-flexslider-loading fusion-post-slideshow\" style=\"border-color:#e8e8e8;\">\n\t\t<ul class=\"slides\">\n\t\t\t\n\t\t\t\t\t\t\t\t\t\t\t\t\t\t<li><div  class=\"fusion-image-wrapper\" aria-haspopup=\"true\">\n\t\t\t\t<img decoding=\"async\" width=\"1200\" height=\"742\" data-src=\"https:\/\/intelsynet.com\/wp-content\/uploads\/2021\/04\/nodos-edge.jpeg\" class=\"attachment-full size-full wp-post-image lazyload\" alt=\"nodos edge\" data-srcset=\"https:\/\/intelsynet.com\/wp-content\/uploads\/2021\/04\/nodos-edge-200x124.jpeg 200w, https:\/\/intelsynet.com\/wp-content\/uploads\/2021\/04\/nodos-edge-400x247.jpeg 400w, https:\/\/intelsynet.com\/wp-content\/uploads\/2021\/04\/nodos-edge-600x371.jpeg 600w, https:\/\/intelsynet.com\/wp-content\/uploads\/2021\/04\/nodos-edge-800x495.jpeg 800w, https:\/\/intelsynet.com\/wp-content\/uploads\/2021\/04\/nodos-edge.jpeg 1200w\" data-sizes=\"(min-width: 2200px) 100vw, (min-width: 784px) 363px, (min-width: 712px) 545px, (min-width: 640px) 712px,\" src=\"data:image\/svg+xml;base64,PHN2ZyB3aWR0aD0iMSIgaGVpZ2h0PSIxIiB4bWxucz0iaHR0cDovL3d3dy53My5vcmcvMjAwMC9zdmciPjwvc3ZnPg==\" style=\"--smush-placeholder-width: 1200px; --smush-placeholder-aspect-ratio: 1200\/742;\" \/><div class=\"fusion-rollover\">\n\t<div class=\"fusion-rollover-content\">\n\n\t\t\t\t\n\t\t\n\t\t\t\t\t\t\t\t\t\t\t\t<h4 class=\"fusion-rollover-title\">\n\t\t\t\t\t<a class=\"fusion-rollover-title-link\" href=\"https:\/\/intelsynet.com\/es\/nodos-edge-para-apoyar-al-5g\/\">\n\t\t\t\t\t\tEspa\u00f1a ante el reto de construir 1.000 &#8216;minicentros&#8217; de datos en 2030\t\t\t\t\t<\/a>\n\t\t\t\t<\/h4>\n\t\t\t\n\t\t\t\t\t\t\t\t\n\t\t\n\t\t\t\t\t\t<a class=\"fusion-link-wrapper\" href=\"https:\/\/intelsynet.com\/es\/nodos-edge-para-apoyar-al-5g\/\" aria-label=\"Espa\u00f1a ante el reto de construir 1.000 &#8216;minicentros&#8217; de datos en 2030\"><\/a>\n\t<\/div>\n<\/div>\n<\/div>\n<\/li>\n\t\t\t\n\t\t\t\n\t\t\t\t\t\t\t\t<\/ul>\n\t<\/div>\n\t<div class=\"fusion-post-content-wrapper\" style=\"padding:30px 25px 20px 25px;\"><div class=\"fusion-post-content post-content\"><h2 class=\"blog-shortcode-post-title entry-title\"><a href=\"https:\/\/intelsynet.com\/es\/nodos-edge-para-apoyar-al-5g\/\">Espa\u00f1a ante el reto de construir 1.000 &#8216;minicentros&#8217; de datos en 2030<\/a><\/h2><\/div><\/div><div class=\"fusion-clearfix\"><\/div><\/div>\n<\/article>\n<article id=\"blog-1-post-1758\" class=\"fusion-post-grid post-1758 post type-post status-publish format-standard has-post-thumbnail hentry category-nuestros-articulos\">\n<div class=\"fusion-post-wrapper\" style=\"background-color:rgba(255,255,255,0);border:1px solid #e8e8e8;border-bottom-width:3px;\">\n\n\t\t\t<div class=\"fusion-flexslider flexslider fusion-flexslider-loading fusion-post-slideshow\" style=\"border-color:#e8e8e8;\">\n\t\t<ul class=\"slides\">\n\t\t\t\n\t\t\t\t\t\t\t\t\t\t\t\t\t\t<li><div  class=\"fusion-image-wrapper\" aria-haspopup=\"true\">\n\t\t\t\t<img decoding=\"async\" width=\"1200\" height=\"742\" data-src=\"https:\/\/intelsynet.com\/wp-content\/uploads\/2021\/03\/Excelsior-Pass.jpg\" class=\"attachment-full size-full wp-post-image lazyload\" alt=\"\" data-srcset=\"https:\/\/intelsynet.com\/wp-content\/uploads\/2021\/03\/Excelsior-Pass-200x124.jpg 200w, https:\/\/intelsynet.com\/wp-content\/uploads\/2021\/03\/Excelsior-Pass-400x247.jpg 400w, https:\/\/intelsynet.com\/wp-content\/uploads\/2021\/03\/Excelsior-Pass-600x371.jpg 600w, https:\/\/intelsynet.com\/wp-content\/uploads\/2021\/03\/Excelsior-Pass-800x495.jpg 800w, https:\/\/intelsynet.com\/wp-content\/uploads\/2021\/03\/Excelsior-Pass.jpg 1200w\" data-sizes=\"(min-width: 2200px) 100vw, (min-width: 784px) 363px, (min-width: 712px) 545px, (min-width: 640px) 712px,\" src=\"data:image\/svg+xml;base64,PHN2ZyB3aWR0aD0iMSIgaGVpZ2h0PSIxIiB4bWxucz0iaHR0cDovL3d3dy53My5vcmcvMjAwMC9zdmciPjwvc3ZnPg==\" style=\"--smush-placeholder-width: 1200px; --smush-placeholder-aspect-ratio: 1200\/742;\" \/><div class=\"fusion-rollover\">\n\t<div class=\"fusion-rollover-content\">\n\n\t\t\t\t\n\t\t\n\t\t\t\t\t\t\t\t\t\t\t\t<h4 class=\"fusion-rollover-title\">\n\t\t\t\t\t<a class=\"fusion-rollover-title-link\" href=\"https:\/\/intelsynet.com\/es\/excelsior-pass-el-pasaporte-covid-de-nueva-york\/\">\n\t\t\t\t\t\t&#8216;Excelsior Pass&#8217;, el pasaporte Covid de Nueva York\t\t\t\t\t<\/a>\n\t\t\t\t<\/h4>\n\t\t\t\n\t\t\t\t\t\t\t\t\n\t\t\n\t\t\t\t\t\t<a class=\"fusion-link-wrapper\" href=\"https:\/\/intelsynet.com\/es\/excelsior-pass-el-pasaporte-covid-de-nueva-york\/\" aria-label=\"&#8216;Excelsior Pass&#8217;, el pasaporte Covid de Nueva York\"><\/a>\n\t<\/div>\n<\/div>\n<\/div>\n<\/li>\n\t\t\t\n\t\t\t\n\t\t\t\t\t\t\t\t<\/ul>\n\t<\/div>\n\t<div class=\"fusion-post-content-wrapper\" style=\"padding:30px 25px 20px 25px;\"><div class=\"fusion-post-content post-content\"><h2 class=\"blog-shortcode-post-title entry-title\"><a href=\"https:\/\/intelsynet.com\/es\/excelsior-pass-el-pasaporte-covid-de-nueva-york\/\">&#8216;Excelsior Pass&#8217;, el pasaporte Covid de Nueva York<\/a><\/h2><\/div><\/div><div class=\"fusion-clearfix\"><\/div><\/div>\n<\/article>\n<article id=\"blog-1-post-1753\" class=\"fusion-post-grid post-1753 post type-post status-publish format-standard has-post-thumbnail hentry category-nuestros-articulos\">\n<div class=\"fusion-post-wrapper\" style=\"background-color:rgba(255,255,255,0);border:1px solid #e8e8e8;border-bottom-width:3px;\">\n\n\t\t\t<div class=\"fusion-flexslider flexslider fusion-flexslider-loading fusion-post-slideshow\" style=\"border-color:#e8e8e8;\">\n\t\t<ul class=\"slides\">\n\t\t\t\n\t\t\t\t\t\t\t\t\t\t\t\t\t\t<li><div  class=\"fusion-image-wrapper\" aria-haspopup=\"true\">\n\t\t\t\t<img decoding=\"async\" width=\"1200\" height=\"742\" data-src=\"https:\/\/intelsynet.com\/wp-content\/uploads\/2021\/03\/ataque-de-ramsonware-.jpg\" class=\"attachment-full size-full wp-post-image lazyload\" alt=\"\" data-srcset=\"https:\/\/intelsynet.com\/wp-content\/uploads\/2021\/03\/ataque-de-ramsonware--200x124.jpg 200w, https:\/\/intelsynet.com\/wp-content\/uploads\/2021\/03\/ataque-de-ramsonware--400x247.jpg 400w, https:\/\/intelsynet.com\/wp-content\/uploads\/2021\/03\/ataque-de-ramsonware--600x371.jpg 600w, https:\/\/intelsynet.com\/wp-content\/uploads\/2021\/03\/ataque-de-ramsonware--800x495.jpg 800w, https:\/\/intelsynet.com\/wp-content\/uploads\/2021\/03\/ataque-de-ramsonware-.jpg 1200w\" data-sizes=\"(min-width: 2200px) 100vw, (min-width: 784px) 363px, (min-width: 712px) 545px, (min-width: 640px) 712px,\" src=\"data:image\/svg+xml;base64,PHN2ZyB3aWR0aD0iMSIgaGVpZ2h0PSIxIiB4bWxucz0iaHR0cDovL3d3dy53My5vcmcvMjAwMC9zdmciPjwvc3ZnPg==\" style=\"--smush-placeholder-width: 1200px; --smush-placeholder-aspect-ratio: 1200\/742;\" \/><div class=\"fusion-rollover\">\n\t<div class=\"fusion-rollover-content\">\n\n\t\t\t\t\n\t\t\n\t\t\t\t\t\t\t\t\t\t\t\t<h4 class=\"fusion-rollover-title\">\n\t\t\t\t\t<a class=\"fusion-rollover-title-link\" href=\"https:\/\/intelsynet.com\/es\/acer-afectado-por-un-ataque-de-ramsonware\/\">\n\t\t\t\t\t\tAcer, afectado por un ataque de Ramsonware\t\t\t\t\t<\/a>\n\t\t\t\t<\/h4>\n\t\t\t\n\t\t\t\t\t\t\t\t\n\t\t\n\t\t\t\t\t\t<a class=\"fusion-link-wrapper\" href=\"https:\/\/intelsynet.com\/es\/acer-afectado-por-un-ataque-de-ramsonware\/\" aria-label=\"Acer, afectado por un ataque de Ramsonware\"><\/a>\n\t<\/div>\n<\/div>\n<\/div>\n<\/li>\n\t\t\t\n\t\t\t\n\t\t\t\t\t\t\t\t<\/ul>\n\t<\/div>\n\t<div class=\"fusion-post-content-wrapper\" style=\"padding:30px 25px 20px 25px;\"><div class=\"fusion-post-content post-content\"><h2 class=\"blog-shortcode-post-title entry-title\"><a href=\"https:\/\/intelsynet.com\/es\/acer-afectado-por-un-ataque-de-ramsonware\/\">Acer, afectado por un ataque de Ramsonware<\/a><\/h2><\/div><\/div><div class=\"fusion-clearfix\"><\/div><\/div>\n<\/article>\n<article id=\"blog-1-post-1742\" class=\"fusion-post-grid post-1742 post type-post status-publish format-standard has-post-thumbnail hentry category-nuestros-articulos\">\n<div class=\"fusion-post-wrapper\" style=\"background-color:rgba(255,255,255,0);border:1px solid #e8e8e8;border-bottom-width:3px;\">\n\n\t\t\t<div class=\"fusion-flexslider flexslider fusion-flexslider-loading fusion-post-slideshow\" style=\"border-color:#e8e8e8;\">\n\t\t<ul class=\"slides\">\n\t\t\t\n\t\t\t\t\t\t\t\t\t\t\t\t\t\t<li><div  class=\"fusion-image-wrapper\" aria-haspopup=\"true\">\n\t\t\t\t<img decoding=\"async\" width=\"1200\" height=\"742\" data-src=\"https:\/\/intelsynet.com\/wp-content\/uploads\/2021\/03\/106951806_053320441-1.jpg\" class=\"attachment-full size-full wp-post-image lazyload\" alt=\"\" data-srcset=\"https:\/\/intelsynet.com\/wp-content\/uploads\/2021\/03\/106951806_053320441-1-200x124.jpg 200w, https:\/\/intelsynet.com\/wp-content\/uploads\/2021\/03\/106951806_053320441-1-400x247.jpg 400w, https:\/\/intelsynet.com\/wp-content\/uploads\/2021\/03\/106951806_053320441-1-600x371.jpg 600w, https:\/\/intelsynet.com\/wp-content\/uploads\/2021\/03\/106951806_053320441-1-800x495.jpg 800w, https:\/\/intelsynet.com\/wp-content\/uploads\/2021\/03\/106951806_053320441-1.jpg 1200w\" data-sizes=\"(min-width: 2200px) 100vw, (min-width: 784px) 363px, (min-width: 712px) 545px, (min-width: 640px) 712px,\" src=\"data:image\/svg+xml;base64,PHN2ZyB3aWR0aD0iMSIgaGVpZ2h0PSIxIiB4bWxucz0iaHR0cDovL3d3dy53My5vcmcvMjAwMC9zdmciPjwvc3ZnPg==\" style=\"--smush-placeholder-width: 1200px; --smush-placeholder-aspect-ratio: 1200\/742;\" \/><div class=\"fusion-rollover\">\n\t<div class=\"fusion-rollover-content\">\n\n\t\t\t\t\n\t\t\n\t\t\t\t\t\t\t\t\t\t\t\t<h4 class=\"fusion-rollover-title\">\n\t\t\t\t\t<a class=\"fusion-rollover-title-link\" href=\"https:\/\/intelsynet.com\/es\/cooperacion-sostenible-china-estados-unidos\/\">\n\t\t\t\t\t\tCooperaci\u00f3n \u201csostenible\u201d China &#8211; Estados Unidos\t\t\t\t\t<\/a>\n\t\t\t\t<\/h4>\n\t\t\t\n\t\t\t\t\t\t\t\t\n\t\t\n\t\t\t\t\t\t<a class=\"fusion-link-wrapper\" href=\"https:\/\/intelsynet.com\/es\/cooperacion-sostenible-china-estados-unidos\/\" aria-label=\"Cooperaci\u00f3n \u201csostenible\u201d China &#8211; Estados Unidos\"><\/a>\n\t<\/div>\n<\/div>\n<\/div>\n<\/li>\n\t\t\t\n\t\t\t\n\t\t\t\t\t\t\t\t<\/ul>\n\t<\/div>\n\t<div class=\"fusion-post-content-wrapper\" style=\"padding:30px 25px 20px 25px;\"><div class=\"fusion-post-content post-content\"><h2 class=\"blog-shortcode-post-title entry-title\"><a href=\"https:\/\/intelsynet.com\/es\/cooperacion-sostenible-china-estados-unidos\/\">Cooperaci\u00f3n \u201csostenible\u201d China &#8211; Estados Unidos<\/a><\/h2><\/div><\/div><div class=\"fusion-clearfix\"><\/div><\/div>\n<\/article>\n<article id=\"blog-1-post-1736\" class=\"fusion-post-grid post-1736 post type-post status-publish format-standard has-post-thumbnail hentry category-nuestros-articulos\">\n<div class=\"fusion-post-wrapper\" style=\"background-color:rgba(255,255,255,0);border:1px solid #e8e8e8;border-bottom-width:3px;\">\n\n\t\t\t<div class=\"fusion-flexslider flexslider fusion-flexslider-loading fusion-post-slideshow\" style=\"border-color:#e8e8e8;\">\n\t\t<ul class=\"slides\">\n\t\t\t\n\t\t\t\t\t\t\t\t\t\t\t\t\t\t<li><div  class=\"fusion-image-wrapper\" aria-haspopup=\"true\">\n\t\t\t\t<img decoding=\"async\" width=\"1200\" height=\"742\" data-src=\"https:\/\/intelsynet.com\/wp-content\/uploads\/2021\/03\/ep_nuevo_logo_del_bbva_a_las_puertas_de_su_sede_en_madrid_780x440.jpg\" class=\"attachment-full size-full wp-post-image lazyload\" alt=\"\" data-srcset=\"https:\/\/intelsynet.com\/wp-content\/uploads\/2021\/03\/ep_nuevo_logo_del_bbva_a_las_puertas_de_su_sede_en_madrid_780x440-200x124.jpg 200w, https:\/\/intelsynet.com\/wp-content\/uploads\/2021\/03\/ep_nuevo_logo_del_bbva_a_las_puertas_de_su_sede_en_madrid_780x440-400x247.jpg 400w, https:\/\/intelsynet.com\/wp-content\/uploads\/2021\/03\/ep_nuevo_logo_del_bbva_a_las_puertas_de_su_sede_en_madrid_780x440-600x371.jpg 600w, https:\/\/intelsynet.com\/wp-content\/uploads\/2021\/03\/ep_nuevo_logo_del_bbva_a_las_puertas_de_su_sede_en_madrid_780x440-800x495.jpg 800w, https:\/\/intelsynet.com\/wp-content\/uploads\/2021\/03\/ep_nuevo_logo_del_bbva_a_las_puertas_de_su_sede_en_madrid_780x440.jpg 1200w\" data-sizes=\"(min-width: 2200px) 100vw, (min-width: 784px) 363px, (min-width: 712px) 545px, (min-width: 640px) 712px,\" src=\"data:image\/svg+xml;base64,PHN2ZyB3aWR0aD0iMSIgaGVpZ2h0PSIxIiB4bWxucz0iaHR0cDovL3d3dy53My5vcmcvMjAwMC9zdmciPjwvc3ZnPg==\" style=\"--smush-placeholder-width: 1200px; --smush-placeholder-aspect-ratio: 1200\/742;\" \/><div class=\"fusion-rollover\">\n\t<div class=\"fusion-rollover-content\">\n\n\t\t\t\t\n\t\t\n\t\t\t\t\t\t\t\t\t\t\t\t<h4 class=\"fusion-rollover-title\">\n\t\t\t\t\t<a class=\"fusion-rollover-title-link\" href=\"https:\/\/intelsynet.com\/es\/bbva-asset-management-incorpora-criterios-de-sostenibilidad-en-el-proceso-de-inversion-de-todos-sus-productos\/\">\n\t\t\t\t\t\tBBVA Asset Management incorpora criterios de sostenibilidad en el proceso de inversi\u00f3n de todos sus productos\t\t\t\t\t<\/a>\n\t\t\t\t<\/h4>\n\t\t\t\n\t\t\t\t\t\t\t\t\n\t\t\n\t\t\t\t\t\t<a class=\"fusion-link-wrapper\" href=\"https:\/\/intelsynet.com\/es\/bbva-asset-management-incorpora-criterios-de-sostenibilidad-en-el-proceso-de-inversion-de-todos-sus-productos\/\" aria-label=\"BBVA Asset Management incorpora criterios de sostenibilidad en el proceso de inversi\u00f3n de todos sus productos\"><\/a>\n\t<\/div>\n<\/div>\n<\/div>\n<\/li>\n\t\t\t\n\t\t\t\n\t\t\t\t\t\t\t\t<\/ul>\n\t<\/div>\n\t<div class=\"fusion-post-content-wrapper\" style=\"padding:30px 25px 20px 25px;\"><div class=\"fusion-post-content post-content\"><h2 class=\"blog-shortcode-post-title entry-title\"><a href=\"https:\/\/intelsynet.com\/es\/bbva-asset-management-incorpora-criterios-de-sostenibilidad-en-el-proceso-de-inversion-de-todos-sus-productos\/\">BBVA Asset Management incorpora criterios de sostenibilidad en el proceso de inversi\u00f3n de todos sus productos<\/a><\/h2><\/div><\/div><div class=\"fusion-clearfix\"><\/div><\/div>\n<\/article>\n<article id=\"blog-1-post-1724\" class=\"fusion-post-grid post-1724 post type-post status-publish format-standard has-post-thumbnail hentry category-nuestros-articulos\">\n<div class=\"fusion-post-wrapper\" style=\"background-color:rgba(255,255,255,0);border:1px solid #e8e8e8;border-bottom-width:3px;\">\n\n\t\t\t<div class=\"fusion-flexslider flexslider fusion-flexslider-loading fusion-post-slideshow\" style=\"border-color:#e8e8e8;\">\n\t\t<ul class=\"slides\">\n\t\t\t\n\t\t\t\t\t\t\t\t\t\t\t\t\t\t<li><div  class=\"fusion-image-wrapper\" aria-haspopup=\"true\">\n\t\t\t\t<img decoding=\"async\" width=\"2560\" height=\"1397\" data-src=\"https:\/\/intelsynet.com\/wp-content\/uploads\/2021\/02\/green_hydrogen-scaled.jpg\" class=\"attachment-full size-full wp-post-image lazyload\" alt=\"green-hydrogen\" data-srcset=\"https:\/\/intelsynet.com\/wp-content\/uploads\/2021\/02\/green_hydrogen-200x109.jpg 200w, https:\/\/intelsynet.com\/wp-content\/uploads\/2021\/02\/green_hydrogen-400x218.jpg 400w, https:\/\/intelsynet.com\/wp-content\/uploads\/2021\/02\/green_hydrogen-600x327.jpg 600w, https:\/\/intelsynet.com\/wp-content\/uploads\/2021\/02\/green_hydrogen-800x436.jpg 800w, https:\/\/intelsynet.com\/wp-content\/uploads\/2021\/02\/green_hydrogen-1200x655.jpg 1200w, https:\/\/intelsynet.com\/wp-content\/uploads\/2021\/02\/green_hydrogen-scaled.jpg 2560w\" data-sizes=\"(min-width: 2200px) 100vw, (min-width: 784px) 363px, (min-width: 712px) 545px, (min-width: 640px) 712px,\" src=\"data:image\/svg+xml;base64,PHN2ZyB3aWR0aD0iMSIgaGVpZ2h0PSIxIiB4bWxucz0iaHR0cDovL3d3dy53My5vcmcvMjAwMC9zdmciPjwvc3ZnPg==\" style=\"--smush-placeholder-width: 2560px; --smush-placeholder-aspect-ratio: 2560\/1397;\" \/><div class=\"fusion-rollover\">\n\t<div class=\"fusion-rollover-content\">\n\n\t\t\t\t\n\t\t\n\t\t\t\t\t\t\t\t\t\t\t\t<h4 class=\"fusion-rollover-title\">\n\t\t\t\t\t<a class=\"fusion-rollover-title-link\" href=\"https:\/\/intelsynet.com\/es\/el-hidrogeno-verde-la-ruta-correcta\/\">\n\t\t\t\t\t\tEl hidr\u00f3geno verde, la ruta correcta\t\t\t\t\t<\/a>\n\t\t\t\t<\/h4>\n\t\t\t\n\t\t\t\t\t\t\t\t\n\t\t\n\t\t\t\t\t\t<a class=\"fusion-link-wrapper\" href=\"https:\/\/intelsynet.com\/es\/el-hidrogeno-verde-la-ruta-correcta\/\" aria-label=\"El hidr\u00f3geno verde, la ruta correcta\"><\/a>\n\t<\/div>\n<\/div>\n<\/div>\n<\/li>\n\t\t\t\n\t\t\t\n\t\t\t\t\t\t\t\t<\/ul>\n\t<\/div>\n\t<div class=\"fusion-post-content-wrapper\" style=\"padding:30px 25px 20px 25px;\"><div class=\"fusion-post-content post-content\"><h2 class=\"blog-shortcode-post-title entry-title\"><a href=\"https:\/\/intelsynet.com\/es\/el-hidrogeno-verde-la-ruta-correcta\/\">El hidr\u00f3geno verde, la ruta correcta<\/a><\/h2><\/div><\/div><div class=\"fusion-clearfix\"><\/div><\/div>\n<\/article>\n<article id=\"blog-1-post-1719\" class=\"fusion-post-grid post-1719 post type-post status-publish format-standard has-post-thumbnail hentry category-nuestros-articulos\">\n<div class=\"fusion-post-wrapper\" style=\"background-color:rgba(255,255,255,0);border:1px solid #e8e8e8;border-bottom-width:3px;\">\n\n\t\t\t<div class=\"fusion-flexslider flexslider fusion-flexslider-loading fusion-post-slideshow\" style=\"border-color:#e8e8e8;\">\n\t\t<ul class=\"slides\">\n\t\t\t\n\t\t\t\t\t\t\t\t\t\t\t\t\t\t<li><div  class=\"fusion-image-wrapper\" aria-haspopup=\"true\">\n\t\t\t\t<img decoding=\"async\" width=\"1200\" height=\"741\" data-src=\"https:\/\/intelsynet.com\/wp-content\/uploads\/2021\/02\/BBVA-actualiza-su-Politica-de-RSC.jpg\" class=\"attachment-full size-full wp-post-image lazyload\" alt=\"BBVA actualiza su Pol\u00edtica de RSC\" data-srcset=\"https:\/\/intelsynet.com\/wp-content\/uploads\/2021\/02\/BBVA-actualiza-su-Politica-de-RSC-200x124.jpg 200w, https:\/\/intelsynet.com\/wp-content\/uploads\/2021\/02\/BBVA-actualiza-su-Politica-de-RSC-400x247.jpg 400w, https:\/\/intelsynet.com\/wp-content\/uploads\/2021\/02\/BBVA-actualiza-su-Politica-de-RSC-600x371.jpg 600w, https:\/\/intelsynet.com\/wp-content\/uploads\/2021\/02\/BBVA-actualiza-su-Politica-de-RSC-800x494.jpg 800w, https:\/\/intelsynet.com\/wp-content\/uploads\/2021\/02\/BBVA-actualiza-su-Politica-de-RSC.jpg 1200w\" data-sizes=\"(min-width: 2200px) 100vw, (min-width: 784px) 363px, (min-width: 712px) 545px, (min-width: 640px) 712px,\" src=\"data:image\/svg+xml;base64,PHN2ZyB3aWR0aD0iMSIgaGVpZ2h0PSIxIiB4bWxucz0iaHR0cDovL3d3dy53My5vcmcvMjAwMC9zdmciPjwvc3ZnPg==\" style=\"--smush-placeholder-width: 1200px; --smush-placeholder-aspect-ratio: 1200\/741;\" \/><div class=\"fusion-rollover\">\n\t<div class=\"fusion-rollover-content\">\n\n\t\t\t\t\n\t\t\n\t\t\t\t\t\t\t\t\t\t\t\t<h4 class=\"fusion-rollover-title\">\n\t\t\t\t\t<a class=\"fusion-rollover-title-link\" href=\"https:\/\/intelsynet.com\/es\/bbva-actualiza-su-politica-de-rsc\/\">\n\t\t\t\t\t\tBBVA actualiza su Pol\u00edtica de RSC\t\t\t\t\t<\/a>\n\t\t\t\t<\/h4>\n\t\t\t\n\t\t\t\t\t\t\t\t\n\t\t\n\t\t\t\t\t\t<a class=\"fusion-link-wrapper\" href=\"https:\/\/intelsynet.com\/es\/bbva-actualiza-su-politica-de-rsc\/\" aria-label=\"BBVA actualiza su Pol\u00edtica de RSC\"><\/a>\n\t<\/div>\n<\/div>\n<\/div>\n<\/li>\n\t\t\t\n\t\t\t\n\t\t\t\t\t\t\t\t<\/ul>\n\t<\/div>\n\t<div class=\"fusion-post-content-wrapper\" style=\"padding:30px 25px 20px 25px;\"><div class=\"fusion-post-content post-content\"><h2 class=\"blog-shortcode-post-title entry-title\"><a href=\"https:\/\/intelsynet.com\/es\/bbva-actualiza-su-politica-de-rsc\/\">BBVA actualiza su Pol\u00edtica de RSC<\/a><\/h2><\/div><\/div><div class=\"fusion-clearfix\"><\/div><\/div>\n<\/article>\n<article id=\"blog-1-post-1697\" class=\"fusion-post-grid post-1697 post type-post status-publish format-standard has-post-thumbnail hentry category-nuestros-articulos category-geopolitica\">\n<div class=\"fusion-post-wrapper\" style=\"background-color:rgba(255,255,255,0);border:1px solid #e8e8e8;border-bottom-width:3px;\">\n\n\t\t\t<div class=\"fusion-flexslider flexslider fusion-flexslider-loading fusion-post-slideshow\" style=\"border-color:#e8e8e8;\">\n\t\t<ul class=\"slides\">\n\t\t\t\n\t\t\t\t\t\t\t\t\t\t\t\t\t\t<li><div  class=\"fusion-image-wrapper\" aria-haspopup=\"true\">\n\t\t\t\t<img decoding=\"async\" width=\"1140\" height=\"419\" data-src=\"https:\/\/intelsynet.com\/wp-content\/uploads\/2020\/06\/china-uber-taxi-didi-e1592914471149-1140x419-1.jpg\" class=\"attachment-full size-full wp-post-image lazyload\" alt=\"\" data-srcset=\"https:\/\/intelsynet.com\/wp-content\/uploads\/2020\/06\/china-uber-taxi-didi-e1592914471149-1140x419-1-200x74.jpg 200w, https:\/\/intelsynet.com\/wp-content\/uploads\/2020\/06\/china-uber-taxi-didi-e1592914471149-1140x419-1-400x147.jpg 400w, https:\/\/intelsynet.com\/wp-content\/uploads\/2020\/06\/china-uber-taxi-didi-e1592914471149-1140x419-1-600x221.jpg 600w, https:\/\/intelsynet.com\/wp-content\/uploads\/2020\/06\/china-uber-taxi-didi-e1592914471149-1140x419-1-800x294.jpg 800w, https:\/\/intelsynet.com\/wp-content\/uploads\/2020\/06\/china-uber-taxi-didi-e1592914471149-1140x419-1.jpg 1140w\" data-sizes=\"(min-width: 2200px) 100vw, (min-width: 784px) 363px, (min-width: 712px) 545px, (min-width: 640px) 712px,\" src=\"data:image\/svg+xml;base64,PHN2ZyB3aWR0aD0iMSIgaGVpZ2h0PSIxIiB4bWxucz0iaHR0cDovL3d3dy53My5vcmcvMjAwMC9zdmciPjwvc3ZnPg==\" style=\"--smush-placeholder-width: 1140px; --smush-placeholder-aspect-ratio: 1140\/419;\" \/><div class=\"fusion-rollover\">\n\t<div class=\"fusion-rollover-content\">\n\n\t\t\t\t\n\t\t\n\t\t\t\t\t\t\t\t\t\t\t\t<h4 class=\"fusion-rollover-title\">\n\t\t\t\t\t<a class=\"fusion-rollover-title-link\" href=\"https:\/\/intelsynet.com\/es\/automovil-y-revolucion-verde-una-alianza-posible\/\">\n\t\t\t\t\t\tAutom\u00f3vil y revoluci\u00f3n verde: una alianza posible\t\t\t\t\t<\/a>\n\t\t\t\t<\/h4>\n\t\t\t\n\t\t\t\t\t\t\t\t\n\t\t\n\t\t\t\t\t\t<a class=\"fusion-link-wrapper\" href=\"https:\/\/intelsynet.com\/es\/automovil-y-revolucion-verde-una-alianza-posible\/\" aria-label=\"Autom\u00f3vil y revoluci\u00f3n verde: una alianza posible\"><\/a>\n\t<\/div>\n<\/div>\n<\/div>\n<\/li>\n\t\t\t\n\t\t\t\n\t\t\t\t\t\t\t\t<\/ul>\n\t<\/div>\n\t<div class=\"fusion-post-content-wrapper\" style=\"padding:30px 25px 20px 25px;\"><div class=\"fusion-post-content post-content\"><h2 class=\"blog-shortcode-post-title entry-title\"><a href=\"https:\/\/intelsynet.com\/es\/automovil-y-revolucion-verde-una-alianza-posible\/\">Autom\u00f3vil y revoluci\u00f3n verde: una alianza posible<\/a><\/h2><\/div><\/div><div class=\"fusion-clearfix\"><\/div><\/div>\n<\/article>\n<article id=\"blog-1-post-1688\" class=\"fusion-post-grid post-1688 post type-post status-publish format-standard has-post-thumbnail hentry category-nuestros-articulos category-geopolitica\">\n<div class=\"fusion-post-wrapper\" style=\"background-color:rgba(255,255,255,0);border:1px solid #e8e8e8;border-bottom-width:3px;\">\n\n\t\t\t<div class=\"fusion-flexslider flexslider fusion-flexslider-loading fusion-post-slideshow\" style=\"border-color:#e8e8e8;\">\n\t\t<ul class=\"slides\">\n\t\t\t\n\t\t\t\t\t\t\t\t\t\t\t\t\t\t<li><div  class=\"fusion-image-wrapper\" aria-haspopup=\"true\">\n\t\t\t\t<img decoding=\"async\" width=\"624\" height=\"752\" data-src=\"https:\/\/intelsynet.com\/wp-content\/uploads\/2020\/05\/lecciones-aprendidas-por-que-inditex-va-por-delante-de-espana-en-china.jpg\" class=\"attachment-full size-full wp-post-image lazyload\" alt=\"\" data-srcset=\"https:\/\/intelsynet.com\/wp-content\/uploads\/2020\/05\/lecciones-aprendidas-por-que-inditex-va-por-delante-de-espana-en-china-200x241.jpg 200w, https:\/\/intelsynet.com\/wp-content\/uploads\/2020\/05\/lecciones-aprendidas-por-que-inditex-va-por-delante-de-espana-en-china-400x482.jpg 400w, https:\/\/intelsynet.com\/wp-content\/uploads\/2020\/05\/lecciones-aprendidas-por-que-inditex-va-por-delante-de-espana-en-china-600x723.jpg 600w, https:\/\/intelsynet.com\/wp-content\/uploads\/2020\/05\/lecciones-aprendidas-por-que-inditex-va-por-delante-de-espana-en-china.jpg 624w\" data-sizes=\"(min-width: 2200px) 100vw, (min-width: 784px) 363px, (min-width: 712px) 545px, (min-width: 640px) 712px,\" src=\"data:image\/svg+xml;base64,PHN2ZyB3aWR0aD0iMSIgaGVpZ2h0PSIxIiB4bWxucz0iaHR0cDovL3d3dy53My5vcmcvMjAwMC9zdmciPjwvc3ZnPg==\" style=\"--smush-placeholder-width: 624px; --smush-placeholder-aspect-ratio: 624\/752;\" \/><div class=\"fusion-rollover\">\n\t<div class=\"fusion-rollover-content\">\n\n\t\t\t\t\n\t\t\n\t\t\t\t\t\t\t\t\t\t\t\t<h4 class=\"fusion-rollover-title\">\n\t\t\t\t\t<a class=\"fusion-rollover-title-link\" href=\"https:\/\/intelsynet.com\/es\/lecciones-aprendidas-por-que-inditex-va-por-delante-de-espana-en-china\/\">\n\t\t\t\t\t\tLecciones aprendidas: por qu\u00e9 Inditex va por delante de Espa\u00f1a en China\t\t\t\t\t<\/a>\n\t\t\t\t<\/h4>\n\t\t\t\n\t\t\t\t\t\t\t\t\n\t\t\n\t\t\t\t\t\t<a class=\"fusion-link-wrapper\" href=\"https:\/\/intelsynet.com\/es\/lecciones-aprendidas-por-que-inditex-va-por-delante-de-espana-en-china\/\" aria-label=\"Lecciones aprendidas: por qu\u00e9 Inditex va por delante de Espa\u00f1a en China\"><\/a>\n\t<\/div>\n<\/div>\n<\/div>\n<\/li>\n\t\t\t\n\t\t\t\n\t\t\t\t\t\t\t\t<\/ul>\n\t<\/div>\n\t<div class=\"fusion-post-content-wrapper\" style=\"padding:30px 25px 20px 25px;\"><div class=\"fusion-post-content post-content\"><h2 class=\"blog-shortcode-post-title entry-title\"><a href=\"https:\/\/intelsynet.com\/es\/lecciones-aprendidas-por-que-inditex-va-por-delante-de-espana-en-china\/\">Lecciones aprendidas: por qu\u00e9 Inditex va por delante de Espa\u00f1a en China<\/a><\/h2><\/div><\/div><div class=\"fusion-clearfix\"><\/div><\/div>\n<\/article>\n<article id=\"blog-1-post-1679\" class=\"fusion-post-grid post-1679 post type-post status-publish format-standard has-post-thumbnail hentry category-nuestros-articulos\">\n<div class=\"fusion-post-wrapper\" style=\"background-color:rgba(255,255,255,0);border:1px solid #e8e8e8;border-bottom-width:3px;\">\n\n\t\t\t<div class=\"fusion-flexslider flexslider fusion-flexslider-loading fusion-post-slideshow\" style=\"border-color:#e8e8e8;\">\n\t\t<ul class=\"slides\">\n\t\t\t\n\t\t\t\t\t\t\t\t\t\t\t\t\t\t<li><div  class=\"fusion-image-wrapper\" aria-haspopup=\"true\">\n\t\t\t\t<img decoding=\"async\" width=\"664\" height=\"433\" data-src=\"https:\/\/intelsynet.com\/wp-content\/uploads\/2020\/04\/RECONOCIMIENTO-FACIAL.jpg\" class=\"attachment-full size-full wp-post-image lazyload\" alt=\"\" data-srcset=\"https:\/\/intelsynet.com\/wp-content\/uploads\/2020\/04\/RECONOCIMIENTO-FACIAL-200x130.jpg 200w, https:\/\/intelsynet.com\/wp-content\/uploads\/2020\/04\/RECONOCIMIENTO-FACIAL-400x261.jpg 400w, https:\/\/intelsynet.com\/wp-content\/uploads\/2020\/04\/RECONOCIMIENTO-FACIAL-600x391.jpg 600w, https:\/\/intelsynet.com\/wp-content\/uploads\/2020\/04\/RECONOCIMIENTO-FACIAL.jpg 664w\" data-sizes=\"(min-width: 2200px) 100vw, (min-width: 784px) 363px, (min-width: 712px) 545px, (min-width: 640px) 712px,\" src=\"data:image\/svg+xml;base64,PHN2ZyB3aWR0aD0iMSIgaGVpZ2h0PSIxIiB4bWxucz0iaHR0cDovL3d3dy53My5vcmcvMjAwMC9zdmciPjwvc3ZnPg==\" style=\"--smush-placeholder-width: 664px; --smush-placeholder-aspect-ratio: 664\/433;\" \/><div class=\"fusion-rollover\">\n\t<div class=\"fusion-rollover-content\">\n\n\t\t\t\t\n\t\t\n\t\t\t\t\t\t\t\t\t\t\t\t<h4 class=\"fusion-rollover-title\">\n\t\t\t\t\t<a class=\"fusion-rollover-title-link\" href=\"https:\/\/intelsynet.com\/es\/solucion-intelsynet-reconocimiento-facial\/\">\n\t\t\t\t\t\tSoluci\u00f3n Intelsynet Reconocimiento Facial\t\t\t\t\t<\/a>\n\t\t\t\t<\/h4>\n\t\t\t\n\t\t\t\t\t\t\t\t\n\t\t\n\t\t\t\t\t\t<a class=\"fusion-link-wrapper\" href=\"https:\/\/intelsynet.com\/es\/solucion-intelsynet-reconocimiento-facial\/\" aria-label=\"Soluci\u00f3n Intelsynet Reconocimiento Facial\"><\/a>\n\t<\/div>\n<\/div>\n<\/div>\n<\/li>\n\t\t\t\n\t\t\t\n\t\t\t\t\t\t\t\t<\/ul>\n\t<\/div>\n\t<div class=\"fusion-post-content-wrapper\" style=\"padding:30px 25px 20px 25px;\"><div class=\"fusion-post-content post-content\"><h2 class=\"blog-shortcode-post-title entry-title\"><a href=\"https:\/\/intelsynet.com\/es\/solucion-intelsynet-reconocimiento-facial\/\">Soluci\u00f3n Intelsynet Reconocimiento Facial<\/a><\/h2><\/div><\/div><div class=\"fusion-clearfix\"><\/div><\/div>\n<\/article>\n<article id=\"blog-1-post-1692\" class=\"fusion-post-grid post-1692 post type-post status-publish format-standard has-post-thumbnail hentry category-nuestros-articulos category-gestion-de-riesgos\">\n<div class=\"fusion-post-wrapper\" style=\"background-color:rgba(255,255,255,0);border:1px solid #e8e8e8;border-bottom-width:3px;\">\n\n\t\t\t<div class=\"fusion-flexslider flexslider fusion-flexslider-loading fusion-post-slideshow\" style=\"border-color:#e8e8e8;\">\n\t\t<ul class=\"slides\">\n\t\t\t\n\t\t\t\t\t\t\t\t\t\t\t\t\t\t<li><div  class=\"fusion-image-wrapper\" aria-haspopup=\"true\">\n\t\t\t\t<img decoding=\"async\" width=\"996\" height=\"560\" data-src=\"https:\/\/intelsynet.com\/wp-content\/uploads\/2020\/05\/menos-gente-mas-espacio-asi-sera-la-oficina-el-primer-dia.jpg\" class=\"attachment-full size-full wp-post-image lazyload\" alt=\"\" data-srcset=\"https:\/\/intelsynet.com\/wp-content\/uploads\/2020\/05\/menos-gente-mas-espacio-asi-sera-la-oficina-el-primer-dia-200x112.jpg 200w, https:\/\/intelsynet.com\/wp-content\/uploads\/2020\/05\/menos-gente-mas-espacio-asi-sera-la-oficina-el-primer-dia-400x225.jpg 400w, https:\/\/intelsynet.com\/wp-content\/uploads\/2020\/05\/menos-gente-mas-espacio-asi-sera-la-oficina-el-primer-dia-600x337.jpg 600w, https:\/\/intelsynet.com\/wp-content\/uploads\/2020\/05\/menos-gente-mas-espacio-asi-sera-la-oficina-el-primer-dia-800x450.jpg 800w, https:\/\/intelsynet.com\/wp-content\/uploads\/2020\/05\/menos-gente-mas-espacio-asi-sera-la-oficina-el-primer-dia.jpg 996w\" data-sizes=\"(min-width: 2200px) 100vw, (min-width: 784px) 363px, (min-width: 712px) 545px, (min-width: 640px) 712px,\" src=\"data:image\/svg+xml;base64,PHN2ZyB3aWR0aD0iMSIgaGVpZ2h0PSIxIiB4bWxucz0iaHR0cDovL3d3dy53My5vcmcvMjAwMC9zdmciPjwvc3ZnPg==\" style=\"--smush-placeholder-width: 996px; --smush-placeholder-aspect-ratio: 996\/560;\" \/><div class=\"fusion-rollover\">\n\t<div class=\"fusion-rollover-content\">\n\n\t\t\t\t\n\t\t\n\t\t\t\t\t\t\t\t\t\t\t\t<h4 class=\"fusion-rollover-title\">\n\t\t\t\t\t<a class=\"fusion-rollover-title-link\" href=\"https:\/\/intelsynet.com\/es\/menos-gente-mas-espacio-asi-sera-la-oficina-el-primer-dia\/\">\n\t\t\t\t\t\tMenos gente, m\u00e1s espacio: as\u00ed ser\u00e1 la oficina el primer d\u00eda\t\t\t\t\t<\/a>\n\t\t\t\t<\/h4>\n\t\t\t\n\t\t\t\t\t\t\t\t\n\t\t\n\t\t\t\t\t\t<a class=\"fusion-link-wrapper\" href=\"https:\/\/intelsynet.com\/es\/menos-gente-mas-espacio-asi-sera-la-oficina-el-primer-dia\/\" aria-label=\"Menos gente, m\u00e1s espacio: as\u00ed ser\u00e1 la oficina el primer d\u00eda\"><\/a>\n\t<\/div>\n<\/div>\n<\/div>\n<\/li>\n\t\t\t\n\t\t\t\n\t\t\t\t\t\t\t\t<\/ul>\n\t<\/div>\n\t<div class=\"fusion-post-content-wrapper\" style=\"padding:30px 25px 20px 25px;\"><div class=\"fusion-post-content post-content\"><h2 class=\"blog-shortcode-post-title entry-title\"><a href=\"https:\/\/intelsynet.com\/es\/menos-gente-mas-espacio-asi-sera-la-oficina-el-primer-dia\/\">Menos gente, m\u00e1s espacio: as\u00ed ser\u00e1 la oficina el primer d\u00eda<\/a><\/h2><\/div><\/div><div class=\"fusion-clearfix\"><\/div><\/div>\n<\/article>\n<article id=\"blog-1-post-1670\" class=\"fusion-post-grid post-1670 post type-post status-publish format-standard has-post-thumbnail hentry category-nuestros-articulos\">\n<div class=\"fusion-post-wrapper\" style=\"background-color:rgba(255,255,255,0);border:1px solid #e8e8e8;border-bottom-width:3px;\">\n\n\t\t\t<div class=\"fusion-flexslider flexslider fusion-flexslider-loading fusion-post-slideshow\" style=\"border-color:#e8e8e8;\">\n\t\t<ul class=\"slides\">\n\t\t\t\n\t\t\t\t\t\t\t\t\t\t\t\t\t\t<li><div  class=\"fusion-image-wrapper\" aria-haspopup=\"true\">\n\t\t\t\t<img decoding=\"async\" width=\"1024\" height=\"768\" data-src=\"https:\/\/intelsynet.com\/wp-content\/uploads\/2020\/04\/reconocimiento_facial.png\" class=\"attachment-full size-full wp-post-image lazyload\" alt=\"reconocimiento facial covid-19\" data-srcset=\"https:\/\/intelsynet.com\/wp-content\/uploads\/2020\/04\/reconocimiento_facial-200x150.png 200w, https:\/\/intelsynet.com\/wp-content\/uploads\/2020\/04\/reconocimiento_facial-400x300.png 400w, https:\/\/intelsynet.com\/wp-content\/uploads\/2020\/04\/reconocimiento_facial-600x450.png 600w, https:\/\/intelsynet.com\/wp-content\/uploads\/2020\/04\/reconocimiento_facial-800x600.png 800w, https:\/\/intelsynet.com\/wp-content\/uploads\/2020\/04\/reconocimiento_facial.png 1024w\" data-sizes=\"(min-width: 2200px) 100vw, (min-width: 784px) 363px, (min-width: 712px) 545px, (min-width: 640px) 712px,\" src=\"data:image\/svg+xml;base64,PHN2ZyB3aWR0aD0iMSIgaGVpZ2h0PSIxIiB4bWxucz0iaHR0cDovL3d3dy53My5vcmcvMjAwMC9zdmciPjwvc3ZnPg==\" style=\"--smush-placeholder-width: 1024px; --smush-placeholder-aspect-ratio: 1024\/768;\" \/><div class=\"fusion-rollover\">\n\t<div class=\"fusion-rollover-content\">\n\n\t\t\t\t\n\t\t\n\t\t\t\t\t\t\t\t\t\t\t\t<h4 class=\"fusion-rollover-title\">\n\t\t\t\t\t<a class=\"fusion-rollover-title-link\" href=\"https:\/\/intelsynet.com\/es\/el-reconocimiento-facial-en-el-mundo-empresarial-post-covid19\/\">\n\t\t\t\t\t\tEl Reconocimiento facial en el mundo empresarial post-COVID19\t\t\t\t\t<\/a>\n\t\t\t\t<\/h4>\n\t\t\t\n\t\t\t\t\t\t\t\t\n\t\t\n\t\t\t\t\t\t<a class=\"fusion-link-wrapper\" href=\"https:\/\/intelsynet.com\/es\/el-reconocimiento-facial-en-el-mundo-empresarial-post-covid19\/\" aria-label=\"El Reconocimiento facial en el mundo empresarial post-COVID19\"><\/a>\n\t<\/div>\n<\/div>\n<\/div>\n<\/li>\n\t\t\t\n\t\t\t\n\t\t\t\t\t\t\t\t<\/ul>\n\t<\/div>\n\t<div class=\"fusion-post-content-wrapper\" style=\"padding:30px 25px 20px 25px;\"><div class=\"fusion-post-content post-content\"><h2 class=\"blog-shortcode-post-title entry-title\"><a href=\"https:\/\/intelsynet.com\/es\/el-reconocimiento-facial-en-el-mundo-empresarial-post-covid19\/\">El Reconocimiento facial en el mundo empresarial post-COVID19<\/a><\/h2><\/div><\/div><div class=\"fusion-clearfix\"><\/div><\/div>\n<\/article>\n<article id=\"blog-1-post-1661\" class=\"fusion-post-grid post-1661 post type-post status-publish format-standard has-post-thumbnail hentry category-nuestros-articulos\">\n<div class=\"fusion-post-wrapper\" style=\"background-color:rgba(255,255,255,0);border:1px solid #e8e8e8;border-bottom-width:3px;\">\n\n\t\t\t<div class=\"fusion-flexslider flexslider fusion-flexslider-loading fusion-post-slideshow\" style=\"border-color:#e8e8e8;\">\n\t\t<ul class=\"slides\">\n\t\t\t\n\t\t\t\t\t\t\t\t\t\t\t\t\t\t<li><div  class=\"fusion-image-wrapper\" aria-haspopup=\"true\">\n\t\t\t\t<img decoding=\"async\" width=\"1200\" height=\"742\" data-src=\"https:\/\/intelsynet.com\/wp-content\/uploads\/2020\/03\/logica-economica-en-wall-street.jpg\" class=\"attachment-full size-full wp-post-image lazyload\" alt=\"\" data-srcset=\"https:\/\/intelsynet.com\/wp-content\/uploads\/2020\/03\/logica-economica-en-wall-street-200x124.jpg 200w, https:\/\/intelsynet.com\/wp-content\/uploads\/2020\/03\/logica-economica-en-wall-street-400x247.jpg 400w, https:\/\/intelsynet.com\/wp-content\/uploads\/2020\/03\/logica-economica-en-wall-street-600x371.jpg 600w, https:\/\/intelsynet.com\/wp-content\/uploads\/2020\/03\/logica-economica-en-wall-street-800x495.jpg 800w, https:\/\/intelsynet.com\/wp-content\/uploads\/2020\/03\/logica-economica-en-wall-street.jpg 1200w\" data-sizes=\"(min-width: 2200px) 100vw, (min-width: 784px) 363px, (min-width: 712px) 545px, (min-width: 640px) 712px,\" src=\"data:image\/svg+xml;base64,PHN2ZyB3aWR0aD0iMSIgaGVpZ2h0PSIxIiB4bWxucz0iaHR0cDovL3d3dy53My5vcmcvMjAwMC9zdmciPjwvc3ZnPg==\" style=\"--smush-placeholder-width: 1200px; --smush-placeholder-aspect-ratio: 1200\/742;\" \/><div class=\"fusion-rollover\">\n\t<div class=\"fusion-rollover-content\">\n\n\t\t\t\t\n\t\t\n\t\t\t\t\t\t\t\t\t\t\t\t<h4 class=\"fusion-rollover-title\">\n\t\t\t\t\t<a class=\"fusion-rollover-title-link\" href=\"https:\/\/intelsynet.com\/es\/tener-un-gran-olfato-o-conocer-a-las-personas-adecuadas\/\">\n\t\t\t\t\t\tTener un gran \u201colfato\u201d o conocer a las personas adecuadas.\t\t\t\t\t<\/a>\n\t\t\t\t<\/h4>\n\t\t\t\n\t\t\t\t\t\t\t\t\n\t\t\n\t\t\t\t\t\t<a class=\"fusion-link-wrapper\" href=\"https:\/\/intelsynet.com\/es\/tener-un-gran-olfato-o-conocer-a-las-personas-adecuadas\/\" aria-label=\"Tener un gran \u201colfato\u201d o conocer a las personas adecuadas.\"><\/a>\n\t<\/div>\n<\/div>\n<\/div>\n<\/li>\n\t\t\t\n\t\t\t\n\t\t\t\t\t\t\t\t<\/ul>\n\t<\/div>\n\t<div class=\"fusion-post-content-wrapper\" style=\"padding:30px 25px 20px 25px;\"><div class=\"fusion-post-content post-content\"><h2 class=\"blog-shortcode-post-title entry-title\"><a href=\"https:\/\/intelsynet.com\/es\/tener-un-gran-olfato-o-conocer-a-las-personas-adecuadas\/\">Tener un gran \u201colfato\u201d o conocer a las personas adecuadas.<\/a><\/h2><\/div><\/div><div class=\"fusion-clearfix\"><\/div><\/div>\n<\/article>\n<article id=\"blog-1-post-1641\" class=\"fusion-post-grid post-1641 post type-post status-publish format-standard has-post-thumbnail hentry category-nuestros-articulos\">\n<div class=\"fusion-post-wrapper\" style=\"background-color:rgba(255,255,255,0);border:1px solid #e8e8e8;border-bottom-width:3px;\">\n\n\t\t\t<div class=\"fusion-flexslider flexslider fusion-flexslider-loading fusion-post-slideshow\" style=\"border-color:#e8e8e8;\">\n\t\t<ul class=\"slides\">\n\t\t\t\n\t\t\t\t\t\t\t\t\t\t\t\t\t\t<li><div  class=\"fusion-image-wrapper\" aria-haspopup=\"true\">\n\t\t\t\t<img decoding=\"async\" width=\"1920\" height=\"1280\" data-src=\"https:\/\/intelsynet.com\/wp-content\/uploads\/2020\/03\/SMARTPHONE-HEROE-O-VILLANO.jpg\" class=\"attachment-full size-full wp-post-image lazyload\" alt=\"\" data-srcset=\"https:\/\/intelsynet.com\/wp-content\/uploads\/2020\/03\/SMARTPHONE-HEROE-O-VILLANO-200x133.jpg 200w, https:\/\/intelsynet.com\/wp-content\/uploads\/2020\/03\/SMARTPHONE-HEROE-O-VILLANO-400x267.jpg 400w, https:\/\/intelsynet.com\/wp-content\/uploads\/2020\/03\/SMARTPHONE-HEROE-O-VILLANO-600x400.jpg 600w, https:\/\/intelsynet.com\/wp-content\/uploads\/2020\/03\/SMARTPHONE-HEROE-O-VILLANO-800x533.jpg 800w, https:\/\/intelsynet.com\/wp-content\/uploads\/2020\/03\/SMARTPHONE-HEROE-O-VILLANO-1200x800.jpg 1200w, https:\/\/intelsynet.com\/wp-content\/uploads\/2020\/03\/SMARTPHONE-HEROE-O-VILLANO.jpg 1920w\" data-sizes=\"(min-width: 2200px) 100vw, (min-width: 784px) 363px, (min-width: 712px) 545px, (min-width: 640px) 712px,\" src=\"data:image\/svg+xml;base64,PHN2ZyB3aWR0aD0iMSIgaGVpZ2h0PSIxIiB4bWxucz0iaHR0cDovL3d3dy53My5vcmcvMjAwMC9zdmciPjwvc3ZnPg==\" style=\"--smush-placeholder-width: 1920px; --smush-placeholder-aspect-ratio: 1920\/1280;\" \/><div class=\"fusion-rollover\">\n\t<div class=\"fusion-rollover-content\">\n\n\t\t\t\t\n\t\t\n\t\t\t\t\t\t\t\t\t\t\t\t<h4 class=\"fusion-rollover-title\">\n\t\t\t\t\t<a class=\"fusion-rollover-title-link\" href=\"https:\/\/intelsynet.com\/es\/el-smartphone-heroe-o-villano\/\">\n\t\t\t\t\t\tEl smartphone. \u00bfH\u00e9roe o Villano?\t\t\t\t\t<\/a>\n\t\t\t\t<\/h4>\n\t\t\t\n\t\t\t\t\t\t\t\t\n\t\t\n\t\t\t\t\t\t<a class=\"fusion-link-wrapper\" href=\"https:\/\/intelsynet.com\/es\/el-smartphone-heroe-o-villano\/\" aria-label=\"El smartphone. \u00bfH\u00e9roe o Villano?\"><\/a>\n\t<\/div>\n<\/div>\n<\/div>\n<\/li>\n\t\t\t\n\t\t\t\n\t\t\t\t\t\t\t\t<\/ul>\n\t<\/div>\n\t<div class=\"fusion-post-content-wrapper\" style=\"padding:30px 25px 20px 25px;\"><div class=\"fusion-post-content post-content\"><h2 class=\"blog-shortcode-post-title entry-title\"><a href=\"https:\/\/intelsynet.com\/es\/el-smartphone-heroe-o-villano\/\">El smartphone. \u00bfH\u00e9roe o Villano?<\/a><\/h2><\/div><\/div><div class=\"fusion-clearfix\"><\/div><\/div>\n<\/article>\n<article id=\"blog-1-post-1568\" class=\"fusion-post-grid post-1568 post type-post status-publish format-standard has-post-thumbnail hentry category-nuestros-articulos\">\n<div class=\"fusion-post-wrapper\" style=\"background-color:rgba(255,255,255,0);border:1px solid #e8e8e8;border-bottom-width:3px;\">\n\n\t\t\t<div class=\"fusion-flexslider flexslider fusion-flexslider-loading fusion-post-slideshow\" style=\"border-color:#e8e8e8;\">\n\t\t<ul class=\"slides\">\n\t\t\t\n\t\t\t\t\t\t\t\t\t\t\t\t\t\t<li><div  class=\"fusion-image-wrapper\" aria-haspopup=\"true\">\n\t\t\t\t<img decoding=\"async\" width=\"960\" height=\"640\" data-src=\"https:\/\/intelsynet.com\/wp-content\/uploads\/2020\/02\/Comercio-de-emisiones-de-CO2-960x640-1.jpg\" class=\"attachment-full size-full wp-post-image lazyload\" alt=\"\" data-srcset=\"https:\/\/intelsynet.com\/wp-content\/uploads\/2020\/02\/Comercio-de-emisiones-de-CO2-960x640-1-200x133.jpg 200w, https:\/\/intelsynet.com\/wp-content\/uploads\/2020\/02\/Comercio-de-emisiones-de-CO2-960x640-1-400x267.jpg 400w, https:\/\/intelsynet.com\/wp-content\/uploads\/2020\/02\/Comercio-de-emisiones-de-CO2-960x640-1-600x400.jpg 600w, https:\/\/intelsynet.com\/wp-content\/uploads\/2020\/02\/Comercio-de-emisiones-de-CO2-960x640-1-800x533.jpg 800w, https:\/\/intelsynet.com\/wp-content\/uploads\/2020\/02\/Comercio-de-emisiones-de-CO2-960x640-1.jpg 960w\" data-sizes=\"(min-width: 2200px) 100vw, (min-width: 784px) 363px, (min-width: 712px) 545px, (min-width: 640px) 712px,\" src=\"data:image\/svg+xml;base64,PHN2ZyB3aWR0aD0iMSIgaGVpZ2h0PSIxIiB4bWxucz0iaHR0cDovL3d3dy53My5vcmcvMjAwMC9zdmciPjwvc3ZnPg==\" style=\"--smush-placeholder-width: 960px; --smush-placeholder-aspect-ratio: 960\/640;\" \/><div class=\"fusion-rollover\">\n\t<div class=\"fusion-rollover-content\">\n\n\t\t\t\t\n\t\t\n\t\t\t\t\t\t\t\t\t\t\t\t<h4 class=\"fusion-rollover-title\">\n\t\t\t\t\t<a class=\"fusion-rollover-title-link\" href=\"https:\/\/intelsynet.com\/es\/el-apellido-sostenible-en-el-sector-financiero\/\">\n\t\t\t\t\t\tEl apellido \u201csostenible\u201d en el sector financiero.\t\t\t\t\t<\/a>\n\t\t\t\t<\/h4>\n\t\t\t\n\t\t\t\t\t\t\t\t\n\t\t\n\t\t\t\t\t\t<a class=\"fusion-link-wrapper\" href=\"https:\/\/intelsynet.com\/es\/el-apellido-sostenible-en-el-sector-financiero\/\" aria-label=\"El apellido \u201csostenible\u201d en el sector financiero.\"><\/a>\n\t<\/div>\n<\/div>\n<\/div>\n<\/li>\n\t\t\t\n\t\t\t\n\t\t\t\t\t\t\t\t<\/ul>\n\t<\/div>\n\t<div class=\"fusion-post-content-wrapper\" style=\"padding:30px 25px 20px 25px;\"><div class=\"fusion-post-content post-content\"><h2 class=\"blog-shortcode-post-title entry-title\"><a href=\"https:\/\/intelsynet.com\/es\/el-apellido-sostenible-en-el-sector-financiero\/\">El apellido \u201csostenible\u201d en el sector financiero.<\/a><\/h2><\/div><\/div><div class=\"fusion-clearfix\"><\/div><\/div>\n<\/article>\n<article id=\"blog-1-post-1563\" class=\"fusion-post-grid post-1563 post type-post status-publish format-standard has-post-thumbnail hentry category-nuestros-articulos\">\n<div class=\"fusion-post-wrapper\" style=\"background-color:rgba(255,255,255,0);border:1px solid #e8e8e8;border-bottom-width:3px;\">\n\n\t\t\t<div class=\"fusion-flexslider flexslider fusion-flexslider-loading fusion-post-slideshow\" style=\"border-color:#e8e8e8;\">\n\t\t<ul class=\"slides\">\n\t\t\t\n\t\t\t\t\t\t\t\t\t\t\t\t\t\t<li><div  class=\"fusion-image-wrapper\" aria-haspopup=\"true\">\n\t\t\t\t<img decoding=\"async\" width=\"709\" height=\"379\" data-src=\"https:\/\/intelsynet.com\/wp-content\/uploads\/2020\/01\/china-EV100-1.jpg\" class=\"attachment-full size-full wp-post-image lazyload\" alt=\"\" data-srcset=\"https:\/\/intelsynet.com\/wp-content\/uploads\/2020\/01\/china-EV100-1-200x107.jpg 200w, https:\/\/intelsynet.com\/wp-content\/uploads\/2020\/01\/china-EV100-1-400x214.jpg 400w, https:\/\/intelsynet.com\/wp-content\/uploads\/2020\/01\/china-EV100-1-600x321.jpg 600w, https:\/\/intelsynet.com\/wp-content\/uploads\/2020\/01\/china-EV100-1.jpg 709w\" data-sizes=\"(min-width: 2200px) 100vw, (min-width: 784px) 363px, (min-width: 712px) 545px, (min-width: 640px) 712px,\" src=\"data:image\/svg+xml;base64,PHN2ZyB3aWR0aD0iMSIgaGVpZ2h0PSIxIiB4bWxucz0iaHR0cDovL3d3dy53My5vcmcvMjAwMC9zdmciPjwvc3ZnPg==\" style=\"--smush-placeholder-width: 709px; --smush-placeholder-aspect-ratio: 709\/379;\" \/><div class=\"fusion-rollover\">\n\t<div class=\"fusion-rollover-content\">\n\n\t\t\t\t\n\t\t\n\t\t\t\t\t\t\t\t\t\t\t\t<h4 class=\"fusion-rollover-title\">\n\t\t\t\t\t<a class=\"fusion-rollover-title-link\" href=\"https:\/\/intelsynet.com\/es\/que-es-china-ev100\/\">\n\t\t\t\t\t\t\u00bfQu\u00e9 es China EV100?\t\t\t\t\t<\/a>\n\t\t\t\t<\/h4>\n\t\t\t\n\t\t\t\t\t\t\t\t\n\t\t\n\t\t\t\t\t\t<a class=\"fusion-link-wrapper\" href=\"https:\/\/intelsynet.com\/es\/que-es-china-ev100\/\" aria-label=\"\u00bfQu\u00e9 es China EV100?\"><\/a>\n\t<\/div>\n<\/div>\n<\/div>\n<\/li>\n\t\t\t\n\t\t\t\n\t\t\t\t\t\t\t\t<\/ul>\n\t<\/div>\n\t<div class=\"fusion-post-content-wrapper\" style=\"padding:30px 25px 20px 25px;\"><div class=\"fusion-post-content post-content\"><h2 class=\"blog-shortcode-post-title entry-title\"><a href=\"https:\/\/intelsynet.com\/es\/que-es-china-ev100\/\">\u00bfQu\u00e9 es China EV100?<\/a><\/h2><\/div><\/div><div class=\"fusion-clearfix\"><\/div><\/div>\n<\/article>\n<article id=\"blog-1-post-1458\" class=\"fusion-post-grid post-1458 post type-post status-publish format-standard has-post-thumbnail hentry category-nuestros-articulos category-geopolitica category-sostenibilidad\">\n<div class=\"fusion-post-wrapper\" style=\"background-color:rgba(255,255,255,0);border:1px solid #e8e8e8;border-bottom-width:3px;\">\n\n\t\t\t<div class=\"fusion-flexslider flexslider fusion-flexslider-loading fusion-post-slideshow\" style=\"border-color:#e8e8e8;\">\n\t\t<ul class=\"slides\">\n\t\t\t\n\t\t\t\t\t\t\t\t\t\t\t\t\t\t<li><div  class=\"fusion-image-wrapper\" aria-haspopup=\"true\">\n\t\t\t\t<img decoding=\"async\" width=\"1300\" height=\"795\" data-src=\"https:\/\/intelsynet.com\/wp-content\/uploads\/2020\/01\/1234.jpg\" class=\"attachment-full size-full wp-post-image lazyload\" alt=\"\" data-srcset=\"https:\/\/intelsynet.com\/wp-content\/uploads\/2020\/01\/1234-200x122.jpg 200w, https:\/\/intelsynet.com\/wp-content\/uploads\/2020\/01\/1234-400x245.jpg 400w, https:\/\/intelsynet.com\/wp-content\/uploads\/2020\/01\/1234-600x367.jpg 600w, https:\/\/intelsynet.com\/wp-content\/uploads\/2020\/01\/1234-800x489.jpg 800w, https:\/\/intelsynet.com\/wp-content\/uploads\/2020\/01\/1234-1200x734.jpg 1200w, https:\/\/intelsynet.com\/wp-content\/uploads\/2020\/01\/1234.jpg 1300w\" data-sizes=\"(min-width: 2200px) 100vw, (min-width: 784px) 363px, (min-width: 712px) 545px, (min-width: 640px) 712px,\" src=\"data:image\/svg+xml;base64,PHN2ZyB3aWR0aD0iMSIgaGVpZ2h0PSIxIiB4bWxucz0iaHR0cDovL3d3dy53My5vcmcvMjAwMC9zdmciPjwvc3ZnPg==\" style=\"--smush-placeholder-width: 1300px; --smush-placeholder-aspect-ratio: 1300\/795;\" \/><div class=\"fusion-rollover\">\n\t<div class=\"fusion-rollover-content\">\n\n\t\t\t\t\n\t\t\n\t\t\t\t\t\t\t\t\t\t\t\t<h4 class=\"fusion-rollover-title\">\n\t\t\t\t\t<a class=\"fusion-rollover-title-link\" href=\"https:\/\/intelsynet.com\/es\/espana-y-china-firman-un-acuerdo-sobre-movilidad-futura\/\">\n\t\t\t\t\t\tEspa\u00f1a y China firman un acuerdo sobre movilidad futura\t\t\t\t\t<\/a>\n\t\t\t\t<\/h4>\n\t\t\t\n\t\t\t\t\t\t\t\t\n\t\t\n\t\t\t\t\t\t<a class=\"fusion-link-wrapper\" href=\"https:\/\/intelsynet.com\/es\/espana-y-china-firman-un-acuerdo-sobre-movilidad-futura\/\" aria-label=\"Espa\u00f1a y China firman un acuerdo sobre movilidad futura\"><\/a>\n\t<\/div>\n<\/div>\n<\/div>\n<\/li>\n\t\t\t\n\t\t\t\n\t\t\t\t\t\t\t\t<\/ul>\n\t<\/div>\n\t<div class=\"fusion-post-content-wrapper\" style=\"padding:30px 25px 20px 25px;\"><div class=\"fusion-post-content post-content\"><h2 class=\"blog-shortcode-post-title entry-title\"><a href=\"https:\/\/intelsynet.com\/es\/espana-y-china-firman-un-acuerdo-sobre-movilidad-futura\/\">Espa\u00f1a y China firman un acuerdo sobre movilidad futura<\/a><\/h2><\/div><\/div><div class=\"fusion-clearfix\"><\/div><\/div>\n<\/article>\n<article id=\"blog-1-post-1448\" class=\"fusion-post-grid post-1448 post type-post status-publish format-standard has-post-thumbnail hentry category-nuestros-articulos\">\n<div class=\"fusion-post-wrapper\" style=\"background-color:rgba(255,255,255,0);border:1px solid #e8e8e8;border-bottom-width:3px;\">\n\n\t\t\t<div class=\"fusion-flexslider flexslider fusion-flexslider-loading fusion-post-slideshow\" style=\"border-color:#e8e8e8;\">\n\t\t<ul class=\"slides\">\n\t\t\t\n\t\t\t\t\t\t\t\t\t\t\t\t\t\t<li><div  class=\"fusion-image-wrapper\" aria-haspopup=\"true\">\n\t\t\t\t<img decoding=\"async\" width=\"1920\" height=\"1459\" data-src=\"https:\/\/intelsynet.com\/wp-content\/uploads\/2020\/01\/gdpr-3178218_1920.jpg\" class=\"attachment-full size-full wp-post-image lazyload\" alt=\"\" data-srcset=\"https:\/\/intelsynet.com\/wp-content\/uploads\/2020\/01\/gdpr-3178218_1920-200x152.jpg 200w, https:\/\/intelsynet.com\/wp-content\/uploads\/2020\/01\/gdpr-3178218_1920-400x304.jpg 400w, https:\/\/intelsynet.com\/wp-content\/uploads\/2020\/01\/gdpr-3178218_1920-600x456.jpg 600w, https:\/\/intelsynet.com\/wp-content\/uploads\/2020\/01\/gdpr-3178218_1920-800x608.jpg 800w, https:\/\/intelsynet.com\/wp-content\/uploads\/2020\/01\/gdpr-3178218_1920-1200x912.jpg 1200w, https:\/\/intelsynet.com\/wp-content\/uploads\/2020\/01\/gdpr-3178218_1920.jpg 1920w\" data-sizes=\"(min-width: 2200px) 100vw, (min-width: 784px) 363px, (min-width: 712px) 545px, (min-width: 640px) 712px,\" src=\"data:image\/svg+xml;base64,PHN2ZyB3aWR0aD0iMSIgaGVpZ2h0PSIxIiB4bWxucz0iaHR0cDovL3d3dy53My5vcmcvMjAwMC9zdmciPjwvc3ZnPg==\" style=\"--smush-placeholder-width: 1920px; --smush-placeholder-aspect-ratio: 1920\/1459;\" \/><div class=\"fusion-rollover\">\n\t<div class=\"fusion-rollover-content\">\n\n\t\t\t\t\n\t\t\n\t\t\t\t\t\t\t\t\t\t\t\t<h4 class=\"fusion-rollover-title\">\n\t\t\t\t\t<a class=\"fusion-rollover-title-link\" href=\"https:\/\/intelsynet.com\/es\/no-perdamos-de-vista-el-riesgo-regulatorio\/\">\n\t\t\t\t\t\tNo perdamos de vista el Riesgo Regulatorio\t\t\t\t\t<\/a>\n\t\t\t\t<\/h4>\n\t\t\t\n\t\t\t\t\t\t\t\t\n\t\t\n\t\t\t\t\t\t<a class=\"fusion-link-wrapper\" href=\"https:\/\/intelsynet.com\/es\/no-perdamos-de-vista-el-riesgo-regulatorio\/\" aria-label=\"No perdamos de vista el Riesgo Regulatorio\"><\/a>\n\t<\/div>\n<\/div>\n<\/div>\n<\/li>\n\t\t\t\n\t\t\t\n\t\t\t\t\t\t\t\t<\/ul>\n\t<\/div>\n\t<div class=\"fusion-post-content-wrapper\" style=\"padding:30px 25px 20px 25px;\"><div class=\"fusion-post-content post-content\"><h2 class=\"blog-shortcode-post-title entry-title\"><a href=\"https:\/\/intelsynet.com\/es\/no-perdamos-de-vista-el-riesgo-regulatorio\/\">No perdamos de vista el Riesgo Regulatorio<\/a><\/h2><\/div><\/div><div class=\"fusion-clearfix\"><\/div><\/div>\n<\/article>\n<article id=\"blog-1-post-1438\" class=\"fusion-post-grid post-1438 post type-post status-publish format-standard has-post-thumbnail hentry category-nuestros-articulos\">\n<div class=\"fusion-post-wrapper\" style=\"background-color:rgba(255,255,255,0);border:1px solid #e8e8e8;border-bottom-width:3px;\">\n\n\t\t\t<div class=\"fusion-flexslider flexslider fusion-flexslider-loading fusion-post-slideshow\" style=\"border-color:#e8e8e8;\">\n\t\t<ul class=\"slides\">\n\t\t\t\n\t\t\t\t\t\t\t\t\t\t\t\t\t\t<li><div  class=\"fusion-image-wrapper\" aria-haspopup=\"true\">\n\t\t\t\t<img decoding=\"async\" width=\"2079\" height=\"1560\" data-src=\"https:\/\/intelsynet.com\/wp-content\/uploads\/2020\/01\/Fotolia_245331437_L-e1559727311129.jpg\" class=\"attachment-full size-full wp-post-image lazyload\" alt=\"\" data-srcset=\"https:\/\/intelsynet.com\/wp-content\/uploads\/2020\/01\/Fotolia_245331437_L-e1559727311129-200x150.jpg 200w, https:\/\/intelsynet.com\/wp-content\/uploads\/2020\/01\/Fotolia_245331437_L-e1559727311129-400x300.jpg 400w, https:\/\/intelsynet.com\/wp-content\/uploads\/2020\/01\/Fotolia_245331437_L-e1559727311129-600x450.jpg 600w, https:\/\/intelsynet.com\/wp-content\/uploads\/2020\/01\/Fotolia_245331437_L-e1559727311129-800x600.jpg 800w, https:\/\/intelsynet.com\/wp-content\/uploads\/2020\/01\/Fotolia_245331437_L-e1559727311129-1200x900.jpg 1200w, https:\/\/intelsynet.com\/wp-content\/uploads\/2020\/01\/Fotolia_245331437_L-e1559727311129.jpg 2079w\" data-sizes=\"(min-width: 2200px) 100vw, (min-width: 784px) 363px, (min-width: 712px) 545px, (min-width: 640px) 712px,\" src=\"data:image\/svg+xml;base64,PHN2ZyB3aWR0aD0iMSIgaGVpZ2h0PSIxIiB4bWxucz0iaHR0cDovL3d3dy53My5vcmcvMjAwMC9zdmciPjwvc3ZnPg==\" style=\"--smush-placeholder-width: 2079px; --smush-placeholder-aspect-ratio: 2079\/1560;\" \/><div class=\"fusion-rollover\">\n\t<div class=\"fusion-rollover-content\">\n\n\t\t\t\t\n\t\t\n\t\t\t\t\t\t\t\t\t\t\t\t<h4 class=\"fusion-rollover-title\">\n\t\t\t\t\t<a class=\"fusion-rollover-title-link\" href=\"https:\/\/intelsynet.com\/es\/foro-anual-de-la-asociacion-china-ev100\/\">\n\t\t\t\t\t\tForo Anual de la Asociaci\u00f3n China Ev100\t\t\t\t\t<\/a>\n\t\t\t\t<\/h4>\n\t\t\t\n\t\t\t\t\t\t\t\t\n\t\t\n\t\t\t\t\t\t<a class=\"fusion-link-wrapper\" href=\"https:\/\/intelsynet.com\/es\/foro-anual-de-la-asociacion-china-ev100\/\" aria-label=\"Foro Anual de la Asociaci\u00f3n China Ev100\"><\/a>\n\t<\/div>\n<\/div>\n<\/div>\n<\/li>\n\t\t\t\n\t\t\t\n\t\t\t\t\t\t\t\t<\/ul>\n\t<\/div>\n\t<div class=\"fusion-post-content-wrapper\" style=\"padding:30px 25px 20px 25px;\"><div class=\"fusion-post-content post-content\"><h2 class=\"blog-shortcode-post-title entry-title\"><a href=\"https:\/\/intelsynet.com\/es\/foro-anual-de-la-asociacion-china-ev100\/\">Foro Anual de la Asociaci\u00f3n China Ev100<\/a><\/h2><\/div><\/div><div class=\"fusion-clearfix\"><\/div><\/div>\n<\/article>\n<article id=\"blog-1-post-1269\" class=\"fusion-post-grid post-1269 post type-post status-publish format-standard has-post-thumbnail hentry category-nuestros-articulos\">\n<div class=\"fusion-post-wrapper\" style=\"background-color:rgba(255,255,255,0);border:1px solid #e8e8e8;border-bottom-width:3px;\">\n\n\t\t\t<div class=\"fusion-flexslider flexslider fusion-flexslider-loading fusion-post-slideshow\" style=\"border-color:#e8e8e8;\">\n\t\t<ul class=\"slides\">\n\t\t\t\n\t\t\t\t\t\t\t\t\t\t\t\t\t\t<li><div  class=\"fusion-image-wrapper\" aria-haspopup=\"true\">\n\t\t\t\t<img decoding=\"async\" width=\"1296\" height=\"866\" data-src=\"https:\/\/intelsynet.com\/wp-content\/uploads\/2019\/07\/qweqwe.jpg\" class=\"attachment-full size-full wp-post-image lazyload\" alt=\"\" data-srcset=\"https:\/\/intelsynet.com\/wp-content\/uploads\/2019\/07\/qweqwe-200x134.jpg 200w, https:\/\/intelsynet.com\/wp-content\/uploads\/2019\/07\/qweqwe-400x267.jpg 400w, https:\/\/intelsynet.com\/wp-content\/uploads\/2019\/07\/qweqwe-600x401.jpg 600w, https:\/\/intelsynet.com\/wp-content\/uploads\/2019\/07\/qweqwe-800x535.jpg 800w, https:\/\/intelsynet.com\/wp-content\/uploads\/2019\/07\/qweqwe-1200x802.jpg 1200w, https:\/\/intelsynet.com\/wp-content\/uploads\/2019\/07\/qweqwe.jpg 1296w\" data-sizes=\"(min-width: 2200px) 100vw, (min-width: 784px) 363px, (min-width: 712px) 545px, (min-width: 640px) 712px,\" src=\"data:image\/svg+xml;base64,PHN2ZyB3aWR0aD0iMSIgaGVpZ2h0PSIxIiB4bWxucz0iaHR0cDovL3d3dy53My5vcmcvMjAwMC9zdmciPjwvc3ZnPg==\" style=\"--smush-placeholder-width: 1296px; --smush-placeholder-aspect-ratio: 1296\/866;\" \/><div class=\"fusion-rollover\">\n\t<div class=\"fusion-rollover-content\">\n\n\t\t\t\t\n\t\t\n\t\t\t\t\t\t\t\t\t\t\t\t<h4 class=\"fusion-rollover-title\">\n\t\t\t\t\t<a class=\"fusion-rollover-title-link\" href=\"https:\/\/intelsynet.com\/es\/denunciado-por-sobrevolar-el-espacio-aereo-de-barajas-con-un-dron\/\">\n\t\t\t\t\t\tDenunciado por sobrevolar el espacio a\u00e9reo de Barajas con un dron.\t\t\t\t\t<\/a>\n\t\t\t\t<\/h4>\n\t\t\t\n\t\t\t\t\t\t\t\t\n\t\t\n\t\t\t\t\t\t<a class=\"fusion-link-wrapper\" href=\"https:\/\/intelsynet.com\/es\/denunciado-por-sobrevolar-el-espacio-aereo-de-barajas-con-un-dron\/\" aria-label=\"Denunciado por sobrevolar el espacio a\u00e9reo de Barajas con un dron.\"><\/a>\n\t<\/div>\n<\/div>\n<\/div>\n<\/li>\n\t\t\t\n\t\t\t\n\t\t\t\t\t\t\t\t<\/ul>\n\t<\/div>\n\t<div class=\"fusion-post-content-wrapper\" style=\"padding:30px 25px 20px 25px;\"><div class=\"fusion-post-content post-content\"><h2 class=\"blog-shortcode-post-title entry-title\"><a href=\"https:\/\/intelsynet.com\/es\/denunciado-por-sobrevolar-el-espacio-aereo-de-barajas-con-un-dron\/\">Denunciado por sobrevolar el espacio a\u00e9reo de Barajas con un dron.<\/a><\/h2><\/div><\/div><div class=\"fusion-clearfix\"><\/div><\/div>\n<\/article>\n<article id=\"blog-1-post-1260\" class=\"fusion-post-grid post-1260 post type-post status-publish format-standard has-post-thumbnail hentry category-nuestros-articulos\">\n<div class=\"fusion-post-wrapper\" style=\"background-color:rgba(255,255,255,0);border:1px solid #e8e8e8;border-bottom-width:3px;\">\n\n\t\t\t<div class=\"fusion-flexslider flexslider fusion-flexslider-loading fusion-post-slideshow\" style=\"border-color:#e8e8e8;\">\n\t\t<ul class=\"slides\">\n\t\t\t\n\t\t\t\t\t\t\t\t\t\t\t\t\t\t<li><div  class=\"fusion-image-wrapper\" aria-haspopup=\"true\">\n\t\t\t\t<img decoding=\"async\" width=\"1920\" height=\"1024\" data-src=\"https:\/\/intelsynet.com\/wp-content\/uploads\/2019\/07\/doors-1690423_1920.jpg\" class=\"attachment-full size-full wp-post-image lazyload\" alt=\"\" data-srcset=\"https:\/\/intelsynet.com\/wp-content\/uploads\/2019\/07\/doors-1690423_1920-200x107.jpg 200w, https:\/\/intelsynet.com\/wp-content\/uploads\/2019\/07\/doors-1690423_1920-400x213.jpg 400w, https:\/\/intelsynet.com\/wp-content\/uploads\/2019\/07\/doors-1690423_1920-600x320.jpg 600w, https:\/\/intelsynet.com\/wp-content\/uploads\/2019\/07\/doors-1690423_1920-800x427.jpg 800w, https:\/\/intelsynet.com\/wp-content\/uploads\/2019\/07\/doors-1690423_1920-1200x640.jpg 1200w, https:\/\/intelsynet.com\/wp-content\/uploads\/2019\/07\/doors-1690423_1920.jpg 1920w\" data-sizes=\"(min-width: 2200px) 100vw, (min-width: 784px) 363px, (min-width: 712px) 545px, (min-width: 640px) 712px,\" src=\"data:image\/svg+xml;base64,PHN2ZyB3aWR0aD0iMSIgaGVpZ2h0PSIxIiB4bWxucz0iaHR0cDovL3d3dy53My5vcmcvMjAwMC9zdmciPjwvc3ZnPg==\" style=\"--smush-placeholder-width: 1920px; --smush-placeholder-aspect-ratio: 1920\/1024;\" \/><div class=\"fusion-rollover\">\n\t<div class=\"fusion-rollover-content\">\n\n\t\t\t\t\n\t\t\n\t\t\t\t\t\t\t\t\t\t\t\t<h4 class=\"fusion-rollover-title\">\n\t\t\t\t\t<a class=\"fusion-rollover-title-link\" href=\"https:\/\/intelsynet.com\/es\/quien-tiene-las-llaves-de-nuestra-casa\/\">\n\t\t\t\t\t\t\u00bfQui\u00e9n tiene las llaves de nuestra casa?\t\t\t\t\t<\/a>\n\t\t\t\t<\/h4>\n\t\t\t\n\t\t\t\t\t\t\t\t\n\t\t\n\t\t\t\t\t\t<a class=\"fusion-link-wrapper\" href=\"https:\/\/intelsynet.com\/es\/quien-tiene-las-llaves-de-nuestra-casa\/\" aria-label=\"\u00bfQui\u00e9n tiene las llaves de nuestra casa?\"><\/a>\n\t<\/div>\n<\/div>\n<\/div>\n<\/li>\n\t\t\t\n\t\t\t\n\t\t\t\t\t\t\t\t<\/ul>\n\t<\/div>\n\t<div class=\"fusion-post-content-wrapper\" style=\"padding:30px 25px 20px 25px;\"><div class=\"fusion-post-content post-content\"><h2 class=\"blog-shortcode-post-title entry-title\"><a href=\"https:\/\/intelsynet.com\/es\/quien-tiene-las-llaves-de-nuestra-casa\/\">\u00bfQui\u00e9n tiene las llaves de nuestra casa?<\/a><\/h2><\/div><\/div><div class=\"fusion-clearfix\"><\/div><\/div>\n<\/article>\n<article id=\"blog-1-post-1254\" class=\"fusion-post-grid post-1254 post type-post status-publish format-standard has-post-thumbnail hentry category-nuestros-articulos\">\n<div class=\"fusion-post-wrapper\" style=\"background-color:rgba(255,255,255,0);border:1px solid #e8e8e8;border-bottom-width:3px;\">\n\n\t\t\t<div class=\"fusion-flexslider flexslider fusion-flexslider-loading fusion-post-slideshow\" style=\"border-color:#e8e8e8;\">\n\t\t<ul class=\"slides\">\n\t\t\t\n\t\t\t\t\t\t\t\t\t\t\t\t\t\t<li><div  class=\"fusion-image-wrapper\" aria-haspopup=\"true\">\n\t\t\t\t<img decoding=\"async\" width=\"620\" height=\"349\" data-src=\"https:\/\/intelsynet.com\/wp-content\/uploads\/2019\/07\/222.jpg\" class=\"attachment-full size-full wp-post-image lazyload\" alt=\"\" data-srcset=\"https:\/\/intelsynet.com\/wp-content\/uploads\/2019\/07\/222-200x113.jpg 200w, https:\/\/intelsynet.com\/wp-content\/uploads\/2019\/07\/222-400x225.jpg 400w, https:\/\/intelsynet.com\/wp-content\/uploads\/2019\/07\/222-600x338.jpg 600w, https:\/\/intelsynet.com\/wp-content\/uploads\/2019\/07\/222.jpg 620w\" data-sizes=\"(min-width: 2200px) 100vw, (min-width: 784px) 363px, (min-width: 712px) 545px, (min-width: 640px) 712px,\" src=\"data:image\/svg+xml;base64,PHN2ZyB3aWR0aD0iMSIgaGVpZ2h0PSIxIiB4bWxucz0iaHR0cDovL3d3dy53My5vcmcvMjAwMC9zdmciPjwvc3ZnPg==\" style=\"--smush-placeholder-width: 620px; --smush-placeholder-aspect-ratio: 620\/349;\" \/><div class=\"fusion-rollover\">\n\t<div class=\"fusion-rollover-content\">\n\n\t\t\t\t\n\t\t\n\t\t\t\t\t\t\t\t\t\t\t\t<h4 class=\"fusion-rollover-title\">\n\t\t\t\t\t<a class=\"fusion-rollover-title-link\" href=\"https:\/\/intelsynet.com\/es\/el-problema-de-naturgy-se-podria-haber-evitado\/\">\n\t\t\t\t\t\tEl problema de Naturgy se podr\u00eda haber evitado\t\t\t\t\t<\/a>\n\t\t\t\t<\/h4>\n\t\t\t\n\t\t\t\t\t\t\t\t\n\t\t\n\t\t\t\t\t\t<a class=\"fusion-link-wrapper\" href=\"https:\/\/intelsynet.com\/es\/el-problema-de-naturgy-se-podria-haber-evitado\/\" aria-label=\"El problema de Naturgy se podr\u00eda haber evitado\"><\/a>\n\t<\/div>\n<\/div>\n<\/div>\n<\/li>\n\t\t\t\n\t\t\t\n\t\t\t\t\t\t\t\t<\/ul>\n\t<\/div>\n\t<div class=\"fusion-post-content-wrapper\" style=\"padding:30px 25px 20px 25px;\"><div class=\"fusion-post-content post-content\"><h2 class=\"blog-shortcode-post-title entry-title\"><a href=\"https:\/\/intelsynet.com\/es\/el-problema-de-naturgy-se-podria-haber-evitado\/\">El problema de Naturgy se podr\u00eda haber evitado<\/a><\/h2><\/div><\/div><div class=\"fusion-clearfix\"><\/div><\/div>\n<\/article>\n<article id=\"blog-1-post-1250\" class=\"fusion-post-grid post-1250 post type-post status-publish format-standard has-post-thumbnail hentry category-nuestros-articulos\">\n<div class=\"fusion-post-wrapper\" style=\"background-color:rgba(255,255,255,0);border:1px solid #e8e8e8;border-bottom-width:3px;\">\n\n\t\t\t<div class=\"fusion-flexslider flexslider fusion-flexslider-loading fusion-post-slideshow\" style=\"border-color:#e8e8e8;\">\n\t\t<ul class=\"slides\">\n\t\t\t\n\t\t\t\t\t\t\t\t\t\t\t\t\t\t<li><div  class=\"fusion-image-wrapper\" aria-haspopup=\"true\">\n\t\t\t\t<img decoding=\"async\" width=\"1296\" height=\"866\" data-src=\"https:\/\/intelsynet.com\/wp-content\/uploads\/2019\/07\/1234.jpg\" class=\"attachment-full size-full wp-post-image lazyload\" alt=\"\" data-srcset=\"https:\/\/intelsynet.com\/wp-content\/uploads\/2019\/07\/1234-200x134.jpg 200w, https:\/\/intelsynet.com\/wp-content\/uploads\/2019\/07\/1234-400x267.jpg 400w, https:\/\/intelsynet.com\/wp-content\/uploads\/2019\/07\/1234-600x401.jpg 600w, https:\/\/intelsynet.com\/wp-content\/uploads\/2019\/07\/1234-800x535.jpg 800w, https:\/\/intelsynet.com\/wp-content\/uploads\/2019\/07\/1234-1200x802.jpg 1200w, https:\/\/intelsynet.com\/wp-content\/uploads\/2019\/07\/1234.jpg 1296w\" data-sizes=\"(min-width: 2200px) 100vw, (min-width: 784px) 363px, (min-width: 712px) 545px, (min-width: 640px) 712px,\" src=\"data:image\/svg+xml;base64,PHN2ZyB3aWR0aD0iMSIgaGVpZ2h0PSIxIiB4bWxucz0iaHR0cDovL3d3dy53My5vcmcvMjAwMC9zdmciPjwvc3ZnPg==\" style=\"--smush-placeholder-width: 1296px; --smush-placeholder-aspect-ratio: 1296\/866;\" \/><div class=\"fusion-rollover\">\n\t<div class=\"fusion-rollover-content\">\n\n\t\t\t\t\n\t\t\n\t\t\t\t\t\t\t\t\t\t\t\t<h4 class=\"fusion-rollover-title\">\n\t\t\t\t\t<a class=\"fusion-rollover-title-link\" href=\"https:\/\/intelsynet.com\/es\/ee-uu-obligara-a-que-los-drones-sean-identificables-durante-el-vuelo\/\">\n\t\t\t\t\t\tEE.UU. obligar\u00e1 a que los drones sean identificables durante el vuelo\t\t\t\t\t<\/a>\n\t\t\t\t<\/h4>\n\t\t\t\n\t\t\t\t\t\t\t\t\n\t\t\n\t\t\t\t\t\t<a class=\"fusion-link-wrapper\" href=\"https:\/\/intelsynet.com\/es\/ee-uu-obligara-a-que-los-drones-sean-identificables-durante-el-vuelo\/\" aria-label=\"EE.UU. obligar\u00e1 a que los drones sean identificables durante el vuelo\"><\/a>\n\t<\/div>\n<\/div>\n<\/div>\n<\/li>\n\t\t\t\n\t\t\t\n\t\t\t\t\t\t\t\t<\/ul>\n\t<\/div>\n\t<div class=\"fusion-post-content-wrapper\" style=\"padding:30px 25px 20px 25px;\"><div class=\"fusion-post-content post-content\"><h2 class=\"blog-shortcode-post-title entry-title\"><a href=\"https:\/\/intelsynet.com\/es\/ee-uu-obligara-a-que-los-drones-sean-identificables-durante-el-vuelo\/\">EE.UU. obligar\u00e1 a que los drones sean identificables durante el vuelo<\/a><\/h2><\/div><\/div><div class=\"fusion-clearfix\"><\/div><\/div>\n<\/article>\n<article id=\"blog-1-post-1245\" class=\"fusion-post-grid post-1245 post type-post status-publish format-standard has-post-thumbnail hentry category-nuestros-articulos\">\n<div class=\"fusion-post-wrapper\" style=\"background-color:rgba(255,255,255,0);border:1px solid #e8e8e8;border-bottom-width:3px;\">\n\n\t\t\t<div class=\"fusion-flexslider flexslider fusion-flexslider-loading fusion-post-slideshow\" style=\"border-color:#e8e8e8;\">\n\t\t<ul class=\"slides\">\n\t\t\t\n\t\t\t\t\t\t\t\t\t\t\t\t\t\t<li><div  class=\"fusion-image-wrapper\" aria-haspopup=\"true\">\n\t\t\t\t<img decoding=\"async\" width=\"1280\" height=\"819\" data-src=\"https:\/\/intelsynet.com\/wp-content\/uploads\/2019\/06\/cyber-security-1923446_1280.png\" class=\"attachment-full size-full wp-post-image lazyload\" alt=\"\" data-srcset=\"https:\/\/intelsynet.com\/wp-content\/uploads\/2019\/06\/cyber-security-1923446_1280-200x128.png 200w, https:\/\/intelsynet.com\/wp-content\/uploads\/2019\/06\/cyber-security-1923446_1280-400x256.png 400w, https:\/\/intelsynet.com\/wp-content\/uploads\/2019\/06\/cyber-security-1923446_1280-600x384.png 600w, https:\/\/intelsynet.com\/wp-content\/uploads\/2019\/06\/cyber-security-1923446_1280-800x512.png 800w, https:\/\/intelsynet.com\/wp-content\/uploads\/2019\/06\/cyber-security-1923446_1280-1200x768.png 1200w, https:\/\/intelsynet.com\/wp-content\/uploads\/2019\/06\/cyber-security-1923446_1280.png 1280w\" data-sizes=\"(min-width: 2200px) 100vw, (min-width: 784px) 363px, (min-width: 712px) 545px, (min-width: 640px) 712px,\" src=\"data:image\/svg+xml;base64,PHN2ZyB3aWR0aD0iMSIgaGVpZ2h0PSIxIiB4bWxucz0iaHR0cDovL3d3dy53My5vcmcvMjAwMC9zdmciPjwvc3ZnPg==\" style=\"--smush-placeholder-width: 1280px; --smush-placeholder-aspect-ratio: 1280\/819;\" \/><div class=\"fusion-rollover\">\n\t<div class=\"fusion-rollover-content\">\n\n\t\t\t\t\n\t\t\n\t\t\t\t\t\t\t\t\t\t\t\t<h4 class=\"fusion-rollover-title\">\n\t\t\t\t\t<a class=\"fusion-rollover-title-link\" href=\"https:\/\/intelsynet.com\/es\/bluekeep-la-ultima-vunerabilidad-0-day-de-windows\/\">\n\t\t\t\t\t\tBlueKeep, la \u00faltima vunerabilidad 0-day de Windows.\t\t\t\t\t<\/a>\n\t\t\t\t<\/h4>\n\t\t\t\n\t\t\t\t\t\t\t\t\n\t\t\n\t\t\t\t\t\t<a class=\"fusion-link-wrapper\" href=\"https:\/\/intelsynet.com\/es\/bluekeep-la-ultima-vunerabilidad-0-day-de-windows\/\" aria-label=\"BlueKeep, la \u00faltima vunerabilidad 0-day de Windows.\"><\/a>\n\t<\/div>\n<\/div>\n<\/div>\n<\/li>\n\t\t\t\n\t\t\t\n\t\t\t\t\t\t\t\t<\/ul>\n\t<\/div>\n\t<div class=\"fusion-post-content-wrapper\" style=\"padding:30px 25px 20px 25px;\"><div class=\"fusion-post-content post-content\"><h2 class=\"blog-shortcode-post-title entry-title\"><a href=\"https:\/\/intelsynet.com\/es\/bluekeep-la-ultima-vunerabilidad-0-day-de-windows\/\">BlueKeep, la \u00faltima vunerabilidad 0-day de Windows.<\/a><\/h2><\/div><\/div><div class=\"fusion-clearfix\"><\/div><\/div>\n<\/article>\n<article id=\"blog-1-post-1228\" class=\"fusion-post-grid post-1228 post type-post status-publish format-standard has-post-thumbnail hentry category-nuestros-articulos\">\n<div class=\"fusion-post-wrapper\" style=\"background-color:rgba(255,255,255,0);border:1px solid #e8e8e8;border-bottom-width:3px;\">\n\n\t\t\t<div class=\"fusion-flexslider flexslider fusion-flexslider-loading fusion-post-slideshow\" style=\"border-color:#e8e8e8;\">\n\t\t<ul class=\"slides\">\n\t\t\t\n\t\t\t\t\t\t\t\t\t\t\t\t\t\t<li><div  class=\"fusion-image-wrapper\" aria-haspopup=\"true\">\n\t\t\t\t<img decoding=\"async\" width=\"1308\" height=\"733\" data-src=\"https:\/\/intelsynet.com\/wp-content\/uploads\/2019\/05\/IOT-DES.png\" class=\"attachment-full size-full wp-post-image lazyload\" alt=\"\" data-srcset=\"https:\/\/intelsynet.com\/wp-content\/uploads\/2019\/05\/IOT-DES-200x112.png 200w, https:\/\/intelsynet.com\/wp-content\/uploads\/2019\/05\/IOT-DES-400x224.png 400w, https:\/\/intelsynet.com\/wp-content\/uploads\/2019\/05\/IOT-DES-600x336.png 600w, https:\/\/intelsynet.com\/wp-content\/uploads\/2019\/05\/IOT-DES-800x448.png 800w, https:\/\/intelsynet.com\/wp-content\/uploads\/2019\/05\/IOT-DES-1200x672.png 1200w, https:\/\/intelsynet.com\/wp-content\/uploads\/2019\/05\/IOT-DES.png 1308w\" data-sizes=\"(min-width: 2200px) 100vw, (min-width: 784px) 363px, (min-width: 712px) 545px, (min-width: 640px) 712px,\" src=\"data:image\/svg+xml;base64,PHN2ZyB3aWR0aD0iMSIgaGVpZ2h0PSIxIiB4bWxucz0iaHR0cDovL3d3dy53My5vcmcvMjAwMC9zdmciPjwvc3ZnPg==\" style=\"--smush-placeholder-width: 1308px; --smush-placeholder-aspect-ratio: 1308\/733;\" \/><div class=\"fusion-rollover\">\n\t<div class=\"fusion-rollover-content\">\n\n\t\t\t\t\n\t\t\n\t\t\t\t\t\t\t\t\t\t\t\t<h4 class=\"fusion-rollover-title\">\n\t\t\t\t\t<a class=\"fusion-rollover-title-link\" href=\"https:\/\/intelsynet.com\/es\/iot-seguridad-y-defensa-en-el-des2019\/\">\n\t\t\t\t\t\tIoT Seguridad y Defensa en el #DES2019\t\t\t\t\t<\/a>\n\t\t\t\t<\/h4>\n\t\t\t\n\t\t\t\t\t\t\t\t\n\t\t\n\t\t\t\t\t\t<a class=\"fusion-link-wrapper\" href=\"https:\/\/intelsynet.com\/es\/iot-seguridad-y-defensa-en-el-des2019\/\" aria-label=\"IoT Seguridad y Defensa en el #DES2019\"><\/a>\n\t<\/div>\n<\/div>\n<\/div>\n<\/li>\n\t\t\t\n\t\t\t\n\t\t\t\t\t\t\t\t<\/ul>\n\t<\/div>\n\t<div class=\"fusion-post-content-wrapper\" style=\"padding:30px 25px 20px 25px;\"><div class=\"fusion-post-content post-content\"><h2 class=\"blog-shortcode-post-title entry-title\"><a href=\"https:\/\/intelsynet.com\/es\/iot-seguridad-y-defensa-en-el-des2019\/\">IoT Seguridad y Defensa en el #DES2019<\/a><\/h2><\/div><\/div><div class=\"fusion-clearfix\"><\/div><\/div>\n<\/article>\n<article id=\"blog-1-post-1223\" class=\"fusion-post-grid post-1223 post type-post status-publish format-standard has-post-thumbnail hentry category-nuestros-articulos\">\n<div class=\"fusion-post-wrapper\" style=\"background-color:rgba(255,255,255,0);border:1px solid #e8e8e8;border-bottom-width:3px;\">\n\n\t\t\t<div class=\"fusion-flexslider flexslider fusion-flexslider-loading fusion-post-slideshow\" style=\"border-color:#e8e8e8;\">\n\t\t<ul class=\"slides\">\n\t\t\t\n\t\t\t\t\t\t\t\t\t\t\t\t\t\t<li><div  class=\"fusion-image-wrapper\" aria-haspopup=\"true\">\n\t\t\t\t<img decoding=\"async\" width=\"1024\" height=\"512\" data-src=\"https:\/\/intelsynet.com\/wp-content\/uploads\/2019\/05\/123.png\" class=\"attachment-full size-full wp-post-image lazyload\" alt=\"\" data-srcset=\"https:\/\/intelsynet.com\/wp-content\/uploads\/2019\/05\/123-200x100.png 200w, https:\/\/intelsynet.com\/wp-content\/uploads\/2019\/05\/123-400x200.png 400w, https:\/\/intelsynet.com\/wp-content\/uploads\/2019\/05\/123-600x300.png 600w, https:\/\/intelsynet.com\/wp-content\/uploads\/2019\/05\/123-800x400.png 800w, https:\/\/intelsynet.com\/wp-content\/uploads\/2019\/05\/123.png 1024w\" data-sizes=\"(min-width: 2200px) 100vw, (min-width: 784px) 363px, (min-width: 712px) 545px, (min-width: 640px) 712px,\" src=\"data:image\/svg+xml;base64,PHN2ZyB3aWR0aD0iMSIgaGVpZ2h0PSIxIiB4bWxucz0iaHR0cDovL3d3dy53My5vcmcvMjAwMC9zdmciPjwvc3ZnPg==\" style=\"--smush-placeholder-width: 1024px; --smush-placeholder-aspect-ratio: 1024\/512;\" \/><div class=\"fusion-rollover\">\n\t<div class=\"fusion-rollover-content\">\n\n\t\t\t\t\n\t\t\n\t\t\t\t\t\t\t\t\t\t\t\t<h4 class=\"fusion-rollover-title\">\n\t\t\t\t\t<a class=\"fusion-rollover-title-link\" href=\"https:\/\/intelsynet.com\/es\/intelsynet-participara-en-la-feria-des2019\/\">\n\t\t\t\t\t\tIntelsynet participar\u00e1 en la feria DES2019\t\t\t\t\t<\/a>\n\t\t\t\t<\/h4>\n\t\t\t\n\t\t\t\t\t\t\t\t\n\t\t\n\t\t\t\t\t\t<a class=\"fusion-link-wrapper\" href=\"https:\/\/intelsynet.com\/es\/intelsynet-participara-en-la-feria-des2019\/\" aria-label=\"Intelsynet participar\u00e1 en la feria DES2019\"><\/a>\n\t<\/div>\n<\/div>\n<\/div>\n<\/li>\n\t\t\t\n\t\t\t\n\t\t\t\t\t\t\t\t<\/ul>\n\t<\/div>\n\t<div class=\"fusion-post-content-wrapper\" style=\"padding:30px 25px 20px 25px;\"><div class=\"fusion-post-content post-content\"><h2 class=\"blog-shortcode-post-title entry-title\"><a href=\"https:\/\/intelsynet.com\/es\/intelsynet-participara-en-la-feria-des2019\/\">Intelsynet participar\u00e1 en la feria DES2019<\/a><\/h2><\/div><\/div><div class=\"fusion-clearfix\"><\/div><\/div>\n<\/article>\n<article id=\"blog-1-post-1212\" class=\"fusion-post-grid post-1212 post type-post status-publish format-standard has-post-thumbnail hentry category-nuestros-articulos\">\n<div class=\"fusion-post-wrapper\" style=\"background-color:rgba(255,255,255,0);border:1px solid #e8e8e8;border-bottom-width:3px;\">\n\n\t\t\t<div class=\"fusion-flexslider flexslider fusion-flexslider-loading fusion-post-slideshow\" style=\"border-color:#e8e8e8;\">\n\t\t<ul class=\"slides\">\n\t\t\t\n\t\t\t\t\t\t\t\t\t\t\t\t\t\t<li><div  class=\"fusion-image-wrapper\" aria-haspopup=\"true\">\n\t\t\t\t<img decoding=\"async\" width=\"1300\" height=\"713\" data-src=\"https:\/\/intelsynet.com\/wp-content\/uploads\/2019\/04\/12-1.jpg\" class=\"attachment-full size-full wp-post-image lazyload\" alt=\"\" data-srcset=\"https:\/\/intelsynet.com\/wp-content\/uploads\/2019\/04\/12-1-200x110.jpg 200w, https:\/\/intelsynet.com\/wp-content\/uploads\/2019\/04\/12-1-400x219.jpg 400w, https:\/\/intelsynet.com\/wp-content\/uploads\/2019\/04\/12-1-600x329.jpg 600w, https:\/\/intelsynet.com\/wp-content\/uploads\/2019\/04\/12-1-800x439.jpg 800w, https:\/\/intelsynet.com\/wp-content\/uploads\/2019\/04\/12-1-1200x658.jpg 1200w, https:\/\/intelsynet.com\/wp-content\/uploads\/2019\/04\/12-1.jpg 1300w\" data-sizes=\"(min-width: 2200px) 100vw, (min-width: 784px) 363px, (min-width: 712px) 545px, (min-width: 640px) 712px,\" src=\"data:image\/svg+xml;base64,PHN2ZyB3aWR0aD0iMSIgaGVpZ2h0PSIxIiB4bWxucz0iaHR0cDovL3d3dy53My5vcmcvMjAwMC9zdmciPjwvc3ZnPg==\" style=\"--smush-placeholder-width: 1300px; --smush-placeholder-aspect-ratio: 1300\/713;\" \/><div class=\"fusion-rollover\">\n\t<div class=\"fusion-rollover-content\">\n\n\t\t\t\t\n\t\t\n\t\t\t\t\t\t\t\t\t\t\t\t<h4 class=\"fusion-rollover-title\">\n\t\t\t\t\t<a class=\"fusion-rollover-title-link\" href=\"https:\/\/intelsynet.com\/es\/que-es-la-inteligencia-economica\/\">\n\t\t\t\t\t\t\u00bfQu\u00e9 es la Inteligencia econ\u00f3mica?\t\t\t\t\t<\/a>\n\t\t\t\t<\/h4>\n\t\t\t\n\t\t\t\t\t\t\t\t\n\t\t\n\t\t\t\t\t\t<a class=\"fusion-link-wrapper\" href=\"https:\/\/intelsynet.com\/es\/que-es-la-inteligencia-economica\/\" aria-label=\"\u00bfQu\u00e9 es la Inteligencia econ\u00f3mica?\"><\/a>\n\t<\/div>\n<\/div>\n<\/div>\n<\/li>\n\t\t\t\n\t\t\t\n\t\t\t\t\t\t\t\t<\/ul>\n\t<\/div>\n\t<div class=\"fusion-post-content-wrapper\" style=\"padding:30px 25px 20px 25px;\"><div class=\"fusion-post-content post-content\"><h2 class=\"blog-shortcode-post-title entry-title\"><a href=\"https:\/\/intelsynet.com\/es\/que-es-la-inteligencia-economica\/\">\u00bfQu\u00e9 es la Inteligencia econ\u00f3mica?<\/a><\/h2><\/div><\/div><div class=\"fusion-clearfix\"><\/div><\/div>\n<\/article>\n<article id=\"blog-1-post-1205\" class=\"fusion-post-grid post-1205 post type-post status-publish format-standard has-post-thumbnail hentry category-nuestros-articulos\">\n<div class=\"fusion-post-wrapper\" style=\"background-color:rgba(255,255,255,0);border:1px solid #e8e8e8;border-bottom-width:3px;\">\n\n\t\t\t<div class=\"fusion-flexslider flexslider fusion-flexslider-loading fusion-post-slideshow\" style=\"border-color:#e8e8e8;\">\n\t\t<ul class=\"slides\">\n\t\t\t\n\t\t\t\t\t\t\t\t\t\t\t\t\t\t<li><div  class=\"fusion-image-wrapper\" aria-haspopup=\"true\">\n\t\t\t\t<img decoding=\"async\" width=\"1280\" height=\"853\" data-src=\"https:\/\/intelsynet.com\/wp-content\/uploads\/2019\/04\/12.jpg\" class=\"attachment-full size-full wp-post-image lazyload\" alt=\"\" data-srcset=\"https:\/\/intelsynet.com\/wp-content\/uploads\/2019\/04\/12-200x133.jpg 200w, https:\/\/intelsynet.com\/wp-content\/uploads\/2019\/04\/12-400x267.jpg 400w, https:\/\/intelsynet.com\/wp-content\/uploads\/2019\/04\/12-600x400.jpg 600w, https:\/\/intelsynet.com\/wp-content\/uploads\/2019\/04\/12-800x533.jpg 800w, https:\/\/intelsynet.com\/wp-content\/uploads\/2019\/04\/12-1200x800.jpg 1200w, https:\/\/intelsynet.com\/wp-content\/uploads\/2019\/04\/12.jpg 1280w\" data-sizes=\"(min-width: 2200px) 100vw, (min-width: 784px) 363px, (min-width: 712px) 545px, (min-width: 640px) 712px,\" src=\"data:image\/svg+xml;base64,PHN2ZyB3aWR0aD0iMSIgaGVpZ2h0PSIxIiB4bWxucz0iaHR0cDovL3d3dy53My5vcmcvMjAwMC9zdmciPjwvc3ZnPg==\" style=\"--smush-placeholder-width: 1280px; --smush-placeholder-aspect-ratio: 1280\/853;\" \/><div class=\"fusion-rollover\">\n\t<div class=\"fusion-rollover-content\">\n\n\t\t\t\t\n\t\t\n\t\t\t\t\t\t\t\t\t\t\t\t<h4 class=\"fusion-rollover-title\">\n\t\t\t\t\t<a class=\"fusion-rollover-title-link\" href=\"https:\/\/intelsynet.com\/es\/los-cinco-riesgos-a-los-que-se-enfrenta-tu-compania\/\">\n\t\t\t\t\t\tLos cinco riesgos a los que se enfrenta tu compa\u00f1\u00eda\t\t\t\t\t<\/a>\n\t\t\t\t<\/h4>\n\t\t\t\n\t\t\t\t\t\t\t\t\n\t\t\n\t\t\t\t\t\t<a class=\"fusion-link-wrapper\" href=\"https:\/\/intelsynet.com\/es\/los-cinco-riesgos-a-los-que-se-enfrenta-tu-compania\/\" aria-label=\"Los cinco riesgos a los que se enfrenta tu compa\u00f1\u00eda\"><\/a>\n\t<\/div>\n<\/div>\n<\/div>\n<\/li>\n\t\t\t\n\t\t\t\n\t\t\t\t\t\t\t\t<\/ul>\n\t<\/div>\n\t<div class=\"fusion-post-content-wrapper\" style=\"padding:30px 25px 20px 25px;\"><div class=\"fusion-post-content post-content\"><h2 class=\"blog-shortcode-post-title entry-title\"><a href=\"https:\/\/intelsynet.com\/es\/los-cinco-riesgos-a-los-que-se-enfrenta-tu-compania\/\">Los cinco riesgos a los que se enfrenta tu compa\u00f1\u00eda<\/a><\/h2><\/div><\/div><div class=\"fusion-clearfix\"><\/div><\/div>\n<\/article>\n<article id=\"blog-1-post-1193\" class=\"fusion-post-grid post-1193 post type-post status-publish format-standard has-post-thumbnail hentry category-nuestros-articulos\">\n<div class=\"fusion-post-wrapper\" style=\"background-color:rgba(255,255,255,0);border:1px solid #e8e8e8;border-bottom-width:3px;\">\n\n\t\t\t<div class=\"fusion-flexslider flexslider fusion-flexslider-loading fusion-post-slideshow\" style=\"border-color:#e8e8e8;\">\n\t\t<ul class=\"slides\">\n\t\t\t\n\t\t\t\t\t\t\t\t\t\t\t\t\t\t<li><div  class=\"fusion-image-wrapper\" aria-haspopup=\"true\">\n\t\t\t\t<img decoding=\"async\" width=\"1296\" height=\"691\" data-src=\"https:\/\/intelsynet.com\/wp-content\/uploads\/2019\/04\/123.jpg\" class=\"attachment-full size-full wp-post-image lazyload\" alt=\"\" data-srcset=\"https:\/\/intelsynet.com\/wp-content\/uploads\/2019\/04\/123-200x107.jpg 200w, https:\/\/intelsynet.com\/wp-content\/uploads\/2019\/04\/123-400x213.jpg 400w, https:\/\/intelsynet.com\/wp-content\/uploads\/2019\/04\/123-600x320.jpg 600w, https:\/\/intelsynet.com\/wp-content\/uploads\/2019\/04\/123-800x427.jpg 800w, https:\/\/intelsynet.com\/wp-content\/uploads\/2019\/04\/123-1200x640.jpg 1200w, https:\/\/intelsynet.com\/wp-content\/uploads\/2019\/04\/123.jpg 1296w\" data-sizes=\"(min-width: 2200px) 100vw, (min-width: 784px) 363px, (min-width: 712px) 545px, (min-width: 640px) 712px,\" src=\"data:image\/svg+xml;base64,PHN2ZyB3aWR0aD0iMSIgaGVpZ2h0PSIxIiB4bWxucz0iaHR0cDovL3d3dy53My5vcmcvMjAwMC9zdmciPjwvc3ZnPg==\" style=\"--smush-placeholder-width: 1296px; --smush-placeholder-aspect-ratio: 1296\/691;\" \/><div class=\"fusion-rollover\">\n\t<div class=\"fusion-rollover-content\">\n\n\t\t\t\t\n\t\t\n\t\t\t\t\t\t\t\t\t\t\t\t<h4 class=\"fusion-rollover-title\">\n\t\t\t\t\t<a class=\"fusion-rollover-title-link\" href=\"https:\/\/intelsynet.com\/es\/manteniendo-el-riesgo-a-raya\/\">\n\t\t\t\t\t\tManteniendo el riesgo a raya\t\t\t\t\t<\/a>\n\t\t\t\t<\/h4>\n\t\t\t\n\t\t\t\t\t\t\t\t\n\t\t\n\t\t\t\t\t\t<a class=\"fusion-link-wrapper\" href=\"https:\/\/intelsynet.com\/es\/manteniendo-el-riesgo-a-raya\/\" aria-label=\"Manteniendo el riesgo a raya\"><\/a>\n\t<\/div>\n<\/div>\n<\/div>\n<\/li>\n\t\t\t\n\t\t\t\n\t\t\t\t\t\t\t\t<\/ul>\n\t<\/div>\n\t<div class=\"fusion-post-content-wrapper\" style=\"padding:30px 25px 20px 25px;\"><div class=\"fusion-post-content post-content\"><h2 class=\"blog-shortcode-post-title entry-title\"><a href=\"https:\/\/intelsynet.com\/es\/manteniendo-el-riesgo-a-raya\/\">Manteniendo el riesgo a raya<\/a><\/h2><\/div><\/div><div class=\"fusion-clearfix\"><\/div><\/div>\n<\/article>\n<article id=\"blog-1-post-1187\" class=\"fusion-post-grid post-1187 post type-post status-publish format-standard has-post-thumbnail hentry category-nuestros-articulos\">\n<div class=\"fusion-post-wrapper\" style=\"background-color:rgba(255,255,255,0);border:1px solid #e8e8e8;border-bottom-width:3px;\">\n\n\t\t\t<div class=\"fusion-flexslider flexslider fusion-flexslider-loading fusion-post-slideshow\" style=\"border-color:#e8e8e8;\">\n\t\t<ul class=\"slides\">\n\t\t\t\n\t\t\t\t\t\t\t\t\t\t\t\t\t\t<li><div  class=\"fusion-image-wrapper\" aria-haspopup=\"true\">\n\t\t\t\t<img decoding=\"async\" width=\"850\" height=\"429\" data-src=\"https:\/\/intelsynet.com\/wp-content\/uploads\/2019\/03\/1-1.jpg\" class=\"attachment-full size-full wp-post-image lazyload\" alt=\"\" data-srcset=\"https:\/\/intelsynet.com\/wp-content\/uploads\/2019\/03\/1-1-200x101.jpg 200w, https:\/\/intelsynet.com\/wp-content\/uploads\/2019\/03\/1-1-400x202.jpg 400w, https:\/\/intelsynet.com\/wp-content\/uploads\/2019\/03\/1-1-600x303.jpg 600w, https:\/\/intelsynet.com\/wp-content\/uploads\/2019\/03\/1-1-800x404.jpg 800w, https:\/\/intelsynet.com\/wp-content\/uploads\/2019\/03\/1-1.jpg 850w\" data-sizes=\"(min-width: 2200px) 100vw, (min-width: 784px) 363px, (min-width: 712px) 545px, (min-width: 640px) 712px,\" src=\"data:image\/svg+xml;base64,PHN2ZyB3aWR0aD0iMSIgaGVpZ2h0PSIxIiB4bWxucz0iaHR0cDovL3d3dy53My5vcmcvMjAwMC9zdmciPjwvc3ZnPg==\" style=\"--smush-placeholder-width: 850px; --smush-placeholder-aspect-ratio: 850\/429;\" \/><div class=\"fusion-rollover\">\n\t<div class=\"fusion-rollover-content\">\n\n\t\t\t\t\n\t\t\n\t\t\t\t\t\t\t\t\t\t\t\t<h4 class=\"fusion-rollover-title\">\n\t\t\t\t\t<a class=\"fusion-rollover-title-link\" href=\"https:\/\/intelsynet.com\/es\/que-debes-revisar-antes-de-contratar-una-empresa-de-drones\/\">\n\t\t\t\t\t\tQu\u00e9 debes revisar antes de contratar una empresa de drones\t\t\t\t\t<\/a>\n\t\t\t\t<\/h4>\n\t\t\t\n\t\t\t\t\t\t\t\t\n\t\t\n\t\t\t\t\t\t<a class=\"fusion-link-wrapper\" href=\"https:\/\/intelsynet.com\/es\/que-debes-revisar-antes-de-contratar-una-empresa-de-drones\/\" aria-label=\"Qu\u00e9 debes revisar antes de contratar una empresa de drones\"><\/a>\n\t<\/div>\n<\/div>\n<\/div>\n<\/li>\n\t\t\t\n\t\t\t\n\t\t\t\t\t\t\t\t<\/ul>\n\t<\/div>\n\t<div class=\"fusion-post-content-wrapper\" style=\"padding:30px 25px 20px 25px;\"><div class=\"fusion-post-content post-content\"><h2 class=\"blog-shortcode-post-title entry-title\"><a href=\"https:\/\/intelsynet.com\/es\/que-debes-revisar-antes-de-contratar-una-empresa-de-drones\/\">Qu\u00e9 debes revisar antes de contratar una empresa de drones<\/a><\/h2><\/div><\/div><div class=\"fusion-clearfix\"><\/div><\/div>\n<\/article>\n<article id=\"blog-1-post-1178\" class=\"fusion-post-grid post-1178 post type-post status-publish format-standard has-post-thumbnail hentry category-nuestros-articulos\">\n<div class=\"fusion-post-wrapper\" style=\"background-color:rgba(255,255,255,0);border:1px solid #e8e8e8;border-bottom-width:3px;\">\n\n\t\t\t<div class=\"fusion-flexslider flexslider fusion-flexslider-loading fusion-post-slideshow\" style=\"border-color:#e8e8e8;\">\n\t\t<ul class=\"slides\">\n\t\t\t\n\t\t\t\t\t\t\t\t\t\t\t\t\t\t<li><div  class=\"fusion-image-wrapper\" aria-haspopup=\"true\">\n\t\t\t\t<img decoding=\"async\" width=\"900\" height=\"600\" data-src=\"https:\/\/intelsynet.com\/wp-content\/uploads\/2019\/03\/1235.jpg\" class=\"attachment-full size-full wp-post-image lazyload\" alt=\"\" data-srcset=\"https:\/\/intelsynet.com\/wp-content\/uploads\/2019\/03\/1235-200x133.jpg 200w, https:\/\/intelsynet.com\/wp-content\/uploads\/2019\/03\/1235-400x267.jpg 400w, https:\/\/intelsynet.com\/wp-content\/uploads\/2019\/03\/1235-600x400.jpg 600w, https:\/\/intelsynet.com\/wp-content\/uploads\/2019\/03\/1235-800x533.jpg 800w, https:\/\/intelsynet.com\/wp-content\/uploads\/2019\/03\/1235.jpg 900w\" data-sizes=\"(min-width: 2200px) 100vw, (min-width: 784px) 363px, (min-width: 712px) 545px, (min-width: 640px) 712px,\" src=\"data:image\/svg+xml;base64,PHN2ZyB3aWR0aD0iMSIgaGVpZ2h0PSIxIiB4bWxucz0iaHR0cDovL3d3dy53My5vcmcvMjAwMC9zdmciPjwvc3ZnPg==\" style=\"--smush-placeholder-width: 900px; --smush-placeholder-aspect-ratio: 900\/600;\" \/><div class=\"fusion-rollover\">\n\t<div class=\"fusion-rollover-content\">\n\n\t\t\t\t\n\t\t\n\t\t\t\t\t\t\t\t\t\t\t\t<h4 class=\"fusion-rollover-title\">\n\t\t\t\t\t<a class=\"fusion-rollover-title-link\" href=\"https:\/\/intelsynet.com\/es\/santiago-de-chile-estara-vigilada-24-horas-al-dia-por-drones-policia\/\">\n\t\t\t\t\t\tSantiago de Chile estar\u00e1 vigilada 24 horas al d\u00eda por drones polic\u00eda\t\t\t\t\t<\/a>\n\t\t\t\t<\/h4>\n\t\t\t\n\t\t\t\t\t\t\t\t\n\t\t\n\t\t\t\t\t\t<a class=\"fusion-link-wrapper\" href=\"https:\/\/intelsynet.com\/es\/santiago-de-chile-estara-vigilada-24-horas-al-dia-por-drones-policia\/\" aria-label=\"Santiago de Chile estar\u00e1 vigilada 24 horas al d\u00eda por drones polic\u00eda\"><\/a>\n\t<\/div>\n<\/div>\n<\/div>\n<\/li>\n\t\t\t\n\t\t\t\n\t\t\t\t\t\t\t\t<\/ul>\n\t<\/div>\n\t<div class=\"fusion-post-content-wrapper\" style=\"padding:30px 25px 20px 25px;\"><div class=\"fusion-post-content post-content\"><h2 class=\"blog-shortcode-post-title entry-title\"><a href=\"https:\/\/intelsynet.com\/es\/santiago-de-chile-estara-vigilada-24-horas-al-dia-por-drones-policia\/\">Santiago de Chile estar\u00e1 vigilada 24 horas al d\u00eda por drones polic\u00eda<\/a><\/h2><\/div><\/div><div class=\"fusion-clearfix\"><\/div><\/div>\n<\/article>\n<article id=\"blog-1-post-1171\" class=\"fusion-post-grid post-1171 post type-post status-publish format-standard has-post-thumbnail hentry category-nuestros-articulos\">\n<div class=\"fusion-post-wrapper\" style=\"background-color:rgba(255,255,255,0);border:1px solid #e8e8e8;border-bottom-width:3px;\">\n\n\t\t\t<div class=\"fusion-flexslider flexslider fusion-flexslider-loading fusion-post-slideshow\" style=\"border-color:#e8e8e8;\">\n\t\t<ul class=\"slides\">\n\t\t\t\n\t\t\t\t\t\t\t\t\t\t\t\t\t\t<li><div  class=\"fusion-image-wrapper\" aria-haspopup=\"true\">\n\t\t\t\t<img decoding=\"async\" width=\"640\" height=\"358\" data-src=\"https:\/\/intelsynet.com\/wp-content\/uploads\/2019\/03\/12.png\" class=\"attachment-full size-full wp-post-image lazyload\" alt=\"\" data-srcset=\"https:\/\/intelsynet.com\/wp-content\/uploads\/2019\/03\/12-200x112.png 200w, https:\/\/intelsynet.com\/wp-content\/uploads\/2019\/03\/12-400x224.png 400w, https:\/\/intelsynet.com\/wp-content\/uploads\/2019\/03\/12-600x336.png 600w, https:\/\/intelsynet.com\/wp-content\/uploads\/2019\/03\/12.png 640w\" data-sizes=\"(min-width: 2200px) 100vw, (min-width: 784px) 363px, (min-width: 712px) 545px, (min-width: 640px) 712px,\" src=\"data:image\/svg+xml;base64,PHN2ZyB3aWR0aD0iMSIgaGVpZ2h0PSIxIiB4bWxucz0iaHR0cDovL3d3dy53My5vcmcvMjAwMC9zdmciPjwvc3ZnPg==\" style=\"--smush-placeholder-width: 640px; --smush-placeholder-aspect-ratio: 640\/358;\" \/><div class=\"fusion-rollover\">\n\t<div class=\"fusion-rollover-content\">\n\n\t\t\t\t\n\t\t\n\t\t\t\t\t\t\t\t\t\t\t\t<h4 class=\"fusion-rollover-title\">\n\t\t\t\t\t<a class=\"fusion-rollover-title-link\" href=\"https:\/\/intelsynet.com\/es\/la-estafa-del-ceo\/\">\n\t\t\t\t\t\tLa estafa del CEO\t\t\t\t\t<\/a>\n\t\t\t\t<\/h4>\n\t\t\t\n\t\t\t\t\t\t\t\t\n\t\t\n\t\t\t\t\t\t<a class=\"fusion-link-wrapper\" href=\"https:\/\/intelsynet.com\/es\/la-estafa-del-ceo\/\" aria-label=\"La estafa del CEO\"><\/a>\n\t<\/div>\n<\/div>\n<\/div>\n<\/li>\n\t\t\t\n\t\t\t\n\t\t\t\t\t\t\t\t<\/ul>\n\t<\/div>\n\t<div class=\"fusion-post-content-wrapper\" style=\"padding:30px 25px 20px 25px;\"><div class=\"fusion-post-content post-content\"><h2 class=\"blog-shortcode-post-title entry-title\"><a href=\"https:\/\/intelsynet.com\/es\/la-estafa-del-ceo\/\">La estafa del CEO<\/a><\/h2><\/div><\/div><div class=\"fusion-clearfix\"><\/div><\/div>\n<\/article>\n<article id=\"blog-1-post-1163\" class=\"fusion-post-grid post-1163 post type-post status-publish format-standard has-post-thumbnail hentry category-nuestros-articulos\">\n<div class=\"fusion-post-wrapper\" style=\"background-color:rgba(255,255,255,0);border:1px solid #e8e8e8;border-bottom-width:3px;\">\n\n\t\t\t<div class=\"fusion-flexslider flexslider fusion-flexslider-loading fusion-post-slideshow\" style=\"border-color:#e8e8e8;\">\n\t\t<ul class=\"slides\">\n\t\t\t\n\t\t\t\t\t\t\t\t\t\t\t\t\t\t<li><div  class=\"fusion-image-wrapper\" aria-haspopup=\"true\">\n\t\t\t\t<img decoding=\"async\" width=\"640\" height=\"426\" data-src=\"https:\/\/intelsynet.com\/wp-content\/uploads\/2019\/03\/1.jpg\" class=\"attachment-full size-full wp-post-image lazyload\" alt=\"\" data-srcset=\"https:\/\/intelsynet.com\/wp-content\/uploads\/2019\/03\/1-200x133.jpg 200w, https:\/\/intelsynet.com\/wp-content\/uploads\/2019\/03\/1-400x266.jpg 400w, https:\/\/intelsynet.com\/wp-content\/uploads\/2019\/03\/1-600x399.jpg 600w, https:\/\/intelsynet.com\/wp-content\/uploads\/2019\/03\/1.jpg 640w\" data-sizes=\"(min-width: 2200px) 100vw, (min-width: 784px) 363px, (min-width: 712px) 545px, (min-width: 640px) 712px,\" src=\"data:image\/svg+xml;base64,PHN2ZyB3aWR0aD0iMSIgaGVpZ2h0PSIxIiB4bWxucz0iaHR0cDovL3d3dy53My5vcmcvMjAwMC9zdmciPjwvc3ZnPg==\" style=\"--smush-placeholder-width: 640px; --smush-placeholder-aspect-ratio: 640\/426;\" \/><div class=\"fusion-rollover\">\n\t<div class=\"fusion-rollover-content\">\n\n\t\t\t\t\n\t\t\n\t\t\t\t\t\t\t\t\t\t\t\t<h4 class=\"fusion-rollover-title\">\n\t\t\t\t\t<a class=\"fusion-rollover-title-link\" href=\"https:\/\/intelsynet.com\/es\/conoce-tus-riesgos-en-cinco-minutos-gracias-a-incibe\/\">\n\t\t\t\t\t\tConoce tus riesgos en cinco minutos gracias a INCIBE\t\t\t\t\t<\/a>\n\t\t\t\t<\/h4>\n\t\t\t\n\t\t\t\t\t\t\t\t\n\t\t\n\t\t\t\t\t\t<a class=\"fusion-link-wrapper\" href=\"https:\/\/intelsynet.com\/es\/conoce-tus-riesgos-en-cinco-minutos-gracias-a-incibe\/\" aria-label=\"Conoce tus riesgos en cinco minutos gracias a INCIBE\"><\/a>\n\t<\/div>\n<\/div>\n<\/div>\n<\/li>\n\t\t\t\n\t\t\t\n\t\t\t\t\t\t\t\t<\/ul>\n\t<\/div>\n\t<div class=\"fusion-post-content-wrapper\" style=\"padding:30px 25px 20px 25px;\"><div class=\"fusion-post-content post-content\"><h2 class=\"blog-shortcode-post-title entry-title\"><a href=\"https:\/\/intelsynet.com\/es\/conoce-tus-riesgos-en-cinco-minutos-gracias-a-incibe\/\">Conoce tus riesgos en cinco minutos gracias a INCIBE<\/a><\/h2><\/div><\/div><div class=\"fusion-clearfix\"><\/div><\/div>\n<\/article>\n<article id=\"blog-1-post-980\" class=\"fusion-post-grid post-980 post type-post status-publish format-standard has-post-thumbnail hentry category-nuestros-articulos\">\n<div class=\"fusion-post-wrapper\" style=\"background-color:rgba(255,255,255,0);border:1px solid #e8e8e8;border-bottom-width:3px;\">\n\n\t\t\t<div class=\"fusion-flexslider flexslider fusion-flexslider-loading fusion-post-slideshow\" style=\"border-color:#e8e8e8;\">\n\t\t<ul class=\"slides\">\n\t\t\t\n\t\t\t\t\t\t\t\t\t\t\t\t\t\t<li><div  class=\"fusion-image-wrapper\" aria-haspopup=\"true\">\n\t\t\t\t<img decoding=\"async\" width=\"2000\" height=\"888\" data-src=\"https:\/\/intelsynet.com\/wp-content\/uploads\/2018\/11\/intel1.jpg\" class=\"attachment-full size-full wp-post-image lazyload\" alt=\"ciberduediligence\" data-srcset=\"https:\/\/intelsynet.com\/wp-content\/uploads\/2018\/11\/intel1-200x89.jpg 200w, https:\/\/intelsynet.com\/wp-content\/uploads\/2018\/11\/intel1-400x178.jpg 400w, https:\/\/intelsynet.com\/wp-content\/uploads\/2018\/11\/intel1-600x266.jpg 600w, https:\/\/intelsynet.com\/wp-content\/uploads\/2018\/11\/intel1-800x355.jpg 800w, https:\/\/intelsynet.com\/wp-content\/uploads\/2018\/11\/intel1-1200x533.jpg 1200w, https:\/\/intelsynet.com\/wp-content\/uploads\/2018\/11\/intel1.jpg 2000w\" data-sizes=\"(min-width: 2200px) 100vw, (min-width: 784px) 363px, (min-width: 712px) 545px, (min-width: 640px) 712px,\" src=\"data:image\/svg+xml;base64,PHN2ZyB3aWR0aD0iMSIgaGVpZ2h0PSIxIiB4bWxucz0iaHR0cDovL3d3dy53My5vcmcvMjAwMC9zdmciPjwvc3ZnPg==\" style=\"--smush-placeholder-width: 2000px; --smush-placeholder-aspect-ratio: 2000\/888;\" \/><div class=\"fusion-rollover\">\n\t<div class=\"fusion-rollover-content\">\n\n\t\t\t\t\n\t\t\n\t\t\t\t\t\t\t\t\t\t\t\t<h4 class=\"fusion-rollover-title\">\n\t\t\t\t\t<a class=\"fusion-rollover-title-link\" href=\"https:\/\/intelsynet.com\/es\/cyberduediligence-y-las-operaciones-corporativas\/\">\n\t\t\t\t\t\tCyberduediligence y las operaciones corporativas\t\t\t\t\t<\/a>\n\t\t\t\t<\/h4>\n\t\t\t\n\t\t\t\t\t\t\t\t\n\t\t\n\t\t\t\t\t\t<a class=\"fusion-link-wrapper\" href=\"https:\/\/intelsynet.com\/es\/cyberduediligence-y-las-operaciones-corporativas\/\" aria-label=\"Cyberduediligence y las operaciones corporativas\"><\/a>\n\t<\/div>\n<\/div>\n<\/div>\n<\/li>\n\t\t\t\n\t\t\t\n\t\t\t\t\t\t\t\t<\/ul>\n\t<\/div>\n\t<div class=\"fusion-post-content-wrapper\" style=\"padding:30px 25px 20px 25px;\"><div class=\"fusion-post-content post-content\"><h2 class=\"blog-shortcode-post-title entry-title\"><a href=\"https:\/\/intelsynet.com\/es\/cyberduediligence-y-las-operaciones-corporativas\/\">Cyberduediligence y las operaciones corporativas<\/a><\/h2><\/div><\/div><div class=\"fusion-clearfix\"><\/div><\/div>\n<\/article>\n<article id=\"blog-1-post-1137\" class=\"fusion-post-grid post-1137 post type-post status-publish format-standard has-post-thumbnail hentry category-nuestros-articulos\">\n<div class=\"fusion-post-wrapper\" style=\"background-color:rgba(255,255,255,0);border:1px solid #e8e8e8;border-bottom-width:3px;\">\n\n\t\t\t<div class=\"fusion-flexslider flexslider fusion-flexslider-loading fusion-post-slideshow\" style=\"border-color:#e8e8e8;\">\n\t\t<ul class=\"slides\">\n\t\t\t\n\t\t\t\t\t\t\t\t\t\t\t\t\t\t<li><div  class=\"fusion-image-wrapper\" aria-haspopup=\"true\">\n\t\t\t\t<img decoding=\"async\" width=\"640\" height=\"341\" data-src=\"https:\/\/intelsynet.com\/wp-content\/uploads\/2019\/02\/1-3.jpg\" class=\"attachment-full size-full wp-post-image lazyload\" alt=\"\" data-srcset=\"https:\/\/intelsynet.com\/wp-content\/uploads\/2019\/02\/1-3-200x107.jpg 200w, https:\/\/intelsynet.com\/wp-content\/uploads\/2019\/02\/1-3-400x213.jpg 400w, https:\/\/intelsynet.com\/wp-content\/uploads\/2019\/02\/1-3-600x320.jpg 600w, https:\/\/intelsynet.com\/wp-content\/uploads\/2019\/02\/1-3.jpg 640w\" data-sizes=\"(min-width: 2200px) 100vw, (min-width: 784px) 363px, (min-width: 712px) 545px, (min-width: 640px) 712px,\" src=\"data:image\/svg+xml;base64,PHN2ZyB3aWR0aD0iMSIgaGVpZ2h0PSIxIiB4bWxucz0iaHR0cDovL3d3dy53My5vcmcvMjAwMC9zdmciPjwvc3ZnPg==\" style=\"--smush-placeholder-width: 640px; --smush-placeholder-aspect-ratio: 640\/341;\" \/><div class=\"fusion-rollover\">\n\t<div class=\"fusion-rollover-content\">\n\n\t\t\t\t\n\t\t\n\t\t\t\t\t\t\t\t\t\t\t\t<h4 class=\"fusion-rollover-title\">\n\t\t\t\t\t<a class=\"fusion-rollover-title-link\" href=\"https:\/\/intelsynet.com\/es\/el-factor-psicologico-en-el-riesgo-insider\/\">\n\t\t\t\t\t\tEl factor psicol\u00f3gico en el riesgo insider\t\t\t\t\t<\/a>\n\t\t\t\t<\/h4>\n\t\t\t\n\t\t\t\t\t\t\t\t\n\t\t\n\t\t\t\t\t\t<a class=\"fusion-link-wrapper\" href=\"https:\/\/intelsynet.com\/es\/el-factor-psicologico-en-el-riesgo-insider\/\" aria-label=\"El factor psicol\u00f3gico en el riesgo insider\"><\/a>\n\t<\/div>\n<\/div>\n<\/div>\n<\/li>\n\t\t\t\n\t\t\t\n\t\t\t\t\t\t\t\t<\/ul>\n\t<\/div>\n\t<div class=\"fusion-post-content-wrapper\" style=\"padding:30px 25px 20px 25px;\"><div class=\"fusion-post-content post-content\"><h2 class=\"blog-shortcode-post-title entry-title\"><a href=\"https:\/\/intelsynet.com\/es\/el-factor-psicologico-en-el-riesgo-insider\/\">El factor psicol\u00f3gico en el riesgo insider<\/a><\/h2><\/div><\/div><div class=\"fusion-clearfix\"><\/div><\/div>\n<\/article>\n<article id=\"blog-1-post-1143\" class=\"fusion-post-grid post-1143 post type-post status-publish format-standard has-post-thumbnail hentry category-nuestros-articulos\">\n<div class=\"fusion-post-wrapper\" style=\"background-color:rgba(255,255,255,0);border:1px solid #e8e8e8;border-bottom-width:3px;\">\n\n\t\t\t<div class=\"fusion-flexslider flexslider fusion-flexslider-loading fusion-post-slideshow\" style=\"border-color:#e8e8e8;\">\n\t\t<ul class=\"slides\">\n\t\t\t\n\t\t\t\t\t\t\t\t\t\t\t\t\t\t<li><div  class=\"fusion-image-wrapper\" aria-haspopup=\"true\">\n\t\t\t\t<img decoding=\"async\" width=\"800\" height=\"2000\" data-src=\"https:\/\/intelsynet.com\/wp-content\/uploads\/2019\/02\/Los-5-riesgos-a-los-que-se-enfrenta-tu-compa\u00f1\u00eda.jpg\" class=\"attachment-full size-full wp-post-image lazyload\" alt=\"\" data-srcset=\"https:\/\/intelsynet.com\/wp-content\/uploads\/2019\/02\/Los-5-riesgos-a-los-que-se-enfrenta-tu-compa\u00f1\u00eda-200x500.jpg 200w, https:\/\/intelsynet.com\/wp-content\/uploads\/2019\/02\/Los-5-riesgos-a-los-que-se-enfrenta-tu-compa\u00f1\u00eda-400x1000.jpg 400w, https:\/\/intelsynet.com\/wp-content\/uploads\/2019\/02\/Los-5-riesgos-a-los-que-se-enfrenta-tu-compa\u00f1\u00eda-600x1500.jpg 600w, https:\/\/intelsynet.com\/wp-content\/uploads\/2019\/02\/Los-5-riesgos-a-los-que-se-enfrenta-tu-compa\u00f1\u00eda.jpg 800w\" data-sizes=\"(min-width: 2200px) 100vw, (min-width: 784px) 363px, (min-width: 712px) 545px, (min-width: 640px) 712px,\" src=\"data:image\/svg+xml;base64,PHN2ZyB3aWR0aD0iMSIgaGVpZ2h0PSIxIiB4bWxucz0iaHR0cDovL3d3dy53My5vcmcvMjAwMC9zdmciPjwvc3ZnPg==\" style=\"--smush-placeholder-width: 800px; --smush-placeholder-aspect-ratio: 800\/2000;\" \/><div class=\"fusion-rollover\">\n\t<div class=\"fusion-rollover-content\">\n\n\t\t\t\t\n\t\t\n\t\t\t\t\t\t\t\t\t\t\t\t<h4 class=\"fusion-rollover-title\">\n\t\t\t\t\t<a class=\"fusion-rollover-title-link\" href=\"https:\/\/intelsynet.com\/es\/los-5-riesgos-a-los-que-se-enfrenta-tu-compania\/\">\n\t\t\t\t\t\tLos 5 riesgos a los que se enfrenta tu compa\u00f1\u00eda\t\t\t\t\t<\/a>\n\t\t\t\t<\/h4>\n\t\t\t\n\t\t\t\t\t\t\t\t\n\t\t\n\t\t\t\t\t\t<a class=\"fusion-link-wrapper\" href=\"https:\/\/intelsynet.com\/es\/los-5-riesgos-a-los-que-se-enfrenta-tu-compania\/\" aria-label=\"Los 5 riesgos a los que se enfrenta tu compa\u00f1\u00eda\"><\/a>\n\t<\/div>\n<\/div>\n<\/div>\n<\/li>\n\t\t\t\n\t\t\t\n\t\t\t\t\t\t\t\t<\/ul>\n\t<\/div>\n\t<div class=\"fusion-post-content-wrapper\" style=\"padding:30px 25px 20px 25px;\"><div class=\"fusion-post-content post-content\"><h2 class=\"blog-shortcode-post-title entry-title\"><a href=\"https:\/\/intelsynet.com\/es\/los-5-riesgos-a-los-que-se-enfrenta-tu-compania\/\">Los 5 riesgos a los que se enfrenta tu compa\u00f1\u00eda<\/a><\/h2><\/div><\/div><div class=\"fusion-clearfix\"><\/div><\/div>\n<\/article>\n<article id=\"blog-1-post-1120\" class=\"fusion-post-grid post-1120 post type-post status-publish format-standard has-post-thumbnail hentry category-nuestros-articulos\">\n<div class=\"fusion-post-wrapper\" style=\"background-color:rgba(255,255,255,0);border:1px solid #e8e8e8;border-bottom-width:3px;\">\n\n\t\t\t<div class=\"fusion-flexslider flexslider fusion-flexslider-loading fusion-post-slideshow\" style=\"border-color:#e8e8e8;\">\n\t\t<ul class=\"slides\">\n\t\t\t\n\t\t\t\t\t\t\t\t\t\t\t\t\t\t<li><div  class=\"fusion-image-wrapper\" aria-haspopup=\"true\">\n\t\t\t\t<img decoding=\"async\" width=\"939\" height=\"528\" data-src=\"https:\/\/intelsynet.com\/wp-content\/uploads\/2019\/02\/1-2.jpg\" class=\"attachment-full size-full wp-post-image lazyload\" alt=\"\" data-srcset=\"https:\/\/intelsynet.com\/wp-content\/uploads\/2019\/02\/1-2-200x112.jpg 200w, https:\/\/intelsynet.com\/wp-content\/uploads\/2019\/02\/1-2-400x225.jpg 400w, https:\/\/intelsynet.com\/wp-content\/uploads\/2019\/02\/1-2-600x337.jpg 600w, https:\/\/intelsynet.com\/wp-content\/uploads\/2019\/02\/1-2-800x450.jpg 800w, https:\/\/intelsynet.com\/wp-content\/uploads\/2019\/02\/1-2.jpg 939w\" data-sizes=\"(min-width: 2200px) 100vw, (min-width: 784px) 363px, (min-width: 712px) 545px, (min-width: 640px) 712px,\" src=\"data:image\/svg+xml;base64,PHN2ZyB3aWR0aD0iMSIgaGVpZ2h0PSIxIiB4bWxucz0iaHR0cDovL3d3dy53My5vcmcvMjAwMC9zdmciPjwvc3ZnPg==\" style=\"--smush-placeholder-width: 939px; --smush-placeholder-aspect-ratio: 939\/528;\" \/><div class=\"fusion-rollover\">\n\t<div class=\"fusion-rollover-content\">\n\n\t\t\t\t\n\t\t\n\t\t\t\t\t\t\t\t\t\t\t\t<h4 class=\"fusion-rollover-title\">\n\t\t\t\t\t<a class=\"fusion-rollover-title-link\" href=\"https:\/\/intelsynet.com\/es\/realmente-la-i-del-vip-es-lo-importante\/\">\n\t\t\t\t\t\t\u00bfRealmente la \u201cI\u201d del VIP es lo importante?\t\t\t\t\t<\/a>\n\t\t\t\t<\/h4>\n\t\t\t\n\t\t\t\t\t\t\t\t\n\t\t\n\t\t\t\t\t\t<a class=\"fusion-link-wrapper\" href=\"https:\/\/intelsynet.com\/es\/realmente-la-i-del-vip-es-lo-importante\/\" aria-label=\"\u00bfRealmente la \u201cI\u201d del VIP es lo importante?\"><\/a>\n\t<\/div>\n<\/div>\n<\/div>\n<\/li>\n\t\t\t\n\t\t\t\n\t\t\t\t\t\t\t\t<\/ul>\n\t<\/div>\n\t<div class=\"fusion-post-content-wrapper\" style=\"padding:30px 25px 20px 25px;\"><div class=\"fusion-post-content post-content\"><h2 class=\"blog-shortcode-post-title entry-title\"><a href=\"https:\/\/intelsynet.com\/es\/realmente-la-i-del-vip-es-lo-importante\/\">\u00bfRealmente la \u201cI\u201d del VIP es lo importante?<\/a><\/h2><\/div><\/div><div class=\"fusion-clearfix\"><\/div><\/div>\n<\/article>\n<article id=\"blog-1-post-1110\" class=\"fusion-post-grid post-1110 post type-post status-publish format-standard has-post-thumbnail hentry category-nuestros-articulos\">\n<div class=\"fusion-post-wrapper\" style=\"background-color:rgba(255,255,255,0);border:1px solid #e8e8e8;border-bottom-width:3px;\">\n\n\t\t\t<div class=\"fusion-flexslider flexslider fusion-flexslider-loading fusion-post-slideshow\" style=\"border-color:#e8e8e8;\">\n\t\t<ul class=\"slides\">\n\t\t\t\n\t\t\t\t\t\t\t\t\t\t\t\t\t\t<li><div  class=\"fusion-image-wrapper\" aria-haspopup=\"true\">\n\t\t\t\t<img decoding=\"async\" width=\"1224\" height=\"689\" data-src=\"https:\/\/intelsynet.com\/wp-content\/uploads\/2019\/02\/123.png\" class=\"attachment-full size-full wp-post-image lazyload\" alt=\"\" data-srcset=\"https:\/\/intelsynet.com\/wp-content\/uploads\/2019\/02\/123-200x113.png 200w, https:\/\/intelsynet.com\/wp-content\/uploads\/2019\/02\/123-400x225.png 400w, https:\/\/intelsynet.com\/wp-content\/uploads\/2019\/02\/123-600x338.png 600w, https:\/\/intelsynet.com\/wp-content\/uploads\/2019\/02\/123-800x450.png 800w, https:\/\/intelsynet.com\/wp-content\/uploads\/2019\/02\/123-1200x675.png 1200w, https:\/\/intelsynet.com\/wp-content\/uploads\/2019\/02\/123.png 1224w\" data-sizes=\"(min-width: 2200px) 100vw, (min-width: 784px) 363px, (min-width: 712px) 545px, (min-width: 640px) 712px,\" src=\"data:image\/svg+xml;base64,PHN2ZyB3aWR0aD0iMSIgaGVpZ2h0PSIxIiB4bWxucz0iaHR0cDovL3d3dy53My5vcmcvMjAwMC9zdmciPjwvc3ZnPg==\" style=\"--smush-placeholder-width: 1224px; --smush-placeholder-aspect-ratio: 1224\/689;\" \/><div class=\"fusion-rollover\">\n\t<div class=\"fusion-rollover-content\">\n\n\t\t\t\t\n\t\t\n\t\t\t\t\t\t\t\t\t\t\t\t<h4 class=\"fusion-rollover-title\">\n\t\t\t\t\t<a class=\"fusion-rollover-title-link\" href=\"https:\/\/intelsynet.com\/es\/las-matriculas-llegan-a-los-drones\/\">\n\t\t\t\t\t\tLas matr\u00edculas llegan a los drones\t\t\t\t\t<\/a>\n\t\t\t\t<\/h4>\n\t\t\t\n\t\t\t\t\t\t\t\t\n\t\t\n\t\t\t\t\t\t<a class=\"fusion-link-wrapper\" href=\"https:\/\/intelsynet.com\/es\/las-matriculas-llegan-a-los-drones\/\" aria-label=\"Las matr\u00edculas llegan a los drones\"><\/a>\n\t<\/div>\n<\/div>\n<\/div>\n<\/li>\n\t\t\t\n\t\t\t\n\t\t\t\t\t\t\t\t<\/ul>\n\t<\/div>\n\t<div class=\"fusion-post-content-wrapper\" style=\"padding:30px 25px 20px 25px;\"><div class=\"fusion-post-content post-content\"><h2 class=\"blog-shortcode-post-title entry-title\"><a href=\"https:\/\/intelsynet.com\/es\/las-matriculas-llegan-a-los-drones\/\">Las matr\u00edculas llegan a los drones<\/a><\/h2><\/div><\/div><div class=\"fusion-clearfix\"><\/div><\/div>\n<\/article>\n<article id=\"blog-1-post-1071\" class=\"fusion-post-grid post-1071 post type-post status-publish format-standard has-post-thumbnail hentry category-nuestros-articulos\">\n<div class=\"fusion-post-wrapper\" style=\"background-color:rgba(255,255,255,0);border:1px solid #e8e8e8;border-bottom-width:3px;\">\n\n\t\t\t<div class=\"fusion-flexslider flexslider fusion-flexslider-loading fusion-post-slideshow\" style=\"border-color:#e8e8e8;\">\n\t\t<ul class=\"slides\">\n\t\t\t\n\t\t\t\t\t\t\t\t\t\t\t\t\t\t<li><div  class=\"fusion-image-wrapper\" aria-haspopup=\"true\">\n\t\t\t\t<img decoding=\"async\" width=\"450\" height=\"216\" data-src=\"https:\/\/intelsynet.com\/wp-content\/uploads\/2019\/02\/1-1.jpg\" class=\"attachment-full size-full wp-post-image lazyload\" alt=\"\" data-srcset=\"https:\/\/intelsynet.com\/wp-content\/uploads\/2019\/02\/1-1-200x96.jpg 200w, https:\/\/intelsynet.com\/wp-content\/uploads\/2019\/02\/1-1-400x192.jpg 400w, https:\/\/intelsynet.com\/wp-content\/uploads\/2019\/02\/1-1.jpg 450w\" data-sizes=\"(min-width: 2200px) 100vw, (min-width: 784px) 363px, (min-width: 712px) 545px, (min-width: 640px) 712px,\" src=\"data:image\/svg+xml;base64,PHN2ZyB3aWR0aD0iMSIgaGVpZ2h0PSIxIiB4bWxucz0iaHR0cDovL3d3dy53My5vcmcvMjAwMC9zdmciPjwvc3ZnPg==\" style=\"--smush-placeholder-width: 450px; --smush-placeholder-aspect-ratio: 450\/216;\" \/><div class=\"fusion-rollover\">\n\t<div class=\"fusion-rollover-content\">\n\n\t\t\t\t\n\t\t\n\t\t\t\t\t\t\t\t\t\t\t\t<h4 class=\"fusion-rollover-title\">\n\t\t\t\t\t<a class=\"fusion-rollover-title-link\" href=\"https:\/\/intelsynet.com\/es\/el-caso-huawei-y-su-impacto-en-espana\/\">\n\t\t\t\t\t\tEl caso Huawei y su impacto en Espa\u00f1a\t\t\t\t\t<\/a>\n\t\t\t\t<\/h4>\n\t\t\t\n\t\t\t\t\t\t\t\t\n\t\t\n\t\t\t\t\t\t<a class=\"fusion-link-wrapper\" href=\"https:\/\/intelsynet.com\/es\/el-caso-huawei-y-su-impacto-en-espana\/\" aria-label=\"El caso Huawei y su impacto en Espa\u00f1a\"><\/a>\n\t<\/div>\n<\/div>\n<\/div>\n<\/li>\n\t\t\t\n\t\t\t\n\t\t\t\t\t\t\t\t<\/ul>\n\t<\/div>\n\t<div class=\"fusion-post-content-wrapper\" style=\"padding:30px 25px 20px 25px;\"><div class=\"fusion-post-content post-content\"><h2 class=\"blog-shortcode-post-title entry-title\"><a href=\"https:\/\/intelsynet.com\/es\/el-caso-huawei-y-su-impacto-en-espana\/\">El caso Huawei y su impacto en Espa\u00f1a<\/a><\/h2><\/div><\/div><div class=\"fusion-clearfix\"><\/div><\/div>\n<\/article>\n<article id=\"blog-1-post-1065\" class=\"fusion-post-grid post-1065 post type-post status-publish format-standard has-post-thumbnail hentry category-nuestros-articulos\">\n<div class=\"fusion-post-wrapper\" style=\"background-color:rgba(255,255,255,0);border:1px solid #e8e8e8;border-bottom-width:3px;\">\n\n\t\t\t<div class=\"fusion-flexslider flexslider fusion-flexslider-loading fusion-post-slideshow\" style=\"border-color:#e8e8e8;\">\n\t\t<ul class=\"slides\">\n\t\t\t\n\t\t\t\t\t\t\t\t\t\t\t\t\t\t<li><div  class=\"fusion-image-wrapper\" aria-haspopup=\"true\">\n\t\t\t\t<img decoding=\"async\" width=\"1300\" height=\"866\" data-src=\"https:\/\/intelsynet.com\/wp-content\/uploads\/2019\/02\/drones-intelsynet.jpg\" class=\"attachment-full size-full wp-post-image lazyload\" alt=\"\" data-srcset=\"https:\/\/intelsynet.com\/wp-content\/uploads\/2019\/02\/drones-intelsynet-200x133.jpg 200w, https:\/\/intelsynet.com\/wp-content\/uploads\/2019\/02\/drones-intelsynet-400x266.jpg 400w, https:\/\/intelsynet.com\/wp-content\/uploads\/2019\/02\/drones-intelsynet-600x400.jpg 600w, https:\/\/intelsynet.com\/wp-content\/uploads\/2019\/02\/drones-intelsynet-800x533.jpg 800w, https:\/\/intelsynet.com\/wp-content\/uploads\/2019\/02\/drones-intelsynet-1200x799.jpg 1200w, https:\/\/intelsynet.com\/wp-content\/uploads\/2019\/02\/drones-intelsynet.jpg 1300w\" data-sizes=\"(min-width: 2200px) 100vw, (min-width: 784px) 363px, (min-width: 712px) 545px, (min-width: 640px) 712px,\" src=\"data:image\/svg+xml;base64,PHN2ZyB3aWR0aD0iMSIgaGVpZ2h0PSIxIiB4bWxucz0iaHR0cDovL3d3dy53My5vcmcvMjAwMC9zdmciPjwvc3ZnPg==\" style=\"--smush-placeholder-width: 1300px; --smush-placeholder-aspect-ratio: 1300\/866;\" \/><div class=\"fusion-rollover\">\n\t<div class=\"fusion-rollover-content\">\n\n\t\t\t\t\n\t\t\n\t\t\t\t\t\t\t\t\t\t\t\t<h4 class=\"fusion-rollover-title\">\n\t\t\t\t\t<a class=\"fusion-rollover-title-link\" href=\"https:\/\/intelsynet.com\/es\/un-paso-adelante-en-la-regulacion-del-dron\/\">\n\t\t\t\t\t\tUn paso adelante en la regulaci\u00f3n del dron\t\t\t\t\t<\/a>\n\t\t\t\t<\/h4>\n\t\t\t\n\t\t\t\t\t\t\t\t\n\t\t\n\t\t\t\t\t\t<a class=\"fusion-link-wrapper\" href=\"https:\/\/intelsynet.com\/es\/un-paso-adelante-en-la-regulacion-del-dron\/\" aria-label=\"Un paso adelante en la regulaci\u00f3n del dron\"><\/a>\n\t<\/div>\n<\/div>\n<\/div>\n<\/li>\n\t\t\t\n\t\t\t\n\t\t\t\t\t\t\t\t<\/ul>\n\t<\/div>\n\t<div class=\"fusion-post-content-wrapper\" style=\"padding:30px 25px 20px 25px;\"><div class=\"fusion-post-content post-content\"><h2 class=\"blog-shortcode-post-title entry-title\"><a href=\"https:\/\/intelsynet.com\/es\/un-paso-adelante-en-la-regulacion-del-dron\/\">Un paso adelante en la regulaci\u00f3n del dron<\/a><\/h2><\/div><\/div><div class=\"fusion-clearfix\"><\/div><\/div>\n<\/article>\n<article id=\"blog-1-post-1056\" class=\"fusion-post-grid post-1056 post type-post status-publish format-standard has-post-thumbnail hentry category-nuestros-articulos\">\n<div class=\"fusion-post-wrapper\" style=\"background-color:rgba(255,255,255,0);border:1px solid #e8e8e8;border-bottom-width:3px;\">\n\n\t\t\t<div class=\"fusion-flexslider flexslider fusion-flexslider-loading fusion-post-slideshow\" style=\"border-color:#e8e8e8;\">\n\t\t<ul class=\"slides\">\n\t\t\t\n\t\t\t\t\t\t\t\t\t\t\t\t\t\t<li><div  class=\"fusion-image-wrapper\" aria-haspopup=\"true\">\n\t\t\t\t<img decoding=\"async\" width=\"620\" height=\"350\" data-src=\"https:\/\/intelsynet.com\/wp-content\/uploads\/2019\/02\/1.jpg\" class=\"attachment-full size-full wp-post-image lazyload\" alt=\"\" data-srcset=\"https:\/\/intelsynet.com\/wp-content\/uploads\/2019\/02\/1-200x113.jpg 200w, https:\/\/intelsynet.com\/wp-content\/uploads\/2019\/02\/1-400x226.jpg 400w, https:\/\/intelsynet.com\/wp-content\/uploads\/2019\/02\/1-600x339.jpg 600w, https:\/\/intelsynet.com\/wp-content\/uploads\/2019\/02\/1.jpg 620w\" data-sizes=\"(min-width: 2200px) 100vw, (min-width: 784px) 363px, (min-width: 712px) 545px, (min-width: 640px) 712px,\" src=\"data:image\/svg+xml;base64,PHN2ZyB3aWR0aD0iMSIgaGVpZ2h0PSIxIiB4bWxucz0iaHR0cDovL3d3dy53My5vcmcvMjAwMC9zdmciPjwvc3ZnPg==\" style=\"--smush-placeholder-width: 620px; --smush-placeholder-aspect-ratio: 620\/350;\" \/><div class=\"fusion-rollover\">\n\t<div class=\"fusion-rollover-content\">\n\n\t\t\t\t\n\t\t\n\t\t\t\t\t\t\t\t\t\t\t\t<h4 class=\"fusion-rollover-title\">\n\t\t\t\t\t<a class=\"fusion-rollover-title-link\" href=\"https:\/\/intelsynet.com\/es\/los-cinco-tipos-de-riesgo-de-insiders-que-puede-sufrir-tu-empresa\/\">\n\t\t\t\t\t\tLos cinco tipos de riesgo de insiders que puede sufrir tu empresa\t\t\t\t\t<\/a>\n\t\t\t\t<\/h4>\n\t\t\t\n\t\t\t\t\t\t\t\t\n\t\t\n\t\t\t\t\t\t<a class=\"fusion-link-wrapper\" href=\"https:\/\/intelsynet.com\/es\/los-cinco-tipos-de-riesgo-de-insiders-que-puede-sufrir-tu-empresa\/\" aria-label=\"Los cinco tipos de riesgo de insiders que puede sufrir tu empresa\"><\/a>\n\t<\/div>\n<\/div>\n<\/div>\n<\/li>\n\t\t\t\n\t\t\t\n\t\t\t\t\t\t\t\t<\/ul>\n\t<\/div>\n\t<div class=\"fusion-post-content-wrapper\" style=\"padding:30px 25px 20px 25px;\"><div class=\"fusion-post-content post-content\"><h2 class=\"blog-shortcode-post-title entry-title\"><a href=\"https:\/\/intelsynet.com\/es\/los-cinco-tipos-de-riesgo-de-insiders-que-puede-sufrir-tu-empresa\/\">Los cinco tipos de riesgo de insiders que puede sufrir tu empresa<\/a><\/h2><\/div><\/div><div class=\"fusion-clearfix\"><\/div><\/div>\n<\/article>\n<article id=\"blog-1-post-1048\" class=\"fusion-post-grid post-1048 post type-post status-publish format-standard has-post-thumbnail hentry category-nuestros-articulos\">\n<div class=\"fusion-post-wrapper\" style=\"background-color:rgba(255,255,255,0);border:1px solid #e8e8e8;border-bottom-width:3px;\">\n\n\t\t\t<div class=\"fusion-flexslider flexslider fusion-flexslider-loading fusion-post-slideshow\" style=\"border-color:#e8e8e8;\">\n\t\t<ul class=\"slides\">\n\t\t\t\n\t\t\t\t\t\t\t\t\t\t\t\t\t\t<li><div  class=\"fusion-image-wrapper\" aria-haspopup=\"true\">\n\t\t\t\t<img decoding=\"async\" width=\"1280\" height=\"928\" data-src=\"https:\/\/intelsynet.com\/wp-content\/uploads\/2019\/01\/alien-1294088_1280.png\" class=\"attachment-full size-full wp-post-image lazyload\" alt=\"\" data-srcset=\"https:\/\/intelsynet.com\/wp-content\/uploads\/2019\/01\/alien-1294088_1280-200x145.png 200w, https:\/\/intelsynet.com\/wp-content\/uploads\/2019\/01\/alien-1294088_1280-400x290.png 400w, https:\/\/intelsynet.com\/wp-content\/uploads\/2019\/01\/alien-1294088_1280-600x435.png 600w, https:\/\/intelsynet.com\/wp-content\/uploads\/2019\/01\/alien-1294088_1280-800x580.png 800w, https:\/\/intelsynet.com\/wp-content\/uploads\/2019\/01\/alien-1294088_1280-1200x870.png 1200w, https:\/\/intelsynet.com\/wp-content\/uploads\/2019\/01\/alien-1294088_1280.png 1280w\" data-sizes=\"(min-width: 2200px) 100vw, (min-width: 784px) 363px, (min-width: 712px) 545px, (min-width: 640px) 712px,\" src=\"data:image\/svg+xml;base64,PHN2ZyB3aWR0aD0iMSIgaGVpZ2h0PSIxIiB4bWxucz0iaHR0cDovL3d3dy53My5vcmcvMjAwMC9zdmciPjwvc3ZnPg==\" style=\"--smush-placeholder-width: 1280px; --smush-placeholder-aspect-ratio: 1280\/928;\" \/><div class=\"fusion-rollover\">\n\t<div class=\"fusion-rollover-content\">\n\n\t\t\t\t\n\t\t\n\t\t\t\t\t\t\t\t\t\t\t\t<h4 class=\"fusion-rollover-title\">\n\t\t\t\t\t<a class=\"fusion-rollover-title-link\" href=\"https:\/\/intelsynet.com\/es\/la-necesidad-de-medidas-anti-dron-en-las-smart-cities\/\">\n\t\t\t\t\t\tLa necesidad de medidas anti-dron en las Smart Cities.\t\t\t\t\t<\/a>\n\t\t\t\t<\/h4>\n\t\t\t\n\t\t\t\t\t\t\t\t\n\t\t\n\t\t\t\t\t\t<a class=\"fusion-link-wrapper\" href=\"https:\/\/intelsynet.com\/es\/la-necesidad-de-medidas-anti-dron-en-las-smart-cities\/\" aria-label=\"La necesidad de medidas anti-dron en las Smart Cities.\"><\/a>\n\t<\/div>\n<\/div>\n<\/div>\n<\/li>\n\t\t\t\n\t\t\t\n\t\t\t\t\t\t\t\t<\/ul>\n\t<\/div>\n\t<div class=\"fusion-post-content-wrapper\" style=\"padding:30px 25px 20px 25px;\"><div class=\"fusion-post-content post-content\"><h2 class=\"blog-shortcode-post-title entry-title\"><a href=\"https:\/\/intelsynet.com\/es\/la-necesidad-de-medidas-anti-dron-en-las-smart-cities\/\">La necesidad de medidas anti-dron en las Smart Cities.<\/a><\/h2><\/div><\/div><div class=\"fusion-clearfix\"><\/div><\/div>\n<\/article>\n<article id=\"blog-1-post-1033\" class=\"fusion-post-grid post-1033 post type-post status-publish format-standard has-post-thumbnail hentry category-nuestros-articulos\">\n<div class=\"fusion-post-wrapper\" style=\"background-color:rgba(255,255,255,0);border:1px solid #e8e8e8;border-bottom-width:3px;\">\n\n\t\t\t<div class=\"fusion-flexslider flexslider fusion-flexslider-loading fusion-post-slideshow\" style=\"border-color:#e8e8e8;\">\n\t\t<ul class=\"slides\">\n\t\t\t\n\t\t\t\t\t\t\t\t\t\t\t\t\t\t<li><div  class=\"fusion-image-wrapper\" aria-haspopup=\"true\">\n\t\t\t\t<img decoding=\"async\" width=\"1280\" height=\"856\" data-src=\"https:\/\/intelsynet.com\/wp-content\/uploads\/2019\/01\/intelsynet.jpg\" class=\"attachment-full size-full wp-post-image lazyload\" alt=\"insider en la empresa\" data-srcset=\"https:\/\/intelsynet.com\/wp-content\/uploads\/2019\/01\/intelsynet-200x134.jpg 200w, https:\/\/intelsynet.com\/wp-content\/uploads\/2019\/01\/intelsynet-400x268.jpg 400w, https:\/\/intelsynet.com\/wp-content\/uploads\/2019\/01\/intelsynet-600x401.jpg 600w, https:\/\/intelsynet.com\/wp-content\/uploads\/2019\/01\/intelsynet-800x535.jpg 800w, https:\/\/intelsynet.com\/wp-content\/uploads\/2019\/01\/intelsynet-1200x803.jpg 1200w, https:\/\/intelsynet.com\/wp-content\/uploads\/2019\/01\/intelsynet.jpg 1280w\" data-sizes=\"(min-width: 2200px) 100vw, (min-width: 784px) 363px, (min-width: 712px) 545px, (min-width: 640px) 712px,\" src=\"data:image\/svg+xml;base64,PHN2ZyB3aWR0aD0iMSIgaGVpZ2h0PSIxIiB4bWxucz0iaHR0cDovL3d3dy53My5vcmcvMjAwMC9zdmciPjwvc3ZnPg==\" style=\"--smush-placeholder-width: 1280px; --smush-placeholder-aspect-ratio: 1280\/856;\" \/><div class=\"fusion-rollover\">\n\t<div class=\"fusion-rollover-content\">\n\n\t\t\t\t\n\t\t\n\t\t\t\t\t\t\t\t\t\t\t\t<h4 class=\"fusion-rollover-title\">\n\t\t\t\t\t<a class=\"fusion-rollover-title-link\" href=\"https:\/\/intelsynet.com\/es\/que-es-un-insider-en-la-empresa\/\">\n\t\t\t\t\t\t\u00bfQu\u00e9 es un \u2018insider\u2019 en la empresa?\t\t\t\t\t<\/a>\n\t\t\t\t<\/h4>\n\t\t\t\n\t\t\t\t\t\t\t\t\n\t\t\n\t\t\t\t\t\t<a class=\"fusion-link-wrapper\" href=\"https:\/\/intelsynet.com\/es\/que-es-un-insider-en-la-empresa\/\" aria-label=\"\u00bfQu\u00e9 es un \u2018insider\u2019 en la empresa?\"><\/a>\n\t<\/div>\n<\/div>\n<\/div>\n<\/li>\n\t\t\t\n\t\t\t\n\t\t\t\t\t\t\t\t<\/ul>\n\t<\/div>\n\t<div class=\"fusion-post-content-wrapper\" style=\"padding:30px 25px 20px 25px;\"><div class=\"fusion-post-content post-content\"><h2 class=\"blog-shortcode-post-title entry-title\"><a href=\"https:\/\/intelsynet.com\/es\/que-es-un-insider-en-la-empresa\/\">\u00bfQu\u00e9 es un \u2018insider\u2019 en la empresa?<\/a><\/h2><\/div><\/div><div class=\"fusion-clearfix\"><\/div><\/div>\n<\/article>\n<article id=\"blog-1-post-1025\" class=\"fusion-post-grid post-1025 post type-post status-publish format-standard has-post-thumbnail hentry category-nuestros-articulos\">\n<div class=\"fusion-post-wrapper\" style=\"background-color:rgba(255,255,255,0);border:1px solid #e8e8e8;border-bottom-width:3px;\">\n\n\t\t\t<div class=\"fusion-flexslider flexslider fusion-flexslider-loading fusion-post-slideshow\" style=\"border-color:#e8e8e8;\">\n\t\t<ul class=\"slides\">\n\t\t\t\n\t\t\t\t\t\t\t\t\t\t\t\t\t\t<li><div  class=\"fusion-image-wrapper\" aria-haspopup=\"true\">\n\t\t\t\t<img decoding=\"async\" width=\"1500\" height=\"1106\" data-src=\"https:\/\/intelsynet.com\/wp-content\/uploads\/2019\/01\/Drone-intelsynet.jpg\" class=\"attachment-full size-full wp-post-image lazyload\" alt=\"\" data-srcset=\"https:\/\/intelsynet.com\/wp-content\/uploads\/2019\/01\/Drone-intelsynet-200x147.jpg 200w, https:\/\/intelsynet.com\/wp-content\/uploads\/2019\/01\/Drone-intelsynet-400x295.jpg 400w, https:\/\/intelsynet.com\/wp-content\/uploads\/2019\/01\/Drone-intelsynet-600x442.jpg 600w, https:\/\/intelsynet.com\/wp-content\/uploads\/2019\/01\/Drone-intelsynet-800x590.jpg 800w, https:\/\/intelsynet.com\/wp-content\/uploads\/2019\/01\/Drone-intelsynet-1200x885.jpg 1200w, https:\/\/intelsynet.com\/wp-content\/uploads\/2019\/01\/Drone-intelsynet.jpg 1500w\" data-sizes=\"(min-width: 2200px) 100vw, (min-width: 784px) 363px, (min-width: 712px) 545px, (min-width: 640px) 712px,\" src=\"data:image\/svg+xml;base64,PHN2ZyB3aWR0aD0iMSIgaGVpZ2h0PSIxIiB4bWxucz0iaHR0cDovL3d3dy53My5vcmcvMjAwMC9zdmciPjwvc3ZnPg==\" style=\"--smush-placeholder-width: 1500px; --smush-placeholder-aspect-ratio: 1500\/1106;\" \/><div class=\"fusion-rollover\">\n\t<div class=\"fusion-rollover-content\">\n\n\t\t\t\t\n\t\t\n\t\t\t\t\t\t\t\t\t\t\t\t<h4 class=\"fusion-rollover-title\">\n\t\t\t\t\t<a class=\"fusion-rollover-title-link\" href=\"https:\/\/intelsynet.com\/es\/expertos-espanoles-participan-con-interpol-en-la-primera-guia-para-incidentes-con-drones\/\">\n\t\t\t\t\t\tExpertos espa\u00f1oles participan con Interpol en la primera gu\u00eda para incidentes con drones.\t\t\t\t\t<\/a>\n\t\t\t\t<\/h4>\n\t\t\t\n\t\t\t\t\t\t\t\t\n\t\t\n\t\t\t\t\t\t<a class=\"fusion-link-wrapper\" href=\"https:\/\/intelsynet.com\/es\/expertos-espanoles-participan-con-interpol-en-la-primera-guia-para-incidentes-con-drones\/\" aria-label=\"Expertos espa\u00f1oles participan con Interpol en la primera gu\u00eda para incidentes con drones.\"><\/a>\n\t<\/div>\n<\/div>\n<\/div>\n<\/li>\n\t\t\t\n\t\t\t\n\t\t\t\t\t\t\t\t<\/ul>\n\t<\/div>\n\t<div class=\"fusion-post-content-wrapper\" style=\"padding:30px 25px 20px 25px;\"><div class=\"fusion-post-content post-content\"><h2 class=\"blog-shortcode-post-title entry-title\"><a href=\"https:\/\/intelsynet.com\/es\/expertos-espanoles-participan-con-interpol-en-la-primera-guia-para-incidentes-con-drones\/\">Expertos espa\u00f1oles participan con Interpol en la primera gu\u00eda para incidentes con drones.<\/a><\/h2><\/div><\/div><div class=\"fusion-clearfix\"><\/div><\/div>\n<\/article>\n<article id=\"blog-1-post-1011\" class=\"fusion-post-grid post-1011 post type-post status-publish format-standard has-post-thumbnail hentry category-nuestros-articulos\">\n<div class=\"fusion-post-wrapper\" style=\"background-color:rgba(255,255,255,0);border:1px solid #e8e8e8;border-bottom-width:3px;\">\n\n\t\t\t<div class=\"fusion-flexslider flexslider fusion-flexslider-loading fusion-post-slideshow\" style=\"border-color:#e8e8e8;\">\n\t\t<ul class=\"slides\">\n\t\t\t\n\t\t\t\t\t\t\t\t\t\t\t\t\t\t<li><div  class=\"fusion-image-wrapper\" aria-haspopup=\"true\">\n\t\t\t\t<img decoding=\"async\" width=\"800\" height=\"565\" data-src=\"https:\/\/intelsynet.com\/wp-content\/uploads\/2018\/12\/xiijornadas_web.png\" class=\"attachment-full size-full wp-post-image lazyload\" alt=\"\" data-srcset=\"https:\/\/intelsynet.com\/wp-content\/uploads\/2018\/12\/xiijornadas_web-200x141.png 200w, https:\/\/intelsynet.com\/wp-content\/uploads\/2018\/12\/xiijornadas_web-400x283.png 400w, https:\/\/intelsynet.com\/wp-content\/uploads\/2018\/12\/xiijornadas_web-600x424.png 600w, https:\/\/intelsynet.com\/wp-content\/uploads\/2018\/12\/xiijornadas_web.png 800w\" data-sizes=\"(min-width: 2200px) 100vw, (min-width: 784px) 363px, (min-width: 712px) 545px, (min-width: 640px) 712px,\" src=\"data:image\/svg+xml;base64,PHN2ZyB3aWR0aD0iMSIgaGVpZ2h0PSIxIiB4bWxucz0iaHR0cDovL3d3dy53My5vcmcvMjAwMC9zdmciPjwvc3ZnPg==\" style=\"--smush-placeholder-width: 800px; --smush-placeholder-aspect-ratio: 800\/565;\" \/><div class=\"fusion-rollover\">\n\t<div class=\"fusion-rollover-content\">\n\n\t\t\t\t\n\t\t\n\t\t\t\t\t\t\t\t\t\t\t\t<h4 class=\"fusion-rollover-title\">\n\t\t\t\t\t<a class=\"fusion-rollover-title-link\" href=\"https:\/\/intelsynet.com\/es\/xii-jornadas-stic-ccn-cert\/\">\n\t\t\t\t\t\tXII Jornadas STIC CCN-CERT\t\t\t\t\t<\/a>\n\t\t\t\t<\/h4>\n\t\t\t\n\t\t\t\t\t\t\t\t\n\t\t\n\t\t\t\t\t\t<a class=\"fusion-link-wrapper\" href=\"https:\/\/intelsynet.com\/es\/xii-jornadas-stic-ccn-cert\/\" aria-label=\"XII Jornadas STIC CCN-CERT\"><\/a>\n\t<\/div>\n<\/div>\n<\/div>\n<\/li>\n\t\t\t\n\t\t\t\n\t\t\t\t\t\t\t\t<\/ul>\n\t<\/div>\n\t<div class=\"fusion-post-content-wrapper\" style=\"padding:30px 25px 20px 25px;\"><div class=\"fusion-post-content post-content\"><h2 class=\"blog-shortcode-post-title entry-title\"><a href=\"https:\/\/intelsynet.com\/es\/xii-jornadas-stic-ccn-cert\/\">XII Jornadas STIC CCN-CERT<\/a><\/h2><\/div><\/div><div class=\"fusion-clearfix\"><\/div><\/div>\n<\/article>\n<article id=\"blog-1-post-1003\" class=\"fusion-post-grid post-1003 post type-post status-publish format-standard has-post-thumbnail hentry category-nuestros-articulos\">\n<div class=\"fusion-post-wrapper\" style=\"background-color:rgba(255,255,255,0);border:1px solid #e8e8e8;border-bottom-width:3px;\">\n\n\t\t\t<div class=\"fusion-flexslider flexslider fusion-flexslider-loading fusion-post-slideshow\" style=\"border-color:#e8e8e8;\">\n\t\t<ul class=\"slides\">\n\t\t\t\n\t\t\t\t\t\t\t\t\t\t\t\t\t\t<li><div  class=\"fusion-image-wrapper\" aria-haspopup=\"true\">\n\t\t\t\t<img decoding=\"async\" width=\"1459\" height=\"1080\" data-src=\"https:\/\/intelsynet.com\/wp-content\/uploads\/2018\/11\/evento-drones.jpg\" class=\"attachment-full size-full wp-post-image lazyload\" alt=\"\" data-srcset=\"https:\/\/intelsynet.com\/wp-content\/uploads\/2018\/11\/evento-drones-200x148.jpg 200w, https:\/\/intelsynet.com\/wp-content\/uploads\/2018\/11\/evento-drones-400x296.jpg 400w, https:\/\/intelsynet.com\/wp-content\/uploads\/2018\/11\/evento-drones-600x444.jpg 600w, https:\/\/intelsynet.com\/wp-content\/uploads\/2018\/11\/evento-drones-800x592.jpg 800w, https:\/\/intelsynet.com\/wp-content\/uploads\/2018\/11\/evento-drones-1200x888.jpg 1200w, https:\/\/intelsynet.com\/wp-content\/uploads\/2018\/11\/evento-drones.jpg 1459w\" data-sizes=\"(min-width: 2200px) 100vw, (min-width: 784px) 363px, (min-width: 712px) 545px, (min-width: 640px) 712px,\" src=\"data:image\/svg+xml;base64,PHN2ZyB3aWR0aD0iMSIgaGVpZ2h0PSIxIiB4bWxucz0iaHR0cDovL3d3dy53My5vcmcvMjAwMC9zdmciPjwvc3ZnPg==\" style=\"--smush-placeholder-width: 1459px; --smush-placeholder-aspect-ratio: 1459\/1080;\" \/><div class=\"fusion-rollover\">\n\t<div class=\"fusion-rollover-content\">\n\n\t\t\t\t\n\t\t\n\t\t\t\t\t\t\t\t\t\t\t\t<h4 class=\"fusion-rollover-title\">\n\t\t\t\t\t<a class=\"fusion-rollover-title-link\" href=\"https:\/\/intelsynet.com\/es\/la-amenaza-de-los-drones-en-el-entorno-empresarial\/\">\n\t\t\t\t\t\tLa amenaza de los drones en el entorno empresarial\t\t\t\t\t<\/a>\n\t\t\t\t<\/h4>\n\t\t\t\n\t\t\t\t\t\t\t\t\n\t\t\n\t\t\t\t\t\t<a class=\"fusion-link-wrapper\" href=\"https:\/\/intelsynet.com\/es\/la-amenaza-de-los-drones-en-el-entorno-empresarial\/\" aria-label=\"La amenaza de los drones en el entorno empresarial\"><\/a>\n\t<\/div>\n<\/div>\n<\/div>\n<\/li>\n\t\t\t\n\t\t\t\n\t\t\t\t\t\t\t\t<\/ul>\n\t<\/div>\n\t<div class=\"fusion-post-content-wrapper\" style=\"padding:30px 25px 20px 25px;\"><div class=\"fusion-post-content post-content\"><h2 class=\"blog-shortcode-post-title entry-title\"><a href=\"https:\/\/intelsynet.com\/es\/la-amenaza-de-los-drones-en-el-entorno-empresarial\/\">La amenaza de los drones en el entorno empresarial<\/a><\/h2><\/div><\/div><div class=\"fusion-clearfix\"><\/div><\/div>\n<\/article>\n<article id=\"blog-1-post-972\" class=\"fusion-post-grid post-972 post type-post status-publish format-standard has-post-thumbnail hentry category-nuestros-articulos\">\n<div class=\"fusion-post-wrapper\" style=\"background-color:rgba(255,255,255,0);border:1px solid #e8e8e8;border-bottom-width:3px;\">\n\n\t\t\t<div class=\"fusion-flexslider flexslider fusion-flexslider-loading fusion-post-slideshow\" style=\"border-color:#e8e8e8;\">\n\t\t<ul class=\"slides\">\n\t\t\t\n\t\t\t\t\t\t\t\t\t\t\t\t\t\t<li><div  class=\"fusion-image-wrapper\" aria-haspopup=\"true\">\n\t\t\t\t<img decoding=\"async\" width=\"1600\" height=\"1200\" data-src=\"https:\/\/intelsynet.com\/wp-content\/uploads\/2017\/09\/Buildings01.jpg\" class=\"attachment-full size-full wp-post-image lazyload\" alt=\"\" data-srcset=\"https:\/\/intelsynet.com\/wp-content\/uploads\/2017\/09\/Buildings01-200x150.jpg 200w, https:\/\/intelsynet.com\/wp-content\/uploads\/2017\/09\/Buildings01-400x300.jpg 400w, https:\/\/intelsynet.com\/wp-content\/uploads\/2017\/09\/Buildings01-600x450.jpg 600w, https:\/\/intelsynet.com\/wp-content\/uploads\/2017\/09\/Buildings01-800x600.jpg 800w, https:\/\/intelsynet.com\/wp-content\/uploads\/2017\/09\/Buildings01-1200x900.jpg 1200w, https:\/\/intelsynet.com\/wp-content\/uploads\/2017\/09\/Buildings01.jpg 1600w\" data-sizes=\"(min-width: 2200px) 100vw, (min-width: 784px) 363px, (min-width: 712px) 545px, (min-width: 640px) 712px,\" src=\"data:image\/svg+xml;base64,PHN2ZyB3aWR0aD0iMSIgaGVpZ2h0PSIxIiB4bWxucz0iaHR0cDovL3d3dy53My5vcmcvMjAwMC9zdmciPjwvc3ZnPg==\" style=\"--smush-placeholder-width: 1600px; --smush-placeholder-aspect-ratio: 1600\/1200;\" \/><div class=\"fusion-rollover\">\n\t<div class=\"fusion-rollover-content\">\n\n\t\t\t\t\n\t\t\n\t\t\t\t\t\t\t\t\t\t\t\t<h4 class=\"fusion-rollover-title\">\n\t\t\t\t\t<a class=\"fusion-rollover-title-link\" href=\"https:\/\/intelsynet.com\/es\/el-riesgo-tecnologico-de-las-empresas\/\">\n\t\t\t\t\t\tEl riesgo tecnol\u00f3gico de las empresas\t\t\t\t\t<\/a>\n\t\t\t\t<\/h4>\n\t\t\t\n\t\t\t\t\t\t\t\t\n\t\t\n\t\t\t\t\t\t<a class=\"fusion-link-wrapper\" href=\"https:\/\/intelsynet.com\/es\/el-riesgo-tecnologico-de-las-empresas\/\" aria-label=\"El riesgo tecnol\u00f3gico de las empresas\"><\/a>\n\t<\/div>\n<\/div>\n<\/div>\n<\/li>\n\t\t\t\n\t\t\t\n\t\t\t\t\t\t\t\t<\/ul>\n\t<\/div>\n\t<div class=\"fusion-post-content-wrapper\" style=\"padding:30px 25px 20px 25px;\"><div class=\"fusion-post-content post-content\"><h2 class=\"blog-shortcode-post-title entry-title\"><a href=\"https:\/\/intelsynet.com\/es\/el-riesgo-tecnologico-de-las-empresas\/\">El riesgo tecnol\u00f3gico de las empresas<\/a><\/h2><\/div><\/div><div class=\"fusion-clearfix\"><\/div><\/div>\n<\/article>\n<article id=\"blog-1-post-902\" class=\"fusion-post-grid post-902 post type-post status-publish format-standard has-post-thumbnail hentry category-nuestros-articulos category-gestion-de-riesgos\">\n<div class=\"fusion-post-wrapper\" style=\"background-color:rgba(255,255,255,0);border:1px solid #e8e8e8;border-bottom-width:3px;\">\n\n\t\t\t<div class=\"fusion-flexslider flexslider fusion-flexslider-loading fusion-post-slideshow\" style=\"border-color:#e8e8e8;\">\n\t\t<ul class=\"slides\">\n\t\t\t\n\t\t\t\t\t\t\t\t\t\t\t\t\t\t<li><div  class=\"fusion-image-wrapper\" aria-haspopup=\"true\">\n\t\t\t\t<img decoding=\"async\" width=\"2480\" height=\"3508\" data-src=\"https:\/\/intelsynet.com\/wp-content\/uploads\/2017\/09\/SIC126-El-CISO-no-tiene-quien-le-escriba-1.jpg\" class=\"attachment-full size-full wp-post-image lazyload\" alt=\"\" data-srcset=\"https:\/\/intelsynet.com\/wp-content\/uploads\/2017\/09\/SIC126-El-CISO-no-tiene-quien-le-escriba-1-200x283.jpg 200w, https:\/\/intelsynet.com\/wp-content\/uploads\/2017\/09\/SIC126-El-CISO-no-tiene-quien-le-escriba-1-400x566.jpg 400w, https:\/\/intelsynet.com\/wp-content\/uploads\/2017\/09\/SIC126-El-CISO-no-tiene-quien-le-escriba-1-600x849.jpg 600w, https:\/\/intelsynet.com\/wp-content\/uploads\/2017\/09\/SIC126-El-CISO-no-tiene-quien-le-escriba-1-800x1132.jpg 800w, https:\/\/intelsynet.com\/wp-content\/uploads\/2017\/09\/SIC126-El-CISO-no-tiene-quien-le-escriba-1-1200x1697.jpg 1200w, https:\/\/intelsynet.com\/wp-content\/uploads\/2017\/09\/SIC126-El-CISO-no-tiene-quien-le-escriba-1.jpg 2480w\" data-sizes=\"(min-width: 2200px) 100vw, (min-width: 784px) 363px, (min-width: 712px) 545px, (min-width: 640px) 712px,\" src=\"data:image\/svg+xml;base64,PHN2ZyB3aWR0aD0iMSIgaGVpZ2h0PSIxIiB4bWxucz0iaHR0cDovL3d3dy53My5vcmcvMjAwMC9zdmciPjwvc3ZnPg==\" style=\"--smush-placeholder-width: 2480px; --smush-placeholder-aspect-ratio: 2480\/3508;\" \/><div class=\"fusion-rollover\">\n\t<div class=\"fusion-rollover-content\">\n\n\t\t\t\t\n\t\t\n\t\t\t\t\t\t\t\t\t\t\t\t<h4 class=\"fusion-rollover-title\">\n\t\t\t\t\t<a class=\"fusion-rollover-title-link\" href=\"https:\/\/intelsynet.com\/es\/ciberseguridad-y-privacidad-quo-vadis\/\">\n\t\t\t\t\t\tCiberseguridad y Privacidad: Quo Vadis\t\t\t\t\t<\/a>\n\t\t\t\t<\/h4>\n\t\t\t\n\t\t\t\t\t\t\t\t\n\t\t\n\t\t\t\t\t\t<a class=\"fusion-link-wrapper\" href=\"https:\/\/intelsynet.com\/es\/ciberseguridad-y-privacidad-quo-vadis\/\" aria-label=\"Ciberseguridad y Privacidad: Quo Vadis\"><\/a>\n\t<\/div>\n<\/div>\n<\/div>\n<\/li>\n\t\t\t\n\t\t\t\n\t\t\t\t\t\t\t\t<\/ul>\n\t<\/div>\n\t<div class=\"fusion-post-content-wrapper\" style=\"padding:30px 25px 20px 25px;\"><div class=\"fusion-post-content post-content\"><h2 class=\"blog-shortcode-post-title entry-title\"><a href=\"https:\/\/intelsynet.com\/es\/ciberseguridad-y-privacidad-quo-vadis\/\">Ciberseguridad y Privacidad: Quo Vadis<\/a><\/h2><\/div><\/div><div class=\"fusion-clearfix\"><\/div><\/div>\n<\/article>\n<article id=\"blog-1-post-883\" class=\"fusion-post-grid post-883 post type-post status-publish format-standard has-post-thumbnail hentry category-nuestros-articulos category-gestion-de-riesgos\">\n<div class=\"fusion-post-wrapper\" style=\"background-color:rgba(255,255,255,0);border:1px solid #e8e8e8;border-bottom-width:3px;\">\n\n\t\t\t<div class=\"fusion-flexslider flexslider fusion-flexslider-loading fusion-post-slideshow\" style=\"border-color:#e8e8e8;\">\n\t\t<ul class=\"slides\">\n\t\t\t\n\t\t\t\t\t\t\t\t\t\t\t\t\t\t<li><div  class=\"fusion-image-wrapper\" aria-haspopup=\"true\">\n\t\t\t\t<img decoding=\"async\" width=\"1200\" height=\"660\" data-src=\"https:\/\/intelsynet.com\/wp-content\/uploads\/2017\/09\/ciberdelincuencia-ciberdelito-futuro-ataques.jpg\" class=\"attachment-full size-full wp-post-image lazyload\" alt=\"\" data-srcset=\"https:\/\/intelsynet.com\/wp-content\/uploads\/2017\/09\/ciberdelincuencia-ciberdelito-futuro-ataques-200x110.jpg 200w, https:\/\/intelsynet.com\/wp-content\/uploads\/2017\/09\/ciberdelincuencia-ciberdelito-futuro-ataques-400x220.jpg 400w, https:\/\/intelsynet.com\/wp-content\/uploads\/2017\/09\/ciberdelincuencia-ciberdelito-futuro-ataques-600x330.jpg 600w, https:\/\/intelsynet.com\/wp-content\/uploads\/2017\/09\/ciberdelincuencia-ciberdelito-futuro-ataques-800x440.jpg 800w, https:\/\/intelsynet.com\/wp-content\/uploads\/2017\/09\/ciberdelincuencia-ciberdelito-futuro-ataques.jpg 1200w\" data-sizes=\"(min-width: 2200px) 100vw, (min-width: 784px) 363px, (min-width: 712px) 545px, (min-width: 640px) 712px,\" src=\"data:image\/svg+xml;base64,PHN2ZyB3aWR0aD0iMSIgaGVpZ2h0PSIxIiB4bWxucz0iaHR0cDovL3d3dy53My5vcmcvMjAwMC9zdmciPjwvc3ZnPg==\" style=\"--smush-placeholder-width: 1200px; --smush-placeholder-aspect-ratio: 1200\/660;\" \/><div class=\"fusion-rollover\">\n\t<div class=\"fusion-rollover-content\">\n\n\t\t\t\t\n\t\t\n\t\t\t\t\t\t\t\t\t\t\t\t<h4 class=\"fusion-rollover-title\">\n\t\t\t\t\t<a class=\"fusion-rollover-title-link\" href=\"https:\/\/intelsynet.com\/es\/articulo-publicado-en-el-blog-imf-formacion-com\/\">\n\t\t\t\t\t\tArt\u00edculo publicado en el blog imf-formacion.com\t\t\t\t\t<\/a>\n\t\t\t\t<\/h4>\n\t\t\t\n\t\t\t\t\t\t\t\t\n\t\t\n\t\t\t\t\t\t<a class=\"fusion-link-wrapper\" href=\"https:\/\/intelsynet.com\/es\/articulo-publicado-en-el-blog-imf-formacion-com\/\" aria-label=\"Art\u00edculo publicado en el blog imf-formacion.com\"><\/a>\n\t<\/div>\n<\/div>\n<\/div>\n<\/li>\n\t\t\t\n\t\t\t\n\t\t\t\t\t\t\t\t<\/ul>\n\t<\/div>\n\t<div class=\"fusion-post-content-wrapper\" style=\"padding:30px 25px 20px 25px;\"><div class=\"fusion-post-content post-content\"><h2 class=\"blog-shortcode-post-title entry-title\"><a href=\"https:\/\/intelsynet.com\/es\/articulo-publicado-en-el-blog-imf-formacion-com\/\">Art\u00edculo publicado en el blog imf-formacion.com<\/a><\/h2><\/div><\/div><div class=\"fusion-clearfix\"><\/div><\/div>\n<\/article>\n<article id=\"blog-1-post-869\" class=\"fusion-post-grid post-869 post type-post status-publish format-standard has-post-thumbnail hentry category-nuestros-articulos\">\n<div class=\"fusion-post-wrapper\" style=\"background-color:rgba(255,255,255,0);border:1px solid #e8e8e8;border-bottom-width:3px;\">\n\n\t\t\t<div class=\"fusion-flexslider flexslider fusion-flexslider-loading fusion-post-slideshow\" style=\"border-color:#e8e8e8;\">\n\t\t<ul class=\"slides\">\n\t\t\t\n\t\t\t\t\t\t\t\t\t\t\t\t\t\t<li><div  class=\"fusion-image-wrapper\" aria-haspopup=\"true\">\n\t\t\t\t<img decoding=\"async\" width=\"2000\" height=\"1273\" data-src=\"https:\/\/intelsynet.com\/wp-content\/uploads\/2017\/02\/AdobeStock_99808592.jpg\" class=\"attachment-full size-full wp-post-image lazyload\" alt=\"\" data-srcset=\"https:\/\/intelsynet.com\/wp-content\/uploads\/2017\/02\/AdobeStock_99808592-200x127.jpg 200w, https:\/\/intelsynet.com\/wp-content\/uploads\/2017\/02\/AdobeStock_99808592-400x255.jpg 400w, https:\/\/intelsynet.com\/wp-content\/uploads\/2017\/02\/AdobeStock_99808592-600x382.jpg 600w, https:\/\/intelsynet.com\/wp-content\/uploads\/2017\/02\/AdobeStock_99808592-800x509.jpg 800w, https:\/\/intelsynet.com\/wp-content\/uploads\/2017\/02\/AdobeStock_99808592-1200x764.jpg 1200w, https:\/\/intelsynet.com\/wp-content\/uploads\/2017\/02\/AdobeStock_99808592.jpg 2000w\" data-sizes=\"(min-width: 2200px) 100vw, (min-width: 784px) 363px, (min-width: 712px) 545px, (min-width: 640px) 712px,\" src=\"data:image\/svg+xml;base64,PHN2ZyB3aWR0aD0iMSIgaGVpZ2h0PSIxIiB4bWxucz0iaHR0cDovL3d3dy53My5vcmcvMjAwMC9zdmciPjwvc3ZnPg==\" style=\"--smush-placeholder-width: 2000px; --smush-placeholder-aspect-ratio: 2000\/1273;\" \/><div class=\"fusion-rollover\">\n\t<div class=\"fusion-rollover-content\">\n\n\t\t\t\t\n\t\t\n\t\t\t\t\t\t\t\t\t\t\t\t<h4 class=\"fusion-rollover-title\">\n\t\t\t\t\t<a class=\"fusion-rollover-title-link\" href=\"https:\/\/intelsynet.com\/es\/ciberamenazas-la-comunicacion-del-ataque-en-real-time\/\">\n\t\t\t\t\t\tCiberamenazas. La comunicaci\u00f3n del ataque en real time\t\t\t\t\t<\/a>\n\t\t\t\t<\/h4>\n\t\t\t\n\t\t\t\t\t\t\t\t\n\t\t\n\t\t\t\t\t\t<a class=\"fusion-link-wrapper\" href=\"https:\/\/intelsynet.com\/es\/ciberamenazas-la-comunicacion-del-ataque-en-real-time\/\" aria-label=\"Ciberamenazas. La comunicaci\u00f3n del ataque en real time\"><\/a>\n\t<\/div>\n<\/div>\n<\/div>\n<\/li>\n\t\t\t\n\t\t\t\n\t\t\t\t\t\t\t\t<\/ul>\n\t<\/div>\n\t<div class=\"fusion-post-content-wrapper\" style=\"padding:30px 25px 20px 25px;\"><div class=\"fusion-post-content post-content\"><h2 class=\"blog-shortcode-post-title entry-title\"><a href=\"https:\/\/intelsynet.com\/es\/ciberamenazas-la-comunicacion-del-ataque-en-real-time\/\">Ciberamenazas. La comunicaci\u00f3n del ataque en real time<\/a><\/h2><\/div><\/div><div class=\"fusion-clearfix\"><\/div><\/div>\n<\/article>\n<article id=\"blog-1-post-195\" class=\"fusion-post-grid post-195 post type-post status-publish format-standard has-post-thumbnail hentry category-nuestros-articulos category-gestion-de-riesgos\">\n<div class=\"fusion-post-wrapper\" style=\"background-color:rgba(255,255,255,0);border:1px solid #e8e8e8;border-bottom-width:3px;\">\n\n\t\t\t<div class=\"fusion-flexslider flexslider fusion-flexslider-loading fusion-post-slideshow\" style=\"border-color:#e8e8e8;\">\n\t\t<ul class=\"slides\">\n\t\t\t\n\t\t\t\t\t\t\t\t\t\t\t\t\t\t<li><div  class=\"fusion-image-wrapper\" aria-haspopup=\"true\">\n\t\t\t\t<img decoding=\"async\" width=\"1223\" height=\"618\" data-src=\"https:\/\/intelsynet.com\/wp-content\/uploads\/2016\/08\/Art-Expansio01n-M.-Carpio-p.54-Opinion.jpg\" class=\"attachment-full size-full wp-post-image lazyload\" alt=\"\" data-srcset=\"https:\/\/intelsynet.com\/wp-content\/uploads\/2016\/08\/Art-Expansio01n-M.-Carpio-p.54-Opinion-200x101.jpg 200w, https:\/\/intelsynet.com\/wp-content\/uploads\/2016\/08\/Art-Expansio01n-M.-Carpio-p.54-Opinion-400x202.jpg 400w, https:\/\/intelsynet.com\/wp-content\/uploads\/2016\/08\/Art-Expansio01n-M.-Carpio-p.54-Opinion-600x303.jpg 600w, https:\/\/intelsynet.com\/wp-content\/uploads\/2016\/08\/Art-Expansio01n-M.-Carpio-p.54-Opinion-800x404.jpg 800w, https:\/\/intelsynet.com\/wp-content\/uploads\/2016\/08\/Art-Expansio01n-M.-Carpio-p.54-Opinion-1200x606.jpg 1200w, https:\/\/intelsynet.com\/wp-content\/uploads\/2016\/08\/Art-Expansio01n-M.-Carpio-p.54-Opinion.jpg 1223w\" data-sizes=\"(min-width: 2200px) 100vw, (min-width: 784px) 363px, (min-width: 712px) 545px, (min-width: 640px) 712px,\" src=\"data:image\/svg+xml;base64,PHN2ZyB3aWR0aD0iMSIgaGVpZ2h0PSIxIiB4bWxucz0iaHR0cDovL3d3dy53My5vcmcvMjAwMC9zdmciPjwvc3ZnPg==\" style=\"--smush-placeholder-width: 1223px; --smush-placeholder-aspect-ratio: 1223\/618;\" \/><div class=\"fusion-rollover\">\n\t<div class=\"fusion-rollover-content\">\n\n\t\t\t\t\n\t\t\n\t\t\t\t\t\t\t\t\t\t\t\t<h4 class=\"fusion-rollover-title\">\n\t\t\t\t\t<a class=\"fusion-rollover-title-link\" href=\"https:\/\/intelsynet.com\/es\/ciberarmas\/\">\n\t\t\t\t\t\tLas &#8216;ciberarmas&#8217; cabalgan a lomos de gusanos\t\t\t\t\t<\/a>\n\t\t\t\t<\/h4>\n\t\t\t\n\t\t\t\t\t\t\t\t\n\t\t\n\t\t\t\t\t\t<a class=\"fusion-link-wrapper\" href=\"https:\/\/intelsynet.com\/es\/ciberarmas\/\" aria-label=\"Las &#8216;ciberarmas&#8217; cabalgan a lomos de gusanos\"><\/a>\n\t<\/div>\n<\/div>\n<\/div>\n<\/li>\n\t\t\t\n\t\t\t\n\t\t\t\t\t\t\t\t<\/ul>\n\t<\/div>\n\t<div class=\"fusion-post-content-wrapper\" style=\"padding:30px 25px 20px 25px;\"><div class=\"fusion-post-content post-content\"><h2 class=\"blog-shortcode-post-title entry-title\"><a href=\"https:\/\/intelsynet.com\/es\/ciberarmas\/\">Las &#8216;ciberarmas&#8217; cabalgan a lomos de gusanos<\/a><\/h2><\/div><\/div><div class=\"fusion-clearfix\"><\/div><\/div>\n<\/article>\n<article id=\"blog-1-post-878\" class=\"fusion-post-grid post-878 post type-post status-publish format-standard has-post-thumbnail hentry category-nuestros-articulos\">\n<div class=\"fusion-post-wrapper\" style=\"background-color:rgba(255,255,255,0);border:1px solid #e8e8e8;border-bottom-width:3px;\">\n\n\t\t\t<div class=\"fusion-flexslider flexslider fusion-flexslider-loading fusion-post-slideshow\" style=\"border-color:#e8e8e8;\">\n\t\t<ul class=\"slides\">\n\t\t\t\n\t\t\t\t\t\t\t\t\t\t\t\t\t\t<li><div  class=\"fusion-image-wrapper\" aria-haspopup=\"true\">\n\t\t\t\t<img decoding=\"async\" width=\"867\" height=\"867\" data-src=\"https:\/\/intelsynet.com\/wp-content\/uploads\/2017\/09\/IdentiSIC-2016-PROGRAMA-1.jpg\" class=\"attachment-full size-full wp-post-image lazyload\" alt=\"\" data-srcset=\"https:\/\/intelsynet.com\/wp-content\/uploads\/2017\/09\/IdentiSIC-2016-PROGRAMA-1-200x200.jpg 200w, https:\/\/intelsynet.com\/wp-content\/uploads\/2017\/09\/IdentiSIC-2016-PROGRAMA-1-400x400.jpg 400w, https:\/\/intelsynet.com\/wp-content\/uploads\/2017\/09\/IdentiSIC-2016-PROGRAMA-1-600x600.jpg 600w, https:\/\/intelsynet.com\/wp-content\/uploads\/2017\/09\/IdentiSIC-2016-PROGRAMA-1-800x800.jpg 800w, https:\/\/intelsynet.com\/wp-content\/uploads\/2017\/09\/IdentiSIC-2016-PROGRAMA-1.jpg 867w\" data-sizes=\"(min-width: 2200px) 100vw, (min-width: 784px) 363px, (min-width: 712px) 545px, (min-width: 640px) 712px,\" src=\"data:image\/svg+xml;base64,PHN2ZyB3aWR0aD0iMSIgaGVpZ2h0PSIxIiB4bWxucz0iaHR0cDovL3d3dy53My5vcmcvMjAwMC9zdmciPjwvc3ZnPg==\" style=\"--smush-placeholder-width: 867px; --smush-placeholder-aspect-ratio: 867\/867;\" \/><div class=\"fusion-rollover\">\n\t<div class=\"fusion-rollover-content\">\n\n\t\t\t\t\n\t\t\n\t\t\t\t\t\t\t\t\t\t\t\t<h4 class=\"fusion-rollover-title\">\n\t\t\t\t\t<a class=\"fusion-rollover-title-link\" href=\"https:\/\/intelsynet.com\/es\/identisic-2016\/\">\n\t\t\t\t\t\tManuel Carpio, Vicepresidente de IntelSynet participa en IdentiSIC 2016\t\t\t\t\t<\/a>\n\t\t\t\t<\/h4>\n\t\t\t\n\t\t\t\t\t\t\t\t\n\t\t\n\t\t\t\t\t\t<a class=\"fusion-link-wrapper\" href=\"https:\/\/intelsynet.com\/es\/identisic-2016\/\" aria-label=\"Manuel Carpio, Vicepresidente de IntelSynet participa en IdentiSIC 2016\"><\/a>\n\t<\/div>\n<\/div>\n<\/div>\n<\/li>\n\t\t\t\n\t\t\t\n\t\t\t\t\t\t\t\t<\/ul>\n\t<\/div>\n\t<div class=\"fusion-post-content-wrapper\" style=\"padding:30px 25px 20px 25px;\"><div class=\"fusion-post-content post-content\"><h2 class=\"blog-shortcode-post-title entry-title\"><a href=\"https:\/\/intelsynet.com\/es\/identisic-2016\/\">Manuel Carpio, Vicepresidente de IntelSynet participa en IdentiSIC 2016<\/a><\/h2><\/div><\/div><div class=\"fusion-clearfix\"><\/div><\/div>\n<\/article>\n<article id=\"blog-1-post-908\" class=\"fusion-post-grid post-908 post type-post status-publish format-standard has-post-thumbnail hentry category-nuestros-articulos category-gestion-de-riesgos\">\n<div class=\"fusion-post-wrapper\" style=\"background-color:rgba(255,255,255,0);border:1px solid #e8e8e8;border-bottom-width:3px;\">\n\n\t\t\t<div class=\"fusion-flexslider flexslider fusion-flexslider-loading fusion-post-slideshow\" style=\"border-color:#e8e8e8;\">\n\t\t<ul class=\"slides\">\n\t\t\t\n\t\t\t\t\t\t\t\t\t\t\t\t\t\t<li><div  class=\"fusion-image-wrapper\" aria-haspopup=\"true\">\n\t\t\t\t<img decoding=\"async\" width=\"2308\" height=\"3389\" data-src=\"https:\/\/intelsynet.com\/wp-content\/uploads\/2017\/09\/Tormentas-Solares-y-Continuidd-de-Negocio-1.jpg\" class=\"attachment-full size-full wp-post-image lazyload\" alt=\"\" data-srcset=\"https:\/\/intelsynet.com\/wp-content\/uploads\/2017\/09\/Tormentas-Solares-y-Continuidd-de-Negocio-1-200x294.jpg 200w, https:\/\/intelsynet.com\/wp-content\/uploads\/2017\/09\/Tormentas-Solares-y-Continuidd-de-Negocio-1-400x587.jpg 400w, https:\/\/intelsynet.com\/wp-content\/uploads\/2017\/09\/Tormentas-Solares-y-Continuidd-de-Negocio-1-600x881.jpg 600w, https:\/\/intelsynet.com\/wp-content\/uploads\/2017\/09\/Tormentas-Solares-y-Continuidd-de-Negocio-1-800x1175.jpg 800w, https:\/\/intelsynet.com\/wp-content\/uploads\/2017\/09\/Tormentas-Solares-y-Continuidd-de-Negocio-1-1200x1762.jpg 1200w, https:\/\/intelsynet.com\/wp-content\/uploads\/2017\/09\/Tormentas-Solares-y-Continuidd-de-Negocio-1.jpg 2308w\" data-sizes=\"(min-width: 2200px) 100vw, (min-width: 784px) 363px, (min-width: 712px) 545px, (min-width: 640px) 712px,\" src=\"data:image\/svg+xml;base64,PHN2ZyB3aWR0aD0iMSIgaGVpZ2h0PSIxIiB4bWxucz0iaHR0cDovL3d3dy53My5vcmcvMjAwMC9zdmciPjwvc3ZnPg==\" style=\"--smush-placeholder-width: 2308px; --smush-placeholder-aspect-ratio: 2308\/3389;\" \/><div class=\"fusion-rollover\">\n\t<div class=\"fusion-rollover-content\">\n\n\t\t\t\t\n\t\t\n\t\t\t\t\t\t\t\t\t\t\t\t<h4 class=\"fusion-rollover-title\">\n\t\t\t\t\t<a class=\"fusion-rollover-title-link\" href=\"https:\/\/intelsynet.com\/es\/tormentas-solares-y-continuidad-de-negocio\/\">\n\t\t\t\t\t\tTormentas solares y Continuidad de negocio\t\t\t\t\t<\/a>\n\t\t\t\t<\/h4>\n\t\t\t\n\t\t\t\t\t\t\t\t\n\t\t\n\t\t\t\t\t\t<a class=\"fusion-link-wrapper\" href=\"https:\/\/intelsynet.com\/es\/tormentas-solares-y-continuidad-de-negocio\/\" aria-label=\"Tormentas solares y Continuidad de negocio\"><\/a>\n\t<\/div>\n<\/div>\n<\/div>\n<\/li>\n\t\t\t\n\t\t\t\n\t\t\t\t\t\t\t\t<\/ul>\n\t<\/div>\n\t<div class=\"fusion-post-content-wrapper\" style=\"padding:30px 25px 20px 25px;\"><div class=\"fusion-post-content post-content\"><h2 class=\"blog-shortcode-post-title entry-title\"><a href=\"https:\/\/intelsynet.com\/es\/tormentas-solares-y-continuidad-de-negocio\/\">Tormentas solares y Continuidad de negocio<\/a><\/h2><\/div><\/div><div class=\"fusion-clearfix\"><\/div><\/div>\n<\/article>\n<article id=\"blog-1-post-894\" class=\"fusion-post-grid post-894 post type-post status-publish format-standard has-post-thumbnail hentry category-nuestros-articulos category-gestion-de-riesgos\">\n<div class=\"fusion-post-wrapper\" style=\"background-color:rgba(255,255,255,0);border:1px solid #e8e8e8;border-bottom-width:3px;\">\n\n\t\t\t<div class=\"fusion-flexslider flexslider fusion-flexslider-loading fusion-post-slideshow\" style=\"border-color:#e8e8e8;\">\n\t\t<ul class=\"slides\">\n\t\t\t\n\t\t\t\t\t\t\t\t\t\t\t\t\t\t<li><div  class=\"fusion-image-wrapper\" aria-haspopup=\"true\">\n\t\t\t\t<img decoding=\"async\" width=\"2480\" height=\"3508\" data-src=\"https:\/\/intelsynet.com\/wp-content\/uploads\/2017\/09\/Notificaci\u00f3n-de-brechas-de-seguridad-1.jpg\" class=\"attachment-full size-full wp-post-image lazyload\" alt=\"\" data-srcset=\"https:\/\/intelsynet.com\/wp-content\/uploads\/2017\/09\/Notificaci\u00f3n-de-brechas-de-seguridad-1-200x283.jpg 200w, https:\/\/intelsynet.com\/wp-content\/uploads\/2017\/09\/Notificaci\u00f3n-de-brechas-de-seguridad-1-400x566.jpg 400w, https:\/\/intelsynet.com\/wp-content\/uploads\/2017\/09\/Notificaci\u00f3n-de-brechas-de-seguridad-1-600x849.jpg 600w, https:\/\/intelsynet.com\/wp-content\/uploads\/2017\/09\/Notificaci\u00f3n-de-brechas-de-seguridad-1-800x1132.jpg 800w, https:\/\/intelsynet.com\/wp-content\/uploads\/2017\/09\/Notificaci\u00f3n-de-brechas-de-seguridad-1-1200x1697.jpg 1200w, https:\/\/intelsynet.com\/wp-content\/uploads\/2017\/09\/Notificaci\u00f3n-de-brechas-de-seguridad-1.jpg 2480w\" data-sizes=\"(min-width: 2200px) 100vw, (min-width: 784px) 363px, (min-width: 712px) 545px, (min-width: 640px) 712px,\" src=\"data:image\/svg+xml;base64,PHN2ZyB3aWR0aD0iMSIgaGVpZ2h0PSIxIiB4bWxucz0iaHR0cDovL3d3dy53My5vcmcvMjAwMC9zdmciPjwvc3ZnPg==\" style=\"--smush-placeholder-width: 2480px; --smush-placeholder-aspect-ratio: 2480\/3508;\" \/><div class=\"fusion-rollover\">\n\t<div class=\"fusion-rollover-content\">\n\n\t\t\t\t\n\t\t\n\t\t\t\t\t\t\t\t\t\t\t\t<h4 class=\"fusion-rollover-title\">\n\t\t\t\t\t<a class=\"fusion-rollover-title-link\" href=\"https:\/\/intelsynet.com\/es\/notificacion-de-brechas-de-seguridad\/\">\n\t\t\t\t\t\tNotificaci\u00f3n de brechas de seguridad.\t\t\t\t\t<\/a>\n\t\t\t\t<\/h4>\n\t\t\t\n\t\t\t\t\t\t\t\t\n\t\t\n\t\t\t\t\t\t<a class=\"fusion-link-wrapper\" href=\"https:\/\/intelsynet.com\/es\/notificacion-de-brechas-de-seguridad\/\" aria-label=\"Notificaci\u00f3n de brechas de seguridad.\"><\/a>\n\t<\/div>\n<\/div>\n<\/div>\n<\/li>\n\t\t\t\n\t\t\t\n\t\t\t\t\t\t\t\t<\/ul>\n\t<\/div>\n\t<div class=\"fusion-post-content-wrapper\" style=\"padding:30px 25px 20px 25px;\"><div class=\"fusion-post-content post-content\"><h2 class=\"blog-shortcode-post-title entry-title\"><a href=\"https:\/\/intelsynet.com\/es\/notificacion-de-brechas-de-seguridad\/\">Notificaci\u00f3n de brechas de seguridad.<\/a><\/h2><\/div><\/div><div class=\"fusion-clearfix\"><\/div><\/div>\n<\/article>\n<div class=\"fusion-clearfix\"><\/div><\/div><\/div><div class=\"fusion-clearfix\"><\/div><\/div><\/div><\/div><\/div>\n","protected":false},"excerpt":{"rendered":"","protected":false},"author":1,"featured_media":0,"parent":0,"menu_order":0,"comment_status":"closed","ping_status":"closed","template":"","meta":{"footnotes":""},"class_list":["post-1463","page","type-page","status-publish","hentry"],"yoast_head":"<!-- This site is optimized with the Yoast SEO plugin v27.5 - https:\/\/yoast.com\/product\/yoast-seo-wordpress\/ -->\n<title>Intelsynet en los medios - \u00daltimas noticias<\/title>\n<meta name=\"description\" content=\"Intelsynet en los medios. Conoce las \u00faltimas noticias del sector empresarial, gesti\u00f3n de riesgos y l\u00f3gica econ\u00f3mica.\" \/>\n<meta name=\"robots\" content=\"index, follow, max-snippet:-1, max-image-preview:large, max-video-preview:-1\" \/>\n<link rel=\"canonical\" href=\"https:\/\/intelsynet.com\/intelsynet-en-los-medios\/\" \/>\n<meta property=\"og:locale\" content=\"es_ES\" \/>\n<meta property=\"og:type\" content=\"article\" \/>\n<meta property=\"og:title\" content=\"Intelsynet en los medios - \u00daltimas noticias\" \/>\n<meta property=\"og:description\" content=\"Intelsynet en los medios. Conoce las \u00faltimas noticias del sector empresarial, gesti\u00f3n de riesgos y l\u00f3gica econ\u00f3mica.\" \/>\n<meta property=\"og:url\" content=\"https:\/\/intelsynet.com\/intelsynet-en-los-medios\/\" \/>\n<meta property=\"og:site_name\" content=\"Intelsynet\" \/>\n<meta property=\"article:modified_time\" content=\"2022-09-01T14:40:25+00:00\" \/>\n<meta name=\"twitter:card\" content=\"summary_large_image\" \/>\n<meta name=\"twitter:label1\" content=\"Tiempo de lectura\" \/>\n\t<meta name=\"twitter:data1\" content=\"1 minuto\" \/>\n<script type=\"application\/ld+json\" class=\"yoast-schema-graph\">{\"@context\":\"https:\\\/\\\/schema.org\",\"@graph\":[{\"@type\":\"WebPage\",\"@id\":\"https:\\\/\\\/intelsynet.com\\\/intelsynet-en-los-medios\\\/\",\"url\":\"https:\\\/\\\/intelsynet.com\\\/intelsynet-en-los-medios\\\/\",\"name\":\"Intelsynet en los medios - \u00daltimas noticias\",\"isPartOf\":{\"@id\":\"https:\\\/\\\/intelsynet.com\\\/es\\\/#website\"},\"datePublished\":\"2020-01-14T17:37:56+00:00\",\"dateModified\":\"2022-09-01T14:40:25+00:00\",\"description\":\"Intelsynet en los medios. Conoce las \u00faltimas noticias del sector empresarial, gesti\u00f3n de riesgos y l\u00f3gica econ\u00f3mica.\",\"breadcrumb\":{\"@id\":\"https:\\\/\\\/intelsynet.com\\\/intelsynet-en-los-medios\\\/#breadcrumb\"},\"inLanguage\":\"es\",\"potentialAction\":[{\"@type\":\"ReadAction\",\"target\":[\"https:\\\/\\\/intelsynet.com\\\/intelsynet-en-los-medios\\\/\"]}]},{\"@type\":\"BreadcrumbList\",\"@id\":\"https:\\\/\\\/intelsynet.com\\\/intelsynet-en-los-medios\\\/#breadcrumb\",\"itemListElement\":[{\"@type\":\"ListItem\",\"position\":1,\"name\":\"Portada\",\"item\":\"https:\\\/\\\/intelsynet.com\\\/\"},{\"@type\":\"ListItem\",\"position\":2,\"name\":\"Intelsynet en los medios\"}]},{\"@type\":\"WebSite\",\"@id\":\"https:\\\/\\\/intelsynet.com\\\/es\\\/#website\",\"url\":\"https:\\\/\\\/intelsynet.com\\\/es\\\/\",\"name\":\"Intelsynet\",\"description\":\"Advisory Services\",\"potentialAction\":[{\"@type\":\"SearchAction\",\"target\":{\"@type\":\"EntryPoint\",\"urlTemplate\":\"https:\\\/\\\/intelsynet.com\\\/es\\\/?s={search_term_string}\"},\"query-input\":{\"@type\":\"PropertyValueSpecification\",\"valueRequired\":true,\"valueName\":\"search_term_string\"}}],\"inLanguage\":\"es\"}]}<\/script>\n<!-- \/ Yoast SEO plugin. -->","yoast_head_json":{"title":"Intelsynet en los medios - \u00daltimas noticias","description":"Intelsynet en los medios. Conoce las \u00faltimas noticias del sector empresarial, gesti\u00f3n de riesgos y l\u00f3gica econ\u00f3mica.","robots":{"index":"index","follow":"follow","max-snippet":"max-snippet:-1","max-image-preview":"max-image-preview:large","max-video-preview":"max-video-preview:-1"},"canonical":"https:\/\/intelsynet.com\/intelsynet-en-los-medios\/","og_locale":"es_ES","og_type":"article","og_title":"Intelsynet en los medios - \u00daltimas noticias","og_description":"Intelsynet en los medios. Conoce las \u00faltimas noticias del sector empresarial, gesti\u00f3n de riesgos y l\u00f3gica econ\u00f3mica.","og_url":"https:\/\/intelsynet.com\/intelsynet-en-los-medios\/","og_site_name":"Intelsynet","article_modified_time":"2022-09-01T14:40:25+00:00","twitter_card":"summary_large_image","twitter_misc":{"Tiempo de lectura":"1 minuto"},"schema":{"@context":"https:\/\/schema.org","@graph":[{"@type":"WebPage","@id":"https:\/\/intelsynet.com\/intelsynet-en-los-medios\/","url":"https:\/\/intelsynet.com\/intelsynet-en-los-medios\/","name":"Intelsynet en los medios - \u00daltimas noticias","isPartOf":{"@id":"https:\/\/intelsynet.com\/es\/#website"},"datePublished":"2020-01-14T17:37:56+00:00","dateModified":"2022-09-01T14:40:25+00:00","description":"Intelsynet en los medios. Conoce las \u00faltimas noticias del sector empresarial, gesti\u00f3n de riesgos y l\u00f3gica econ\u00f3mica.","breadcrumb":{"@id":"https:\/\/intelsynet.com\/intelsynet-en-los-medios\/#breadcrumb"},"inLanguage":"es","potentialAction":[{"@type":"ReadAction","target":["https:\/\/intelsynet.com\/intelsynet-en-los-medios\/"]}]},{"@type":"BreadcrumbList","@id":"https:\/\/intelsynet.com\/intelsynet-en-los-medios\/#breadcrumb","itemListElement":[{"@type":"ListItem","position":1,"name":"Portada","item":"https:\/\/intelsynet.com\/"},{"@type":"ListItem","position":2,"name":"Intelsynet en los medios"}]},{"@type":"WebSite","@id":"https:\/\/intelsynet.com\/es\/#website","url":"https:\/\/intelsynet.com\/es\/","name":"Intelsynet","description":"Advisory Services","potentialAction":[{"@type":"SearchAction","target":{"@type":"EntryPoint","urlTemplate":"https:\/\/intelsynet.com\/es\/?s={search_term_string}"},"query-input":{"@type":"PropertyValueSpecification","valueRequired":true,"valueName":"search_term_string"}}],"inLanguage":"es"}]}},"_links":{"self":[{"href":"https:\/\/intelsynet.com\/es\/wp-json\/wp\/v2\/pages\/1463","targetHints":{"allow":["GET"]}}],"collection":[{"href":"https:\/\/intelsynet.com\/es\/wp-json\/wp\/v2\/pages"}],"about":[{"href":"https:\/\/intelsynet.com\/es\/wp-json\/wp\/v2\/types\/page"}],"author":[{"embeddable":true,"href":"https:\/\/intelsynet.com\/es\/wp-json\/wp\/v2\/users\/1"}],"replies":[{"embeddable":true,"href":"https:\/\/intelsynet.com\/es\/wp-json\/wp\/v2\/comments?post=1463"}],"version-history":[{"count":9,"href":"https:\/\/intelsynet.com\/es\/wp-json\/wp\/v2\/pages\/1463\/revisions"}],"predecessor-version":[{"id":3053,"href":"https:\/\/intelsynet.com\/es\/wp-json\/wp\/v2\/pages\/1463\/revisions\/3053"}],"wp:attachment":[{"href":"https:\/\/intelsynet.com\/es\/wp-json\/wp\/v2\/media?parent=1463"}],"curies":[{"name":"wp","href":"https:\/\/api.w.org\/{rel}","templated":true}]}}